{"id":1061,"date":"2020-11-24T11:56:04","date_gmt":"2020-11-24T10:56:04","guid":{"rendered":"https:\/\/blogsaverroes.juntadeandalucia.es\/delegacioneducaciongranada\/?page_id=1061"},"modified":"2023-03-31T13:02:32","modified_gmt":"2023-03-31T11:02:32","slug":"andalucia-profudiza","status":"publish","type":"page","link":"https:\/\/blogsaverroes.juntadeandalucia.es\/delegacioneducaciongranada\/planes-y-programas\/andalucia-profudiza\/","title":{"rendered":"Andaluc\u00eda Profudiza"},"content":{"rendered":"<p style=\"text-align: justify\"><b><a href=\"https:\/\/blogsaverroes.juntadeandalucia.es\/delegacioneducaciongranada\/files\/2020\/11\/unnamed-6.png\"><img loading=\"lazy\" decoding=\"async\" class=\"size-full wp-image-1011 alignleft\" src=\"https:\/\/blogsaverroes.juntadeandalucia.es\/delegacioneducaciongranada\/files\/2020\/11\/unnamed-6.png\" alt=\"\" width=\"266\" height=\"99\" srcset=\"https:\/\/blogsaverroes.juntadeandalucia.es\/delegacioneducaciongranada\/files\/2020\/11\/unnamed-6.png 266w, https:\/\/blogsaverroes.juntadeandalucia.es\/delegacioneducaciongranada\/files\/2020\/11\/unnamed-6-24x9.png 24w, https:\/\/blogsaverroes.juntadeandalucia.es\/delegacioneducaciongranada\/files\/2020\/11\/unnamed-6-36x13.png 36w, https:\/\/blogsaverroes.juntadeandalucia.es\/delegacioneducaciongranada\/files\/2020\/11\/unnamed-6-48x18.png 48w\" sizes=\"(max-width: 266px) 100vw, 266px\" \/><\/a>Andaluc\u00eda Profundiza<\/b>&nbsp;es un programa puesto en marcha por la Consejer\u00eda de Educaci\u00f3n de la Junta de Andaluc\u00eda para la <b>profundizaci\u00f3n de conocimientos<\/b> en Educaci\u00f3n Primaria (2\u00ba y 3\u00ba ciclos) y Educaci\u00f3n Secundaria Obligatoria.<\/p>\n<p style=\"text-align: justify\">A trav\u00e9s de este programa los estudiantes podr\u00e1n participar desde febrero hasta mayo en proyectos de investigaci\u00f3n en los centros educativos en horario extraescolar que, tomando como centro de inter\u00e9s <b>elementos del propio curr\u00edculo<\/b>, les permitir\u00e1n abordar el conocimiento desde otras perspectivas y desarrollar de manera activa las competencias b\u00e1sicas.<\/p>\n<p style=\"text-align: justify\">Los proyectos recogidos en esta web se han desarrollado en centros educativos distribuidos por todo el territorio de Andaluc\u00eda y han sido dirigidos por profesorado destacado por sus buenas pr\u00e1cticas y su trayectoria en la aplicaci\u00f3n de la investigaci\u00f3n al aula, as\u00ed como en el acercamiento del mundo cient\u00edfico al alumnado. Con este programa se pretende potenciar el inter\u00e9s del alumnado por la ciencia y por la investigaci\u00f3n, convirti\u00e9ndolos en agentes activos en la construcci\u00f3n de sus aprendizajes.<\/p>\n<p><span style=\"font-weight: 400\"><strong>Datos de contacto <a href=\"https:\/\/blogsaverroes.juntadeandalucia.es\/delegacioneducaciongranada\/files\/2023\/03\/Beatriz-Tamayo.jpeg\"><img loading=\"lazy\" decoding=\"async\" class=\"size-full wp-image-2843 alignright\" src=\"https:\/\/blogsaverroes.juntadeandalucia.es\/delegacioneducaciongranada\/files\/2023\/03\/Beatriz-Tamayo.jpeg\" alt=\"\" width=\"239\" height=\"281\"><\/a><\/strong><\/span><\/p>\n<p>BEATRIZ TAMAYO TOLEDO<\/p>\n<p>Tfno. 958029120 \/ Corp. 129120<\/p>\n<p>beatriz.tamayo.edu@juntadeandalucia.es<\/p>\n<p><strong>Enlaces<\/strong><\/p>\n<p>PORTAL (hasta 2019) <u><\/u><u><a href=\"http:\/\/profundiza.org\/\" target=\"_blank\" rel=\"noopener noreferrer\">http:\/\/profundiza.org\/<\/a><\/u><\/p>\n<p>M\u00e1s informaci\u00f3n: <a href=\"https:\/\/blogsaverroes.juntadeandalucia.es\/delegacioneducaciongranada\/tag\/profundiza\/\" target=\"_blank\" rel=\"noopener noreferrer\">blogsaverroes.juntadeandalucia.es\/delegacioneducaciongranada\/tag\/profundiza\/<\/a><\/p>\n<table style=\"border-collapse: collapse;width: 100%\">\n<tbody>\n<tr>\n<td style=\"width: 50%;text-align: center;border-color: #0d7312;background-color: #0a7014\"><span style=\"color: #ffffff;font-family: helvetica, arial, sans-serif\"><strong>ACTUALIDAD<\/strong><\/span><\/td>\n<td style=\"width: 50%;text-align: center;border-color: #0d7312;background-color: #0a7014\"><span style=\"color: #ffffff;font-family: helvetica, arial, sans-serif\"><strong>EXPERIENCIAS DE CENTROS<\/strong><\/span><\/td>\n<\/tr>\n<tr>\n<td style=\"width: 50%\"><img loading=\"lazy\" decoding=\"async\" class=\"wp-image-1188 aligncenter\" src=\"https:\/\/blogsaverroes.juntadeandalucia.es\/delegacioneducaciongranada\/files\/2020\/11\/magnifying-glass-97588_1280-300x293.png\" alt=\"\" width=\"180\" height=\"175\" srcset=\"https:\/\/blogsaverroes.juntadeandalucia.es\/delegacioneducaciongranada\/files\/2020\/11\/magnifying-glass-97588_1280-300x293.png 300w, https:\/\/blogsaverroes.juntadeandalucia.es\/delegacioneducaciongranada\/files\/2020\/11\/magnifying-glass-97588_1280-1024x1002.png 1024w, https:\/\/blogsaverroes.juntadeandalucia.es\/delegacioneducaciongranada\/files\/2020\/11\/magnifying-glass-97588_1280-768x751.png 768w, https:\/\/blogsaverroes.juntadeandalucia.es\/delegacioneducaciongranada\/files\/2020\/11\/magnifying-glass-97588_1280-24x24.png 24w, https:\/\/blogsaverroes.juntadeandalucia.es\/delegacioneducaciongranada\/files\/2020\/11\/magnifying-glass-97588_1280-36x36.png 36w, https:\/\/blogsaverroes.juntadeandalucia.es\/delegacioneducaciongranada\/files\/2020\/11\/magnifying-glass-97588_1280-48x48.png 48w, https:\/\/blogsaverroes.juntadeandalucia.es\/delegacioneducaciongranada\/files\/2020\/11\/magnifying-glass-97588_1280.png 1280w\" sizes=\"(max-width: 180px) 100vw, 180px\" \/><\/td>\n<td style=\"width: 50%\"><img loading=\"lazy\" decoding=\"async\" class=\" wp-image-1191 aligncenter\" src=\"https:\/\/blogsaverroes.juntadeandalucia.es\/delegacioneducaciongranada\/files\/2020\/11\/alphabet-word-images-1296212_1280-1-189x300.png\" alt=\"\" width=\"110\" height=\"175\" srcset=\"https:\/\/blogsaverroes.juntadeandalucia.es\/delegacioneducaciongranada\/files\/2020\/11\/alphabet-word-images-1296212_1280-1-189x300.png 189w, https:\/\/blogsaverroes.juntadeandalucia.es\/delegacioneducaciongranada\/files\/2020\/11\/alphabet-word-images-1296212_1280-1-15x24.png 15w, https:\/\/blogsaverroes.juntadeandalucia.es\/delegacioneducaciongranada\/files\/2020\/11\/alphabet-word-images-1296212_1280-1-23x36.png 23w, https:\/\/blogsaverroes.juntadeandalucia.es\/delegacioneducaciongranada\/files\/2020\/11\/alphabet-word-images-1296212_1280-1-30x48.png 30w, https:\/\/blogsaverroes.juntadeandalucia.es\/delegacioneducaciongranada\/files\/2020\/11\/alphabet-word-images-1296212_1280-1.png 604w\" sizes=\"(max-width: 110px) 100vw, 110px\" \/><\/td>\n<\/tr>\n<\/tbody>\n<\/table>\n","protected":false},"excerpt":{"rendered":"<p>Andaluc\u00eda Profundiza&nbsp;es un programa puesto en marcha por la Consejer\u00eda de Educaci\u00f3n de la Junta de Andaluc\u00eda para la profundizaci\u00f3n de conocimientos en Educaci\u00f3n Primaria (2\u00ba y 3\u00ba ciclos) y Educaci\u00f3n Secundaria Obligatoria. A&#46;&#46;&#46;<\/p>\n","protected":false},"author":8180,"featured_media":0,"parent":997,"menu_order":0,"comment_status":"closed","ping_status":"closed","template":"","meta":{"ngg_post_thumbnail":0,"footnotes":""},"aioseo_notices":[],"_links":{"self":[{"href":"https:\/\/blogsaverroes.juntadeandalucia.es\/delegacioneducaciongranada\/wp-json\/wp\/v2\/pages\/1061"}],"collection":[{"href":"https:\/\/blogsaverroes.juntadeandalucia.es\/delegacioneducaciongranada\/wp-json\/wp\/v2\/pages"}],"about":[{"href":"https:\/\/blogsaverroes.juntadeandalucia.es\/delegacioneducaciongranada\/wp-json\/wp\/v2\/types\/page"}],"author":[{"embeddable":true,"href":"https:\/\/blogsaverroes.juntadeandalucia.es\/delegacioneducaciongranada\/wp-json\/wp\/v2\/users\/8180"}],"replies":[{"embeddable":true,"href":"https:\/\/blogsaverroes.juntadeandalucia.es\/delegacioneducaciongranada\/wp-json\/wp\/v2\/comments?post=1061"}],"version-history":[{"count":10,"href":"https:\/\/blogsaverroes.juntadeandalucia.es\/delegacioneducaciongranada\/wp-json\/wp\/v2\/pages\/1061\/revisions"}],"predecessor-version":[{"id":2844,"href":"https:\/\/blogsaverroes.juntadeandalucia.es\/delegacioneducaciongranada\/wp-json\/wp\/v2\/pages\/1061\/revisions\/2844"}],"up":[{"embeddable":true,"href":"https:\/\/blogsaverroes.juntadeandalucia.es\/delegacioneducaciongranada\/wp-json\/wp\/v2\/pages\/997"}],"wp:attachment":[{"href":"https:\/\/blogsaverroes.juntadeandalucia.es\/delegacioneducaciongranada\/wp-json\/wp\/v2\/media?parent=1061"}],"curies":[{"name":"wp","href":"https:\/\/api.w.org\/{rel}","templated":true}]}}