{"id":278,"date":"2020-01-12T21:43:55","date_gmt":"2020-01-12T20:43:55","guid":{"rendered":"https:\/\/blogsaverroes.juntadeandalucia.es\/delegacioneducaciongranada\/?page_id=278"},"modified":"2023-06-26T12:28:59","modified_gmt":"2023-06-26T10:28:59","slug":"ordenacion-educativa","status":"publish","type":"page","link":"https:\/\/blogsaverroes.juntadeandalucia.es\/delegacioneducaciongranada\/pagina-ejemplo\/ordenacion-educativa\/","title":{"rendered":"Servicio de Ordenaci\u00f3n Educativa"},"content":{"rendered":"<p><a href=\"https:\/\/blogsaverroes.juntadeandalucia.es\/delegacioneducaciongranada\/files\/2020\/01\/Presentacion_Ordenaci%C3%B3n_Educativa.pdf\" target=\"_blank\" rel=\"noopener noreferrer\">Ver presentaci\u00f3n del Servicio de Ordenaci\u00f3n Educativa<\/a><\/p>\n<p>En el Servicio de Ordenaci\u00f3n Educativa se gestionan \u00e1reas de trabajo muy diversas en las que se trabaja y coordinan recursos directamente con los centros educativos y con los servicios educativos de la provincia como Equipos de Orientaci\u00f3n o los Centros de profesorado.<\/p>\n<p>Esta diversidad de \u00e1reas hace que tengamos dependencia org\u00e1nicamente de las Direcciones Generales de:<\/p>\n<ol>\n<li>D.G. de Ordenaci\u00f3n y Evaluaci\u00f3n Educativa<\/li>\n<li>D.G. Formaci\u00f3n Profesional<\/li>\n<li>D.G. de Formaci\u00f3n Profesorado e Innovaci\u00f3n Educativa<\/li>\n<li>D.G. de Atenci\u00f3n a la Diversidad, Participaci\u00f3n y Convivencia Escolar<\/li>\n<li>D.G. de Profesorado y Gesti\u00f3n de Recursos Humanos<\/li>\n<\/ol>\n<p>Las \u00e1reas del servicio son:<\/p>\n<ul>\n<li>Formaci\u00f3n provincial de formaci\u00f3n del profesorado<\/li>\n<li>Equipo T\u00e9cnico Provincial para Orientaci\u00f3n Educativa y Profesional<\/li>\n<li>Becas y T\u00edtulos<\/li>\n<li>Promoci\u00f3n Educativa<\/li>\n<li>Innovaci\u00f3n Educativa<\/li>\n<li>Orientaci\u00f3n Educativa<\/li>\n<li>Educaci\u00f3n Permanente<\/li>\n<li>Secci\u00f3n de planes y programas<\/li>\n<\/ul>\n<p>&nbsp;<\/p>\n<p><strong>COMPETENCIAS POR \u00c1REAS<\/strong><\/p>\n<p>Formaci\u00f3n provincial de formaci\u00f3n del profesorado<\/p>\n<ul>\n<li>Coordinaci\u00f3n provincial de los CEP<\/li>\n<li>Pr\u00e1cticum<\/li>\n<li>FCT (Formaci\u00f3n en centros de Trabajo)<\/li>\n<li>M\u00e1ster de Educaci\u00f3n<\/li>\n<li>Formaci\u00f3n profesorado y directores novel<\/li>\n<li>Procesos selectivos de directores y asesores de CEP<\/li>\n<li>Licencias de formaci\u00f3n del profesorado<\/li>\n<li>Proyectos de Innovaci\u00f3n y Experimentaci\u00f3n<\/li>\n<li>Competencias Clave<\/li>\n<li>Comunidades de Aprendizaje<\/li>\n<\/ul>\n<p>Equipo T\u00e9cnico Provincial para Orientaci\u00f3n Educativa y Profesional<\/p>\n<ul>\n<li>Coordinaci\u00f3n Equipos de Orientaci\u00f3n<\/li>\n<li>Orientaci\u00f3n Vocacional y Profesional<\/li>\n<li>Necesidades Educativas Especiales<\/li>\n<li>Compensaci\u00f3n Educativa<\/li>\n<li>Acci\u00f3n Tutorial y Convivencia Escolar<\/li>\n<li>Recursos T\u00e9cnicos<\/li>\n<li>Gabinete de Convivencia e Igualdad<\/li>\n<\/ul>\n<p>Becas y T\u00edtulos<\/p>\n<ul>\n<li>Beca General<\/li>\n<li>Beca 6000<\/li>\n<li>Beca ASO<\/li>\n<li>Ayuda individualizada al transporte escolar (AITE)<\/li>\n<li>Beca Adriano<\/li>\n<li>Cheque libro<\/li>\n<li>T\u00edtulos<\/li>\n<\/ul>\n<p>Orientaci\u00f3n Educativa<\/p>\n<ul>\n<li>Residencias Escolares<\/li>\n<li>Subvenciones<\/li>\n<li>Asociaciones de Estudiantes<\/li>\n<li>Asesoramiento estudiantil<\/li>\n<\/ul>\n<p>Secci\u00f3n de Planes y Programas<\/p>\n<ul>\n<li><span style=\"color: #303030\"><span style=\"font-family: Arimo, sans-serif\"><span style=\"font-size: medium\">Pluriling\u00fci<\/span><\/span><\/span><span style=\"color: #303030\"><span style=\"font-family: Arimo, sans-serif\"><span style=\"font-size: medium\">smo<\/span><\/span><\/span><\/li>\n<li>Bibliotecas Escolares<\/li>\n<li><span style=\"color: #303030\"><span style=\"font-family: Arimo, sans-serif\"><span style=\"font-size: medium\">Plan de Deporte en Edad Escolar<\/span><\/span><\/span><\/li>\n<li><span style=\"color: #303030\"><span style=\"font-family: Arimo, sans-serif\"><span style=\"font-size: medium\">Programa de Refuerzo, Orientaci\u00f3n y apoyo. (PROA)<\/span><\/span><\/span><\/li>\n<li>Programas para la Innovaci\u00f3n Educativa\n<ul>\n<li>H\u00e1bitos de vida saludable<\/li>\n<li>Cultura Emprendedora (Innicia)<\/li>\n<li>Educaci\u00f3n Ambiental (Aldea)<\/li>\n<li>Comunicaci\u00f3n Ling\u00fc\u00edstica (ComunicA y PLC)<\/li>\n<li><span style=\"color: #000000\"><span style=\"font-family: Arimo, sans-serif\"><span style=\"font-size: medium\">Programa de Digitalizaci\u00f3n de Centros (#PRODIG)<\/span><\/span><\/span><\/li>\n<li><span style=\"color: #000000\"><span style=\"font-family: Arimo, sans-serif\"><span style=\"font-size: medium\">Programas Culturales<\/span><\/span><\/span><\/li>\n<\/ul>\n<\/li>\n<\/ul>\n<p>Promoci\u00f3n Educativa<\/p>\n<ul>\n<li>Escuelas municipales de m\u00fasica<\/li>\n<\/ul>\n","protected":false},"excerpt":{"rendered":"<p>Ver presentaci\u00f3n del Servicio de Ordenaci\u00f3n Educativa En el Servicio de Ordenaci\u00f3n Educativa se gestionan \u00e1reas de trabajo muy diversas en las que se trabaja y coordinan recursos directamente con los centros educativos y&#46;&#46;&#46;<\/p>\n","protected":false},"author":8180,"featured_media":0,"parent":2,"menu_order":0,"comment_status":"closed","ping_status":"closed","template":"","meta":{"ngg_post_thumbnail":0,"footnotes":""},"aioseo_notices":[],"_links":{"self":[{"href":"https:\/\/blogsaverroes.juntadeandalucia.es\/delegacioneducaciongranada\/wp-json\/wp\/v2\/pages\/278"}],"collection":[{"href":"https:\/\/blogsaverroes.juntadeandalucia.es\/delegacioneducaciongranada\/wp-json\/wp\/v2\/pages"}],"about":[{"href":"https:\/\/blogsaverroes.juntadeandalucia.es\/delegacioneducaciongranada\/wp-json\/wp\/v2\/types\/page"}],"author":[{"embeddable":true,"href":"https:\/\/blogsaverroes.juntadeandalucia.es\/delegacioneducaciongranada\/wp-json\/wp\/v2\/users\/8180"}],"replies":[{"embeddable":true,"href":"https:\/\/blogsaverroes.juntadeandalucia.es\/delegacioneducaciongranada\/wp-json\/wp\/v2\/comments?post=278"}],"version-history":[{"count":9,"href":"https:\/\/blogsaverroes.juntadeandalucia.es\/delegacioneducaciongranada\/wp-json\/wp\/v2\/pages\/278\/revisions"}],"predecessor-version":[{"id":3296,"href":"https:\/\/blogsaverroes.juntadeandalucia.es\/delegacioneducaciongranada\/wp-json\/wp\/v2\/pages\/278\/revisions\/3296"}],"up":[{"embeddable":true,"href":"https:\/\/blogsaverroes.juntadeandalucia.es\/delegacioneducaciongranada\/wp-json\/wp\/v2\/pages\/2"}],"wp:attachment":[{"href":"https:\/\/blogsaverroes.juntadeandalucia.es\/delegacioneducaciongranada\/wp-json\/wp\/v2\/media?parent=278"}],"curies":[{"name":"wp","href":"https:\/\/api.w.org\/{rel}","templated":true}]}}