{"id":308,"date":"2020-01-12T22:05:54","date_gmt":"2020-01-12T21:05:54","guid":{"rendered":"https:\/\/blogsaverroes.juntadeandalucia.es\/delegacioneducaciongranada\/?page_id=308"},"modified":"2020-01-28T09:34:55","modified_gmt":"2020-01-28T08:34:55","slug":"recursos-humanos","status":"publish","type":"page","link":"https:\/\/blogsaverroes.juntadeandalucia.es\/delegacioneducaciongranada\/pagina-ejemplo\/recursos-humanos\/","title":{"rendered":"Servicio de Gesti\u00f3n de Recursos Humanos"},"content":{"rendered":"<p><a href=\"https:\/\/view.genial.ly\/5de7e31b52d7ce0f46e61336\" target=\"_blank\" rel=\"noopener noreferrer\">Ver presentaci\u00f3n del Servicio de Gesti\u00f3n de Recursos Humanos.<\/a><\/p>\n<p>El Servicio del Profesorado y Gesti\u00f3n de Recursos Humanos, en general, se encarga de la ejecuci\u00f3n de las competencias de la Delegaci\u00f3n Territorial en relaci\u00f3n con el personal dependiente de la misma.<\/p>\n<p>Se distribuye a su vez en las siguientes Secciones\/Departamentos:<\/p>\n<p style=\"padding-left: 40px\">&#8211;&nbsp; &nbsp;Personal de Primaria<\/p>\n<p style=\"padding-left: 40px\">&#8211;&nbsp; &nbsp;Personal de Secundaria<\/p>\n<p style=\"padding-left: 40px\">&#8211;&nbsp; &nbsp;Personal No Docente<\/p>\n<p style=\"padding-left: 40px\">&#8211;&nbsp; &nbsp;Asesor\u00eda M\u00e9dica<\/p>\n<p style=\"padding-left: 40px\">&#8211;&nbsp; &nbsp;Unidad de Prevenci\u00f3n de Riesgos Laborales<\/p>\n<p>Las funciones de este servicio, entre otras, son:<\/p>\n<p style=\"padding-left: 40px\">a) Colaborar con la Direcci\u00f3n General en la gesti\u00f3n de convocatorias de pruebas de acceso y de provisi\u00f3n de puestos de trabajo, respecto del personal docente no universitario.<\/p>\n<p style=\"padding-left: 40px\">b) Colaborar con la Direcci\u00f3n General en la gesti\u00f3n de la convocatoria y resoluci\u00f3n de los concursos de traslados del personal al servicio de la Consejer\u00eda.<\/p>\n<p style=\"padding-left: 40px\">c) La gesti\u00f3n del profesorado en los niveles de la ense\u00f1anza no universitaria, en coordinaci\u00f3n con la Direcci\u00f3n General de Planificaci\u00f3n y Centros.<\/p>\n<p style=\"padding-left: 40px\">d) La relaci\u00f3n de la Delegaci\u00f3n Territorial con las organizaciones sindicales representativas del profesorado de la ense\u00f1anza p\u00fablica.<\/p>\n<p style=\"padding-left: 40px\">e) La gesti\u00f3n del personal de administraci\u00f3n y servicios y de atenci\u00f3n educativa complementaria de los centros docentes, zonas y servicios educativos.<\/p>\n<p style=\"padding-left: 40px\">f) La elaboraci\u00f3n de planes de autoprotecci\u00f3n y seguridad en los centros dependientes de la Consejer\u00eda de Educaci\u00f3n y la aplicaci\u00f3n y desarrollo de las medidas que tiendan a mejorar las condiciones de trabajo del personal al servicio de la misma en materia de prevenci\u00f3n de riesgos profesionales y salud laborales, en el \u00e1mbito de competencias de la Consejer\u00eda.<\/p>\n<p style=\"padding-left: 40px\">g) Cualesquiera otras competencias que le atribuya la legislaci\u00f3n vigente.<\/p>\n<p>&nbsp;<\/p>\n<p><strong>SECCI\u00d3N DE PERSONAL DE PRIMARIA<\/strong><\/p>\n<p>La Secci\u00f3n de Personal de Primaria gestiona el cuerpo de maestros y asimilados: 5700 entre funcionarios e interinos (cifras aproximadas).<\/p>\n<p>&nbsp;<\/p>\n<p><strong>SECCI\u00d3N DE PERSONAL DE SECUNDARIA<\/strong><\/p>\n<p>La Secci\u00f3n de Personal de Secundaria gestiona el resto de cuerpos docentes con competencia docente para impartir clase en institutos de secundaria, escuelas de idiomas y conservatorios, as\u00ed como el de Inspectores de Educaci\u00f3n, 4700 funcionarios e interinos (cifras aproximadas).<\/p>\n<p>Las secciones de Personal de Primaria y de Secundaria tienen las mismas funciones en relaci\u00f3n al personal adscrito a las mismas y cuentan con dos negociados diferenciados:<\/p>\n<ul>\n<li>Negociado de Gesti\u00f3n: Funcionarios de carrera.<\/li>\n<li>Negociado de Provisi\u00f3n: Funcionarios en pr\u00e1cticas e interinos.<\/li>\n<\/ul>\n<p>Son funciones propias de las Secciones de Primaria y Secundaria en relaci\u00f3n al personal que gestiona la secci\u00f3n:<\/p>\n<p style=\"padding-left: 40px\">\u25e6 &nbsp;Grabaci\u00f3n, gesti\u00f3n y control de la tramitaci\u00f3n de nombramientos y ceses, en puesto o cargo, as\u00ed como las variaciones de datos del personal adscrito a la secci\u00f3n en colaboraci\u00f3n con la Direcci\u00f3n General.<\/p>\n<p style=\"padding-left: 40px\">\u25e6 &nbsp;Grabaci\u00f3n, gesti\u00f3n y control de las licencias y permisos en los que sea competente para su concesi\u00f3n la Delegada Territorial.<\/p>\n<p style=\"padding-left: 40px\">\u25e6 &nbsp;Grabaci\u00f3n y gesti\u00f3n de derechos econ\u00f3micos, trienios, sexenios, cargos directivos y acad\u00e9micos, itinerancias, etc. (no tutor\u00edas, cuya competencia corresponde a las direcciones de los centros).<\/p>\n<p style=\"padding-left: 40px\">\u25e6 &nbsp;La tramitaci\u00f3n y resoluci\u00f3n de las solicitudes y recursos que reciba la Delegaci\u00f3n Territorial de temas del \u00e1mbito de competencia del servicio.<\/p>\n<p style=\"padding-left: 40px\">\u25e6 &nbsp;Mantenimiento del expediente personal.<\/p>\n<p>&nbsp;<\/p>\n<p><strong>SECCI\u00d3N DE PERSONAL NO DOCENTE<\/strong><\/p>\n<p>Antes denominada como la Secci\u00f3n de Personal de Administraci\u00f3n y Servicios, se encarga de colaborar con la Direcci\u00f3n General y Funci\u00f3n P\u00fablica en la realizaci\u00f3n de tr\u00e1mites administrativos para la gesti\u00f3n del Personal No Docente en los centros (Ordenanzas, Limpiadores\/as, Administrativos, etc.).<\/p>\n<p>Tambi\u00e9n gestiona las ofertas p\u00fablicas de empleo ante el Servicio Andaluz de Empleo, previa autorizaci\u00f3n y supervisi\u00f3n de la Direcci\u00f3n General de Recursos Humanos y Funci\u00f3n P\u00fablica de la Consejer\u00eda de Hacienda, as\u00ed como el mantenimiento de los expedientes del personal, y todo lo relacionado con este personal.<\/p>\n<p>&nbsp;<\/p>\n<p><strong>SECCI\u00d3N DE ASESOR\u00cdA M\u00c9DICA<\/strong><\/p>\n<p>Son funciones propias de Asesor\u00eda M\u00e9dica:<\/p>\n<p style=\"padding-left: 40px\">\u25e6 &nbsp;Grabaci\u00f3n, gesti\u00f3n y control de la tramitaci\u00f3n y seguimiento de los partes de baja, confirmaciones y altas por incapacidad temporal, accidente de trabajo, enfermedad profesional, etc., del personal afiliado a MUFACE.<\/p>\n<p style=\"padding-left: 40px\">\u25e6 &nbsp;Grabaci\u00f3n, gesti\u00f3n y control de las licencias por maternidad del personal docente acogido a MUFACE.<\/p>\n<p>&nbsp;<\/p>\n<p><strong>SECCI\u00d3N DE LA UNIDAD DE PREVENCI\u00d3N DE RIESGOS LABORALES<\/strong><\/p>\n<p>Son funciones de la Unidad de Prevenci\u00f3n de Riesgos Laborales:<\/p>\n<p style=\"padding-left: 40px\">\u25e6 &nbsp;El asesoramiento a los centros en materia de prevenci\u00f3n.<\/p>\n<p style=\"padding-left: 40px\">\u25e6 &nbsp;La tramitaci\u00f3n de los expedientes de averiguaci\u00f3n de causas en casos de accidente laboral o enfermedad derivada de contingencias relacionadas con el trabajo.<\/p>\n<p style=\"padding-left: 40px\">\u25e6 &nbsp;Evaluaci\u00f3n de los centros y puestos de trabajo.<\/p>\n<p style=\"padding-left: 40px\">\u25e6 &nbsp;La gesti\u00f3n y tramitaci\u00f3n de los reconocimientos de puestos con riesgo para el embarazo.<\/p>\n<p style=\"padding-left: 40px\">\u25e6 &nbsp;La gesti\u00f3n de los chequeos de la salud de los trabajadores.<\/p>\n<p style=\"padding-left: 40px\">\u25e6 &nbsp;En general, la ejecuci\u00f3n de las competencias de la Delegaci\u00f3n Territorial en materia de seguridad laboral.<\/p>\n","protected":false},"excerpt":{"rendered":"<p>Ver presentaci\u00f3n del Servicio de Gesti\u00f3n de Recursos Humanos. El Servicio del Profesorado y Gesti\u00f3n de Recursos Humanos, en general, se encarga de la ejecuci\u00f3n de las competencias de la Delegaci\u00f3n Territorial en relaci\u00f3n&#46;&#46;&#46;<\/p>\n","protected":false},"author":8180,"featured_media":0,"parent":2,"menu_order":0,"comment_status":"closed","ping_status":"closed","template":"","meta":{"ngg_post_thumbnail":0,"footnotes":""},"aioseo_notices":[],"_links":{"self":[{"href":"https:\/\/blogsaverroes.juntadeandalucia.es\/delegacioneducaciongranada\/wp-json\/wp\/v2\/pages\/308"}],"collection":[{"href":"https:\/\/blogsaverroes.juntadeandalucia.es\/delegacioneducaciongranada\/wp-json\/wp\/v2\/pages"}],"about":[{"href":"https:\/\/blogsaverroes.juntadeandalucia.es\/delegacioneducaciongranada\/wp-json\/wp\/v2\/types\/page"}],"author":[{"embeddable":true,"href":"https:\/\/blogsaverroes.juntadeandalucia.es\/delegacioneducaciongranada\/wp-json\/wp\/v2\/users\/8180"}],"replies":[{"embeddable":true,"href":"https:\/\/blogsaverroes.juntadeandalucia.es\/delegacioneducaciongranada\/wp-json\/wp\/v2\/comments?post=308"}],"version-history":[{"count":5,"href":"https:\/\/blogsaverroes.juntadeandalucia.es\/delegacioneducaciongranada\/wp-json\/wp\/v2\/pages\/308\/revisions"}],"predecessor-version":[{"id":461,"href":"https:\/\/blogsaverroes.juntadeandalucia.es\/delegacioneducaciongranada\/wp-json\/wp\/v2\/pages\/308\/revisions\/461"}],"up":[{"embeddable":true,"href":"https:\/\/blogsaverroes.juntadeandalucia.es\/delegacioneducaciongranada\/wp-json\/wp\/v2\/pages\/2"}],"wp:attachment":[{"href":"https:\/\/blogsaverroes.juntadeandalucia.es\/delegacioneducaciongranada\/wp-json\/wp\/v2\/media?parent=308"}],"curies":[{"name":"wp","href":"https:\/\/api.w.org\/{rel}","templated":true}]}}