{"id":434,"date":"2020-01-28T08:58:26","date_gmt":"2020-01-28T07:58:26","guid":{"rendered":"https:\/\/blogsaverroes.juntadeandalucia.es\/delegacioneducaciongranada\/?page_id=434"},"modified":"2020-01-28T09:28:29","modified_gmt":"2020-01-28T08:28:29","slug":"secretaria-general-provincial-de-educacion-y-deporte","status":"publish","type":"page","link":"https:\/\/blogsaverroes.juntadeandalucia.es\/delegacioneducaciongranada\/pagina-ejemplo\/secretaria-general-provincial-de-educacion-y-deporte\/","title":{"rendered":"Secretar\u00eda General Provincial de Educaci\u00f3n y Deporte"},"content":{"rendered":"<p><a href=\"https:\/\/blogsaverroes.juntadeandalucia.es\/delegacioneducaciongranada\/files\/2020\/01\/Presentacion_Secretaria_General.pdf\" target=\"_blank\" rel=\"attachment noopener wp-att-437 noreferrer\">Ver presentaci\u00f3n de la Secretar\u00eda General<\/a><\/p>\n<p><strong>FUNCIONES:<\/strong><\/p>\n<ul>\n<li>Jefatura de los servicios dependientes de la Consejer\u00eda en la provincia.<\/li>\n<li>Coordinaci\u00f3n administrativa de los servicios de la delegaci\u00f3n, de acuerdo con las instrucciones del Delegado Territorial.<\/li>\n<li>La administraci\u00f3n y gesti\u00f3n de los asuntos de personal y econ\u00f3micos de la Delegaci\u00f3n, con sujeci\u00f3n a los criterios y normas emanados de los \u00f3rganos directivos centrales de la Consejer\u00eda de la que dependa.<\/li>\n<li>La tramitaci\u00f3n de los recursos administrativos.<\/li>\n<li>Las de archivo y registro.<\/li>\n<li>La asistencia t\u00e9cnico-jur\u00eddica al titular de la Delegaci\u00f3n Territorial.<\/li>\n<li>Cuantas otras funciones le sean delegadas.<\/li>\n<\/ul>\n<p><strong>ORGANIGRAMA:<\/strong><\/p>\n<p>Dependen de la Secretaria General Provincial:<\/p>\n<ul>\n<li><strong> Asesor\u00eda Jur\u00eddica:<\/strong><\/li>\n<\/ul>\n<p style=\"padding-left: 40px\">&#8211; Asistencia jur\u00eddica a la persona titular de la Delegaci\u00f3n Territorial y para la asistencia t\u00e9cnica jur\u00eddica de los servicios de la Delegaci\u00f3n, a trav\u00e9s de la Secretar\u00eda General.<\/p>\n<p style=\"padding-left: 40px\">&#8211; Tramitaci\u00f3n de procedimientos: responsabilidad patrimonial, asistencia letrada<\/p>\n<p style=\"padding-left: 40px\">&#8211; Tramitaci\u00f3n recursos administrativos competencia de la persona titular de la Delegaci\u00f3n.<\/p>\n<p style=\"padding-left: 40px\">&#8211; Tramitaci\u00f3n de procedimientos judiciales.<\/p>\n<ul>\n<li><strong> Proceso de Datos:<\/strong><\/li>\n<\/ul>\n<p style=\"padding-left: 40px\">&#8211; Mantenimiento de los sistemas de informaci\u00f3n de la Delegaci\u00f3n Territorial, as\u00ed como de las tecnolog\u00edas de la informaci\u00f3n y comunicaciones.<\/p>\n<p style=\"padding-left: 40px\">&#8211; Asistencia t\u00e9cnica a los centros educativos.<\/p>\n<p style=\"padding-left: 40px\">&#8211; Seguimiento de la red de comunicaciones de los centros de la provincia.<\/p>\n<ul>\n<li><strong> Secci\u00f3n de R\u00e9gimen Interior:<\/strong><\/li>\n<\/ul>\n<p style=\"padding-left: 40px\">&#8211; Cuestiones de r\u00e9gimen interior, en particular los relacionados con los servicios que aseguren el funcionamiento diario de la sede y en especial la infraestructura, equipamiento y conservaci\u00f3n de los servicios administrativos.<\/p>\n<p style=\"padding-left: 40px\">&#8211; Direcci\u00f3n, ordenaci\u00f3n y gesti\u00f3n del Registro General, la informaci\u00f3n y atenci\u00f3n a la ciudadan\u00eda.<\/p>\n<p style=\"padding-left: 40px\">&#8211; Archivo y custodia de la documentaci\u00f3n administrativa.<\/p>\n<p style=\"padding-left: 40px\">&#8211; Se organiza administrativamente en:<\/p>\n<p style=\"padding-left: 80px\">\u25e6 Negociado de Informaci\u00f3n<\/p>\n<p style=\"padding-left: 80px\">\u25e6 Negociado de Registro<\/p>\n<ul>\n<li><strong> Secci\u00f3n de Contrataci\u00f3n:<\/strong><\/li>\n<\/ul>\n<p style=\"padding-left: 40px\">&#8211; Limpieza de centros docentes (IES, otros)<\/p>\n<p style=\"padding-left: 40px\">&#8211; Auxiliares de comedor en centros con comedor de gesti\u00f3n directa<\/p>\n<p style=\"padding-left: 40px\">&#8211; Limpieza de las residencias escolares<\/p>\n<p style=\"padding-left: 40px\">&#8211; Vigilancia de las residencias escolares<\/p>\n<p style=\"padding-left: 40px\">&#8211; Cafeter\u00edas de centros docentes<\/p>\n<p style=\"padding-left: 40px\">&#8211; Contratos menores (grabaci\u00f3n solicitudes becas, adaptaci\u00f3n material nee, etc)<\/p>\n","protected":false},"excerpt":{"rendered":"<p>Ver presentaci\u00f3n de la Secretar\u00eda General FUNCIONES: Jefatura de los servicios dependientes de la Consejer\u00eda en la provincia. Coordinaci\u00f3n administrativa de los servicios de la delegaci\u00f3n, de acuerdo con las instrucciones del Delegado Territorial.&#46;&#46;&#46;<\/p>\n","protected":false},"author":8180,"featured_media":0,"parent":2,"menu_order":0,"comment_status":"closed","ping_status":"closed","template":"","meta":{"ngg_post_thumbnail":0,"footnotes":""},"aioseo_notices":[],"_links":{"self":[{"href":"https:\/\/blogsaverroes.juntadeandalucia.es\/delegacioneducaciongranada\/wp-json\/wp\/v2\/pages\/434"}],"collection":[{"href":"https:\/\/blogsaverroes.juntadeandalucia.es\/delegacioneducaciongranada\/wp-json\/wp\/v2\/pages"}],"about":[{"href":"https:\/\/blogsaverroes.juntadeandalucia.es\/delegacioneducaciongranada\/wp-json\/wp\/v2\/types\/page"}],"author":[{"embeddable":true,"href":"https:\/\/blogsaverroes.juntadeandalucia.es\/delegacioneducaciongranada\/wp-json\/wp\/v2\/users\/8180"}],"replies":[{"embeddable":true,"href":"https:\/\/blogsaverroes.juntadeandalucia.es\/delegacioneducaciongranada\/wp-json\/wp\/v2\/comments?post=434"}],"version-history":[{"count":5,"href":"https:\/\/blogsaverroes.juntadeandalucia.es\/delegacioneducaciongranada\/wp-json\/wp\/v2\/pages\/434\/revisions"}],"predecessor-version":[{"id":459,"href":"https:\/\/blogsaverroes.juntadeandalucia.es\/delegacioneducaciongranada\/wp-json\/wp\/v2\/pages\/434\/revisions\/459"}],"up":[{"embeddable":true,"href":"https:\/\/blogsaverroes.juntadeandalucia.es\/delegacioneducaciongranada\/wp-json\/wp\/v2\/pages\/2"}],"wp:attachment":[{"href":"https:\/\/blogsaverroes.juntadeandalucia.es\/delegacioneducaciongranada\/wp-json\/wp\/v2\/media?parent=434"}],"curies":[{"name":"wp","href":"https:\/\/api.w.org\/{rel}","templated":true}]}}