{"id":245,"date":"2025-10-05T13:32:02","date_gmt":"2025-10-05T11:32:02","guid":{"rendered":"https:\/\/blogsaverroes.juntadeandalucia.es\/deorientacioniesfernando3\/?page_id=245"},"modified":"2025-10-05T13:32:02","modified_gmt":"2025-10-05T11:32:02","slug":"e-musica","status":"publish","type":"page","link":"https:\/\/blogsaverroes.juntadeandalucia.es\/deorientacioniesfernando3\/e-musica\/","title":{"rendered":"E. M\u00fasica"},"content":{"rendered":"<header class=\"entry-header\">\n<h1 class=\"entry-title\">Ense\u00f1anzas de M\u00fasica<\/h1>\n<\/header>\n<div class=\"entry-content\">\n<div class=\"elementor elementor-1271\" data-elementor-type=\"wp-page\" data-elementor-id=\"1271\">\n<section class=\"elementor-section elementor-top-section elementor-element elementor-element-7145a904 elementor-section-boxed elementor-section-height-default elementor-section-height-default\" data-id=\"7145a904\" data-element_type=\"section\">\n<div class=\"elementor-container elementor-column-gap-default\">\n<div class=\"elementor-column elementor-col-100 elementor-top-column elementor-element elementor-element-4bd37720\" data-id=\"4bd37720\" data-element_type=\"column\">\n<div class=\"elementor-widget-wrap elementor-element-populated\">\n<div class=\"elementor-element elementor-element-429d2958 elementor-widget elementor-widget-text-editor\" data-id=\"429d2958\" data-element_type=\"widget\" data-widget_type=\"text-editor.default\">\n<div class=\"elementor-widget-container\">\n<p>Las Ense\u00f1anzas Art\u00edsticas de M\u00fasica tienen como finalidad proporcionar al alumnado una formaci\u00f3n art\u00edstica de calidad y garantizar la cualificaci\u00f3n de los futuros profesionales de la m\u00fasica. Las ense\u00f1anzas de M\u00fasica tienen adem\u00e1s la consideraci\u00f3n de ense\u00f1anzas de r\u00e9gimen especial y se organizan en tres niveles:<\/p>\n<\/div>\n<\/div>\n<\/div>\n<\/div>\n<\/div>\n<\/section>\n<section class=\"elementor-section elementor-top-section elementor-element elementor-element-8f6adae elementor-section-boxed elementor-section-height-default elementor-section-height-default\" data-id=\"8f6adae\" data-element_type=\"section\">\n<div class=\"elementor-container elementor-column-gap-default\">\n<div class=\"elementor-column elementor-col-100 elementor-top-column elementor-element elementor-element-5db0c85\" data-id=\"5db0c85\" data-element_type=\"column\">\n<div class=\"elementor-widget-wrap elementor-element-populated\">\n<div class=\"elementor-element elementor-element-6b8fab7 elementor-widget elementor-widget-image\" data-id=\"6b8fab7\" data-element_type=\"widget\" data-widget_type=\"image.default\">\n<div class=\"elementor-widget-container\" style=\"text-align: center\"><a href=\"https:\/\/blogsaverroes.juntadeandalucia.es\/orientacionvocacionalyprofesional\/ensenanzas\/ensenanzas-de-regimen-especial\/ere_musica\/elemental_musica\/\" target=\"_blank\" rel=\"noopener\"><img loading=\"lazy\" decoding=\"async\" class=\"elementor-animation-grow attachment-large alignnone wp-image-2414 size-large\" src=\"https:\/\/blogsaverroes.juntadeandalucia.es\/orientacionvocacionalyprofesional\/files\/2023\/12\/M%C3%9ASICA-e1702892215113-1024x348.png\" alt=\"\" width=\"474\" height=\"161\" \/><\/a><\/div>\n<\/div>\n<\/div>\n<\/div>\n<\/div>\n<\/section>\n<section class=\"elementor-section elementor-top-section elementor-element elementor-element-6e27ad3 elementor-section-boxed elementor-section-height-default elementor-section-height-default\" data-id=\"6e27ad3\" data-element_type=\"section\">\n<div class=\"elementor-container elementor-column-gap-default\">\n<div class=\"elementor-column elementor-col-100 elementor-top-column elementor-element elementor-element-93ddea0\" data-id=\"93ddea0\" data-element_type=\"column\">\n<div class=\"elementor-widget-wrap elementor-element-populated\">\n<div class=\"elementor-element elementor-element-d300627 elementor-widget elementor-widget-image\" data-id=\"d300627\" data-element_type=\"widget\" data-widget_type=\"image.default\">\n<div class=\"elementor-widget-container\"><a href=\"https:\/\/blogsaverroes.juntadeandalucia.es\/orientacionvocacionalyprofesional\/informacion-academica\/ensenanzas\/ensenanzas-de-regimen-especial\/ere_musica\/ensenanzas-profesionales-de-musica\/\" target=\"_blank\" rel=\"noopener\"><img loading=\"lazy\" decoding=\"async\" class=\"elementor-animation-grow attachment-large aligncenter wp-image-2415 size-large\" src=\"https:\/\/blogsaverroes.juntadeandalucia.es\/orientacionvocacionalyprofesional\/files\/2023\/12\/M%C3%9ASICA-1-e1702892270447-1024x344.png\" alt=\"\" width=\"474\" height=\"159\" \/><\/a><\/div>\n<\/div>\n<\/div>\n<\/div>\n<\/div>\n<\/section>\n<section class=\"elementor-section elementor-top-section elementor-element elementor-element-aead48e elementor-section-boxed elementor-section-height-default elementor-section-height-default\" data-id=\"aead48e\" data-element_type=\"section\">\n<div class=\"elementor-container elementor-column-gap-default\">\n<div class=\"elementor-column elementor-col-100 elementor-top-column elementor-element elementor-element-eedce39\" data-id=\"eedce39\" data-element_type=\"column\">\n<div class=\"elementor-widget-wrap elementor-element-populated\">\n<div class=\"elementor-element elementor-element-451d240 elementor-widget elementor-widget-text-editor\" data-id=\"451d240\" data-element_type=\"widget\" data-widget_type=\"text-editor.default\">\n<div class=\"elementor-widget-container\">\n<p>Adem\u00e1s, existen posibilidad de simultanear estos estudios con otras etapas educativas, para saber m\u00e1s, puedes consultar las siguientes p\u00e1ginas:<\/p>\n<\/div>\n<\/div>\n<\/div>\n<\/div>\n<\/div>\n<\/section>\n<section class=\"elementor-section elementor-top-section elementor-element elementor-element-3c5ebc5 elementor-section-boxed elementor-section-height-default elementor-section-height-default\" data-id=\"3c5ebc5\" data-element_type=\"section\">\n<div class=\"elementor-container elementor-column-gap-default\">\n<div class=\"elementor-column elementor-col-100 elementor-top-column elementor-element elementor-element-f68c9de\" data-id=\"f68c9de\" data-element_type=\"column\">\n<div class=\"elementor-widget-wrap elementor-element-populated\">\n<div class=\"elementor-element elementor-element-320e57f elementor-widget elementor-widget-image\" data-id=\"320e57f\" data-element_type=\"widget\" data-widget_type=\"image.default\">\n<div class=\"elementor-widget-container\" style=\"text-align: center\"><a href=\"https:\/\/blogsaverroes.juntadeandalucia.es\/orientacionvocacionalyprofesional\/informacion-academica\/ensenanzas\/ensenanzas-de-regimen-especial\/ere_musica\/excelenart\/\" target=\"_blank\" rel=\"noopener\"><img loading=\"lazy\" decoding=\"async\" class=\"elementor-animation-grow attachment-large alignnone wp-image-3469 size-large\" src=\"https:\/\/blogsaverroes.juntadeandalucia.es\/orientacionvocacionalyprofesional\/files\/2024\/02\/Blog-%C3%81reas-32-1-e1709022604601-1024x355.png\" alt=\"\" width=\"474\" height=\"164\" \/><\/a><\/div>\n<\/div>\n<\/div>\n<\/div>\n<\/div>\n<\/section>\n<section class=\"elementor-section elementor-top-section elementor-element elementor-element-4d4ec28 elementor-section-boxed elementor-section-height-default elementor-section-height-default\" data-id=\"4d4ec28\" data-element_type=\"section\">\n<div class=\"elementor-container elementor-column-gap-default\">\n<div class=\"elementor-column elementor-col-100 elementor-top-column elementor-element elementor-element-fd084a0\" data-id=\"fd084a0\" data-element_type=\"column\">\n<div class=\"elementor-widget-wrap elementor-element-populated\">\n<div class=\"elementor-element elementor-element-3b29971 elementor-widget elementor-widget-image\" data-id=\"3b29971\" data-element_type=\"widget\" data-widget_type=\"image.default\">\n<div class=\"elementor-widget-container\"><a href=\"https:\/\/blogsaverroes.juntadeandalucia.es\/orientacionvocacionalyprofesional\/ensenanzas\/bachillerato\/simultaneidad-del-bachillerato-con-ensenanzas-de-musica-y-danza\/\" target=\"_blank\" rel=\"noopener\"><img loading=\"lazy\" decoding=\"async\" class=\"elementor-animation-grow attachment-large aligncenter wp-image-3462 size-large\" src=\"https:\/\/blogsaverroes.juntadeandalucia.es\/orientacionvocacionalyprofesional\/files\/2024\/02\/Blog-%C3%81reas-32-e1709022500499-1024x355.png\" alt=\"\" width=\"474\" height=\"164\" \/><\/a><\/div>\n<\/div>\n<\/div>\n<\/div>\n<\/div>\n<\/section>\n<\/div>\n<\/div>\n","protected":false},"excerpt":{"rendered":"<p>Ense\u00f1anzas de M\u00fasica Las Ense\u00f1anzas Art\u00edsticas de M\u00fasica tienen como finalidad proporcionar al alumnado una formaci\u00f3n art\u00edstica de calidad y garantizar la cualificaci\u00f3n de los futuros profesionales de la m\u00fasica. Las ense\u00f1anzas de M\u00fasica tienen adem\u00e1s la consideraci\u00f3n de ense\u00f1anzas de r\u00e9gimen especial y se organizan en tres niveles: Adem\u00e1s,&#46;&#46;&#46;<\/p>\n","protected":false},"author":15677,"featured_media":0,"parent":0,"menu_order":0,"comment_status":"closed","ping_status":"closed","template":"","meta":{"footnotes":""},"aioseo_notices":[],"_links":{"self":[{"href":"https:\/\/blogsaverroes.juntadeandalucia.es\/deorientacioniesfernando3\/wp-json\/wp\/v2\/pages\/245"}],"collection":[{"href":"https:\/\/blogsaverroes.juntadeandalucia.es\/deorientacioniesfernando3\/wp-json\/wp\/v2\/pages"}],"about":[{"href":"https:\/\/blogsaverroes.juntadeandalucia.es\/deorientacioniesfernando3\/wp-json\/wp\/v2\/types\/page"}],"author":[{"embeddable":true,"href":"https:\/\/blogsaverroes.juntadeandalucia.es\/deorientacioniesfernando3\/wp-json\/wp\/v2\/users\/15677"}],"replies":[{"embeddable":true,"href":"https:\/\/blogsaverroes.juntadeandalucia.es\/deorientacioniesfernando3\/wp-json\/wp\/v2\/comments?post=245"}],"version-history":[{"count":1,"href":"https:\/\/blogsaverroes.juntadeandalucia.es\/deorientacioniesfernando3\/wp-json\/wp\/v2\/pages\/245\/revisions"}],"predecessor-version":[{"id":246,"href":"https:\/\/blogsaverroes.juntadeandalucia.es\/deorientacioniesfernando3\/wp-json\/wp\/v2\/pages\/245\/revisions\/246"}],"wp:attachment":[{"href":"https:\/\/blogsaverroes.juntadeandalucia.es\/deorientacioniesfernando3\/wp-json\/wp\/v2\/media?parent=245"}],"curies":[{"name":"wp","href":"https:\/\/api.w.org\/{rel}","templated":true}]}}