{"id":62,"date":"2025-09-29T20:54:50","date_gmt":"2025-09-29T18:54:50","guid":{"rendered":"https:\/\/blogsaverroes.juntadeandalucia.es\/deorientacioniesfernando3\/?page_id=62"},"modified":"2026-04-23T17:24:31","modified_gmt":"2026-04-23T15:24:31","slug":"catalogo-fp-grado-superior","status":"publish","type":"page","link":"https:\/\/blogsaverroes.juntadeandalucia.es\/deorientacioniesfernando3\/catalogo-fp-grado-superior\/","title":{"rendered":"Cat\u00e1logo FP Grado Superior"},"content":{"rendered":"<p>Cat\u00e1logo completo FP 25\/26: <a href=\"https:\/\/drive.google.com\/file\/d\/18cmQUzzIBK-S9nIpzHF_1advqz7Hg5WC\/view?usp=sharing\" target=\"_blank\" rel=\"noopener\">enlace.<\/a><\/p>\n<p>Cat\u00e1logo FP Grado Superior en web de la Consejer\u00eda de Educaci\u00f3n: <a href=\"https:\/\/www.juntadeandalucia.es\/educacion\/portales\/web\/formacion-profesional-andaluza\/grado-superior-catalogo-de-titulos\" target=\"_blank\" rel=\"noopener\">aqu\u00ed.\u00a0<\/a><\/p>\n<p>Consulta de FP en Secretar\u00eda Virtual: <a href=\"https:\/\/secretariavirtual.juntadeandalucia.es\/secretariavirtual\/consulta\/oferta-educativa-formacion-profesional-completa\/\" target=\"_blank\" rel=\"noopener\">aqu\u00ed.<\/a> Dar clic en<\/p>\n<p><img loading=\"lazy\" decoding=\"async\" class=\"size-large wp-image-400 alignleft\" src=\"https:\/\/blogsaverroes.juntadeandalucia.es\/deorientacioniesfernando3\/files\/2025\/10\/Captura-de-pantalla-2025-10-27-a-las-19.13.24-1024x64.png\" alt=\"\" width=\"1024\" height=\"64\" srcset=\"https:\/\/blogsaverroes.juntadeandalucia.es\/deorientacioniesfernando3\/files\/2025\/10\/Captura-de-pantalla-2025-10-27-a-las-19.13.24-1024x64.png 1024w, https:\/\/blogsaverroes.juntadeandalucia.es\/deorientacioniesfernando3\/files\/2025\/10\/Captura-de-pantalla-2025-10-27-a-las-19.13.24-300x19.png 300w, https:\/\/blogsaverroes.juntadeandalucia.es\/deorientacioniesfernando3\/files\/2025\/10\/Captura-de-pantalla-2025-10-27-a-las-19.13.24-768x48.png 768w, https:\/\/blogsaverroes.juntadeandalucia.es\/deorientacioniesfernando3\/files\/2025\/10\/Captura-de-pantalla-2025-10-27-a-las-19.13.24.png 1181w\" sizes=\"(max-width: 1024px) 100vw, 1024px\" \/><\/p>\n<p>&nbsp;<\/p>\n<p>&nbsp;<\/p>\n<p>&nbsp;<\/p>\n<p>Cat\u00e1logo FPGrado Superior en web de TODOFP (Ministerio de Educaci\u00f3n, Formaci\u00f3n Profesional y Deportes): <a href=\"https:\/\/www.todofp.es\/que-estudiar\/grados-d\/grado-superior.html\" target=\"_blank\" rel=\"noopener\">aqu\u00ed.\u00a0<\/a><\/p>\n<p>Cat\u00e1logo FP Grado Superior en Educaweb: <a href=\"https:\/\/www.educaweb.com\/\" target=\"_blank\" rel=\"noopener\">aqu\u00ed.\u00a0<\/a><\/p>\n<p>V\u00eddeo procedimiento de escolarizaci\u00f3n FP Grado Superior: <a href=\"https:\/\/www.youtube.com\/watch?v=1-su2x-AsqM\" target=\"_blank\" rel=\"noopener\">aqu\u00ed.\u00a0<\/a><\/p>\n<p>Relaci\u00f3n modalidades de Bachillerato con Ciclos formativos FP Grado superior: <a href=\"https:\/\/drive.google.com\/file\/d\/1QBJ9PeTiRcVEWwuhagF2FmLL-dA6to0h\/view\">aqu\u00ed.\u00a0<\/a><\/p>\n<p>Cupo de acceso a FP Grado Superior: <a href=\"https:\/\/drive.google.com\/file\/d\/1H0ph-MJKh_-kDRIGnHro2vfcSirr5fR5\/view?usp=sharing\" target=\"_blank\" rel=\"noopener\">aqu\u00ed.\u00a0<\/a><\/p>\n<p>T\u00edtulos de T\u00e9cnico (FP Gaado Medio) relacionados con ciclos formativos FP Grado superior (a efectos de acceso): <a href=\"https:\/\/drive.google.com\/file\/d\/1vB4kMhStuLHvXE_G854BfN0CZkCJt76w\/view\">aqu\u00ed.\u00a0<\/a><\/p>\n<p>V\u00eddeos Familias profesionales de FP: <a href=\"https:\/\/www.juntadeandalucia.es\/educacion\/portales\/web\/formacion-profesional-andaluza\/orientacion\" target=\"_blank\" rel=\"noopener\">aqu\u00ed.\u00a0<\/a><\/p>\n<p>Presentaci\u00f3n Toma de Decisiones Ciclos Formativos de FP (Noem\u00ed S\u00e1nchez Delgado): <a href=\"https:\/\/view.genially.com\/60cbd2fedf0d240ddc7ea50d\/interactive-content-fp-toma-de-decisiones-eleccion-de-ciclos-formativos\" target=\"_blank\" rel=\"noopener\">aqu\u00ed.\u00a0<\/a><\/p>\n<p>Presentaci\u00f3n Formaci\u00f3n Profesional Grado Superior (Noem\u00ed S\u00e1nchez Delgado): <a href=\"https:\/\/orientacioniliberis.blogspot.com\/2020\/05\/1-ciclos-formativos.html\" target=\"_blank\" rel=\"noopener\">aqu\u00ed.\u00a0<\/a><\/p>\n<p><a href=\"https:\/\/drive.google.com\/file\/d\/12gZG-kA-sPX8VbZbnz-apDuTtcmi8VG-\/view?usp=sharing\" target=\"_blank\" rel=\"noopener\"><img loading=\"lazy\" decoding=\"async\" class=\"size-full wp-image-408 alignleft\" src=\"https:\/\/blogsaverroes.juntadeandalucia.es\/deorientacioniesfernando3\/files\/2025\/10\/Captura-de-pantalla-2025-10-27-a-las-19.16.41.png\" alt=\"\" width=\"189\" height=\"302\" srcset=\"https:\/\/blogsaverroes.juntadeandalucia.es\/deorientacioniesfernando3\/files\/2025\/10\/Captura-de-pantalla-2025-10-27-a-las-19.16.41.png 189w, https:\/\/blogsaverroes.juntadeandalucia.es\/deorientacioniesfernando3\/files\/2025\/10\/Captura-de-pantalla-2025-10-27-a-las-19.16.41-188x300.png 188w\" sizes=\"(max-width: 189px) 100vw, 189px\" \/><\/a><\/p>\n<p>&nbsp;<\/p>\n<p>&nbsp;<\/p>\n<p>&nbsp;<\/p>\n<p>&nbsp;<\/p>\n<p>&nbsp;<\/p>\n<p>&nbsp;<\/p>\n<p>&nbsp;<\/p>\n<p>&nbsp;<\/p>\n<p><a href=\"https:\/\/drive.google.com\/file\/d\/1LvIZVrSS6CKPUsC39huSjxYW1vxfrlGG\/view?usp=sharing\" target=\"_blank\" rel=\"noopener\"><img loading=\"lazy\" decoding=\"async\" class=\"aligncenter size-large wp-image-406\" src=\"https:\/\/blogsaverroes.juntadeandalucia.es\/deorientacioniesfernando3\/files\/2025\/10\/Captura-de-pantalla-2025-10-27-a-las-19.19.19-1024x723.png\" alt=\"\" width=\"1024\" height=\"723\" srcset=\"https:\/\/blogsaverroes.juntadeandalucia.es\/deorientacioniesfernando3\/files\/2025\/10\/Captura-de-pantalla-2025-10-27-a-las-19.19.19-1024x723.png 1024w, https:\/\/blogsaverroes.juntadeandalucia.es\/deorientacioniesfernando3\/files\/2025\/10\/Captura-de-pantalla-2025-10-27-a-las-19.19.19-300x212.png 300w, https:\/\/blogsaverroes.juntadeandalucia.es\/deorientacioniesfernando3\/files\/2025\/10\/Captura-de-pantalla-2025-10-27-a-las-19.19.19-768x542.png 768w, https:\/\/blogsaverroes.juntadeandalucia.es\/deorientacioniesfernando3\/files\/2025\/10\/Captura-de-pantalla-2025-10-27-a-las-19.19.19.png 1194w\" sizes=\"(max-width: 1024px) 100vw, 1024px\" \/><\/a><\/p>\n<p>&nbsp;<\/p>\n<p>&nbsp;<\/p>\n<p>&nbsp;<\/p>\n<p>&nbsp;<\/p>\n","protected":false},"excerpt":{"rendered":"<p>Cat\u00e1logo completo FP 25\/26: enlace. Cat\u00e1logo FP Grado Superior en web de la Consejer\u00eda de Educaci\u00f3n: aqu\u00ed.\u00a0 Consulta de FP en Secretar\u00eda Virtual: aqu\u00ed. Dar clic en &nbsp; &nbsp; &nbsp; Cat\u00e1logo FPGrado Superior en web de TODOFP (Ministerio de Educaci\u00f3n, Formaci\u00f3n Profesional y Deportes): aqu\u00ed.\u00a0 Cat\u00e1logo FP Grado Superior en&#46;&#46;&#46;<\/p>\n","protected":false},"author":15677,"featured_media":0,"parent":0,"menu_order":0,"comment_status":"closed","ping_status":"closed","template":"","meta":{"footnotes":""},"aioseo_notices":[],"_links":{"self":[{"href":"https:\/\/blogsaverroes.juntadeandalucia.es\/deorientacioniesfernando3\/wp-json\/wp\/v2\/pages\/62"}],"collection":[{"href":"https:\/\/blogsaverroes.juntadeandalucia.es\/deorientacioniesfernando3\/wp-json\/wp\/v2\/pages"}],"about":[{"href":"https:\/\/blogsaverroes.juntadeandalucia.es\/deorientacioniesfernando3\/wp-json\/wp\/v2\/types\/page"}],"author":[{"embeddable":true,"href":"https:\/\/blogsaverroes.juntadeandalucia.es\/deorientacioniesfernando3\/wp-json\/wp\/v2\/users\/15677"}],"replies":[{"embeddable":true,"href":"https:\/\/blogsaverroes.juntadeandalucia.es\/deorientacioniesfernando3\/wp-json\/wp\/v2\/comments?post=62"}],"version-history":[{"count":8,"href":"https:\/\/blogsaverroes.juntadeandalucia.es\/deorientacioniesfernando3\/wp-json\/wp\/v2\/pages\/62\/revisions"}],"predecessor-version":[{"id":562,"href":"https:\/\/blogsaverroes.juntadeandalucia.es\/deorientacioniesfernando3\/wp-json\/wp\/v2\/pages\/62\/revisions\/562"}],"wp:attachment":[{"href":"https:\/\/blogsaverroes.juntadeandalucia.es\/deorientacioniesfernando3\/wp-json\/wp\/v2\/media?parent=62"}],"curies":[{"name":"wp","href":"https:\/\/api.w.org\/{rel}","templated":true}]}}