{"id":154,"date":"2017-07-09T15:21:16","date_gmt":"2017-07-09T15:21:16","guid":{"rendered":"https:\/\/blogsaverroes.juntadeandalucia.es\/depaelca\/?page_id=154"},"modified":"2025-05-05T16:39:27","modified_gmt":"2025-05-05T16:39:27","slug":"empresas-colaboradoras","status":"publish","type":"page","link":"https:\/\/blogsaverroes.juntadeandalucia.es\/depaelca\/empresas-colaboradoras\/","title":{"rendered":"Empresas colaboradoras"},"content":{"rendered":"<p style=\"text-align: justify\"><span style=\"font-size: 14pt\">La Formaci\u00f3n en Centros de Trabajo (FCT) es un m\u00f3dulo profesional obligatorio que se cursa en todas las ense\u00f1anzas de FP, tanto de FP B\u00e1sica, como de grado medio y de grado superior.<\/span><\/p>\n<p style=\"text-align: justify\"><span style=\"font-size: 14pt\">Este m\u00f3dulo permite que los alumnos\/as tomen contacto con el mundo laboral, realizando pr\u00e1cticas dentro de las empresas que colaboran con el centro educativo. Esta colaboraci\u00f3n complementa la formaci\u00f3n recibida en el centro, y facilita y potencia la inserci\u00f3n laboral de nuestros alumnos y alumnas.<\/span><\/p>\n<p style=\"text-align: justify\"><span style=\"font-size: 14pt\"><strong>Mostramos aqu\u00ed una relaci\u00f3n de Empresas que colaboran con el IES Himilce:<\/strong><\/span><\/p>\n<p style=\"text-align: justify\"><span style=\"font-size: 14pt\"><strong>GRACIAS A TODAS ELLAS POR SU COLABORACI\u00d3N<\/strong><\/span><\/p>\n<p style=\"text-align: center\"><a href=\"https:\/\/blogsaverroes.juntadeandalucia.es\/depaelca\/files\/2017\/07\/Empresas-Colaboradoras-FCT-ELCA.jpg\"><img loading=\"lazy\" decoding=\"async\" class=\"aligncenter size-full wp-image-156\" src=\"https:\/\/blogsaverroes.juntadeandalucia.es\/depaelca\/files\/2017\/07\/Empresas-Colaboradoras-FCT-ELCA.jpg\" alt=\"\" width=\"1280\" height=\"720\" srcset=\"https:\/\/blogsaverroes.juntadeandalucia.es\/depaelca\/files\/2017\/07\/Empresas-Colaboradoras-FCT-ELCA.jpg 1280w, https:\/\/blogsaverroes.juntadeandalucia.es\/depaelca\/files\/2017\/07\/Empresas-Colaboradoras-FCT-ELCA-300x169.jpg 300w, https:\/\/blogsaverroes.juntadeandalucia.es\/depaelca\/files\/2017\/07\/Empresas-Colaboradoras-FCT-ELCA-768x432.jpg 768w, https:\/\/blogsaverroes.juntadeandalucia.es\/depaelca\/files\/2017\/07\/Empresas-Colaboradoras-FCT-ELCA-1024x576.jpg 1024w, https:\/\/blogsaverroes.juntadeandalucia.es\/depaelca\/files\/2017\/07\/Empresas-Colaboradoras-FCT-ELCA-24x14.jpg 24w, https:\/\/blogsaverroes.juntadeandalucia.es\/depaelca\/files\/2017\/07\/Empresas-Colaboradoras-FCT-ELCA-36x20.jpg 36w, https:\/\/blogsaverroes.juntadeandalucia.es\/depaelca\/files\/2017\/07\/Empresas-Colaboradoras-FCT-ELCA-48x27.jpg 48w\" sizes=\"(max-width: 1280px) 100vw, 1280px\" \/><\/a><a href=\"https:\/\/blogsaverroes.juntadeandalucia.es\/depaelca\/files\/2025\/05\/Diapositiva2.png\"><img loading=\"lazy\" decoding=\"async\" class=\"aligncenter size-full wp-image-1259\" src=\"https:\/\/blogsaverroes.juntadeandalucia.es\/depaelca\/files\/2025\/05\/Diapositiva2.png\" alt=\"\" width=\"1280\" height=\"720\" srcset=\"https:\/\/blogsaverroes.juntadeandalucia.es\/depaelca\/files\/2025\/05\/Diapositiva2.png 1280w, https:\/\/blogsaverroes.juntadeandalucia.es\/depaelca\/files\/2025\/05\/Diapositiva2-300x169.png 300w, https:\/\/blogsaverroes.juntadeandalucia.es\/depaelca\/files\/2025\/05\/Diapositiva2-1024x576.png 1024w, https:\/\/blogsaverroes.juntadeandalucia.es\/depaelca\/files\/2025\/05\/Diapositiva2-768x432.png 768w, https:\/\/blogsaverroes.juntadeandalucia.es\/depaelca\/files\/2025\/05\/Diapositiva2-1036x583.png 1036w\" sizes=\"(max-width: 1280px) 100vw, 1280px\" \/><\/a><\/p>\n","protected":false},"excerpt":{"rendered":"<p>La Formaci\u00f3n en Centros de Trabajo (FCT) es un m\u00f3dulo profesional obligatorio que se cursa en todas las ense\u00f1anzas de FP, tanto de FP B\u00e1sica, como de grado medio y de grado superior. Este m\u00f3dulo permite que los alumnos\/as tomen contacto con el mundo laboral, realizando pr\u00e1cticas dentro de las empresas que colaboran con el &hellip; <\/p>\n<p><a class=\"more-link btn\" href=\"https:\/\/blogsaverroes.juntadeandalucia.es\/depaelca\/empresas-colaboradoras\/\">Seguir leyendo<\/a><\/p>\n","protected":false},"author":5100,"featured_media":0,"parent":0,"menu_order":0,"comment_status":"closed","ping_status":"closed","template":"","meta":{"ngg_post_thumbnail":0,"footnotes":""},"aioseo_notices":[],"_links":{"self":[{"href":"https:\/\/blogsaverroes.juntadeandalucia.es\/depaelca\/wp-json\/wp\/v2\/pages\/154"}],"collection":[{"href":"https:\/\/blogsaverroes.juntadeandalucia.es\/depaelca\/wp-json\/wp\/v2\/pages"}],"about":[{"href":"https:\/\/blogsaverroes.juntadeandalucia.es\/depaelca\/wp-json\/wp\/v2\/types\/page"}],"author":[{"embeddable":true,"href":"https:\/\/blogsaverroes.juntadeandalucia.es\/depaelca\/wp-json\/wp\/v2\/users\/5100"}],"replies":[{"embeddable":true,"href":"https:\/\/blogsaverroes.juntadeandalucia.es\/depaelca\/wp-json\/wp\/v2\/comments?post=154"}],"version-history":[{"count":5,"href":"https:\/\/blogsaverroes.juntadeandalucia.es\/depaelca\/wp-json\/wp\/v2\/pages\/154\/revisions"}],"predecessor-version":[{"id":1265,"href":"https:\/\/blogsaverroes.juntadeandalucia.es\/depaelca\/wp-json\/wp\/v2\/pages\/154\/revisions\/1265"}],"wp:attachment":[{"href":"https:\/\/blogsaverroes.juntadeandalucia.es\/depaelca\/wp-json\/wp\/v2\/media?parent=154"}],"curies":[{"name":"wp","href":"https:\/\/api.w.org\/{rel}","templated":true}]}}