{"id":707,"date":"2020-09-25T09:15:54","date_gmt":"2020-09-25T09:15:54","guid":{"rendered":"https:\/\/blogsaverroes.juntadeandalucia.es\/dibujoyartesplasticas\/?page_id=707"},"modified":"2022-02-10T12:27:50","modified_gmt":"2022-02-10T12:27:50","slug":"epva2-teoria-practica","status":"publish","type":"page","link":"https:\/\/blogsaverroes.juntadeandalucia.es\/dibujoyartesplasticas\/epva-2o-eso\/epva2-teoria-practica\/","title":{"rendered":"EPVA2-TEOR\u00cdA-PR\u00c1CTICA"},"content":{"rendered":"<table style=\"border-collapse: collapse;width: 54.0606%;height: 166px\">\n<tbody>\n<tr>\n<td style=\"width: 2.93939%;text-align: center\">Unidad<\/td>\n<td style=\"width: 78.6915%;text-align: center\">&nbsp;T\u00edtulo<\/td>\n<td style=\"width: 8.37353%\">&nbsp;ir a<\/td>\n<td style=\"width: 9.99558%\">&nbsp;<\/td>\n<\/tr>\n<tr>\n<td style=\"width: 2.93939%;text-align: center;background-color: #f5ab3d\">Bloque I<\/td>\n<td style=\"width: 78.6915%;text-align: center;background-color: #f5ab3d\"><strong>COMUNICACI\u00d3N AUDIOVISUAL<\/strong><\/td>\n<td style=\"width: 8.37353%;background-color: #f5ab3d\">&nbsp;<\/td>\n<td style=\"width: 9.99558%;background-color: #f5ab3d\">&nbsp;<\/td>\n<\/tr>\n<tr>\n<td style=\"width: 2.93939%\">1<\/td>\n<td style=\"width: 78.6915%;height: 23px\">Percepci\u00f3n y Lectura de Im\u00e1genes<\/td>\n<td style=\"width: 8.37353%\">&nbsp;<\/td>\n<td style=\"width: 9.99558%\">&nbsp;<\/td>\n<\/tr>\n<tr style=\"height: 23px\">\n<td style=\"width: 2.93939%\">2<\/td>\n<td style=\"width: 78.6915%;height: 23px\">Lenguaje Audiovisual<\/td>\n<td style=\"width: 8.37353%\">VER<\/td>\n<td style=\"width: 9.99558%\">&nbsp;<\/td>\n<\/tr>\n<tr style=\"height: 23px\">\n<td style=\"width: 2.93939%\">3<\/td>\n<td style=\"width: 78.6915%;height: 23px\">An\u00e1lisis de las Formas<\/td>\n<td style=\"width: 8.37353%\">&nbsp;<\/td>\n<td style=\"width: 9.99558%\">&nbsp;<\/td>\n<\/tr>\n<tr>\n<td style=\"width: 2.93939%;text-align: center;background-color: #f5ab3d\">Bloque II<\/td>\n<td style=\"width: 78.6915%;text-align: center;background-color: #f5ab3d\"><strong>EXPRESI\u00d3N PL\u00c1STICA<\/strong><\/td>\n<td style=\"width: 8.37353%;background-color: #f5ab3d\">&nbsp;<\/td>\n<td style=\"width: 9.99558%;background-color: #f5ab3d\">&nbsp;<\/td>\n<\/tr>\n<tr>\n<td style=\"width: 2.93939%\">4<\/td>\n<td style=\"width: 78.6915%;height: 23px\">Elementos de Expresi\u00f3n<\/td>\n<td style=\"width: 8.37353%\">&nbsp;<\/td>\n<td style=\"width: 9.99558%\">&nbsp;<\/td>\n<\/tr>\n<tr>\n<td style=\"width: 2.93939%\">5<\/td>\n<td style=\"width: 78.6915%;height: 23px\">El Color<\/td>\n<td style=\"width: 8.37353%\"><a href=\"https:\/\/blogsaverroes.juntadeandalucia.es\/dibujoyartesplasticas\/epva2-el-color\/\">VER<\/a><\/td>\n<td style=\"width: 9.99558%\">&nbsp;<\/td>\n<\/tr>\n<tr>\n<td style=\"width: 2.93939%\">6<\/td>\n<td style=\"width: 78.6915%;height: 23px\">Luz y Volumen<\/td>\n<td style=\"width: 8.37353%\">&nbsp;<\/td>\n<td style=\"width: 9.99558%\">&nbsp;<\/td>\n<\/tr>\n<tr>\n<td style=\"width: 2.93939%\">7<\/td>\n<td style=\"width: 78.6915%;height: 23px\">La Composici\u00f3n<\/td>\n<td style=\"width: 8.37353%\">&nbsp;<\/td>\n<td style=\"width: 9.99558%\">&nbsp;<\/td>\n<\/tr>\n<tr>\n<td style=\"width: 2.93939%;text-align: center;background-color: #f5ab3d\">Bloque III<\/td>\n<td style=\"width: 78.6915%;text-align: center;background-color: #f5ab3d\"><span style=\"color: #000000\"><strong>DIBUJO T\u00c9CNICO<\/strong><\/span><\/td>\n<td style=\"width: 8.37353%;background-color: #f5ab3d\">&nbsp;<\/td>\n<td style=\"width: 9.99558%;background-color: #f5ab3d\">&nbsp;<\/td>\n<\/tr>\n<tr>\n<td style=\"width: 2.93939%\">8<\/td>\n<td style=\"width: 78.6915%;height: 23px\">Dibujo Geom\u00e9trico<\/td>\n<td style=\"width: 8.37353%\"><a href=\"https:\/\/blogsaverroes.juntadeandalucia.es\/dibujoyartesplasticas\/epva-dibujo-geometrico\/\">VER<\/a><\/td>\n<td style=\"width: 9.99558%\">&nbsp;<\/td>\n<\/tr>\n<tr>\n<td style=\"width: 2.93939%\">9<\/td>\n<td style=\"width: 78.6915%;height: 23px\">Proporci\u00f3n y Estructuras Modulares<\/td>\n<td style=\"width: 8.37353%\"><a href=\"https:\/\/blogsaverroes.juntadeandalucia.es\/dibujoyartesplasticas\/epva2-la-proporcion\/\">VER<\/a><\/td>\n<td style=\"width: 9.99558%\">&nbsp;<\/td>\n<\/tr>\n<tr>\n<td style=\"width: 2.93939%\">10<\/td>\n<td style=\"width: 78.6915%;height: 23px\">Sistemas de Representaci\u00f3n<\/td>\n<td style=\"width: 8.37353%\">&nbsp;<\/td>\n<td style=\"width: 9.99558%\">&nbsp;<\/td>\n<\/tr>\n<tr>\n<td style=\"width: 2.93939%\">11<\/td>\n<td style=\"width: 78.6915%;height: 23px\">Perspectiva C\u00f3nica<\/td>\n<td style=\"width: 8.37353%\">&nbsp;<\/td>\n<td style=\"width: 9.99558%\">&nbsp;<\/td>\n<\/tr>\n<\/tbody>\n<\/table>\n","protected":false},"excerpt":{"rendered":"<p>Unidad &nbsp;T\u00edtulo &nbsp;ir a &nbsp; Bloque I COMUNICACI\u00d3N AUDIOVISUAL &nbsp; &nbsp; 1 Percepci\u00f3n y Lectura de Im\u00e1genes &nbsp; &nbsp; 2 Lenguaje Audiovisual VER &nbsp; 3&hellip;<\/p>\n","protected":false},"author":3523,"featured_media":0,"parent":703,"menu_order":0,"comment_status":"closed","ping_status":"closed","template":"","meta":{"ngg_post_thumbnail":0,"footnotes":""},"aioseo_notices":[],"_links":{"self":[{"href":"https:\/\/blogsaverroes.juntadeandalucia.es\/dibujoyartesplasticas\/wp-json\/wp\/v2\/pages\/707"}],"collection":[{"href":"https:\/\/blogsaverroes.juntadeandalucia.es\/dibujoyartesplasticas\/wp-json\/wp\/v2\/pages"}],"about":[{"href":"https:\/\/blogsaverroes.juntadeandalucia.es\/dibujoyartesplasticas\/wp-json\/wp\/v2\/types\/page"}],"author":[{"embeddable":true,"href":"https:\/\/blogsaverroes.juntadeandalucia.es\/dibujoyartesplasticas\/wp-json\/wp\/v2\/users\/3523"}],"replies":[{"embeddable":true,"href":"https:\/\/blogsaverroes.juntadeandalucia.es\/dibujoyartesplasticas\/wp-json\/wp\/v2\/comments?post=707"}],"version-history":[{"count":17,"href":"https:\/\/blogsaverroes.juntadeandalucia.es\/dibujoyartesplasticas\/wp-json\/wp\/v2\/pages\/707\/revisions"}],"predecessor-version":[{"id":1774,"href":"https:\/\/blogsaverroes.juntadeandalucia.es\/dibujoyartesplasticas\/wp-json\/wp\/v2\/pages\/707\/revisions\/1774"}],"up":[{"embeddable":true,"href":"https:\/\/blogsaverroes.juntadeandalucia.es\/dibujoyartesplasticas\/wp-json\/wp\/v2\/pages\/703"}],"wp:attachment":[{"href":"https:\/\/blogsaverroes.juntadeandalucia.es\/dibujoyartesplasticas\/wp-json\/wp\/v2\/media?parent=707"}],"curies":[{"name":"wp","href":"https:\/\/api.w.org\/{rel}","templated":true}]}}