{"id":4943,"date":"2022-11-09T11:12:17","date_gmt":"2022-11-09T10:12:17","guid":{"rendered":"https:\/\/blogsaverroes.juntadeandalucia.es\/directormanuelsomoza\/?page_id=4943"},"modified":"2022-11-09T11:12:36","modified_gmt":"2022-11-09T10:12:36","slug":"galeria-fotografica-video-2019-20","status":"publish","type":"page","link":"https:\/\/blogsaverroes.juntadeandalucia.es\/directormanuelsomoza\/galeria-fotografica-video-2019-20\/","title":{"rendered":"GALER\u00cdA FOTOGR\u00c1FICA-V\u00cdDEO 2019-20"},"content":{"rendered":"<div class=\"entry-content\">\n<p><span style=\"font-family: 'comic sans ms', sans-serif;font-size: 16px;font-weight: 300;letter-spacing: 1px\">Acceda a las distintas galer\u00edas fotogr\u00e1ficas de las actividades del centro, as\u00ed como a los v\u00eddeos publicados, a trav\u00e9s de los siguientes enlaces:<\/span><\/p>\n<p><strong style=\"font-size: 18pt;letter-spacing: 1px\"><span style=\"font-family: 'comic sans ms', sans-serif\">CURSO 2019\/2020<\/span><\/strong><\/p>\n<\/div>\n<ul>\n<li style=\"text-align: justify\"><span style=\"font-family: 'comic sans ms', sans-serif;font-size: 12pt\"><a href=\"https:\/\/photos.app.goo.gl\/yC8tDqrt9TT2Z22WA\" target=\"_blank\" rel=\"noopener noreferrer\">PLAN DE IGUALDAD: TALLER EDUCACI\u00d3N INFANTIL \u00bb UN ACERCAMIENTO CON FINAL FELIZ<\/a>\u00ab<\/span><\/li>\n<li><span style=\"font-family: 'comic sans ms', sans-serif;font-size: 12pt\"><a href=\"https:\/\/photos.app.goo.gl\/qz57T6JFzxsxNhjt6\" target=\"_blank\" rel=\"noopener noreferrer\">PLAN DE IGUALDAD: TALLER 1\u00ba CICLO PRIMARIA \u00bb JUEGOS LIBRES DE G\u00c9NERO\u00bb<\/a><\/span><\/li>\n<li><span style=\"font-family: 'comic sans ms', sans-serif;font-size: 12pt\"><a href=\"https:\/\/photos.app.goo.gl\/oqra9aZRwKsyKafE7\" target=\"_blank\" rel=\"noopener noreferrer\">PLAN DE IGUALDAD: TALLER DE MADRES Y ALUMNADO ESO \u00bb DETECCI\u00d3N DE INDICIOS DE VIOLENCIA DE G\u00c9NERO Y PAUTAS DE ACTUACI\u00d3N\u00bb<\/a><\/span><\/li>\n<li><span style=\"font-family: 'comic sans ms', sans-serif;font-size: 12pt\"><a href=\"https:\/\/photos.app.goo.gl\/KkBBc5Lee83Lf2FU9\" target=\"_blank\" rel=\"noopener noreferrer\">25 NOVIEMBRE. D\u00cdA CONTRA LA VIOLENCIA DE G\u00c9NERO 2019<\/a><\/span><\/li>\n<li><span style=\"font-family: 'comic sans ms', sans-serif;font-size: 12pt\"><a href=\"https:\/\/photos.app.goo.gl\/zQJ2AMcUiCZ8NLeHA\" target=\"_blank\" rel=\"noopener noreferrer\">PLAN DE IGUALDAD: TALLER CRECEMOS JUNTOS<\/a><\/span><\/li>\n<li><span style=\"font-family: 'comic sans ms', sans-serif;font-size: 12pt\"><a href=\"https:\/\/photos.app.goo.gl\/SaxPXdJYHPZgG3Lf8\" target=\"_blank\" rel=\"noopener noreferrer\">D\u00cdA DEL FLAMENCO 2019<\/a><\/span><\/li>\n<li><span style=\"font-family: 'comic sans ms', sans-serif;font-size: 12pt\"><a href=\"https:\/\/photos.app.goo.gl\/qz57T6JFzxsxNhjt6\" target=\"_blank\" rel=\"noopener noreferrer\">PLAN DE IGUALDAD: JUEGOS LIBRES DE G\u00c9NERO<\/a><\/span><\/li>\n<li><span style=\"font-family: 'comic sans ms', sans-serif;font-size: 12pt\"><a href=\"https:\/\/photos.app.goo.gl\/DLQF4Q2oMaVVoyGp7\" target=\"_blank\" rel=\"noopener noreferrer\">250\u00ba ANIVERSARIO EL CAMPILLO: JORNADA DE CONVIVENCIA INTERPUEBLOS<\/a><\/span><\/li>\n<li><span style=\"font-family: 'comic sans ms', sans-serif;font-size: 12pt\"><a href=\"https:\/\/photos.app.goo.gl\/Noh9FNvQXu7o349f9\" target=\"_blank\" rel=\"noopener noreferrer\">TALLER DE FAMILIAS PARA LA ELABORACI\u00d3N DE FAROLILLOS. LATERNENFEST<\/a><\/span><\/li>\n<li><span style=\"font-family: 'comic sans ms', sans-serif;font-size: 12pt\"><a href=\"https:\/\/photos.app.goo.gl\/jnqyVuRWeiRjeFyg6\" target=\"_blank\" rel=\"noopener noreferrer\">ACTIVIDADES Y FIESTA DE NAVIDAD 2019<\/a><\/span><\/li>\n<li><span style=\"font-family: 'comic sans ms', sans-serif;font-size: 12pt\"><a href=\"https:\/\/photos.google.com\/share\/AF1QipNaTTyr4_Us1T37Ahhjh1GmxdHrwq8WG4Zc1ZceR1kuW6MDC-HxPhV-7IyHL7xlwA?key=N2pBdEt4VTFxQXZyZkxQYUJsWXAzT0E3ZmQ2dTJB\" target=\"_blank\" rel=\"noopener noreferrer\">ACTIVIDAD PLAN CONSUMO FRUTAS: FRUTIB\u00daS 20\/01\/2020<\/a><\/span><\/li>\n<li><span style=\"font-size: 12pt;font-family: 'comic sans ms', sans-serif\"><a href=\"https:\/\/photos.app.goo.gl\/BqiNvuysybH8dBMR6\" target=\"_blank\" rel=\"noopener noreferrer\">INTERCAMBIO TARJETAS NAVIDE\u00d1AS 2019.<\/a><\/span><\/li>\n<li><span style=\"font-family: 'comic sans ms', sans-serif;font-size: 12pt\"><a href=\"https:\/\/photos.app.goo.gl\/irmQHZktGLkJWZAG6\" target=\"_blank\" rel=\"noopener noreferrer\">PRODUCTOS LECTURAS INTENSIVAS 1\u00ba TRIMESTRE. 2020<\/a><\/span><\/li>\n<li><span style=\"font-size: 12pt;font-family: 'comic sans ms', sans-serif\"><a href=\"https:\/\/photos.app.goo.gl\/rtPRQSKEayMCBpEn6\" target=\"_blank\" rel=\"noopener noreferrer\">D\u00cdA DE LA PAZ 2020<\/a><\/span><\/li>\n<li><span style=\"font-size: 12pt;font-family: 'comic sans ms', sans-serif\"><a href=\"https:\/\/photos.app.goo.gl\/15yt4H325Un6xqjL6\" target=\"_blank\" rel=\"noopener noreferrer\">COLABORAMOS CON ONG M\u00c9DICOS SIN FRONTERAS 2020<\/a><\/span><\/li>\n<li><span style=\"font-family: 'comic sans ms', sans-serif;font-size: 12pt\"><a href=\"https:\/\/photos.app.goo.gl\/RVSD6yRREMH9tTAV6\" target=\"_blank\" rel=\"noopener noreferrer\">TALLER PRIMEROS AUXILIOS PARA COMUNIDAD EDUCATIVA (15 Y 16\/02\/2020)<\/a><\/span><\/li>\n<li><span style=\"font-family: 'comic sans ms', sans-serif;font-size: 12pt\"><a href=\"https:\/\/photos.app.goo.gl\/djQD4khcKc22hcrW8\" target=\"_blank\" rel=\"noopener noreferrer\">SALIDA DID\u00c1CTICA A LA CASA MUSEO DE BLAS INFANTE + ARCHIVO DE INDIAS ( VUELTA AL MUNDO DE ELCANO Y MAGALLANES). 11\/02\/2020<\/a><\/span><\/li>\n<li><span style=\"font-family: 'comic sans ms', sans-serif;font-size: 12pt\"><a href=\"https:\/\/photos.app.goo.gl\/c1FRci58qF4ftHeFA\" target=\"_blank\" rel=\"noopener noreferrer\">ACTIVIDAD SOBRE EFICIENCIA ENERG\u00c9TICA EN 1\u00ba CICLO 2020. 13\/02\/2020<\/a><\/span><\/li>\n<li><span style=\"font-family: 'comic sans ms', sans-serif;font-size: 12pt\"><a href=\"https:\/\/photos.app.goo.gl\/y7Vs6DuGAFK5vQVaA\" target=\"_blank\" rel=\"noopener noreferrer\">JUGAMOS A SER CIENT\u00cdFICAS (14\/02\/2020)<\/a><\/span><\/li>\n<li><span style=\"font-family: 'comic sans ms', sans-serif;font-size: 12pt\"><a href=\"https:\/\/photos.app.goo.gl\/fA5KHwf7u3cwmeHt7\" target=\"_blank\" rel=\"noopener noreferrer\">TALLER \u00abGAME OVER A LA DESIGUALDAD\u00bb Y \u00abNO TE ENREDES EN LAS REDES\u00bb(19\/02\/2020)<\/a><\/span><\/li>\n<\/ul>\n","protected":false},"excerpt":{"rendered":"<p>Acceda a las distintas galer\u00edas fotogr\u00e1ficas de las actividades del centro, as\u00ed como a los v\u00eddeos publicados, a trav\u00e9s de los siguientes enlaces: CURSO 2019\/2020 PLAN DE IGUALDAD: TALLER EDUCACI\u00d3N INFANTIL \u00bb UN ACERCAMIENTO&#46;&#46;&#46;<\/p>\n","protected":false},"author":1958,"featured_media":0,"parent":0,"menu_order":0,"comment_status":"closed","ping_status":"closed","template":"","meta":{"ngg_post_thumbnail":0,"footnotes":"","_mc_calendar":[]},"aioseo_notices":[],"_links":{"self":[{"href":"https:\/\/blogsaverroes.juntadeandalucia.es\/directormanuelsomoza\/wp-json\/wp\/v2\/pages\/4943"}],"collection":[{"href":"https:\/\/blogsaverroes.juntadeandalucia.es\/directormanuelsomoza\/wp-json\/wp\/v2\/pages"}],"about":[{"href":"https:\/\/blogsaverroes.juntadeandalucia.es\/directormanuelsomoza\/wp-json\/wp\/v2\/types\/page"}],"author":[{"embeddable":true,"href":"https:\/\/blogsaverroes.juntadeandalucia.es\/directormanuelsomoza\/wp-json\/wp\/v2\/users\/1958"}],"replies":[{"embeddable":true,"href":"https:\/\/blogsaverroes.juntadeandalucia.es\/directormanuelsomoza\/wp-json\/wp\/v2\/comments?post=4943"}],"version-history":[{"count":1,"href":"https:\/\/blogsaverroes.juntadeandalucia.es\/directormanuelsomoza\/wp-json\/wp\/v2\/pages\/4943\/revisions"}],"predecessor-version":[{"id":4945,"href":"https:\/\/blogsaverroes.juntadeandalucia.es\/directormanuelsomoza\/wp-json\/wp\/v2\/pages\/4943\/revisions\/4945"}],"wp:attachment":[{"href":"https:\/\/blogsaverroes.juntadeandalucia.es\/directormanuelsomoza\/wp-json\/wp\/v2\/media?parent=4943"}],"curies":[{"name":"wp","href":"https:\/\/api.w.org\/{rel}","templated":true}]}}