{"id":5093,"date":"2023-01-25T18:51:09","date_gmt":"2023-01-25T17:51:09","guid":{"rendered":"https:\/\/blogsaverroes.juntadeandalucia.es\/directormanuelsomoza\/?page_id=5093"},"modified":"2024-04-17T09:53:49","modified_gmt":"2024-04-17T08:53:49","slug":"talleres-y-actuaciones-proa-transformate","status":"publish","type":"page","link":"https:\/\/blogsaverroes.juntadeandalucia.es\/directormanuelsomoza\/talleres-y-actuaciones-proa-transformate\/","title":{"rendered":"TALLERES Y ACTUACIONES PROA + TRANSF\u00d3RMATE"},"content":{"rendered":"<p><img loading=\"lazy\" decoding=\"async\" class=\"alignnone size-full wp-image-5090\" src=\"https:\/\/blogsaverroes.juntadeandalucia.es\/directormanuelsomoza\/files\/2023\/01\/Captura-de-Pantalla-2023-01-25-a-las-17.39.32.png\" alt=\"\" width=\"798\" height=\"410\" srcset=\"https:\/\/blogsaverroes.juntadeandalucia.es\/directormanuelsomoza\/files\/2023\/01\/Captura-de-Pantalla-2023-01-25-a-las-17.39.32.png 798w, https:\/\/blogsaverroes.juntadeandalucia.es\/directormanuelsomoza\/files\/2023\/01\/Captura-de-Pantalla-2023-01-25-a-las-17.39.32-300x154.png 300w, https:\/\/blogsaverroes.juntadeandalucia.es\/directormanuelsomoza\/files\/2023\/01\/Captura-de-Pantalla-2023-01-25-a-las-17.39.32-768x395.png 768w, https:\/\/blogsaverroes.juntadeandalucia.es\/directormanuelsomoza\/files\/2023\/01\/Captura-de-Pantalla-2023-01-25-a-las-17.39.32-700x360.png 700w\" sizes=\"(max-width: 798px) 100vw, 798px\" \/><\/p>\n<p style=\"text-align: justify\"><span style=\"font-family: 'comic sans ms', sans-serif;font-size: 12pt\">En esta p\u00e1gina, quedan recogidas las actuaciones llevadas a cabo dentro del PROGRAMA PROA + TRANSF\u00d3RMATE, en las l\u00edneas de actuaci\u00f3n&nbsp;<\/span><\/p>\n<p style=\"text-align: center\"><span style=\"font-family: 'comic sans ms', sans-serif;font-size: 24pt\"><strong>CURSO 2023\/2024<\/strong><\/span><\/p>\n<p style=\"text-align: justify\"><span style=\"font-family: 'comic sans ms', sans-serif;font-size: 12pt\">Nuestro centro se ha marcado como L\u00cdNEAS ESTRAT\u00c9GICAS para el curso 2023\/2024: <\/span><\/p>\n<p><strong><span style=\"font-family: 'comic sans ms', sans-serif;font-size: 12pt\">1.LINEA ESTRATEGICA E1.<\/span><span style=\"font-family: 'comic sans ms', sans-serif;font-size: 12pt\">&nbsp;ACTIVIDADES PARA SEGUIR Y \u201cASEGURAR\u201d CONDICIONES DE EDUCABILIDAD<\/span><\/strong><\/p>\n<div class=\"page\" title=\"Page 1\">\n<div class=\"layoutArea\">\n<div class=\"column\">\n<ul>\n<li style=\"text-align: justify\"><span style=\"font-family: 'comic sans ms', sans-serif;font-size: 12pt\">Actividad Palanca <\/span><span style=\"font-family: 'comic sans ms', sans-serif;font-size: 12pt\">A101 Evaluaci\u00f3n de barreras.<\/span><\/li>\n<\/ul>\n<\/div>\n<div class=\"column\" style=\"text-align: justify\">\n<p><span style=\"font-family: 'comic sans ms', sans-serif;font-size: 12pt\"><strong>2. LI\u0301NEA ESTRATE\u0301GICA E2. ACCIONES PARA APOYAR AL ALUMNADO CON DIFICULTADES DE APRENDIZAJE.<\/strong> <\/span><\/p>\n<ul>\n<li><span style=\"font-family: 'comic sans ms', sans-serif;font-size: 12pt\">Actividad Palanca A230: Actividades de refuerzo para la mejora y e\u0301xito educativo para el alumnado.<\/span><\/li>\n<\/ul>\n<p><span style=\"font-family: 'comic sans ms', sans-serif;font-size: 12pt\"><strong>3.LINEA ESTRATEGICA E5. ACCION Y COMPROMISO DE GESTION DE CENTRO Y PARA MEJORAR LA ESTABILIDAD Y CALIDAD DE SUS PROFESIONALES.<\/strong> <\/span><\/p>\n<ul>\n<li><span style=\"font-family: 'comic sans ms', sans-serif;font-size: 12pt\">Actividad palanca A550 Plan de acogida <\/span><span style=\"font-family: 'comic sans ms', sans-serif;font-size: 12pt\">al profesorado.<\/span><\/li>\n<li><span style=\"font-family: 'comic sans ms', sans-serif;font-size: 12pt\"> Actividad palanca A551 Plan de formacio\u0301n del profesorado.<\/span><\/li>\n<\/ul>\n<\/div>\n<\/div>\n<\/div>\n<p>&nbsp;<\/p>\n<div class=\"cuerpoSeccionForm-SNC\">\n<div class=\"row fila-SNC\">\n<div class=\"celda-SNC col-lg-5 celda_LINEA1_1\">\n<div class=\"form-group\">\n<div class=\"form-check-inline \">\n<p style=\"text-align: center\"><span style=\"text-decoration: underline\"><span style=\"font-family: 'comic sans ms', sans-serif;font-size: 18pt\"><strong>ALGUNOS EJEMPLOS DE ACTIVIDADES REALIZADAS<\/strong><\/span><\/span><\/p>\n<ul>\n<li><a href=\"https:\/\/blogsaverroes.juntadeandalucia.es\/directormanuelsomoza\/2024\/04\/17\/concierto-didactico-en-teatro-municipal-de-ecija\/\" target=\"_blank\" rel=\"noopener\"><span style=\"font-size: 12pt;font-family: 'comic sans ms', sans-serif\">ASISTENCIA A CONCIERTO DID\u00c1CTICO EN \u00c9CIJA.<\/span><\/a><\/li>\n<\/ul>\n<p><a href=\"https:\/\/blogsaverroes.juntadeandalucia.es\/directormanuelsomoza\/files\/2024\/04\/b898d21f-74bf-4d00-a2b9-f012d455cf96.jpg\"><img loading=\"lazy\" decoding=\"async\" class=\"alignnone size-full wp-image-5808\" src=\"https:\/\/blogsaverroes.juntadeandalucia.es\/directormanuelsomoza\/files\/2024\/04\/b898d21f-74bf-4d00-a2b9-f012d455cf96.jpg\" alt=\"\" width=\"1440\" height=\"648\" srcset=\"https:\/\/blogsaverroes.juntadeandalucia.es\/directormanuelsomoza\/files\/2024\/04\/b898d21f-74bf-4d00-a2b9-f012d455cf96.jpg 1440w, https:\/\/blogsaverroes.juntadeandalucia.es\/directormanuelsomoza\/files\/2024\/04\/b898d21f-74bf-4d00-a2b9-f012d455cf96-300x135.jpg 300w, https:\/\/blogsaverroes.juntadeandalucia.es\/directormanuelsomoza\/files\/2024\/04\/b898d21f-74bf-4d00-a2b9-f012d455cf96-1024x461.jpg 1024w, https:\/\/blogsaverroes.juntadeandalucia.es\/directormanuelsomoza\/files\/2024\/04\/b898d21f-74bf-4d00-a2b9-f012d455cf96-768x346.jpg 768w, https:\/\/blogsaverroes.juntadeandalucia.es\/directormanuelsomoza\/files\/2024\/04\/b898d21f-74bf-4d00-a2b9-f012d455cf96-700x315.jpg 700w\" sizes=\"(max-width: 1440px) 100vw, 1440px\" \/><\/a> <a href=\"https:\/\/blogsaverroes.juntadeandalucia.es\/directormanuelsomoza\/files\/2024\/04\/664d96ff-a853-4b43-b056-eaf89f29a9fd.jpg\" target=\"_blank\" rel=\"noopener\"><img loading=\"lazy\" decoding=\"async\" class=\"alignnone wp-image-5809 size-full\" src=\"https:\/\/blogsaverroes.juntadeandalucia.es\/directormanuelsomoza\/files\/2024\/04\/664d96ff-a853-4b43-b056-eaf89f29a9fd.jpg\" alt=\"\" width=\"1440\" height=\"648\" srcset=\"https:\/\/blogsaverroes.juntadeandalucia.es\/directormanuelsomoza\/files\/2024\/04\/664d96ff-a853-4b43-b056-eaf89f29a9fd.jpg 1440w, https:\/\/blogsaverroes.juntadeandalucia.es\/directormanuelsomoza\/files\/2024\/04\/664d96ff-a853-4b43-b056-eaf89f29a9fd-300x135.jpg 300w, https:\/\/blogsaverroes.juntadeandalucia.es\/directormanuelsomoza\/files\/2024\/04\/664d96ff-a853-4b43-b056-eaf89f29a9fd-1024x461.jpg 1024w, https:\/\/blogsaverroes.juntadeandalucia.es\/directormanuelsomoza\/files\/2024\/04\/664d96ff-a853-4b43-b056-eaf89f29a9fd-768x346.jpg 768w, https:\/\/blogsaverroes.juntadeandalucia.es\/directormanuelsomoza\/files\/2024\/04\/664d96ff-a853-4b43-b056-eaf89f29a9fd-700x315.jpg 700w\" sizes=\"(max-width: 1440px) 100vw, 1440px\" \/><\/a><\/p>\n<ul>\n<li><span style=\"font-size: 12pt\"><a href=\"https:\/\/photos.google.com\/share\/AF1QipMeCT7XArPkQmVNG1ePvRCtZQin-WrYoif9IclZXsLqOAD36ZNdYfz2Rrnx6UxDdg?key=SjRKbzVyT21YbS0xcTJxQ3VYZXhmbkZFcTlKRmJB\" target=\"_blank\" rel=\"noopener noreferrer\"><span style=\"font-family: 'comic sans ms', sans-serif\">TALLER EDUCACI\u00d3N EMOCIONAL<\/span><\/a><\/span><\/li>\n<\/ul>\n<\/div>\n<ul>\n<li><span style=\"font-size: 12pt;font-family: 'comic sans ms', sans-serif\"><a href=\"https:\/\/photos.google.com\/share\/AF1QipP4q2KzgQt2DkJ_u2HaawMj9RKaPAr0y5XQDwpZR-OXQp5qup7eUm5YmH5FB5QWXQ?key=a1p5UjRYNUhyVTRZSWJrUXhEaUVpQlZBM184LTdB\" target=\"_blank\" rel=\"noopener noreferrer\">VISITA CULTURALA TEATROS.<\/a><\/span><\/li>\n<\/ul>\n<div class=\"form-check-inline \">\n<ul>\n<li><a href=\"https:\/\/photos.app.goo.gl\/QkGwgGUK2s69dD1B9\" target=\"_blank\" rel=\"noopener noreferrer\"><span style=\"font-family: 'comic sans ms', sans-serif;font-size: 12pt\">TALLERES T\u00c9CNICAS DE ESTUDIO<\/span><\/a><\/li>\n<\/ul>\n<p><a href=\"https:\/\/photos.app.goo.gl\/QkGwgGUK2s69dD1B9\" target=\"_blank\" rel=\"noopener noreferrer\"><img loading=\"lazy\" decoding=\"async\" class=\"alignleft wp-image-5128 size-medium\" src=\"https:\/\/blogsaverroes.juntadeandalucia.es\/directormanuelsomoza\/files\/2023\/02\/IMG_1997-300x167.jpg\" alt=\"\" width=\"300\" height=\"167\" srcset=\"https:\/\/blogsaverroes.juntadeandalucia.es\/directormanuelsomoza\/files\/2023\/02\/IMG_1997-300x167.jpg 300w, https:\/\/blogsaverroes.juntadeandalucia.es\/directormanuelsomoza\/files\/2023\/02\/IMG_1997-1024x569.jpg 1024w, https:\/\/blogsaverroes.juntadeandalucia.es\/directormanuelsomoza\/files\/2023\/02\/IMG_1997-768x427.jpg 768w, https:\/\/blogsaverroes.juntadeandalucia.es\/directormanuelsomoza\/files\/2023\/02\/IMG_1997-700x393.jpg 700w, https:\/\/blogsaverroes.juntadeandalucia.es\/directormanuelsomoza\/files\/2023\/02\/IMG_1997.jpg 1052w\" sizes=\"(max-width: 300px) 100vw, 300px\" \/><\/a><\/p>\n<p>&nbsp;<\/p>\n<p>&nbsp;<\/p>\n<div class=\"row fila-SNC\">\n<div class=\"celda-SNC col-lg-12 celda_\">\n<div class=\"form-group\">\n<div id=\"fake-scroll-table-5126\" class=\"envoltura-tabla-responsiva\">\n<div class=\"table-responsive text-center cuerpoSeccionForm-SNC\">&nbsp;<\/div>\n<\/div>\n<\/div>\n<\/div>\n<\/div>\n<\/div>\n<\/div>\n<\/div>\n<\/div>\n<div class=\"contenedor-SNC seccionForm-SNC\">&nbsp;<\/div>\n<div class=\"row fila-SNC\">\n<div class=\"celda-SNC col-lg-5 celda_LINEA1_1\">\n<div class=\"form-group\">\n<div class=\"form-check-inline \">\n<p>&nbsp;<\/p>\n<p>&nbsp;<\/p>\n<p style=\"text-align: justify\"><span style=\"font-family: 'comic sans ms', sans-serif;text-align: justify\">El mi\u00e9rcoles 08\/11\/2023 nuestro alumnado asisti\u00f3 al Estadio de La Cartuja en Sevilla para vivenciar un evento deportivo internacional, como es la COPA BILLIE JEAN KING (MUNDIAL FEMENINO DE TENIS).<\/span><\/p>\n<div class=\"xdj266r x11i5rnm xat24cr x1mh8g0r x1vvkbs x126k92a\">\n<div dir=\"auto\"><a href=\"https:\/\/blogsaverroes.juntadeandalucia.es\/directormanuelsomoza\/files\/2023\/11\/IMG_8579.jpg\"><img loading=\"lazy\" decoding=\"async\" class=\"alignnone size-full wp-image-5426\" src=\"https:\/\/blogsaverroes.juntadeandalucia.es\/directormanuelsomoza\/files\/2023\/11\/IMG_8579.jpg\" alt=\"\" width=\"1600\" height=\"1201\" srcset=\"https:\/\/blogsaverroes.juntadeandalucia.es\/directormanuelsomoza\/files\/2023\/11\/IMG_8579.jpg 1600w, https:\/\/blogsaverroes.juntadeandalucia.es\/directormanuelsomoza\/files\/2023\/11\/IMG_8579-300x225.jpg 300w, https:\/\/blogsaverroes.juntadeandalucia.es\/directormanuelsomoza\/files\/2023\/11\/IMG_8579-1024x768.jpg 1024w, https:\/\/blogsaverroes.juntadeandalucia.es\/directormanuelsomoza\/files\/2023\/11\/IMG_8579-768x576.jpg 768w, https:\/\/blogsaverroes.juntadeandalucia.es\/directormanuelsomoza\/files\/2023\/11\/IMG_8579-1536x1153.jpg 1536w, https:\/\/blogsaverroes.juntadeandalucia.es\/directormanuelsomoza\/files\/2023\/11\/IMG_8579-2048x1537.jpg 2048w, https:\/\/blogsaverroes.juntadeandalucia.es\/directormanuelsomoza\/files\/2023\/11\/IMG_8579-700x525.jpg 700w\" sizes=\"(max-width: 1600px) 100vw, 1600px\" \/><\/a>&nbsp;<\/div>\n<\/div>\n<div class=\"xdj266r x11i5rnm xat24cr x1mh8g0r x1vvkbs x126k92a\">\n<div dir=\"auto\" style=\"text-align: justify\"><span style=\"font-family: 'comic sans ms', sans-serif\">Concretamente, pudimos asistir al partido de dobles entre Francia-Italia y al partido de individuales entre Espa\u00f1a-Canad\u00e1.<\/span><\/div>\n<\/div>\n<div dir=\"auto\"><a href=\"https:\/\/blogsaverroes.juntadeandalucia.es\/directormanuelsomoza\/files\/2023\/11\/84aed5aa-720c-4a0d-835f-3e93543c6ee5.jpg\"><img loading=\"lazy\" decoding=\"async\" class=\"alignnone size-full wp-image-5423\" src=\"https:\/\/blogsaverroes.juntadeandalucia.es\/directormanuelsomoza\/files\/2023\/11\/84aed5aa-720c-4a0d-835f-3e93543c6ee5.jpg\" alt=\"\" width=\"1600\" height=\"900\" srcset=\"https:\/\/blogsaverroes.juntadeandalucia.es\/directormanuelsomoza\/files\/2023\/11\/84aed5aa-720c-4a0d-835f-3e93543c6ee5.jpg 1600w, https:\/\/blogsaverroes.juntadeandalucia.es\/directormanuelsomoza\/files\/2023\/11\/84aed5aa-720c-4a0d-835f-3e93543c6ee5-300x169.jpg 300w, https:\/\/blogsaverroes.juntadeandalucia.es\/directormanuelsomoza\/files\/2023\/11\/84aed5aa-720c-4a0d-835f-3e93543c6ee5-1024x576.jpg 1024w, https:\/\/blogsaverroes.juntadeandalucia.es\/directormanuelsomoza\/files\/2023\/11\/84aed5aa-720c-4a0d-835f-3e93543c6ee5-768x432.jpg 768w, https:\/\/blogsaverroes.juntadeandalucia.es\/directormanuelsomoza\/files\/2023\/11\/84aed5aa-720c-4a0d-835f-3e93543c6ee5-1536x864.jpg 1536w, https:\/\/blogsaverroes.juntadeandalucia.es\/directormanuelsomoza\/files\/2023\/11\/84aed5aa-720c-4a0d-835f-3e93543c6ee5-700x393.jpg 700w\" sizes=\"(max-width: 1600px) 100vw, 1600px\" \/><\/a><\/div>\n<div class=\"xdj266r x11i5rnm xat24cr x1mh8g0r x1vvkbs x126k92a\">\n<div dir=\"auto\" style=\"text-align: justify\">&nbsp;<\/div>\n<div dir=\"auto\" style=\"text-align: justify\"><span style=\"font-family: 'comic sans ms', sans-serif\">Ha sido una experiencia \u00fanica, en la que nuestro alumnado ha podido disfrutar&nbsp;y aprender valores de un deporte como el tenis.<\/span><\/div>\n<\/div>\n<div dir=\"auto\">&nbsp;<\/div>\n<div dir=\"auto\"><a href=\"https:\/\/blogsaverroes.juntadeandalucia.es\/directormanuelsomoza\/files\/2023\/11\/86cd1d77-6cb3-4d70-ba93-59013cbacd3d.jpg\"><img loading=\"lazy\" decoding=\"async\" class=\"alignnone size-full wp-image-5424\" src=\"https:\/\/blogsaverroes.juntadeandalucia.es\/directormanuelsomoza\/files\/2023\/11\/86cd1d77-6cb3-4d70-ba93-59013cbacd3d.jpg\" alt=\"\" width=\"1440\" height=\"648\" srcset=\"https:\/\/blogsaverroes.juntadeandalucia.es\/directormanuelsomoza\/files\/2023\/11\/86cd1d77-6cb3-4d70-ba93-59013cbacd3d.jpg 1440w, https:\/\/blogsaverroes.juntadeandalucia.es\/directormanuelsomoza\/files\/2023\/11\/86cd1d77-6cb3-4d70-ba93-59013cbacd3d-300x135.jpg 300w, https:\/\/blogsaverroes.juntadeandalucia.es\/directormanuelsomoza\/files\/2023\/11\/86cd1d77-6cb3-4d70-ba93-59013cbacd3d-1024x461.jpg 1024w, https:\/\/blogsaverroes.juntadeandalucia.es\/directormanuelsomoza\/files\/2023\/11\/86cd1d77-6cb3-4d70-ba93-59013cbacd3d-768x346.jpg 768w, https:\/\/blogsaverroes.juntadeandalucia.es\/directormanuelsomoza\/files\/2023\/11\/86cd1d77-6cb3-4d70-ba93-59013cbacd3d-700x315.jpg 700w\" sizes=\"(max-width: 1440px) 100vw, 1440px\" \/><\/a><\/div>\n<div class=\"xdj266r x11i5rnm xat24cr x1mh8g0r x1vvkbs x126k92a\">&nbsp;<\/div>\n<div class=\"x11i5rnm xat24cr x1mh8g0r x1vvkbs xtlvy1s x126k92a\" style=\"text-align: justify\">\n<div dir=\"auto\">&nbsp;<\/div>\n<\/div>\n<div dir=\"auto\" style=\"text-align: justify\"><span style=\"font-family: 'comic sans ms', sans-serif\">Os dejamos el enlace a la galer\u00eda de im\u00e1genes de la actividad:<\/span><\/div>\n<div dir=\"auto\"><strong><a href=\"https:\/\/photos.app.goo.gl\/7aRj1PWuFqguUHYw7\" target=\"_blank\" rel=\"noopener noreferrer\">GALER\u00cdA IM\u00c1GENES COPA BILLIE JEAN KING SEVILLA 2023<\/a><\/strong><\/div>\n<p>&nbsp;<\/p>\n<p style=\"text-align: center\">Actividades en la Naturaleza con el alumnado, para desarrollar actividades con el alumnado:<\/p>\n<\/div>\n<ul>\n<li><span style=\"font-size: 12pt;font-family: 'comic sans ms', sans-serif\"><a href=\"https:\/\/photos.google.com\/share\/AF1QipN-hGHj7JZK-TWilq-nUgeLYOJ2rzA5s-DYsQMyVE4D_aDreHFVFHQsADSGILc82Q?key=MzlLNlZEaThiY1Z6cWhrMFJDMzBFOVpySnIwRlZR\" target=\"_blank\" rel=\"noopener noreferrer\">SALIDA \u00abLAS GRAVERAS\u00bb ( 1 JUNIO)<\/a><\/span><\/li>\n<\/ul>\n<p>&nbsp;<\/p>\n<ul>\n<li><span style=\"font-family: 'comic sans ms', sans-serif;font-size: 12pt\"><a href=\"https:\/\/photos.app.goo.gl\/DCMrMeQdqHzqUGJ77\" target=\"_blank\" rel=\"noopener noreferrer\">R\u00cdO SECRETO HORNACHUELOS ( 9 JUNIO)<\/a><\/span><\/li>\n<\/ul>\n<\/div>\n<\/div>\n<\/div>\n<\/div>\n<p><img loading=\"lazy\" decoding=\"async\" class=\"alignleft wp-image-5101 size-medium\" src=\"https:\/\/blogsaverroes.juntadeandalucia.es\/directormanuelsomoza\/files\/2023\/01\/IMG_6261-300x225.jpg\" alt=\"\" width=\"300\" height=\"225\" srcset=\"https:\/\/blogsaverroes.juntadeandalucia.es\/directormanuelsomoza\/files\/2023\/01\/IMG_6261-300x225.jpg 300w, https:\/\/blogsaverroes.juntadeandalucia.es\/directormanuelsomoza\/files\/2023\/01\/IMG_6261-1024x768.jpg 1024w, https:\/\/blogsaverroes.juntadeandalucia.es\/directormanuelsomoza\/files\/2023\/01\/IMG_6261-768x576.jpg 768w, https:\/\/blogsaverroes.juntadeandalucia.es\/directormanuelsomoza\/files\/2023\/01\/IMG_6261-1536x1152.jpg 1536w, https:\/\/blogsaverroes.juntadeandalucia.es\/directormanuelsomoza\/files\/2023\/01\/IMG_6261-2048x1536.jpg 2048w, https:\/\/blogsaverroes.juntadeandalucia.es\/directormanuelsomoza\/files\/2023\/01\/IMG_6261-700x525.jpg 700w, https:\/\/blogsaverroes.juntadeandalucia.es\/directormanuelsomoza\/files\/2023\/01\/IMG_6261-scaled.jpg 1600w\" sizes=\"(max-width: 300px) 100vw, 300px\" \/><\/p>\n<p>&nbsp;<\/p>\n<p>&nbsp;<\/p>\n<p>&nbsp;<\/p>\n<p>&nbsp;<\/p>\n<p>&nbsp;<\/p>\n<p>&nbsp;<\/p>\n<div class=\"cuerpoSeccionForm-SNC\">\n<div class=\"row fila-SNC\">\n<div class=\"celda-SNC col-lg-5 celda_LINEA1_1\">\n<div class=\"form-group\">\n<ul>\n<li><span style=\"font-family: 'comic sans ms', sans-serif;font-size: 12pt\"><a href=\"https:\/\/photos.app.goo.gl\/2F9A5Qkw7A2N5sFz8\" target=\"_blank\" rel=\"noopener noreferrer\">D\u00cdA DEL MEDIO AMBIENTE ( 3 JUNIO)<\/a><\/span><\/li>\n<\/ul>\n<\/div>\n<\/div>\n<\/div>\n<\/div>\n<p><img loading=\"lazy\" decoding=\"async\" class=\"alignleft wp-image-5099 size-medium\" src=\"https:\/\/blogsaverroes.juntadeandalucia.es\/directormanuelsomoza\/files\/2023\/01\/IMG_5813-300x160.jpg\" alt=\"\" width=\"300\" height=\"160\" srcset=\"https:\/\/blogsaverroes.juntadeandalucia.es\/directormanuelsomoza\/files\/2023\/01\/IMG_5813-300x160.jpg 300w, https:\/\/blogsaverroes.juntadeandalucia.es\/directormanuelsomoza\/files\/2023\/01\/IMG_5813-1024x546.jpg 1024w, https:\/\/blogsaverroes.juntadeandalucia.es\/directormanuelsomoza\/files\/2023\/01\/IMG_5813-768x409.jpg 768w, https:\/\/blogsaverroes.juntadeandalucia.es\/directormanuelsomoza\/files\/2023\/01\/IMG_5813-1536x819.jpg 1536w, https:\/\/blogsaverroes.juntadeandalucia.es\/directormanuelsomoza\/files\/2023\/01\/IMG_5813-700x373.jpg 700w, https:\/\/blogsaverroes.juntadeandalucia.es\/directormanuelsomoza\/files\/2023\/01\/IMG_5813.jpg 1600w\" sizes=\"(max-width: 300px) 100vw, 300px\" \/><\/p>\n<div class=\"cuerpoSeccionForm-SNC\">\n<div class=\"row fila-SNC\">\n<div class=\"celda-SNC col-lg-5 celda_LINEA1_1\">\n<div class=\"form-group\">\n<p>&nbsp;<\/p>\n<p>&nbsp;<\/p>\n<p>&nbsp;<\/p>\n<p>&nbsp;<\/p>\n<ul>\n<li><span style=\"font-family: 'comic sans ms', sans-serif;font-size: 12pt\"><a href=\"https:\/\/photos.app.goo.gl\/pDTQmdzFeksaaoyE6\" target=\"_blank\" rel=\"noopener noreferrer\">LA MAGIA DE LA LECTURA ( 9 JUNIO)<\/a><\/span><\/li>\n<\/ul>\n<\/div>\n<\/div>\n<\/div>\n<\/div>\n<p><img loading=\"lazy\" decoding=\"async\" class=\"alignleft wp-image-5098 size-medium\" src=\"https:\/\/blogsaverroes.juntadeandalucia.es\/directormanuelsomoza\/files\/2023\/01\/IMG_5814-300x169.jpg\" alt=\"\" width=\"300\" height=\"169\" srcset=\"https:\/\/blogsaverroes.juntadeandalucia.es\/directormanuelsomoza\/files\/2023\/01\/IMG_5814-300x169.jpg 300w, https:\/\/blogsaverroes.juntadeandalucia.es\/directormanuelsomoza\/files\/2023\/01\/IMG_5814-1024x576.jpg 1024w, https:\/\/blogsaverroes.juntadeandalucia.es\/directormanuelsomoza\/files\/2023\/01\/IMG_5814-768x432.jpg 768w, https:\/\/blogsaverroes.juntadeandalucia.es\/directormanuelsomoza\/files\/2023\/01\/IMG_5814-1536x864.jpg 1536w, https:\/\/blogsaverroes.juntadeandalucia.es\/directormanuelsomoza\/files\/2023\/01\/IMG_5814-700x393.jpg 700w, https:\/\/blogsaverroes.juntadeandalucia.es\/directormanuelsomoza\/files\/2023\/01\/IMG_5814.jpg 1600w\" sizes=\"(max-width: 300px) 100vw, 300px\" \/><\/p>\n<p>&nbsp;<\/p>\n<p>&nbsp;<\/p>\n<p>&nbsp;<\/p>\n<p>&nbsp;<\/p>\n<p>&nbsp;<\/p>\n<div class=\"cuerpoSeccionForm-SNC\">\n<div class=\"row fila-SNC\">\n<div class=\"celda-SNC col-lg-5 celda_LINEA1_1\">\n<div class=\"form-group\">\n<ul>\n<li><span style=\"font-family: 'comic sans ms', sans-serif;font-size: 12pt\"><a href=\"https:\/\/photos.google.com\/u\/1\/share\/AF1QipPSAVn0bzzopChqp3RGz06LFwuvsmsxz9U0v-Md79dAFy0eQuiEIQLMjfz56WMyzg?key=TjlOUTBoOU5vMldCcEk2bThPUmN4dXhuaDV4aTdR\" target=\"_blank\" rel=\"noopener noreferrer\">LA \u00d3PERA VA AL COLEGIO ( 17 JUNIO)<\/a><\/span><\/li>\n<\/ul>\n<p><img loading=\"lazy\" decoding=\"async\" class=\"alignleft wp-image-5097 size-medium\" src=\"https:\/\/blogsaverroes.juntadeandalucia.es\/directormanuelsomoza\/files\/2023\/01\/72393511-b628-4a4f-a7e0-acb7c2f9ffcd-300x169.jpg\" alt=\"\" width=\"300\" height=\"169\" srcset=\"https:\/\/blogsaverroes.juntadeandalucia.es\/directormanuelsomoza\/files\/2023\/01\/72393511-b628-4a4f-a7e0-acb7c2f9ffcd-300x169.jpg 300w, https:\/\/blogsaverroes.juntadeandalucia.es\/directormanuelsomoza\/files\/2023\/01\/72393511-b628-4a4f-a7e0-acb7c2f9ffcd-1024x576.jpg 1024w, https:\/\/blogsaverroes.juntadeandalucia.es\/directormanuelsomoza\/files\/2023\/01\/72393511-b628-4a4f-a7e0-acb7c2f9ffcd-768x432.jpg 768w, https:\/\/blogsaverroes.juntadeandalucia.es\/directormanuelsomoza\/files\/2023\/01\/72393511-b628-4a4f-a7e0-acb7c2f9ffcd-1536x864.jpg 1536w, https:\/\/blogsaverroes.juntadeandalucia.es\/directormanuelsomoza\/files\/2023\/01\/72393511-b628-4a4f-a7e0-acb7c2f9ffcd-700x393.jpg 700w, https:\/\/blogsaverroes.juntadeandalucia.es\/directormanuelsomoza\/files\/2023\/01\/72393511-b628-4a4f-a7e0-acb7c2f9ffcd.jpg 1600w\" sizes=\"(max-width: 300px) 100vw, 300px\" \/><\/p>\n<\/div>\n<\/div>\n<\/div>\n<\/div>\n<p>&nbsp;<\/p>\n<p>&nbsp;<\/p>\n<p>&nbsp;<\/p>\n<p>&nbsp;<\/p>\n<p>&nbsp;<\/p>\n<div class=\"cuerpoSeccionForm-SNC\">\n<div class=\"row fila-SNC\">\n<div class=\"celda-SNC col-lg-5 celda_LINEA1_1\">\n<div class=\"form-group\">\n<ul>\n<li><span style=\"font-family: 'comic sans ms', sans-serif;font-size: 12pt\"><a href=\"https:\/\/photos.app.goo.gl\/p2Wb2k3birpnpDZm8\" target=\"_blank\" rel=\"noopener noreferrer\">11 OCTUBRE. RUTA CULTURAL EN BICICLETA POR SEVILLA<\/a><\/span><\/li>\n<\/ul>\n<\/div>\n<\/div>\n<\/div>\n<\/div>\n<p><img loading=\"lazy\" decoding=\"async\" class=\"alignleft wp-image-5100 size-medium\" src=\"https:\/\/blogsaverroes.juntadeandalucia.es\/directormanuelsomoza\/files\/2023\/01\/IMG_9008-300x225.jpg\" alt=\"\" width=\"300\" height=\"225\" srcset=\"https:\/\/blogsaverroes.juntadeandalucia.es\/directormanuelsomoza\/files\/2023\/01\/IMG_9008-300x225.jpg 300w, https:\/\/blogsaverroes.juntadeandalucia.es\/directormanuelsomoza\/files\/2023\/01\/IMG_9008-1024x768.jpg 1024w, https:\/\/blogsaverroes.juntadeandalucia.es\/directormanuelsomoza\/files\/2023\/01\/IMG_9008-768x576.jpg 768w, https:\/\/blogsaverroes.juntadeandalucia.es\/directormanuelsomoza\/files\/2023\/01\/IMG_9008-1536x1152.jpg 1536w, https:\/\/blogsaverroes.juntadeandalucia.es\/directormanuelsomoza\/files\/2023\/01\/IMG_9008-2048x1536.jpg 2048w, https:\/\/blogsaverroes.juntadeandalucia.es\/directormanuelsomoza\/files\/2023\/01\/IMG_9008-700x525.jpg 700w, https:\/\/blogsaverroes.juntadeandalucia.es\/directormanuelsomoza\/files\/2023\/01\/IMG_9008-scaled.jpg 1600w\" sizes=\"(max-width: 300px) 100vw, 300px\" \/><\/p>\n<p>&nbsp;<\/p>\n<p>&nbsp;<\/p>\n<p>&nbsp;<\/p>\n<p>&nbsp;<\/p>\n<p>&nbsp;<\/p>\n<p>&nbsp;<\/p>\n<div class=\"cuerpoSeccionForm-SNC\">\n<div class=\"row fila-SNC\">\n<div class=\"celda-SNC col-lg-5 celda_LINEA1_1\">\n<div class=\"form-group\">\n<ul>\n<li><span style=\"font-family: 'comic sans ms', sans-serif;font-size: 12pt\"><a href=\"https:\/\/photos.google.com\/share\/AF1QipPDm7g8xkI8Ex-MBIzRpuyfdB8xkGW-0NpmydBe5Axdw4jiI9ys0_JJWx-DQbvy6g?key=d2N0UFh3dGt1S2JGblhtTW45NjJuRXVYUDJNY3lB\" target=\"_blank\" rel=\"noopener noreferrer\">VISITA ACUARIO DE SEVILLA ( 2 DICIEMBRE)<\/a><\/span><\/li>\n<\/ul>\n<\/div>\n<p><img loading=\"lazy\" decoding=\"async\" class=\"alignleft wp-image-5102 size-medium\" src=\"https:\/\/blogsaverroes.juntadeandalucia.es\/directormanuelsomoza\/files\/2023\/01\/679ac8df-b3ea-4618-af3b-4e2ac41b7ab3-300x225.jpg\" alt=\"\" width=\"300\" height=\"225\" srcset=\"https:\/\/blogsaverroes.juntadeandalucia.es\/directormanuelsomoza\/files\/2023\/01\/679ac8df-b3ea-4618-af3b-4e2ac41b7ab3-300x225.jpg 300w, https:\/\/blogsaverroes.juntadeandalucia.es\/directormanuelsomoza\/files\/2023\/01\/679ac8df-b3ea-4618-af3b-4e2ac41b7ab3-1024x768.jpg 1024w, https:\/\/blogsaverroes.juntadeandalucia.es\/directormanuelsomoza\/files\/2023\/01\/679ac8df-b3ea-4618-af3b-4e2ac41b7ab3-768x576.jpg 768w, https:\/\/blogsaverroes.juntadeandalucia.es\/directormanuelsomoza\/files\/2023\/01\/679ac8df-b3ea-4618-af3b-4e2ac41b7ab3-1536x1152.jpg 1536w, https:\/\/blogsaverroes.juntadeandalucia.es\/directormanuelsomoza\/files\/2023\/01\/679ac8df-b3ea-4618-af3b-4e2ac41b7ab3-700x525.jpg 700w, https:\/\/blogsaverroes.juntadeandalucia.es\/directormanuelsomoza\/files\/2023\/01\/679ac8df-b3ea-4618-af3b-4e2ac41b7ab3.jpg 1600w\" sizes=\"(max-width: 300px) 100vw, 300px\" \/><\/p>\n<div class=\"form-group\">\n<p>&nbsp;<\/p>\n<p>&nbsp;<\/p>\n<p>&nbsp;<\/p>\n<p>&nbsp;<\/p>\n<\/div>\n<\/div>\n<\/div>\n<\/div>\n<p>&nbsp;<\/p>\n<p>&nbsp;<\/p>\n<ul>\n<li><span style=\"font-family: 'comic sans ms', sans-serif;font-size: 12pt\"><a href=\"https:\/\/photos.app.goo.gl\/aQvRr1z8GuKTb33N9\" target=\"_blank\" rel=\"noopener noreferrer\">TALLERES COMPETENCIA DIGITAL ALUMNADO 1\u00ba CICLO<\/a><\/span><\/li>\n<\/ul>\n<p><a href=\"https:\/\/photos.app.goo.gl\/aQvRr1z8GuKTb33N9\" target=\"_blank\" rel=\"noopener noreferrer\"><img loading=\"lazy\" decoding=\"async\" class=\"alignleft wp-image-5127 size-medium\" src=\"https:\/\/blogsaverroes.juntadeandalucia.es\/directormanuelsomoza\/files\/2023\/02\/7b9331cd-9f29-444e-8d85-77b73db5fe52-300x225.jpg\" alt=\"\" width=\"300\" height=\"225\" srcset=\"https:\/\/blogsaverroes.juntadeandalucia.es\/directormanuelsomoza\/files\/2023\/02\/7b9331cd-9f29-444e-8d85-77b73db5fe52-300x225.jpg 300w, https:\/\/blogsaverroes.juntadeandalucia.es\/directormanuelsomoza\/files\/2023\/02\/7b9331cd-9f29-444e-8d85-77b73db5fe52-1024x768.jpg 1024w, https:\/\/blogsaverroes.juntadeandalucia.es\/directormanuelsomoza\/files\/2023\/02\/7b9331cd-9f29-444e-8d85-77b73db5fe52-768x576.jpg 768w, https:\/\/blogsaverroes.juntadeandalucia.es\/directormanuelsomoza\/files\/2023\/02\/7b9331cd-9f29-444e-8d85-77b73db5fe52-1536x1152.jpg 1536w, https:\/\/blogsaverroes.juntadeandalucia.es\/directormanuelsomoza\/files\/2023\/02\/7b9331cd-9f29-444e-8d85-77b73db5fe52-700x525.jpg 700w, https:\/\/blogsaverroes.juntadeandalucia.es\/directormanuelsomoza\/files\/2023\/02\/7b9331cd-9f29-444e-8d85-77b73db5fe52.jpg 1600w\" sizes=\"(max-width: 300px) 100vw, 300px\" \/><\/a><\/p>\n<p>&nbsp;<\/p>\n<p>&nbsp;<\/p>\n<p>&nbsp;<\/p>\n<p>&nbsp;<\/p>\n<p>&nbsp;<\/p>\n<p>&nbsp;<\/p>\n<p>&nbsp;<\/p>\n<div class=\"cuerpoSeccionForm-SNC\">\n<div class=\"row fila-SNC\">\n<div class=\"celda-SNC col-lg-5 celda_LINEA1_1\">\n<div class=\"form-group\">\n<ul>\n<li><span style=\"font-family: 'comic sans ms', sans-serif;font-size: 12pt\"><a href=\"https:\/\/photos.google.com\/album\/AF1QipPeC4HOeFkAEoynmq4jIVbcx2fdg41gIDF9ZyfW\" target=\"_blank\" rel=\"noopener noreferrer\">TALLERES CON FAMILIAS PROA + TRANSF\u00d3RMATE<\/a><\/span>\n<ul>\n<li><span style=\"font-family: 'comic sans ms', sans-serif;font-size: 12pt\">ACOSO Y CIBERACOSO.<\/span><\/li>\n<li><span style=\"font-family: 'comic sans ms', sans-serif;font-size: 12pt\">ADICCIONES.<\/span><\/li>\n<li><span style=\"font-family: 'comic sans ms', sans-serif;font-size: 12pt\">L\u00cdMITES Y NORMAS. DISCIPLINA POSITIVA.<\/span><\/li>\n<li><span style=\"font-family: 'comic sans ms', sans-serif;font-size: 12pt\">AUTISMO<\/span><\/li>\n<li><span style=\"font-family: 'comic sans ms', sans-serif;font-size: 12pt\">COMPETENCIA DIGITAL Y HERRAMIENTAS GOOGLE.<\/span><\/li>\n<\/ul>\n<\/li>\n<\/ul>\n<\/div>\n\n\t\t<style>\n\t\t\t#gallery-1 {\n\t\t\t\tmargin: auto;\n\t\t\t}\n\t\t\t#gallery-1 .gallery-item {\n\t\t\t\tfloat: left;\n\t\t\t\tmargin-top: 10px;\n\t\t\t\ttext-align: center;\n\t\t\t\twidth: 33%;\n\t\t\t}\n\t\t\t#gallery-1 img {\n\t\t\t\tborder: 2px solid #cfcfcf;\n\t\t\t}\n\t\t\t#gallery-1 .gallery-caption {\n\t\t\t\tmargin-left: 0;\n\t\t\t}\n\t\t\t\/* see gallery_shortcode() in wp-includes\/media.php *\/\n\t\t<\/style>\n\t\t<div id='gallery-1' class='gallery galleryid-5093 gallery-columns-3 gallery-size-thumbnail'><dl class='gallery-item'>\n\t\t\t<dt class='gallery-icon portrait'>\n\t\t\t\t<a href='https:\/\/blogsaverroes.juntadeandalucia.es\/directormanuelsomoza\/talleres-y-actuaciones-proa-transformate\/img_1977\/'><img loading=\"lazy\" decoding=\"async\" width=\"150\" height=\"150\" src=\"https:\/\/blogsaverroes.juntadeandalucia.es\/directormanuelsomoza\/files\/2023\/01\/IMG_1977-150x150.jpg\" class=\"attachment-thumbnail size-thumbnail\" alt=\"\" srcset=\"https:\/\/blogsaverroes.juntadeandalucia.es\/directormanuelsomoza\/files\/2023\/01\/IMG_1977-150x150.jpg 150w, https:\/\/blogsaverroes.juntadeandalucia.es\/directormanuelsomoza\/files\/2023\/01\/IMG_1977-432x432.jpg 432w, https:\/\/blogsaverroes.juntadeandalucia.es\/directormanuelsomoza\/files\/2023\/01\/IMG_1977-268x268.jpg 268w\" sizes=\"(max-width: 150px) 100vw, 150px\" \/><\/a>\n\t\t\t<\/dt><\/dl><dl class='gallery-item'>\n\t\t\t<dt class='gallery-icon portrait'>\n\t\t\t\t<a href='https:\/\/blogsaverroes.juntadeandalucia.es\/directormanuelsomoza\/talleres-y-actuaciones-proa-transformate\/img_1976\/'><img loading=\"lazy\" decoding=\"async\" width=\"150\" height=\"150\" src=\"https:\/\/blogsaverroes.juntadeandalucia.es\/directormanuelsomoza\/files\/2023\/01\/IMG_1976-150x150.jpg\" class=\"attachment-thumbnail size-thumbnail\" alt=\"\" srcset=\"https:\/\/blogsaverroes.juntadeandalucia.es\/directormanuelsomoza\/files\/2023\/01\/IMG_1976-150x150.jpg 150w, https:\/\/blogsaverroes.juntadeandalucia.es\/directormanuelsomoza\/files\/2023\/01\/IMG_1976-432x432.jpg 432w, https:\/\/blogsaverroes.juntadeandalucia.es\/directormanuelsomoza\/files\/2023\/01\/IMG_1976-268x268.jpg 268w\" sizes=\"(max-width: 150px) 100vw, 150px\" \/><\/a>\n\t\t\t<\/dt><\/dl><dl class='gallery-item'>\n\t\t\t<dt class='gallery-icon portrait'>\n\t\t\t\t<a href='https:\/\/blogsaverroes.juntadeandalucia.es\/directormanuelsomoza\/talleres-y-actuaciones-proa-transformate\/2a3564ed-ce52-43c4-b6d8-8785cb8e2c70\/'><img loading=\"lazy\" decoding=\"async\" width=\"150\" height=\"150\" src=\"https:\/\/blogsaverroes.juntadeandalucia.es\/directormanuelsomoza\/files\/2023\/01\/2a3564ed-ce52-43c4-b6d8-8785cb8e2c70-150x150.jpg\" class=\"attachment-thumbnail size-thumbnail\" alt=\"\" srcset=\"https:\/\/blogsaverroes.juntadeandalucia.es\/directormanuelsomoza\/files\/2023\/01\/2a3564ed-ce52-43c4-b6d8-8785cb8e2c70-150x150.jpg 150w, https:\/\/blogsaverroes.juntadeandalucia.es\/directormanuelsomoza\/files\/2023\/01\/2a3564ed-ce52-43c4-b6d8-8785cb8e2c70-432x432.jpg 432w, https:\/\/blogsaverroes.juntadeandalucia.es\/directormanuelsomoza\/files\/2023\/01\/2a3564ed-ce52-43c4-b6d8-8785cb8e2c70-268x268.jpg 268w\" sizes=\"(max-width: 150px) 100vw, 150px\" \/><\/a>\n\t\t\t<\/dt><\/dl><br style=\"clear: both\" \/><dl class='gallery-item'>\n\t\t\t<dt class='gallery-icon portrait'>\n\t\t\t\t<a href='https:\/\/blogsaverroes.juntadeandalucia.es\/directormanuelsomoza\/talleres-y-actuaciones-proa-transformate\/09474d39-9238-4f30-95af-34cc14204253\/'><img loading=\"lazy\" decoding=\"async\" width=\"150\" height=\"150\" src=\"https:\/\/blogsaverroes.juntadeandalucia.es\/directormanuelsomoza\/files\/2023\/01\/09474d39-9238-4f30-95af-34cc14204253-150x150.jpg\" class=\"attachment-thumbnail size-thumbnail\" alt=\"\" srcset=\"https:\/\/blogsaverroes.juntadeandalucia.es\/directormanuelsomoza\/files\/2023\/01\/09474d39-9238-4f30-95af-34cc14204253-150x150.jpg 150w, https:\/\/blogsaverroes.juntadeandalucia.es\/directormanuelsomoza\/files\/2023\/01\/09474d39-9238-4f30-95af-34cc14204253-432x432.jpg 432w, https:\/\/blogsaverroes.juntadeandalucia.es\/directormanuelsomoza\/files\/2023\/01\/09474d39-9238-4f30-95af-34cc14204253-268x268.jpg 268w\" sizes=\"(max-width: 150px) 100vw, 150px\" \/><\/a>\n\t\t\t<\/dt><\/dl><dl class='gallery-item'>\n\t\t\t<dt class='gallery-icon portrait'>\n\t\t\t\t<a href='https:\/\/blogsaverroes.juntadeandalucia.es\/directormanuelsomoza\/talleres-y-actuaciones-proa-transformate\/a0b9a2aa-daf5-42c0-85dd-79651f2436dc\/'><img loading=\"lazy\" decoding=\"async\" width=\"150\" height=\"150\" src=\"https:\/\/blogsaverroes.juntadeandalucia.es\/directormanuelsomoza\/files\/2023\/01\/a0b9a2aa-daf5-42c0-85dd-79651f2436dc-150x150.jpg\" class=\"attachment-thumbnail size-thumbnail\" alt=\"\" srcset=\"https:\/\/blogsaverroes.juntadeandalucia.es\/directormanuelsomoza\/files\/2023\/01\/a0b9a2aa-daf5-42c0-85dd-79651f2436dc-150x150.jpg 150w, https:\/\/blogsaverroes.juntadeandalucia.es\/directormanuelsomoza\/files\/2023\/01\/a0b9a2aa-daf5-42c0-85dd-79651f2436dc-432x432.jpg 432w, https:\/\/blogsaverroes.juntadeandalucia.es\/directormanuelsomoza\/files\/2023\/01\/a0b9a2aa-daf5-42c0-85dd-79651f2436dc-268x268.jpg 268w\" sizes=\"(max-width: 150px) 100vw, 150px\" \/><\/a>\n\t\t\t<\/dt><\/dl><dl class='gallery-item'>\n\t\t\t<dt class='gallery-icon portrait'>\n\t\t\t\t<a href='https:\/\/blogsaverroes.juntadeandalucia.es\/directormanuelsomoza\/talleres-y-actuaciones-proa-transformate\/51ae6b81-2f2f-4e34-acb3-119276146a61\/'><img loading=\"lazy\" decoding=\"async\" width=\"150\" height=\"150\" src=\"https:\/\/blogsaverroes.juntadeandalucia.es\/directormanuelsomoza\/files\/2023\/02\/51ae6b81-2f2f-4e34-acb3-119276146a61-150x150.jpg\" class=\"attachment-thumbnail size-thumbnail\" alt=\"\" srcset=\"https:\/\/blogsaverroes.juntadeandalucia.es\/directormanuelsomoza\/files\/2023\/02\/51ae6b81-2f2f-4e34-acb3-119276146a61-150x150.jpg 150w, https:\/\/blogsaverroes.juntadeandalucia.es\/directormanuelsomoza\/files\/2023\/02\/51ae6b81-2f2f-4e34-acb3-119276146a61-432x432.jpg 432w, https:\/\/blogsaverroes.juntadeandalucia.es\/directormanuelsomoza\/files\/2023\/02\/51ae6b81-2f2f-4e34-acb3-119276146a61-268x268.jpg 268w\" sizes=\"(max-width: 150px) 100vw, 150px\" \/><\/a>\n\t\t\t<\/dt><\/dl><br style=\"clear: both\" \/>\n\t\t<\/div>\n\n<div class=\"form-group\">\n<ul>\n<li><a href=\"https:\/\/photos.google.com\/share\/AF1QipPdb9kq-tfFiwcG0KgTQ9JZF48MSit4MXtGKklMduSzC0vulbi48RNnPsuvIyLkaQ?key=YjhWV2FpbEVwbWRqQnNxSEpQdUtUUzVKSkJXVm9R\" target=\"_blank\" rel=\"noopener noreferrer\"><span style=\"font-family: 'comic sans ms', sans-serif;font-size: 12pt\">TALLERES ANIMACI\u00d3N-FOMENTO LECTOR<\/span><\/a><\/li>\n<\/ul>\n<p>&nbsp;<\/p>\n<\/div>\n<\/div>\n<\/div>\n<\/div>\n","protected":false},"excerpt":{"rendered":"<p>En esta p\u00e1gina, quedan recogidas las actuaciones llevadas a cabo dentro del PROGRAMA PROA + TRANSF\u00d3RMATE, en las l\u00edneas de actuaci\u00f3n&nbsp; CURSO 2023\/2024 Nuestro centro se ha marcado como L\u00cdNEAS ESTRAT\u00c9GICAS para el curso&#46;&#46;&#46;<\/p>\n","protected":false},"author":1958,"featured_media":5090,"parent":0,"menu_order":0,"comment_status":"closed","ping_status":"closed","template":"","meta":{"ngg_post_thumbnail":0,"footnotes":"","_mc_calendar":[]},"aioseo_notices":[],"_links":{"self":[{"href":"https:\/\/blogsaverroes.juntadeandalucia.es\/directormanuelsomoza\/wp-json\/wp\/v2\/pages\/5093"}],"collection":[{"href":"https:\/\/blogsaverroes.juntadeandalucia.es\/directormanuelsomoza\/wp-json\/wp\/v2\/pages"}],"about":[{"href":"https:\/\/blogsaverroes.juntadeandalucia.es\/directormanuelsomoza\/wp-json\/wp\/v2\/types\/page"}],"author":[{"embeddable":true,"href":"https:\/\/blogsaverroes.juntadeandalucia.es\/directormanuelsomoza\/wp-json\/wp\/v2\/users\/1958"}],"replies":[{"embeddable":true,"href":"https:\/\/blogsaverroes.juntadeandalucia.es\/directormanuelsomoza\/wp-json\/wp\/v2\/comments?post=5093"}],"version-history":[{"count":10,"href":"https:\/\/blogsaverroes.juntadeandalucia.es\/directormanuelsomoza\/wp-json\/wp\/v2\/pages\/5093\/revisions"}],"predecessor-version":[{"id":5819,"href":"https:\/\/blogsaverroes.juntadeandalucia.es\/directormanuelsomoza\/wp-json\/wp\/v2\/pages\/5093\/revisions\/5819"}],"wp:featuredmedia":[{"embeddable":true,"href":"https:\/\/blogsaverroes.juntadeandalucia.es\/directormanuelsomoza\/wp-json\/wp\/v2\/media\/5090"}],"wp:attachment":[{"href":"https:\/\/blogsaverroes.juntadeandalucia.es\/directormanuelsomoza\/wp-json\/wp\/v2\/media?parent=5093"}],"curies":[{"name":"wp","href":"https:\/\/api.w.org\/{rel}","templated":true}]}}