{"id":35,"date":"2020-01-09T12:42:54","date_gmt":"2020-01-09T11:42:54","guid":{"rendered":"http:\/\/blogsaverroes.juntadeandalucia.es\/pre\/nuevoceip2v2\/?page_id=35"},"modified":"2023-04-16T21:01:44","modified_gmt":"2023-04-16T20:01:44","slug":"personal-administrativo","status":"publish","type":"page","link":"https:\/\/blogsaverroes.juntadeandalucia.es\/doctorgalvezmoll\/personal-administrativo\/","title":{"rendered":"Personal administrativo"},"content":{"rendered":"<p>&nbsp;<\/p>\n<!--themify_builder_content-->\n<div id=\"themify_builder_content-35\" data-postid=\"35\" class=\"themify_builder_content themify_builder_content-35 themify_builder tf_clear\">\n                    <div  data-lazy=\"1\" class=\"module_row themify_builder_row tb_0sqb895 tb_first tf_w\">\n                        <div class=\"row_inner col_align_top tb_col_count_1 tf_box tf_rel\">\n                        <div  data-lazy=\"1\" class=\"module_column tb-column col-full tb_w42q895 first\">\n                            <div  data-lazy=\"1\" class=\"module_subrow themify_builder_sub_row tf_w col_align_top tb_col_count_1 tb_ap5o895\">\n                <div  data-lazy=\"1\" class=\"module_column sub_column col-full tb_e34k896 first\">\n                    <!-- module fancy heading -->\n<div  class=\"module module-fancy-heading tb_hg9a896 \" data-lazy=\"1\">\n        <h1 class=\"fancy-heading tf_textc\">\n    <span class=\"main-head tf_block\">\n                                <\/span>\n\n    \n    <span class=\"sub-head tf_block tf_rel\">\n                    Personal de Administraci\u00f3n y Servicios            <\/span>\n    <\/h1>\n<\/div>\n<!-- \/module fancy heading -->\n        <\/div>\n                    <\/div>\n                <div  data-lazy=\"1\" class=\"module_subrow themify_builder_sub_row tf_w gutter-none col_align_top tb_col_count_3 tb_hlbt896\">\n                <div  data-lazy=\"1\" class=\"module_column sub_column col3-1 tb_gev3896 first\">\n                    <!-- module image -->\n<div  class=\"module module-image tb_1h33896 image-center drop-shadow circle  tf_mw\" data-lazy=\"1\">\n        <div class=\"image-wrap tf_rel tf_mw\">\n            <img loading=\"lazy\" decoding=\"async\" src=\"https:\/\/blogsaverroes.juntadeandalucia.es\/doctorgalvezmoll\/files\/2023\/04\/female_woman_user_people_avatar_white_tone_icon_159354-150x150.png\" width=\"150\" height=\"150\" class=\"wp-post-image wp-image-819\" title=\"M\u00aa Remedios C. C.\" alt=\"M\u00aa Remedios C. C.\" srcset=\"https:\/\/blogsaverroes.juntadeandalucia.es\/doctorgalvezmoll\/files\/2023\/04\/female_woman_user_people_avatar_white_tone_icon_159354-150x150.png 150w, https:\/\/blogsaverroes.juntadeandalucia.es\/doctorgalvezmoll\/files\/2023\/04\/female_woman_user_people_avatar_white_tone_icon_159354-300x300.png 300w, https:\/\/blogsaverroes.juntadeandalucia.es\/doctorgalvezmoll\/files\/2023\/04\/female_woman_user_people_avatar_white_tone_icon_159354.png 512w\" sizes=\"(max-width: 150px) 100vw, 150px\" \/>    \n        <\/div>\n    <!-- \/image-wrap -->\n    \n        <div class=\"image-content\">\n                    <h3 class=\"image-title\">\n                                    M\u00aa Remedios C. C.                            <\/h3>\n                    <\/div>\n    <!-- \/image-content -->\n        <\/div>\n<!-- \/module image --><!-- module text -->\n<div  class=\"module module-text tb_jxmn896   \" data-lazy=\"1\">\n        <div  class=\"tb_text_wrap\">\n        <p><strong>Monitora Escolar<\/strong><\/p>    <\/div>\n<\/div>\n<!-- \/module text -->        <\/div>\n                    <div  data-lazy=\"1\" class=\"module_column sub_column col3-1 tb_fsdh897\">\n                    <!-- module image -->\n<div  class=\"module module-image tb_st95897 image-center circle  tf_mw\" data-lazy=\"1\">\n        <div class=\"image-wrap tf_rel tf_mw\">\n            <img loading=\"lazy\" decoding=\"async\" src=\"https:\/\/blogsaverroes.juntadeandalucia.es\/doctorgalvezmoll\/files\/2023\/04\/female_woman_user_people_avatar_white_tone_icon_159354-150x150.png\" width=\"150\" height=\"150\" class=\"wp-post-image wp-image-819\" title=\"Maru P. C. \" alt=\"Maru P. C. \" srcset=\"https:\/\/blogsaverroes.juntadeandalucia.es\/doctorgalvezmoll\/files\/2023\/04\/female_woman_user_people_avatar_white_tone_icon_159354-150x150.png 150w, https:\/\/blogsaverroes.juntadeandalucia.es\/doctorgalvezmoll\/files\/2023\/04\/female_woman_user_people_avatar_white_tone_icon_159354-300x300.png 300w, https:\/\/blogsaverroes.juntadeandalucia.es\/doctorgalvezmoll\/files\/2023\/04\/female_woman_user_people_avatar_white_tone_icon_159354.png 512w\" sizes=\"(max-width: 150px) 100vw, 150px\" \/>    \n        <\/div>\n    <!-- \/image-wrap -->\n    \n        <div class=\"image-content\">\n                    <h3 class=\"image-title\">\n                                    Maru P. C.                             <\/h3>\n                    <\/div>\n    <!-- \/image-content -->\n        <\/div>\n<!-- \/module image --><!-- module text -->\n<div  class=\"module module-text tb_6hd6897   \" data-lazy=\"1\">\n        <div  class=\"tb_text_wrap\">\n        <p><strong>Monitoras de actividades complementarias<\/strong><\/p>    <\/div>\n<\/div>\n<!-- \/module text -->        <\/div>\n                    <div  data-lazy=\"1\" class=\"module_column sub_column col3-1 tb_nek5897 last\">\n                    <!-- module image -->\n<div  class=\"module module-image tb_ftp3897 image-center circle  tf_mw\" data-lazy=\"1\">\n        <div class=\"image-wrap tf_rel tf_mw\">\n            <img loading=\"lazy\" decoding=\"async\" src=\"https:\/\/blogsaverroes.juntadeandalucia.es\/doctorgalvezmoll\/files\/2023\/04\/female_woman_user_people_avatar_white_tone_icon_159354-150x150.png\" width=\"150\" height=\"150\" class=\"wp-post-image wp-image-819\" title=\"Maite V.A.\" alt=\"Maite V.A.\" srcset=\"https:\/\/blogsaverroes.juntadeandalucia.es\/doctorgalvezmoll\/files\/2023\/04\/female_woman_user_people_avatar_white_tone_icon_159354-150x150.png 150w, https:\/\/blogsaverroes.juntadeandalucia.es\/doctorgalvezmoll\/files\/2023\/04\/female_woman_user_people_avatar_white_tone_icon_159354-300x300.png 300w, https:\/\/blogsaverroes.juntadeandalucia.es\/doctorgalvezmoll\/files\/2023\/04\/female_woman_user_people_avatar_white_tone_icon_159354.png 512w\" sizes=\"(max-width: 150px) 100vw, 150px\" \/>    \n        <\/div>\n    <!-- \/image-wrap -->\n    \n        <div class=\"image-content\">\n                    <h3 class=\"image-title\">\n                                    Maite V.A.                            <\/h3>\n                    <\/div>\n    <!-- \/image-content -->\n        <\/div>\n<!-- \/module image --><!-- module text -->\n<div  class=\"module module-text tb_n18m897   \" data-lazy=\"1\">\n        <div  class=\"tb_text_wrap\">\n        <p><strong>Monitoras de actividades complementarias<\/strong><\/p>    <\/div>\n<\/div>\n<!-- \/module text -->        <\/div>\n                    <\/div>\n                <div  data-lazy=\"1\" class=\"module_subrow themify_builder_sub_row tf_w gutter-none col_align_top tb_col_count_3 tb_ai4a897\">\n                <div  data-lazy=\"1\" class=\"module_column sub_column col3-1 tb_28m2897 first\">\n                    <!-- module image -->\n<div  class=\"module module-image tb_7g64897 image-center drop-shadow circle  tf_mw\" data-lazy=\"1\">\n        <div class=\"image-wrap tf_rel tf_mw\">\n            <img loading=\"lazy\" decoding=\"async\" src=\"https:\/\/blogsaverroes.juntadeandalucia.es\/doctorgalvezmoll\/files\/2023\/04\/female_woman_user_people_avatar_white_tone_icon_159354-150x150.png\" width=\"150\" height=\"150\" class=\"wp-post-image wp-image-819\" title=\"Francisca G. C.\" alt=\"Francisca G. C.\" srcset=\"https:\/\/blogsaverroes.juntadeandalucia.es\/doctorgalvezmoll\/files\/2023\/04\/female_woman_user_people_avatar_white_tone_icon_159354-150x150.png 150w, https:\/\/blogsaverroes.juntadeandalucia.es\/doctorgalvezmoll\/files\/2023\/04\/female_woman_user_people_avatar_white_tone_icon_159354-300x300.png 300w, https:\/\/blogsaverroes.juntadeandalucia.es\/doctorgalvezmoll\/files\/2023\/04\/female_woman_user_people_avatar_white_tone_icon_159354.png 512w\" sizes=\"(max-width: 150px) 100vw, 150px\" \/>    \n        <\/div>\n    <!-- \/image-wrap -->\n    \n        <div class=\"image-content\">\n                    <h3 class=\"image-title\">\n                                    Francisca G. C.                            <\/h3>\n                    <\/div>\n    <!-- \/image-content -->\n        <\/div>\n<!-- \/module image --><!-- module text -->\n<div  class=\"module module-text tb_io5x898   \" data-lazy=\"1\">\n        <div  class=\"tb_text_wrap\">\n        <p><strong>Cocinera<\/strong><\/p>    <\/div>\n<\/div>\n<!-- \/module text -->        <\/div>\n                    <div  data-lazy=\"1\" class=\"module_column sub_column col3-1 tb_muqu898\">\n                    <!-- module image -->\n<div  class=\"module module-image tb_kq79898 image-center circle  tf_mw\" data-lazy=\"1\">\n        <div class=\"image-wrap tf_rel tf_mw\">\n            <img loading=\"lazy\" decoding=\"async\" src=\"https:\/\/blogsaverroes.juntadeandalucia.es\/doctorgalvezmoll\/files\/2023\/04\/male_people_avatar_man_boy_curly_hair_icon_159362-150x150.png\" width=\"150\" height=\"150\" class=\"wp-post-image wp-image-820\" title=\" Salvador G. A.\" alt=\" Salvador G. A.\" srcset=\"https:\/\/blogsaverroes.juntadeandalucia.es\/doctorgalvezmoll\/files\/2023\/04\/male_people_avatar_man_boy_curly_hair_icon_159362-150x150.png 150w, https:\/\/blogsaverroes.juntadeandalucia.es\/doctorgalvezmoll\/files\/2023\/04\/male_people_avatar_man_boy_curly_hair_icon_159362-300x300.png 300w, https:\/\/blogsaverroes.juntadeandalucia.es\/doctorgalvezmoll\/files\/2023\/04\/male_people_avatar_man_boy_curly_hair_icon_159362.png 512w\" sizes=\"(max-width: 150px) 100vw, 150px\" \/>    \n        <\/div>\n    <!-- \/image-wrap -->\n    \n        <div class=\"image-content\">\n                    <h3 class=\"image-title\">\n                                     Salvador G. A.                            <\/h3>\n                    <\/div>\n    <!-- \/image-content -->\n        <\/div>\n<!-- \/module image --><!-- module text -->\n<div  class=\"module module-text tb_ak05898   \" data-lazy=\"1\">\n        <div  class=\"tb_text_wrap\">\n        <p><strong>Ayudantes de Cocina<\/strong><\/p>    <\/div>\n<\/div>\n<!-- \/module text -->        <\/div>\n                    <div  data-lazy=\"1\" class=\"module_column sub_column col3-1 tb_4t1e898 last\">\n                    <!-- module image -->\n<div  class=\"module module-image tb_xwaw898 image-center circle  tf_mw\" data-lazy=\"1\">\n        <div class=\"image-wrap tf_rel tf_mw\">\n            <img loading=\"lazy\" decoding=\"async\" src=\"https:\/\/blogsaverroes.juntadeandalucia.es\/doctorgalvezmoll\/files\/2023\/04\/female_woman_user_people_avatar_white_tone_icon_159354-150x150.png\" width=\"150\" height=\"150\" class=\"wp-post-image wp-image-819\" title=\"Paulina I. G.\" alt=\"Paulina I. G.\" srcset=\"https:\/\/blogsaverroes.juntadeandalucia.es\/doctorgalvezmoll\/files\/2023\/04\/female_woman_user_people_avatar_white_tone_icon_159354-150x150.png 150w, https:\/\/blogsaverroes.juntadeandalucia.es\/doctorgalvezmoll\/files\/2023\/04\/female_woman_user_people_avatar_white_tone_icon_159354-300x300.png 300w, https:\/\/blogsaverroes.juntadeandalucia.es\/doctorgalvezmoll\/files\/2023\/04\/female_woman_user_people_avatar_white_tone_icon_159354.png 512w\" sizes=\"(max-width: 150px) 100vw, 150px\" \/>    \n        <\/div>\n    <!-- \/image-wrap -->\n    \n        <div class=\"image-content\">\n                    <h3 class=\"image-title\">\n                                    Paulina I. G.                            <\/h3>\n                    <\/div>\n    <!-- \/image-content -->\n        <\/div>\n<!-- \/module image --><!-- module text -->\n<div  class=\"module module-text tb_tuzi898   \" data-lazy=\"1\">\n        <div  class=\"tb_text_wrap\">\n        <p><strong>Ayudantes de Cocina<\/strong><\/p>    <\/div>\n<\/div>\n<!-- \/module text -->        <\/div>\n                    <\/div>\n                <div  data-lazy=\"1\" class=\"module_subrow themify_builder_sub_row tf_w gutter-none col_align_top tb_col_count_3 tb_3qmv898\">\n                <div  data-lazy=\"1\" class=\"module_column sub_column col3-1 tb_zry0898 first\">\n                    <!-- module image -->\n<div  class=\"module module-image tb_8qge898 image-center drop-shadow circle  tf_mw\" data-lazy=\"1\">\n        <div class=\"image-wrap tf_rel tf_mw\">\n            <img loading=\"lazy\" decoding=\"async\" src=\"https:\/\/blogsaverroes.juntadeandalucia.es\/doctorgalvezmoll\/files\/2023\/04\/female_woman_user_people_avatar_white_tone_icon_159354-150x150.png\" width=\"150\" height=\"150\" class=\"wp-post-image wp-image-819\" title=\"Ana G. M.\" alt=\"Ana G. M.\" srcset=\"https:\/\/blogsaverroes.juntadeandalucia.es\/doctorgalvezmoll\/files\/2023\/04\/female_woman_user_people_avatar_white_tone_icon_159354-150x150.png 150w, https:\/\/blogsaverroes.juntadeandalucia.es\/doctorgalvezmoll\/files\/2023\/04\/female_woman_user_people_avatar_white_tone_icon_159354-300x300.png 300w, https:\/\/blogsaverroes.juntadeandalucia.es\/doctorgalvezmoll\/files\/2023\/04\/female_woman_user_people_avatar_white_tone_icon_159354.png 512w\" sizes=\"(max-width: 150px) 100vw, 150px\" \/>    \n        <\/div>\n    <!-- \/image-wrap -->\n    \n        <div class=\"image-content\">\n                    <h3 class=\"image-title\">\n                                    Ana G. M.                            <\/h3>\n                    <\/div>\n    <!-- \/image-content -->\n        <\/div>\n<!-- \/module image --><!-- module text -->\n<div  class=\"module module-text tb_qqqn899   \" data-lazy=\"1\">\n        <div  class=\"tb_text_wrap\">\n        <p><strong>Limpieza<\/strong><\/p>    <\/div>\n<\/div>\n<!-- \/module text -->        <\/div>\n                    <div  data-lazy=\"1\" class=\"module_column sub_column col3-1 tb_ul4b899\">\n                    <!-- module image -->\n<div  class=\"module module-image tb_248r899 image-center circle  tf_mw\" data-lazy=\"1\">\n        <div class=\"image-wrap tf_rel tf_mw\">\n            <img loading=\"lazy\" decoding=\"async\" src=\"https:\/\/blogsaverroes.juntadeandalucia.es\/doctorgalvezmoll\/files\/2023\/04\/male_people_avatar_man_boy_curly_hair_icon_159362-150x150.png\" width=\"150\" height=\"150\" class=\"wp-post-image wp-image-820\" title=\"Juan Manuel M. J\" alt=\"Juan Manuel M. J\" srcset=\"https:\/\/blogsaverroes.juntadeandalucia.es\/doctorgalvezmoll\/files\/2023\/04\/male_people_avatar_man_boy_curly_hair_icon_159362-150x150.png 150w, https:\/\/blogsaverroes.juntadeandalucia.es\/doctorgalvezmoll\/files\/2023\/04\/male_people_avatar_man_boy_curly_hair_icon_159362-300x300.png 300w, https:\/\/blogsaverroes.juntadeandalucia.es\/doctorgalvezmoll\/files\/2023\/04\/male_people_avatar_man_boy_curly_hair_icon_159362.png 512w\" sizes=\"(max-width: 150px) 100vw, 150px\" \/>    \n        <\/div>\n    <!-- \/image-wrap -->\n    \n        <div class=\"image-content\">\n                    <h3 class=\"image-title\">\n                                    Juan Manuel M. J                            <\/h3>\n                    <\/div>\n    <!-- \/image-content -->\n        <\/div>\n<!-- \/module image --><!-- module text -->\n<div  class=\"module module-text tb_adi2899   \" data-lazy=\"1\">\n        <div  class=\"tb_text_wrap\">\n        <p><strong>Limpieza<\/strong><\/p>    <\/div>\n<\/div>\n<!-- \/module text -->        <\/div>\n                    <div  data-lazy=\"1\" class=\"module_column sub_column col3-1 tb_ui5a899 last\">\n                    <!-- module image -->\n<div  class=\"module module-image tb_ca2l899 image-center circle  tf_mw\" data-lazy=\"1\">\n        <div class=\"image-wrap tf_rel tf_mw\">\n            <img loading=\"lazy\" decoding=\"async\" src=\"https:\/\/blogsaverroes.juntadeandalucia.es\/doctorgalvezmoll\/files\/2023\/04\/male_people_avatar_man_boy_curly_hair_icon_159362-150x150.png\" width=\"150\" height=\"150\" class=\"wp-post-image wp-image-820\" title=\" Juan Manuel P. S.\" alt=\" Juan Manuel P. S.\" srcset=\"https:\/\/blogsaverroes.juntadeandalucia.es\/doctorgalvezmoll\/files\/2023\/04\/male_people_avatar_man_boy_curly_hair_icon_159362-150x150.png 150w, https:\/\/blogsaverroes.juntadeandalucia.es\/doctorgalvezmoll\/files\/2023\/04\/male_people_avatar_man_boy_curly_hair_icon_159362-300x300.png 300w, https:\/\/blogsaverroes.juntadeandalucia.es\/doctorgalvezmoll\/files\/2023\/04\/male_people_avatar_man_boy_curly_hair_icon_159362.png 512w\" sizes=\"(max-width: 150px) 100vw, 150px\" \/>    \n        <\/div>\n    <!-- \/image-wrap -->\n    \n        <div class=\"image-content\">\n                    <h3 class=\"image-title\">\n                                     Juan Manuel P. S.                            <\/h3>\n                    <\/div>\n    <!-- \/image-content -->\n        <\/div>\n<!-- \/module image --><!-- module text -->\n<div  class=\"module module-text tb_v4bm899   \" data-lazy=\"1\">\n        <div  class=\"tb_text_wrap\">\n        <p><strong>Conserje<\/strong><\/p>    <\/div>\n<\/div>\n<!-- \/module text -->        <\/div>\n                    <\/div>\n                <\/div>\n                        <\/div>\n        <\/div>\n                        <div  data-lazy=\"1\" class=\"module_row themify_builder_row tb_u1y5895 tf_w\">\n                        <div class=\"row_inner col_align_top tb_col_count_1 tf_box tf_rel\">\n                        <div  data-lazy=\"1\" class=\"module_column tb-column col-full tb_es14906 first\">\n                    <!-- module text -->\n<div  class=\"module module-text tb_lfwg906  repeat \" data-lazy=\"1\">\n        <div  class=\"tb_text_wrap\">\n        <h2>\u00daltimas publicaciones<\/h2>    <\/div>\n<\/div>\n<!-- \/module text --><!-- module post -->\n<div  class=\"module module-post tb_4rml906 \">\n    <div  class=\"builder-posts-wrap loops-wrapper grid4 masonry boxed tf_rel tf_clear tf_clearfix\" data-lazy=\"1\">\n    <article id=\"post-1078\" class=\"post tf_clearfix post-1078 type-post status-publish format-standard has-post-thumbnail hentry category-igualdad-de-genero category-sin-categoria has-post-title has-post-date has-post-category has-post-tag has-post-comment has-post-author \">\n\t    \n\t                <figure class=\"post-image tf_clearfix\">\n                                                            <a href=\"https:\/\/blogsaverroes.juntadeandalucia.es\/doctorgalvezmoll\/gran-mural-contra-la-violencia-de-genero-pacto-de-estado\/\">\n                                        <img loading=\"lazy\" decoding=\"async\" src=\"https:\/\/blogsaverroes.juntadeandalucia.es\/doctorgalvezmoll\/files\/2023\/04\/12-scaled-1-1024x683-360x360.jpg\" width=\"360\" height=\"360\" class=\"wp-post-image wp-image-982\" title=\"12-scaled\" alt=\"12-scaled\" srcset=\"https:\/\/blogsaverroes.juntadeandalucia.es\/doctorgalvezmoll\/files\/2023\/04\/12-scaled-1-1024x683-360x360.jpg 360w, https:\/\/blogsaverroes.juntadeandalucia.es\/doctorgalvezmoll\/files\/2023\/04\/12-scaled-1-150x150.jpg 150w\" sizes=\"(max-width: 360px) 100vw, 360px\" \/>                                                                    <\/a>\n                                                                <\/figure>\n                    \t<div class=\"post-content\">\n\t\t<div class=\"post-content-inner\">\n\n\t\t\t\t\t\t\t\t<div class=\"post-date-wrap post-date-inline\">\n\t\t<time class=\"post-date entry-date updated\" datetime=\"2023-04-16\">\n\t\t\t\t\t<span class=\"year\">16 abril, 2023<\/span>\n\t\t\t\t<\/time>\n\t<\/div><!-- .post-date-wrap -->\n\t\t\t\t\n\t\t\t<h2 class=\"post-title entry-title\"><a href=\"https:\/\/blogsaverroes.juntadeandalucia.es\/doctorgalvezmoll\/gran-mural-contra-la-violencia-de-genero-pacto-de-estado\/\">Gran mural contra la Violencia de G\u00e9nero. \u00abPACTO DE ESTADO\u00bb<\/a><\/h2>\n\t\t\t\n\t\t\t\n\t\t\t        <div class=\"entry-content\">\n\n        \n            <p>El colegio estrena mural contra la Violencia de G\u00e9nero gracias a los fondos obtenidos por el Pacto de Estado. La iniciativa persigue, adem\u00e1s de mejorar las fachadas del centro ,mostrar a nuestro alumnado a trav\u00e9s de sus colores, se\u00f1a de identidad de nuestro colegio. \u00a1Esperemos que os guste!<\/p>\n\n                \n            \n        <\/div><!-- \/.entry-content -->\n        \n\t\t<\/div>\n\t\t<!-- \/.post-content-inner -->\n\t<\/div>\n\t<!-- \/.post-content -->\n\t\n<\/article>\n<!-- \/.post -->\n<article id=\"post-1074\" class=\"post tf_clearfix post-1074 type-post status-publish format-standard has-post-thumbnail hentry category-pueblo-gitano category-sin-categoria has-post-title has-post-date has-post-category has-post-tag has-post-comment has-post-author \">\n\t    \n\t                <figure class=\"post-image tf_clearfix\">\n                                                            <a href=\"https:\/\/blogsaverroes.juntadeandalucia.es\/doctorgalvezmoll\/8-de-abril-dia-internacional-del-pueblo-gitano\/\">\n                                        <img loading=\"lazy\" decoding=\"async\" src=\"https:\/\/blogsaverroes.juntadeandalucia.es\/doctorgalvezmoll\/files\/2023\/04\/EyXl4-aXAAA9aSY-1024x576-360x360.jpg\" width=\"360\" height=\"360\" class=\"wp-post-image wp-image-993\" title=\"EyXl4-aXAAA9aSY\" alt=\"EyXl4-aXAAA9aSY\" srcset=\"https:\/\/blogsaverroes.juntadeandalucia.es\/doctorgalvezmoll\/files\/2023\/04\/EyXl4-aXAAA9aSY-1024x576-360x360.jpg 360w, https:\/\/blogsaverroes.juntadeandalucia.es\/doctorgalvezmoll\/files\/2023\/04\/EyXl4-aXAAA9aSY-150x150.jpg 150w\" sizes=\"(max-width: 360px) 100vw, 360px\" \/>                                                                    <\/a>\n                                                                <\/figure>\n                    \t<div class=\"post-content\">\n\t\t<div class=\"post-content-inner\">\n\n\t\t\t\t\t\t\t\t<div class=\"post-date-wrap post-date-inline\">\n\t\t<time class=\"post-date entry-date updated\" datetime=\"2023-04-16\">\n\t\t\t\t\t<span class=\"year\">16 abril, 2023<\/span>\n\t\t\t\t<\/time>\n\t<\/div><!-- .post-date-wrap -->\n\t\t\t\t\n\t\t\t<h2 class=\"post-title entry-title\"><a href=\"https:\/\/blogsaverroes.juntadeandalucia.es\/doctorgalvezmoll\/8-de-abril-dia-internacional-del-pueblo-gitano\/\">8 DE ABRIL D\u00cdA INTERNACIONAL DEL PUEBLO GITANO<\/a><\/h2>\n\t\t\t\n\t\t\t\n\t\t\t        <div class=\"entry-content\">\n\n        \n            <p>Bandera del pueblo gitano La bandera gitana consta de dos franjas horizontales: de color azul, en la&nbsp;parte superior, que representa el cielo; y de color verde, en la parte inferior, que representa el campo. En el medio de las franjas se incluye la rueda de carro, que simboliza la libertad del pueblo gitano, repartido por [&hellip;]<\/p>\n\n                \n            \n        <\/div><!-- \/.entry-content -->\n        \n\t\t<\/div>\n\t\t<!-- \/.post-content-inner -->\n\t<\/div>\n\t<!-- \/.post-content -->\n\t\n<\/article>\n<!-- \/.post -->\n<article id=\"post-1072\" class=\"post tf_clearfix post-1072 type-post status-publish format-standard has-post-thumbnail hentry category-igualdad-de-genero category-sin-categoria has-post-title has-post-date has-post-category has-post-tag has-post-comment has-post-author \">\n\t    \n\t                <figure class=\"post-image tf_clearfix\">\n                                                            <a href=\"https:\/\/blogsaverroes.juntadeandalucia.es\/doctorgalvezmoll\/8m-dia-de-la-mujer\/\">\n                                        <img loading=\"lazy\" decoding=\"async\" src=\"https:\/\/blogsaverroes.juntadeandalucia.es\/doctorgalvezmoll\/files\/2023\/04\/GotW-Homepage-1-scaled-1-1024x683-360x360.jpg\" width=\"360\" height=\"360\" class=\"wp-post-image wp-image-987\" title=\"GotW-Homepage-1-scaled\" alt=\"GotW-Homepage-1-scaled\" srcset=\"https:\/\/blogsaverroes.juntadeandalucia.es\/doctorgalvezmoll\/files\/2023\/04\/GotW-Homepage-1-scaled-1-1024x683-360x360.jpg 360w, https:\/\/blogsaverroes.juntadeandalucia.es\/doctorgalvezmoll\/files\/2023\/04\/GotW-Homepage-1-scaled-1-150x150.jpg 150w\" sizes=\"(max-width: 360px) 100vw, 360px\" \/>                                                                    <\/a>\n                                                                <\/figure>\n                    \t<div class=\"post-content\">\n\t\t<div class=\"post-content-inner\">\n\n\t\t\t\t\t\t\t\t<div class=\"post-date-wrap post-date-inline\">\n\t\t<time class=\"post-date entry-date updated\" datetime=\"2023-04-16\">\n\t\t\t\t\t<span class=\"year\">16 abril, 2023<\/span>\n\t\t\t\t<\/time>\n\t<\/div><!-- .post-date-wrap -->\n\t\t\t\t\n\t\t\t<h2 class=\"post-title entry-title\"><a href=\"https:\/\/blogsaverroes.juntadeandalucia.es\/doctorgalvezmoll\/8m-dia-de-la-mujer\/\">8M D\u00cdA DE LA MUJER<\/a><\/h2>\n\t\t\t\n\t\t\t\n\t\t\t        <div class=\"entry-content\">\n\n        \n            <p>\u00a0 \u00a0\u00a0\u00a1LEV\u00c1NTATE Y LUCHA CONMIGO! \u00a0 Desde el Colegio Doctor G\u00e1lvez Moll queremos reivindicar los derechos de las mujeres bajo el lema \u00abAy mam\u00e1\u00bb de Rigoberta Bandini.\u00bbSin ellas no habr\u00eda humanidad ni habr\u00eda belleza\u00bb. Adem\u00e1s hemos representado el cuadro \u00abla libertad guiando al pueblo\u00bb de Delacroix entre todos. \u00a1Feliz d\u00eda de la\u00a0MUJER! \u00a0<\/p>\n\n                \n            \n        <\/div><!-- \/.entry-content -->\n        \n\t\t<\/div>\n\t\t<!-- \/.post-content-inner -->\n\t<\/div>\n\t<!-- \/.post-content -->\n\t\n<\/article>\n<!-- \/.post -->\n<article id=\"post-1067\" class=\"post tf_clearfix post-1067 type-post status-publish format-standard has-post-thumbnail hentry category-igualdad-de-genero category-sin-categoria has-post-title has-post-date has-post-category has-post-tag has-post-comment has-post-author \">\n\t    \n\t                <figure class=\"post-image tf_clearfix\">\n                                                            <a href=\"https:\/\/blogsaverroes.juntadeandalucia.es\/doctorgalvezmoll\/25-n-dia-contra-la-violencia-de-genero\/\">\n                                        <img loading=\"lazy\" decoding=\"async\" src=\"https:\/\/blogsaverroes.juntadeandalucia.es\/doctorgalvezmoll\/files\/2023\/04\/GotW-Homepage1212-1024x683-360x360.jpg\" width=\"360\" height=\"360\" class=\"wp-post-image wp-image-988\" title=\"GotW-Homepage1212\" alt=\"GotW-Homepage1212\" srcset=\"https:\/\/blogsaverroes.juntadeandalucia.es\/doctorgalvezmoll\/files\/2023\/04\/GotW-Homepage1212-1024x683-360x360.jpg 360w, https:\/\/blogsaverroes.juntadeandalucia.es\/doctorgalvezmoll\/files\/2023\/04\/GotW-Homepage1212-150x150.jpg 150w\" sizes=\"(max-width: 360px) 100vw, 360px\" \/>                                                                    <\/a>\n                                                                <\/figure>\n                    \t<div class=\"post-content\">\n\t\t<div class=\"post-content-inner\">\n\n\t\t\t\t\t\t\t\t<div class=\"post-date-wrap post-date-inline\">\n\t\t<time class=\"post-date entry-date updated\" datetime=\"2023-04-16\">\n\t\t\t\t\t<span class=\"year\">16 abril, 2023<\/span>\n\t\t\t\t<\/time>\n\t<\/div><!-- .post-date-wrap -->\n\t\t\t\t\n\t\t\t<h2 class=\"post-title entry-title\"><a href=\"https:\/\/blogsaverroes.juntadeandalucia.es\/doctorgalvezmoll\/25-n-dia-contra-la-violencia-de-genero\/\">25-N: D\u00eda contra la violencia de G\u00e9nero<\/a><\/h2>\n\t\t\t\n\t\t\t\n\t\t\t        <div class=\"entry-content\">\n\n        \n            <p>EL LATIDO DE LAS MARIPOSAS Desde el Colegio Doctor G\u00e1lvez Moll queremos sensibilizar a nuestros peque\u00f1os en la Igualdad , y por eso hoy 25 de noviembre, nuestro centro se convierte en un \u00abBosque m\u00e1gico\u00bb, donde habitan las hadas y el latido de las mariposas es cada vez m\u00e1s fuerte&#8230; &nbsp; &nbsp; &nbsp; \u201cEL LATIDO [&hellip;]<\/p>\n\n                \n            \n        <\/div><!-- \/.entry-content -->\n        \n\t\t<\/div>\n\t\t<!-- \/.post-content-inner -->\n\t<\/div>\n\t<!-- \/.post-content -->\n\t\n<\/article>\n<!-- \/.post -->\n    <\/div><!-- .builder-posts-wrap -->\n            <\/div>\n<!-- \/module post -->\n            <\/div>\n                        <\/div>\n        <\/div>\n                        <div  data-css_id=\"djsz838\" data-lazy=\"1\" class=\"module_row themify_builder_row fullwidth tb_djsz838 tf_w\">\n                        <div class=\"row_inner gutter-none col_align_middle tb_col_count_2 tf_box tf_rel\">\n                        <div  data-lazy=\"1\" class=\"module_column tb-column col3-1 tb_avnw839 first\">\n        <span class=\"builder_row_cover tf_abs\"><\/span><span class=\"tb_row_frame_wrap tf_overflow tf_abs\" data-lazy=\"1\"><span class=\"tb_row_frame tb_row_frame_right  tf_abs tf_hide tf_overflow tf_h\"><\/span><\/span>                    <\/div>\n                    <div  data-lazy=\"1\" class=\"module_column tb-column col3-2 tb_50pu839 last\">\n                            <div  data-lazy=\"1\" class=\"module_subrow themify_builder_sub_row tf_w col_align_top tb_col_count_2 tb_txmw839\">\n                <div  data-lazy=\"1\" class=\"module_column sub_column col2-1 tb_ff7l839 first\">\n                    <!-- module text -->\n<div  class=\"module module-text tb_qx8o839  repeat \" data-lazy=\"1\">\n        <div  class=\"tb_text_wrap\">\n        <h3>Ent\u00e9rate de todas las novedades<\/h3>    <\/div>\n<\/div>\n<!-- \/module text -->        <\/div>\n                    <div  data-lazy=\"1\" class=\"module_column sub_column col2-1 tb_i977839 last\">\n                    <!-- module buttons -->\n<div  class=\"module module-buttons tb_v8m7839 buttons-horizontal outline  circle\" data-lazy=\"1\">\n        <div class=\"module-buttons-item tf_in_flx\">\n                        <a href=\"https:\/\/blogsaverroes.juntadeandalucia.es\/doctorgalvezmoll\/novedades\/\" class=\"ui builder_button tf_in_flx tb_default_color\" >\n                                                Ir al Blog                                        <\/a>\n                <\/div>\n            <\/div>\n<!-- \/module buttons -->\n        <\/div>\n                    <\/div>\n                <\/div>\n                        <\/div>\n        <\/div>\n        <\/div>\n<!--\/themify_builder_content-->&nbsp;<\/p>","protected":false},"excerpt":{"rendered":"<p>&nbsp; Personal de Administraci\u00f3n y Servicios M\u00aa Remedios C. C. Monitora Escolar Maru P. C. Monitoras de actividades complementarias Maite V.A. Monitoras de actividades complementarias Francisca G. C. Cocinera Salvador G. A. Ayudantes de Cocina Paulina I. G. Ayudantes de Cocina Ana G. M. Limpieza Juan Manuel M. J Limpieza Juan Manuel P. S. Conserje [&hellip;]<\/p>\n","protected":false},"author":1482,"featured_media":0,"parent":0,"menu_order":0,"comment_status":"closed","ping_status":"closed","template":"","meta":{"ngg_post_thumbnail":0,"footnotes":""},"aioseo_notices":[],"_links":{"self":[{"href":"https:\/\/blogsaverroes.juntadeandalucia.es\/doctorgalvezmoll\/wp-json\/wp\/v2\/pages\/35"}],"collection":[{"href":"https:\/\/blogsaverroes.juntadeandalucia.es\/doctorgalvezmoll\/wp-json\/wp\/v2\/pages"}],"about":[{"href":"https:\/\/blogsaverroes.juntadeandalucia.es\/doctorgalvezmoll\/wp-json\/wp\/v2\/types\/page"}],"author":[{"embeddable":true,"href":"https:\/\/blogsaverroes.juntadeandalucia.es\/doctorgalvezmoll\/wp-json\/wp\/v2\/users\/1482"}],"replies":[{"embeddable":true,"href":"https:\/\/blogsaverroes.juntadeandalucia.es\/doctorgalvezmoll\/wp-json\/wp\/v2\/comments?post=35"}],"version-history":[{"count":24,"href":"https:\/\/blogsaverroes.juntadeandalucia.es\/doctorgalvezmoll\/wp-json\/wp\/v2\/pages\/35\/revisions"}],"predecessor-version":[{"id":1027,"href":"https:\/\/blogsaverroes.juntadeandalucia.es\/doctorgalvezmoll\/wp-json\/wp\/v2\/pages\/35\/revisions\/1027"}],"wp:attachment":[{"href":"https:\/\/blogsaverroes.juntadeandalucia.es\/doctorgalvezmoll\/wp-json\/wp\/v2\/media?parent=35"}],"curies":[{"name":"wp","href":"https:\/\/api.w.org\/{rel}","templated":true}]}}