{"id":28,"date":"2025-10-04T08:53:43","date_gmt":"2025-10-04T06:53:43","guid":{"rendered":"https:\/\/blogsaverroes.juntadeandalucia.es\/dptoccsszoco\/?page_id=28"},"modified":"2025-10-04T08:53:43","modified_gmt":"2025-10-04T06:53:43","slug":"enlaces-de-ayuda","status":"publish","type":"page","link":"https:\/\/blogsaverroes.juntadeandalucia.es\/dptoccsszoco\/pagina-ejemplo__trashed\/enlaces-de-ayuda\/","title":{"rendered":"Enlaces de ayuda"},"content":{"rendered":"<div class=\"gs\">\n<div class=\"\">\n<div id=\":n7\" class=\"ii gt adO\">\n<div id=\":n6\" class=\"a3s aiL \">\n<div dir=\"ltr\">\n<p>M<b>ateriales de recuperaci\u00f3n de Geograf\u00eda e Historia para ESO (1\u00ba a 4\u00ba)<\/b><\/p>\n<p><b>1\u00ba ESO<\/b><\/p>\n<p>Dossier de pendientes 1\u00ba ESO \u2013 IES Eduardo Linares Lumeras<br \/>\n<a href=\"https:\/\/www.ieseduardolinareslumeras.com\/uploads\/1\/3\/0\/6\/130692312\/dosier_pendientes_1%C2%BA_eso.pdf?utm_source=chatgpt.com\" target=\"_blank\" rel=\"noopener\" data-saferedirecturl=\"https:\/\/www.google.com\/url?q=https:\/\/www.ieseduardolinareslumeras.com\/uploads\/1\/3\/0\/6\/130692312\/dosier_pendientes_1%25C2%25BA_eso.pdf?utm_source%3Dchatgpt.com&amp;source=gmail&amp;ust=1759646628430000&amp;usg=AOvVaw1wmq8E9GWSDnw6JUMzWvxG\">https:\/\/www.ieseduardolinareslumeras.com\/uploads\/1\/3\/0\/6\/130692312\/dosier_pendientes_1%C2%BA_eso.pdf<\/a><br \/>\nCuadernillo con actividades de recuperaci\u00f3n para 1\u00ba ESO.<\/p>\n<p>Actividades de recuperaci\u00f3n 1\u00ba ESO \u2013 IES Trassierra<br \/>\n<a href=\"https:\/\/sites.google.com\/site\/franlovillo\/materiales-para-los-alumnos-de-2o-c\/actividades-de-recuperacion-de-la-materia-pendiente-de-1o-eso?utm_source=chatgpt.com\" target=\"_blank\" rel=\"noopener\" data-saferedirecturl=\"https:\/\/www.google.com\/url?q=https:\/\/sites.google.com\/site\/franlovillo\/materiales-para-los-alumnos-de-2o-c\/actividades-de-recuperacion-de-la-materia-pendiente-de-1o-eso?utm_source%3Dchatgpt.com&amp;source=gmail&amp;ust=1759646628430000&amp;usg=AOvVaw2xzHOwd42ijqrPilFTFuu2\">https:\/\/sites.google.com\/site\/franlovillo\/materiales-para-los-alumnos-de-2o-c\/actividades-de-recuperacion-de-la-materia-pendiente-de-1o-eso<\/a><br \/>\nEjercicios para recuperar contenidos b\u00e1sicos de 1\u00ba ESO.<\/p>\n<p><b>2\u00ba ESO<\/b><\/p>\n<p>Cuadernillo de recuperaci\u00f3n 2\u00ba ESO \u2013 Murcia Educativa<br \/>\n<a href=\"https:\/\/www.murciaeduca.es\/iespoetasanchezbautista\/sitio\/upload\/S21_GH_2_ESO.pdf?utm_source=chatgpt.com\" target=\"_blank\" rel=\"noopener\" data-saferedirecturl=\"https:\/\/www.google.com\/url?q=https:\/\/www.murciaeduca.es\/iespoetasanchezbautista\/sitio\/upload\/S21_GH_2_ESO.pdf?utm_source%3Dchatgpt.com&amp;source=gmail&amp;ust=1759646628430000&amp;usg=AOvVaw1aoHHrhCNom9lmDHB78_EQ\">https:\/\/www.murciaeduca.es\/iespoetasanchezbautista\/sitio\/upload\/S21_GH_2_ESO.pdf<\/a><br \/>\nEjercicios de Geograf\u00eda e Historia para recuperaci\u00f3n de 2\u00ba ESO.<\/p>\n<p>Actividades de recuperaci\u00f3n 2\u00ba ESO \u2013 IES Trassierra<br \/>\n<a href=\"https:\/\/sites.google.com\/site\/franlovillo\/materiales-para-los-alumnos-de-2o-c?utm_source=chatgpt.com\" target=\"_blank\" rel=\"noopener\" data-saferedirecturl=\"https:\/\/www.google.com\/url?q=https:\/\/sites.google.com\/site\/franlovillo\/materiales-para-los-alumnos-de-2o-c?utm_source%3Dchatgpt.com&amp;source=gmail&amp;ust=1759646628430000&amp;usg=AOvVaw12N9Led5_Ecp09RMFUuuj_\">https:\/\/sites.google.com\/site\/franlovillo\/materiales-para-los-alumnos-de-2o-c<\/a><br \/>\nRecursos y fichas de apoyo para alumnos de 2\u00ba ESO.<\/p>\n<p>Cuadernillos de recuperaci\u00f3n 2\u00ba ESO \u2013 IES Puerto de la Torre<br \/>\n<a href=\"https:\/\/iespuertodelatorre.org\/apps\/wordpress\/?page_id=2559&amp;utm_source=chatgpt.com\" target=\"_blank\" rel=\"noopener\" data-saferedirecturl=\"https:\/\/www.google.com\/url?q=https:\/\/iespuertodelatorre.org\/apps\/wordpress\/?page_id%3D2559%26utm_source%3Dchatgpt.com&amp;source=gmail&amp;ust=1759646628430000&amp;usg=AOvVaw0qblrao92JikvUBjiZz8rx\">https:\/\/iespuertodelatorre.org\/apps\/wordpress\/?page_id=2559<\/a><br \/>\nCuadernillos de recuperaci\u00f3n para 1\u00ba, 2\u00ba y 3\u00ba ESO (descargables en PDF).<\/p>\n<p><b>3\u00ba ESO<\/b><\/p>\n<p>Recuperaci\u00f3n Geograf\u00eda e Historia 3\u00ba ESO \u2013 IES El Almijar (Averroes Blog)<br \/>\n<a href=\"https:\/\/blogsaverroes.juntadeandalucia.es\/ieselalmijar\/files\/2015\/03\/Recuperaci%C3%B3n-Geograf%C3%ADa-e-Historia-de-3%C2%BA.pdf?utm_source=chatgpt.com\" target=\"_blank\" rel=\"noopener\" data-saferedirecturl=\"https:\/\/www.google.com\/url?q=https:\/\/blogsaverroes.juntadeandalucia.es\/ieselalmijar\/files\/2015\/03\/Recuperaci%25C3%25B3n-Geograf%25C3%25ADa-e-Historia-de-3%25C2%25BA.pdf?utm_source%3Dchatgpt.com&amp;source=gmail&amp;ust=1759646628430000&amp;usg=AOvVaw287NyI9IFVPOlEfgYAHzGJ\">https:\/\/blogsaverroes.juntadeandalucia.es\/ieselalmijar\/files\/2015\/03\/Recuperaci%C3%B3n-Geograf%C3%ADa-e-Historia-de-3%C2%BA.pdf<\/a><br \/>\nCuadernillo con ejercicios de repaso y recuperaci\u00f3n para 3\u00ba ESO.<\/p>\n<p>Cuadernillo de pendientes 3\u00ba ESO \u2013 IES Albero<br \/>\n<a href=\"https:\/\/www.iesalbero.es\/cuadernillo-de-pendientes-de-3o-de-eso-geografia-e-historia\/?utm_source=chatgpt.com\" target=\"_blank\" rel=\"noopener\" data-saferedirecturl=\"https:\/\/www.google.com\/url?q=https:\/\/www.iesalbero.es\/cuadernillo-de-pendientes-de-3o-de-eso-geografia-e-historia\/?utm_source%3Dchatgpt.com&amp;source=gmail&amp;ust=1759646628431000&amp;usg=AOvVaw3QMkGLo2O8PMVu1hmO4xOQ\">https:\/\/www.iesalbero.es\/cuadernillo-de-pendientes-de-3o-de-eso-geografia-e-historia\/<\/a><br \/>\nCuadernillo de recuperaci\u00f3n de la materia pendiente en 3\u00ba ESO.<\/p>\n<p>&nbsp;<\/p>\n<p><b>4\u00ba ESO<\/b><\/p>\n<p>Cuadernillos de recuperaci\u00f3n ESO \u2013 IES Puerto de la Torre<br \/>\n<a href=\"https:\/\/iespuertodelatorre.org\/apps\/wordpress\/?page_id=2559&amp;utm_source=chatgpt.com\" target=\"_blank\" rel=\"noopener\" data-saferedirecturl=\"https:\/\/www.google.com\/url?q=https:\/\/iespuertodelatorre.org\/apps\/wordpress\/?page_id%3D2559%26utm_source%3Dchatgpt.com&amp;source=gmail&amp;ust=1759646628431000&amp;usg=AOvVaw2MegWAzqGgsyaqS1-xYeOW\">https:\/\/iespuertodelatorre.org\/apps\/wordpress\/?page_id=2559<\/a><br \/>\nIncluye tambi\u00e9n materiales de apoyo adaptables para 4\u00ba ESO.<\/p>\n<p>Profesor Francisco \u2013 Geograf\u00eda e Historia ESO<br \/>\n<a href=\"https:\/\/www.profesorfrancisco.es\/2009\/11\/sociales.html?utm_source=chatgpt.com\" target=\"_blank\" rel=\"noopener\" data-saferedirecturl=\"https:\/\/www.google.com\/url?q=https:\/\/www.profesorfrancisco.es\/2009\/11\/sociales.html?utm_source%3Dchatgpt.com&amp;source=gmail&amp;ust=1759646628431000&amp;usg=AOvVaw0ZU2vNo5cU-0hZp5EzQ40Y\">https:\/\/www.profesorfrancisco.es\/2009\/11\/sociales.html<\/a><br \/>\nPortal con esquemas, actividades y recursos imprimibles para 1\u00ba-4\u00ba ESO.<\/p>\n<p>Studocu \u2013 Materiales de pr\u00e1ctica Geograf\u00eda e Historia ESO<br \/>\n<a href=\"https:\/\/www.studocu.com\/es\/course\/geografia-e-historia\/practice-materials\/6337551\/55?utm_source=chatgpt.com\" target=\"_blank\" rel=\"noopener\" data-saferedirecturl=\"https:\/\/www.google.com\/url?q=https:\/\/www.studocu.com\/es\/course\/geografia-e-historia\/practice-materials\/6337551\/55?utm_source%3Dchatgpt.com&amp;source=gmail&amp;ust=1759646628431000&amp;usg=AOvVaw1rukwTDPbqZJuVBOf34-ag\">https:\/\/www.studocu.com\/es\/course\/geografia-e-historia\/practice-materials\/6337551\/55<\/a><br \/>\nEjercicios y ex\u00e1menes de repaso y pr\u00e1ctica de todos los cursos de ESO.<\/p>\n<p><b>Recursos 1\u00ba ESO<\/b><\/p>\n<p>Nikon \u2014 Universcale (escala del universo):<br \/>\n<a href=\"https:\/\/www.nikon.com\/company\/corporate\/sp\/universcale\/?utm_source=chatgpt.com\" target=\"_blank\" rel=\"noopener\" data-saferedirecturl=\"https:\/\/www.google.com\/url?q=https:\/\/www.nikon.com\/company\/corporate\/sp\/universcale\/?utm_source%3Dchatgpt.com&amp;source=gmail&amp;ust=1759646628431000&amp;usg=AOvVaw3pCxV6c_2l58SwJB_BVvx1\">https:\/\/www.nikon.com\/company\/corporate\/sp\/universcale\/<\/a>\u00a0<a href=\"https:\/\/www.nikon.com\/company\/corporate\/sp\/universcale\/?utm_source=chatgpt.com\" target=\"_blank\" rel=\"noopener\" data-saferedirecturl=\"https:\/\/www.google.com\/url?q=https:\/\/www.nikon.com\/company\/corporate\/sp\/universcale\/?utm_source%3Dchatgpt.com&amp;source=gmail&amp;ust=1759646628431000&amp;usg=AOvVaw3pCxV6c_2l58SwJB_BVvx1\">Nikon<\/a><\/p>\n<p>Experiencia interactiva oficial de Nikon para explorar escalas desde femt\u00f3metros hasta a\u00f1os-luz.<\/p>\n<p>Appangea \u2013 Recursos para Geograf\u00eda e Historia 1\u00ba ESO<br \/>\n<a href=\"https:\/\/appangea.com\/2025\/08\/06\/recursos-para-geografia-e-historia-1eso\/?utm_source=chatgpt.com\" target=\"_blank\" rel=\"noopener\" data-saferedirecturl=\"https:\/\/www.google.com\/url?q=https:\/\/appangea.com\/2025\/08\/06\/recursos-para-geografia-e-historia-1eso\/?utm_source%3Dchatgpt.com&amp;source=gmail&amp;ust=1759646628431000&amp;usg=AOvVaw2JxRIoOSY0_a2spLiCrO9z\">https:\/\/appangea.com\/2025\/08\/06\/recursos-para-geografia-e-historia-1eso\/<\/a><br \/>\nRecursos interactivos, juegos, mapas, actividades para Prehistoria, Grecia, Roma.<\/p>\n<p>ProfesGeohistoria (1\u00ba ESO)<br \/>\n<a href=\"https:\/\/profesgeohistoria.wordpress.com\/1o-de-la-eso\/?utm_source=chatgpt.com\" target=\"_blank\" rel=\"noopener\" data-saferedirecturl=\"https:\/\/www.google.com\/url?q=https:\/\/profesgeohistoria.wordpress.com\/1o-de-la-eso\/?utm_source%3Dchatgpt.com&amp;source=gmail&amp;ust=1759646628431000&amp;usg=AOvVaw1af_ufoLEh7nJjXSfwMb0d\">https:\/\/profesgeohistoria.wordpress.com\/1o-de-la-eso\/<\/a><br \/>\nBanco de recursos con actividades de clima, prehistoria, civilizaciones antiguas, vocabulario, juegos.<\/p>\n<p>Geograf\u00eda e Historia 1\u00ba ESO \u2013 Temas de Historia<br \/>\n<a href=\"https:\/\/temasdehistoria.es\/1_primero_eso.html?utm_source=chatgpt.com\" target=\"_blank\" rel=\"noopener\" data-saferedirecturl=\"https:\/\/www.google.com\/url?q=https:\/\/temasdehistoria.es\/1_primero_eso.html?utm_source%3Dchatgpt.com&amp;source=gmail&amp;ust=1759646628431000&amp;usg=AOvVaw1jTJwdBQB1rmMffS6BrMUW\">https:\/\/temasdehistoria.es\/1_primero_eso.html<\/a><br \/>\nMapas, presentaciones y ejercicios pr\u00e1cticos.<\/p>\n<p>Juanjo Romero \u2013 Recursos 1\u00ba ESO<br \/>\n<a href=\"https:\/\/juanjoromero.es\/category\/1-eso\/?utm_source=chatgpt.com\" target=\"_blank\" rel=\"noopener\" data-saferedirecturl=\"https:\/\/www.google.com\/url?q=https:\/\/juanjoromero.es\/category\/1-eso\/?utm_source%3Dchatgpt.com&amp;source=gmail&amp;ust=1759646628431000&amp;usg=AOvVaw0uXWQOdlHqlFpUcXg_E9Ok\">https:\/\/juanjoromero.es\/category\/1-eso\/<\/a><br \/>\nActividades sobre relieve, clima y primeras civilizaciones.<\/p>\n<p>Pedro Colmenero \u2013 Recursos de Geograf\u00eda e Historia<br \/>\n<a href=\"https:\/\/www.pedrocolmenero.es\/?utm_source=chatgpt.com\" target=\"_blank\" rel=\"noopener\" data-saferedirecturl=\"https:\/\/www.google.com\/url?q=https:\/\/www.pedrocolmenero.es\/?utm_source%3Dchatgpt.com&amp;source=gmail&amp;ust=1759646628431000&amp;usg=AOvVaw04lzjQTvqFvjRCVSDhfsMW\">https:\/\/www.pedrocolmenero.es\/<\/a><br \/>\nMapas, v\u00eddeos, podcasts y presentaciones organizadas por etapas hist\u00f3ricas.<\/p>\n<p>Core Knowledge \u2013 Unit 3: Medieval Europe<br \/>\n<a href=\"https:\/\/www.coreknowledge.org\/free-resource\/ckhg-unit-03-medieval-europe\/?utm_source=chatgpt.com\" target=\"_blank\" rel=\"noopener\" data-saferedirecturl=\"https:\/\/www.google.com\/url?q=https:\/\/www.coreknowledge.org\/free-resource\/ckhg-unit-03-medieval-europe\/?utm_source%3Dchatgpt.com&amp;source=gmail&amp;ust=1759646628431000&amp;usg=AOvVaw2aUfLdVh8FWNuIEdbDrdRw\">https:\/\/www.coreknowledge.org\/free-resource\/ckhg-unit-03-medieval-europe\/<\/a><br \/>\nUnidad gratuita con gu\u00eda docente, textos y actividades sobre la Edad Media.<\/p>\n<p>PBS LearningMedia \u2013 World History Resources<br \/>\n<a href=\"https:\/\/www.pbslearningmedia.org\/subjects\/social-studies\/world-history\/?utm_source=chatgpt.com\" target=\"_blank\" rel=\"noopener\" data-saferedirecturl=\"https:\/\/www.google.com\/url?q=https:\/\/www.pbslearningmedia.org\/subjects\/social-studies\/world-history\/?utm_source%3Dchatgpt.com&amp;source=gmail&amp;ust=1759646628431000&amp;usg=AOvVaw1qZT7h3dwdI2eOekQugTgX\">https:\/\/www.pbslearningmedia.org\/subjects\/social-studies\/world-history\/<\/a><br \/>\nV\u00eddeos, actividades y recursos de historia universal.<\/p>\n<p>Exploros \u2013 Medieval Europe<br \/>\n<a href=\"https:\/\/www.exploros.com\/social-studies\/world-history-ms\/medieval-europe?utm_source=chatgpt.com\" target=\"_blank\" rel=\"noopener\" data-saferedirecturl=\"https:\/\/www.google.com\/url?q=https:\/\/www.exploros.com\/social-studies\/world-history-ms\/medieval-europe?utm_source%3Dchatgpt.com&amp;source=gmail&amp;ust=1759646628431000&amp;usg=AOvVaw0RddIgkGFnPFQdpnfPdDsJ\">https:\/\/www.exploros.com\/social-studies\/world-history-ms\/medieval-europe<\/a><br \/>\nUnidad interactiva sobre feudalismo, ciudades e instituciones medievales.<\/p>\n<p>Spartacus Educational<br \/>\n<a href=\"https:\/\/spartacus-educational.com\/\" target=\"_blank\" rel=\"noopener\" data-saferedirecturl=\"https:\/\/www.google.com\/url?q=https:\/\/spartacus-educational.com\/&amp;source=gmail&amp;ust=1759646628431000&amp;usg=AOvVaw1XsAgqE11Q7HGzpu2SFpRB\">https:\/\/spartacus-educational.com\/<\/a><br \/>\nEnciclopedia con art\u00edculos hist\u00f3ricos, biograf\u00edas y movimientos sociales (en ingl\u00e9s).<\/p>\n<p><b>Recursos 2\u00ba ESO<\/b><\/p>\n<p>Junta de Andaluc\u00eda \u2013 Materiales did\u00e1cticos<br \/>\n<a href=\"https:\/\/www.juntadeandalucia.es\/educacion\/permanente\/materiales\/index.php?etapa=4&amp;materia=283&amp;utm_source=chatgpt.com\" target=\"_blank\" rel=\"noopener\" data-saferedirecturl=\"https:\/\/www.google.com\/url?q=https:\/\/www.juntadeandalucia.es\/educacion\/permanente\/materiales\/index.php?etapa%3D4%26materia%3D283%26utm_source%3Dchatgpt.com&amp;source=gmail&amp;ust=1759646628431000&amp;usg=AOvVaw3ILCcnYSij_c4KQKLMlqwz\">https:\/\/www.juntadeandalucia.es\/educacion\/permanente\/materiales\/index.php?etapa=4&amp;materia=283<\/a><br \/>\nUnidades, fichas y materiales descargables oficiales.<\/p>\n<p>Santillana \/ Grazalema \u2013 Geograf\u00eda e Historia Andaluc\u00eda<br \/>\n<a href=\"https:\/\/recursos.santillana.es\/catalogos\/2024\/Grazalema\/Geografia_Historia\/?utm_source=chatgpt.com\" target=\"_blank\" rel=\"noopener\" data-saferedirecturl=\"https:\/\/www.google.com\/url?q=https:\/\/recursos.santillana.es\/catalogos\/2024\/Grazalema\/Geografia_Historia\/?utm_source%3Dchatgpt.com&amp;source=gmail&amp;ust=1759646628431000&amp;usg=AOvVaw36rgl514iFDcZVDC1tL3l2\">https:\/\/recursos.santillana.es\/catalogos\/2024\/Grazalema\/Geografia_Historia\/<\/a><br \/>\nCat\u00e1logo y materiales adaptados al curr\u00edculo andaluz.<\/p>\n<p>Situaciones de aprendizaje \u2013 Geograf\u00eda e Historia Andaluc\u00eda<br \/>\n<a href=\"https:\/\/recursos.santillana.es\/catalogos\/2024\/Grazalema\/SdA_Geografia_Historia\/?utm_source=chatgpt.com\" target=\"_blank\" rel=\"noopener\" data-saferedirecturl=\"https:\/\/www.google.com\/url?q=https:\/\/recursos.santillana.es\/catalogos\/2024\/Grazalema\/SdA_Geografia_Historia\/?utm_source%3Dchatgpt.com&amp;source=gmail&amp;ust=1759646628431000&amp;usg=AOvVaw1vVIUesTERUhMDLx3AzDLz\">https:\/\/recursos.santillana.es\/catalogos\/2024\/Grazalema\/SdA_Geografia_Historia\/<\/a><br \/>\nEjemplos de SdA alineadas con la LOMLOE.<\/p>\n<p>AEON Libros \u2013 Geograf\u00eda e Historia en Andaluc\u00eda<br \/>\n<a href=\"https:\/\/aeonlibros.com\/geografia-e-historia-en-andalucia-novedad-24-25?utm_source=chatgpt.com\" target=\"_blank\" rel=\"noopener\" data-saferedirecturl=\"https:\/\/www.google.com\/url?q=https:\/\/aeonlibros.com\/geografia-e-historia-en-andalucia-novedad-24-25?utm_source%3Dchatgpt.com&amp;source=gmail&amp;ust=1759646628431000&amp;usg=AOvVaw1sKRq9AkGpeuE7_jHry1zJ\">https:\/\/aeonlibros.com\/geografia-e-historia-en-andalucia-novedad-24-25<\/a><br \/>\nPlataforma editorial con recursos digitales.<\/p>\n<p>Profesor Mois\u00e9s S\u00e1nchez \u2013 Recursos did\u00e1cticos<br \/>\n<a href=\"https:\/\/www.profesormoisessanchez.com\/recursos-did%C3%A1cticos?utm_source=chatgpt.com\" target=\"_blank\" rel=\"noopener\" data-saferedirecturl=\"https:\/\/www.google.com\/url?q=https:\/\/www.profesormoisessanchez.com\/recursos-did%25C3%25A1cticos?utm_source%3Dchatgpt.com&amp;source=gmail&amp;ust=1759646628431000&amp;usg=AOvVaw20HZ2d9-EjBoRZNc5jkM4_\">https:\/\/www.profesormoisessanchez.com\/recursos-did%C3%A1cticos<\/a><br \/>\nBlog con res\u00famenes, esquemas y actividades.<\/p>\n<p>Pedro Colmenero \u2013 Recursos de Geograf\u00eda e Historia<br \/>\n<a href=\"https:\/\/www.pedrocolmenero.es\/?utm_source=chatgpt.com\" target=\"_blank\" rel=\"noopener\" data-saferedirecturl=\"https:\/\/www.google.com\/url?q=https:\/\/www.pedrocolmenero.es\/?utm_source%3Dchatgpt.com&amp;source=gmail&amp;ust=1759646628431000&amp;usg=AOvVaw04lzjQTvqFvjRCVSDhfsMW\">https:\/\/www.pedrocolmenero.es\/<\/a><br \/>\nMateriales de mapas, actividades y podcast para secundaria.<\/p>\n<p><b>Recursos 3\u00ba ESO<\/b><\/p>\n<p>Museo Naval \u2013 Armada Espa\u00f1ola<br \/>\n<a href=\"https:\/\/armada.defensa.gob.es\/ArmadaPortal\/page\/Portal\/ArmadaEspannola\/cienciahumanidades\/prefLang_es\/08_museo_naval\" target=\"_blank\" rel=\"noopener\" data-saferedirecturl=\"https:\/\/www.google.com\/url?q=https:\/\/armada.defensa.gob.es\/ArmadaPortal\/page\/Portal\/ArmadaEspannola\/cienciahumanidades\/prefLang_es\/08_museo_naval&amp;source=gmail&amp;ust=1759646628431000&amp;usg=AOvVaw3HwT0EOIiQ3-ETGJADS8e9\">https:\/\/armada.defensa.gob.es\/ArmadaPortal\/page\/Portal\/ArmadaEspannola\/cienciahumanidades\/prefLang_es\/08_museo_naval<\/a><br \/>\nVisita virtual, mapas y objetos de la Edad Moderna.<\/p>\n<p>Instituto Geogr\u00e1fico Nacional \u2013 Cartoteca Hist\u00f3rica<br \/>\n<a href=\"https:\/\/www.ign.es\/web\/catalogo-cartoteca\" target=\"_blank\" rel=\"noopener\" data-saferedirecturl=\"https:\/\/www.google.com\/url?q=https:\/\/www.ign.es\/web\/catalogo-cartoteca&amp;source=gmail&amp;ust=1759646628431000&amp;usg=AOvVaw24nbXeDfjvYiRqUCScC9gA\">https:\/\/www.ign.es\/web\/catalogo-cartoteca<\/a><br \/>\nMapas hist\u00f3ricos de los siglos XVI-XVIII.<\/p>\n<p>Casa de Col\u00f3n en Hinojosa del Duque (C\u00f3rdoba)<br \/>\n<a href=\"https:\/\/www.hinojosadelduque.es\/patrimonio\/\" target=\"_blank\" rel=\"noopener\" data-saferedirecturl=\"https:\/\/www.google.com\/url?q=https:\/\/www.hinojosadelduque.es\/patrimonio\/&amp;source=gmail&amp;ust=1759646628431000&amp;usg=AOvVaw1GGvYU3tZd7eaC-BsmOk4R\">https:\/\/www.hinojosadelduque.es\/patrimonio\/<\/a><br \/>\nPatrimonio vinculado a los viajes colombinos.<\/p>\n<p>Caballerizas Reales de C\u00f3rdoba<br \/>\n<a href=\"https:\/\/www.caballerizasreales.com\/\" target=\"_blank\" rel=\"noopener\" data-saferedirecturl=\"https:\/\/www.google.com\/url?q=https:\/\/www.caballerizasreales.com\/&amp;source=gmail&amp;ust=1759646628431000&amp;usg=AOvVaw3Dx_jZ_VkXk6Af0Y99sZ1R\">https:\/\/www.caballerizasreales.com\/<\/a><br \/>\nEjemplo de arquitectura renacentista fundada por Felipe II.<\/p>\n<p>Archivo Hist\u00f3rico Provincial de C\u00f3rdoba<br \/>\n<a href=\"https:\/\/www.juntadeandalucia.es\/cultura\/archivos\/web_especifica?id=6\" target=\"_blank\" rel=\"noopener\" data-saferedirecturl=\"https:\/\/www.google.com\/url?q=https:\/\/www.juntadeandalucia.es\/cultura\/archivos\/web_especifica?id%3D6&amp;source=gmail&amp;ust=1759646628431000&amp;usg=AOvVaw330Gadx5Kr4staUyxhVoM7\">https:\/\/www.juntadeandalucia.es\/cultura\/archivos\/web_especifica?id=6<\/a><br \/>\nDocumentos de la Edad Moderna.<\/p>\n<p>Museo de Bellas Artes de C\u00f3rdoba<br \/>\n<a href=\"https:\/\/www.museosdeandalucia.es\/web\/museodebellasartesdecordoba\" target=\"_blank\" rel=\"noopener\" data-saferedirecturl=\"https:\/\/www.google.com\/url?q=https:\/\/www.museosdeandalucia.es\/web\/museodebellasartesdecordoba&amp;source=gmail&amp;ust=1759646628431000&amp;usg=AOvVaw1_kgiyIh57-a2f-BZtv0Sa\">https:\/\/www.museosdeandalucia.es\/web\/museodebellasartesdecordoba<\/a><br \/>\nColecciones de Renacimiento y Barroco.<\/p>\n<p>Turismo C\u00f3rdoba \u2013 Iglesias fernandinas y barrocas<br \/>\n<a href=\"https:\/\/www.turismodecordoba.org\/iglesias-fernandinas\" target=\"_blank\" rel=\"noopener\" data-saferedirecturl=\"https:\/\/www.google.com\/url?q=https:\/\/www.turismodecordoba.org\/iglesias-fernandinas&amp;source=gmail&amp;ust=1759646628431000&amp;usg=AOvVaw11CwzkgVsGYD-7Qm00yMQM\">https:\/\/www.turismodecordoba.org\/iglesias-fernandinas<\/a><br \/>\nRecursos para arte barroco en la ciudad.<\/p>\n<p>Google Arts &amp; Culture \u2013 Barroco<br \/>\n<a href=\"https:\/\/artsandculture.google.com\/search\/baroque\" target=\"_blank\" rel=\"noopener\" data-saferedirecturl=\"https:\/\/www.google.com\/url?q=https:\/\/artsandculture.google.com\/search\/baroque&amp;source=gmail&amp;ust=1759646628431000&amp;usg=AOvVaw3PW1GS_4wP57LrlNHc-aM6\">https:\/\/artsandculture.google.com\/search\/baroque<\/a><br \/>\nComparaci\u00f3n visual de obras barrocas europeas.<\/p>\n<p>Casa de las Ciencias de C\u00f3rdoba (Fundaci\u00f3n Descubre)<br \/>\n<a href=\"https:\/\/fundaciondescubre.es\/casadelasciencias\/\" target=\"_blank\" rel=\"noopener\" data-saferedirecturl=\"https:\/\/www.google.com\/url?q=https:\/\/fundaciondescubre.es\/casadelasciencias\/&amp;source=gmail&amp;ust=1759646628431000&amp;usg=AOvVaw2NPdLuTCf4nJ5w2EA8Y_xj\">https:\/\/fundaciondescubre.es\/casadelasciencias\/<\/a><br \/>\nProyectos de divulgaci\u00f3n cient\u00edfica.<\/p>\n<p>Biblioteca Provincial de C\u00f3rdoba<br \/>\n<a href=\"https:\/\/www.juntadeandalucia.es\/cultura\/ba\/cordoba\/\" target=\"_blank\" rel=\"noopener\" data-saferedirecturl=\"https:\/\/www.google.com\/url?q=https:\/\/www.juntadeandalucia.es\/cultura\/ba\/cordoba\/&amp;source=gmail&amp;ust=1759646628431000&amp;usg=AOvVaw1MESUkkZVwqip63dG7YLeu\">https:\/\/www.juntadeandalucia.es\/cultura\/ba\/cordoba\/<\/a><br \/>\nFondos digitalizados de la Edad Moderna.<\/p>\n<p>Portal C\u00f3rdoba Patrimonio Mundial<br \/>\n<a href=\"https:\/\/cordobapatrimoniomundial.es\/\" target=\"_blank\" rel=\"noopener\" data-saferedirecturl=\"https:\/\/www.google.com\/url?q=https:\/\/cordobapatrimoniomundial.es\/&amp;source=gmail&amp;ust=1759646628431000&amp;usg=AOvVaw3LYhVEDXIhy19udtgmbm7L\">https:\/\/cordobapatrimoniomundial.es\/<\/a><br \/>\nRecursos sobre la Mezquita, Medina Azahara y el casco hist\u00f3rico.<\/p>\n<p>Museo Virtual de C\u00f3rdoba<br \/>\n<a href=\"http:\/\/www.museovirtualcordoba.org\/\" target=\"_blank\" rel=\"noopener\" data-saferedirecturl=\"https:\/\/www.google.com\/url?q=http:\/\/www.museovirtualcordoba.org\/&amp;source=gmail&amp;ust=1759646628431000&amp;usg=AOvVaw2gbY6crqZR8wbXG8-mEM-S\">http:\/\/www.museovirtualcordoba.org\/<\/a><br \/>\nPatrimonio cordob\u00e9s explicado en fichas educativas.<\/p>\n<p><b>Recursos 4\u00ba ESO<\/b><\/p>\n<p>Archivo Hist\u00f3rico Provincial de C\u00f3rdoba<br \/>\n<a href=\"https:\/\/www.juntadeandalucia.es\/cultura\/archivos\/web_especifica?id=6\" target=\"_blank\" rel=\"noopener\" data-saferedirecturl=\"https:\/\/www.google.com\/url?q=https:\/\/www.juntadeandalucia.es\/cultura\/archivos\/web_especifica?id%3D6&amp;source=gmail&amp;ust=1759646628431000&amp;usg=AOvVaw330Gadx5Kr4staUyxhVoM7\">https:\/\/www.juntadeandalucia.es\/cultura\/archivos\/web_especifica?id=6<\/a><br \/>\nDocumentos del XIX y XX.<\/p>\n<p>Museo del Ferrocarril de C\u00f3rdoba<br \/>\n<a href=\"https:\/\/museoferrocarrilcordoba.es\/\" target=\"_blank\" rel=\"noopener\" data-saferedirecturl=\"https:\/\/www.google.com\/url?q=https:\/\/museoferrocarrilcordoba.es\/&amp;source=gmail&amp;ust=1759646628431000&amp;usg=AOvVaw1BmTyx4aJFF8WUj7Jn68f2\">https:\/\/museoferrocarrilcordoba.es\/<\/a><br \/>\nPatrimonio ferroviario e industrial.<\/p>\n<p>Instituto Geogr\u00e1fico Nacional \u2013 Mapas hist\u00f3ricos<br \/>\n<a href=\"https:\/\/www.ign.es\/web\/catalogo-cartoteca\" target=\"_blank\" rel=\"noopener\" data-saferedirecturl=\"https:\/\/www.google.com\/url?q=https:\/\/www.ign.es\/web\/catalogo-cartoteca&amp;source=gmail&amp;ust=1759646628431000&amp;usg=AOvVaw24nbXeDfjvYiRqUCScC9gA\">https:\/\/www.ign.es\/web\/catalogo-cartoteca<\/a><br \/>\nCartograf\u00eda del siglo XIX.<\/p>\n<p>Museo Naval<br \/>\n<a href=\"https:\/\/armada.defensa.gob.es\/ArmadaPortal\/page\/Portal\/ArmadaEspannola\/cienciahumanidades\/prefLang_es\/08_museo_naval\" target=\"_blank\" rel=\"noopener\" data-saferedirecturl=\"https:\/\/www.google.com\/url?q=https:\/\/armada.defensa.gob.es\/ArmadaPortal\/page\/Portal\/ArmadaEspannola\/cienciahumanidades\/prefLang_es\/08_museo_naval&amp;source=gmail&amp;ust=1759646628431000&amp;usg=AOvVaw3HwT0EOIiQ3-ETGJADS8e9\">https:\/\/armada.defensa.gob.es\/ArmadaPortal\/page\/Portal\/ArmadaEspannola\/cienciahumanidades\/prefLang_es\/08_museo_naval<\/a><br \/>\nRecursos sobre colonialismo e Imperio espa\u00f1ol.<\/p>\n<p>Google Arts &amp; Culture \u2013 Imperialism<br \/>\n<a href=\"https:\/\/artsandculture.google.com\/search\/imperialism\" target=\"_blank\" rel=\"noopener\" data-saferedirecturl=\"https:\/\/www.google.com\/url?q=https:\/\/artsandculture.google.com\/search\/imperialism&amp;source=gmail&amp;ust=1759646628431000&amp;usg=AOvVaw1O0RQynJu4q7nd2-00C2E8\">https:\/\/artsandculture.google.com\/search\/imperialism<\/a><br \/>\nColecciones digitales sobre colonialismo en \u00c1frica, Asia y Am\u00e9rica.<\/p>\n<p>CeDInCI \u2013 Archivos digitales<br \/>\n<a href=\"https:\/\/cedinci.net\/\" target=\"_blank\" rel=\"noopener\" data-saferedirecturl=\"https:\/\/www.google.com\/url?q=https:\/\/cedinci.net\/&amp;source=gmail&amp;ust=1759646628431000&amp;usg=AOvVaw2MLZl10FaMIfOHO-Sa1OVJ\">https:\/\/cedinci.net\/<\/a><br \/>\nCarteles y propaganda pol\u00edtica.<\/p>\n<p>United States Holocaust Memorial Museum<br \/>\n<a href=\"https:\/\/www.ushmm.org\/learn\/exhibitions\/online\" target=\"_blank\" rel=\"noopener\" data-saferedirecturl=\"https:\/\/www.google.com\/url?q=https:\/\/www.ushmm.org\/learn\/exhibitions\/online&amp;source=gmail&amp;ust=1759646628431000&amp;usg=AOvVaw0UGTzvfjm61wqyELK_9JEe\">https:\/\/www.ushmm.org\/learn\/exhibitions\/online<\/a><br \/>\nExposiciones virtuales sobre el Holocausto.<\/p>\n<p>Imperial War Museums<br \/>\n<a href=\"https:\/\/www.iwm.org.uk\/collections\/search\" target=\"_blank\" rel=\"noopener\" data-saferedirecturl=\"https:\/\/www.google.com\/url?q=https:\/\/www.iwm.org.uk\/collections\/search&amp;source=gmail&amp;ust=1759646628431000&amp;usg=AOvVaw1lviDIII5FWmWwEGs7cHgH\">https:\/\/www.iwm.org.uk\/collections\/search<\/a><br \/>\nColecciones de la Primera y Segunda Guerra Mundial.<\/p>\n<p>Museo de la Autonom\u00eda de Andaluc\u00eda<br \/>\n<a href=\"https:\/\/www.centrodeestudiosandaluces.es\/museo\" target=\"_blank\" rel=\"noopener\" data-saferedirecturl=\"https:\/\/www.google.com\/url?q=https:\/\/www.centrodeestudiosandaluces.es\/museo&amp;source=gmail&amp;ust=1759646628431000&amp;usg=AOvVaw1dF4aowkbQ_u3g29AtDC6R\">https:\/\/www.centrodeestudiosandaluces.es\/museo<\/a><br \/>\nRecursos sobre franquismo, Transici\u00f3n y autonom\u00eda.<\/p>\n<p>Memoria Democr\u00e1tica Andaluc\u00eda<br \/>\n<a href=\"https:\/\/www.juntadeandalucia.es\/culturaydeporte\/memoriademocratica\/\" target=\"_blank\" rel=\"noopener\" data-saferedirecturl=\"https:\/\/www.google.com\/url?q=https:\/\/www.juntadeandalucia.es\/culturaydeporte\/memoriademocratica\/&amp;source=gmail&amp;ust=1759646628431000&amp;usg=AOvVaw2kaSdM5LtIpbDNfAWz42UA\">https:\/\/www.juntadeandalucia.es\/culturaydeporte\/memoriademocratica\/<\/a><br \/>\nMateriales sobre represi\u00f3n y Guerra Civil.<\/p>\n<p>Todos los Nombres<br \/>\n<a href=\"https:\/\/todoslosnombres.org\/\" target=\"_blank\" rel=\"noopener\" data-saferedirecturl=\"https:\/\/www.google.com\/url?q=https:\/\/todoslosnombres.org\/&amp;source=gmail&amp;ust=1759646628431000&amp;usg=AOvVaw2nXJtKPTNWOkTVtZlf4nH8\">https:\/\/todoslosnombres.org\/<\/a><br \/>\nBase de datos sobre v\u00edctimas de la represi\u00f3n.<\/p>\n<p>Archivo Hist\u00f3rico Municipal de C\u00f3rdoba<br \/>\n<a href=\"https:\/\/www.cordoba.es\/archivo-municipal\" target=\"_blank\" rel=\"noopener\" data-saferedirecturl=\"https:\/\/www.google.com\/url?q=https:\/\/www.cordoba.es\/archivo-municipal&amp;source=gmail&amp;ust=1759646628431000&amp;usg=AOvVaw0o6xdjDKfULz7pLh2F0575\">https:\/\/www.cordoba.es\/archivo-municipal<\/a><br \/>\nDocumentaci\u00f3n de la Guerra Civil en la ciudad.<\/p>\n<p>Centro de Estudios Andaluces<br \/>\n<a href=\"https:\/\/www.centrodeestudiosandaluces.es\/\" target=\"_blank\" rel=\"noopener\" data-saferedirecturl=\"https:\/\/www.google.com\/url?q=https:\/\/www.centrodeestudiosandaluces.es\/&amp;source=gmail&amp;ust=1759646628431000&amp;usg=AOvVaw3XQk68JQF9o7MKm7Ni7VUF\">https:\/\/www.centrodeestudiosandaluces.es\/<\/a><br \/>\nRecursos sobre la Transici\u00f3n y autonom\u00eda.<\/p>\n<p>Congreso de los Diputados \u2013 Constituci\u00f3n de 1978<br \/>\n<a href=\"https:\/\/www.congreso.es\/constitucion\" target=\"_blank\" rel=\"noopener\" data-saferedirecturl=\"https:\/\/www.google.com\/url?q=https:\/\/www.congreso.es\/constitucion&amp;source=gmail&amp;ust=1759646628431000&amp;usg=AOvVaw3ahQm1q5H96JzevB2lpuu3\">https:\/\/www.congreso.es\/constitucion<\/a><br \/>\nTexto y recursos did\u00e1cticos.<\/p>\n<p>C\u00f3rdoba Patrimonio Mundial<br \/>\n<a href=\"https:\/\/cordobapatrimoniomundial.es\/\" target=\"_blank\" rel=\"noopener\" data-saferedirecturl=\"https:\/\/www.google.com\/url?q=https:\/\/cordobapatrimoniomundial.es\/&amp;source=gmail&amp;ust=1759646628431000&amp;usg=AOvVaw3LYhVEDXIhy19udtgmbm7L\">https:\/\/cordobapatrimoniomundial.es\/<\/a><br \/>\nUrbanismo y patrimonio contempor\u00e1neo.<\/p>\n<p>Museo Virtual de C\u00f3rdoba<br \/>\n<a href=\"http:\/\/www.museovirtualcordoba.org\/\" target=\"_blank\" rel=\"noopener\" data-saferedirecturl=\"https:\/\/www.google.com\/url?q=http:\/\/www.museovirtualcordoba.org\/&amp;source=gmail&amp;ust=1759646628431000&amp;usg=AOvVaw2gbY6crqZR8wbXG8-mEM-S\">http:\/\/www.museovirtualcordoba.org\/<\/a><br \/>\nPatrimonio local en la Edad Contempor\u00e1nea.<\/p>\n<p><b>Recursos 1\u00ba Bachillerato \u2013 Historia del Mundo Contempor\u00e1neo (HMC)<\/b><\/p>\n<p>Congreso de los Diputados \u2013 Constituci\u00f3n de 1812<br \/>\n<a href=\"https:\/\/www.congreso.es\/constitucion-1812\" target=\"_blank\" rel=\"noopener\" data-saferedirecturl=\"https:\/\/www.google.com\/url?q=https:\/\/www.congreso.es\/constitucion-1812&amp;source=gmail&amp;ust=1759646628431000&amp;usg=AOvVaw3JakGB1-G3mvA0-5KF19Xx\">https:\/\/www.congreso.es\/constitucion-1812<\/a><br \/>\nTexto hist\u00f3rico y recursos did\u00e1cticos.<\/p>\n<p>Biblioteca Virtual de Andaluc\u00eda<br \/>\n<a href=\"https:\/\/www.bibliotecavirtualdeandalucia.es\/\" target=\"_blank\" rel=\"noopener\" data-saferedirecturl=\"https:\/\/www.google.com\/url?q=https:\/\/www.bibliotecavirtualdeandalucia.es\/&amp;source=gmail&amp;ust=1759646628431000&amp;usg=AOvVaw0KBeKKwr0k4A1VNGl-0gfR\">https:\/\/www.bibliotecavirtualdeandalucia.es\/<\/a><br \/>\nDocumentos y fuentes del siglo XIX.<\/p>\n<p>Archivo Hist\u00f3rico Nacional<br \/>\n<a href=\"http:\/\/www.culturaydeporte.gob.es\/cultura\/areas\/archivos\/mc\/archivos\/ahn\/portada.html\" target=\"_blank\" rel=\"noopener\" data-saferedirecturl=\"https:\/\/www.google.com\/url?q=http:\/\/www.culturaydeporte.gob.es\/cultura\/areas\/archivos\/mc\/archivos\/ahn\/portada.html&amp;source=gmail&amp;ust=1759646628431000&amp;usg=AOvVaw35U5foHbFgrjoVeT6LeMCS\">http:\/\/www.culturaydeporte.gob.es\/cultura\/areas\/archivos\/mc\/archivos\/ahn\/portada.html<\/a><br \/>\nDocumentos sobre revoluciones liberales y nacionales.<\/p>\n<p>Europeana \u2013 Revoluciones del siglo XIX<br \/>\n<a href=\"https:\/\/www.europeana.eu\/en\/collections\/topic\/40-revolutions-19th-century\" target=\"_blank\" rel=\"noopener\" data-saferedirecturl=\"https:\/\/www.google.com\/url?q=https:\/\/www.europeana.eu\/en\/collections\/topic\/40-revolutions-19th-century&amp;source=gmail&amp;ust=1759646628432000&amp;usg=AOvVaw21VdEHPkSUs17zK8BTiOkX\">https:\/\/www.europeana.eu\/en\/collections\/topic\/40-revolutions-19th-century<\/a><br \/>\nColecciones digitales de movimientos europeos.<\/p>\n<p>Museo del Ferrocarril de C\u00f3rdoba<br \/>\n<a href=\"https:\/\/museoferrocarrilcordoba.es\/\" target=\"_blank\" rel=\"noopener\" data-saferedirecturl=\"https:\/\/www.google.com\/url?q=https:\/\/museoferrocarrilcordoba.es\/&amp;source=gmail&amp;ust=1759646628432000&amp;usg=AOvVaw3I1oaOzi5SmN_3Y0QPyn7n\">https:\/\/museoferrocarrilcordoba.es\/<\/a><br \/>\nPatrimonio industrial y ferroviario local.<\/p>\n<p>Museo del Ferrocarril de Madrid<br \/>\n<a href=\"https:\/\/www.museodelferrocarril.org\/\" target=\"_blank\" rel=\"noopener\" data-saferedirecturl=\"https:\/\/www.google.com\/url?q=https:\/\/www.museodelferrocarril.org\/&amp;source=gmail&amp;ust=1759646628432000&amp;usg=AOvVaw25DrQqe4-BZldFG5MMxNBe\">https:\/\/www.museodelferrocarril.org\/<\/a><br \/>\nColecciones y visitas virtuales.<\/p>\n<p>British Library \u2013 Industrial Revolution<br \/>\n<a href=\"https:\/\/www.bl.uk\/learning\/histcitizen\/21cc\/struggle\/chartists\/chartists.html\" target=\"_blank\" rel=\"noopener\" data-saferedirecturl=\"https:\/\/www.google.com\/url?q=https:\/\/www.bl.uk\/learning\/histcitizen\/21cc\/struggle\/chartists\/chartists.html&amp;source=gmail&amp;ust=1759646628432000&amp;usg=AOvVaw3axlcF0lBREW0hA838iKFS\">https:\/\/www.bl.uk\/learning\/histcitizen\/21cc\/struggle\/chartists\/chartists.html<\/a><br \/>\nColecci\u00f3n digital sobre la Revoluci\u00f3n Industrial.<\/p>\n<p>Museo Naval \u2013 Armada Espa\u00f1ola<br \/>\n<a href=\"https:\/\/armada.defensa.gob.es\/ArmadaPortal\/page\/Portal\/ArmadaEspannola\/cienciahumanidades\/prefLang_es\/08_museo_naval\" target=\"_blank\" rel=\"noopener\" data-saferedirecturl=\"https:\/\/www.google.com\/url?q=https:\/\/armada.defensa.gob.es\/ArmadaPortal\/page\/Portal\/ArmadaEspannola\/cienciahumanidades\/prefLang_es\/08_museo_naval&amp;source=gmail&amp;ust=1759646628432000&amp;usg=AOvVaw1tzJyX9i6xaM8R2leKqhLb\">https:\/\/armada.defensa.gob.es\/ArmadaPortal\/page\/Portal\/ArmadaEspannola\/cienciahumanidades\/prefLang_es\/08_museo_naval<\/a><br \/>\nMapas coloniales y recursos sobre imperialismo.<\/p>\n<p>Google Arts &amp; Culture \u2013 Colonialism<br \/>\n<a href=\"https:\/\/artsandculture.google.com\/search\/colonialism\" target=\"_blank\" rel=\"noopener\" data-saferedirecturl=\"https:\/\/www.google.com\/url?q=https:\/\/artsandculture.google.com\/search\/colonialism&amp;source=gmail&amp;ust=1759646628432000&amp;usg=AOvVaw0gdNx00CcT2dmV7Iv_7Wvu\">https:\/\/artsandculture.google.com\/search\/colonialism<\/a><br \/>\nColecciones digitales de historia del colonialismo.<\/p>\n<p>Fundaci\u00f3n Mapfre \u2013 Cultura<br \/>\n<a href=\"https:\/\/www.fundacionmapfre.org\/cultura\/\" target=\"_blank\" rel=\"noopener\" data-saferedirecturl=\"https:\/\/www.google.com\/url?q=https:\/\/www.fundacionmapfre.org\/cultura\/&amp;source=gmail&amp;ust=1759646628432000&amp;usg=AOvVaw2AR9YnYsIygaUAhfkYi9F6\">https:\/\/www.fundacionmapfre.org\/cultura\/<\/a><br \/>\nExposiciones virtuales de fotograf\u00eda, sociedad y colonialismo.<\/p>\n<p>Biblioteca Nacional de Espa\u00f1a \u2013 Revoluci\u00f3n Francesa<br \/>\n<a href=\"http:\/\/www.bne.es\/es\/Colecciones\/colecciones-digitales\/revolucion-francesa.html\" target=\"_blank\" rel=\"noopener\" data-saferedirecturl=\"https:\/\/www.google.com\/url?q=http:\/\/www.bne.es\/es\/Colecciones\/colecciones-digitales\/revolucion-francesa.html&amp;source=gmail&amp;ust=1759646628432000&amp;usg=AOvVaw2RgcheyUve3sD1CFNZujvf\">http:\/\/www.bne.es\/es\/Colecciones\/colecciones-digitales\/revolucion-francesa.html<\/a><br \/>\nDocumentos y colecciones digitalizadas.<\/p>\n<p>Gallica \u2013 R\u00e9volution Fran\u00e7aise<br \/>\n<a href=\"https:\/\/gallica.bnf.fr\/\" target=\"_blank\" rel=\"noopener\" data-saferedirecturl=\"https:\/\/www.google.com\/url?q=https:\/\/gallica.bnf.fr\/&amp;source=gmail&amp;ust=1759646628432000&amp;usg=AOvVaw2_V0UUCmWTNb3nQZC-Kk6O\">https:\/\/gallica.bnf.fr\/<\/a><br \/>\nColecci\u00f3n de la Biblioteca Nacional de Francia.<\/p>\n<p>Imperial War Museums<br \/>\n<a href=\"https:\/\/www.iwm.org.uk\/collections\/search\" target=\"_blank\" rel=\"noopener\" data-saferedirecturl=\"https:\/\/www.google.com\/url?q=https:\/\/www.iwm.org.uk\/collections\/search&amp;source=gmail&amp;ust=1759646628432000&amp;usg=AOvVaw0pSxaZ3ro9idSVo2RNsCIq\">https:\/\/www.iwm.org.uk\/collections\/search<\/a><br \/>\nColecciones sobre la Primera Guerra Mundial.<\/p>\n<p>United States WWI Centennial Commission<br \/>\n<a href=\"https:\/\/www.worldwar1centennial.org\/\" target=\"_blank\" rel=\"noopener\" data-saferedirecturl=\"https:\/\/www.google.com\/url?q=https:\/\/www.worldwar1centennial.org\/&amp;source=gmail&amp;ust=1759646628432000&amp;usg=AOvVaw0940gt_Swj5Y0mVzXIKrKu\">https:\/\/www.worldwar1centennial.org\/<\/a><br \/>\nMateriales educativos sobre la Gran Guerra.<\/p>\n<p>Marxists Internet Archive<br \/>\n<a href=\"https:\/\/www.marxists.org\/espanol\/index.htm\" target=\"_blank\" rel=\"noopener\" data-saferedirecturl=\"https:\/\/www.google.com\/url?q=https:\/\/www.marxists.org\/espanol\/index.htm&amp;source=gmail&amp;ust=1759646628432000&amp;usg=AOvVaw0gFnED0_bjHyJxenFNgA7d\">https:\/\/www.marxists.org\/espanol\/index.htm<\/a><br \/>\nTextos de Marx, Lenin y Trotsky.<\/p>\n<p>Archivo Hist\u00f3rico Provincial de C\u00f3rdoba<br \/>\n<a href=\"https:\/\/www.juntadeandalucia.es\/cultura\/archivos\/web_especifica?id=6\" target=\"_blank\" rel=\"noopener\" data-saferedirecturl=\"https:\/\/www.google.com\/url?q=https:\/\/www.juntadeandalucia.es\/cultura\/archivos\/web_especifica?id%3D6&amp;source=gmail&amp;ust=1759646628432000&amp;usg=AOvVaw1LihoVIgipVl2KIQ_iUDlp\">https:\/\/www.juntadeandalucia.es\/cultura\/archivos\/web_especifica?id=6<\/a><br \/>\nFondos del siglo XIX-XX.<\/p>\n<p>Museo de la Autonom\u00eda de Andaluc\u00eda<br \/>\n<a href=\"https:\/\/www.centrodeestudiosandaluces.es\/museo\" target=\"_blank\" rel=\"noopener\" data-saferedirecturl=\"https:\/\/www.google.com\/url?q=https:\/\/www.centrodeestudiosandaluces.es\/museo&amp;source=gmail&amp;ust=1759646628432000&amp;usg=AOvVaw0DEbh4loT0xWArFa5WDcTu\">https:\/\/www.centrodeestudiosandaluces.es\/museo<\/a><br \/>\nHistoria contempor\u00e1nea andaluza.<\/p>\n<p>Memoria Democr\u00e1tica Andaluc\u00eda<br \/>\n<a href=\"https:\/\/www.juntadeandalucia.es\/culturaydeporte\/memoriademocratica\/\" target=\"_blank\" rel=\"noopener\" data-saferedirecturl=\"https:\/\/www.google.com\/url?q=https:\/\/www.juntadeandalucia.es\/culturaydeporte\/memoriademocratica\/&amp;source=gmail&amp;ust=1759646628432000&amp;usg=AOvVaw0S-3q_zcVI8f8Gqn5dFAXb\">https:\/\/www.juntadeandalucia.es\/culturaydeporte\/memoriademocratica\/<\/a><br \/>\nMateriales sobre represi\u00f3n y movimientos sociales.<\/p>\n<p><b>Patrimonio Cultural de Andaluc\u00eda (PATRIM)<\/b><\/p>\n<p>Instituto Andaluz del Patrimonio Hist\u00f3rico (IAPH)<br \/>\n<a href=\"https:\/\/www.iaph.es\/web\/canales\/conoce-el-patrimonio\/\" target=\"_blank\" rel=\"noopener\" data-saferedirecturl=\"https:\/\/www.google.com\/url?q=https:\/\/www.iaph.es\/web\/canales\/conoce-el-patrimonio\/&amp;source=gmail&amp;ust=1759646628432000&amp;usg=AOvVaw3lkUTVZAipdl95fISsZNCW\">https:\/\/www.iaph.es\/web\/canales\/conoce-el-patrimonio\/<\/a><br \/>\nInventarios y recursos de patrimonio hist\u00f3rico.<\/p>\n<p>Portal de Patrimonio Hist\u00f3rico de la Junta<br \/>\n<a href=\"https:\/\/www.juntadeandalucia.es\/organismos\/turismoculturaydeporte\/areas\/patrimonio.html\" target=\"_blank\" rel=\"noopener\" data-saferedirecturl=\"https:\/\/www.google.com\/url?q=https:\/\/www.juntadeandalucia.es\/organismos\/turismoculturaydeporte\/areas\/patrimonio.html&amp;source=gmail&amp;ust=1759646628432000&amp;usg=AOvVaw2L37DudZeuskhh0U-Hna1O\">https:\/\/www.juntadeandalucia.es\/organismos\/turismoculturaydeporte\/areas\/patrimonio.html<\/a><br \/>\nInformaci\u00f3n oficial y legislaci\u00f3n.<\/p>\n<p>Portal de Patrimonio Inmaterial de Andaluc\u00eda (IAPH)<br \/>\n<a href=\"https:\/\/www.iaph.es\/patrimonio-inmaterial-andalucia\/\" target=\"_blank\" rel=\"noopener\" data-saferedirecturl=\"https:\/\/www.google.com\/url?q=https:\/\/www.iaph.es\/patrimonio-inmaterial-andalucia\/&amp;source=gmail&amp;ust=1759646628432000&amp;usg=AOvVaw0o5VYwjCXoHCCKbU1v2bMM\">https:\/\/www.iaph.es\/patrimonio-inmaterial-andalucia\/<\/a><br \/>\nFiestas, tradiciones y artesan\u00eda.<\/p>\n<p>C\u00f3rdoba Patrimonio Mundial<br \/>\n<a href=\"https:\/\/cordobapatrimoniomundial.es\/\" target=\"_blank\" rel=\"noopener\" data-saferedirecturl=\"https:\/\/www.google.com\/url?q=https:\/\/cordobapatrimoniomundial.es\/&amp;source=gmail&amp;ust=1759646628432000&amp;usg=AOvVaw2q988UQdVuNQoI5GDZX5I0\">https:\/\/cordobapatrimoniomundial.es\/<\/a><br \/>\nRecursos did\u00e1cticos sobre la Mezquita, el centro hist\u00f3rico y Medina Azahara.<\/p>\n<p>Museo Virtual de C\u00f3rdoba<br \/>\n<a href=\"http:\/\/www.museovirtualcordoba.org\/\" target=\"_blank\" rel=\"noopener\" data-saferedirecturl=\"https:\/\/www.google.com\/url?q=http:\/\/www.museovirtualcordoba.org\/&amp;source=gmail&amp;ust=1759646628432000&amp;usg=AOvVaw3PbX-JAQh5k956hdno12f5\">http:\/\/www.museovirtualcordoba.org\/<\/a><br \/>\nPatrimonio cordob\u00e9s en fichas educativas.<\/p>\n<p>UNESCO \u2013 Patrimonio Andaluc\u00eda<br \/>\n<a href=\"https:\/\/whc.unesco.org\/en\/statesparties\/es\" target=\"_blank\" rel=\"noopener\" data-saferedirecturl=\"https:\/\/www.google.com\/url?q=https:\/\/whc.unesco.org\/en\/statesparties\/es&amp;source=gmail&amp;ust=1759646628432000&amp;usg=AOvVaw15VftxtCj2BeQYL_yHwpDn\">https:\/\/whc.unesco.org\/en\/statesparties\/es<\/a><br \/>\nBienes Patrimonio Mundial: C\u00f3rdoba, \u00dabeda, Baeza, Alhambra y Do\u00f1ana.<\/p>\n<p>Museos de Andaluc\u00eda<br \/>\n<a href=\"https:\/\/www.museosdeandalucia.es\/web\/museos\" target=\"_blank\" rel=\"noopener\" data-saferedirecturl=\"https:\/\/www.google.com\/url?q=https:\/\/www.museosdeandalucia.es\/web\/museos&amp;source=gmail&amp;ust=1759646628432000&amp;usg=AOvVaw0EutCWnHu9HZNNYBFumS19\">https:\/\/www.museosdeandalucia.es\/web\/museos<\/a><br \/>\nPortal de museos provinciales y visitas virtuales.<\/p>\n<p>Alhambra y Generalife<br \/>\n<a href=\"https:\/\/www.alhambra-patronato.es\/\" target=\"_blank\" rel=\"noopener\" data-saferedirecturl=\"https:\/\/www.google.com\/url?q=https:\/\/www.alhambra-patronato.es\/&amp;source=gmail&amp;ust=1759646628432000&amp;usg=AOvVaw0YLxzzvU57Um6XNiGWZ-VZ\">https:\/\/www.alhambra-patronato.es\/<\/a><br \/>\nRecursos y visitas virtuales.<\/p>\n<p>Museos provinciales de Andaluc\u00eda<br \/>\n<a href=\"https:\/\/www.museosdeandalucia.es\/web\/museos\" target=\"_blank\" rel=\"noopener\" data-saferedirecturl=\"https:\/\/www.google.com\/url?q=https:\/\/www.museosdeandalucia.es\/web\/museos&amp;source=gmail&amp;ust=1759646628432000&amp;usg=AOvVaw0EutCWnHu9HZNNYBFumS19\">https:\/\/www.museosdeandalucia.es\/web\/museos<\/a><br \/>\nRecursos de C\u00e1diz, M\u00e1laga y Sevilla.<\/p>\n<p>RENPA \u2013 Espacios Naturales de Andaluc\u00eda<br \/>\n<a href=\"https:\/\/www.juntadeandalucia.es\/medioambiente\/portal\/web\/guest\/renpa\" target=\"_blank\" rel=\"noopener\" data-saferedirecturl=\"https:\/\/www.google.com\/url?q=https:\/\/www.juntadeandalucia.es\/medioambiente\/portal\/web\/guest\/renpa&amp;source=gmail&amp;ust=1759646628432000&amp;usg=AOvVaw370YUCZ4eVHdf9tneh40K1\">https:\/\/www.juntadeandalucia.es\/medioambiente\/portal\/web\/guest\/renpa<\/a><br \/>\nParques naturales de Andaluc\u00eda.<\/p>\n<p>Parque Natural de las Sierras Subb\u00e9ticas<br \/>\n<a href=\"https:\/\/www.andalucia.org\/es\/espacios-naturales\/parque-natural-sierras-subbeticas\" target=\"_blank\" rel=\"noopener\" data-saferedirecturl=\"https:\/\/www.google.com\/url?q=https:\/\/www.andalucia.org\/es\/espacios-naturales\/parque-natural-sierras-subbeticas&amp;source=gmail&amp;ust=1759646628432000&amp;usg=AOvVaw02UcVPInGjgDzPhH6Kh9XD\">https:\/\/www.andalucia.org\/es\/espacios-naturales\/parque-natural-sierras-subbeticas<\/a><br \/>\nRecursos sobre geolog\u00eda y biodiversidad.<\/p>\n<p>EducaAnd \u2013 Portal educativo de la Junta<br \/>\n<a href=\"https:\/\/www.juntadeandalucia.es\/educacion\/educaand\/es\" target=\"_blank\" rel=\"noopener\" data-saferedirecturl=\"https:\/\/www.google.com\/url?q=https:\/\/www.juntadeandalucia.es\/educacion\/educaand\/es&amp;source=gmail&amp;ust=1759646628432000&amp;usg=AOvVaw2QAGtgsE9ffkJucF-ZnDps\">https:\/\/www.juntadeandalucia.es\/educacion\/educaand\/es<\/a><br \/>\nMateriales sobre patrimonio en secundaria.<\/p>\n<p>Did\u00e1ctica del Patrimonio \u2013 IAPH<br \/>\n<a href=\"https:\/\/www.iaph.es\/web\/canales\/educacion\/\" target=\"_blank\" rel=\"noopener\" data-saferedirecturl=\"https:\/\/www.google.com\/url?q=https:\/\/www.iaph.es\/web\/canales\/educacion\/&amp;source=gmail&amp;ust=1759646628432000&amp;usg=AOvVaw3l0yvkiF_9ZgtP4zfbGwKS\">https:\/\/www.iaph.es\/web\/canales\/educacion\/<\/a><br \/>\nGu\u00edas educativas para profesorado.<\/p>\n<p>Conocer el Patrimonio \u2013 Universidad de Granada<br \/>\n<a href=\"https:\/\/www.conocerelepatrimonio.es\/\" target=\"_blank\" rel=\"noopener\" data-saferedirecturl=\"https:\/\/www.google.com\/url?q=https:\/\/www.conocerelepatrimonio.es\/&amp;source=gmail&amp;ust=1759646628432000&amp;usg=AOvVaw036LgaQivtcnmC1EAoX8os\">https:\/\/www.conocerelepatrimonio.es\/<\/a><br \/>\nProyecto de divulgaci\u00f3n y recursos did\u00e1cticos.<\/p>\n<p><b>Recursos 2\u00ba Bachillerato \u2013 Historia de Espa\u00f1a (HESP)<\/b><\/p>\n<p>Biblioteca Virtual de Andaluc\u00eda<br \/>\n<a href=\"https:\/\/www.bibliotecavirtualdeandalucia.es\/\" target=\"_blank\" rel=\"noopener\" data-saferedirecturl=\"https:\/\/www.google.com\/url?q=https:\/\/www.bibliotecavirtualdeandalucia.es\/&amp;source=gmail&amp;ust=1759646628432000&amp;usg=AOvVaw2rPAT5mbT7LIl7HU21iO8x\">https:\/\/www.bibliotecavirtualdeandalucia.es\/<\/a><br \/>\nManuscritos y cr\u00f3nicas hist\u00f3ricas.<\/p>\n<p>Centro Virtual Cervantes<br \/>\n<a href=\"https:\/\/cvc.cervantes.es\/\" target=\"_blank\" rel=\"noopener\" data-saferedirecturl=\"https:\/\/www.google.com\/url?q=https:\/\/cvc.cervantes.es\/&amp;source=gmail&amp;ust=1759646628432000&amp;usg=AOvVaw1ZMJ68ePijFZGUkKBhofY5\">https:\/\/cvc.cervantes.es\/<\/a><br \/>\nRecursos de historia y literatura del Siglo de Oro.<\/p>\n<p>Casa de Vel\u00e1zquez<br \/>\n<a href=\"https:\/\/www.casadevelazquez.org\/\" target=\"_blank\" rel=\"noopener\" data-saferedirecturl=\"https:\/\/www.google.com\/url?q=https:\/\/www.casadevelazquez.org\/&amp;source=gmail&amp;ust=1759646628432000&amp;usg=AOvVaw1zOA9ozlo-Qwq4yNuXJTPR\">https:\/\/www.casadevelazquez.org\/<\/a><br \/>\nRecursos de Historia Moderna de Espa\u00f1a.<\/p>\n<p>Congreso de los Diputados \u2013 Constituci\u00f3n de 1812<br \/>\n<a href=\"https:\/\/www.congreso.es\/constitucion-1812\" target=\"_blank\" rel=\"noopener\" data-saferedirecturl=\"https:\/\/www.google.com\/url?q=https:\/\/www.congreso.es\/constitucion-1812&amp;source=gmail&amp;ust=1759646628432000&amp;usg=AOvVaw3OYes8BtIrzrmL3EQ9F-HZ\">https:\/\/www.congreso.es\/constitucion-1812<\/a><br \/>\nTexto y recursos hist\u00f3ricos.<\/p>\n<p>Biblioteca Nacional de Espa\u00f1a \u2013 Siglo XIX<br \/>\n<a href=\"http:\/\/hemerotecadigital.bne.es\/\" target=\"_blank\" rel=\"noopener\" data-saferedirecturl=\"https:\/\/www.google.com\/url?q=http:\/\/hemerotecadigital.bne.es\/&amp;source=gmail&amp;ust=1759646628432000&amp;usg=AOvVaw1ruje_84rlAroSpylNqYE6\">http:\/\/hemerotecadigital.bne.es\/<\/a><br \/>\nColecci\u00f3n digital de prensa y documentos.<\/p>\n<p>Instituto Geogr\u00e1fico Nacional \u2013 Mapas hist\u00f3ricos<br \/>\n<a href=\"https:\/\/www.ign.es\/web\/catalogo-cartoteca\" target=\"_blank\" rel=\"noopener\" data-saferedirecturl=\"https:\/\/www.google.com\/url?q=https:\/\/www.ign.es\/web\/catalogo-cartoteca&amp;source=gmail&amp;ust=1759646628432000&amp;usg=AOvVaw1-e4_HZkT4IgiNtF72yrJb\">https:\/\/www.ign.es\/web\/catalogo-cartoteca<\/a><br \/>\nCartograf\u00eda del siglo XIX.<\/p>\n<p>Proyecto Cl\u00edo \u2013 Historia de Espa\u00f1a<br \/>\n<a href=\"http:\/\/clio.rediris.es\/\" target=\"_blank\" rel=\"noopener\" data-saferedirecturl=\"https:\/\/www.google.com\/url?q=http:\/\/clio.rediris.es\/&amp;source=gmail&amp;ust=1759646628432000&amp;usg=AOvVaw3kl-UlNP5QtIPhhyjmT9lr\">http:\/\/clio.rediris.es\/<\/a><br \/>\nMateriales did\u00e1cticos y actividades.<\/p>\n<p>Memoria Democr\u00e1tica Andaluc\u00eda<br \/>\n<a href=\"https:\/\/www.juntadeandalucia.es\/culturaydeporte\/memoriademocratica\/\" target=\"_blank\" rel=\"noopener\" data-saferedirecturl=\"https:\/\/www.google.com\/url?q=https:\/\/www.juntadeandalucia.es\/culturaydeporte\/memoriademocratica\/&amp;source=gmail&amp;ust=1759646628432000&amp;usg=AOvVaw0S-3q_zcVI8f8Gqn5dFAXb\">https:\/\/www.juntadeandalucia.es\/culturaydeporte\/memoriademocratica\/<\/a><br \/>\nDocumentos sobre Guerra Civil y represi\u00f3n.<\/p>\n<p>Todos los Nombres<br \/>\n<a href=\"https:\/\/todoslosnombres.org\/\" target=\"_blank\" rel=\"noopener\" data-saferedirecturl=\"https:\/\/www.google.com\/url?q=https:\/\/todoslosnombres.org\/&amp;source=gmail&amp;ust=1759646628432000&amp;usg=AOvVaw0rQqx0QaGpRp05fxJKZ0gh\">https:\/\/todoslosnombres.org\/<\/a><br \/>\nBase de datos de v\u00edctimas del franquismo.<\/p>\n<p>Archivo Hist\u00f3rico Provincial de C\u00f3rdoba<br \/>\n<a href=\"https:\/\/www.juntadeandalucia.es\/cultura\/archivos\/web_especifica?id=6\" target=\"_blank\" rel=\"noopener\" data-saferedirecturl=\"https:\/\/www.google.com\/url?q=https:\/\/www.juntadeandalucia.es\/cultura\/archivos\/web_especifica?id%3D6&amp;source=gmail&amp;ust=1759646628432000&amp;usg=AOvVaw1LihoVIgipVl2KIQ_iUDlp\">https:\/\/www.juntadeandalucia.es\/cultura\/archivos\/web_especifica?id=6<\/a><br \/>\nDocumentaci\u00f3n contempor\u00e1nea.<\/p>\n<p>Centro Documental de la Memoria Hist\u00f3rica<br \/>\n<a href=\"http:\/\/www.culturaydeporte.gob.es\/cultura\/areas\/archivos\/mc\/archivos\/cdmh\/portada.html\" target=\"_blank\" rel=\"noopener\" data-saferedirecturl=\"https:\/\/www.google.com\/url?q=http:\/\/www.culturaydeporte.gob.es\/cultura\/areas\/archivos\/mc\/archivos\/cdmh\/portada.html&amp;source=gmail&amp;ust=1759646628432000&amp;usg=AOvVaw1kyiitW6UTT-YrGCDVfXwP\">http:\/\/www.culturaydeporte.gob.es\/cultura\/areas\/archivos\/mc\/archivos\/cdmh\/portada.html<\/a><br \/>\nArchivos sobre la Guerra Civil y represi\u00f3n.<\/p>\n<p>Fundaci\u00f3n Pablo Iglesias<br \/>\n<a href=\"https:\/\/fpabloiglesias.es\/archivo\/\" target=\"_blank\" rel=\"noopener\" data-saferedirecturl=\"https:\/\/www.google.com\/url?q=https:\/\/fpabloiglesias.es\/archivo\/&amp;source=gmail&amp;ust=1759646628432000&amp;usg=AOvVaw0R1Wi-I7--Pg0e1aaLAU2F\">https:\/\/fpabloiglesias.es\/archivo\/<\/a><br \/>\nArchivos del socialismo espa\u00f1ol.<\/p>\n<p>Biblioteca Virtual Miguel de Cervantes \u2013 Exilio Republicano<br \/>\n<a href=\"https:\/\/www.cervantesvirtual.com\/portales\/exilio_republicano_1939\/\" target=\"_blank\" rel=\"noopener\" data-saferedirecturl=\"https:\/\/www.google.com\/url?q=https:\/\/www.cervantesvirtual.com\/portales\/exilio_republicano_1939\/&amp;source=gmail&amp;ust=1759646628432000&amp;usg=AOvVaw0G3lL0VWMChGcFmHDvmgUb\">https:\/\/www.cervantesvirtual.com\/portales\/exilio_republicano_1939\/<\/a><br \/>\nRecursos sobre el exilio espa\u00f1ol.<\/p>\n<p>Congreso de los Diputados \u2013 Constituci\u00f3n de 1978<br \/>\n<a href=\"https:\/\/www.congreso.es\/constitucion\" target=\"_blank\" rel=\"noopener\" data-saferedirecturl=\"https:\/\/www.google.com\/url?q=https:\/\/www.congreso.es\/constitucion&amp;source=gmail&amp;ust=1759646628432000&amp;usg=AOvVaw255s5nQMnFLlw4JhEJtLmH\">https:\/\/www.congreso.es\/constitucion<\/a><br \/>\nTexto constitucional y recursos.<\/p>\n<p>Museo de la Autonom\u00eda de Andaluc\u00eda<br \/>\n<a href=\"https:\/\/www.centrodeestudiosandaluces.es\/museo\" target=\"_blank\" rel=\"noopener\" data-saferedirecturl=\"https:\/\/www.google.com\/url?q=https:\/\/www.centrodeestudiosandaluces.es\/museo&amp;source=gmail&amp;ust=1759646628432000&amp;usg=AOvVaw0DEbh4loT0xWArFa5WDcTu\">https:\/\/www.centrodeestudiosandaluces.es\/museo<\/a><br \/>\nRecursos sobre la autonom\u00eda andaluza.<\/p>\n<p>Centro de Estudios Andaluces<br \/>\n<a href=\"https:\/\/www.centrodeestudiosandaluces.es\/\" target=\"_blank\" rel=\"noopener\" data-saferedirecturl=\"https:\/\/www.google.com\/url?q=https:\/\/www.centrodeestudiosandaluces.es\/&amp;source=gmail&amp;ust=1759646628432000&amp;usg=AOvVaw134s97GOVfz2wAYiAG89Wd\">https:\/\/www.centrodeestudiosandaluces.es\/<\/a><br \/>\nRecursos did\u00e1cticos sobre Transici\u00f3n.<\/p>\n<p>Historia de Espa\u00f1a Selectividad \u2013 Juan Carlos Oca\u00f1a<br \/>\n<a href=\"https:\/\/www.historiasiglo20.org\/oca1.htm\" target=\"_blank\" rel=\"noopener\" data-saferedirecturl=\"https:\/\/www.google.com\/url?q=https:\/\/www.historiasiglo20.org\/oca1.htm&amp;source=gmail&amp;ust=1759646628432000&amp;usg=AOvVaw25fxMOuDEY6lKAbuWv3yBV\">https:\/\/www.historiasiglo20.org\/oca1.htm<\/a><br \/>\nRecursos de repaso para PEvAU.<\/p>\n<p>Geograf\u00eda e Historia \u2013 Jos\u00e9 \u00c1ngel Cilleruelo<br \/>\n<a href=\"https:\/\/jangelcilleruelo.wordpress.com\/historia-de-espana-2o-bachillerato\/\" target=\"_blank\" rel=\"noopener\" data-saferedirecturl=\"https:\/\/www.google.com\/url?q=https:\/\/jangelcilleruelo.wordpress.com\/historia-de-espana-2o-bachillerato\/&amp;source=gmail&amp;ust=1759646628432000&amp;usg=AOvVaw0cu5QQlfCHp08oTRIZvhNA\">https:\/\/jangelcilleruelo.wordpress.com\/historia-de-espana-2o-bachillerato\/<\/a><br \/>\nEsquemas y apuntes de Historia de Espa\u00f1a.<\/p>\n<p>La Aventura de la Historia<br \/>\n<a href=\"https:\/\/www.laaventuradelahistoria.es\/\" target=\"_blank\" rel=\"noopener\" data-saferedirecturl=\"https:\/\/www.google.com\/url?q=https:\/\/www.laaventuradelahistoria.es\/&amp;source=gmail&amp;ust=1759646628432000&amp;usg=AOvVaw3D9wcifnpB9ElU4jvtnTit\">https:\/\/www.laaventuradelahistoria.es\/<\/a><br \/>\nArt\u00edculos divulgativos sobre historia.<\/p>\n<p>Canal UNED \u2013 Historia de Espa\u00f1a<br \/>\n<a href=\"https:\/\/canal.uned.es\/series\/5a6f7b91b1111f9d338b456d\" target=\"_blank\" rel=\"noopener\" data-saferedirecturl=\"https:\/\/www.google.com\/url?q=https:\/\/canal.uned.es\/series\/5a6f7b91b1111f9d338b456d&amp;source=gmail&amp;ust=1759646628432000&amp;usg=AOvVaw2QTjnHWHmisgIvF6IxIsIi\">https:\/\/canal.uned.es\/series\/5a6f7b91b1111f9d338b456d<\/a><br \/>\nV\u00eddeos de historia, nivel universitario aplicable a Bachillerato.<\/p>\n<p><b>Historia del Arte Bachillerato (HARTE)<\/b><\/p>\n<p>Museo del Prado \u2013 Colecci\u00f3n Online<br \/>\n<a href=\"https:\/\/www.museodelprado.es\/coleccion\" target=\"_blank\" rel=\"noopener\" data-saferedirecturl=\"https:\/\/www.google.com\/url?q=https:\/\/www.museodelprado.es\/coleccion&amp;source=gmail&amp;ust=1759646628432000&amp;usg=AOvVaw3KC6ixsnEWXKWn3LqkYQ6T\">https:\/\/www.museodelprado.es\/coleccion<\/a><br \/>\nObras maestras, fichas y recursos.<\/p>\n<p>Museo Thyssen-Bornemisza<br \/>\n<a href=\"https:\/\/www.museothyssen.org\/coleccion\" target=\"_blank\" rel=\"noopener\" data-saferedirecturl=\"https:\/\/www.google.com\/url?q=https:\/\/www.museothyssen.org\/coleccion&amp;source=gmail&amp;ust=1759646628432000&amp;usg=AOvVaw1e5RUSey9euorWnDhcNiUq\">https:\/\/www.museothyssen.org\/coleccion<\/a><br \/>\nColecci\u00f3n de pintura europea y contempor\u00e1nea.<\/p>\n<p>Museo Reina Sof\u00eda<br \/>\n<a href=\"https:\/\/www.museoreinasofia.es\/coleccion\" target=\"_blank\" rel=\"noopener\" data-saferedirecturl=\"https:\/\/www.google.com\/url?q=https:\/\/www.museoreinasofia.es\/coleccion&amp;source=gmail&amp;ust=1759646628432000&amp;usg=AOvVaw1HiStpHeKbhN02hrQvmtg_\">https:\/\/www.museoreinasofia.es\/coleccion<\/a><br \/>\nObras de Picasso, Dal\u00ed, Mir\u00f3 y arte moderno.<\/p>\n<p>Google Arts &amp; Culture<br \/>\n<a href=\"https:\/\/artsandculture.google.com\/\" target=\"_blank\" rel=\"noopener\" data-saferedirecturl=\"https:\/\/www.google.com\/url?q=https:\/\/artsandculture.google.com\/&amp;source=gmail&amp;ust=1759646628432000&amp;usg=AOvVaw2BNWaeTEzTguS95awPKUim\">https:\/\/artsandculture.google.com\/<\/a><br \/>\nColecciones universales y tours virtuales.<\/p>\n<p>Instituto Andaluz del Patrimonio Hist\u00f3rico (IAPH)<br \/>\n<a href=\"https:\/\/www.iaph.es\/web\/canales\/conoce-el-patrimonio\/\" target=\"_blank\" rel=\"noopener\" data-saferedirecturl=\"https:\/\/www.google.com\/url?q=https:\/\/www.iaph.es\/web\/canales\/conoce-el-patrimonio\/&amp;source=gmail&amp;ust=1759646628432000&amp;usg=AOvVaw3lkUTVZAipdl95fISsZNCW\">https:\/\/www.iaph.es\/web\/canales\/conoce-el-patrimonio\/<\/a><br \/>\nCat\u00e1logos y recursos de patrimonio andaluz.<\/p>\n<p>Patrimonio Nacional<br \/>\n<a href=\"https:\/\/www.patrimonionacional.es\/\" target=\"_blank\" rel=\"noopener\" data-saferedirecturl=\"https:\/\/www.google.com\/url?q=https:\/\/www.patrimonionacional.es\/&amp;source=gmail&amp;ust=1759646628432000&amp;usg=AOvVaw1BdNIyI-uU38Csdl1JYBg1\">https:\/\/www.patrimonionacional.es\/<\/a><br \/>\nColecciones de palacios y monasterios reales.<\/p>\n<p>Alhambra y Generalife<br \/>\n<a href=\"https:\/\/www.alhambra-patronato.es\/\" target=\"_blank\" rel=\"noopener\" data-saferedirecturl=\"https:\/\/www.google.com\/url?q=https:\/\/www.alhambra-patronato.es\/&amp;source=gmail&amp;ust=1759646628432000&amp;usg=AOvVaw0YLxzzvU57Um6XNiGWZ-VZ\">https:\/\/www.alhambra-patronato.es\/<\/a><br \/>\nRecursos educativos y visitas virtuales.<\/p>\n<p>Museo de Bellas Artes de Sevilla<br \/>\n<a href=\"https:\/\/www.museosdeandalucia.es\/web\/museodebellasartesdesevilla\" target=\"_blank\" rel=\"noopener\" data-saferedirecturl=\"https:\/\/www.google.com\/url?q=https:\/\/www.museosdeandalucia.es\/web\/museodebellasartesdesevilla&amp;source=gmail&amp;ust=1759646628432000&amp;usg=AOvVaw130hB9sq77c1ck6ddwfAQF\">https:\/\/www.museosdeandalucia.es\/web\/museodebellasartesdesevilla<\/a><br \/>\nPinacoteca de referencia en Andaluc\u00eda.<\/p>\n<p>Mezquita-Catedral de C\u00f3rdoba<br \/>\n<a href=\"https:\/\/mezquita-catedraldecordoba.es\/\" target=\"_blank\" rel=\"noopener\" data-saferedirecturl=\"https:\/\/www.google.com\/url?q=https:\/\/mezquita-catedraldecordoba.es\/&amp;source=gmail&amp;ust=1759646628432000&amp;usg=AOvVaw3jQvvRSltHxWzfOqbFomaH\">https:\/\/mezquita-catedraldecordoba.es\/<\/a><br \/>\nArte isl\u00e1mico y cristiano en un mismo monumento.<\/p>\n<p>Louvre Collections<br \/>\n<a href=\"https:\/\/collections.louvre.fr\/en\/\" target=\"_blank\" rel=\"noopener\" data-saferedirecturl=\"https:\/\/www.google.com\/url?q=https:\/\/collections.louvre.fr\/en\/&amp;source=gmail&amp;ust=1759646628432000&amp;usg=AOvVaw25KxbzvoerFchDvvo1zfrg\">https:\/\/collections.louvre.fr\/en\/<\/a><br \/>\nColecci\u00f3n digital del museo de Par\u00eds.<\/p>\n<p>British Museum<br \/>\n<a href=\"https:\/\/www.britishmuseum.org\/collection\" target=\"_blank\" rel=\"noopener\" data-saferedirecturl=\"https:\/\/www.google.com\/url?q=https:\/\/www.britishmuseum.org\/collection&amp;source=gmail&amp;ust=1759646628432000&amp;usg=AOvVaw0aY-wvQTRrkfYoPEAY7FuQ\">https:\/\/www.britishmuseum.org\/collection<\/a><br \/>\nArte y arqueolog\u00eda mundial.<\/p>\n<p>MET Collection \u2013 Metropolitan Museum of Art<br \/>\n<a href=\"https:\/\/www.metmuseum.org\/art\/collection\" target=\"_blank\" rel=\"noopener\" data-saferedirecturl=\"https:\/\/www.google.com\/url?q=https:\/\/www.metmuseum.org\/art\/collection&amp;source=gmail&amp;ust=1759646628432000&amp;usg=AOvVaw2GNP6N0LL6K6sgudx4NAwi\">https:\/\/www.metmuseum.org\/art\/collection<\/a><br \/>\nArte universal en Nueva York.<\/p>\n<p>Smarthistory (Khan Academy)<br \/>\n<a href=\"https:\/\/smarthistory.org\/\" target=\"_blank\" rel=\"noopener\" data-saferedirecturl=\"https:\/\/www.google.com\/url?q=https:\/\/smarthistory.org\/&amp;source=gmail&amp;ust=1759646628432000&amp;usg=AOvVaw11zVofyp2lytBeqy1EBTt6\">https:\/\/smarthistory.org\/<\/a><br \/>\nRecursos did\u00e1cticos en ingl\u00e9s.<\/p>\n<p>Historia del Arte Blog \u2013 Jos\u00e9 Mar\u00eda Manuel de la Torre<br \/>\n<a href=\"https:\/\/historiadelartejosemariadelatorre.com\/\" target=\"_blank\" rel=\"noopener\" data-saferedirecturl=\"https:\/\/www.google.com\/url?q=https:\/\/historiadelartejosemariadelatorre.com\/&amp;source=gmail&amp;ust=1759646628432000&amp;usg=AOvVaw2B19f_lHb4iS46-NuTdCu9\">https:\/\/historiadelartejosemariadelatorre.com\/<\/a><br \/>\nApuntes y esquemas en espa\u00f1ol.<\/p>\n<p>Arte y Pl\u00e1stica \u2013 Blog educativo<br \/>\n<a href=\"http:\/\/www.arteyplasticajm.blogspot.com\/\" target=\"_blank\" rel=\"noopener\" data-saferedirecturl=\"https:\/\/www.google.com\/url?q=http:\/\/www.arteyplasticajm.blogspot.com\/&amp;source=gmail&amp;ust=1759646628432000&amp;usg=AOvVaw3093mwdnuetYgtZoLOB3dx\">http:\/\/www.arteyplasticajm.blogspot.com\/<\/a><br \/>\nCronolog\u00edas y actividades de arte.<\/p>\n<p>Selectividad.tv \u2013 Historia del Arte<br \/>\n<a href=\"https:\/\/www.selectividad.tv\/asignatura\/historia-del-arte\" target=\"_blank\" rel=\"noopener\" data-saferedirecturl=\"https:\/\/www.google.com\/url?q=https:\/\/www.selectividad.tv\/asignatura\/historia-del-arte&amp;source=gmail&amp;ust=1759646628432000&amp;usg=AOvVaw0hQxtjlHnUDCx8CRtyhaiy\">https:\/\/www.selectividad.tv\/asignatura\/historia-del-arte<\/a><br \/>\nVideoclases y esquemas de repaso.<\/p>\n<p>Cilleruelo \u2013 Historia del Arte<br \/>\n<a href=\"https:\/\/jangelcilleruelo.wordpress.com\/historia-del-arte-2o-bachillerato\/\" target=\"_blank\" rel=\"noopener\" data-saferedirecturl=\"https:\/\/www.google.com\/url?q=https:\/\/jangelcilleruelo.wordpress.com\/historia-del-arte-2o-bachillerato\/&amp;source=gmail&amp;ust=1759646628433000&amp;usg=AOvVaw1VRANdPjXtwenxFfm_JJly\">https:\/\/jangelcilleruelo.wordpress.com\/historia-del-arte-2o-bachillerato\/<\/a><br \/>\nEsquemas y recursos de repaso.<\/p>\n<p>La Aventura del Saber (RTVE)<br \/>\n<a href=\"https:\/\/www.rtve.es\/play\/videos\/la-aventura-del-saber\/\" target=\"_blank\" rel=\"noopener\" data-saferedirecturl=\"https:\/\/www.google.com\/url?q=https:\/\/www.rtve.es\/play\/videos\/la-aventura-del-saber\/&amp;source=gmail&amp;ust=1759646628433000&amp;usg=AOvVaw0rt6nxllBXtez7ZxKNh3jN\">https:\/\/www.rtve.es\/play\/videos\/la-aventura-del-saber\/<\/a><br \/>\nDocumentales de arte e historia.<\/p>\n<p><b>Geograf\u00eda Bachillerato (GEO)<\/b><\/p>\n<p>Instituto Geogr\u00e1fico Nacional \u2013 IGN<br \/>\n<a href=\"https:\/\/www.ign.es\/web\/catalogo-cartoteca\" target=\"_blank\" rel=\"noopener\" data-saferedirecturl=\"https:\/\/www.google.com\/url?q=https:\/\/www.ign.es\/web\/catalogo-cartoteca&amp;source=gmail&amp;ust=1759646628433000&amp;usg=AOvVaw2kD_9vYKJiPMMqRi8T2Jbl\">https:\/\/www.ign.es\/web\/catalogo-cartoteca<\/a><br \/>\nMapas topogr\u00e1ficos, ortofotos y atlas escolar.<\/p>\n<p>Atlas Nacional de Espa\u00f1a<br \/>\n<a href=\"https:\/\/atlasnacional.ign.es\/\" target=\"_blank\" rel=\"noopener\" data-saferedirecturl=\"https:\/\/www.google.com\/url?q=https:\/\/atlasnacional.ign.es\/&amp;source=gmail&amp;ust=1759646628433000&amp;usg=AOvVaw0I--WDVXJzUPBn9N2mRdjE\">https:\/\/atlasnacional.ign.es\/<\/a><br \/>\nCartograf\u00eda escolar de Espa\u00f1a.<\/p>\n<p>Instituto Nacional de Estad\u00edstica \u2013 INE<br \/>\n<a href=\"https:\/\/www.ine.es\/\" target=\"_blank\" rel=\"noopener\" data-saferedirecturl=\"https:\/\/www.google.com\/url?q=https:\/\/www.ine.es\/&amp;source=gmail&amp;ust=1759646628433000&amp;usg=AOvVaw1ecZZaUigKgc-F6SwPSJID\">https:\/\/www.ine.es\/<\/a><br \/>\nDatos demogr\u00e1ficos, sociales y econ\u00f3micos.<\/p>\n<p>Eurostat<br \/>\n<a href=\"https:\/\/ec.europa.eu\/eurostat\" target=\"_blank\" rel=\"noopener\" data-saferedirecturl=\"https:\/\/www.google.com\/url?q=https:\/\/ec.europa.eu\/eurostat&amp;source=gmail&amp;ust=1759646628433000&amp;usg=AOvVaw3WIcRnGsxtDQ1W5ILrftF8\">https:\/\/ec.europa.eu\/eurostat<\/a><br \/>\nEstad\u00edsticas europeas comparadas.<\/p>\n<p>World Bank Data<br \/>\n<a href=\"https:\/\/data.worldbank.org\/\" target=\"_blank\" rel=\"noopener\" data-saferedirecturl=\"https:\/\/www.google.com\/url?q=https:\/\/data.worldbank.org\/&amp;source=gmail&amp;ust=1759646628433000&amp;usg=AOvVaw2IydIVv6_YtddL9hxKx2xo\">https:\/\/data.worldbank.org\/<\/a><br \/>\nIndicadores mundiales de desarrollo.<\/p>\n<p>Instituto de Estad\u00edstica y Cartograf\u00eda de Andaluc\u00eda \u2013 IECA<br \/>\n<a href=\"https:\/\/www.juntadeandalucia.es\/institutodeestadisticaycartografia\" target=\"_blank\" rel=\"noopener\" data-saferedirecturl=\"https:\/\/www.google.com\/url?q=https:\/\/www.juntadeandalucia.es\/institutodeestadisticaycartografia&amp;source=gmail&amp;ust=1759646628433000&amp;usg=AOvVaw3aE2XosY7-idZ_8fprtUuT\">https:\/\/www.juntadeandalucia.es\/institutodeestadisticaycartografia<\/a><br \/>\nMapas y gr\u00e1ficos de Andaluc\u00eda.<\/p>\n<p>RENPA Andaluc\u00eda<br \/>\n<a href=\"https:\/\/www.juntadeandalucia.es\/medioambiente\/portal\/web\/guest\/renpa\" target=\"_blank\" rel=\"noopener\" data-saferedirecturl=\"https:\/\/www.google.com\/url?q=https:\/\/www.juntadeandalucia.es\/medioambiente\/portal\/web\/guest\/renpa&amp;source=gmail&amp;ust=1759646628433000&amp;usg=AOvVaw2ZkaH9kEu4lsYnDzQkEwlA\">https:\/\/www.juntadeandalucia.es\/medioambiente\/portal\/web\/guest\/renpa<\/a><br \/>\nEspacios naturales protegidos andaluces.<\/p>\n<p>Atlas Provincial C\u00f3rdoba \u2013 Diputaci\u00f3n<br \/>\n<a href=\"https:\/\/www.dipucordoba.es\/medioambiente\/atlas-provincial\" target=\"_blank\" rel=\"noopener\" data-saferedirecturl=\"https:\/\/www.google.com\/url?q=https:\/\/www.dipucordoba.es\/medioambiente\/atlas-provincial&amp;source=gmail&amp;ust=1759646628433000&amp;usg=AOvVaw0Cag33ZRwy7DaMp4AvNYnW\">https:\/\/www.dipucordoba.es\/medioambiente\/atlas-provincial<\/a><br \/>\nRecursos territoriales provinciales.<\/p>\n<p>REDIAM \u2013 Red de Informaci\u00f3n Ambiental<br \/>\n<a href=\"https:\/\/rediam.cica.es\/\" target=\"_blank\" rel=\"noopener\" data-saferedirecturl=\"https:\/\/www.google.com\/url?q=https:\/\/rediam.cica.es\/&amp;source=gmail&amp;ust=1759646628433000&amp;usg=AOvVaw2g-5doJdWrxh9n_v_TdsG1\">https:\/\/rediam.cica.es\/<\/a><br \/>\nMapas clim\u00e1ticos, SIG y biodiversidad.<\/p>\n<p>AEMET \u2013 Climatolog\u00eda<br \/>\n<a href=\"https:\/\/www.aemet.es\/es\/serviciosclimaticos\" target=\"_blank\" rel=\"noopener\" data-saferedirecturl=\"https:\/\/www.google.com\/url?q=https:\/\/www.aemet.es\/es\/serviciosclimaticos&amp;source=gmail&amp;ust=1759646628433000&amp;usg=AOvVaw1TC0xYS2ncquEwIgI8zBZg\">https:\/\/www.aemet.es\/es\/serviciosclimaticos<\/a><br \/>\nSeries hist\u00f3ricas y datos clim\u00e1ticos.<\/p>\n<p>Copernicus EU<br \/>\n<a href=\"https:\/\/www.copernicus.eu\/en\" target=\"_blank\" rel=\"noopener\" data-saferedirecturl=\"https:\/\/www.google.com\/url?q=https:\/\/www.copernicus.eu\/en&amp;source=gmail&amp;ust=1759646628433000&amp;usg=AOvVaw0DjBpmZ34QUdfM2nnvDPfu\">https:\/\/www.copernicus.eu\/en<\/a><br \/>\nObservaci\u00f3n de la Tierra.<\/p>\n<p>NASA Earth Observatory<br \/>\n<a href=\"https:\/\/earthobservatory.nasa.gov\/\" target=\"_blank\" rel=\"noopener\" data-saferedirecturl=\"https:\/\/www.google.com\/url?q=https:\/\/earthobservatory.nasa.gov\/&amp;source=gmail&amp;ust=1759646628433000&amp;usg=AOvVaw1AiSnuIkaovxdwOw-nSdKm\">https:\/\/earthobservatory.nasa.gov\/<\/a><br \/>\nMapas de fen\u00f3menos globales.<\/p>\n<p>FAO Data<br \/>\n<a href=\"https:\/\/www.fao.org\/faostat\/es\/\" target=\"_blank\" rel=\"noopener\" data-saferedirecturl=\"https:\/\/www.google.com\/url?q=https:\/\/www.fao.org\/faostat\/es\/&amp;source=gmail&amp;ust=1759646628433000&amp;usg=AOvVaw1JaTd65plmwQ1K3Zj4XYJq\">https:\/\/www.fao.org\/faostat\/es\/<\/a><br \/>\nEstad\u00edsticas agr\u00edcolas y alimentarias.<\/p>\n<p>ONU Habitat Data<br \/>\n<a href=\"https:\/\/data.unhabitat.org\/\" target=\"_blank\" rel=\"noopener\" data-saferedirecturl=\"https:\/\/www.google.com\/url?q=https:\/\/data.unhabitat.org\/&amp;source=gmail&amp;ust=1759646628433000&amp;usg=AOvVaw2Zhzx7dVPKYg7JCLW1is-j\">https:\/\/data.unhabitat.org\/<\/a><br \/>\nDatos sobre urbanizaci\u00f3n y ciudades.<\/p>\n<p>Our World in Data<br \/>\n<a href=\"https:\/\/ourworldindata.org\/\" target=\"_blank\" rel=\"noopener\" data-saferedirecturl=\"https:\/\/www.google.com\/url?q=https:\/\/ourworldindata.org\/&amp;source=gmail&amp;ust=1759646628433000&amp;usg=AOvVaw1tSz62MI-6Y2zryRVUihCU\">https:\/\/ourworldindata.org\/<\/a><br \/>\nGr\u00e1ficos sobre poblaci\u00f3n, energ\u00eda y clima.<\/p>\n<p>Selectividad.tv \u2013 Geograf\u00eda<br \/>\n<a href=\"https:\/\/www.selectividad.tv\/asignatura\/geografia\" target=\"_blank\" rel=\"noopener\" data-saferedirecturl=\"https:\/\/www.google.com\/url?q=https:\/\/www.selectividad.tv\/asignatura\/geografia&amp;source=gmail&amp;ust=1759646628433000&amp;usg=AOvVaw3d6M21iECuLXTChIfVjJNv\">https:\/\/www.selectividad.tv\/asignatura\/geografia<\/a><br \/>\nVideoclases de repaso para PEvAU.<\/p>\n<p>Cilleruelo \u2013 Geograf\u00eda<br \/>\n<a href=\"https:\/\/jangelcilleruelo.wordpress.com\/geografia-de-espana-2o-bachillerato\/\" target=\"_blank\" rel=\"noopener\" data-saferedirecturl=\"https:\/\/www.google.com\/url?q=https:\/\/jangelcilleruelo.wordpress.com\/geografia-de-espana-2o-bachillerato\/&amp;source=gmail&amp;ust=1759646628433000&amp;usg=AOvVaw2OxVZUk0PAb4I54-6_Sfck\">https:\/\/jangelcilleruelo.wordpress.com\/geografia-de-espana-2o-bachillerato\/<\/a><br \/>\nApuntes y mapas comentados.<\/p>\n<p>Proyecto Cl\u00edo \u2013 Geograf\u00eda<br \/>\n<a href=\"http:\/\/clio.rediris.es\/geografia.htm\" target=\"_blank\" rel=\"noopener\" data-saferedirecturl=\"https:\/\/www.google.com\/url?q=http:\/\/clio.rediris.es\/geografia.htm&amp;source=gmail&amp;ust=1759646628433000&amp;usg=AOvVaw10x3r3jA1pOiiWEv1H07Py\">http:\/\/clio.rediris.es\/geografia.htm<\/a><br \/>\nMateriales did\u00e1cticos.<\/p>\n<p>Geopablo \u2013 IES Profesor Pablo del Saz<br \/>\n<a href=\"https:\/\/geopablo.com\/\" target=\"_blank\" rel=\"noopener\" data-saferedirecturl=\"https:\/\/www.google.com\/url?q=https:\/\/geopablo.com\/&amp;source=gmail&amp;ust=1759646628433000&amp;usg=AOvVaw3eKw_Pio0LV-gUNp0jj09j\">https:\/\/geopablo.com\/<\/a><br \/>\nRecursos de geograf\u00eda para Bachillerato.<\/p>\n<p>Educaci\u00f3n 3.0 \u2013 Mapas interactivos<br \/>\n<a href=\"https:\/\/www.educaciontrespuntocero.com\/recursos\/mapas-interactivos-geografia\/\" target=\"_blank\" rel=\"noopener\" data-saferedirecturl=\"https:\/\/www.google.com\/url?q=https:\/\/www.educaciontrespuntocero.com\/recursos\/mapas-interactivos-geografia\/&amp;source=gmail&amp;ust=1759646628433000&amp;usg=AOvVaw3i0Oc3kXx2hXzqqpnhICG-\">https:\/\/www.educaciontrespuntocero.com\/recursos\/mapas-interactivos-geografia\/<\/a><br \/>\nMapas y actividades digitales.<\/p>\n<\/div>\n<\/div>\n<\/div>\n<div class=\"WhmR8e\" data-hash=\"0\"><\/div>\n<\/div>\n<\/div>\n","protected":false},"excerpt":{"rendered":"<p>Materiales de recuperaci\u00f3n de Geograf\u00eda e Historia para ESO (1\u00ba a 4\u00ba) 1\u00ba ESO Dossier de pendientes 1\u00ba ESO \u2013 IES Eduardo Linares Lumeras https:\/\/www.ieseduardolinareslumeras.com\/uploads\/1\/3\/0\/6\/130692312\/dosier_pendientes_1%C2%BA_eso.pdf Cuadernillo con actividades de recuperaci\u00f3n para 1\u00ba ESO. Actividades de recuperaci\u00f3n 1\u00ba ESO \u2013 IES Trassierra https:\/\/sites.google.com\/site\/franlovillo\/materiales-para-los-alumnos-de-2o-c\/actividades-de-recuperacion-de-la-materia-pendiente-de-1o-eso Ejercicios para recuperar contenidos b\u00e1sicos de 1\u00ba ESO. 2\u00ba ESO Cuadernillo de recuperaci\u00f3n [&hellip;]<\/p>\n","protected":false},"author":21165,"featured_media":7,"parent":2,"menu_order":0,"comment_status":"closed","ping_status":"closed","template":"","meta":{"footnotes":""},"aioseo_notices":[],"_links":{"self":[{"href":"https:\/\/blogsaverroes.juntadeandalucia.es\/dptoccsszoco\/wp-json\/wp\/v2\/pages\/28"}],"collection":[{"href":"https:\/\/blogsaverroes.juntadeandalucia.es\/dptoccsszoco\/wp-json\/wp\/v2\/pages"}],"about":[{"href":"https:\/\/blogsaverroes.juntadeandalucia.es\/dptoccsszoco\/wp-json\/wp\/v2\/types\/page"}],"author":[{"embeddable":true,"href":"https:\/\/blogsaverroes.juntadeandalucia.es\/dptoccsszoco\/wp-json\/wp\/v2\/users\/21165"}],"replies":[{"embeddable":true,"href":"https:\/\/blogsaverroes.juntadeandalucia.es\/dptoccsszoco\/wp-json\/wp\/v2\/comments?post=28"}],"version-history":[{"count":2,"href":"https:\/\/blogsaverroes.juntadeandalucia.es\/dptoccsszoco\/wp-json\/wp\/v2\/pages\/28\/revisions"}],"predecessor-version":[{"id":30,"href":"https:\/\/blogsaverroes.juntadeandalucia.es\/dptoccsszoco\/wp-json\/wp\/v2\/pages\/28\/revisions\/30"}],"up":[{"embeddable":true,"href":"https:\/\/blogsaverroes.juntadeandalucia.es\/dptoccsszoco\/wp-json\/wp\/v2\/pages\/2"}],"wp:featuredmedia":[{"embeddable":true,"href":"https:\/\/blogsaverroes.juntadeandalucia.es\/dptoccsszoco\/wp-json\/wp\/v2\/media\/7"}],"wp:attachment":[{"href":"https:\/\/blogsaverroes.juntadeandalucia.es\/dptoccsszoco\/wp-json\/wp\/v2\/media?parent=28"}],"curies":[{"name":"wp","href":"https:\/\/api.w.org\/{rel}","templated":true}]}}