{"id":1750,"date":"2021-08-09T13:00:39","date_gmt":"2021-08-09T12:00:39","guid":{"rendered":"https:\/\/blogsaverroes.juntadeandalucia.es\/ecoescuelapadremarchena\/?page_id=1750"},"modified":"2023-10-25T13:28:03","modified_gmt":"2023-10-25T12:28:03","slug":"secretaria","status":"publish","type":"page","link":"https:\/\/blogsaverroes.juntadeandalucia.es\/ecoescuelapadremarchena\/secretaria\/","title":{"rendered":"Secretar\u00eda"},"content":{"rendered":"<p>[et_pb_section fb_built=&#8221;1&#8243; fullwidth=&#8221;on&#8221; _builder_version=&#8221;4.5.0&#8243; _module_preset=&#8221;default&#8221; global_colors_info=&#8221;{}&#8221;][et_pb_fullwidth_header title=&#8221;SECRETAR\u00cdA&#8221; text_orientation=&#8221;center&#8221; logo_image_url=&#8221;https:\/\/blogsaverroes.juntadeandalucia.es\/ecoescuelapadremarchena\/files\/2021\/08\/escudo-padre-marchena-x200.png&#8221; image_orientation=&#8221;bottom&#8221; _builder_version=&#8221;4.5.0&#8243; _module_preset=&#8221;default&#8221; title_font=&#8221;|700||on|||||&#8221; title_text_align=&#8221;center&#8221; title_text_color=&#8221;#e02b20&#8243; title_font_size=&#8221;46px&#8221; title_line_height=&#8221;0.5em&#8221; content_text_align=&#8221;center&#8221; background_enable_color=&#8221;off&#8221; background_image=&#8221;https:\/\/blogsaverroes.juntadeandalucia.es\/ecoescuelapadremarchena\/files\/2021\/08\/Porches-padre-marchena-1024X400.jpg&#8221; background_layout=&#8221;light&#8221; custom_margin=&#8221;-47px||-47px||true|false&#8221; custom_margin_tablet=&#8221;&#8221; custom_margin_phone=&#8221;&#8221; custom_margin_last_edited=&#8221;on|phone&#8221; child_filter_opacity=&#8221;97%&#8221; title_line_height_tablet=&#8221;&#8221; title_line_height_phone=&#8221;1.1em&#8221; title_line_height_last_edited=&#8221;on|phone&#8221; title_text_shadow_style=&#8221;preset1&#8243; border_radii_image=&#8221;off||||&#8221; text_shadow_style=&#8221;preset1&#8243; text_shadow_color=&#8221;#8300e9&#8243; global_colors_info=&#8221;{}&#8221;][\/et_pb_fullwidth_header][\/et_pb_section][et_pb_section fb_built=&#8221;1&#8243; specialty=&#8221;on&#8221; _builder_version=&#8221;4.5.0&#8243; _module_preset=&#8221;default&#8221; global_colors_info=&#8221;{}&#8221;][et_pb_column type=&#8221;2_3&#8243; specialty_columns=&#8221;2&#8243; _builder_version=&#8221;3.25&#8243; custom_padding=&#8221;|||&#8221; global_colors_info=&#8221;{}&#8221; custom_padding__hover=&#8221;|||&#8221;][et_pb_row_inner _builder_version=&#8221;4.5.0&#8243; _module_preset=&#8221;default&#8221; global_colors_info=&#8221;{}&#8221;][et_pb_column_inner saved_specialty_column_type=&#8221;2_3&#8243; _builder_version=&#8221;4.5.0&#8243; _module_preset=&#8221;default&#8221; global_colors_info=&#8221;{}&#8221;][et_pb_text _builder_version=&#8221;4.5.0&#8243; _module_preset=&#8221;default&#8221; header_3_font_size=&#8221;16px&#8221; header_3_line_height=&#8221;1.6em&#8221; header_4_font=&#8221;|700|||||||&#8221; header_4_font_size=&#8221;19px&#8221; header_4_letter_spacing=&#8221;2px&#8221; header_4_line_height=&#8221;1.3em&#8221; global_colors_info=&#8221;{}&#8221;]<\/p>\n<h3 style=\"text-align: justify;padding-left: 30px\">La\u00a0Secretar\u00eda\u00a0informar\u00e1 de todos aquellos tr\u00e1mites, plazos y documentaci\u00f3n que sean necesarios e importantes para la escolarizaci\u00f3n y diversas gestiones de car\u00e1cter administrativo de nuestros alumnos y alumnas.<\/h3>\n<h1 style=\"padding-left: 30px\"><strong><\/strong><\/h1>\n<h1 style=\"padding-left: 30px\"><strong>HORARIO DE ATENCI\u00d3N A LAS FAMILIAS:<\/strong><\/h1>\n<h4 style=\"padding-left: 30px\"><\/h4>\n<h4 style=\"padding-left: 30px\">De lunes a viernes laborables de 9:00 h. a 14:30 h.<\/h4>\n<p>[\/et_pb_text][\/et_pb_column_inner][\/et_pb_row_inner][et_pb_row_inner _builder_version=&#8221;4.5.0&#8243; _module_preset=&#8221;default&#8221; custom_margin=&#8221;20px||||false|false&#8221; border_width_all=&#8221;6px&#8221; border_color_all=&#8221;#e2e2e2&#8243; global_colors_info=&#8221;{}&#8221;][et_pb_column_inner saved_specialty_column_type=&#8221;2_3&#8243; _builder_version=&#8221;4.5.0&#8243; _module_preset=&#8221;default&#8221; global_colors_info=&#8221;{}&#8221;][et_pb_text _builder_version=&#8221;4.5.0&#8243; _module_preset=&#8221;default&#8221; text_font=&#8221;|600|||||||&#8221; header_font=&#8221;|600|||||||&#8221; background_color=&#8221;#d6d6d6&#8243; custom_margin=&#8221;-11px||||false|false&#8221; custom_padding=&#8221;3px|||||&#8221; link_option_url_new_window=&#8221;on&#8221; global_colors_info=&#8221;{}&#8221;]<\/p>\n<h1 style=\"text-align: center\">IMPRESOS<\/h1>\n<p>[\/et_pb_text][et_pb_text _builder_version=&#8221;4.14.5&#8243; _module_preset=&#8221;default&#8221; text_font=&#8221;|600|||||||&#8221; text_font_size=&#8221;15px&#8221; header_font=&#8221;|600|||||||&#8221; background_color=&#8221;#f2f2f2&#8243; custom_margin=&#8221;7px||7px||true|false&#8221; custom_padding=&#8221;3px||||false|false&#8221; link_option_url_new_window=&#8221;on&#8221; hover_enabled=&#8221;0&#8243; global_colors_info=&#8221;{}&#8221; sticky_enabled=&#8221;0&#8243;]<\/p>\n<p style=\"padding-left: 30px\"><a href=\"https:\/\/drive.google.com\/file\/d\/1uYPLwvzrgkYUC-PNHQdWNy_Y4RlE1Tqq\/view?usp=sharing\" target=\"_blank\" rel=\"noopener noreferrer\">MODELO DE SOLICITUD GENERAL<\/a><\/p>\n<p>[\/et_pb_text][et_pb_text _builder_version=&#8221;4.5.0&#8243; _module_preset=&#8221;default&#8221; text_font=&#8221;|600|||||||&#8221; text_font_size=&#8221;15px&#8221; header_font=&#8221;|600|||||||&#8221; background_color=&#8221;#f2f2f2&#8243; custom_margin=&#8221;7px||7px||true|false&#8221; custom_padding=&#8221;3px|||||&#8221; link_option_url_new_window=&#8221;on&#8221; global_colors_info=&#8221;{}&#8221;]<\/p>\n<p style=\"padding-left: 30px\"><a href=\"https:\/\/drive.google.com\/file\/d\/1uN6soirv74sBZdDchd0OFBvXLtGoXmYI\/view\" target=\"_blank\" rel=\"noopener noreferrer\">JUSTIFICACI\u00d3N DE FALTAS<\/a><\/p>\n<p>[\/et_pb_text][et_pb_text _builder_version=&#8221;4.5.0&#8243; _module_preset=&#8221;default&#8221; text_font=&#8221;|600|||||||&#8221; header_font=&#8221;|600|||||||&#8221; background_color=&#8221;#f2f2f2&#8243; custom_margin=&#8221;7px||7px||true|false&#8221; custom_padding=&#8221;3px|||||&#8221; link_option_url_new_window=&#8221;on&#8221; global_colors_info=&#8221;{}&#8221;]<\/p>\n<p style=\"padding-left: 30px\"><a href=\"https:\/\/drive.google.com\/file\/d\/1usXphqEMwVPzckVURBqBf9SE9dlzvLWb\/view\" target=\"_blank\" rel=\"noopener noreferrer\">AUTORIZACI\u00d3N PARA PARTICIPACI\u00d3N DEL ALUMNADO EN ACTIVIDADES COMPLEMENTARIAS<\/a><\/p>\n<p>[\/et_pb_text][et_pb_text _builder_version=&#8221;4.5.0&#8243; _module_preset=&#8221;default&#8221; text_font=&#8221;|600|||||||&#8221; text_font_size=&#8221;15px&#8221; header_font=&#8221;|600|||||||&#8221; background_color=&#8221;#f2f2f2&#8243; custom_margin=&#8221;7px||7px||true|false&#8221; custom_padding=&#8221;3px|||||&#8221; link_option_url_new_window=&#8221;on&#8221; global_colors_info=&#8221;{}&#8221;]<\/p>\n<p style=\"padding-left: 30px\"><a href=\"https:\/\/drive.google.com\/file\/d\/1S2tar6BdIZpQIxLgY6BJTv7lKYT05Cn4\/view\" target=\"_blank\" rel=\"noopener noreferrer\">AUTORIZACI\u00d3N PARA RECOGIDA DEL ALUMNADO POR PERSONA DISTINTA A LOS TUTORES LEGALES<\/a><\/p>\n<p>[\/et_pb_text][et_pb_text _builder_version=&#8221;4.5.0&#8243; _module_preset=&#8221;default&#8221; text_font=&#8221;|600|||||||&#8221; text_font_size=&#8221;15px&#8221; header_font=&#8221;|600|||||||&#8221; background_color=&#8221;#f2f2f2&#8243; custom_margin=&#8221;7px||7px||true|false&#8221; custom_padding=&#8221;3px|||||&#8221; link_option_url_new_window=&#8221;on&#8221; global_colors_info=&#8221;{}&#8221;]<\/p>\n<p style=\"padding-left: 30px\"><a href=\"https:\/\/drive.google.com\/file\/d\/1uSYP8KXJ7ocAYjKz42wkQJdCYOR5bCw8\/view\" target=\"_blank\" rel=\"noopener noreferrer\">AUTORIZACI\u00d3N PARA SALIDA DEL ALUMNADO SIN ACOMPA\u00d1ANTE<\/a><\/p>\n<p>[\/et_pb_text][et_pb_text _builder_version=&#8221;4.5.0&#8243; _module_preset=&#8221;default&#8221; text_font=&#8221;|600|||||||&#8221; text_font_size=&#8221;15px&#8221; header_font=&#8221;|600|||||||&#8221; background_color=&#8221;#f2f2f2&#8243; custom_margin=&#8221;7px||7px||true|false&#8221; custom_padding=&#8221;3px|||||&#8221; link_option_url_new_window=&#8221;on&#8221; global_colors_info=&#8221;{}&#8221;]<\/p>\n<p style=\"padding-left: 30px\"><a href=\"https:\/\/drive.google.com\/file\/d\/1r6LiA2z5UDYQ9g-MBTRWbAxpm6L8c3Pd\/view\" target=\"_blank\" rel=\"noopener noreferrer\">AUTORIZACI\u00d3N DE USO DE LA IMAGEN\u00a0 DEL ALUMNADO<\/a><\/p>\n<p>[\/et_pb_text][et_pb_text _builder_version=&#8221;4.5.0&#8243; _module_preset=&#8221;default&#8221; text_font=&#8221;|600|||||||&#8221; text_font_size=&#8221;15px&#8221; header_font=&#8221;|600|||||||&#8221; background_color=&#8221;#f2f2f2&#8243; custom_margin=&#8221;7px||7px||true|false&#8221; custom_padding=&#8221;3px|||||&#8221; link_option_url_new_window=&#8221;on&#8221; global_colors_info=&#8221;{}&#8221;]<\/p>\n<p style=\"padding-left: 30px\"><a href=\"https:\/\/drive.google.com\/file\/d\/1tRzGQV6dzqrghkOAYy56gbvyl76eJf_e\/view\" target=\"_blank\" rel=\"noopener noreferrer\">AUTORIZACI\u00d3N G SUITE PARA CENTROS EDUCATIVOS<\/a><\/p>\n<p>[\/et_pb_text][et_pb_text _builder_version=&#8221;4.5.0&#8243; _module_preset=&#8221;default&#8221; text_font=&#8221;|600|||||||&#8221; header_font=&#8221;|600|||||||&#8221; background_color=&#8221;#f2f2f2&#8243; custom_margin=&#8221;-4px||-4px||true|false&#8221; custom_padding=&#8221;0px||||false|false&#8221; link_option_url_new_window=&#8221;on&#8221; global_colors_info=&#8221;{}&#8221;][\/et_pb_text][et_pb_text _builder_version=&#8221;4.5.0&#8243; _module_preset=&#8221;default&#8221; text_font=&#8221;|600|||||||&#8221; header_font=&#8221;|600|||||||&#8221; background_color=&#8221;#d6d6d6&#8243; custom_margin=&#8221;-12px||||false|false&#8221; custom_padding=&#8221;3px||||false|false&#8221; link_option_url_new_window=&#8221;on&#8221; global_colors_info=&#8221;{}&#8221;]<\/p>\n<h4 style=\"text-align: center\"><strong>Aula matinal, comedor y actividades extraescolares<\/strong><\/h4>\n<p>[\/et_pb_text][et_pb_text _builder_version=&#8221;4.5.0&#8243; _module_preset=&#8221;default&#8221; text_font=&#8221;|600|||||||&#8221; header_font=&#8221;|600|||||||&#8221; background_color=&#8221;#f2f2f2&#8243; min_height=&#8221;28px&#8221; custom_margin=&#8221;7px||7px||true|false&#8221; custom_padding=&#8221;3px|||||&#8221; link_option_url_new_window=&#8221;on&#8221; global_colors_info=&#8221;{}&#8221;]<\/p>\n<p style=\"padding-left: 30px\"><a href=\"https:\/\/www.juntadeandalucia.es\/educacion\/portals\/delegate\/content\/6c4342f7-1581-4c26-bc7e-2e49b4b64cee\/Anexo%20II.-%20Servicio%20de%20Aula%20Matinal,%20Comedor%20Escolar%20y%20actividades%20Extraescolares\" target=\"_blank\" rel=\"noopener noreferrer\">ANEXO II.- SERVICIO DE AULA MATINAL, COMEDOR ESCOLAR Y ACTIVIDADES EXTRAESCOLARES<\/a><\/p>\n<p>[\/et_pb_text][et_pb_text _builder_version=&#8221;4.5.0&#8243; _module_preset=&#8221;default&#8221; text_font=&#8221;|600|||||||&#8221; header_font=&#8221;|600|||||||&#8221; background_color=&#8221;#f2f2f2&#8243; min_height=&#8221;28px&#8221; custom_margin=&#8221;7px||7px||true|false&#8221; custom_padding=&#8221;3px|||||&#8221; link_option_url_new_window=&#8221;on&#8221; global_colors_info=&#8221;{}&#8221;]<\/p>\n<p style=\"padding-left: 30px\"><a href=\"https:\/\/www.juntadeandalucia.es\/educacion\/portals\/delegate\/content\/fcc8b9c5-53ad-46ca-9098-80d7b3c81097\/Anexo%20V.-%20Gratuidad\/bonificaci%C3%B3n%20del%20precio%20p%C3%BAblico%20por%20los%20servicios%20complementarios%20de%20Aula%20Matinal,%20Comedor%20Escolar%20y%20Actividades%20Extraescolares\" target=\"_blank\" rel=\"noopener noreferrer\">ANEXO V.- GRATUIDAD\/BONIFICACI\u00d3N DEL PRECIO P\u00daBLICO POR LOS SERVICIOS COMPLEMENTARIOS DE AULA MATINAL, COMEDOR ESCOLAR Y ACTIVIDADES EXTRAESCOLARES<\/a><\/p>\n<p>[\/et_pb_text][\/et_pb_column_inner][\/et_pb_row_inner][et_pb_row_inner column_structure=&#8221;1_2,1_2&#8243; _builder_version=&#8221;4.5.0&#8243; _module_preset=&#8221;default&#8221; global_colors_info=&#8221;{}&#8221;][et_pb_column_inner type=&#8221;1_2&#8243; saved_specialty_column_type=&#8221;2_3&#8243; _builder_version=&#8221;4.5.0&#8243; _module_preset=&#8221;default&#8221; global_colors_info=&#8221;{}&#8221;][et_pb_image src=&#8221;https:\/\/blogsaverroes.juntadeandalucia.es\/ecoescuelapadremarchena\/files\/2021\/08\/Admisi\u00f3n-y-escolarizaci\u00f3n.png&#8221; title_text=&#8221;Admisi\u00f3n y escolarizaci\u00f3n&#8221; url=&#8221;https:\/\/www.juntadeandalucia.es\/educacion\/portals\/web\/escolarizacion\/infantil-a-bachillerato?p_p_auth=HfBJCx9d&amp;p_p_id=49&amp;p_p_lifecycle=1&amp;p_p_state=normal&amp;p_p_mode=view&amp;_49_struts_action=%2Fmy_sites%2Fview&amp;_49_groupId=22069&amp;_49_privateLayout=false&#8221; url_new_window=&#8221;on&#8221; _builder_version=&#8221;4.5.0&#8243; _module_preset=&#8221;default&#8221; height=&#8221;100px&#8221; max_height=&#8221;1000px&#8221; box_shadow_style=&#8221;preset5&#8243; global_colors_info=&#8221;{}&#8221;][\/et_pb_image][\/et_pb_column_inner][et_pb_column_inner type=&#8221;1_2&#8243; saved_specialty_column_type=&#8221;2_3&#8243; _builder_version=&#8221;4.5.0&#8243; _module_preset=&#8221;default&#8221; global_colors_info=&#8221;{}&#8221;][et_pb_image src=&#8221;https:\/\/blogsaverroes.juntadeandalucia.es\/ecoescuelapadremarchena\/files\/2021\/08\/imagen-secretaria-virtual.jpg&#8221; title_text=&#8221;imagen secretaria virtual&#8221; url=&#8221;https:\/\/www.juntadeandalucia.es\/educacion\/secretariavirtual\/&#8221; url_new_window=&#8221;on&#8221; disabled_on=&#8221;on|on|off&#8221; admin_label=&#8221;Secretaria Virtual&#8221; _builder_version=&#8221;4.5.0&#8243; _module_preset=&#8221;default&#8221; module_alignment=&#8221;center&#8221; min_height=&#8221;83px&#8221; height=&#8221;100px&#8221; border_width_right=&#8221;2px&#8221; border_color_right=&#8221;#e2e2e2&#8243; box_shadow_style=&#8221;preset5&#8243; locked=&#8221;off&#8221; global_colors_info=&#8221;{}&#8221;][\/et_pb_image][\/et_pb_column_inner][\/et_pb_row_inner][\/et_pb_column][et_pb_column type=&#8221;1_3&#8243; _builder_version=&#8221;3.25&#8243; custom_padding=&#8221;|||&#8221; global_colors_info=&#8221;{}&#8221; custom_padding__hover=&#8221;|||&#8221;][et_pb_image src=&#8221;https:\/\/blogsaverroes.juntadeandalucia.es\/ecoescuelapadremarchena\/files\/2021\/08\/imagen-secretaria-virtual.jpg&#8221; title_text=&#8221;imagen secretaria virtual&#8221; url=&#8221;https:\/\/www.juntadeandalucia.es\/educacion\/secretariavirtual\/&#8221; url_new_window=&#8221;on&#8221; force_fullwidth=&#8221;on&#8221; disabled_on=&#8221;on|on|off&#8221; admin_label=&#8221;Secretaria Virtual&#8221; _builder_version=&#8221;4.5.0&#8243; _module_preset=&#8221;default&#8221; module_alignment=&#8221;center&#8221; min_height=&#8221;83px&#8221; border_width_right=&#8221;2px&#8221; border_color_right=&#8221;#e2e2e2&#8243; locked=&#8221;off&#8221; global_colors_info=&#8221;{}&#8221;][\/et_pb_image][et_pb_sidebar disabled_on=&#8221;on|on|off&#8221; _builder_version=&#8221;4.5.0&#8243; _module_preset=&#8221;default&#8221; body_font_size=&#8221;13px&#8221; body_line_height=&#8221;1.1em&#8221; global_colors_info=&#8221;{}&#8221;][\/et_pb_sidebar][\/et_pb_column][\/et_pb_section][et_pb_section fb_built=&#8221;1&#8243; _builder_version=&#8221;4.5.0&#8243; _module_preset=&#8221;default&#8221; background_image=&#8221;https:\/\/blogsaverroes.juntadeandalucia.es\/ecoescuelapadremarchena\/files\/2021\/08\/0-345_pastel-cute-green-background.jpg&#8221; global_colors_info=&#8221;{}&#8221;][et_pb_row column_structure=&#8221;1_3,1_3,1_3&#8243; _builder_version=&#8221;4.5.0&#8243; _module_preset=&#8221;default&#8221; global_colors_info=&#8221;{}&#8221;][et_pb_column type=&#8221;1_3&#8243; _builder_version=&#8221;4.5.0&#8243; _module_preset=&#8221;default&#8221; global_colors_info=&#8221;{}&#8221;][et_pb_text _builder_version=&#8221;4.5.0&#8243; _module_preset=&#8221;default&#8221; text_font=&#8221;|600|||||||&#8221; text_font_size=&#8221;15px&#8221; header_font=&#8221;|600|||||||&#8221; background_color=&#8221;#ffffff&#8221; text_orientation=&#8221;center&#8221; custom_padding=&#8221;||0px|||&#8221; animation_style=&#8221;fade&#8221; border_width_all=&#8221;3px&#8221; border_color_all=&#8221;#8300e9&#8243; box_shadow_style=&#8221;preset1&#8243; global_colors_info=&#8221;{}&#8221;]<\/p>\n<p class=\"title style-scope ytd-video-primary-info-renderer\">iPASEN: Instalaci\u00f3n y Primer Acceso<\/p>\n<p>[\/et_pb_text][et_pb_code _builder_version=&#8221;4.5.0&#8243; _module_preset=&#8221;default&#8221; box_shadow_style=&#8221;preset2&#8243; global_colors_info=&#8221;{}&#8221;]<iframe loading=\"lazy\" width=\"560\" height=\"315\" src=\"https:\/\/www.youtube.com\/embed\/Gywfd_XncSA\" frameborder=\"0\"><\/iframe>[\/et_pb_code][\/et_pb_column][et_pb_column type=&#8221;1_3&#8243; _builder_version=&#8221;4.5.0&#8243; _module_preset=&#8221;default&#8221; global_colors_info=&#8221;{}&#8221;][et_pb_text _builder_version=&#8221;4.5.0&#8243; _module_preset=&#8221;default&#8221; text_font=&#8221;|600|||||||&#8221; text_font_size=&#8221;15px&#8221; header_font=&#8221;|600|||||||&#8221; background_color=&#8221;#ffffff&#8221; text_orientation=&#8221;center&#8221; custom_padding=&#8221;||0px|||&#8221; animation_style=&#8221;fade&#8221; border_width_all=&#8221;3px&#8221; border_color_all=&#8221;#8300e9&#8243; box_shadow_style=&#8221;preset1&#8243; global_colors_info=&#8221;{}&#8221;]<\/p>\n<p class=\"title style-scope ytd-video-primary-info-renderer\">IPASEN: Autorizaciones y Firmas<\/p>\n<p>[\/et_pb_text][et_pb_code _builder_version=&#8221;4.5.0&#8243; _module_preset=&#8221;default&#8221; box_shadow_style=&#8221;preset2&#8243; global_colors_info=&#8221;{}&#8221;]<iframe loading=\"lazy\" width=\"560\" height=\"315\" src=\"https:\/\/www.youtube.com\/embed\/BzsH8tJCN28\" frameborder=\"0\"><\/iframe>[\/et_pb_code][\/et_pb_column][et_pb_column type=&#8221;1_3&#8243; _builder_version=&#8221;4.5.0&#8243; _module_preset=&#8221;default&#8221; global_colors_info=&#8221;{}&#8221;][et_pb_text _builder_version=&#8221;4.5.0&#8243; _module_preset=&#8221;default&#8221; text_font=&#8221;|600|||||||&#8221; text_font_size=&#8221;15px&#8221; header_font=&#8221;|600|||||||&#8221; background_color=&#8221;#ffffff&#8221; text_orientation=&#8221;center&#8221; custom_padding=&#8221;||0px|||&#8221; animation_style=&#8221;fade&#8221; border_width_all=&#8221;3px&#8221; border_color_all=&#8221;#8300e9&#8243; box_shadow_style=&#8221;preset1&#8243; global_colors_info=&#8221;{}&#8221;]<\/p>\n<p class=\"title style-scope ytd-video-primary-info-renderer\">Acceso a la Secretar\u00eda Virtual con iANDe<\/p>\n<p>[\/et_pb_text][et_pb_code _builder_version=&#8221;4.5.0&#8243; _module_preset=&#8221;default&#8221; box_shadow_style=&#8221;preset2&#8243; global_colors_info=&#8221;{}&#8221;]<iframe loading=\"lazy\" width=\"560\" height=\"315\" src=\"https:\/\/www.youtube.com\/embed\/p8bqMdBsLd4\" frameborder=\"0\"><\/iframe>[\/et_pb_code][\/et_pb_column][\/et_pb_row][\/et_pb_section]<\/p>\n","protected":false},"excerpt":{"rendered":"<p>La\u00a0Secretar\u00eda\u00a0informar\u00e1 de todos aquellos tr\u00e1mites, plazos y documentaci\u00f3n que sean necesarios e importantes para la escolarizaci\u00f3n y diversas gestiones de car\u00e1cter administrativo de nuestros alumnos y alumnas. HORARIO DE ATENCI\u00d3N A LAS FAMILIAS: De lunes a viernes laborables de 9:00 h. a 14:30 h.IMPRESOSMODELO DE SOLICITUD GENERALJUSTIFICACI\u00d3N DE FALTASAUTORIZACI\u00d3N PARA PARTICIPACI\u00d3N DEL ALUMNADO EN ACTIVIDADES [&hellip;]<\/p>\n","protected":false},"author":12897,"featured_media":0,"parent":0,"menu_order":0,"comment_status":"closed","ping_status":"closed","template":"","meta":{"_et_pb_use_builder":"on","_et_pb_old_content":"","_et_gb_content_width":"","ngg_post_thumbnail":0,"footnotes":""},"aioseo_notices":[],"_links":{"self":[{"href":"https:\/\/blogsaverroes.juntadeandalucia.es\/ecoescuelapadremarchena\/wp-json\/wp\/v2\/pages\/1750"}],"collection":[{"href":"https:\/\/blogsaverroes.juntadeandalucia.es\/ecoescuelapadremarchena\/wp-json\/wp\/v2\/pages"}],"about":[{"href":"https:\/\/blogsaverroes.juntadeandalucia.es\/ecoescuelapadremarchena\/wp-json\/wp\/v2\/types\/page"}],"author":[{"embeddable":true,"href":"https:\/\/blogsaverroes.juntadeandalucia.es\/ecoescuelapadremarchena\/wp-json\/wp\/v2\/users\/12897"}],"replies":[{"embeddable":true,"href":"https:\/\/blogsaverroes.juntadeandalucia.es\/ecoescuelapadremarchena\/wp-json\/wp\/v2\/comments?post=1750"}],"version-history":[{"count":37,"href":"https:\/\/blogsaverroes.juntadeandalucia.es\/ecoescuelapadremarchena\/wp-json\/wp\/v2\/pages\/1750\/revisions"}],"predecessor-version":[{"id":3672,"href":"https:\/\/blogsaverroes.juntadeandalucia.es\/ecoescuelapadremarchena\/wp-json\/wp\/v2\/pages\/1750\/revisions\/3672"}],"wp:attachment":[{"href":"https:\/\/blogsaverroes.juntadeandalucia.es\/ecoescuelapadremarchena\/wp-json\/wp\/v2\/media?parent=1750"}],"curies":[{"name":"wp","href":"https:\/\/api.w.org\/{rel}","templated":true}]}}