{"id":2655,"date":"2025-02-01T17:50:12","date_gmt":"2025-02-01T16:50:12","guid":{"rendered":"https:\/\/blogsaverroes.juntadeandalucia.es\/ecoescuelapadremarchena\/?page_id=2655"},"modified":"2026-02-10T15:49:56","modified_gmt":"2026-02-10T14:49:56","slug":"escolarizacion","status":"publish","type":"page","link":"https:\/\/blogsaverroes.juntadeandalucia.es\/ecoescuelapadremarchena\/escolarizacion\/","title":{"rendered":"escolarizacion"},"content":{"rendered":"<p>[et_pb_section fb_built=&#8221;1&#8243; _builder_version=&#8221;4.24.2&#8243; _module_preset=&#8221;default&#8221; background_image=&#8221;https:\/\/blogsaverroes.juntadeandalucia.es\/ecoescuelapadremarchena\/files\/2026\/02\/green-paint-brush-textured-background-scaled.jpg&#8221; locked=&#8221;off&#8221; global_colors_info=&#8221;{}&#8221;][et_pb_row _builder_version=&#8221;4.16&#8243; _module_preset=&#8221;default&#8221; global_colors_info=&#8221;{}&#8221;][et_pb_column type=&#8221;4_4&#8243; _builder_version=&#8221;4.16&#8243; _module_preset=&#8221;default&#8221; global_colors_info=&#8221;{}&#8221;][et_pb_image src=&#8221;https:\/\/blogsaverroes.juntadeandalucia.es\/ecoescuelapadremarchena\/files\/2026\/02\/BANNERS-PARA-WEB-800-x-200-px-4.png&#8221; title_text=&#8221;_BANNERS PARA WEB (800 x 200 px) (4)&#8221; align=&#8221;center&#8221; _builder_version=&#8221;4.24.2&#8243; _module_preset=&#8221;default&#8221; hover_enabled=&#8221;0&#8243; global_colors_info=&#8221;{}&#8221; sticky_enabled=&#8221;0&#8243; force_fullwidth=&#8221;on&#8221;][\/et_pb_image][\/et_pb_column][\/et_pb_row][et_pb_row column_structure=&#8221;1_5,3_5,1_5&#8243; _builder_version=&#8221;4.16&#8243; _module_preset=&#8221;default&#8221; global_colors_info=&#8221;{}&#8221;][et_pb_column type=&#8221;1_5&#8243; _builder_version=&#8221;4.16&#8243; _module_preset=&#8221;default&#8221; global_colors_info=&#8221;{}&#8221;][\/et_pb_column][et_pb_column type=&#8221;3_5&#8243; _builder_version=&#8221;4.16&#8243; _module_preset=&#8221;default&#8221; global_colors_info=&#8221;{}&#8221;][et_pb_code _builder_version=&#8221;4.24.2&#8243; _module_preset=&#8221;default&#8221; global_colors_info=&#8221;{}&#8221;]<iframe loading=\"lazy\" width=\"560\" height=\"315\" src=\"https:\/\/www.youtube.com\/embed\/vfUKt151Yo4?si=jP-oZH-wMbcPy_lQ\" frameborder=\"0\"><\/iframe>[\/et_pb_code][\/et_pb_column][et_pb_column type=&#8221;1_5&#8243; _builder_version=&#8221;4.16&#8243; _module_preset=&#8221;default&#8221; global_colors_info=&#8221;{}&#8221;][\/et_pb_column][\/et_pb_row][et_pb_row admin_label=&#8221;Jornadas puertas abiertas&#8221; _builder_version=&#8221;4.16&#8243; _module_preset=&#8221;default&#8221; global_colors_info=&#8221;{}&#8221;][et_pb_column type=&#8221;4_4&#8243; _builder_version=&#8221;4.16&#8243; _module_preset=&#8221;default&#8221; global_colors_info=&#8221;{}&#8221;][et_pb_text admin_label=&#8221;Titulo JORNADAS PUERTAS ABIERTAS&#8221; _builder_version=&#8221;4.16&#8243; _module_preset=&#8221;default&#8221; text_font=&#8221;|800|||||||&#8221; text_text_color=&#8221;#FFFFFF&#8221; text_font_size=&#8221;25px&#8221; text_line_height=&#8221;1.5em&#8221; header_text_color=&#8221;#FFFFFF&#8221; use_background_color_gradient=&#8221;on&#8221; background_color_gradient_type=&#8221;circular&#8221; background_color_gradient_stops=&#8221;#2b87da 0%|#0863a0 100%&#8221; background_color_gradient_end=&#8221;#0863a0&#8243; text_text_shadow_style=&#8221;preset1&#8243; border_width_all=&#8221;5px&#8221; border_color_all=&#8221;#0d40e5&#8243; box_shadow_style=&#8221;preset2&#8243; box_shadow_horizontal=&#8221;19px&#8221; box_shadow_vertical=&#8221;15px&#8221; box_shadow_blur=&#8221;25px&#8221; global_colors_info=&#8221;{}&#8221;]<\/p>\n<h1 style=\"text-align: center\">JORNADAS DE PUERTAS ABIERTAS<\/h1>\n<p>[\/et_pb_text][\/et_pb_column][\/et_pb_row][et_pb_row column_structure=&#8221;1_2,1_2&#8243; admin_label=&#8221;Jornadas puertas abiertas&#8221; _builder_version=&#8221;4.16&#8243; _module_preset=&#8221;default&#8221; custom_padding=&#8221;50px|||||&#8221; global_colors_info=&#8221;{}&#8221;][et_pb_column type=&#8221;1_2&#8243; _builder_version=&#8221;4.16&#8243; _module_preset=&#8221;default&#8221; global_colors_info=&#8221;{}&#8221;][et_pb_image src=&#8221;https:\/\/blogsaverroes.juntadeandalucia.es\/ecoescuelapadremarchena\/files\/2026\/02\/Escolarizacion-26-27.png&#8221; title_text=&#8221;Escolarizaci\u00f3n 26 27&#8243; _builder_version=&#8221;4.24.2&#8243; _module_preset=&#8221;default&#8221; global_colors_info=&#8221;{}&#8221;][\/et_pb_image][\/et_pb_column][et_pb_column type=&#8221;1_2&#8243; _builder_version=&#8221;4.16&#8243; _module_preset=&#8221;default&#8221; global_colors_info=&#8221;{}&#8221;][et_pb_image src=&#8221;https:\/\/blogsaverroes.juntadeandalucia.es\/ecoescuelapadremarchena\/files\/2026\/02\/Foto-de-David-F-6.jpg&#8221; title_text=&#8221;Foto de David F (6)&#8221; _builder_version=&#8221;4.24.2&#8243; _module_preset=&#8221;default&#8221; global_colors_info=&#8221;{}&#8221;][\/et_pb_image][\/et_pb_column][\/et_pb_row][et_pb_row _builder_version=&#8221;4.24.2&#8243; _module_preset=&#8221;default&#8221; global_colors_info=&#8221;{}&#8221;][et_pb_column type=&#8221;4_4&#8243; _builder_version=&#8221;4.24.2&#8243; _module_preset=&#8221;default&#8221; global_colors_info=&#8221;{}&#8221;][et_pb_text _builder_version=&#8221;4.16&#8243; _module_preset=&#8221;default&#8221; text_font=&#8221;|800|||||||&#8221; text_text_color=&#8221;#FFFFFF&#8221; text_font_size=&#8221;25px&#8221; text_line_height=&#8221;1.5em&#8221; header_text_color=&#8221;#FFFFFF&#8221; use_background_color_gradient=&#8221;on&#8221; background_color_gradient_type=&#8221;circular&#8221; background_color_gradient_stops=&#8221;#2b87da 0%|#0863a0 100%&#8221; background_color_gradient_end=&#8221;#0863a0&#8243; text_text_shadow_style=&#8221;preset1&#8243; border_width_all=&#8221;5px&#8221; border_color_all=&#8221;#0d40e5&#8243; box_shadow_style=&#8221;preset2&#8243; box_shadow_horizontal=&#8221;19px&#8221; box_shadow_vertical=&#8221;15px&#8221; box_shadow_blur=&#8221;25px&#8221; global_colors_info=&#8221;{}&#8221;]<\/p>\n<h1 style=\"text-align: center\"><span style=\"color: #ffffff\"><strong>NUESTRA OFERTA EDUCATIVA<\/strong><\/span><\/h1>\n<p>[\/et_pb_text][et_pb_image src=&#8221;https:\/\/blogsaverroes.juntadeandalucia.es\/ecoescuelapadremarchena\/files\/2026\/02\/escolarizacion-2_001.png&#8221; title_text=&#8221;escolarizaci\u00f3n 2_001&#8243; _builder_version=&#8221;4.24.2&#8243; _module_preset=&#8221;default&#8221; global_colors_info=&#8221;{}&#8221;][\/et_pb_image][et_pb_image src=&#8221;https:\/\/blogsaverroes.juntadeandalucia.es\/ecoescuelapadremarchena\/files\/2026\/02\/escolarizacion-1_001.png&#8221; title_text=&#8221;escolarizaci\u00f3n 1_001&#8243; _builder_version=&#8221;4.24.2&#8243; _module_preset=&#8221;default&#8221; global_colors_info=&#8221;{}&#8221;][\/et_pb_image][\/et_pb_column][\/et_pb_row][et_pb_row _builder_version=&#8221;4.16&#8243; _module_preset=&#8221;default&#8221; global_colors_info=&#8221;{}&#8221;][et_pb_column type=&#8221;4_4&#8243; _builder_version=&#8221;4.16&#8243; _module_preset=&#8221;default&#8221; global_colors_info=&#8221;{}&#8221;][et_pb_text _builder_version=&#8221;4.16&#8243; _module_preset=&#8221;default&#8221; text_font=&#8221;|800|||||||&#8221; text_text_color=&#8221;#FFFFFF&#8221; text_font_size=&#8221;25px&#8221; text_line_height=&#8221;1.5em&#8221; header_text_color=&#8221;#FFFFFF&#8221; use_background_color_gradient=&#8221;on&#8221; background_color_gradient_type=&#8221;circular&#8221; background_color_gradient_stops=&#8221;#2b87da 0%|#0863a0 100%&#8221; background_color_gradient_end=&#8221;#0863a0&#8243; text_text_shadow_style=&#8221;preset1&#8243; border_width_all=&#8221;5px&#8221; border_color_all=&#8221;#0d40e5&#8243; box_shadow_style=&#8221;preset2&#8243; box_shadow_horizontal=&#8221;19px&#8221; box_shadow_vertical=&#8221;15px&#8221; box_shadow_blur=&#8221;25px&#8221; global_colors_info=&#8221;{}&#8221;]<\/p>\n<h1 style=\"text-align: center\"><span style=\"color: #ffffff\"><strong>ADMISI\u00d3N DE ALUMNADO<\/strong><\/span><\/h1>\n<p>[\/et_pb_text][\/et_pb_column][\/et_pb_row][et_pb_row _builder_version=&#8221;4.16&#8243; _module_preset=&#8221;default&#8221; global_colors_info=&#8221;{}&#8221;][et_pb_column type=&#8221;4_4&#8243; _builder_version=&#8221;4.16&#8243; _module_preset=&#8221;default&#8221; global_colors_info=&#8221;{}&#8221;][et_pb_text _builder_version=&#8221;4.24.2&#8243; _module_preset=&#8221;default&#8221; global_colors_info=&#8221;{}&#8221;]<\/p>\n<h3>&nbsp;<\/h3>\n<h3>\u00bfQui\u00e9nes pueden participar en el proceso de admisi\u00f3n ?<\/h3>\n<ul>\n<li>Todos los ni\u00f1os y ni\u00f1as que se incorporan <strong>por primera vez<\/strong> al sistema educativo, tanto en centros p\u00fablicos como privados concertados.<\/li>\n<li>El <strong>alumnado que cambie de centro escolar<\/strong>.<\/li>\n<\/ul>\n<h3>&nbsp;<\/h3>\n<h3>\u00bfCu\u00e1ndo se puede presentar la solicitud?<\/h3>\n<ul>\n<li><strong>Entre los d\u00edas 1 al 31 de marzo<\/strong>, ambos inclusive, permanecer\u00e1 abierto en Andaluc\u00eda el plazo para la presentaci\u00f3n de solicitudes de admisi\u00f3n correspondientes al curso escolar 2026\/27.<\/li>\n<\/ul>\n<h3>&nbsp;<\/h3>\n<h3>\u00bfC\u00f3mo puedo presentar la solicitud de plaza?<\/h3>\n<ul>\n<li>Se puede presentar preferentemente de manera <strong>telem\u00e1tica<\/strong>, a trav\u00e9s de la Secretar\u00eda Virtual de los Centros Educativos (disponible las 24 horas) o de forma <strong>presencial<\/strong> en la Secretar\u00eda del CEIP Padre Marchena.<\/li>\n<li><span style=\"font-size: 14pt\">IMPORTANTE:<\/span> Todas las solicitudes presentadas, tanto presencial c\u00f3mo telem\u00e1tica, deben presentar copia autenticada del libro de familia.<\/li>\n<\/ul>\n<p>&nbsp;<\/p>\n<p><a href=\"https:\/\/www.juntadeandalucia.es\/educacion\/secretariavirtual\/accesoTramite\/543\/\"><span style=\"color: #0000ff\"><strong>Pincha para realizar la solicitud de manera telem\u00e1tica (Secretar\u00eda Virtual)<\/strong><\/span><\/a><span style=\"color: #0000ff\"><strong>.<\/strong><\/span><\/p>\n<p>&nbsp;<\/p>\n<h3>\u00bfCu\u00e1ndo puedo solicitar el aula matinal, comedor y\/o actividades extraescolares?<\/h3>\n<ul>\n<li>Se realiza durante el periodo de matriculaci\u00f3n del alumnado, <strong>del 1 al 8 de junio<\/strong><\/li>\n<\/ul>\n<h3>&nbsp;<\/h3>\n<h3>\u00bfCu\u00e1ndo se publican las solicitudes recibidas y baremadas?<\/h3>\n<ul>\n<li>El 20 de abril se publicar\u00e1 la relaci\u00f3n alfab\u00e9tica de solicitudes recibidas as\u00ed como la relaci\u00f3n baremada de alumnos y alumnas solicitantes.<\/li>\n<\/ul>\n<p>&nbsp;<\/p>\n<p>&nbsp;<\/p>\n<h3>Consulta el calendario completo de la escolarizaci\u00f3n:<\/h3>\n<p><a href=\"https:\/\/www.juntadeandalucia.es\/educacion\/portales\/web\/escolarizacion\/infantil-a-bachillerato\/calendario\">https:\/\/www.juntadeandalucia.es\/educacion\/portales\/web\/escolarizacion\/infantil-a-bachillerato\/calendario<\/a><\/p>\n<p>&nbsp;<\/p>\n<h3>Portal docente de escolarizaci\u00f3n:<\/h3>\n<p>En el siguiente enlace podemos acceder al portal docente de escolarizaci\u00f3n de la Junta de Andaluc\u00eda:<\/p>\n<p><span style=\"color: #0000ff\"> <a style=\"color: #0000ff\" href=\"https:\/\/www.juntadeandalucia.es\/educacion\/portals\/web\/escolarizacion\">https:\/\/www.juntadeandalucia.es\/educacion\/portals\/web\/escolarizacion<\/a><\/span><\/p>\n<p>&nbsp;<\/p>\n<p>[\/et_pb_text][et_pb_text _builder_version=&#8221;4.16&#8243; _module_preset=&#8221;default&#8221; text_font=&#8221;|800|||||||&#8221; text_text_color=&#8221;#FFFFFF&#8221; text_font_size=&#8221;25px&#8221; text_line_height=&#8221;1.5em&#8221; header_text_color=&#8221;#FFFFFF&#8221; use_background_color_gradient=&#8221;on&#8221; background_color_gradient_type=&#8221;circular&#8221; background_color_gradient_stops=&#8221;#2b87da 0%|#0863a0 100%&#8221; background_color_gradient_end=&#8221;#0863a0&#8243; text_text_shadow_style=&#8221;preset1&#8243; border_width_all=&#8221;5px&#8221; border_color_all=&#8221;#0d40e5&#8243; box_shadow_style=&#8221;preset2&#8243; box_shadow_horizontal=&#8221;19px&#8221; box_shadow_vertical=&#8221;15px&#8221; box_shadow_blur=&#8221;25px&#8221; global_colors_info=&#8221;{}&#8221;]<\/p>\n<h1 style=\"text-align: center\"><span style=\"color: #ffffff\"><strong>SECRETAR\u00cdA VIRTUAL<\/strong><\/span><\/h1>\n<p>[\/et_pb_text][\/et_pb_column][\/et_pb_row][et_pb_row _builder_version=&#8221;4.16&#8243; _module_preset=&#8221;default&#8221; global_colors_info=&#8221;{}&#8221;][et_pb_column type=&#8221;4_4&#8243; _builder_version=&#8221;4.16&#8243; _module_preset=&#8221;default&#8221; global_colors_info=&#8221;{}&#8221;][et_pb_image src=&#8221;https:\/\/blogsaverroes.juntadeandalucia.es\/ecoescuelapadremarchena\/files\/2022\/02\/captura-secretaria-vitual-75.jpeg&#8221; title_text=&#8221;captura secretaria vitual 75%&#8221; align=&#8221;center&#8221; _builder_version=&#8221;4.16&#8243; _module_preset=&#8221;default&#8221; global_colors_info=&#8221;{}&#8221;][\/et_pb_image][et_pb_text _builder_version=&#8221;4.16&#8243; _module_preset=&#8221;default&#8221; custom_padding=&#8221;||2px|||&#8221; global_colors_info=&#8221;{}&#8221;]<\/p>\n<p>Para poder cumplimentar la solicitud de manera telem\u00e1tica pincha en el siguiente enlace:<\/p>\n<p><span style=\"color: #0000ff\"> <a style=\"color: #0000ff\" href=\"https:\/\/www.juntadeandalucia.es\/educacion\/secretariavirtual\/accesoTramite\/543\/\">https:\/\/www.juntadeandalucia.es\/educacion\/secretariavirtual\/accesoTramite\/543\/<\/a><\/span><\/p>\n<p style=\"text-align: center\">Puedes consultar los tutoriales del maestro Mallo:<\/p>\n<p>[\/et_pb_text][\/et_pb_column][\/et_pb_row][et_pb_row column_structure=&#8221;1_2,1_2&#8243; _builder_version=&#8221;4.16&#8243; _module_preset=&#8221;default&#8221; global_colors_info=&#8221;{}&#8221;][et_pb_column type=&#8221;1_2&#8243; _builder_version=&#8221;4.16&#8243; _module_preset=&#8221;default&#8221; global_colors_info=&#8221;{}&#8221;][et_pb_text _builder_version=&#8221;4.24.2&#8243; _module_preset=&#8221;default&#8221; custom_padding=&#8221;||0px|||&#8221; global_colors_info=&#8221;{}&#8221;]<\/p>\n<h5 class=\"title style-scope ytd-video-primary-info-renderer\" style=\"text-align: center\"><strong><span style=\"font-size: 12pt;color: #3366ff\">Procedimiento Admisi\u00f3n en Centros Andaluces <\/span><\/strong><\/h5>\n<h5 class=\"title style-scope ytd-video-primary-info-renderer\" style=\"text-align: center\"><strong><span style=\"font-size: 12pt;color: #3366ff\">(sin certificado digital)<\/span><\/strong><\/h5>\n<p>[\/et_pb_text][et_pb_code _builder_version=&#8221;4.16&#8243; _module_preset=&#8221;default&#8221; global_colors_info=&#8221;{}&#8221;]<iframe loading=\"lazy\" width=\"560\" height=\"315\" src=\"https:\/\/www.youtube.com\/embed\/0jzsoje-GyQ\" frameborder=\"0\"><\/iframe>[\/et_pb_code][\/et_pb_column][et_pb_column type=&#8221;1_2&#8243; _builder_version=&#8221;4.16&#8243; _module_preset=&#8221;default&#8221; global_colors_info=&#8221;{}&#8221;][et_pb_text _builder_version=&#8221;4.24.2&#8243; _module_preset=&#8221;default&#8221; custom_padding=&#8221;||0px|||&#8221; global_colors_info=&#8221;{}&#8221;]<\/p>\n<h5 class=\"title style-scope ytd-video-primary-info-renderer\" style=\"text-align: center\"><strong><span style=\"color: #0000ff\">Procedimiento Admisi\u00f3n en Centros Andaluces <\/span><\/strong><\/h5>\n<h5 class=\"title style-scope ytd-video-primary-info-renderer\" style=\"text-align: center\"><strong><span style=\"color: #0000ff\">(con certificado digital o CL@VE)<\/span><\/strong><\/h5>\n<p>[\/et_pb_text][et_pb_code _builder_version=&#8221;4.16&#8243; _module_preset=&#8221;default&#8221; global_colors_info=&#8221;{}&#8221;]<iframe loading=\"lazy\" width=\"560\" height=\"315\" src=\"https:\/\/www.youtube.com\/embed\/ksm-g4kbVnQ\" frameborder=\"0\"><\/iframe>[\/et_pb_code][\/et_pb_column][\/et_pb_row][et_pb_row _builder_version=&#8221;4.16&#8243; _module_preset=&#8221;default&#8221; global_colors_info=&#8221;{}&#8221;][et_pb_column type=&#8221;4_4&#8243; _builder_version=&#8221;4.16&#8243; _module_preset=&#8221;default&#8221; global_colors_info=&#8221;{}&#8221;][et_pb_text _builder_version=&#8221;4.16&#8243; _module_preset=&#8221;default&#8221; text_font=&#8221;|800|||||||&#8221; text_text_color=&#8221;#FFFFFF&#8221; text_font_size=&#8221;25px&#8221; text_line_height=&#8221;1.5em&#8221; header_text_color=&#8221;#FFFFFF&#8221; use_background_color_gradient=&#8221;on&#8221; background_color_gradient_type=&#8221;circular&#8221; background_color_gradient_stops=&#8221;#2b87da 0%|#0863a0 100%&#8221; background_color_gradient_end=&#8221;#0863a0&#8243; text_text_shadow_style=&#8221;preset1&#8243; border_width_all=&#8221;5px&#8221; border_color_all=&#8221;#0d40e5&#8243; box_shadow_style=&#8221;preset2&#8243; box_shadow_horizontal=&#8221;19px&#8221; box_shadow_vertical=&#8221;15px&#8221; box_shadow_blur=&#8221;25px&#8221; global_colors_info=&#8221;{}&#8221;]<\/p>\n<h1 style=\"text-align: center\">iEscolariza<\/h1>\n<p>[\/et_pb_text][\/et_pb_column][\/et_pb_row][et_pb_row column_structure=&#8221;1_4,3_4&#8243; _builder_version=&#8221;4.16&#8243; _module_preset=&#8221;default&#8221; global_colors_info=&#8221;{}&#8221;][et_pb_column type=&#8221;1_4&#8243; _builder_version=&#8221;4.16&#8243; _module_preset=&#8221;default&#8221; global_colors_info=&#8221;{}&#8221;][et_pb_image src=&#8221;https:\/\/blogsaverroes.juntadeandalucia.es\/ecoescuelapadremarchena\/files\/2022\/02\/captura-iescolariza.jpg&#8221; title_text=&#8221;captura iescolariza&#8221; align=&#8221;center&#8221; _builder_version=&#8221;4.16&#8243; _module_preset=&#8221;default&#8221; max_width=&#8221;84%&#8221; global_colors_info=&#8221;{}&#8221;][\/et_pb_image][\/et_pb_column][et_pb_column type=&#8221;3_4&#8243; _builder_version=&#8221;4.16&#8243; _module_preset=&#8221;default&#8221; global_colors_info=&#8221;{}&#8221;][et_pb_text _builder_version=&#8221;4.16&#8243; _module_preset=&#8221;default&#8221; global_colors_info=&#8221;{}&#8221;]<\/p>\n<p>&nbsp;<\/p>\n<p>Descarga la aplicaci\u00f3n <strong>iEscolariza<\/strong> para smartphones o tablets y seguir el proceso de escolarizaci\u00f3n, con ella podemos realizar consultas de centros, as\u00ed como de los puntos del baremo por domicilio.<\/p>\n<p>&nbsp;<\/p>\n<h3>Tel\u00e9fono de informaci\u00f3n:<\/h3>\n<p>Para atender consultas sobre todo el proceso de escolarizaci\u00f3n, la Consejer\u00eda ha habilitado un tel\u00e9fono gratuito de informaci\u00f3n (<strong>900 848 000<\/strong>), en horario ininterrumpido de 8.00 a 19.00 horas.<\/p>\n<p>[\/et_pb_text][\/et_pb_column][\/et_pb_row][et_pb_row _builder_version=&#8221;4.24.2&#8243; _module_preset=&#8221;default&#8221; global_colors_info=&#8221;{}&#8221;][et_pb_column type=&#8221;4_4&#8243; _builder_version=&#8221;4.24.2&#8243; _module_preset=&#8221;default&#8221; global_colors_info=&#8221;{}&#8221;][et_pb_image _builder_version=&#8221;4.24.2&#8243; _module_preset=&#8221;default&#8221; global_colors_info=&#8221;{}&#8221;][\/et_pb_image][\/et_pb_column][\/et_pb_row][\/et_pb_section]<\/p>\n","protected":false},"excerpt":{"rendered":"<p>JORNADAS DE PUERTAS ABIERTASNUESTRA OFERTA EDUCATIVAADMISI\u00d3N DE ALUMNADO&nbsp; \u00bfQui\u00e9nes pueden participar en el proceso de admisi\u00f3n ? Todos los ni\u00f1os y ni\u00f1as que se incorporan por primera vez al sistema educativo, tanto en centros p\u00fablicos como privados concertados. El alumnado que cambie de centro escolar. &nbsp; \u00bfCu\u00e1ndo se puede presentar la solicitud? Entre los d\u00edas [&hellip;]<\/p>\n","protected":false},"author":12980,"featured_media":4300,"parent":0,"menu_order":0,"comment_status":"closed","ping_status":"closed","template":"","meta":{"_et_pb_use_builder":"on","_et_pb_old_content":"","_et_gb_content_width":"","ngg_post_thumbnail":0,"footnotes":""},"aioseo_notices":[],"_links":{"self":[{"href":"https:\/\/blogsaverroes.juntadeandalucia.es\/ecoescuelapadremarchena\/wp-json\/wp\/v2\/pages\/2655"}],"collection":[{"href":"https:\/\/blogsaverroes.juntadeandalucia.es\/ecoescuelapadremarchena\/wp-json\/wp\/v2\/pages"}],"about":[{"href":"https:\/\/blogsaverroes.juntadeandalucia.es\/ecoescuelapadremarchena\/wp-json\/wp\/v2\/types\/page"}],"author":[{"embeddable":true,"href":"https:\/\/blogsaverroes.juntadeandalucia.es\/ecoescuelapadremarchena\/wp-json\/wp\/v2\/users\/12980"}],"replies":[{"embeddable":true,"href":"https:\/\/blogsaverroes.juntadeandalucia.es\/ecoescuelapadremarchena\/wp-json\/wp\/v2\/comments?post=2655"}],"version-history":[{"count":29,"href":"https:\/\/blogsaverroes.juntadeandalucia.es\/ecoescuelapadremarchena\/wp-json\/wp\/v2\/pages\/2655\/revisions"}],"predecessor-version":[{"id":4673,"href":"https:\/\/blogsaverroes.juntadeandalucia.es\/ecoescuelapadremarchena\/wp-json\/wp\/v2\/pages\/2655\/revisions\/4673"}],"wp:featuredmedia":[{"embeddable":true,"href":"https:\/\/blogsaverroes.juntadeandalucia.es\/ecoescuelapadremarchena\/wp-json\/wp\/v2\/media\/4300"}],"wp:attachment":[{"href":"https:\/\/blogsaverroes.juntadeandalucia.es\/ecoescuelapadremarchena\/wp-json\/wp\/v2\/media?parent=2655"}],"curies":[{"name":"wp","href":"https:\/\/api.w.org\/{rel}","templated":true}]}}