{"id":16,"date":"2021-06-22T11:57:42","date_gmt":"2021-06-22T09:57:42","guid":{"rendered":"http:\/\/blogsaverroes.juntadeandalucia.es\/pre\/educacionyflamenco\/?page_id=16"},"modified":"2021-10-15T11:09:59","modified_gmt":"2021-10-15T11:09:59","slug":"home","status":"publish","type":"page","link":"https:\/\/blogsaverroes.juntadeandalucia.es\/educacionyflamenco21\/","title":{"rendered":"Home"},"content":{"rendered":"<p>[et_pb_section fb_built=&#8221;1&#8243; admin_label=&#8221;CONTADOR&#8221; module_id=&#8221;ba_eventos_contador&#8221; _builder_version=&#8221;4.5.0&#8243; _module_preset=&#8221;default&#8221; background_color=&#8221;#a51d2f&#8221; background_enable_image=&#8221;off&#8221; background_size=&#8221;initial&#8221; custom_padding=&#8221;0px||0px||true|false&#8221;][et_pb_row column_structure=&#8221;1_3,1_3,1_3&#8243; _builder_version=&#8221;4.5.0&#8243; _module_preset=&#8221;default&#8221; background_enable_color=&#8221;off&#8221; width=&#8221;100%&#8221; max_width=&#8221;2560px&#8221; custom_padding=&#8221;0px||0px||true|false&#8221;][et_pb_column type=&#8221;1_3&#8243; _builder_version=&#8221;4.5.0&#8243; _module_preset=&#8221;default&#8221;][et_pb_text _builder_version=&#8221;4.5.0&#8243; _module_preset=&#8221;default&#8221; header_font=&#8221;|800|||||||&#8221; header_font_size=&#8221;34px&#8221; header_letter_spacing=&#8221;1px&#8221; header_line_height=&#8221;1.15em&#8221; header_2_font=&#8221;|700|||||||&#8221; header_2_text_color=&#8221;#222222&#8243; header_2_font_size=&#8221;22px&#8221; header_2_letter_spacing=&#8221;4px&#8221; header_2_line_height=&#8221;1.25em&#8221; header_3_font_size=&#8221;15px&#8221; header_4_font_size=&#8221;15px&#8221; background_image=&#8221;https:\/\/blogsaverroes.juntadeandalucia.es\/educacionyflamenco21\/files\/2021\/07\/flamenco_home2.png&#8221; background_size=&#8221;contain&#8221; height=&#8221;300px&#8221; custom_margin=&#8221;||0px||false|false&#8221; custom_padding=&#8221;2em||2em||true|false&#8221;][\/et_pb_text][\/et_pb_column][et_pb_column type=&#8221;1_3&#8243; _builder_version=&#8221;4.5.0&#8243; _module_preset=&#8221;default&#8221; background_enable_color=&#8221;off&#8221;][et_pb_countdown_timer date_time=&#8221;2021-11-17 11:00&#8243; disabled_on=&#8221;off|off|off&#8221; admin_label=&#8221;Temporizador de cuenta atr\u00e1s&#8221; _builder_version=&#8221;4.5.0&#8243; _module_preset=&#8221;default&#8221; header_level=&#8221;h1&#8243; header_text_color=&#8221;#ffffff&#8221; header_font_size=&#8221;3em&#8221; numbers_text_color=&#8221;#ffffff&#8221; separator_text_color=&#8221;#ffffff&#8221; label_text_color=&#8221;#ffffff&#8221; background_enable_color=&#8221;off&#8221; module_alignment=&#8221;center&#8221; custom_margin=&#8221;||||false|false&#8221; custom_padding=&#8221;||||false|true&#8221;][\/et_pb_countdown_timer][et_pb_countdown_timer date_time=&#8221;2021-11-17 00:00&#8243; disabled_on=&#8221;on|on|on&#8221; _builder_version=&#8221;4.5.0&#8243; _module_preset=&#8221;default&#8221; header_text_color=&#8221;#ffffff&#8221; numbers_text_color=&#8221;#ffffff&#8221; separator_text_color=&#8221;#ffffff&#8221; background_enable_color=&#8221;off&#8221; disabled=&#8221;on&#8221;][\/et_pb_countdown_timer][et_pb_text disabled_on=&#8221;on|on|on&#8221; _builder_version=&#8221;4.5.0&#8243; _module_preset=&#8221;default&#8221; disabled=&#8221;on&#8221;]<\/p>\n<p><span style=\"color: #a51d2f\">CEF21<\/span><\/p>\n<p>[\/et_pb_text][\/et_pb_column][et_pb_column type=&#8221;1_3&#8243; module_class=&#8221;eventos_flamenco_header_3&#8243; _builder_version=&#8221;4.5.0&#8243; _module_preset=&#8221;default&#8221; background_image=&#8221;https:\/\/blogsaverroes.juntadeandalucia.es\/educacionyflamenco21\/files\/2021\/07\/flamenco_home3-1.png&#8221; background_size=&#8221;contain&#8221;][et_pb_button button_url=&#8221;https:\/\/blogsaverroes.juntadeandalucia.es\/educacionyflamenco21\/inscripciones\/&#8221; button_text=&#8221;Inscripci\u00f3n&#8221; button_alignment=&#8221;center&#8221; module_class=&#8221;flamenco_home_boton_inscripciones&#8221; _builder_version=&#8221;4.5.0&#8243; _module_preset=&#8221;default&#8221; custom_button=&#8221;on&#8221; button_text_color=&#8221;#a51d2f&#8221; button_bg_color=&#8221;#ffffff&#8221; button_border_width=&#8221;0px&#8221; background_layout=&#8221;dark&#8221;][\/et_pb_button][\/et_pb_column][\/et_pb_row][\/et_pb_section][et_pb_section fb_built=&#8221;1&#8243; admin_label=&#8221;EL CONGRESO&#8221; _builder_version=&#8221;4.5.0&#8243; _module_preset=&#8221;default&#8221; background_enable_color=&#8221;off&#8221; background_image=&#8221;https:\/\/blogsaverroes.juntadeandalucia.es\/educacionyflamenco21\/files\/2021\/06\/flamenca_flor.png&#8221; background_size=&#8221;initial&#8221; background_position=&#8221;top_left&#8221; custom_padding=&#8221;0px||2%||false|false&#8221;][et_pb_row column_structure=&#8221;2_3,1_3&#8243; _builder_version=&#8221;4.5.0&#8243; _module_preset=&#8221;default&#8221; width=&#8221;100%&#8221; max_width=&#8221;2560px&#8221; custom_padding=&#8221;0px||0px||true|false&#8221;][et_pb_column type=&#8221;2_3&#8243; _builder_version=&#8221;4.5.0&#8243; _module_preset=&#8221;default&#8221; background_enable_image=&#8221;off&#8221; custom_css_main_element=&#8221;    background: rgb(255,255,255, 0.8);||    &#8220;][et_pb_text admin_label=&#8221;Texto&#8221; _builder_version=&#8221;4.5.0&#8243; _module_preset=&#8221;default&#8221; text_text_color=&#8221;#000000&#8243; text_font_size=&#8221;17px&#8221; text_line_height=&#8221;1.5em&#8221; custom_padding=&#8221;2em|2em|2em|6em|true|false&#8221; custom_padding_tablet=&#8221;|||2em|true|false&#8221; custom_padding_phone=&#8221;|||2em|true|false&#8221; custom_padding_last_edited=&#8221;on|desktop&#8221;]<\/p>\n<p>El Congreso se configura como un foro de encuentro entre docentes y profesionales con la finalidad de aunar esfuerzos y otorgar herramientas al profesorado para integrar el Flamenco en el curr\u00edculo de forma innovadora, amena, transversal e interdisciplinar, acercando al alumnado a esta manifestaci\u00f3n cultural, fomentando la apreciaci\u00f3n y el respeto por este arte.<\/p>\n<p>La educaci\u00f3n a trav\u00e9s de la cultura es un gran motor de transformaci\u00f3n social y la inclusi\u00f3n del Flamenco en el proyecto educativo de los centros docentes debe suponer una innovaci\u00f3n que reoriente la pr\u00e1ctica pedag\u00f3gica y la transforme en una experiencia vital, social y afectiva que involucre a todos los miembros de la Comunidad Educativa.<\/p>\n<p>La estructura del Congreso permitir\u00e1 la configuraci\u00f3n de espacios dial\u00f3gicos interdisciplinares sobre cuatro l\u00edneas de contenido b\u00e1sicas:<\/p>\n<p>L\u00ednea 1: Divulgaci\u00f3n del Flamenco desde el \u00e1mbito Universitario.<\/p>\n<p>L\u00ednea 2: Hacia la integraci\u00f3n del Flamenco en el Curr\u00edculo.<\/p>\n<p>L\u00ednea 3: El Flamenco como Herramienta Educativa de Transformaci\u00f3n social.<\/p>\n<p>L\u00ednea 4: Aportaci\u00f3n educativa del Flamenco profesional.<\/p>\n<p><a href=\"https:\/\/blogsaverroes.juntadeandalucia.es\/educacionyflamenco21\/comites\/\" style=\"color: red;\"><b>Comit\u00e9s del congreso<\/b><\/a><\/p>\n<p>[\/et_pb_text][\/et_pb_column][et_pb_column type=&#8221;1_3&#8243; _builder_version=&#8221;4.5.0&#8243; _module_preset=&#8221;default&#8221;][et_pb_image src=&#8221;https:\/\/blogsaverroes.juntadeandalucia.es\/educacionyflamenco21\/files\/2021\/07\/flamenco_home1-1.png&#8221; alt=&#8221;P\u00f3ster congreso educaci\u00f3n y flamenco 2021&#8243; title_text=&#8221;Transformaci\u00f3n social a trav\u00e9s del Patrimonio Cultural&#8221; disabled_on=&#8221;on|on|off&#8221; admin_label=&#8221;Imagen&#8221; _builder_version=&#8221;4.5.0&#8243; _module_preset=&#8221;default&#8221; custom_padding=&#8221;0px||||false|false&#8221;][\/et_pb_image][\/et_pb_column][\/et_pb_row][\/et_pb_section][et_pb_section fb_built=&#8221;1&#8243; admin_label=&#8221;ORGANIZAN&#038;COLABORA&#8221; _builder_version=&#8221;4.5.0&#8243; _module_preset=&#8221;default&#8221; background_color=&#8221;#dddddd&#8221; background_enable_image=&#8221;off&#8221; background_size=&#8221;initial&#8221; custom_padding=&#8221;2%||2%||true|false&#8221;][et_pb_row column_structure=&#8221;1_2,1_2&#8243; module_class=&#8221;ba_eventos_organizacolabora_contenedor&#8221; _builder_version=&#8221;4.5.0&#8243; _module_preset=&#8221;default&#8221; custom_padding=&#8221;0px||0px||true|false&#8221;][et_pb_column type=&#8221;1_2&#8243; module_class=&#8221;ba_eventos_oc_col1&#8243; _builder_version=&#8221;4.5.0&#8243; _module_preset=&#8221;default&#8221; custom_padding=&#8221;2%||2%||true|false&#8221;][et_pb_text _builder_version=&#8221;4.5.0&#8243; _module_preset=&#8221;default&#8221; header_font_size=&#8221;38px&#8221; header_2_font_size=&#8221;34px&#8221;]<\/p>\n<h2 style=\"text-align: center\"><span style=\"color: #000000\">ORGANIZAN<\/span><\/h2>\n<p>[\/et_pb_text][et_pb_image src=&#8221;https:\/\/blogsaverroes.juntadeandalucia.es\/educacionyflamenco21\/files\/2021\/06\/logos_ofi_home_style_flamenco_Junta_EduDep.png&#8221; alt=&#8221;Consejer\u00eda de Educaci\u00f3n y Deporte&#8221; title_text=&#8221;Consejer\u00eda de Educaci\u00f3n y Deporte&#8221; url=&#8221;https:\/\/www.juntadeandalucia.es\/organismos\/educacionydeporte.html&#8221; url_new_window=&#8221;on&#8221; _builder_version=&#8221;4.5.0&#8243; _module_preset=&#8221;default&#8221; width=&#8221;200px&#8221; custom_css_main_element=&#8221;margin: 0.5em auto !important;&#8221;][\/et_pb_image][et_pb_image src=&#8221;https:\/\/blogsaverroes.juntadeandalucia.es\/educacionyflamenco21\/files\/2021\/07\/AAIICC-vertical_ppal-e1626870751198.png&#8221; alt=&#8221;Consejer\u00eda de Cultura y Patrimonio&#8221; title_text=&#8221;Agencia Andaluza de Instituciones Culturales&#8221; url=&#8221;https:\/\/www.juntadeandalucia.es\/organismos\/culturaypatrimoniohistorico.html&#8221; url_new_window=&#8221;on&#8221; _builder_version=&#8221;4.5.0&#8243; _module_preset=&#8221;default&#8221; width=&#8221;200px&#8221; custom_css_main_element=&#8221;margin: 0.5em auto !important;&#8221;][\/et_pb_image][\/et_pb_column][et_pb_column type=&#8221;1_2&#8243; module_class=&#8221;ba_eventos_oc_col2&#8243; _builder_version=&#8221;4.5.0&#8243; _module_preset=&#8221;default&#8221; custom_padding=&#8221;2%||2%||true|false&#8221;][et_pb_text _builder_version=&#8221;4.5.0&#8243; _module_preset=&#8221;default&#8221; header_font_size=&#8221;38px&#8221; header_2_font_size=&#8221;34px&#8221; custom_margin=&#8221;||||false|false&#8221; custom_css_main_element=&#8221;text-align:center;&#8221;]<\/p>\n<h2><span style=\"color: #000000\">COLABORAN<\/span><\/h2>\n<p>[\/et_pb_text][et_pb_image src=&#8221;https:\/\/blogsaverroes.juntadeandalucia.es\/educacionyflamenco21\/files\/2021\/07\/Logo-ayuntamiento-Granada-300&#215;152.png&#8221; alt=&#8221;Ayuntamiento de Granada&#8221; title_text=&#8221;Ayuntamiento de Granada&#8221; url=&#8221;https:\/\/www.granada.org\/&#8221; url_new_window=&#8221;on&#8221; _builder_version=&#8221;4.5.0&#8243; _module_preset=&#8221;default&#8221; width=&#8221;200px&#8221; custom_margin=&#8221;||||false|false&#8221; custom_css_main_element=&#8221;margin: 0.5em auto !important;&#8221;][\/et_pb_image][et_pb_image src=&#8221;https:\/\/blogsaverroes.juntadeandalucia.es\/educacionyflamenco21\/files\/2021\/07\/UGR-MARCA-02-color.png&#8221; alt=&#8221;Universidad de Granada&#8221; title_text=&#8221;Universidad de Granada&#8221; url=&#8221;https:\/\/www.ugr.es\/&#8221; url_new_window=&#8221;on&#8221; admin_label=&#8221;Imagen&#8221; _builder_version=&#8221;4.5.0&#8243; _module_preset=&#8221;default&#8221; width=&#8221;200px&#8221; custom_margin=&#8221;||||false|false&#8221; custom_css_main_element=&#8221;margin: 0.5em auto !important;&#8221; locked=&#8221;off&#8221;][\/et_pb_image][et_pb_image src=&#8221;https:\/\/blogsaverroes.juntadeandalucia.es\/educacionyflamenco21\/files\/2021\/07\/logoFacultad-e1626935966488-300&#215;298.png&#8221; alt=&#8221;Universidad de Granada&#8221; title_text=&#8221;Facultad de CC. De La Educaci\u00f3n&#8221; url=&#8221;https:\/\/educacion.ugr.es\/&#8221; url_new_window=&#8221;on&#8221; disabled_on=&#8221;on|on|on&#8221; admin_label=&#8221;Imagen&#8221; _builder_version=&#8221;4.5.0&#8243; _module_preset=&#8221;default&#8221; width=&#8221;177px&#8221; custom_margin=&#8221;||||false|false&#8221; disabled=&#8221;on&#8221; locked=&#8221;off&#8221;][\/et_pb_image][\/et_pb_column][\/et_pb_row][et_pb_row module_class=&#8221;ba_eventos_emprendimiento_colaboracionTecnicoArtistica&#8221; _builder_version=&#8221;4.5.0&#8243; _module_preset=&#8221;default&#8221; locked=&#8221;off&#8221;][et_pb_column type=&#8221;4_4&#8243; _builder_version=&#8221;4.5.0&#8243; _module_preset=&#8221;default&#8221;][et_pb_text _builder_version=&#8221;4.5.0&#8243; _module_preset=&#8221;default&#8221; header_font_size=&#8221;38px&#8221; header_2_font_size=&#8221;34px&#8221; locked=&#8221;off&#8221;]<\/p>\n<h2 style=\"text-align: center\"><span style=\"color: #000000\">COLABORACI\u00d3N T\u00c9CNICO-ART\u00cdSTICA<\/span><\/h2>\n<p>[\/et_pb_text][et_pb_image src=&#8221;https:\/\/blogsaverroes.juntadeandalucia.es\/educacionyflamenco21\/files\/2021\/10\/RO-Inaem2-Lineas-recuadro_Color.png&#8221; title_text=&#8221;Instituto Nacional de las Artes Esc\u00e9nicas y de la M\u00fasica&#8221; url=&#8221;https:\/\/inaem.aragon.es\/&#8221; url_new_window=&#8221;on&#8221; _builder_version=&#8221;4.5.0&#8243; _module_preset=&#8221;default&#8221; hover_enabled=&#8221;0&#8243;][\/et_pb_image][et_pb_image src=&#8221;https:\/\/blogsaverroes.juntadeandalucia.es\/educacionyflamenco21\/files\/2021\/10\/Pe\u00f1a-La-Plater\u00eda.jpeg&#8221; title_text=&#8221;Pe\u00f1a La Plater\u00eda&#8221; url=&#8221;http:\/\/www.laplateria.org.es\/&#8221; url_new_window=&#8221;on&#8221; admin_label=&#8221;Imagen&#8221; _builder_version=&#8221;4.5.0&#8243; _module_preset=&#8221;default&#8221; hover_enabled=&#8221;0&#8243;][\/et_pb_image][et_pb_image src=&#8221;https:\/\/blogsaverroes.juntadeandalucia.es\/educacionyflamenco21\/files\/2021\/10\/Centro-Art\u00edstico-y-Literario.jpeg&#8221; title_text=&#8221;Centro Art\u00edstico y Literario&#8221; url=&#8221;http:\/\/www.centroartisticogranada.com\/&#8221; url_new_window=&#8221;on&#8221; admin_label=&#8221;Imagen&#8221; _builder_version=&#8221;4.5.0&#8243; _module_preset=&#8221;default&#8221; hover_enabled=&#8221;0&#8243;][\/et_pb_image][\/et_pb_column][\/et_pb_row][\/et_pb_section][et_pb_section fb_built=&#8221;1&#8243; admin_label=&#8221;PROGRAMA&#8221; _builder_version=&#8221;4.5.0&#8243; _module_preset=&#8221;default&#8221; background_enable_color=&#8221;off&#8221; background_enable_image=&#8221;off&#8221; background_size=&#8221;initial&#8221; background_position=&#8221;center_right&#8221; custom_padding=&#8221;2%||2%||true|false&#8221; custom_css_main_element=&#8221;    background-size: 20%;||    background-position: top left;||    background-image: url(https:\/\/blogsaverroes.juntadeandalucia.es\/educacionyflamenco21\/files\/2021\/06\/cata\u00f1uelas.png)!important;||background-repeat: no-repeat;&#8221;][et_pb_row _builder_version=&#8221;4.5.0&#8243; _module_preset=&#8221;default&#8221; custom_padding=&#8221;0px||0px||true|false&#8221;][et_pb_column type=&#8221;4_4&#8243; _builder_version=&#8221;4.5.0&#8243; _module_preset=&#8221;default&#8221;][et_pb_text _builder_version=&#8221;4.5.0&#8243; _module_preset=&#8221;default&#8221; header_font_size=&#8221;38px&#8221; header_2_font_size=&#8221;34px&#8221; custom_padding=&#8221;2%||||false|false&#8221;]<\/p>\n<h2 style=\"text-align: center\"><span style=\"color: #000000\"><a style=\"color: #000000\" href=\"http:\/\/blogsaverroes.juntadeandalucia.es\/educacionyflamenco\/programa\/\">PROGRAMA<\/a><\/span><\/h2>\n\t\t\t<!-- Cool Timeline Free V3.0.1 -->\n\t\t\t<div class=\"ctl-wrapper\" role=\"region\" aria-label=\"Timeline\">\n\t\t\t\t<div id=\"cool_timeline_1\" class=\"cool-timeline-wrapper ctl-horizontal ctl-horizontal-wrapper ctl-horizontal-timeline\" data-items=\"3\">\n\t\t\t\t\t<div class=\"ctl-wrapper-inside\">\n\t\t\t\t\t\t<div id=\"ctl-slider-container\" class=\"ctl-slider-container swiper-container swiper-container-horizontal\">\n\t\t\t\t\t\t\t<!-- Timeline Container -->\n\t\t\t\t\t\t\t<div class=\"ctl-slider-wrapper ctl-timeline-container swiper-wrapper\">\n\t\t\t\t\t\t\t\t<!-- Timeline Content --><div  id=\"ctl-story-80\" class=\"ctl-story ctl-story-icon swiper-slide odd\" data-aos=\"none\"   data-story-index=\"1\" role=\"article\"><!-- Story Date --><div class=\"ctl-labels\"><div class=\"ctl-label-big story-date\">17 noviembre 2021<\/div><\/div><!-- Story Icon --><div class=\"ctl-icon\"><i class=\"fa fa-clock-o\" aria-hidden=\"true\"><\/i><\/div> <!-- Story Arrow --><div class=\"ctl-arrow\"><\/div><!-- Story Content --><div class=\"ctl-content\"><!-- Story Title --><div class=\"ctl-title story-80\" aria-label=\"2\"><a class=\"minimal_glightbox\" data-popup-id=\"#ctl-popup-80\">La Universidad<\/a><\/div><\/div><div id=\"ctl-popup-80\" class=\"ctl_popup_hide\">\n\t\t\t\t<div class=\"ctl_popup_container\">\n\t\t\t\t\t<div class=\"ctl_popup_date\"><!-- Story Date --><div class=\"ctl-labels\"><div class=\"ctl-label-big story-date\">17 noviembre 2021<\/div><\/div><\/div>\n\t\t\t\t\t<h2 class=\"ctl_popup_title\">La Universidad<\/h2>\n\t\t\t\t\t<div class=\"ctl_popup_media\"><\/div>\n\t\t\t\t\t<div class=\"ctl_popup_desc\"><!-- Story Description --><div class=\"ctl-description\"><p>10:30 &#8211; 11:30 Primer Pase 12:00 &#8211; 13:00 Segundo Pase Actividad Did\u00e1ctica Paralela con centros educativos: Muestra did\u00e1ctica del Ballet Nacional de Espa\u00f1a (Teatro Isabel<\/p>\n<\/div><\/div>\n\t\t\t\t<\/div>\n\t\t\t<\/div><\/div><!-- Timeline Content --><div  id=\"ctl-story-138\" class=\"ctl-story ctl-story-icon swiper-slide even\" data-aos=\"none\"   data-story-index=\"2\" role=\"article\"><!-- Story Date --><div class=\"ctl-labels\"><div class=\"ctl-label-big story-date\">18 noviembre 2021<\/div><\/div><!-- Story Icon --><div class=\"ctl-icon\"><i class=\"fa fa-clock-o\" aria-hidden=\"true\"><\/i><\/div> <!-- Story Arrow --><div class=\"ctl-arrow\"><\/div><!-- Story Content --><div class=\"ctl-content\"><!-- Story Title --><div class=\"ctl-title story-138\" aria-label=\"2\"><a class=\"minimal_glightbox\" data-popup-id=\"#ctl-popup-138\">La Escuela<\/a><\/div><\/div><div id=\"ctl-popup-138\" class=\"ctl_popup_hide\">\n\t\t\t\t<div class=\"ctl_popup_container\">\n\t\t\t\t\t<div class=\"ctl_popup_date\"><!-- Story Date --><div class=\"ctl-labels\"><div class=\"ctl-label-big story-date\">18 noviembre 2021<\/div><\/div><\/div>\n\t\t\t\t\t<h2 class=\"ctl_popup_title\">La Escuela<\/h2>\n\t\t\t\t\t<div class=\"ctl_popup_media\"><\/div>\n\t\t\t\t\t<div class=\"ctl_popup_desc\"><!-- Story Description --><div class=\"ctl-description\"><p>Ubicaci\u00f3n: Espacio V Centenario 09:00 &#8211; 09:30 COMUNICACIONES AULA I: Did\u00e1ctica y programaci\u00f3n para la nueva especialidad del m\u00e1ster interuniversitario de flamenco: dise\u00f1o y creaci\u00f3n<\/p>\n<\/div><\/div>\n\t\t\t\t<\/div>\n\t\t\t<\/div><\/div><!-- Timeline Content --><div  id=\"ctl-story-163\" class=\"ctl-story ctl-story-icon swiper-slide odd\" data-aos=\"none\"   data-story-index=\"3\" role=\"article\"><!-- Story Date --><div class=\"ctl-labels\"><div class=\"ctl-label-big story-date\">19 noviembre 2021<\/div><\/div><!-- Story Icon --><div class=\"ctl-icon\"><i class=\"fa fa-clock-o\" aria-hidden=\"true\"><\/i><\/div> <!-- Story Arrow --><div class=\"ctl-arrow\"><\/div><!-- Story Content --><div class=\"ctl-content\"><!-- Story Title --><div class=\"ctl-title story-163\" aria-label=\"2\"><a class=\"minimal_glightbox\" data-popup-id=\"#ctl-popup-163\">La Profesi\u00f3n<\/a><\/div><\/div><div id=\"ctl-popup-163\" class=\"ctl_popup_hide\">\n\t\t\t\t<div class=\"ctl_popup_container\">\n\t\t\t\t\t<div class=\"ctl_popup_date\"><!-- Story Date --><div class=\"ctl-labels\"><div class=\"ctl-label-big story-date\">19 noviembre 2021<\/div><\/div><\/div>\n\t\t\t\t\t<h2 class=\"ctl_popup_title\">La Profesi\u00f3n<\/h2>\n\t\t\t\t\t<div class=\"ctl_popup_media\"><\/div>\n\t\t\t\t\t<div class=\"ctl_popup_desc\"><!-- Story Description --><div class=\"ctl-description\"><p>Ubicaci\u00f3n: Auditorio La Chumbera 10:00 &#8211; 11:30 Mesa: &#8220;Aportaci\u00f3n Educativa del Flamenco Profesional: experiencias inspiradoras. Flamenco profesional y experiencias educativas&#8221; Antonio Najarro Jos\u00e9 Gal\u00e1n Cristina<\/p>\n<\/div><\/div>\n\t\t\t\t<\/div>\n\t\t\t<\/div><\/div>\t\t\t\t\t\t\t<\/div>\n\t\t\t\t\t\t\t<span class=\"swiper-notification\" aria-live=\"assertive\" aria-atomic=\"true\"><\/span>\n\t\t\t\t\t\t<\/div>\n\t\t\t\t\t<\/div>\n\t\t\t\t\t<!-- Swiper Next button -->\n\t\t\t\t\t<div class=\"ctl-button-prev swiper-button-disabled\" tabindex=\"0\" role=\"button\" aria-label=\"Previous slide\" aria-disabled=\"true\">\n\t\t\t\t\t\t<svg xmlns=\"http:\/\/www.w3.org\/2000\/svg\" height=\"1em\" viewBox=\"0 0 320 512\">\n\t\t\t\t<path d=\"M34.52 239.03L228.87 44.69c9.37-9.37 24.57-9.37 33.94 0l22.67 22.67c9.36 9.36 9.37 24.52.04 33.9L131.49 256l154.02 154.75c9.34 9.38 9.32 24.54-.04 33.9l-22.67 22.67c-9.37 9.37-24.57 9.37-33.94 0L34.52 272.97c-9.37-9.37-9.37-24.57 0-33.94z\"\/>\n\t\t\t\t<\/svg>\t\t\t\t\t<\/div>\n\t\t\t\t\t<!-- Swiper Previous Button -->\n\t\t\t\t\t<div class=\"ctl-button-next\" tabindex=\"0\" role=\"button\" aria-label=\"Next slide\" aria-disabled=\"false\">\n\t\t\t\t\t\t<svg xmlns=\"http:\/\/www.w3.org\/2000\/svg\" height=\"1em\" viewBox=\"0 0 320 512\">\n\t\t\t\t<path d=\"M285.476 272.971L91.132 467.314c-9.373 9.373-24.569 9.373-33.941 0l-22.667-22.667c-9.357-9.357-9.375-24.522-.04-33.901L188.505 256 34.484 101.255c-9.335-9.379-9.317-24.544.04-33.901l22.667-22.667c9.373-9.373 24.569-9.373 33.941 0L285.475 239.03c9.373 9.372 9.373 24.568.001 33.941z\"\/>\n\t\t\t\t<\/svg>\t\t\t\t\t<\/div>\n\t\t\t\t\t<!-- Swiper Horizontal line -->\n\t\t\t\t\t<div class=\"ctl-h-line\"><\/div>\n\t\t\t\t<\/div>\n\t\t\t<\/div>\n\t\t\t\n<p>[\/et_pb_text][et_pb_button button_url=&#8221;https:\/\/blogsaverroes.juntadeandalucia.es\/educacionyflamenco21\/programa\/&#8221; button_text=&#8221;Ver todo el programa&#8221; button_alignment=&#8221;center&#8221; module_class=&#8221;flamenco_boton_red&#8221; _builder_version=&#8221;4.5.0&#8243; _module_preset=&#8221;default&#8221;][\/et_pb_button][\/et_pb_column][\/et_pb_row][\/et_pb_section][et_pb_section fb_built=&#8221;1&#8243; admin_label=&#8221;PONENTES&#8221; _builder_version=&#8221;4.5.0&#8243; _module_preset=&#8221;default&#8221; background_color=&#8221;#00000c&#8221; background_image=&#8221;https:\/\/blogsaverroes.juntadeandalucia.es\/educacionyflamenco21\/files\/2021\/06\/bailaora-r.jpg&#8221; background_size=&#8221;initial&#8221; background_position=&#8221;bottom_right&#8221; custom_padding=&#8221;2%||2%||true|false&#8221;][et_pb_row _builder_version=&#8221;4.5.0&#8243; _module_preset=&#8221;default&#8221; custom_padding=&#8221;0px||0px||true|false&#8221;][et_pb_column type=&#8221;4_4&#8243; _builder_version=&#8221;4.5.0&#8243; _module_preset=&#8221;default&#8221;][et_pb_text _builder_version=&#8221;4.5.0&#8243; _module_preset=&#8221;default&#8221; header_font_size=&#8221;38px&#8221; header_2_font_size=&#8221;34px&#8221; custom_padding=&#8221;2%||2%||true|false&#8221;]<\/p>\n<h2 style=\"text-align: center\"><span style=\"color: white\"><a href=\"http:\/\/blogsaverroes.juntadeandalucia.es\/educacionyflamenco\/ponentes\/\">PONENTES<\/a><\/span><\/h2>\n<p>[\/et_pb_text][\/et_pb_column][\/et_pb_row][et_pb_row column_structure=&#8221;1_5,1_5,1_5,1_5,1_5&#8243; _builder_version=&#8221;4.5.0&#8243; _module_preset=&#8221;default&#8221; background_enable_image=&#8221;off&#8221; background_size=&#8221;initial&#8221; background_position=&#8221;bottom_right&#8221; custom_padding=&#8221;0px||0px||true|false&#8221;][et_pb_column type=&#8221;1_5&#8243; _builder_version=&#8221;4.5.0&#8243; _module_preset=&#8221;default&#8221;][et_pb_team_member name=&#8221;Manuel Li\u00f1an&#8221; image_url=&#8221;https:\/\/blogsaverroes.juntadeandalucia.es\/educacionyflamenco21\/files\/2021\/07\/manuellinan-1-e1626683416837.jpg&#8221; icon_color=&#8221;#efcb0f&#8221; _builder_version=&#8221;4.5.0&#8243; _dynamic_attributes=&#8221;link_option_url&#8221; _module_preset=&#8221;default&#8221; header_text_color=&#8221;#ffffff&#8221; body_text_color=&#8221;#efcb0f&#8221; position_text_color=&#8221;#efcb0f&#8221; text_orientation=&#8221;center&#8221; background_layout=&#8221;dark&#8221; link_option_url=&#8221;@ET-DC@eyJkeW5hbWljIjp0cnVlLCJjb250ZW50IjoicG9zdF9saW5rX3VybF9wYWdlIiwic2V0dGluZ3MiOnsicG9zdF9pZCI6IjMzIn19@&#8221; custom_css_member_image=&#8221;margin-left: auto;||margin-right: auto;&#8221;][\/et_pb_team_member][\/et_pb_column][et_pb_column type=&#8221;1_5&#8243; _builder_version=&#8221;4.5.0&#8243; _module_preset=&#8221;default&#8221;][et_pb_team_member name=&#8221;Antonio Najarro&#8221; image_url=&#8221;https:\/\/blogsaverroes.juntadeandalucia.es\/educacionyflamenco21\/files\/2021\/07\/bne2016_25nuevo-scaled-e1626684458533.jpg&#8221; icon_color=&#8221;#efcb0f&#8221; _builder_version=&#8221;4.5.0&#8243; _dynamic_attributes=&#8221;link_option_url&#8221; _module_preset=&#8221;default&#8221; header_text_color=&#8221;#ffffff&#8221; body_text_color=&#8221;#efcb0f&#8221; position_text_color=&#8221;#efcb0f&#8221; text_orientation=&#8221;center&#8221; background_layout=&#8221;dark&#8221; link_option_url=&#8221;@ET-DC@eyJkeW5hbWljIjp0cnVlLCJjb250ZW50IjoicG9zdF9saW5rX3VybF9wYWdlIiwic2V0dGluZ3MiOnsicG9zdF9pZCI6IjMzIn19@&#8221; custom_css_member_image=&#8221;margin-left: auto;||margin-right: auto;&#8221;][\/et_pb_team_member][\/et_pb_column][et_pb_column type=&#8221;1_5&#8243; _builder_version=&#8221;4.5.0&#8243; _module_preset=&#8221;default&#8221;][et_pb_team_member name=&#8221;Jos\u00e9 Gal\u00e1n&#8221; image_url=&#8221;https:\/\/blogsaverroes.juntadeandalucia.es\/educacionyflamenco21\/files\/2021\/07\/fotojose-e1626683987679.jpg&#8221; icon_color=&#8221;#efcb0f&#8221; _builder_version=&#8221;4.5.0&#8243; _dynamic_attributes=&#8221;link_option_url&#8221; _module_preset=&#8221;default&#8221; header_text_color=&#8221;#ffffff&#8221; body_text_color=&#8221;#efcb0f&#8221; position_text_color=&#8221;#efcb0f&#8221; text_orientation=&#8221;center&#8221; background_layout=&#8221;dark&#8221; link_option_url=&#8221;@ET-DC@eyJkeW5hbWljIjp0cnVlLCJjb250ZW50IjoicG9zdF9saW5rX3VybF9wYWdlIiwic2V0dGluZ3MiOnsicG9zdF9pZCI6IjMzIn19@&#8221; custom_css_member_image=&#8221;margin-left: auto;||margin-right: auto;&#8221;][\/et_pb_team_member][\/et_pb_column][et_pb_column type=&#8221;1_5&#8243; _builder_version=&#8221;4.5.0&#8243; _module_preset=&#8221;default&#8221;][et_pb_team_member name=&#8221;Cristina Heeren&#8221; image_url=&#8221;https:\/\/blogsaverroes.juntadeandalucia.es\/educacionyflamenco21\/files\/2021\/07\/Cristina-Heeren-oficial-e1626869508565.jpg&#8221; icon_color=&#8221;#efcb0f&#8221; _builder_version=&#8221;4.5.0&#8243; _dynamic_attributes=&#8221;link_option_url&#8221; _module_preset=&#8221;default&#8221; header_text_color=&#8221;#ffffff&#8221; body_text_color=&#8221;#efcb0f&#8221; position_text_color=&#8221;#efcb0f&#8221; text_orientation=&#8221;center&#8221; background_layout=&#8221;dark&#8221; link_option_url=&#8221;@ET-DC@eyJkeW5hbWljIjp0cnVlLCJjb250ZW50IjoicG9zdF9saW5rX3VybF9wYWdlIiwic2V0dGluZ3MiOnsicG9zdF9pZCI6IjMzIn19@&#8221; custom_css_member_image=&#8221;margin-left: auto;||margin-right: auto;&#8221;][\/et_pb_team_member][\/et_pb_column][et_pb_column type=&#8221;1_5&#8243; _builder_version=&#8221;4.5.0&#8243; _module_preset=&#8221;default&#8221;][et_pb_team_member name=&#8221;Sole\u00e1 Morente&#8221; image_url=&#8221;https:\/\/blogsaverroes.juntadeandalucia.es\/educacionyflamenco21\/files\/2021\/07\/victoriacalb\u00f33-e1626684185100.jpg&#8221; icon_color=&#8221;#efcb0f&#8221; _builder_version=&#8221;4.5.0&#8243; _dynamic_attributes=&#8221;link_option_url&#8221; _module_preset=&#8221;default&#8221; header_text_color=&#8221;#ffffff&#8221; body_text_color=&#8221;#efcb0f&#8221; position_text_color=&#8221;#efcb0f&#8221; text_orientation=&#8221;center&#8221; background_layout=&#8221;dark&#8221; link_option_url=&#8221;@ET-DC@eyJkeW5hbWljIjp0cnVlLCJjb250ZW50IjoicG9zdF9saW5rX3VybF9wYWdlIiwic2V0dGluZ3MiOnsicG9zdF9pZCI6IjMzIn19@&#8221; custom_css_member_image=&#8221;margin-left: auto;||margin-right: auto;&#8221;][\/et_pb_team_member][\/et_pb_column][\/et_pb_row][et_pb_row _builder_version=&#8221;4.5.0&#8243; _module_preset=&#8221;default&#8221; custom_padding=&#8221;2%||0px||false|false&#8221;][et_pb_column type=&#8221;4_4&#8243; _builder_version=&#8221;4.5.0&#8243; _module_preset=&#8221;default&#8221;][et_pb_button button_url=&#8221;https:\/\/blogsaverroes.juntadeandalucia.es\/educacionyflamenco21\/ponentes\/&#8221; button_text=&#8221;Ver todos los ponentes&#8221; button_alignment=&#8221;center&#8221; admin_label=&#8221;Bot\u00f3n&#8221; module_class=&#8221;flamenco_boton_red&#8221; _builder_version=&#8221;4.5.0&#8243; _module_preset=&#8221;default&#8221; custom_button=&#8221;on&#8221; button_text_color=&#8221;#ffffff&#8221; button_border_width=&#8221;0px&#8221; background_layout=&#8221;dark&#8221;][\/et_pb_button][\/et_pb_column][\/et_pb_row][\/et_pb_section][et_pb_section fb_built=&#8221;1&#8243; admin_label=&#8221;COMUNICACIONES&#8221; _builder_version=&#8221;4.5.0&#8243; _module_preset=&#8221;default&#8221; background_enable_color=&#8221;off&#8221; background_enable_image=&#8221;off&#8221; background_size=&#8221;initial&#8221; custom_padding=&#8221;2%||2%||true|false&#8221;][et_pb_row _builder_version=&#8221;4.5.0&#8243; _module_preset=&#8221;default&#8221; custom_padding=&#8221;0px||0px||true|false&#8221;][et_pb_column type=&#8221;4_4&#8243; _builder_version=&#8221;4.5.0&#8243; _module_preset=&#8221;default&#8221;][et_pb_text _builder_version=&#8221;4.5.0&#8243; _module_preset=&#8221;default&#8221; header_font_size=&#8221;38px&#8221; header_2_font_size=&#8221;34px&#8221; custom_margin=&#8221;||2%||false|false&#8221; custom_padding=&#8221;2%||0px||false|false&#8221;]<\/p>\n<h2 style=\"text-align: center\" class=\"flamenco_home_title_comunicaciones\"><a href=\"http:\/\/blogsaverroes.juntadeandalucia.es\/educacionyflamenco\/comunicaciones\/\"><span style=\"color: #000000\">COMUNICACIONES<\/span><\/a><\/h2>\n<p style=\"text-align: center\">Las comunicaciones remitidas a este congreso ser\u00e1n valoradas por el Comit\u00e9 Cient\u00edfico para su aceptaci\u00f3n y difusi\u00f3n en distintas revistas educativas y cient\u00edficas.<\/p>\n<p>[\/et_pb_text][et_pb_button button_url=&#8221;https:\/\/blogsaverroes.juntadeandalucia.es\/educacionyflamenco21\/comunicaciones&#8221; button_text=&#8221;M\u00e1s informaci\u00f3n&#8221; button_alignment=&#8221;center&#8221; _builder_version=&#8221;4.5.0&#8243; _module_preset=&#8221;default&#8221;][\/et_pb_button][et_pb_code _builder_version=&#8221;4.5.0&#8243; _module_preset=&#8221;default&#8221; text_orientation=&#8221;center&#8221;]<\/p>\n<h2 style=\"text-align: center;font-size: 34px\"><!-- [et_pb_line_break_holder] -->  Fechas clave<!-- [et_pb_line_break_holder] --><\/h2>\n<p><!-- [et_pb_line_break_holder] -->  <\/p>\n<div class=\"ba_eventos_fechasClaves_container\"><!-- [et_pb_line_break_holder] -->    <\/p>\n<div class=\"ba_eventos_fechasClaves_row\"><!-- [et_pb_line_break_holder] -->      <\/p>\n<div class=\"ba_eventos_fechasClaves_icon\"><!-- [et_pb_line_break_holder] -->        <i class=\"fas fa-star flamenco_color_red\"><\/i><!-- [et_pb_line_break_holder] -->      <\/div>\n<p><!-- [et_pb_line_break_holder] -->      <\/p>\n<div class=\"ba_eventos_fechasClaves_title\"><!-- [et_pb_line_break_holder] -->        <\/p>\n<h4>Periodo solicitud<\/h4>\n<p><!-- [et_pb_line_break_holder] -->      <\/div>\n<p><!-- [et_pb_line_break_holder] -->      <\/p>\n<div class=\"ba_eventos_fechasClaves_desc\"><!-- [et_pb_line_break_holder] -->        <pee>06\/09\/2021 a 30\/09\/2021<\/pee><!-- [et_pb_line_break_holder] -->      <\/div>\n<p><!-- [et_pb_line_break_holder] -->    <\/div>\n<p><!-- [et_pb_line_break_holder] -->    <\/p>\n<div class=\"ba_eventos_fechasClaves_row\"><!-- [et_pb_line_break_holder] -->      <\/p>\n<div class=\"ba_eventos_fechasClaves_icon\"><!-- [et_pb_line_break_holder] -->        <i class=\"fas fa-star flamenco_color_red\"><\/i><!-- [et_pb_line_break_holder] -->      <\/div>\n<p><!-- [et_pb_line_break_holder] -->      <\/p>\n<div class=\"ba_eventos_fechasClaves_title\"><!-- [et_pb_line_break_holder] -->        <\/p>\n<h4>Plazo m\u00e1ximo entrega comunicaciones<\/h4>\n<p><!-- [et_pb_line_break_holder] -->      <\/div>\n<p><!-- [et_pb_line_break_holder] -->      <\/p>\n<div class=\"ba_eventos_fechasClaves_desc\"><!-- [et_pb_line_break_holder] -->        <pee>13\/10\/2021<\/pee><!-- [et_pb_line_break_holder] -->      <\/div>\n<p><!-- [et_pb_line_break_holder] -->    <\/div>\n<div class=\"ba_eventos_fechasClaves_row\"><!-- [et_pb_line_break_holder] -->      <\/p>\n<div class=\"ba_eventos_fechasClaves_icon\"><!-- [et_pb_line_break_holder] -->        <i class=\"fas fa-star flamenco_color_red\"><\/i><!-- [et_pb_line_break_holder] -->      <\/div>\n<p><!-- [et_pb_line_break_holder] -->      <\/p>\n<div class=\"ba_eventos_fechasClaves_title\"><!-- [et_pb_line_break_holder] -->        <\/p>\n<h4>Listados definitivos<\/h4>\n<p><!-- [et_pb_line_break_holder] -->      <\/div>\n<p><!-- [et_pb_line_break_holder] -->      <\/p>\n<div class=\"ba_eventos_fechasClaves_desc\"><!-- [et_pb_line_break_holder] -->        <pee>13\/10\/2021<\/pee><!-- [et_pb_line_break_holder] -->      <\/div>\n<p><!-- [et_pb_line_break_holder] -->    <\/div>\n<p><!-- [et_pb_line_break_holder] -->  <\/div>\n<p>[\/et_pb_code][\/et_pb_column][\/et_pb_row][\/et_pb_section][et_pb_section fb_built=&#8221;1&#8243; admin_label=&#8221;CONTACTO&#8221; module_class=&#8221;ba_eventos_home_contacto&#8221; _builder_version=&#8221;4.5.0&#8243; _module_preset=&#8221;default&#8221; background_color=&#8221;#eeeeee&#8221; background_image=&#8221;https:\/\/blogsaverroes.juntadeandalucia.es\/educacionyflamenco21\/files\/2021\/07\/flamenco_form_contacta.png&#8221; background_size=&#8221;contain&#8221; background_position=&#8221;bottom_center&#8221; custom_padding=&#8221;2%||2%||true|false&#8221;][et_pb_row _builder_version=&#8221;4.5.0&#8243; _module_preset=&#8221;default&#8221; background_enable_image=&#8221;off&#8221; background_position=&#8221;bottom_center&#8221; custom_padding=&#8221;0px||0px||true|false&#8221;][et_pb_column type=&#8221;4_4&#8243; _builder_version=&#8221;4.5.0&#8243; _module_preset=&#8221;default&#8221;][et_pb_text _builder_version=&#8221;4.5.0&#8243; _module_preset=&#8221;default&#8221; header_font_size=&#8221;38px&#8221; header_2_font_size=&#8221;34px&#8221; custom_padding=&#8221;2%||2%||true|false&#8221;]<\/p>\n<h2 style=\"text-align: center\"><span style=\"color: #000000\"><a style=\"color: #000000\" href=\"http:\/\/blogsaverroes.juntadeandalucia.es\/pre\/educacionyflamenco\/contacto\/\">CONTACTAR<\/a><\/span><\/h2>\n\n<div class=\"wpcf7 no-js\" id=\"wpcf7-f229-o1\" lang=\"es-ES\" dir=\"ltr\">\n<div class=\"screen-reader-response\"><p role=\"status\" aria-live=\"polite\" aria-atomic=\"true\"><\/p> <ul><\/ul><\/div>\n<form action=\"\/educacionyflamenco21\/wp-json\/wp\/v2\/pages\/16#wpcf7-f229-o1\" method=\"post\" class=\"wpcf7-form init\" aria-label=\"Formulario de contacto\" novalidate=\"novalidate\" data-status=\"init\">\n<div style=\"display: none;\">\n<input type=\"hidden\" name=\"_wpcf7\" value=\"229\" \/>\n<input type=\"hidden\" name=\"_wpcf7_version\" value=\"5.9.8\" \/>\n<input type=\"hidden\" name=\"_wpcf7_locale\" value=\"es_ES\" \/>\n<input type=\"hidden\" name=\"_wpcf7_unit_tag\" value=\"wpcf7-f229-o1\" \/>\n<input type=\"hidden\" name=\"_wpcf7_container_post\" value=\"0\" \/>\n<input type=\"hidden\" name=\"_wpcf7_posted_data_hash\" value=\"\" \/>\n<\/div>\n<div class=\"et_pb_contact\">\n\t<div class=\"et_pb_contact_form\">\n\t\t<p class=\"et_pb_contact_field et_pb_contact_field_half\"><span class=\"wpcf7-form-control-wrap\" data-name=\"your-name\"><input size=\"40\" maxlength=\"400\" class=\"wpcf7-form-control wpcf7-text wpcf7-validates-as-required\" aria-required=\"true\" aria-invalid=\"false\" placeholder=\"Nombre\" value=\"\" type=\"text\" name=\"your-name\" \/><\/span>\n\t\t<\/p>\n\t\t<p class=\"et_pb_contact_field et_pb_contact_field_half et_pb_contact_field_last\"><span class=\"wpcf7-form-control-wrap\" data-name=\"your-email\"><input size=\"40\" maxlength=\"400\" class=\"wpcf7-form-control wpcf7-email wpcf7-validates-as-required wpcf7-text wpcf7-validates-as-email\" aria-required=\"true\" aria-invalid=\"false\" placeholder=\"Correo electr\u00f3nico\" value=\"\" type=\"email\" name=\"your-email\" \/><\/span>\n\t\t<\/p>\n\t\t<p class=\"et_pb_contact_field et_pb_contact_field_half\"><span class=\"wpcf7-form-control-wrap\" data-name=\"tel-1\"><input size=\"40\" maxlength=\"400\" class=\"wpcf7-form-control wpcf7-tel wpcf7-text wpcf7-validates-as-tel\" aria-invalid=\"false\" placeholder=\"Tel\u00e9fono (No obligatorio)\" value=\"\" type=\"tel\" name=\"tel-1\" \/><\/span>\n\t\t<\/p>\n\t\t<p class=\"et_pb_contact_field et_pb_contact_field_half et_pb_contact_field_last\"><span class=\"wpcf7-form-control-wrap\" data-name=\"your-subject\"><input size=\"40\" maxlength=\"400\" class=\"wpcf7-form-control wpcf7-text wpcf7-validates-as-required\" aria-required=\"true\" aria-invalid=\"false\" placeholder=\"Asunto\" value=\"\" type=\"text\" name=\"your-subject\" \/><\/span>\n\t\t<\/p>\n\t\t<p class=\"et_pb_contact_field et_pb_contact_field_last\"><span class=\"wpcf7-form-control-wrap\" data-name=\"your-message\"><textarea cols=\"40\" rows=\"10\" maxlength=\"2000\" class=\"wpcf7-form-control wpcf7-textarea\" aria-invalid=\"false\" placeholder=\"Mensaje\" name=\"your-message\"><\/textarea><\/span>\n\t\t<\/p>\n\t<\/div>\n<\/div>\n<div class=\"et_contact_bottom_container padding-button-contact-form\">\n\t<p><button type=\"submit\" name=\"et_builder_submit_button\" class=\"et_pb_contact_submit et_pb_button\">Enviar<\/button>\n\t<\/p>\n<\/div><div class=\"wpcf7-response-output\" aria-hidden=\"true\"><\/div>\n<\/form>\n<\/div>\n\n<p>[\/et_pb_text][\/et_pb_column][\/et_pb_row][\/et_pb_section]<\/p>\n","protected":false},"excerpt":{"rendered":"<p>[et_pb_section fb_built=&#8221;1&#8243; admin_label=&#8221;CONTADOR&#8221; module_id=&#8221;ba_eventos_contador&#8221; _builder_version=&#8221;4.5.0&#8243; _module_preset=&#8221;default&#8221; background_color=&#8221;#a51d2f&#8221; background_enable_image=&#8221;off&#8221; background_size=&#8221;initial&#8221; custom_padding=&#8221;0px||0px||true|false&#8221;][et_pb_row column_structure=&#8221;1_3,1_3,1_3&#8243; _builder_version=&#8221;4.5.0&#8243; _module_preset=&#8221;default&#8221; background_enable_color=&#8221;off&#8221; width=&#8221;100%&#8221; max_width=&#8221;2560px&#8221; custom_padding=&#8221;0px||0px||true|false&#8221;][et_pb_column type=&#8221;1_3&#8243; _builder_version=&#8221;4.5.0&#8243; _module_preset=&#8221;default&#8221;][et_pb_text _builder_version=&#8221;4.5.0&#8243; _module_preset=&#8221;default&#8221; header_font=&#8221;|800|||||||&#8221; header_font_size=&#8221;34px&#8221; header_letter_spacing=&#8221;1px&#8221; header_line_height=&#8221;1.15em&#8221; header_2_font=&#8221;|700|||||||&#8221; header_2_text_color=&#8221;#222222&#8243; header_2_font_size=&#8221;22px&#8221; header_2_letter_spacing=&#8221;4px&#8221; header_2_line_height=&#8221;1.25em&#8221; header_3_font_size=&#8221;15px&#8221; header_4_font_size=&#8221;15px&#8221; background_image=&#8221;https:\/\/blogsaverroes.juntadeandalucia.es\/educacionyflamenco21\/files\/2021\/07\/flamenco_home2.png&#8221; background_size=&#8221;contain&#8221; height=&#8221;300px&#8221; custom_margin=&#8221;||0px||false|false&#8221; custom_padding=&#8221;2em||2em||true|false&#8221;][\/et_pb_text][\/et_pb_column][et_pb_column type=&#8221;1_3&#8243; _builder_version=&#8221;4.5.0&#8243; _module_preset=&#8221;default&#8221; background_enable_color=&#8221;off&#8221;][et_pb_countdown_timer date_time=&#8221;2021-11-17 11:00&#8243; disabled_on=&#8221;off|off|off&#8221; admin_label=&#8221;Temporizador de cuenta atr\u00e1s&#8221; _builder_version=&#8221;4.5.0&#8243; _module_preset=&#8221;default&#8221; header_level=&#8221;h1&#8243; header_text_color=&#8221;#ffffff&#8221; header_font_size=&#8221;3em&#8221; numbers_text_color=&#8221;#ffffff&#8221; [&hellip;]<\/p>\n","protected":false},"author":7051,"featured_media":0,"parent":0,"menu_order":0,"comment_status":"closed","ping_status":"closed","template":"","meta":{"_et_pb_use_builder":"on","_et_pb_old_content":"","_et_gb_content_width":"","ngg_post_thumbnail":0,"footnotes":""},"aioseo_notices":[],"_links":{"self":[{"href":"https:\/\/blogsaverroes.juntadeandalucia.es\/educacionyflamenco21\/wp-json\/wp\/v2\/pages\/16"}],"collection":[{"href":"https:\/\/blogsaverroes.juntadeandalucia.es\/educacionyflamenco21\/wp-json\/wp\/v2\/pages"}],"about":[{"href":"https:\/\/blogsaverroes.juntadeandalucia.es\/educacionyflamenco21\/wp-json\/wp\/v2\/types\/page"}],"author":[{"embeddable":true,"href":"https:\/\/blogsaverroes.juntadeandalucia.es\/educacionyflamenco21\/wp-json\/wp\/v2\/users\/7051"}],"replies":[{"embeddable":true,"href":"https:\/\/blogsaverroes.juntadeandalucia.es\/educacionyflamenco21\/wp-json\/wp\/v2\/comments?post=16"}],"version-history":[{"count":6,"href":"https:\/\/blogsaverroes.juntadeandalucia.es\/educacionyflamenco21\/wp-json\/wp\/v2\/pages\/16\/revisions"}],"predecessor-version":[{"id":1037,"href":"https:\/\/blogsaverroes.juntadeandalucia.es\/educacionyflamenco21\/wp-json\/wp\/v2\/pages\/16\/revisions\/1037"}],"wp:attachment":[{"href":"https:\/\/blogsaverroes.juntadeandalucia.es\/educacionyflamenco21\/wp-json\/wp\/v2\/media?parent=16"}],"curies":[{"name":"wp","href":"https:\/\/api.w.org\/{rel}","templated":true}]}}