{"id":23,"date":"2021-06-22T12:15:35","date_gmt":"2021-06-22T10:15:35","guid":{"rendered":"http:\/\/blogsaverroes.juntadeandalucia.es\/pre\/educacionyflamenco\/?page_id=23"},"modified":"2021-11-10T13:57:57","modified_gmt":"2021-11-10T13:57:57","slug":"programa","status":"publish","type":"page","link":"https:\/\/blogsaverroes.juntadeandalucia.es\/educacionyflamenco21\/programa\/","title":{"rendered":"Programa"},"content":{"rendered":"<p>[et_pb_section fb_built=&#8221;1&#8243; fullwidth=&#8221;on&#8221; _builder_version=&#8221;4.5.0&#8243; _module_preset=&#8221;default&#8221; locked=&#8221;off&#8221;][et_pb_fullwidth_code _builder_version=&#8221;4.5.0&#8243; _module_preset=&#8221;default&#8221;]<\/p>\n<div class=\"contenedor_inscripciones_flamenco\"><!-- [et_pb_line_break_holder] -->  <\/p>\n<div class=\"imagen_lunares_inscripciones_flamenco\"><!-- [et_pb_line_break_holder] -->    <!-- [et_pb_line_break_holder] -->  <\/div>\n<p><!-- [et_pb_line_break_holder] -->  <\/p>\n<div class=\"titulo_inscripciones_flamenco\"><!-- [et_pb_line_break_holder] -->    <\/p>\n<h2><!-- [et_pb_line_break_holder] -->      Programa<!-- [et_pb_line_break_holder] -->    <\/h2>\n<p><!-- [et_pb_line_break_holder] -->  <\/div>\n<p><!-- [et_pb_line_break_holder] --><\/div>\n<p>[\/et_pb_fullwidth_code][\/et_pb_section][et_pb_section fb_built=&#8221;1&#8243; _builder_version=&#8221;4.5.0&#8243; _module_preset=&#8221;default&#8221; background_color=&#8221;#dddddd&#8221; custom_padding=&#8221;2%||2%||true|false&#8221;][et_pb_row column_structure=&#8221;1_2,1_2&#8243; _builder_version=&#8221;4.5.0&#8243; _module_preset=&#8221;default&#8221;][et_pb_column type=&#8221;1_2&#8243; _builder_version=&#8221;4.5.0&#8243; _module_preset=&#8221;default&#8221;][et_pb_text _builder_version=&#8221;4.5.0&#8243; _module_preset=&#8221;default&#8221; text_orientation=&#8221;center&#8221;]<\/p>\n<h3>\n<i class=\"fas fa-file-pdf\"><\/i> <a href=\"https:\/\/blogsaverroes.juntadeandalucia.es\/educacionyflamenco21\/files\/2021\/11\/Programa-Definitivo-CEF21.pdf\" target=\"_blank\" rel=\"noopener noreferrer\">Descargar el programa completo.<\/a><br \/>\n<\/h3>\n<p>[\/et_pb_text][\/et_pb_column][et_pb_column type=&#8221;1_2&#8243; _builder_version=&#8221;4.5.0&#8243; _module_preset=&#8221;default&#8221;][et_pb_text _builder_version=&#8221;4.5.0&#8243; _module_preset=&#8221;default&#8221; text_orientation=&#8221;center&#8221; hover_enabled=&#8221;0&#8243;]<\/p>\n<h3><i class=\"fas fa-file-pdf\"><\/i> <a href=\"https:\/\/blogsaverroes.juntadeandalucia.es\/educacionyflamenco21\/files\/2021\/11\/CEF21.pdf\" target=\"_blank\" rel=\"noopener noreferrer\">Descargar la gu\u00eda del Congreso.<\/a><\/h3>\n<p>[\/et_pb_text][\/et_pb_column][\/et_pb_row][et_pb_row _builder_version=&#8221;4.5.0&#8243; _module_preset=&#8221;default&#8221; custom_padding=&#8221;0px||0px||true|false&#8221; collapsed=&#8221;off&#8221;][et_pb_column type=&#8221;4_4&#8243; _builder_version=&#8221;4.9.0&#8243; _module_preset=&#8221;default&#8221;][et_pb_text _builder_version=&#8221;4.5.0&#8243; _module_preset=&#8221;90865f4d-2cce-42a7-b40e-d3fbad25605a&#8221; header_2_font=&#8221;Prata||||||||&#8221; header_2_text_color=&#8221;#141414&#8243; header_2_font_size=&#8221;60px&#8221; header_2_line_height=&#8221;1.2em&#8221; custom_margin=&#8221;||0px||false|false&#8221; header_2_font_size_tablet=&#8221;32px&#8221; header_2_font_size_phone=&#8221;20px&#8221; header_2_font_size_last_edited=&#8221;on|tablet&#8221; header_2_line_height_tablet=&#8221;1.3em&#8221; header_2_line_height_phone=&#8221;1.4em&#8221; header_2_line_height_last_edited=&#8221;on|phone&#8221; locked=&#8221;off&#8221;]<\/p>\n\t\t\t<!-- Cool Timeline Free V3.0.1 -->\n\t\t\t<div class=\"ctl-wrapper\" role=\"region\" aria-label=\"Timeline\">\n\t\t\t\t\t\t\t\t<div id=\"cool_timeline_1\" class=\"cool-timeline-wrapper ctl-both-sided ctl-vertical-wrapper ctl-clean-skin\" >\n\t\t\t\t\t<div class=\"ctl-start\"><\/div>\n\t\t\t\t\t<!-- Timeline Container -->\n\t\t\t\t\t<div class=\"ctl-timeline ctl-timeline-container\" data-animation=\"fade-up\">\n\t\t\t\t\t\t<!-- Center Line -->\n\t\t\t\t\t\t<div class=\"ctl-inner-line\" role=\"presentation\"><\/div>\n\t\t\t\t\t\t<!-- Timeline Content --><div  id=\"ctl-story-80\" class=\"ctl-story ctl-story-icon odd ctl-story-right\" data-aos=\"fade-up\"   data-story-index=\"1\" role=\"article\"><!-- Story Date --><div class=\"ctl-labels\"><div class=\"ctl-label-big story-date\">17 noviembre 2021<\/div><\/div><!-- Story Icon --><div class=\"ctl-icon\"><i class=\"fa fa-clock-o\" aria-hidden=\"true\"><\/i><\/div> <!-- Story Content --><div class=\"ctl-content\"><!-- Story Title --><div class=\"ctl-title story-80\" aria-label=\"2\">La Universidad<\/div><!-- Story Description --><div class=\"ctl-description\"><div class=\"ba_eventos_timeline_container\">\n<div class=\"ba_eventos_timeline_row\">\n<div class=\"ba_eventos_timeline_horario\">\n<p>    10:30 &#8211; 11:30<br \/>\n    Primer Pase<br \/>\n    12:00 &#8211; 13:00<br \/>\n    Segundo Pase<\/p>\n<p class=\"ba_eventos_timeline_horario_black\">Actividad Did\u00e1ctica Paralela con centros educativos:<\/p>\n<p class=\"ba_eventos_timeline_horario_black ba_eventos_timeline_horario_noBold\"> Muestra did\u00e1ctica del Ballet Nacional de Espa\u00f1a (Teatro Isabel La Cat\u00f3lica)<\/p>\n<p class=\"ba_eventos_timeline_horario_black ba_eventos_timeline_horario_noBold\"><i class=\"fas fa-location-arrow\"><\/i> Ubicaci\u00f3n: <a href=\"https:\/\/g.page\/Teatroicatolica?share\" target=\"_blank\" rel=\"noopener noreferrer\">Teatro Isabel La Cat\u00f3lica<\/a><\/p>\n<\/p>\n<\/div>\n<div class=\"ba_eventos_timeline_desc\">\n<p>    Bel\u00e9n Moreno (BNE)<\/p>\n<\/div>\n<\/div>\n<div class=\"ba_eventos_timeline_row\">\n<div class=\"ba_eventos_timeline_horario\">\n<p>    15:00 &#8211; 16:00<\/p>\n<p class=\"ba_eventos_timeline_horario_black\">Recepci\u00f3n de congresistas y entrega de acreditaciones<\/p>\n<p class=\"ba_eventos_timeline_horario_black ba_eventos_timeline_horario_noBold\"\"><i class=\"fas fa-location-arrow\"><\/i> Ubicaci\u00f3n: <a href=\"https:\/\/goo.gl\/maps\/ah4DCEQ4w4FbaJ4v7\" target=\"_blank\" rel=\"noopener noreferrer\">Espacio V Centenario<\/a><\/p>\n<\/p>\n<\/div>\n<\/div>\n<div class=\"ba_eventos_timeline_row\">\n<div class=\"ba_eventos_timeline_horario\">\n<p>    16:00 &#8211; 16:30<\/p>\n<p class=\"ba_eventos_timeline_horario_black\">Inauguraci\u00f3n Oficial<\/p>\n<\/p>\n<\/div>\n<\/div>\n<div class=\"ba_eventos_timeline_row\">\n<div class=\"ba_eventos_timeline_horario\">\n<p>    16:30 &#8211; 17:00<\/p>\n<p class=\"ba_eventos_timeline_horario_black\">Conferencia Inaugural<\/p>\n<\/p>\n<\/div>\n<div class=\"ba_eventos_timeline_desc\">\n<p>    Cristina Cruces<\/p>\n<\/div>\n<\/div>\n<div class=\"ba_eventos_timeline_row\">\n<div class=\"ba_eventos_timeline_horario\">\n<p>    17:00 &#8211; 17:30<\/p>\n<p class=\"ba_eventos_timeline_horario_black\">Di\u00e1logo de apertura<\/p>\n<\/p>\n<\/div>\n<div class=\"ba_eventos_timeline_desc\">\n<p>    Enrique G\u00e1mez<\/p>\n<p>    Manuel Li\u00f1\u00e1n<\/p>\n<\/div>\n<\/div>\n<div class=\"ba_eventos_timeline_row\">\n<div class=\"ba_eventos_timeline_horario\">\n<p>    17:30 &#8211; 19:00<\/p>\n<p class=\"ba_eventos_timeline_horario_black\">Divulgaci\u00f3n del Flamenco desde el \u00e1mbito Universitario<\/p>\n<\/p>\n<\/div>\n<div class=\"ba_eventos_timeline_desc\">\n<p>    Mar\u00eda del Mar Ortiz Camacho<\/p>\n<p>    Ana Mar\u00eda D\u00edaz Olaya<\/p>\n<p>    Pedro Ord\u00f3\u00f1ez Eslava<\/p>\n<p>    Miguel \u00c1ngel Berlanga<\/p>\n<\/div>\n<\/div>\n<div class=\"ba_eventos_timeline_row\">\n<div class=\"ba_eventos_timeline_horario\">\n<p>    19:00 &#8211; 19:15<\/p>\n<p class=\"ba_eventos_timeline_horario_black\">RECESO<\/p>\n<\/p>\n<\/div>\n<\/div>\n<div class=\"ba_eventos_timeline_row\">\n<div class=\"ba_eventos_timeline_horario\">\n<p>    19:15 &#8211; 20:45<\/p>\n<p class=\"ba_eventos_timeline_horario_black\">El aula Predispuesta a lo flamenco<\/p>\n<\/p>\n<\/div>\n<div class=\"ba_eventos_timeline_desc\">\n<p>    Jos\u00e9 Javier Le\u00f3n<\/p>\n<\/div>\n<\/div>\n<div class=\"ba_eventos_timeline_row\">\n<div class=\"ba_eventos_timeline_horario\">\n<p>    21:30<\/p>\n<p class=\"ba_eventos_timeline_horario_black\">Actividad de Cohesi\u00f3n:<\/p>\n<p class=\"ba_eventos_timeline_horario_black ba_eventos_timeline_horario_noBold\"> Presentaci\u00f3n del libro conmemorativo del 70 aniversario de la Pe\u00f1a La Plater\u00eda &#8220;De Federico a Silverio, con amor&#8221;<\/p>\n<p class=\"ba_eventos_timeline_horario_black ba_eventos_timeline_horario_noBold\"><i class=\"fas fa-location-arrow\"><\/i> Ubicaci\u00f3n: <a href=\"https:\/\/goo.gl\/maps\/tB4mBdsXy12SnNQr5\" target=\"_blank\" rel=\"noopener noreferrer\">Pe\u00f1a La Plater\u00eda<\/a><\/p>\n<\/p>\n<\/div>\n<div class=\"ba_eventos_timeline_desc\">\n<p>    Jos\u00e9 Javier Le\u00f3n<\/p>\n<p>    Luis Mariano<\/p>\n<\/div>\n<\/div>\n<\/div>\n<\/div><\/div><\/div><!-- Timeline Content --><div  id=\"ctl-story-138\" class=\"ctl-story ctl-story-icon even ctl-story-left\" data-aos=\"fade-up\"   data-story-index=\"2\" role=\"article\"><!-- Story Date --><div class=\"ctl-labels\"><div class=\"ctl-label-big story-date\">18 noviembre 2021<\/div><\/div><!-- Story Icon --><div class=\"ctl-icon\"><i class=\"fa fa-clock-o\" aria-hidden=\"true\"><\/i><\/div> <!-- Story Content --><div class=\"ctl-content\"><!-- Story Title --><div class=\"ctl-title story-138\" aria-label=\"2\">La Escuela<\/div><!-- Story Description --><div class=\"ctl-description\"><div class=\"ba_eventos_timeline_container\">\n<p style=\"padding-bottom: 1em;\"><i class=\"fas fa-location-arrow\"><\/i> Ubicaci\u00f3n: <a href=\"https:\/\/goo.gl\/maps\/ah4DCEQ4w4FbaJ4v7\" target=\"_blank\" rel=\"noopener noreferrer\">Espacio V Centenario<\/a><\/p>\n<div class=\"ba_eventos_timeline_row\">\n<div class=\"ba_eventos_timeline_horario\">\n<p>        09:00 &#8211; 09:30<\/p>\n<p class=\"ba_eventos_timeline_horario_black\">COMUNICACIONES<\/p>\n<p class=\"ba_eventos_timeline_horario_black\">AULA I:<\/p>\n<p class=\"ba_eventos_timeline_horario_black ba_eventos_timeline_horario_noBold\">Did\u00e1ctica y programaci\u00f3n para la nueva especialidad del m\u00e1ster interuniversitario de flamenco: dise\u00f1o y creaci\u00f3n de moda para eventos culturales y espect\u00e1culo de \u00e1mbito flamenco\u201d. Carmen Heredia. \u201cVilla flamenco\u201d: acercar el arte flamenco al aula mediante el videojuego educativo de creaci\u00f3n propia\u201d. Jos\u00e9 Alberto Amador Fern\u00e1ndez.<\/p>\n<p class=\"ba_eventos_timeline_horario_black\">AULA II:<\/p>\n<p class=\"ba_eventos_timeline_horario_black ba_eventos_timeline_horario_noBold\">\u201cEl flamenco como recurso did\u00e1ctico en educaci\u00f3n f\u00edsica. Una propuesta para primaria y secundaria.\u201d Gabriel Maldonado Rufete. \u201cVivir y sentir el flamenco\u201d en el IES Federico Garc\u00eda Lorca de la Puebla de Cazalla: una experiencia educativa\u201d. Pedro Garrido y Ana Ru\u00edz.<\/p>\n<p class=\"ba_eventos_timeline_horario_black\">AULA III:<\/p>\n<p class=\"ba_eventos_timeline_horario_black ba_eventos_timeline_horario_noBold\">\u201cFlamenco entre el suelo y el cielo\u201d, Pedro Jos\u00e9 Bonilla y Cristina Chist\u00e8. \u201cWebnografia del flamenco en educaci\u00f3n secundaria\u201d Jos\u00e9 Castilla Segura.<\/p>\n<p class=\"ba_eventos_timeline_horario_black\">SALA M\u00c1XIMA:<\/p>\n<p class=\"ba_eventos_timeline_horario_black ba_eventos_timeline_horario_noBold\">\u201cEl duende en la educaci\u00f3n\u201d. Proyecci\u00f3n corto Duende, Manuel Ramos.<\/p>\n<\/p>\n<\/div>\n<\/div>\n<div class=\"ba_eventos_timeline_row\">\n<div class=\"ba_eventos_timeline_horario\">\n<p>        09:30 &#8211; 11:00<\/p>\n<p class=\"ba_eventos_timeline_horario_black\">Hacia la integraci\u00f3n del Flamenco en el Curr\u00edculo &#8220;Mirada educativa del Flamenco&#8221;<\/p>\n<\/p>\n<\/div>\n<div class=\"ba_eventos_timeline_desc\">\n<p>Macarena Vega<\/p>\n<p>Marcelo G\u00e1lvez<\/p>\n<p>Almudena Oca\u00f1a<\/p>\n<p>Benito Gallardo<\/p>\n<p>Manuel Salazar<\/p>\n<\/p>\n<\/div>\n<\/div>\n<div class=\"ba_eventos_timeline_row\">\n<div class=\"ba_eventos_timeline_horario\">\n<p>        11:00 &#8211; 11:30<\/p>\n<p class=\"ba_eventos_timeline_horario_black\">RECESO (Desayuno Hotel Allegro)<\/p>\n<\/p>\n<\/div>\n<\/div>\n<div class=\"ba_eventos_timeline_row\">\n<div class=\"ba_eventos_timeline_horario\">\n<p>        11:00<\/p>\n<p class=\"ba_eventos_timeline_horario_black\">Actividad Did\u00e1ctica Paralela con centros educativos:<\/p>\n<p class=\"ba_eventos_timeline_horario_black ba_eventos_timeline_horario_noBold\"> Centro Art\u00edstico y Literario: Concurso de Cante Jondo 1922<\/p>\n<p class=\"ba_eventos_timeline_horario_black ba_eventos_timeline_horario_noBold\"><i class=\"fas fa-location-arrow\"><\/i> Ubicaci\u00f3n: <a href=\"https:\/\/goo.gl\/maps\/ePd8BLb5DSGiJsYi9\" target=\"_blank\" rel=\"noopener noreferrer\">Centro Art\u00edstico y literario<\/a><\/p>\n<\/p>\n<\/div>\n<div class=\"ba_eventos_timeline_desc\">\n<p>        Victor V\u00e1zquez<\/p>\n<p>        Juan de Dios Vico<\/p>\n<p>        Juan Chirveches<\/p>\n<\/div>\n<\/div>\n<div class=\"ba_eventos_timeline_row\">\n<div class=\"ba_eventos_timeline_horario\">\n<p>        11:30 &#8211; 13:00<\/p>\n<p class=\"ba_eventos_timeline_horario_black\">&#8220;Mirada social y educativa del Flamenco\u201d<\/p>\n<\/p>\n<\/div>\n<div class=\"ba_eventos_timeline_desc\">\n<p>Mar\u00eda Luisa Hern\u00e1ndez<\/p>\n<p>Yolanda Matar\u00e1n<\/p>\n<p>Pablo Galindo<\/p>\n<\/p>\n<\/div>\n<\/div>\n<div class=\"ba_eventos_timeline_row\">\n<div class=\"ba_eventos_timeline_horario\">\n<p>        13:00 &#8211; 14:00<\/p>\n<p class=\"ba_eventos_timeline_horario_black\">Taller o muestra de flamenco inclusivo<\/p>\n<\/p>\n<\/div>\n<div class=\"ba_eventos_timeline_desc\">\n<p>Laura Fern\u00e1ndez<\/p>\n<p>Pablo Fern\u00e1ndez<\/p>\n<\/p>\n<\/div>\n<\/div>\n<div class=\"ba_eventos_timeline_row\">\n<div class=\"ba_eventos_timeline_horario\">\n<p>        14:00 &#8211; 16:00<\/p>\n<p class=\"ba_eventos_timeline_horario_black\">RECESO<\/p>\n<\/p>\n<\/div>\n<\/div>\n<div class=\"ba_eventos_timeline_row\">\n<div class=\"ba_eventos_timeline_horario\">\n<p>        Paquete de actividades 1:<\/p>\n<p class=\"ba_eventos_timeline_horario_black ba_eventos_timeline_horario_noBold\"><i class=\"fas fa-location-arrow\"><\/i>Ubicaci\u00f3n: Espacio V centenario<\/p>\n<\/p>\n<\/div>\n<\/div>\n<div class=\"ba_eventos_timeline_row\">\n<div class=\"ba_eventos_timeline_horario\">\n<p>        16:00 &#8211; 17:00<\/p>\n<p class=\"ba_eventos_timeline_horario_black\">Buenas pr\u00e1cticas educativas<\/p>\n<\/p>\n<\/div>\n<\/div>\n<div class=\"ba_eventos_timeline_row\">\n<div class=\"ba_eventos_timeline_horario\">\n<p>        17:00 a 18:30<\/p>\n<p class=\"ba_eventos_timeline_horario_black\">Taller 1 Acci\u00f3n creativa (Sala de la Orquesta)<\/p>\n<p class=\"ba_eventos_timeline_horario_black ba_eventos_timeline_horario_noBold\">Miguel L\u00f3pez Castro<\/p>\n<p class=\"ba_eventos_timeline_horario_black\">Taller 2 Acci\u00f3n Dibujo (Sala M\u00e1xima)<\/p>\n<p class=\"ba_eventos_timeline_horario_black ba_eventos_timeline_horario_noBold\">Jos\u00e9 Luis Ramos<\/p>\n<\/p>\n<\/div>\n<\/div>\n<div class=\"ba_eventos_timeline_row\">\n<div class=\"ba_eventos_timeline_horario\">\n<p>        18:30 &#8211; 19:00<\/p>\n<p class=\"ba_eventos_timeline_horario_black\">RECESO<\/p>\n<\/p>\n<\/div>\n<\/div>\n<div class=\"ba_eventos_timeline_row\">\n<div class=\"ba_eventos_timeline_horario\">\n<p>        19:00 &#8211; 20:30<\/p>\n<p class=\"ba_eventos_timeline_horario_black\">Taller 2 Acci\u00f3n Dibujo (Sala M\u00e1xima)<\/p>\n<p class=\"ba_eventos_timeline_horario_black\">Taller 1 Acci\u00f3n Creativa (Sala de la Orquesta)<\/p>\n<\/p>\n<\/div>\n<\/div>\n<div class=\"ba_eventos_timeline_row\">\n<div class=\"ba_eventos_timeline_horario\">\n<p>        Paquete de actividades 2:<\/p>\n<p class=\"ba_eventos_timeline_horario_black ba_eventos_timeline_horario_noBold\"><i class=\"fas fa-location-arrow\"><\/i> Ubicaci\u00f3n: <a href=\"https:\/\/goo.gl\/maps\/jJ8xHpuRQCDUvbFF8\" target=\"_blank\" rel=\"noopener noreferrer\">Espacio Palacio del Almirante<\/a<\/p>\n<\/p>\n<\/div>\n<\/div>\n<div class=\"ba_eventos_timeline_row\">\n<div class=\"ba_eventos_timeline_horario\">\n<p>        16:00 &#8211; 17:00<\/p>\n<p class=\"ba_eventos_timeline_horario_black\">Comunicaciones (Sala Roja)<\/p>\n<\/p>\n<\/div>\n<\/div>\n<div class=\"ba_eventos_timeline_row\">\n<div class=\"ba_eventos_timeline_horario\">\n<p>        17:00 a 18:30<\/p>\n<p class=\"ba_eventos_timeline_horario_black\">Taller 3 Acci\u00f3n Baile<\/p>\n<p class=\"ba_eventos_timeline_horario_black ba_eventos_timeline_horario_noBold\">Antonio Najarro<\/p>\n<p class=\"ba_eventos_timeline_horario_black\">Taller 4 Acci\u00f3n Cante (Sala Roja)<\/p>\n<p class=\"ba_eventos_timeline_horario_black ba_eventos_timeline_horario_noBold\">Esther Crisol<\/p>\n<\/p>\n<\/div>\n<\/div>\n<div class=\"ba_eventos_timeline_row\">\n<div class=\"ba_eventos_timeline_horario\">\n<p>        18:30 &#8211; 19:00<\/p>\n<p class=\"ba_eventos_timeline_horario_black\">RECESO<\/p>\n<\/p>\n<\/div>\n<\/div>\n<div class=\"ba_eventos_timeline_row\">\n<div class=\"ba_eventos_timeline_horario\">\n<p>        19:00 &#8211; 20:30<\/p>\n<p class=\"ba_eventos_timeline_horario_black\">Taller 4 Acci\u00f3n Cante (Sala Roja)<\/p>\n<p class=\"ba_eventos_timeline_horario_black\">Taller 3 Acci\u00f3n Baile<\/p>\n<\/p>\n<\/div>\n<\/div>\n<div class=\"ba_eventos_timeline_row\">\n<div class=\"ba_eventos_timeline_horario\">\n<p>        21:30<\/p>\n<p class=\"ba_eventos_timeline_horario_black\">Actividad de cohesi\u00f3n:<\/p>\n<p class=\"ba_eventos_timeline_horario_black ba_eventos_timeline_horario_noBold\"> Muestra Did\u00e1ctica de Flamenco Pe\u00f1a La Plater\u00eda: Trasnoche Flamenco<\/p>\n<p class=\"ba_eventos_timeline_horario_black ba_eventos_timeline_horario_noBold\"><i class=\"fas fa-location-arrow\"><\/i> Ubicaci\u00f3n: <a href=\"https:\/\/goo.gl\/maps\/tB4mBdsXy12SnNQr5\" target=\"_blank\" rel=\"noopener noreferrer\">Pe\u00f1a La Plater\u00eda<\/a><\/p>\n<\/p>\n<\/div>\n<div class=\"ba_eventos_timeline_desc\">\n<p>        Victor V\u00e1zquez<\/p>\n<p>        Juan Pinilla<\/p>\n<p>        Luis Mariano<\/p>\n<p>        M\u00f3nica Iglesias<\/p>\n<\/div>\n<\/div>\n<\/div>\n<\/div><\/div><\/div><!-- Timeline Content --><div  id=\"ctl-story-163\" class=\"ctl-story ctl-story-icon odd ctl-story-right\" data-aos=\"fade-up\"   data-story-index=\"3\" role=\"article\"><!-- Story Date --><div class=\"ctl-labels\"><div class=\"ctl-label-big story-date\">19 noviembre 2021<\/div><\/div><!-- Story Icon --><div class=\"ctl-icon\"><i class=\"fa fa-clock-o\" aria-hidden=\"true\"><\/i><\/div> <!-- Story Content --><div class=\"ctl-content\"><!-- Story Title --><div class=\"ctl-title story-163\" aria-label=\"2\">La Profesi\u00f3n<\/div><!-- Story Description --><div class=\"ctl-description\"><div class=\"ba_eventos_timeline_container\">\n<p style=\"padding-bottom: 1em;\"><i class=\"fas fa-location-arrow\"><\/i> Ubicaci\u00f3n: <a href=\"https:\/\/goo.gl\/maps\/VFHgh2u83BiB8xHk7\" target=\"_blank\" rel=\"noopener noreferrer\">Auditorio La Chumbera<\/a><\/p>\n<div class=\"ba_eventos_timeline_row\">\n<div class=\"ba_eventos_timeline_horario\">\n<p>        10:00 &#8211; 11:30<\/p>\n<p class=\"ba_eventos_timeline_horario_black\">Mesa:<\/p>\n<p class=\"ba_eventos_timeline_horario_black ba_eventos_timeline_horario_noBold\"> &#8220;Aportaci\u00f3n Educativa del Flamenco Profesional:<br \/>\n          experiencias inspiradoras. Flamenco profesional y experiencias educativas&#8221;<\/p>\n<\/p>\n<\/div>\n<div class=\"ba_eventos_timeline_desc\">\n<p>        Antonio Najarro<\/p>\n<p>        Jos\u00e9 Gal\u00e1n<\/p>\n<p>        Cristina Heeren y Pedro Barrag\u00e1n<\/p>\n<p>        Moderadora: Rosa Su\u00e1rez Mu\u00f1oz<\/p>\n<\/div>\n<\/div>\n<div class=\"ba_eventos_timeline_row\">\n<div class=\"ba_eventos_timeline_horario\">\n<p>        11:30<\/p>\n<p class=\"ba_eventos_timeline_horario_black\">Actividad paralela con centros educativo:<\/p>\n<p class=\"ba_eventos_timeline_horario_black ba_eventos_timeline_horario_noBold\"> &#8220;Concierto Did\u00e1ctico en torno al Flamenco organizado por Educa Ugr y Grupo de Estudios Flamencos de La Madraza.&#8221;<\/p>\n<p class=\"ba_eventos_timeline_horario_black ba_eventos_timeline_horario_noBold\"><i class=\"fas fa-location-arrow\"><\/i> Ubicaci\u00f3n: <a href=\"https:\/\/goo.gl\/maps\/ah4DCEQ4w4FbaJ4v7\" target=\"_blank\" rel=\"noopener noreferrer\">Espacio V Centenario<\/a><\/p>\n<\/p>\n<\/div>\n<\/div>\n<div class=\"ba_eventos_timeline_row\">\n<div class=\"ba_eventos_timeline_horario\">\n<p>        11:30 &#8211; 12:30<\/p>\n<p class=\"ba_eventos_timeline_horario_black\">Conclusiones y nuevas l\u00edneas de investigaci\u00f3n.<\/p>\n<\/p>\n<\/div>\n<div class=\"ba_eventos_timeline_desc\">\n<p>        Francisco Javier Rivera Rodr\u00edguez<\/p>\n<p>        Crist\u00f3bal Ortega Martos<\/p>\n<p>        Manuel Mart\u00edn Gonz\u00e1lez<\/p>\n<\/div>\n<\/div>\n<div class=\"ba_eventos_timeline_row\">\n<div class=\"ba_eventos_timeline_horario\">\n<p>        12:30 &#8211; 13:00<\/p>\n<p class=\"ba_eventos_timeline_horario_black\">RECESO<\/p>\n<\/p>\n<\/div>\n<\/div>\n<div class=\"ba_eventos_timeline_row\">\n<div class=\"ba_eventos_timeline_horario\">\n<p>        13:00 &#8211; 14:00<\/p>\n<p class=\"ba_eventos_timeline_horario_black\">Actuaci\u00f3n:<\/p>\n<p class=\"ba_eventos_timeline_horario_black ba_eventos_timeline_horario_noBold\"> Sole\u00e1 Morente y Coro de C\u00e1mara de Granada en el<br \/>\n          Auditorio La Chumbera<\/p>\n<\/p>\n<\/div>\n<\/div>\n<div class=\"ba_eventos_timeline_row\">\n<div class=\"ba_eventos_timeline_horario\">\n<p>        14:00<\/p>\n<p class=\"ba_eventos_timeline_horario_black\">Cierre del congreso<\/p>\n<\/p>\n<\/div>\n<\/div>\n<\/div>\n<\/div><\/div><\/div>\t\t\t\t\t<\/div>\n\t\t\t\t\t<div class=\"ctl-end\"><\/div>\n\t\t\t\t\t\t\t\t\t<\/div>\n\t\t\t<\/div>\n\t\t\t\n<p>[\/et_pb_text][\/et_pb_column][\/et_pb_row][\/et_pb_section]<\/p>\n","protected":false},"excerpt":{"rendered":"<p>[et_pb_section fb_built=&#8221;1&#8243; fullwidth=&#8221;on&#8221; _builder_version=&#8221;4.5.0&#8243; _module_preset=&#8221;default&#8221; locked=&#8221;off&#8221;][et_pb_fullwidth_code _builder_version=&#8221;4.5.0&#8243; _module_preset=&#8221;default&#8221;] Programa [\/et_pb_fullwidth_code][\/et_pb_section][et_pb_section fb_built=&#8221;1&#8243; _builder_version=&#8221;4.5.0&#8243; _module_preset=&#8221;default&#8221; background_color=&#8221;#dddddd&#8221; custom_padding=&#8221;2%||2%||true|false&#8221;][et_pb_row column_structure=&#8221;1_2,1_2&#8243; _builder_version=&#8221;4.5.0&#8243; _module_preset=&#8221;default&#8221;][et_pb_column type=&#8221;1_2&#8243; _builder_version=&#8221;4.5.0&#8243; _module_preset=&#8221;default&#8221;][et_pb_text _builder_version=&#8221;4.5.0&#8243; _module_preset=&#8221;default&#8221; text_orientation=&#8221;center&#8221;] Descargar el programa completo. [\/et_pb_text][\/et_pb_column][et_pb_column type=&#8221;1_2&#8243; _builder_version=&#8221;4.5.0&#8243; _module_preset=&#8221;default&#8221;][et_pb_text _builder_version=&#8221;4.5.0&#8243; _module_preset=&#8221;default&#8221; text_orientation=&#8221;center&#8221; hover_enabled=&#8221;0&#8243;] Descargar la gu\u00eda del Congreso. [\/et_pb_text][\/et_pb_column][\/et_pb_row][et_pb_row _builder_version=&#8221;4.5.0&#8243; _module_preset=&#8221;default&#8221; custom_padding=&#8221;0px||0px||true|false&#8221; collapsed=&#8221;off&#8221;][et_pb_column type=&#8221;4_4&#8243; _builder_version=&#8221;4.9.0&#8243; _module_preset=&#8221;default&#8221;][et_pb_text _builder_version=&#8221;4.5.0&#8243; _module_preset=&#8221;90865f4d-2cce-42a7-b40e-d3fbad25605a&#8221; header_2_font=&#8221;Prata||||||||&#8221; header_2_text_color=&#8221;#141414&#8243; header_2_font_size=&#8221;60px&#8221; header_2_line_height=&#8221;1.2em&#8221; [&hellip;]<\/p>\n","protected":false},"author":7051,"featured_media":0,"parent":0,"menu_order":0,"comment_status":"closed","ping_status":"closed","template":"","meta":{"_et_pb_use_builder":"on","_et_pb_old_content":"","_et_gb_content_width":"","ngg_post_thumbnail":0,"footnotes":""},"aioseo_notices":[],"_links":{"self":[{"href":"https:\/\/blogsaverroes.juntadeandalucia.es\/educacionyflamenco21\/wp-json\/wp\/v2\/pages\/23"}],"collection":[{"href":"https:\/\/blogsaverroes.juntadeandalucia.es\/educacionyflamenco21\/wp-json\/wp\/v2\/pages"}],"about":[{"href":"https:\/\/blogsaverroes.juntadeandalucia.es\/educacionyflamenco21\/wp-json\/wp\/v2\/types\/page"}],"author":[{"embeddable":true,"href":"https:\/\/blogsaverroes.juntadeandalucia.es\/educacionyflamenco21\/wp-json\/wp\/v2\/users\/7051"}],"replies":[{"embeddable":true,"href":"https:\/\/blogsaverroes.juntadeandalucia.es\/educacionyflamenco21\/wp-json\/wp\/v2\/comments?post=23"}],"version-history":[{"count":9,"href":"https:\/\/blogsaverroes.juntadeandalucia.es\/educacionyflamenco21\/wp-json\/wp\/v2\/pages\/23\/revisions"}],"predecessor-version":[{"id":1116,"href":"https:\/\/blogsaverroes.juntadeandalucia.es\/educacionyflamenco21\/wp-json\/wp\/v2\/pages\/23\/revisions\/1116"}],"wp:attachment":[{"href":"https:\/\/blogsaverroes.juntadeandalucia.es\/educacionyflamenco21\/wp-json\/wp\/v2\/media?parent=23"}],"curies":[{"name":"wp","href":"https:\/\/api.w.org\/{rel}","templated":true}]}}