{"id":33,"date":"2021-06-22T12:16:11","date_gmt":"2021-06-22T10:16:11","guid":{"rendered":"http:\/\/blogsaverroes.juntadeandalucia.es\/pre\/educacionyflamenco\/?page_id=33"},"modified":"2021-11-11T10:48:40","modified_gmt":"2021-11-11T10:48:40","slug":"ponentes","status":"publish","type":"page","link":"https:\/\/blogsaverroes.juntadeandalucia.es\/educacionyflamenco21\/ponentes\/","title":{"rendered":"Ponentes"},"content":{"rendered":"<p>[et_pb_section fb_built=&#8221;1&#8243; fullwidth=&#8221;on&#8221; _builder_version=&#8221;4.5.0&#8243; _module_preset=&#8221;default&#8221; locked=&#8221;off&#8221;][et_pb_fullwidth_code _builder_version=&#8221;4.5.0&#8243; _module_preset=&#8221;default&#8221;]<\/p>\n<div class=\"contenedor_inscripciones_flamenco\"><!-- [et_pb_line_break_holder] -->  <\/p>\n<div class=\"imagen_lunares_inscripciones_flamenco\"><!-- [et_pb_line_break_holder] -->    <!-- [et_pb_line_break_holder] -->  <\/div>\n<p><!-- [et_pb_line_break_holder] -->  <\/p>\n<div class=\"titulo_inscripciones_flamenco\"><!-- [et_pb_line_break_holder] -->    <\/p>\n<h2><!-- [et_pb_line_break_holder] -->      Ponentes<!-- [et_pb_line_break_holder] -->    <\/h2>\n<p><!-- [et_pb_line_break_holder] -->  <\/div>\n<p><!-- [et_pb_line_break_holder] --><\/div>\n<p>[\/et_pb_fullwidth_code][\/et_pb_section][et_pb_section fb_built=&#8221;1&#8243; _builder_version=&#8221;4.5.0&#8243; _module_preset=&#8221;default&#8221; background_color=&#8221;#dddddd&#8221; custom_padding=&#8221;2%||||false|false&#8221;][et_pb_row _builder_version=&#8221;4.5.0&#8243; _module_preset=&#8221;default&#8221; custom_padding=&#8221;1em||||false|false&#8221;][et_pb_column type=&#8221;4_4&#8243; _builder_version=&#8221;4.9.0&#8243; _module_preset=&#8221;default&#8221;][et_pb_accordion icon_color=&#8221;#141414&#8243; _builder_version=&#8221;4.5.0&#8243; _module_preset=&#8221;default&#8221; toggle_font=&#8221;Prata||||||||&#8221; toggle_font_size=&#8221;22px&#8221; toggle_line_height=&#8221;1.4em&#8221; body_font=&#8221;Lato||||||||&#8221; body_font_size=&#8221;16px&#8221; max_width=&#8221;700px&#8221; module_alignment=&#8221;center&#8221; hover_enabled=&#8221;0&#8243; toggle_font_size_tablet=&#8221;18px&#8221; toggle_font_size_phone=&#8221;16px&#8221; toggle_font_size_last_edited=&#8221;on|desktop&#8221; toggle_line_height_tablet=&#8221;1.6em&#8221; toggle_line_height_phone=&#8221;&#8221; toggle_line_height_last_edited=&#8221;on|desktop&#8221; body_font_size_tablet=&#8221;15px&#8221; body_font_size_phone=&#8221;14px&#8221; body_font_size_last_edited=&#8221;on|phone&#8221; border_width_all=&#8221;0px&#8221; border_color_all=&#8221;rgba(20,20,20,0.3)&#8221; border_width_bottom=&#8221;1px&#8221;][et_pb_accordion_item open=&#8221;on&#8221; _builder_version=&#8221;4.5.0&#8243; _module_preset=&#8221;default&#8221; custom_css_main_element=&#8221;display:none;&#8221;][\/et_pb_accordion_item][et_pb_accordion_item title=&#8221;Cristina Cruces&#8221; _builder_version=&#8221;4.5.0&#8243; _module_preset=&#8221;default&#8221; open=&#8221;off&#8221;]<\/p>\n<p><img loading=\"lazy\" decoding=\"async\" class=\"wp-image-347 size-full alignnone\" src=\"https:\/\/blogsaverroes.juntadeandalucia.es\/educacionyflamenco21\/files\/2021\/07\/Cristina-Cruces.jpg\" alt=\"\" width=\"212\" height=\"141\"><\/p>\n<p>Es catedr\u00e1tica de Antropolog\u00eda Social de la Universidad de Sevilla. Investigadora principal en el proyecto I+D \u201cMujeres flamencas: etnicidad, educaci\u00f3n y empleo ante los nuevos retos profesionales\u201d, ha participado entre otros en los proyectos \u201cCOFLA, an\u00e1lisis computacional de la m\u00fasica flamenca\u201d y \u201cDanza durante la guerra civil y el franquismo\u201d.<\/p>\n<p>Redactora y coordinadora de la documentaci\u00f3n t\u00e9cnica para la declaraci\u00f3n de los cantes de la Ni\u00f1a de los Peines como Bien de Inter\u00e9s Cultural de Andaluc\u00eda, particip\u00f3 en la redacci\u00f3n de las propuestas para la inclusi\u00f3n del flamenco en la Lista Representativa del Patrimonio Cultural Inmaterial (UNESCO). Ha realizado la asesor\u00eda t\u00e9cnica del Museo del Flamenco de Andaluc\u00eda.<\/p>\n<p>Premios de Investigaci\u00f3n Ciudad de Sevilla, Juan Valera, Memorial Blas Infante, II Marqu\u00e9s de Lozoya, Extraordinario de Doctorado, Jos\u00e9 Mar\u00eda Capuletti y Ciudad de Jerez, dirigi\u00f3 la revista Dem\u00f3filo y el pionero Programa Interdisciplinar de Doctorado: \u201cEl flamenco: acercamiento multidisciplinar a su estudio\u201d, donde ha dirigido siete tesis doctorales.<\/p>\n<p>Conferenciante habitual y profesora de cursos especializados, es autora de los libros \u201cAntropolog\u00eda y Flamenco: Identidad, G\u00e9nero y Trabajo\u201d y \u201cFlamenco y m\u00fasica andalus\u00ed\u201d (2003), \u201cM\u00e1s all\u00e1 de la m\u00fasica: Sociabilidad, Transmisi\u00f3n y Patrimonio\u201d e \u201cHistoria del Flamenco, Siglo XXI\u201d (2002), \u201cEl flamenco: identidades, ritual y patrimonio cultural\u201d (1996), \u201cFlamenco y trabajo&#8221; y \u201cLa bibliograf\u00eda flamenca, a debate\u201d (1998), &#8220;Clamaba un minero as\u00ed&#8230;&#8221; Identidades sociales y trabajo en los cantes mineros\u201d (1993), \u201cEl flamenco como patrimonio\u201d (2001), \u201cLa Ni\u00f1a de los Peines. El mundo flamenco de Pastora Pav\u00f3n\u201d (2009), \u201cFlamenco, negro sobre blanco. Investigaci\u00f3n, patrimonio, cine y neoflamenco\u201d (2017), \u201cNi canta\u2026 \u00bfni baila? El baile flamenco de Lola Flores en la \u201ccinematograf\u00eda de la hispanidad\u201d (1953-1956)\u201d (2021).<br \/>Ha publicado numerosos cap\u00edtulos de libros y art\u00edculos en revistas nacionales e internacionales y libros colectivos. Es miembro de la Comisi\u00f3n Asesora de la Bienal de Flamenco, y ha pertenecido a la Comisi\u00f3n Andaluza de Etnolog\u00eda, el Comit\u00e9 Cient\u00edfico del Centro de Estudios Andaluces, el Consejo Asesor del Flamenco en Andaluc\u00eda, la Comisi\u00f3n Asesora del Centro Andaluz del Flamenco, la Agencia Andaluza para el Desarrollo del Flamenco y el Consejo Audiovisual de Andaluc\u00eda.<br \/>En la actualidad, desarrolla estudios flamencos sobre patrimonio, g\u00e9nero, registros audiovisuales y expresiones contempor\u00e1neas.<\/p>\n<p>[\/et_pb_accordion_item][et_pb_accordion_item title=&#8221;Manuel Li\u00f1\u00e1n&#8221; _builder_version=&#8221;4.5.0&#8243; _module_preset=&#8221;default&#8221; open=&#8221;off&#8221;]<\/p>\n<p><img loading=\"lazy\" decoding=\"async\" class=\"wp-image-347 size-full alignnone\" src=\"https:\/\/blogsaverroes.juntadeandalucia.es\/educacionyflamenco21\/files\/2021\/07\/manuellinan-1-e1626683416837.jpg\" alt=\"\" width=\"212\" height=\"141\"><\/p>\n<p>Manuel Li\u00f1\u00e1n no es s\u00f3lo bailaor sino tambi\u00e9n core\u00f3grafo y director. Es invitado en numerosas ocasiones para coreografiar espect\u00e1culos por compa\u00f1\u00edas como el Ballet Nacional de Espa\u00f1a, Rafaela Carrasco, Teresa Nieto y el Nuevo Ballet Espa\u00f1ol.<br \/>En 2008 comienza su andadura en solitario estren\u00e1ndose con TAURO. M\u00e1s tarde contin\u00faa con MUNDO Y APARTE y SINERGIA, espect\u00e1culos con los que tuvo la oportunidad de recorrer numerosos festivales de prestigio como el Festival de Jerez, que le vali\u00f3 el premio bailar\u00edn revelaci\u00f3n 2012.<br \/>Un a\u00f1o m\u00e1s tarde le es concedido el Premio Max de las Artes Esc\u00e9nicas como mejor int\u00e9rprete de danza masculino y el Premio de la cr\u00edtica Flamenco Hoy como mejor bailaor.<br \/>En 2014 estrena N\u00d3MADA en el marco del Festival de Jerez. En 2016 presenta su trabajo REVERSIBLE ganando el premio de la Critica del Festival de Jerez. En 2017 recibe el Premio Nacional de Danza y actualmente triunfa con su espect\u00e1culo VIVA.<\/p>\n<p>[\/et_pb_accordion_item][et_pb_accordion_item title=&#8221;Ana Mar\u00eda D\u00edaz Olaya&#8221; _builder_version=&#8221;4.5.0&#8243; _module_preset=&#8221;default&#8221; open=&#8221;off&#8221;]<\/p>\n<p><img loading=\"lazy\" decoding=\"async\" class=\"wp-image-347 size-full alignnone\" src=\"https:\/\/blogsaverroes.juntadeandalucia.es\/educacionyflamenco21\/files\/2021\/07\/ana-diaz-1.jpg\" alt=\"\" width=\"212\" height=\"141\"><\/p>\n<p>Profesora Titular del \u00e1rea de Did\u00e1ctica de la Expresi\u00f3n Musical de la Universidad de M\u00e1laga. Doctora por la Universidad de M\u00e1laga. Es Licenciada en Historia y Ciencias de la M\u00fasica, Diplomada en Educaci\u00f3n Musical por la Universidad de Granada y titulada en Guitarra y Danza. Investiga sobre m\u00fasica, flamenco y danza, con enfoque tanto did\u00e1ctico como hist\u00f3rico. Desde el a\u00f1o 2012, es organizadora del Congreso Internacional M\u00fasica, Danza y Educaci\u00f3n, que se viene celebrando anualmente en la Universidad de M\u00e1laga y que ya cuenta con seis ediciones. Actualmente imparte docencia en el M\u00e1ster oficial interuniversitario de Flamenco, es directora del T\u00edtulo de Experto en Estudios Flamencos y desempe\u00f1a el cargo de Directora de la C\u00e1tedra de Flamencolog\u00eda de la Universidad de M\u00e1laga.<\/p>\n<p>[\/et_pb_accordion_item][et_pb_accordion_item title=&#8221;Pedro Ord\u00f3\u00f1ez Eslava&#8221; _builder_version=&#8221;4.5.0&#8243; _module_preset=&#8221;default&#8221; open=&#8221;off&#8221;]<\/p>\n<p><img loading=\"lazy\" decoding=\"async\" class=\"wp-image-347 size-full alignnone\" src=\"https:\/\/blogsaverroes.juntadeandalucia.es\/educacionyflamenco21\/files\/2021\/07\/Pedro-2.jpg\" alt=\"\" width=\"212\" height=\"141\"><\/p>\n<p>Es Doctor Europeo en Historia y Ciencias de la M\u00fasica por la Universidad de Granada, Licenciado en Historia del Arte por la Universidad de Sevilla y Profesor de Guitarra por el Conservatorio Superior de M\u00fasica de Sevilla. Su actividad como music\u00f3logo se centra en el estudio de la relaci\u00f3n entre m\u00fasica, poes\u00eda y artes pl\u00e1sticas contempor\u00e1neas y, m\u00e1s recientemente, en los procesos creativos desde el flamenco a las \u00faltimas tendencias art\u00edsticas y la educaci\u00f3n art\u00edstica y sonora. En 2011 consigui\u00f3 el Premio de Estudios Musicol\u00f3gicos, que concede la Sociedad Espa\u00f1ola de Musicolog\u00eda, por su tesis doctoral,.<br \/>Ha colaborado como cr\u00edtico musical para varios diarios y ha escrito numerosos art\u00edculos para Revistas especializadas.. En la actualidad, es profesor del Departamento de Historia y Ciencias de la M\u00fasica de la Universidad de Granada, Director del \u00c1rea de M\u00fasica de la Madraza. Centro de Cultura Contempor\u00e1nea de la Universidad de Granada, Director de la Colecci\u00f3n Libargo Investiga y de Comares M\u00fasica, adem\u00e1s de guitarrista flamenco acompa\u00f1ante.<br \/>Entre sus \u00faltimas publicaciones destaca Apolog\u00eda de lo impuro. Contramemoria y f[r]icci\u00f3n en el flamenco contempor\u00e1neo (Madrid, Fundaci\u00f3n CIOFF-INAEM, 2020).<\/p>\n<p>[\/et_pb_accordion_item][et_pb_accordion_item title=&#8221;Miguel \u00c1ngel Berlanga&#8221; _builder_version=&#8221;4.5.0&#8243; _module_preset=&#8221;default&#8221; open=&#8221;off&#8221;]<\/p>\n<p><img loading=\"lazy\" decoding=\"async\" class=\"wp-image-347 size-full alignnone\" src=\"https:\/\/blogsaverroes.juntadeandalucia.es\/educacionyflamenco21\/files\/2021\/07\/Foto-MAB-recort.jpg\" alt=\"\" width=\"212\" height=\"141\"><\/p>\n<p>Es Profesor Titular de Etnomusicolog\u00eda y Flamenco en la Universidad de Granada desde el a\u00f1o 2000. Su carrera docente e investigadora la ha orientado al estudio y docencia sobre Etnomusicolog\u00eda, m\u00fasicas populares y tradicionales en Andaluc\u00eda y Flamenco. Ha dirigido 9 tesis de doctorado, varias de ellas sobre flamenco y unos 20 Trabajos Fin de M\u00e1ster, tambi\u00e9n sobre flamenco. Ha recibido tres premios de investigaci\u00f3n por sus investigaciones y publicaciones:<br \/>Varios de sus libros y art\u00edculos han gozado de amplia difusi\u00f3n nacional e internacional.<br \/>Ha sido invitado a asistir a Congresos Internacionales (New York, M\u00e9xico, Veracruz,<br \/>Birmingham, Madrid\u2026). Ha participado en el dise\u00f1o del M\u00e1ster en Investigaci\u00f3n y<br \/>An\u00e1lisis del Flamenco, que coordina en Granada desde el curso 2018-19.<br \/>El libro del que es editor y coautor: El Flamenco. Baile, M\u00fasica, L\u00edrica. Precedentes<br \/>Culturales y Primer Desarrollo (1780-1890) est\u00e1 recibiendo cr\u00edticas muy positivas en<br \/>redes y revistas especializadas.<\/p>\n<p>[\/et_pb_accordion_item][et_pb_accordion_item title=&#8221;Jos\u00e9 Javier Le\u00f3n&#8221; _builder_version=&#8221;4.5.0&#8243; _module_preset=&#8221;default&#8221; open=&#8221;off&#8221;]<\/p>\n<p><img loading=\"lazy\" decoding=\"async\" class=\"wp-image-347 size-full alignnone\" src=\"https:\/\/blogsaverroes.juntadeandalucia.es\/educacionyflamenco21\/files\/2021\/07\/577869f4-cc0a-4ccd-acd8-80fac6a64883.jpg\" alt=\"\" width=\"212\" height=\"141\"><\/p>\n<p>Es doctor en Literatura Espa\u00f1ola por la Universidad de Granada. Profesor en instituciones como Bennington College, EE.UU., la Universidad de Leeds, Reino Unido, o el CLM de la Universidad de Granada, ha sido director de la empresa de formaci\u00f3n Prometeo, conferenciante y profesor invitado en Europa y Estados Unidos. Es autor de libros sobre la ense\u00f1anza de la lengua y la cultura espa\u00f1olas: Comp\u00e1s de extranjer\u00eda (Comares, 2008) y Caleidoscopio (enClave-ELE, 2016), y de una serie de trabajos sobre el flamenco y la obra de Lorca: de 2018 son El duende, hallazgo y clich\u00e9 y la 1\u00aa edici\u00f3n cr\u00edtica de la conferencia Juego y teor\u00eda del duende; de 2020, La sangre derramada. Ecos de la tauromaquia de S\u00e1nchez Mej\u00edas en Garc\u00eda Lorca, seguido de El pase de la muerte, de Mej\u00edas (estas tres \u00faltimas en Athenaica) y De Federico a Silverio, con amor (ed. Universidad de Granada)<br \/>Pepitas de calabaza public\u00f3 en 2020, a su cuidado, la conferencia de Lorca Las nanas. Canciones de cuna espa\u00f1olas y, en 2021, Guiriguer\u00edas, hasta la fecha su \u00faltimo libro, que regresa al \u00e1mbito educativo y al humor. En prensa se halla Burlas y veras del 22 (Athenaica).<\/p>\n<p>[\/et_pb_accordion_item][et_pb_accordion_item title=&#8221;Manuel Salazar Miranda&#8221; _builder_version=&#8221;4.5.0&#8243; _module_preset=&#8221;default&#8221; open=&#8221;off&#8221;]<\/p>\n<p><img loading=\"lazy\" decoding=\"async\" class=\"alignnone size-medium wp-image-881\" src=\"https:\/\/blogsaverroes.juntadeandalucia.es\/educacionyflamenco21\/files\/2021\/07\/Manuel-Salazar-Miranda-300x169.jpeg\" alt=\"\" width=\"300\" height=\"169\"><\/p>\n<p>Profesor de m\u00fasica en el IES Concha M\u00e9ndez Cuesta de Torremolinos. Licenciado en Historia y Ciencias de la M\u00fasica por la UGRA y Diplomado en Magisterio de Educaci\u00f3n Musical por la UCO ejerce como profesor en secundaria desde 2009. Desde sus inicios ha tenido muy presente el valor educativo y cultural del flamenco integr\u00e1ndolo en sus clases de forma curricular aplicando metodolog\u00edas activas donde el alumnado se acercara a este arte de forma pr\u00e1ctica y vivencial siendo protagonistas de su propio aprendizaje. Es autor del libro Propuestas Did\u00e1cticas del flamenco en Educaci\u00f3n Musical y en la ESO adem\u00e1s de publicar diferentes art\u00edculos sobre flamenco y su did\u00e1ctica en revistas educativas. Ha sido miembro de la Comisi\u00f3n para la inclusi\u00f3n del flamenco en el Sistema Educativo Andaluz. Colabora con diferentes centros de formaci\u00f3n del profesorado realizando ponencias y talleres relacionados con la aplicaci\u00f3n del flamenco en el aula. Ha colaborado con RTVE y Canal Sur aportando propuestas sobre flamenco y did\u00e1ctica en los programas infantiles emitidos durante el confinamiento. Ha obtenido en dos ocasiones el Primer Premio Flamenco en Aula (2018 y 2020) que otorga la Consejer\u00eda de Educaci\u00f3n de la Junta de Andaluc\u00eda con los proyectos \u201cFlamenco en el aula\u201d y \u201cRuta Paco de Luc\u00eda \u2013 Algeciras una ciudad de patrimonio\u201d adem\u00e1s de una menci\u00f3n de honor en la Feria Nacional de la Ciencia por el proyecto &#8220;F\u00edsica y Flamenco&#8221;. Actualmente forma parte del equipo de coordinaci\u00f3n pedag\u00f3gica del Programa de Innovaci\u00f3n Vivir y Sentir el Patrimonio de la Junta de Andaluc\u00eda.<\/p>\n<p>[\/et_pb_accordion_item][et_pb_accordion_item title=&#8221;Macarena Vega \u00dacles&#8221; _builder_version=&#8221;4.5.0&#8243; _module_preset=&#8221;default&#8221; open=&#8221;off&#8221;]<\/p>\n<p><img loading=\"lazy\" decoding=\"async\" class=\"alignnone size-medium wp-image-887\" src=\"https:\/\/blogsaverroes.juntadeandalucia.es\/educacionyflamenco21\/files\/2021\/07\/Macarena-Vega-195x300.png\" alt=\"\" width=\"195\" height=\"300\"><\/p>\n<p align=\"justify\">Mi nombre es Macarena Vega Ucl\u00e9s, maestra de Educaci\u00f3n del CEIP Rico Cejudo de Sevilla, en el popular barrio de Triana. Tutora de 6\u00ba curso, Jefa de Estudios y coordinadora de diferentes programas del centro, entre ellos el de Flamenco en la Escuela \u201cOl\u00e9 ol\u00e9 en mi cole\u201d<\/p>\n<p align=\"justify\">Pertenezco al Equipo T\u00e9cnica de Coordinaci\u00f3n Pedag\u00f3gica de los Proyectos de Vivir y Sentir el Patrimonio de la Consejer\u00eda de Educaci\u00f3n y Deporte. Adem\u00e1s de ser miembro del jurado de los Premios de Flamenco en la Escuela a\u00f1o 2020 y 2021.<\/p>\n<p align=\"justify\">De los 20 a\u00f1os que llevo de docencia, 15 vinculada a alg\u00fan tipo de proyecto vinculado al flamenco, es decir, defendiendo el Flamenco como un ente cultural que nos identifica, rico en expresi\u00f3n art\u00edstica y que por ello debe estar en el d\u00eda a d\u00eda de la escuela y cercano a la educaci\u00f3n de nuestros ni\u00f1os y ni\u00f1as. Vivenciar, aprender y expresar.<\/p>\n<p align=\"justify\">Tras varios a\u00f1os desarrollando mi propio proyecto de Flamenco en mis clases, presento el mismo a los premios que se convocan por parte de la consejer\u00eda de educaci\u00f3n en pro de fomentar el flamenco en nuestras aulas durante el curso 2019\/20, concedi\u00e9ndonos el Primer Premio en la Modalidad de Elaboraci\u00f3n de material curricular y recursos did\u00e1cticos.<\/p>\n<p align=\"justify\">A partir de este momento, el proyecto ha tomado tal relevancia en nuestro centro que es un pilar importante incluso una se\u00f1a de identidad de este. Del mismo modo, a nivel personal me ha permitido llevar esta pasi\u00f3n y todo lo que desarrollamos cada curso escolar a otros centros y compa\u00f1eros y compa\u00f1eras que tienen la misma ilusi\u00f3n y creen tanto en fomentar y acercar el flamenco a todos nuestros alumnos y alumnas.<\/p>\n<p align=\"justify\">Lo mejor de m\u00ed: mi perseverancia y paciencia<\/p>\n<p align=\"justify\">Mi pasi\u00f3n: la ense\u00f1anza y el flamenco<\/p>\n<p align=\"justify\">A mejorar: dar de vez en cuando un zapatazo<\/p>\n<p align=\"justify\">Mi Hobby: el cante flamenco, entrenar y despu\u00e9s de la carrera una cervecita con los amigos, para rehidratar.<\/p>\n<p>[\/et_pb_accordion_item][et_pb_accordion_item title=&#8221;Marcelo G\u00e1lvez Jim\u00e9nez&#8221; _builder_version=&#8221;4.5.0&#8243; _module_preset=&#8221;default&#8221; open=&#8221;off&#8221;]<\/p>\n<p><img loading=\"lazy\" decoding=\"async\" class=\"alignnone size-medium wp-image-882\" src=\"https:\/\/blogsaverroes.juntadeandalucia.es\/educacionyflamenco21\/files\/2021\/07\/MarceloGa\u0301lvez-269x300.jpg\" alt=\"\" width=\"269\" height=\"300\" srcset=\"https:\/\/blogsaverroes.juntadeandalucia.es\/educacionyflamenco21\/files\/2021\/07\/MarceloGa\u0301lvez-269x300.jpg 269w, https:\/\/blogsaverroes.juntadeandalucia.es\/educacionyflamenco21\/files\/2021\/07\/MarceloGa\u0301lvez-920x1024.jpg 920w, https:\/\/blogsaverroes.juntadeandalucia.es\/educacionyflamenco21\/files\/2021\/07\/MarceloGa\u0301lvez-768x855.jpg 768w, https:\/\/blogsaverroes.juntadeandalucia.es\/educacionyflamenco21\/files\/2021\/07\/MarceloGa\u0301lvez-1380x1536.jpg 1380w, https:\/\/blogsaverroes.juntadeandalucia.es\/educacionyflamenco21\/files\/2021\/07\/MarceloGa\u0301lvez-1080x1203.jpg 1080w, https:\/\/blogsaverroes.juntadeandalucia.es\/educacionyflamenco21\/files\/2021\/07\/MarceloGa\u0301lvez-1280x1425.jpg 1280w, https:\/\/blogsaverroes.juntadeandalucia.es\/educacionyflamenco21\/files\/2021\/07\/MarceloGa\u0301lvez-980x1091.jpg 980w, https:\/\/blogsaverroes.juntadeandalucia.es\/educacionyflamenco21\/files\/2021\/07\/MarceloGa\u0301lvez-480x534.jpg 480w, https:\/\/blogsaverroes.juntadeandalucia.es\/educacionyflamenco21\/files\/2021\/07\/MarceloGa\u0301lvez.jpg 1719w\" sizes=\"(max-width: 269px) 100vw, 269px\" \/><\/p>\n<ul>\n<li>\n<p align=\"left\">Lo mejor de m\u00ed: actitud cr\u00edtica y perseverancia.<\/p>\n<\/li>\n<li>\n<p align=\"left\">Mi pasi\u00f3n: estar con mi familia.<\/p>\n<\/li>\n<li>\n<p align=\"left\">A mejorar: mi impaciencia.<\/p>\n<\/li>\n<li>\n<p align=\"left\">Mi Hobby: adquirir conocimiento.<\/p>\n<\/li>\n<li>\n<p align=\"left\">Diplomado en Magisterio Musical (Universidad de C\u00e1diz)<\/p>\n<\/li>\n<li>\n<p align=\"left\">Grado Profesional de M\u00fasica en la especialidad de Saxof\u00f3n<\/p>\n<\/li>\n<li>\n<p align=\"left\">Licenciado en Historia y Ciencias de la M\u00fasica (Universidad de La Rioja)<\/p>\n<\/li>\n<li>\n<p align=\"left\">M\u00e1ster en Flamencolog\u00eda (ESMUC)<\/p>\n<\/li>\n<li>\n<p align=\"left\">Tutor de Ed. Primaria, maestro y profesor de M\u00fasica en el CDP Albariza (Jerez de la Fra.)<\/p>\n<\/li>\n<\/ul>\n<p align=\"left\">Relaci\u00f3n con el Flamenco en Educaci\u00f3n:<\/p>\n<ul>\n<li>\n<p align=\"left\">Miembro del Equipo de Coordinaci\u00f3n Pedag\u00f3gica del Programa Vivir y Sentir el Patrimonio desde sus inicios.<\/p>\n<\/li>\n<li>\n<p align=\"left\">Miembro del Grupo de Trabajo, desde el curso 2017\/2018, que organiza las Jornadas Provinciales de Flamenco y Educaci\u00f3n del CEP de Jerez.<\/p>\n<\/li>\n<li>\n<p align=\"left\">Autor de un v\u00eddeo did\u00e1ctico sobre los or\u00edgenes del Flamenco para Canal Sur.<\/p>\n<\/li>\n<li>\n<p align=\"left\">Coautor del curso &#8220;Vivir y Sentir el Flamenco: Introducci\u00f3n a la Did\u00e1ctica del Flamenco&#8221;, junto con Manuel Salazar Miranda, disponible desde el curso 2021\/2022.<\/p>\n<\/li>\n<\/ul>\n<p>[\/et_pb_accordion_item][et_pb_accordion_item title=&#8221;Almudena Oca\u00f1a&#8221; _builder_version=&#8221;4.5.0&#8243; _module_preset=&#8221;default&#8221; open=&#8221;off&#8221;]<\/p>\n<p><img loading=\"lazy\" decoding=\"async\" class=\"alignnone size-medium wp-image-869\" src=\"https:\/\/blogsaverroes.juntadeandalucia.es\/educacionyflamenco21\/files\/2021\/07\/IMG-20200803-WA0023-200x300.jpg\" alt=\"\" width=\"200\" height=\"300\"><\/p>\n<p align=\"justify\"><span lang=\"es-ES-u-co-trad\">Estudi\u00f3 Filolog\u00eda Hisp\u00e1nica en la Facultad de Filosof\u00eda y Letras de C\u00e1diz. Compagin\u00f3 sus estudios con la formaci\u00f3n musical en el Real Conservatorio Profesional de M\u00fasica Manuel de Falla de C\u00e1diz.<\/span><\/p>\n<p align=\"justify\"><span lang=\"es-ES-u-co-trad\">Es Experta Universitaria en Convivencia Escolar.<\/span><\/p>\n<p align=\"justify\"><span lang=\"es-ES-u-co-trad\">Actualmente es Profesora de M\u00fasica en el IES Pablo de Olavide de La Luisiana (Sevilla) y <\/span>miembro del Equipo T\u00e9cnico de Coordinaci\u00f3n Pedag\u00f3gica del Programa INNICIA Cultura Emprendedora de la Consejer\u00eda de Educaci\u00f3n y Deporte de la Junta de Andaluc\u00eda.<\/p>\n<p align=\"justify\"><span lang=\"es-ES-u-co-trad\">Autora de <\/span><a href=\"https:\/\/www.edesclee.com\/tematicas\/educacion-en-valores\/como-amanso-a-mis-fieras-detail\"><span lang=\"es-ES-u-co-trad\">C\u00f3mo amanso a mis fieras<\/span><\/a><span lang=\"es-ES-u-co-trad\">. Estrategias para mejorar la convivencia en clase utilizando la m\u00fasica<\/span><span lang=\"es-ES-u-co-trad\">. Ed. Descl\u00e9e.<\/span><\/p>\n<p align=\"justify\"><span lang=\"es-ES-u-co-trad\">Colabora con el blog educativo <\/span><a href=\"http:\/\/blog.tiching.com\/competencias-al-compas\/\"><span lang=\"es-ES-u-co-trad\">Tiching<\/span><\/a><span lang=\"es-ES-u-co-trad\"> y el <\/span><a href=\"https:\/\/blog.vicensvives.com\/emprender-en-educacion\/\"><span lang=\"es-ES-u-co-trad\">Blog de Vicens Vives<\/span><\/a><span lang=\"es-ES-u-co-trad\">.<\/span><\/p>\n<p align=\"justify\"><span lang=\"es-ES-u-co-trad\">Coordin\u00f3<\/span> el Proyecto de Innovaci\u00f3n: <a href=\"https:\/\/redined.mecd.gob.es\/xmlui\/bitstream\/handle\/11162\/249\/00120123000105.pdf?sequence=1&amp;isAllowed=y\">Flamenco para mejorar las competencias b\u00e1sicas<\/a> en el IES Isidro de Arcenegui de Marchena.<\/p>\n<p align=\"justify\">En el IES Pablo de Olavide, coordin\u00f3 el proyecto titulado Entre dos aguas, abrazando nuevas culturas que desarroll\u00f3 toda la comunidad educativa, contando con la especial colaboraci\u00f3n de la Asociaci\u00f3n El Roete de Marchena y Piratas de Alejandr\u00eda de Sevilla, y que fue merecedor del <a href=\"https:\/\/www.ecijaldia.es\/2019\/05\/premio-flamenco-en-el-aula-para-el-ies-pablo-de-olavide-de-la-luisiana\/\">III Premio Flamenco en el Aula<\/a> de la Junta de Andaluc\u00eda en la modalidad de experiencias educativas.<\/p>\n<p>[\/et_pb_accordion_item][et_pb_accordion_item title=&#8221;Benito Gallardo&#8221; _builder_version=&#8221;4.5.0&#8243; _module_preset=&#8221;default&#8221; open=&#8221;off&#8221;]<\/p>\n<p><img loading=\"lazy\" decoding=\"async\" class=\"alignnone size-medium wp-image-880\" src=\"https:\/\/blogsaverroes.juntadeandalucia.es\/educacionyflamenco21\/files\/2021\/07\/Benito-Gallardo-237x300.jpg\" alt=\"\" width=\"237\" height=\"300\"><\/p>\n<p align=\"left\">Ya lo dice Tomasito, La Vida pasa de momento, y as\u00ed me veo, no ha sido lo que hice sino lo que quiero hacer, y m\u00e1s en esto de la educaci\u00f3n musical. Desde la flauta hasta los boomwhakers, ahora el ukelele y de vez en cuando lo intentamos con la okarina, esto de la m\u00fasica es puro teatro, pura improvisaci\u00f3n, pero sobre todo, ganas de aprender de muchos profesores de muchos alumnos e, incluso de uno mismo.<\/p>\n<p align=\"left\">Mi pasi\u00f3n est\u00e1 en conocer y transmitir los mejores guisos musicales y entre ellos esa locura del flamenco que tantos sabores nos ofrece, pero que con prudencia acepto cuando hablamos de cocina deconstruida.<\/p>\n<p align=\"left\">La m\u00fasica es como la buena cocina, cari\u00f1o, amor y trabajo, y dejar un regusto que siempre quieras m\u00e1s y m\u00e1s.<\/p>\n<p align=\"left\">Sin duda alguna, tengo que mejorar mi t\u00e9cnica en las artes musicales pero por probar que no quede, depurar ciertas t\u00e9cnicas e incorporar otras har\u00e1n que los mejores platos musicales puedan aparecer en las mesas de mis clases.<\/p>\n<p align=\"left\">Para terminar tengo un hobby que casi se puede convertir en obsesi\u00f3n y es conocer todo lo nuevo, qu\u00e9 y qui\u00e9nes para saborear esos nuevos guisos que la m\u00fasica nos va ofreciendo.<\/p>\n<p align=\"left\">Soy profesor de m\u00fasica en el IES Picasso de Chiclana, durante los \u00faltimos a\u00f1os he trabajado en el Bachillerato de Artes Esc\u00e9nicas del IES Jorge Juan de San Fernando, impartiendo las \u00e1reas de An\u00e1lisis Musical, Lenguaje Musical y Cultura Audiovisual. Creamos, desde el Departamento de M\u00fasica, el Aula Flamenca donde realizamos los montajes y espect\u00e1culos musicales con los que el alumnado participa en diferentes actos y cert\u00e1menes, tanto es as\u00ed que este curso estamos montando la IV Semana de Teatro Joven Ciudad de San Fernando, qued\u00f3 pendiente hace dos cursos, estaba todo proyectado y donde este proyecto se hace realidad.<\/p>\n<p align=\"left\">Participo del Grupo de Trabajo de las Jornadas Provinciales de Flamenco de Jerez, as\u00ed como de los proyectos que en la actualidad se est\u00e1n desarrollando en el centro donde me encuentro, el proyecto de Adecuaci\u00f3n del Espacio, propone &#8220;lograr conexiones emocionales con los alumnos y compa\u00f1eros, aprender juntos y hacer, de nuestro querido Picasso, un lugar m\u00e1s acogedor, si cabe&#8221;, a trav\u00e9s del flamenco, la Rayuela Flamenca, celebraci\u00f3n del D\u00eda del Flamenco, exposiciones, intervenciones han dado pie a que el flamenco haya estado todo el curso presente en nuestro centro.<\/p>\n<p>[\/et_pb_accordion_item][et_pb_accordion_item title=&#8221;Yolanda Matar\u00e1n&#8221; _builder_version=&#8221;4.5.0&#8243; _module_preset=&#8221;default&#8221; open=&#8221;off&#8221;]<\/p>\n<p><img loading=\"lazy\" decoding=\"async\" class=\"wp-image-347 size-full alignnone\" src=\"https:\/\/blogsaverroes.juntadeandalucia.es\/educacionyflamenco21\/files\/2021\/07\/YMR-scaled-1.jpg\" alt=\"\" width=\"212\" height=\"141\"><\/p>\n<p>Dotora Magistrale en Lengua y Literatura Moderna y Comparada, Universidad de Bolonia.<br \/>Master Erasmus Mundus Gemma, TFM El Lenguaje del Cuerpo Sonoro a trav\u00e9s de las Palmas en el Flamenco.<br \/>Docente en diferentes proyectos relacionados con el flamenco.<br \/>En Londres realiza los talleres en diferentes colegios de inclusi\u00f3n social (Trabajo especifico con alumnado autista).<\/p>\n<p>Proyecto Didactico Lorca Jondo y Besos jondos para Federico en Museo casa natal de Federico Garcia Lorca en Fuentevaqueros. Proyecto La Igualdad en tus manos, realizado en diferentes colegios e institutos de toda Andalucia. Proyecto Taller de Palmas Takat\u00e1, en Teatro Cervantes de M\u00e1laga, Festival Terral.<\/p>\n<p>Ha trabajado como profesora para \u2013La Fundaci\u00f3n Secretariado Gitano en un proyecto de inclusi\u00f3n Social durante los cursos escolares 2012 a 2016.<br \/>Catedra de Flamencolog\u00eda de la Universidad de M\u00e1laga., ciclo Esc\u00e9nicas y m\u00e1s: actriz y palmera en Gurnarkurkarka.<br \/>Talleres de podcasts realizados para la Unidad de Igualdad de Universidad de Granada y diversos institutos de Andaluc\u00eda.<\/p>\n<p>[\/et_pb_accordion_item][et_pb_accordion_item title=&#8221;Pablo Galindo Calvo&#8221; _builder_version=&#8221;4.5.0&#8243; _module_preset=&#8221;default&#8221; open=&#8221;off&#8221;]<\/p>\n<p><img loading=\"lazy\" decoding=\"async\" class=\"wp-image-347 size-full alignnone\" src=\"https:\/\/blogsaverroes.juntadeandalucia.es\/educacionyflamenco21\/files\/2021\/07\/PABLO-2021-scaled-1.jpg\" alt=\"\" width=\"212\" height=\"141\"><\/p>\n<p>Pablo Galindo Calvo es Doctor en Sociolog\u00eda por la Universidad de Granada. Profesor Titular de Sociolog\u00eda en la Facultad de Ciencias de la Educaci\u00f3n desde 2000. Profesor-Tutor de la Universidad Nacional de Educaci\u00f3n a Distancia (UNED), desde 1997. Director de la Fundaci\u00f3n Music for All y responsable \u00c1rea social de Cooltural Fest-Music for All.<br \/>Responsable, junto con Pedro Ordo\u00f1ez, del proyecto Talento y Diversidad, financiado por la UGR , que une artistas con capacidades diversas, y que reivindica que las personas con discapacidad, se pueden y se deben convertir en protagonistas de los procesos creativos en el \u00e1mbito de la cultura y la m\u00fasica, visibilizando sus potencialidades y capacidades diversas.<\/p>\n<p>[\/et_pb_accordion_item][et_pb_accordion_item title=&#8221;Mar\u00eda Luisa Hern\u00e1ndez R\u00edos&#8221; _builder_version=&#8221;4.5.0&#8243; _module_preset=&#8221;default&#8221; open=&#8221;off&#8221;]<\/p>\n<p><img loading=\"lazy\" decoding=\"async\" class=\"wp-image-347 size-full alignnone\" src=\"https:\/\/blogsaverroes.juntadeandalucia.es\/educacionyflamenco21\/files\/2021\/07\/marisa.jpeg\" alt=\"\" width=\"212\" height=\"141\"><\/p>\n<p>Doctora en Historia del Arte por la Universidad de Granada, y Profesora Titular en el Departamento de Did\u00e1ctica de las Ciencias Sociales de la misma universidad en las materias relativas al Patrimonio Art\u00edstico y Cultural. Ha participado como ponente invitada en \u00e1mbito internacional. Pertenece al grupo de investigaci\u00f3n UNES (Universidad, Escuela y Sociedad) participando en diversos proyectos europeos y de innovaci\u00f3n docente. Actualmente participa en el Proyecto internacional \u201cEl colectivo Hermanos Mayo: un caso de fotoperiodismo en la historia contempor\u00e1nea de Espa\u00f1a y M\u00e9xico\u201d del Cenidiap-INBA. Ha sido coordinadora acad\u00e9mica del M\u00e1ster en Gesti\u00f3n Cultural realizando la gesti\u00f3n de pr\u00e1cticas de campo en instituciones culturales diversas, como el Patronato de la Alhambra y Generalife, la Casa Museo de Federico Garc\u00eda Lorca Huerta de San Vicente, el Museo de Bellas Artes de Granada, Teatros y Festivales de cine y humor. Es autora de diversas publicaciones, participando en congresos nacionales e internacionales con tem\u00e1ticas relativas a Educaci\u00f3n Patrimonial, Gesti\u00f3n Cultural y Tur\u00edstica o Memoria y Exilio. Ha participado en el dise\u00f1o y docencia en el M\u00e1ster de Gesti\u00f3n del Turismo Cultural y desarrollo local de la Universidad de M\u00e1laga, as\u00ed como en las Jornadas Internacionales de Artes Esc\u00e9nicas y Educaci\u00f3n que se desarrollan dentro del Festival Internacional TIF. Actualmente ocupa el cargo de Vicedecana de Extensi\u00f3n Universitaria y Responsabilidad Social de la Facultad de Ciencias de la Educaci\u00f3n de la Universidad de Granada.<\/p>\n<p>[\/et_pb_accordion_item][et_pb_accordion_item title=&#8221;Laura Fern\u00e1ndez&#8221; _builder_version=&#8221;4.5.0&#8243; _module_preset=&#8221;default&#8221; open=&#8221;off&#8221;]<img loading=\"lazy\" decoding=\"async\" class=\"wp-image-347 size-full alignnone\" src=\"https:\/\/blogsaverroes.juntadeandalucia.es\/educacionyflamenco21\/files\/2021\/07\/Laura-y-Pablo-Fern\u00e1ndez-scaled-1.jpg\" alt=\"\" width=\"212\" height=\"141\"><\/p>\n<p>Laura Fern\u00e1ndez es cantaora flamenca.<br \/>\nPara ella el Flamenco es una forma de vida y un sentir especial hacia la m\u00fasica. Fue la encargada de abrir las primeras jornadas de &#8220;Discapacidad, Diversidad e Igualdad en la Industria Musical&#8221;, organizadas por la UGR y la Fundaci\u00f3n Music for All, y ha participado en festivales de m\u00fasica tan emblem\u00e1ticos como el Festival Murmura o el Cooltural Fest-Music for All.[\/et_pb_accordion_item][et_pb_accordion_item title=&#8221;Pablo Fern\u00e1ndez&#8221; _builder_version=&#8221;4.5.0&#8243; _module_preset=&#8221;default&#8221; open=&#8221;off&#8221;]<\/p>\n<p><img loading=\"lazy\" decoding=\"async\" class=\"wp-image-347 size-full alignnone\" src=\"https:\/\/blogsaverroes.juntadeandalucia.es\/educacionyflamenco21\/files\/2021\/07\/Laura-y-Pablo-Fern\u00e1ndez-scaled-1.jpg\" alt=\"\" width=\"212\" height=\"141\"><\/p>\n<p>Guitarrista flamenco que comienza a forjar su carrera en Granada.<br \/>Pronto comienza a trabajar acompa\u00f1ando al cante y al baile en tablaos y pe\u00f1as de Andaluc\u00eda, y tambi\u00e9n en festivales .M\u00e1s tarde se traslada a Sevilla donde contin\u00faa trabajando en pe\u00f1as y festivales, como el de la XXIV Noche Flamenca de Carmona o el Festival de Tomares. En 2018 Rafael Amargo lo incorpora a su compa\u00f1\u00eda en Jap\u00f3n.<br \/>Recientemente recibe la Beca Acciona en la Fundaci\u00f3n Cristina Heeren de Arte Flamenco, por el concurso de guitarra de acompa\u00f1amiento celebrado en C\u00f3rdoba en 2019.<\/p>\n<p>[\/et_pb_accordion_item][et_pb_accordion_item title=&#8221;Miguel L\u00f3pez Castro&#8221; _builder_version=&#8221;4.5.0&#8243; _module_preset=&#8221;default&#8221; open=&#8221;off&#8221;]<\/p>\n<p><img loading=\"lazy\" decoding=\"async\" class=\"wp-image-347 size-full alignnone\" src=\"https:\/\/blogsaverroes.juntadeandalucia.es\/educacionyflamenco21\/files\/2021\/07\/foto-Miguel.jpg\" alt=\"\" width=\"212\" height=\"141\"><\/p>\n<p>Maestro jubilado. Licenciado en Pedagog\u00eda y Doctor en Pedagog\u00eda.<br \/>Ha sido Director del CEIP Virgen del Rosario de Total\u00e1n, y tambi\u00e9n ejerci\u00f3 como profesor Asociado en la Facultad de Ciencias de la Educaci\u00f3n de M\u00e1laga<br \/>-Sus primera publicaci\u00f3n \u201cFlamenco y Valores: una propuesta did\u00e1ctica para la escuela\u201d.<br \/>-Sigue creando materiales did\u00e1cticos: \u201cEl jabegote. Unidad did\u00e1ctica\u201d encargada por la Bienal de flamenco en M\u00e1laga 2005\u201d.<br \/>&#8211; \u201cSalvador Rueda y el flamenco\u201d<br \/>&#8211; Algunas de sus propuestas did\u00e1cticas son premiadas como Los malos tratos desde la sole\u00e1 y la ronde\u00f1a que recibe una menci\u00f3n especial. En el Concurso Irene, de coeducaci\u00f3n<br \/>&#8211; Y en el a\u00f1o 2007 el II Premio en el concurso Rosa Reg\u00e1s: con la propuesta : La masculinidad y feminidad patriarcal desde la jabera como proyecto integrador\u201d.<br \/>&#8211; En el 2015 recibe el PRIMER PREMIO Flamenco en el Aula de la Consejer\u00eda de Educaci\u00f3n y la de Cultura.<br \/>&#8211; Desarroll\u00f3 una serie de 15 programas de televisi\u00f3n en Onda Azul junto con Carmen Abenza, dos de estos programas se dedicaron al flamenco en el sistema educativo .<br \/>&#8211; Como profesor asociado en la Facultad de Ciencias de la Educaci\u00f3n en la universidad de M\u00e1laga incluye el flamenco en sus clases desde hace a\u00f1os.<\/p>\n<p>[\/et_pb_accordion_item][et_pb_accordion_item title=&#8221;Jos\u00e9 Luis Ramos&#8221; _builder_version=&#8221;4.5.0&#8243; _module_preset=&#8221;default&#8221; open=&#8221;off&#8221;]<\/p>\n<p><img loading=\"lazy\" decoding=\"async\" class=\"wp-image-347 size-full alignnone\" src=\"https:\/\/blogsaverroes.juntadeandalucia.es\/educacionyflamenco21\/files\/2021\/07\/Jose-Luis-Ramos-foto-scaled-1.jpg\" alt=\"\" width=\"212\" height=\"141\"><\/p>\n<p>Jos\u00e9 Luis Ramos (1979, Almer\u00eda, Espa\u00f1a): artista freelance autodidacta especializado en VFX, animaci\u00f3n y modelado 3D, postproducci\u00f3n digital e ilustraci\u00f3n, con m\u00e1s de 18 a\u00f1os de experiencia en el sector audiovisual profesional, realizando trabajos y colaboraciones en publicidad, televisi\u00f3n, cine y medios digitales para diferentes empresas y productoras tanto nacionales como internacionales. Desde 2009 colabora con distintas productoras, y compagina su trabajo en publicidad y proyectos I+D con encargos como freelance para importantes obras audiovisuales.<br \/>Cuenta en su curriculum con 2 candidaturas a mejores efectos especiales en los PREMIOS GOYA y nominaci\u00f3n a mejores efectos especiales en los premios del cine Andaluz ASECAN. Los trabajos en los que ha participado tienen m\u00e1s de 50 premios nacionales e internacionales.<br \/>Actualmente imparte docencia del departamento de Dibujo de la Facultad de Bellas Artes de la Universidad de Granada en asignaturas como Dibujo, Dise\u00f1o de escenarios virtuales, Dise\u00f1o y creaci\u00f3n de personajes, Creaci\u00f3n digital, y Audiovisuales.<\/p>\n<p>[\/et_pb_accordion_item][et_pb_accordion_item title=&#8221;Antonio Najarro&#8221; _builder_version=&#8221;4.5.0&#8243; _module_preset=&#8221;default&#8221; open=&#8221;off&#8221;]<\/p>\n<p><img loading=\"lazy\" decoding=\"async\" class=\"wp-image-707 size-full alignnone\" src=\"https:\/\/blogsaverroes.juntadeandalucia.es\/educacionyflamenco21\/files\/2021\/07\/bne2016_25nuevo-scaled-e1626684458533.jpg\" alt=\"\" width=\"250\" height=\"250\" srcset=\"https:\/\/blogsaverroes.juntadeandalucia.es\/educacionyflamenco21\/files\/2021\/07\/bne2016_25nuevo-scaled-e1626684458533.jpg 250w, https:\/\/blogsaverroes.juntadeandalucia.es\/educacionyflamenco21\/files\/2021\/07\/bne2016_25nuevo-scaled-e1626684458533-150x150.jpg 150w\" sizes=\"(max-width: 250px) 100vw, 250px\" \/><\/p>\n<p>(Madrid, 1975) Bailar\u00edn y core\u00f3grafo, formado por los m\u00e1s prestigiosos maestros de danza en todos los estilos: ballet cl\u00e1sico, escuela bolera, cl\u00e1sico espa\u00f1ol, folclore, flamenco y danza contempor\u00e1nea.<br \/>Su carrera profesional la inicia con 15 a\u00f1os, ingresa en el Ballet Nacional de Espa\u00f1a (BNE) y tres a\u00f1os despu\u00e9s asciende a la categor\u00eda de Primer Bailar\u00edn.<br \/>Su vocaci\u00f3n creadora le lleva muy pronto a coreografiar, crea su propia Compa\u00f1\u00eda Antonio Najarro en 2002, asimismo, es habitual creador de piezas para grandes figuras del patinaje art\u00edstico sobre hielo y tambi\u00e9n ha colaborado como core\u00f3grafo con el Equipo Nacional Espa\u00f1ol de Nataci\u00f3n Art\u00edstica.<br \/>Antonio Najarro, fue nombrado Director del BNE en abril de 2011, incorpor\u00e1ndose a la Compa\u00f1\u00eda el 1 de septiembre 2011, ostentando el cargo durante 8 a\u00f1os consecutivos.<br \/>En Julio de 2020, estrena con su propia compa\u00f1\u00eda, Compa\u00f1\u00eda Antonio Najarro, el espect\u00e1culo \u201cAlento\u201d en el Teatro del Generalife, dentro del 69 Festival Internacional de<br \/>M\u00fasica y Danza de Granada. Ha recibido numerosos premios y reconocimientos.<\/p>\n<p>[\/et_pb_accordion_item][et_pb_accordion_item title=&#8221;Esther Crisol de la Fuente&#8221; _builder_version=&#8221;4.5.0&#8243; _module_preset=&#8221;default&#8221; open=&#8221;off&#8221;]<\/p>\n<p><img loading=\"lazy\" decoding=\"async\" class=\"wp-image-347 size-full alignnone\" src=\"https:\/\/blogsaverroes.juntadeandalucia.es\/educacionyflamenco21\/files\/2021\/07\/Esther1.jpg\" alt=\"\" width=\"212\" height=\"141\"><\/p>\n<p>Natural de Granada, de formaci\u00f3n cl\u00e1sica, violinista y docente, manifiesta un especial inter\u00e9s por el flamenco en particular. Se aficiona a este arte en la Pe\u00f1a la Plater\u00eda de Granada, de la cual es socia y miembro de su Junta Directiva.<br \/>Cuenta con dos trabajos discogr\u00e1ficos en solitario y ha participado en varias grabaciones. Movida por su especial curiosidad hacia la did\u00e1ctica del Flamenco, tiene una reconocida trayectoria en el campo de la pedagog\u00eda del Flamenco.<br \/>Destaca su proyecto T\u00edtere tran tran. El Flamenco a trav\u00e9s de los T\u00edteres.<br \/>Autora de la obra 1922, una mirada al pasado. Proyecto teatral llevado a cabo con ni\u00f1os de entre 11 y 16 a\u00f1os y estrenado en Mayo de 2019, en el que se recrea lo que aconteci\u00f3 durante el Primer concurso de Cante Jondo de 1922 en Granada. Posteriormente se publica el relato del mismo nombre.<br \/>Desde el curso 2018\/2019 participa como profesora en el Master Interdisciplinar en Investigaci\u00f3n y An\u00e1lisis del Flamenco de la UCA y la UGR.<br \/>Actualmente compagina su labor docente con su faceta art\u00edstica.<\/p>\n<p>[\/et_pb_accordion_item][et_pb_accordion_item title=&#8221;Jos\u00e9 Gal\u00e1n&#8221; _builder_version=&#8221;4.5.0&#8243; _module_preset=&#8221;default&#8221; open=&#8221;off&#8221;]<\/p>\n<p><img loading=\"lazy\" decoding=\"async\" class=\"wp-image-347 size-full alignnone\" src=\"https:\/\/blogsaverroes.juntadeandalucia.es\/educacionyflamenco21\/files\/2021\/07\/fotojose-e1626683987679.jpg\" alt=\"\" width=\"212\" height=\"141\"><\/p>\n<p>Bailaor, core\u00f3grafo, pedagogo e investigador . Director art\u00edstico de la Compa\u00f1\u00eda Flamenco Inclusivo. Titulado en Danza Espa\u00f1ola, licenciado en Pedagog\u00eda y M\u00e1ster en Educaci\u00f3n Social por la Universidad de Sevilla y Grado Superior en Pedagog\u00eda de la Danza. Es profesor en conservatorios profesionales de danza en Andaluc\u00eda, y prepara su Tesis Doctoral \u201cEl Flamenco Inclusivo; Una Verdad Encarnada\u201d en la Universidad Pablo de Olavide. Despu\u00e9s de una extensa trayectoria profesional crea en 2010 su propia compa\u00f1\u00eda, La Compa\u00f1\u00eda Jos\u00e9 Gal\u00e1n de Flamenco Inclusivo. Su actividad y reconocimientos en el panorama nacional e internacional le confirman como un artista comprometido y destacado.<\/p>\n<p>[\/et_pb_accordion_item][et_pb_accordion_item title=&#8221;Cristina Heeren&#8221; _builder_version=&#8221;4.5.0&#8243; _module_preset=&#8221;default&#8221; open=&#8221;off&#8221;]<\/p>\n<p><img loading=\"lazy\" decoding=\"async\" class=\"wp-image-347 size-full alignnone\" src=\"https:\/\/blogsaverroes.juntadeandalucia.es\/educacionyflamenco21\/files\/2021\/07\/Cristina-Heeren-oficial-e1626869508565.jpg\" alt=\"\" width=\"212\" height=\"141\"><\/p>\n<p>En 1993, Cristina Heeren, ciudadana norteamericana, hispanista, mecenas y amante del flamenco cre\u00f3 una fundaci\u00f3n con el objetivo de promocionar, ense\u00f1ar y conservar el arte jondo. La Fundaci\u00f3n Cristina Heeren ofrece clases de cante, baile y guitarra a j\u00f3venes artistas de todo el mundo, con especial \u00e9nfasis en los nuevos valores andaluces. Con el tiempo, se ha convertido en un lugar de encuentro y convivencia entre andaluces y extranjeros,ni\u00f1os y j\u00f3venes, profesionales y aficionados, todos atra\u00eddos e ilusionados por aprender y perfeccionarse en la interpretaci\u00f3n del flamenco. La Fundaci\u00f3n, privada y sin \u00e1nimo de lucro, desarrolla varias l\u00edneas de trabajo,basadas en la materializaci\u00f3n de sus tres principales objetivos y en la realizaci\u00f3n de su obra social relacionada con el arte jondo. La Fundaci\u00f3nCristina Heeren desarrolla una intensa labor de conservaci\u00f3n,promoci\u00f3n y ense\u00f1anza del f lamenco sin \u00e1nimo de lucro,y realiza una importante obra social relacionada con el arte jondo.<\/p>\n<p>[\/et_pb_accordion_item][et_pb_accordion_item title=&#8221;Sole\u00e1 Morente&#8221; _builder_version=&#8221;4.5.0&#8243; _module_preset=&#8221;default&#8221; open=&#8221;off&#8221;]<\/p>\n<p><img loading=\"lazy\" decoding=\"async\" class=\"wp-image-347 size-full alignnone\" src=\"https:\/\/blogsaverroes.juntadeandalucia.es\/educacionyflamenco21\/files\/2021\/07\/victoriacalb\u00f33-e1626684185100.jpg\" alt=\"\" width=\"212\" height=\"141\"><\/p>\n<p>Nacida en Madrid, pero con las ra\u00edces en Granada, del maestro Enrique Morente, y la bailaora Aurora Carbonell. Precisamente su primera intervenci\u00f3n en un disco, es su t\u00edmida aparici\u00f3n en \u201cMisa Flamenca\u201d (1991), con apenas seis a\u00f1os. A partir de ah\u00ed estuvo en casi toda la discograf\u00eda de su padre, el legendario \u201cOmega\u201d (tambi\u00e9n en la gira que celebr\u00f3 su aniversario). Es inevitable hablar de la enorme huella de un autor como Enrique Morente para entender qui\u00e9n es Sole\u00e1.<br \/>Licenciada en filolog\u00eda, canta por primera vez como solista en un es\u00adcenario en el Palau de la M\u00fasica de Barcelona (2011), invitada por sus amigos Los Evangelistas con los que luego, ya como voz principal, publicar\u00eda el EP \u201cEncuentro\u201d (2013) y se convertir\u00eda en front-line de su siguiente gira. Ha cantado para su hermana Estrella, para Pitingo, Maga, Delaf\u00e9, Cineplex, Los Planetas&#8230;<br \/>Como licenciada en Literatura Hisp\u00e1nica por la Universidad de Granada, la palabra para Sole\u00e1 Morente es \u201cel arma cargada de futuro\u201d. Una voz que investiga y experimenta, desde el flamenco, que es su or\u00edgen, viaja a otras m\u00fasicas siendo esta mezcla reflejo de su personalidad. Es por \u201csu creatividad y coraje para mezclar propuestas est\u00e9ticas distintas como el flamenco y la m\u00fa\u00adsica pop. Heredera de una gran tradici\u00f3n art\u00edstica, ha sabido situarse de una manera personal en el mundo de la m\u00fasica\u201d por lo que se le ha otorgado el premio El Ojo Cr\u00edtico de M\u00fasica Moderna RNE 2019.<br \/>Reivindicaci\u00f3n de una carrera polivalente en la que una cantaora de flamenco, puede ser cantaora, escritora, poeta, compositora y cantante pop. A Sole\u00e1 Morente le interesa la interrelaci\u00f3n cultural. Rei\u00advindicaci\u00f3n de la importancia de la cultura popular y en su caso, el flamenco que es de donde viene, su origen y la evoluci\u00f3n de \u00e9ste hacia otras culturas. Es por ello, que en 2021 ha sido seleccionada dentro del proyecto impulsado por la Embajada de Espa\u00f1a en Colombia, \u201cObservatorio transoce\u00e1nico.<\/p>\n<p>[\/et_pb_accordion_item][et_pb_accordion_item title=&#8221;Enrique G\u00e1mez Ortega&#8221; _builder_version=&#8221;4.5.0&#8243; _module_preset=&#8221;default&#8221; open=&#8221;off&#8221;]<img loading=\"lazy\" decoding=\"async\" class=\"wp-image-1066 size-medium alignnone\" src=\"https:\/\/blogsaverroes.juntadeandalucia.es\/educacionyflamenco21\/files\/2021\/11\/IMG_3011-160x300.jpg\" alt=\"\" width=\"160\" height=\"300\"><br \/>\nJ\u00f3dar (Ja\u00e9n, 1962)<\/p>\n<p>Licenciado en Lenguas Cl\u00e1sicas por la Universidad de Granada. Se inici\u00f3 en la organizaci\u00f3n de actividades culturales coordinando un ciclo de conciertos en la Universidad de Granada (1981-85) mientras era estudiante.<\/p>\n<p>Secretario del Festival Internacional de M\u00fasica y Danza de Granada y responsable de la coordinaci\u00f3n de la programaci\u00f3n (1986-1995). Entre 2001-2012, Director del mismo, cre\u00e1ndose el FEX o la inclusi\u00f3n de la Escena y Diversidad Funcional, entre otras l\u00edneas de actuaci\u00f3n.<\/p>\n<p>Entre 1994-1997, Gerente de la Fundaci\u00f3n Granada para la M\u00fasica-Orquesta Ciudad de Granada. En 1997, recibe el encargo de la Consejer\u00eda de Cultura de la Junta de Andaluc\u00eda de dise\u00f1ar y organizar el Circuito Andaluz de M\u00fasica. Entre 1999-2001, asumi\u00f3 la Direcci\u00f3n de la Unidad de M\u00fasica (EPGPC) de la citada Consejer\u00eda.<\/p>\n<p>Desde 2012-2017, fue responsable-coordinador de un programa de actividades culturales anuales en el Conjunto Monumental de la Alhambra y Generalife. A partir de 2018, es coordinador del Teatro Alhambra de Granada (AAIICC).<\/p>\n<p>Es patrono de: Fundaci\u00f3n Rodr\u00edguez-Acosta, Fundaci\u00f3n Psico-Ballet Maite Le\u00f3n (Madrid) y Real Academia de Bellas Artes de Antequera.<\/p>\n<p>Desde 2004, es profesor docente anual del Master de Gesti\u00f3n Cultural de la Fundaci\u00f3n Santillana y de la Universidad Complutense de Madrid.<\/p>\n<p>Desde 2019 es Vicepresidente de la ONG \u201cCalor y Caf\u00e9\u201d de Granada destinada a personas en riesgo de exclusi\u00f3n social.[\/et_pb_accordion_item][et_pb_accordion_item title=&#8221;Juan Pinilla&#8221; _builder_version=&#8221;4.5.0&#8243; _module_preset=&#8221;default&#8221; open=&#8221;off&#8221;]<\/p>\n<p><img loading=\"lazy\" decoding=\"async\" class=\"wp-image-1118 size-medium alignnone\" src=\"https:\/\/blogsaverroes.juntadeandalucia.es\/educacionyflamenco21\/files\/2021\/11\/Juan-Pinilla-200x300.jpg\" alt=\"\" width=\"200\" height=\"300\"><\/p>\n<p>Juan Pinilla naci\u00f3 en Hu\u00e9tor-T\u00e1jar en 1981. Cantaor, investigador, colaborador habitual en medios de comunicaci\u00f3n, traductor y pol\u00edglota. Estudi\u00f3 Traducci\u00f3n e Interpretaci\u00f3n y tiene estudios en derecho, pol\u00edticas y literaturas comparadas.<\/p>\n<p>Tiene en su haber, entre m\u00e1s de 20 primeros premios, el galard\u00f3n L\u00e1mpara Minera del Festival de las Minas de La Uni\u00f3n en 2007. Fue nominado al Grammy Latino en 2014. En 2016 recibi\u00f3 el t\u00edtulo de Hijo Predilecto de la Provincia de Granada. En 2018 recibi\u00f3 el premio Periodismo y Comunicaci\u00f3n de la FAC en Barcelona. Es socio de honor e insignia de oro de la pe\u00f1a flamenca de La Plater\u00eda, la pe\u00f1a flamenca de La Parra, y las pe\u00f1as flamencas de Montefr\u00edo, Illora y Loja.<\/p>\n<p>Ha cantado en pa\u00edses como Jap\u00f3n, Estados Unidos, Brasil, Chile, Sud\u00e1n, Alemania, Egipto, Azerbay\u00e1n, Iraq, Marruecos, Italia, Cabo Verde o Inglaterra. Imparte cursos y conferencias por doquier aprovechando su condici\u00f3n de pol\u00edglota. Entre sus libros, destacan Las Voces que no callaron, una historia del flamenco desde una perspectiva ideol\u00f3gica. Ha publicado L\u00e1mpara Minera volumen 3, bajo el sello RTVE, Los abajo firmantes y su \u00faltimo trabajo, Humana Ra\u00edz, que vio la luz en 2021.<\/p>\n<p>Ha compartido escenario con artistas como Enrique Morente, Juanito Valderrama, Arc\u00e1ngel, Capullo de Jerez, Rancapinos, Estrella Morente, Marina Heredia, Esperanza Fern\u00e1ndez, Chano Lobato o Carmen Linares, entre otros importantes artistas. De igual forma, dada su cercan\u00eda al mundo de la literatura, el cine y la m\u00fasica, ha compartido foros y encuentros con los premios nobel Jos\u00e9 Saramago, Dar\u00edo Fo, Vargas Llosa y Coetzee, los actores Jos\u00e9 Sacrist\u00e1n, Emma Cohen y Juan Diego Botto, escritores como Luis Garc\u00eda Montero, Almudena Grandes, Antonio Gamoneda o Claribel Alegr\u00eda, y m\u00fasicos como Joan Manuel Serrat, Joaqu\u00edn Sabina, Ana Bel\u00e9n, V\u00edctor Manuel o Miguel R\u00edos.<\/p>\n<p>Adem\u00e1s de su repertorio cl\u00e1sico, Pinilla destaca por haber puesto m\u00fasica a autores tan dispares como Nietzsche, Groucho Marx, Paul Bowles, Chavela Vargas, Javier Egea, Edna Millay, Silvia Plath o Alejandra Pizarnik.<\/p>\n<p>[\/et_pb_accordion_item][et_pb_accordion_item title=&#8221;Luis Mariano&#8221; _builder_version=&#8221;4.5.0&#8243; _module_preset=&#8221;default&#8221; open=&#8221;off&#8221;]<\/p>\n<p><img loading=\"lazy\" decoding=\"async\" class=\"wp-image-1119 size-medium alignnone\" src=\"https:\/\/blogsaverroes.juntadeandalucia.es\/educacionyflamenco21\/files\/2021\/11\/Luis-Mariano-300x198.jpg\" alt=\"\" width=\"300\" height=\"198\"><\/p>\n<p>Guitarrista flamenco, compositor y productor musical, de inconfundible sello grana\u00edno.<\/p>\n<p>Estudia con Pepe el Marino. Comienza su carrera profesional en las compa\u00f1\u00edas de Mariquilla, La Tati y Antonio Canales entre muchos otros.<\/p>\n<p>Su toque, caracterizado por su limpieza, fuerza y especial dulzura le hace ser uno de los referentes de la guitarra granaina en la actualidad.<\/p>\n<p>Es requerido en numerosos festivales nacionales e internacionales como solista, destacando el Festival de Guitarra de Frankfurt &#8220;Musikmesse&#8221; Guitar, Festival Ruts de Austria , o el Festival de la Guitarra de Granada en el Teatro<\/p>\n<p>Isabel la Cat\u00f3lica.<\/p>\n<p>Maestros de la guitarra como Manolo Sanlucar cuenta con su toque para proyectos como &#8220;La Obra Magna de Flamenco&#8221; presentado recientemente.<\/p>\n<p>En 2014, es Estrella Morente qui\u00e9n decide contar con la guitarra de Luis Mariano para el espect\u00e1culo &#8220;Pastora 1922&#8221; bajo la direcci\u00f3n de Enrique Morente.<\/p>\n<p>Destacan sus colaboraciones con figuras como Miguel Poveda, Carmen linares, Arcangel, Argentina, Luis el Zambo, Capullo de Jerez o Diego &#8220;El Cigala&#8221;. o Marina Heredia.<\/p>\n<p>La personalidad de Luis Mariano, hace que su toque sea excepcionalmente creativo para el baile. Esto le lleva a realizar la composici\u00f3n y direcci\u00f3n musical de los espect\u00e1culos de bailaores como Manuel Li\u00f1an, Fuensanta la Moneta , Patricia Guerrero, M\u00f3nica Iglesias y un largo etc\u00e9tera.<\/p>\n<p>Actualmente se encuentra inmerso en su nuevo trabajo como solista &#8220;Suspiro del Moro&#8221; que ver\u00e1 la luz en este 2021.<\/p>\n<p>[\/et_pb_accordion_item][et_pb_accordion_item title=&#8221;M\u00f3nica Iglesias&#8221; _builder_version=&#8221;4.5.0&#8243; _module_preset=&#8221;default&#8221; open=&#8221;off&#8221;]<img loading=\"lazy\" decoding=\"async\" class=\"wp-image-1120 size-medium alignnone\" src=\"https:\/\/blogsaverroes.juntadeandalucia.es\/educacionyflamenco21\/files\/2021\/11\/M\u00f3nica-Iglesias-300x200.jpg\" alt=\"\" width=\"300\" height=\"200\" srcset=\"https:\/\/blogsaverroes.juntadeandalucia.es\/educacionyflamenco21\/files\/2021\/11\/M\u00f3nica-Iglesias-300x200.jpg 300w, https:\/\/blogsaverroes.juntadeandalucia.es\/educacionyflamenco21\/files\/2021\/11\/M\u00f3nica-Iglesias-1024x683.jpg 1024w, https:\/\/blogsaverroes.juntadeandalucia.es\/educacionyflamenco21\/files\/2021\/11\/M\u00f3nica-Iglesias-768x512.jpg 768w, https:\/\/blogsaverroes.juntadeandalucia.es\/educacionyflamenco21\/files\/2021\/11\/M\u00f3nica-Iglesias-1536x1025.jpg 1536w, https:\/\/blogsaverroes.juntadeandalucia.es\/educacionyflamenco21\/files\/2021\/11\/M\u00f3nica-Iglesias-1080x720.jpg 1080w, https:\/\/blogsaverroes.juntadeandalucia.es\/educacionyflamenco21\/files\/2021\/11\/M\u00f3nica-Iglesias-1280x854.jpg 1280w, https:\/\/blogsaverroes.juntadeandalucia.es\/educacionyflamenco21\/files\/2021\/11\/M\u00f3nica-Iglesias-980x654.jpg 980w, https:\/\/blogsaverroes.juntadeandalucia.es\/educacionyflamenco21\/files\/2021\/11\/M\u00f3nica-Iglesias-480x320.jpg 480w, https:\/\/blogsaverroes.juntadeandalucia.es\/educacionyflamenco21\/files\/2021\/11\/M\u00f3nica-Iglesias.jpg 2048w\" sizes=\"(max-width: 300px) 100vw, 300px\" \/><\/p>\n<p>Bailaora madrile\u00f1a, afincada en Sevilla. De amplia formaci\u00f3n, realiza sus estudios de Danza Espa\u00f1ola y Flamenco en el Real Conservatorio Profesional de Danza Mariemma de Madrid, complet\u00e1ndolos junto a maestros como Andr\u00e9s Mar\u00edn, Manuela Carrasco, Eva Yerbabuena o Rub\u00e9n Olmo.<\/p>\n<p>Comienza su trayectoria profesional bajo la direcci\u00f3n de Rafael Est\u00e9vez y Nani Pa\u00f1os y en compa\u00f1\u00edas como la de Joaqu\u00edn Cort\u00e9s o Aida G\u00f3mez. Colabora para el cineasta Carlos Saura en el espect\u00e1culo \u201cFlamenco Hoy\u201d representado en multitud de escenarios como City Center de Nueva York.<\/p>\n<p>A partir de entonces desarrolla una solida carrera que le lleva formar parte del Ballet Flamenco de Andaluc\u00eda bajo la direcci\u00f3n de Rub\u00e9n Olmo , y a ser primera bailarina de la Compa\u00f1\u00eda Antonio Gades representando el papel principal en la obra \u201cCarmen\u201d en el auditorio Nacional de Paris.<\/p>\n<p>En 2012 es requerida por la direcci\u00f3n de Antonio Najarro para formar parte del Ballet Nacional de Espa\u00f1a donde se realiza tambi\u00e9n como primera bailarina en importantes escenarios como el Teatro de la Zarzuela de Madrid o Teatro Bunkamura de Tokio.<\/p>\n<p>Ha recorrido los Festivales Flamencos nacionales e internacionales m\u00e1s representativos con diversos proyectos en los que comparte escenario con artistas como Antonio Canales, Roc\u00edo Molina, Pastora Galv\u00e1n, Patricia Guerrero, Chano Dom\u00ednguez y un largo etc\u00e9tera. A su vez act\u00faa en tablaos como Corral de la Morer\u00eda en Madrid, Tablao Flamenco Los Gallos en Sevilla, o Tablao Flamenco El Cordob\u00e9s en Barcelona.<\/p>\n<p>En 2018 gana el Premio Desplante del Festival de las Minas de La Uni\u00f3n, que le lleva a estrenar su primer espect\u00e1culo \u201cBravata\u201d .<\/p>\n<p>Como solista participa en el Festival Flamenco de Albuquerque de Nuevo Mexico 2018, donde realiza una labor docente para el National Instiute of Flamenco.[\/et_pb_accordion_item][et_pb_accordion_item title=&#8221;Pedro Barrag\u00e1n&#8221; _builder_version=&#8221;4.5.0&#8243; _module_preset=&#8221;default&#8221; open=&#8221;off&#8221;]<\/p>\n<p><img loading=\"lazy\" decoding=\"async\" class=\"wp-image-1121 size-medium alignnone\" src=\"https:\/\/blogsaverroes.juntadeandalucia.es\/educacionyflamenco21\/files\/2021\/11\/Pedro-Barrag\u00e1n-199x300.jpg\" alt=\"\" width=\"199\" height=\"300\" srcset=\"https:\/\/blogsaverroes.juntadeandalucia.es\/educacionyflamenco21\/files\/2021\/11\/Pedro-Barrag\u00e1n-199x300.jpg 199w, https:\/\/blogsaverroes.juntadeandalucia.es\/educacionyflamenco21\/files\/2021\/11\/Pedro-Barrag\u00e1n.jpg 279w\" sizes=\"(max-width: 199px) 100vw, 199px\" \/><br \/>Guitarra<\/p>\n<p>Barcelona, 1979<\/p>\n<p>Estudia guitarra flamenca en el Conservatorio Superior del Liceo de Barcelona con el maestro Manuel Granados, as\u00ed como en el Taller de Musica. Tambi\u00e9n recibe formaci\u00f3n de maestros como Juan Habichuela, Miguel \u00c1ngel Cort\u00e9s, Manolo Franco, Ni\u00f1o Pura, Eduardo Rebollar, Gerardo N\u00fa\u00f1ez o Rafael Riqueni, algunos de ellos en la Fundaci\u00f3n Cristina Heeren, donde curs\u00f3 estudios y donde, desde 2005, trabaja como profesor impartiendo asignaturas de t\u00e9cnica de Guitarra Flamenca, Acompa\u00f1amiento al Cante y Acompa\u00f1amiento al Baile.<\/p>\n<p>A lo largo de su carrera, ha acompa\u00f1ado a algunas primeras figuras del flamenco como Carmen Linares, Chano Lobato, Gabriel Moreno, In\u00e9s Bac\u00e1n, Nano de Jerez, Paco Taranto, Fernando de la Morena, Miguel Ochando, Rafael Riqueni o Juan Habichuela, as\u00ed corno a cantaores y bailaores de su generaci\u00f3n como Gema Caballero, Antonio Molina el Choro, La Choni, Laura Vital, Gema Jim\u00e9nez, Vicente Gelo, Javier Ribera, Manuel Romero, Sebasti\u00e1n Cruz, Jes\u00fas Corbacho, Rosi La Divi o Roc\u00edo M\u00e1rquez, entre otros artistas.<\/p>\n<p>Como concenista participa en circuitos como Flamencos en Ruta o la guitarra en oto\u00f1o, actuando en escenarios de Madrid, BarceIona, Granada y Sevilla. Asimismo, Pedro Barrag\u00e1n ha participado en proyectos junto a la Orquesta Chekara de Tetu\u00e1n, el laudista kurdo Gani Mirzo, la bailarina contempor\u00e1nea Mar\u00eda Rovira, la vocalista Sabina Witt o en distintos proyectos emprendidos por el polifac\u00e9tico Jos\u00e9 Luis Ortiz Nuevo.<\/p>\n<p>Entre los galardones con los que ha sido distinguido destaca el Premio a la mejor m\u00fasica original en el Certamen Coreogr\u00e1fico del Teatro Alb\u00e9niz de Madrid en 2008.<\/p>\n<p>[\/et_pb_accordion_item][\/et_pb_accordion][\/et_pb_column][\/et_pb_row][\/et_pb_section]<\/p>\n","protected":false},"excerpt":{"rendered":"<p>Es catedr\u00e1tica de Antropolog\u00eda Social de la Universidad de Sevilla. Investigadora principal en el proyecto I+D \u201cMujeres flamencas: etnicidad, educaci\u00f3n y empleo ante los nuevos retos profesionales\u201d, ha participado entre otros en los proyectos \u201cCOFLA, an\u00e1lisis computacional de la m\u00fasica flamenca\u201d y \u201cDanza durante la guerra civil y el franquismo\u201d. Redactora y coordinadora de la [&hellip;]<\/p>\n","protected":false},"author":7051,"featured_media":0,"parent":0,"menu_order":0,"comment_status":"closed","ping_status":"closed","template":"","meta":{"_et_pb_use_builder":"on","_et_pb_old_content":"","_et_gb_content_width":"","ngg_post_thumbnail":0,"footnotes":""},"aioseo_notices":[],"_links":{"self":[{"href":"https:\/\/blogsaverroes.juntadeandalucia.es\/educacionyflamenco21\/wp-json\/wp\/v2\/pages\/33"}],"collection":[{"href":"https:\/\/blogsaverroes.juntadeandalucia.es\/educacionyflamenco21\/wp-json\/wp\/v2\/pages"}],"about":[{"href":"https:\/\/blogsaverroes.juntadeandalucia.es\/educacionyflamenco21\/wp-json\/wp\/v2\/types\/page"}],"author":[{"embeddable":true,"href":"https:\/\/blogsaverroes.juntadeandalucia.es\/educacionyflamenco21\/wp-json\/wp\/v2\/users\/7051"}],"replies":[{"embeddable":true,"href":"https:\/\/blogsaverroes.juntadeandalucia.es\/educacionyflamenco21\/wp-json\/wp\/v2\/comments?post=33"}],"version-history":[{"count":6,"href":"https:\/\/blogsaverroes.juntadeandalucia.es\/educacionyflamenco21\/wp-json\/wp\/v2\/pages\/33\/revisions"}],"predecessor-version":[{"id":1130,"href":"https:\/\/blogsaverroes.juntadeandalucia.es\/educacionyflamenco21\/wp-json\/wp\/v2\/pages\/33\/revisions\/1130"}],"wp:attachment":[{"href":"https:\/\/blogsaverroes.juntadeandalucia.es\/educacionyflamenco21\/wp-json\/wp\/v2\/media?parent=33"}],"curies":[{"name":"wp","href":"https:\/\/api.w.org\/{rel}","templated":true}]}}