{"id":38,"date":"2021-06-22T12:16:31","date_gmt":"2021-06-22T10:16:31","guid":{"rendered":"http:\/\/blogsaverroes.juntadeandalucia.es\/pre\/educacionyflamenco\/?page_id=38"},"modified":"2021-11-04T11:06:17","modified_gmt":"2021-11-04T11:06:17","slug":"comunicaciones","status":"publish","type":"page","link":"https:\/\/blogsaverroes.juntadeandalucia.es\/educacionyflamenco21\/comunicaciones\/","title":{"rendered":"Comunicaciones"},"content":{"rendered":"<p>[et_pb_section fb_built=&#8221;1&#8243; fullwidth=&#8221;on&#8221; _builder_version=&#8221;4.5.0&#8243; _module_preset=&#8221;default&#8221;][et_pb_fullwidth_code _builder_version=&#8221;4.5.0&#8243; _module_preset=&#8221;default&#8221;]<\/p>\n<div class=\"contenedor_inscripciones_flamenco\"><!-- [et_pb_line_break_holder] -->  <\/p>\n<div class=\"imagen_lunares_inscripciones_flamenco\"><!-- [et_pb_line_break_holder] -->    <!-- [et_pb_line_break_holder] -->  <\/div>\n<p><!-- [et_pb_line_break_holder] -->  <\/p>\n<div class=\"titulo_inscripciones_flamenco\"><!-- [et_pb_line_break_holder] -->    <\/p>\n<h2><!-- [et_pb_line_break_holder] -->      Comunicaciones<!-- [et_pb_line_break_holder] -->    <\/h2>\n<p><!-- [et_pb_line_break_holder] -->  <\/div>\n<p><!-- [et_pb_line_break_holder] --><\/div>\n<p>[\/et_pb_fullwidth_code][\/et_pb_section][et_pb_section fb_built=&#8221;1&#8243; _builder_version=&#8221;4.5.0&#8243; _module_preset=&#8221;default&#8221; background_color=&#8221;#dddddd&#8221; custom_padding=&#8221;2%||||false|false&#8221;][et_pb_row _builder_version=&#8221;4.5.0&#8243; _module_preset=&#8221;default&#8221; custom_padding=&#8221;1em||||false|false&#8221;][et_pb_column type=&#8221;4_4&#8243; _builder_version=&#8221;4.9.0&#8243; _module_preset=&#8221;default&#8221;][et_pb_accordion icon_color=&#8221;#141414&#8243; _builder_version=&#8221;4.5.0&#8243; _module_preset=&#8221;default&#8221; toggle_font=&#8221;Prata||||||||&#8221; toggle_font_size=&#8221;22px&#8221; toggle_line_height=&#8221;1.4em&#8221; body_font=&#8221;Lato||||||||&#8221; body_font_size=&#8221;16px&#8221; max_width=&#8221;700px&#8221; module_alignment=&#8221;center&#8221; hover_enabled=&#8221;0&#8243; toggle_font_size_tablet=&#8221;18px&#8221; toggle_font_size_phone=&#8221;16px&#8221; toggle_font_size_last_edited=&#8221;on|desktop&#8221; toggle_line_height_tablet=&#8221;1.6em&#8221; toggle_line_height_phone=&#8221;&#8221; toggle_line_height_last_edited=&#8221;on|desktop&#8221; body_font_size_tablet=&#8221;15px&#8221; body_font_size_phone=&#8221;14px&#8221; body_font_size_last_edited=&#8221;on|phone&#8221; border_width_all=&#8221;0px&#8221; border_color_all=&#8221;rgba(20,20,20,0.3)&#8221; border_width_bottom=&#8221;1px&#8221; locked=&#8221;off&#8221;][et_pb_accordion_item title=&#8221; &#8221; open=&#8221;on&#8221; _builder_version=&#8221;4.5.0&#8243; _module_preset=&#8221;default&#8221; custom_css_main_element=&#8221;display: none;&#8221;] [\/et_pb_accordion_item][et_pb_accordion_item title=&#8221;AUTOR\u00cdA&#8221; _builder_version=&#8221;4.5.0&#8243; _module_preset=&#8221;default&#8221; open=&#8221;off&#8221;]<\/p>\n<ol style=\"margin-left:1em\">\n<li>Se aceptar\u00e1 hasta un m\u00e1ximo de 5 autores\/as por comunicaci\u00f3n.<\/li>\n<li>Cada autor\/a podr\u00e1 participar en un m\u00e1ximo de 3 contribuciones.<\/li>\n<li>La certificaci\u00f3n de las comunicaciones ser\u00e1 individual. A cada autor\/a se le emitir\u00e1,<br \/>\npor cada comunicaci\u00f3n presentada, un certificado con sus datos personales.<\/li>\n<li>Para la publicaci\u00f3n final de las comunicaciones ser\u00e1 preciso estar inscrito\/a en el congreso.<\/li>\n<ol>[\/et_pb_accordion_item][et_pb_accordion_item title=&#8221;ENV\u00cdO DE RES\u00daMENES&#8221; _builder_version=&#8221;4.5.0&#8243; _module_preset=&#8221;default&#8221; open=&#8221;off&#8221;]<\/p>\n<ol style=\"margin-left:1em\">\n<li>Las personas participantes podr\u00e1n presentar contribuciones relacionadas con las<br \/>\n    l\u00edneas tem\u00e1ticas del Congreso:<\/li>\n<ul style=\"margin-left:1em\">\n<li>L\u00ednea 1: Divulgaci\u00f3n del Flamenco desde el \u00e1mbito Universitario.<\/li>\n<li>L\u00ednea 2: Hacia la integraci\u00f3n del Flamenco en el Curr\u00edculo. Mirada educativa del Flamenco.<\/li>\n<li>L\u00ednea 3: Mirada social y educativa del Flamenco.<\/li>\n<li>L\u00ednea 4: Flamenco profesional y experiencias educativas.<\/li>\n<\/ul>\n<li>Se utilizar\u00e1 la siguiente plantilla para el env\u00edo de res\u00famenes:<\/li>\n<ul style=\"margin-left:1em\">\n<li><b><u><a href=\"https:\/\/blogsaverroes.juntadeandalucia.es\/educacionyflamenco21\/files\/2021\/07\/Plantilla_Trabajo_Resumen-flamenco.pdf\" target=\"_blank\" rel=\"noopener noreferrer\">Plantilla Trabajo Resumen.<\/a><\/u><\/b><\/li>\n<li>Ante cualquier duda contactar a trav\u00e9s del correo <a href=\"mailto:congreso.educacionyflamenco.ced@juntadeandalucia.es\">congreso.educacionyflamenco.ced@juntadeandalucia.es<\/a><\/li>\n<\/ul>\n<li>Todas las propuestas ser\u00e1n objeto de revisi\u00f3n por parte del Comit\u00e9 Cient\u00edfico, que tendr\u00e1 la decisi\u00f3n final respecto a su adscripci\u00f3n a una l\u00ednea tem\u00e1tica determinada.<\/li>\n<li>Los criterios para la revisi\u00f3n de las propuestas son:<\/li>\n<ul style=\"margin-left:1em\">\n<li>Relevancia.<\/li>\n<li>Originalidad.<\/li>\n<li>Adecuaci\u00f3n al evento.<\/li>\n<li>Contenido.<\/li>\n<li>Aspectos formales.<\/li>\n<\/ul>\n<li>La fecha l\u00edmite de env\u00edo de res\u00famenes ser\u00e1: 13 de octubre de 2021.<br \/>\n   Los res\u00famenes deben enviarse a trav\u00e9s de <a href=\"https:\/\/checkpoint.url-protection.com\/v1\/url?o=https%3A\/\/forms.gle\/he4gV9EmQbyNg9kX9&#038;g=MjYzNGQ3NzE5YTJkYjE1OA==&#038;h=OTYxYTgyYTI0ZTgxMmFkYzc2NzcwNWY1YzRkY2QyZDZkMjhiMTZiNWUzZTA1NmFmNDA2ZTg2M2RmNDQzYWFjMw==&#038;p=Y3AxOmF5ZXNhOmNoZWNrcG9pbnQ6b2ZmaWNlMzY1X2VtYWlsc19lbWFpbDo0YzJmYzRlY2Q4ZjlmNjY2M2I2MDNjNjE1YWJjY2UwNzp2MQ==\" target=\"_blank\" rel=\"noopener noreferrer\"><strong>este formulario.<\/strong><\/a><\/li>\n<\/ol>\n<p>[\/et_pb_accordion_item][et_pb_accordion_item title=&#8221;PROCESO&#8221; _builder_version=&#8221;4.5.0&#8243; _module_preset=&#8221;default&#8221; open=&#8221;off&#8221;]<\/p>\n<ol style=\"margin-left:1em\">\n<li>En primer lugar, se enviar\u00e1 un resumen que ser\u00e1 valorado por el Comit\u00e9<br \/>\nCient\u00edfico.<\/li>\n<li>Los res\u00famenes aceptados se publicar\u00e1n en un monogr\u00e1fico de la <a href=\"https:\/\/www.juntadeandalucia.es\/educacion\/portals\/web\/revista-andaluciaeducativa\" target=\"_blank\" rel=\"noopener noreferrer\">Revista<br \/>\nAndaluc\u00eda Educativa<\/a><\/li>\n<li>Aquellas propuestas que sean valoradas de especial inter\u00e9s por el Comit\u00e9<br \/>\nOrganizador se remitir\u00e1n a Redined &#8211; Red de Informaci\u00f3n Educativa para su<br \/>\nposible inclusi\u00f3n.<\/li>\n<li>En caso de ser aceptado el resumen de la contribuci\u00f3n, se podr\u00e1 enviar, de forma<br \/>\nvoluntaria, el trabajo completo, que ser\u00e1 nuevamente revisado por el Comit\u00e9<br \/>\nCient\u00edfico.<\/li>\n<li>Seg\u00fan estimaci\u00f3n del Comit\u00e9 Cient\u00edfico , y en funci\u00f3n de su relevancia educativa y rigor cient\u00edfico, se seleccionar\u00e1n algunos trabajos especialmente significativos para valoraci\u00f3n respecto a su inclusi\u00f3n en una publicaci\u00f3n de la Universidad de Granada.<\/li>\n<\/ol>\n<p>[\/et_pb_accordion_item][et_pb_accordion_item title=&#8221;ENV\u00cdO DEL TRABAJO COMPLETO&#8221; _builder_version=&#8221;4.5.0&#8243; _module_preset=&#8221;default&#8221; open=&#8221;off&#8221;]<\/p>\n<ol style=\"margin-left:1em\">\n<li>En caso de ser aceptado el resumen de la contribuci\u00f3n, se podr\u00e1 enviar, de forma voluntaria, el trabajo completo, que ser\u00e1 nuevamente revisado por el Comit\u00e9 Cient\u00edfico antes de ser aceptado para su posterior revisi\u00f3n y publicaci\u00f3n por la Universidad de Granada.<\/li>\n<li>El t\u00edtulo del texto completo deber\u00e1 ser ligeramente diferente al t\u00edtulo del resumen<br \/>\n    (ya que se publican en libros diferentes).<\/li>\n<li>La autor\u00eda del texto completo puede no incluir a la totalidad de los coautores y\/o<br \/>\n    coautoras del resumen aceptado. Estos decidir\u00e1n qui\u00e9n firma cada aportaci\u00f3n.<\/li>\n<li>Resumen y texto completo no deben coincidir palabra por palabra.<\/li>\n<li>Los criterios para la revisi\u00f3n de los trabajos completos son:<\/li>\n<ul style=\"margin-left:1em\">\n<li>Relevancia.<\/li>\n<li>Originalidad.<\/li>\n<li>Adecuaci\u00f3n al evento.<\/li>\n<li>Contenido.<\/li>\n<li>Aspectos formales.<\/li>\n<\/ul>\n<li>Se utilizar\u00e1 la siguiente plantilla para el env\u00edo de trabajos completos.<br \/>\n    <b><u><a href=\"https:\/\/blogsaverroes.juntadeandalucia.es\/educacionyflamenco21\/files\/2021\/07\/Plantilla_Trabajo_Completo-Flamenco.pdf\" target=\"_blank\" rel=\"noopener noreferrer\">Plantilla Trabajo Completo<\/a><\/u><\/b><\/li>\n<li>Los trabajos completos deben enviarse a trav\u00e9s de <a href=\"https:\/\/checkpoint.url-protection.com\/v1\/url?o=https%3A\/\/forms.gle\/tn4G6jB5FTQ1VNDV7&#038;g=NWEwZTExOWYzMTYyZDQ0YQ==&#038;h=YTI5MjgwM2E5NDA2NzZiNzYzZWFkNDljNTA0NDg5MDIzMTliYjJiZGFiYzdmNjhhMmFmOWE1NWE1NGExOWEwYQ==&#038;p=Y3AxOmF5ZXNhOmNoZWNrcG9pbnQ6b2ZmaWNlMzY1X2VtYWlsc19lbWFpbDo0YzJmYzRlY2Q4ZjlmNjY2M2I2MDNjNjE1YWJjY2UwNzp2MQ==\" target=\"_blank\" rel=\"noopener noreferrer\"><strong>este formulario.<\/strong><\/a><\/li>\n<\/ol>\n<\/li>\n<\/ol>\n<p><b>Observaciones<\/b><\/p>\n<ol style=\"margin-left:1em\">\n<li>No es obligatoria la presentaci\u00f3n del trabajo completo.<\/li>\n<li>La aceptaci\u00f3n del resumen no implica la aceptaci\u00f3n del trabajo completo.<br \/>\n    \u00c9ste ser\u00e1 sometido a una evaluaci\u00f3n double blindpeer review por parte del<br \/>\n    Comit\u00e9 Cient\u00edfico, y otra por la publicaci\u00f3n de la Universidad de Granada.<\/li>\n<li>Un autor\/a s\u00f3lo podr\u00e1 aparecer en un cap\u00edtulo de las publicaciones.<\/li>\n<li>No se admitir\u00e1n contribuciones que no sean in\u00e9ditas.<\/li>\n<li>Deber\u00e1n seguir las l\u00edneas marcadas para el Congreso.<\/li>\n<li>Solo se admitir\u00e1n trabajos que hayan sido recibidos durante los plazos de<br \/>\n    recepci\u00f3n establecidos.<\/li>\n<li>Las contribuciones deber\u00e1n seguir el formato de plantilla de redacci\u00f3n<br \/>\n    creada para el evento.<\/li>\n<\/ol>\n<p>[\/et_pb_accordion_item][et_pb_accordion_item title=&#8221;FECHAS CLAVE&#8221; _builder_version=&#8221;4.5.0&#8243; _module_preset=&#8221;default&#8221; open=&#8221;off&#8221;]13\/10\/2021 Plazo m\u00e1ximo entrega comunicaciones[\/et_pb_accordion_item][et_pb_accordion_item title=&#8221;COMUNICACIONES ACEPTADAS&#8221; _builder_version=&#8221;4.5.0&#8243; _module_preset=&#8221;default&#8221; hover_enabled=&#8221;0&#8243; open=&#8221;off&#8221; link_option_url=&#8221;https:\/\/blogsaverroes.juntadeandalucia.es\/educacionyflamenco21\/files\/2021\/11\/Comunicaciones-aceptadas-PDF.pdf&#8221;]Enlace a Comunicaciones Aceptadas.[\/et_pb_accordion_item][\/et_pb_accordion][\/et_pb_column][\/et_pb_row][\/et_pb_section]<\/p>\n","protected":false},"excerpt":{"rendered":"<p>Se aceptar\u00e1 hasta un m\u00e1ximo de 5 autores\/as por comunicaci\u00f3n. Cada autor\/a podr\u00e1 participar en un m\u00e1ximo de 3 contribuciones. La certificaci\u00f3n de las comunicaciones ser\u00e1 individual. A cada autor\/a se le emitir\u00e1, por cada comunicaci\u00f3n presentada, un certificado con sus datos personales. Para la publicaci\u00f3n final de las comunicaciones ser\u00e1 preciso estar inscrito\/a en [&hellip;]<\/p>\n","protected":false},"author":7051,"featured_media":0,"parent":0,"menu_order":0,"comment_status":"closed","ping_status":"closed","template":"","meta":{"_et_pb_use_builder":"on","_et_pb_old_content":"","_et_gb_content_width":"","ngg_post_thumbnail":0,"footnotes":""},"aioseo_notices":[],"_links":{"self":[{"href":"https:\/\/blogsaverroes.juntadeandalucia.es\/educacionyflamenco21\/wp-json\/wp\/v2\/pages\/38"}],"collection":[{"href":"https:\/\/blogsaverroes.juntadeandalucia.es\/educacionyflamenco21\/wp-json\/wp\/v2\/pages"}],"about":[{"href":"https:\/\/blogsaverroes.juntadeandalucia.es\/educacionyflamenco21\/wp-json\/wp\/v2\/types\/page"}],"author":[{"embeddable":true,"href":"https:\/\/blogsaverroes.juntadeandalucia.es\/educacionyflamenco21\/wp-json\/wp\/v2\/users\/7051"}],"replies":[{"embeddable":true,"href":"https:\/\/blogsaverroes.juntadeandalucia.es\/educacionyflamenco21\/wp-json\/wp\/v2\/comments?post=38"}],"version-history":[{"count":3,"href":"https:\/\/blogsaverroes.juntadeandalucia.es\/educacionyflamenco21\/wp-json\/wp\/v2\/pages\/38\/revisions"}],"predecessor-version":[{"id":1070,"href":"https:\/\/blogsaverroes.juntadeandalucia.es\/educacionyflamenco21\/wp-json\/wp\/v2\/pages\/38\/revisions\/1070"}],"wp:attachment":[{"href":"https:\/\/blogsaverroes.juntadeandalucia.es\/educacionyflamenco21\/wp-json\/wp\/v2\/media?parent=38"}],"curies":[{"name":"wp","href":"https:\/\/api.w.org\/{rel}","templated":true}]}}