{"id":119070,"date":"2016-07-08T09:10:35","date_gmt":"2016-07-08T07:10:35","guid":{"rendered":"http:\/\/www.educacionenmalaga.es\/?page_id=119070"},"modified":"2016-07-08T09:10:35","modified_gmt":"2016-07-08T07:10:35","slug":"exencion-de-responsabilidad","status":"publish","type":"page","link":"https:\/\/blogsaverroes.juntadeandalucia.es\/educandoenmalaga\/exencion-de-responsabilidad\/","title":{"rendered":"Exenci\u00f3n de responsabilidad"},"content":{"rendered":"<div class=\"entry-content\">\n<p style=\"text-align: justify\">La Delegaci\u00f3n Territorial de Educaci\u00f3n no garantiza la ausencia de virus en los servicios y contenidos de esta web, ya sean prestados directamente o por terceros, incluidas las conexiones a trav\u00e9s de \u201clinks\u201d, por lo que no ser\u00e1 responsable de los da\u00f1os y perjuicios que se puedan causar como consecuencia de la existencia de dichos virus.<\/p>\n<p style=\"text-align: justify\">No se garantiza la exactitud ni actualizaci\u00f3n de la informaci\u00f3n contenida en esta web, por ello la Delegaci\u00f3n Territorial de Educaci\u00f3n no se hace responsable de los da\u00f1os que puedan ser causados por la utilizaci\u00f3n de la misma.<\/p>\n<p style=\"text-align: justify\">La Delegaci\u00f3n Territorial de Educaci\u00f3n no se hace responsable en ning\u00fan caso de ning\u00fan da\u00f1o que se pudiera causar a un tercero por los usuarios del Portal como consecuencia del uso ilegal o inadecuado del mismo, ni como consecuencia de los contenidos e informaciones accesibles o facilitadas a trav\u00e9s de ella, ni de los sitios vinculados a la misma. Los responsables ser\u00e1n los usuarios o terceros causantes de los da\u00f1os.<\/p>\n<p style=\"text-align: justify\">La Delegaci\u00f3n Territorial de Educaci\u00f3n no se hace responsable de los da\u00f1os y perjuicios que se pudieran causar a un tercero como consecuencia de la retirada de contenidos del Portal, quedando totalmente prohibida cualquier actuaci\u00f3n en perjuicio de la Delegaci\u00f3n Territorial de Educaci\u00f3n o de terceros derivada de la retirada de los citados contenidos.<\/p>\n<p style=\"text-align: justify\">La Delegaci\u00f3n Territorial de Educaci\u00f3n no garantiza la licitud, fiabilidad, utilidad, veracidad, exactitud, exhaustividad y actualidad de los contenidos y servicios del Portal ya sean prestados directamente o por terceros, incluidos los links, por lo que no ser\u00e1 responsable de los da\u00f1os y perjuicios que pudieran sufrir los usuarios como consecuencia de la ilicitud, no fiabilidad, inutilidad, inexactitud, falta de veracidad, no exhaustividad y\/o no actualidad de los servicios y\/o contenidos.<\/p>\n<\/div>\n","protected":false},"excerpt":{"rendered":"<p>La Delegaci\u00f3n Territorial de Educaci\u00f3n no garantiza la ausencia de virus en los servicios y contenidos de esta web, ya sean prestados directamente o por terceros, incluidas las conexiones a trav\u00e9s de \u201clinks\u201d, por&#46;&#46;&#46;<\/p>\n","protected":false},"author":2757,"featured_media":556497,"parent":0,"menu_order":0,"comment_status":"closed","ping_status":"closed","template":"","meta":{"ngg_post_thumbnail":0,"footnotes":""},"aioseo_notices":[],"_links":{"self":[{"href":"https:\/\/blogsaverroes.juntadeandalucia.es\/educandoenmalaga\/wp-json\/wp\/v2\/pages\/119070"}],"collection":[{"href":"https:\/\/blogsaverroes.juntadeandalucia.es\/educandoenmalaga\/wp-json\/wp\/v2\/pages"}],"about":[{"href":"https:\/\/blogsaverroes.juntadeandalucia.es\/educandoenmalaga\/wp-json\/wp\/v2\/types\/page"}],"author":[{"embeddable":true,"href":"https:\/\/blogsaverroes.juntadeandalucia.es\/educandoenmalaga\/wp-json\/wp\/v2\/users\/2757"}],"replies":[{"embeddable":true,"href":"https:\/\/blogsaverroes.juntadeandalucia.es\/educandoenmalaga\/wp-json\/wp\/v2\/comments?post=119070"}],"version-history":[{"count":0,"href":"https:\/\/blogsaverroes.juntadeandalucia.es\/educandoenmalaga\/wp-json\/wp\/v2\/pages\/119070\/revisions"}],"wp:featuredmedia":[{"embeddable":true,"href":"https:\/\/blogsaverroes.juntadeandalucia.es\/educandoenmalaga\/wp-json\/"}],"wp:attachment":[{"href":"https:\/\/blogsaverroes.juntadeandalucia.es\/educandoenmalaga\/wp-json\/wp\/v2\/media?parent=119070"}],"curies":[{"name":"wp","href":"https:\/\/api.w.org\/{rel}","templated":true}]}}