{"id":2453,"date":"2020-11-30T12:15:13","date_gmt":"2020-11-30T11:15:13","guid":{"rendered":"http:\/\/blogsaverroes.juntadeandalucia.es\/eeifranciscosorianoserrano\/?page_id=2453"},"modified":"2025-10-08T16:06:16","modified_gmt":"2025-10-08T15:06:16","slug":"centro","status":"publish","type":"page","link":"https:\/\/blogsaverroes.juntadeandalucia.es\/eeifranciscosorianoserrano\/centro\/","title":{"rendered":"El centro"},"content":{"rendered":"<p><a href=\"https:\/\/blogsaverroes.juntadeandalucia.es\/eeifranciscosorianoserrano\/files\/2020\/11\/20191112_144914_1-lanczos3-1-scaled.jpg\"><img loading=\"lazy\" decoding=\"async\" class=\"aligncenter wp-image-2322\" src=\"https:\/\/blogsaverroes.juntadeandalucia.es\/eeifranciscosorianoserrano\/files\/2020\/11\/20191112_144914_1-lanczos3-1-300x225.jpg\" alt=\"\" width=\"500\" height=\"375\" srcset=\"https:\/\/blogsaverroes.juntadeandalucia.es\/eeifranciscosorianoserrano\/files\/2020\/11\/20191112_144914_1-lanczos3-1-300x225.jpg 300w, https:\/\/blogsaverroes.juntadeandalucia.es\/eeifranciscosorianoserrano\/files\/2020\/11\/20191112_144914_1-lanczos3-1-1024x768.jpg 1024w, https:\/\/blogsaverroes.juntadeandalucia.es\/eeifranciscosorianoserrano\/files\/2020\/11\/20191112_144914_1-lanczos3-1-768x576.jpg 768w, https:\/\/blogsaverroes.juntadeandalucia.es\/eeifranciscosorianoserrano\/files\/2020\/11\/20191112_144914_1-lanczos3-1-1536x1152.jpg 1536w, https:\/\/blogsaverroes.juntadeandalucia.es\/eeifranciscosorianoserrano\/files\/2020\/11\/20191112_144914_1-lanczos3-1-2048x1536.jpg 2048w, https:\/\/blogsaverroes.juntadeandalucia.es\/eeifranciscosorianoserrano\/files\/2020\/11\/20191112_144914_1-lanczos3-1-24x18.jpg 24w, https:\/\/blogsaverroes.juntadeandalucia.es\/eeifranciscosorianoserrano\/files\/2020\/11\/20191112_144914_1-lanczos3-1-36x27.jpg 36w, https:\/\/blogsaverroes.juntadeandalucia.es\/eeifranciscosorianoserrano\/files\/2020\/11\/20191112_144914_1-lanczos3-1-48x36.jpg 48w, https:\/\/blogsaverroes.juntadeandalucia.es\/eeifranciscosorianoserrano\/files\/2020\/11\/20191112_144914_1-lanczos3-1-scaled.jpg 1600w\" sizes=\"(max-width: 500px) 100vw, 500px\" \/><\/a><\/p>\n<p style=\"text-align: justify\">La Escuela de Educaci\u00f3n Infantil Francisco Soriano Serrano est\u00e1 ubicada en&nbsp; la&nbsp; localidad&nbsp; de&nbsp; <strong>J\u00f3dar,<\/strong>&nbsp; provincia&nbsp; de&nbsp; Ja\u00e9n.<\/p>\n<p style=\"text-align: justify\">Es uno de los siete centros educativos con los que cuenta el municipio. Su peculiaridad reside, en que en este centro, se imparte \u00fanicamente&nbsp; el <strong>segundo ciclo de la Etapa de Educaci\u00f3n Infantil.<\/strong><\/p>\n<p style=\"text-align: justify\">El colegio fue creado all\u00e1 por la <strong>d\u00e9cada de los ochenta<\/strong>, siendo delegado de educaci\u00f3n el galduriense Don Francisco Soriano Serrano del cual lleva su nombre.<\/p>\n<p style=\"text-align: justify\">Situado en el centro del pueblo, entre los colegios General Fresneda y Arroquia Mart\u00ednez, mantiene<strong> equipo directivo propio<\/strong>, pero est\u00e1 adscrito a este \u00faltimo centro educativo.<\/p>\n<p style=\"text-align: justify\">Son muchas las generaciones de ni\u00f1os-as galdurienses que en el completaron sus primeros a\u00f1os escolares, llegando a tener en funcionamiento <strong>hasta tres l\u00edneas educativas.<\/strong><\/p>\n<p style=\"text-align: justify\">Debido al gran descenso de la natalidad que J\u00f3dar ha sufrido los \u00faltimos a\u00f1os, el n\u00famero de alumnado en el centro tambi\u00e9n se ha resentido, manteniendo en la actualidad una linea educativa, con <strong>noventa y cinco alumnos-as escolarizados.<\/strong><\/p>\n<p style=\"text-align: justify\">Nuestro colegio desempe\u00f1a un <strong>papel activo<\/strong> en la vida cultural del municipio, participando en todas aquellas actividades que la concejal\u00eda de educaci\u00f3n promueve.<\/p>\n<p style=\"text-align: justify\">Nuestros ideales educativos defienden una educaci\u00f3n <strong>basada en el respeto<\/strong>, la igualdad, la tolerancia y la no violencia entre las personas.&nbsp;<\/p>\n<p style=\"text-align: justify\">Entre todos y todas, tenemos que conseguir un<strong> mundo m\u00e1s humano e igualitario<\/strong>, donde la educaci\u00f3n del cuidado entre unos y otros prevalezca.<\/p>\n<p style=\"text-align: justify\">\u00a8La educaci\u00f3n es el arma m\u00e1s poderosa que puedes usar para cambiar el mundo\u00bb&nbsp;&nbsp;<\/p>\n<p style=\"text-align: justify\">&nbsp; &nbsp; &nbsp; &nbsp; &nbsp; &nbsp; &nbsp; &nbsp; &nbsp; &nbsp; &nbsp; &nbsp; &nbsp; &nbsp; &nbsp;&nbsp;&nbsp; &nbsp; &nbsp; &nbsp; &nbsp; &nbsp; &nbsp; &nbsp; &nbsp; &nbsp; &nbsp; &nbsp; &nbsp; &nbsp; &nbsp; &nbsp; &nbsp; (Nelson Mandela )<\/p>\n<p>&nbsp;<\/p>\n<h3>Equipo directivo<\/h3>\n<p>&nbsp; &nbsp; &nbsp; &nbsp;<strong> Directora<\/strong>: D\u00f1a. Mar\u00eda Pe\u00f1as Ortu\u00f1o&nbsp;<\/p>\n<p><strong>&nbsp; &nbsp; &nbsp; &nbsp; Secretaria:<\/strong> Maria Jos\u00e9 Viedma del Jesus<\/p>\n<p><strong>&nbsp; &nbsp; &nbsp; &nbsp; Jefa de Estudios : Mari Carmen Martos Mendoza&nbsp;<\/strong><\/p>\n<p>&nbsp;&nbsp;<\/p>\n<h3>Profesorado<\/h3>\n<p style=\"text-align: center\">&nbsp; &nbsp; &nbsp;<\/p>\n<p style=\"text-align: center\"><strong>&nbsp; &nbsp; &nbsp; &nbsp; Diego Delgado V\u00edlchez(Religi\u00f3n)<\/strong><\/p>\n<p style=\"text-align: center\"><strong>&nbsp; &nbsp; &nbsp; &nbsp; Mar\u00eda Dolores Espinar M\u00e1rquez(Audici\u00f3n y lenguaje)<\/strong><\/p>\n<p style=\"text-align: center\"><strong>&nbsp; &nbsp; &nbsp; &nbsp; Luc\u00eda Herrera L\u00f3pez(Refuerzo )<\/strong><\/p>\n<p style=\"text-align: center\"><strong>&nbsp; &nbsp; &nbsp; &nbsp; Isabel Hidalgo Roncero(PT)<\/strong><\/p>\n<p style=\"text-align: center\"><strong>&nbsp; &nbsp; &nbsp; &nbsp; Francisco L\u00f3pez Olmedo(Refuerzo )<\/strong><\/p>\n<p style=\"text-align: center\"><strong>&nbsp;<\/strong><strong>Mar\u00eda Pe\u00f1as Ortu\u00f1o(5 B a\u00f1os)<\/strong><\/p>\n<p style=\"text-align: center\"><strong>Bel\u00e9n Revueltas Torres(5A)<\/strong><\/p>\n<p style=\"text-align: center\"><strong>&nbsp; &nbsp; &nbsp; &nbsp; Mar\u00eda Jos\u00e9 Viedma del Jesus(4 A\u00d1OS)<\/strong><\/p>\n<p style=\"text-align: center\"><strong>Maria Teresa Campos Melero&nbsp; (3B )<\/strong><\/p>\n<p style=\"text-align: center\"><strong>Mar\u00eda Eulalia Madrid Mercado (3A)<\/strong><\/p>\n<p style=\"text-align: center\">&nbsp;<strong> Diego Delgado Vilchez(Religi\u00f3n)<\/strong><\/p>\n<h3><strong>Orientadora<\/strong><\/h3>\n<p style=\"text-align: center\"><strong>Cristina Fuentes Faba&nbsp;<\/strong><\/p>\n<h3>Planes y programas<\/h3>\n<p style=\"text-align: center\">&nbsp; &nbsp; &nbsp; &nbsp;<strong> &nbsp;Escuela: Espacio de Paz<\/strong><\/p>\n<p style=\"text-align: center\"><strong>&nbsp; &nbsp; &nbsp; &nbsp; &nbsp;Convivencia Escolar<\/strong><\/p>\n<p style=\"text-align: center\"><strong>&nbsp; &nbsp; &nbsp; &nbsp; &nbsp; Plan de Salud Laboral y PRL<\/strong><\/p>\n<p style=\"text-align: center\"><strong>&nbsp; &nbsp; &nbsp; &nbsp; &nbsp; Practicum: Grado Maestro<\/strong><\/p>\n<p style=\"text-align: center\"><strong>&nbsp; &nbsp; &nbsp; &nbsp; &nbsp; Plan de Igualdad de G\u00e9nero en Educaci\u00f3n<\/strong><\/p>\n<p style=\"text-align: center\"><strong>&nbsp; &nbsp; &nbsp; &nbsp; &nbsp; Creciendo en Salud&nbsp;<\/strong><\/p>\n<p style=\"text-align: center\"><strong>Pacto contra la violencia de g\u00e9nero<\/strong><\/p>\n<p style=\"text-align: center\"><strong>Biblioteca&nbsp;<\/strong><\/p>\n<p style=\"text-align: center\"><strong>Programa CIMA<\/strong><\/p>\n<h3><strong>Consejo Escolar&nbsp;<\/strong><\/h3>\n<p style=\"text-align: center\"><strong>Mar\u00eda Pe\u00f1as Ortu\u00f1o (Directora)<\/strong><\/p>\n<p style=\"text-align: center\"><strong>Mar\u00eda Jos\u00e9 Viedma del Jesus&nbsp; (Secretaria)<\/strong><\/p>\n<p style=\"text-align: center\"><strong>Mari Carmen Martos Mendoza(Jefa de Estudios)<\/strong><\/p>\n<p style=\"text-align: center\"><strong>Francisco L\u00f3pez Olmedo(Profesorado)<\/strong><\/p>\n<p style=\"text-align: center\"><strong>Espinar M\u00e1rquez Maria Dolores(Profesorado)<\/strong><\/p>\n<p style=\"text-align: center\"><strong>Luc\u00eda Herrera L\u00f3pez(Profesorado)<\/strong><\/p>\n<p style=\"text-align: center\"><strong>Hidalgo Roncero Isabel(Profesorado)<\/strong><\/p>\n<p style=\"text-align: center\"><strong>Mar\u00eda Isabel Cano Jim\u00e9nez (Padres-madres)<\/strong><\/p>\n<p style=\"text-align: center\"><b>Mar\u00eda Dolores D\u00edaz Moreno (madre)<\/b><\/p>\n<p style=\"text-align: center\"><b>Juana Dolores Germ\u00e1n G\u00f3mez (Madre)<\/b><\/p>\n<p style=\"text-align: center\"><strong>Mar\u00eda Antonia Marcos S\u00e1nchez(Madre)<\/strong><\/p>\n<p style=\"text-align: center\"><strong>\u00c1ngela Viedma G\u00f3mez(AMPA)<\/strong><\/p>\n<p style=\"text-align: center\"><strong>Manuel Garc\u00eda V\u00edlchez( Admon y servicios)<\/strong><\/p>\n<p style=\"text-align: center\"><strong>Juana Cazorla(Representante de ayuntamiento)<\/strong><\/p>\n<p style=\"text-align: center\"><strong>Mar\u00eda Pe\u00f1as Ortu\u00f1o(Fomento Igualdad)<\/strong><\/p>\n<h3><strong>AMPA<\/strong><\/h3>\n<p>&nbsp; &nbsp; &nbsp; &nbsp;<strong> Presidenta: D\u00f1a Angela Viedma&nbsp;<\/strong><\/p>\n<h3><strong>Secretaria<\/strong><\/h3>\n<p><strong>&nbsp; &nbsp; &nbsp; &nbsp;Manuel Garc\u00eda Vilchez&nbsp;<\/strong><\/p>\n<p style=\"text-align: center\">&nbsp;<\/p>\n<div><img><\/div>\n<div id=\"ventanamailtotoModal\">\n<div id=\"ventanamailtopopupModalContent\">\n<div id=\"ventanamailtopopupMailModalCloseTo\">&nbsp;<\/div>\n<div id=\"ventanamailtopopupQuestionToMail\">What do you want to do ?<\/div>\n<p><a id=\"ventanamailtoappCreateNew\"><\/a>New mail<button id=\"ventanamailtoemailCopy\">Copy<\/button><textarea id=\"ventanamailtoareaSelectTextTo\"><\/textarea><\/p>\n<\/div>\n<\/div>\n<div><img><\/div>\n<div id=\"ventanamailtotoModal\">\n<div id=\"ventanamailtopopupModalContent\">\n<div id=\"ventanamailtopopupMailModalCloseTo\">&nbsp;<\/div>\n<div id=\"ventanamailtopopupQuestionToMail\">What do you want to do ?<\/div>\n<p><a id=\"ventanamailtoappCreateNew\"><\/a>New mail<button id=\"ventanamailtoemailCopy\">Copy<\/button><textarea id=\"ventanamailtoareaSelectTextTo\"><\/textarea><\/p>\n<\/div>\n<\/div>\n<div><img><\/div>\n<div id=\"ventanamailtotoModal\">\n<div id=\"ventanamailtopopupModalContent\">\n<div id=\"ventanamailtopopupMailModalCloseTo\">&nbsp;<\/div>\n<div id=\"ventanamailtopopupQuestionToMail\">What do you want to do ?<\/div>\n<p><a id=\"ventanamailtoappCreateNew\"><\/a>New mail<button id=\"ventanamailtoemailCopy\">Copy<\/button><textarea id=\"ventanamailtoareaSelectTextTo\"><\/textarea><\/p>\n<\/div>\n<\/div>\n<div><img><\/div>\n<div id=\"ventanamailtotoModal\">\n<div id=\"ventanamailtopopupModalContent\">\n<div id=\"ventanamailtopopupMailModalCloseTo\">&nbsp;<\/div>\n<div id=\"ventanamailtopopupQuestionToMail\">What do you want to do ?<\/div>\n<p><a id=\"ventanamailtoappCreateNew\"><\/a>New mail<button id=\"ventanamailtoemailCopy\">Copy<\/button><textarea id=\"ventanamailtoareaSelectTextTo\"><\/textarea><\/p>\n<\/div>\n<\/div>\n<div><img><\/div>\n<div id=\"ventanamailtotoModal\">\n<div id=\"ventanamailtopopupModalContent\">\n<div id=\"ventanamailtopopupMailModalCloseTo\">&nbsp;<\/div>\n<div id=\"ventanamailtopopupQuestionToMail\">What do you want to do ?<\/div>\n<p><a id=\"ventanamailtoappCreateNew\"><\/a>New mail<button id=\"ventanamailtoemailCopy\">Copy<\/button><textarea id=\"ventanamailtoareaSelectTextTo\"><\/textarea><\/p>\n<\/div>\n<\/div>\n<div><img><\/div>\n<div id=\"ventanamailtotoModal\">\n<div id=\"ventanamailtopopupModalContent\">\n<div id=\"ventanamailtopopupMailModalCloseTo\">&nbsp;<\/div>\n<div id=\"ventanamailtopopupQuestionToMail\">What do you want to do ?<\/div>\n<p><a id=\"ventanamailtoappCreateNew\"><\/a>New mail<button id=\"ventanamailtoemailCopy\">Copy<\/button><textarea id=\"ventanamailtoareaSelectTextTo\"><\/textarea><\/p>\n<\/div>\n<\/div>\n<div><img><\/div>\n<div id=\"ventanamailtotoModal\">\n<div id=\"ventanamailtopopupModalContent\">\n<div id=\"ventanamailtopopupMailModalCloseTo\">&nbsp;<\/div>\n<div id=\"ventanamailtopopupQuestionToMail\">What do you want to do ?<\/div>\n<p><a id=\"ventanamailtoappCreateNew\"><\/a>New mail<button id=\"ventanamailtoemailCopy\">Copy<\/button><textarea id=\"ventanamailtoareaSelectTextTo\"><\/textarea><\/p>\n<\/div>\n<\/div>\n<div><img><\/div>\n<div id=\"ventanamailtotoModal\">\n<div id=\"ventanamailtopopupModalContent\">\n<div id=\"ventanamailtopopupMailModalCloseTo\">&nbsp;<\/div>\n<div id=\"ventanamailtopopupQuestionToMail\">What do you want to do ?<\/div>\n<p><a id=\"ventanamailtoappCreateNew\"><\/a>New mail<button id=\"ventanamailtoemailCopy\">Copy<\/button><textarea id=\"ventanamailtoareaSelectTextTo\"><\/textarea><\/p>\n<\/div>\n<\/div>\n<div><img><\/div>\n<div id=\"ventanamailtotoModal\">\n<div id=\"ventanamailtopopupModalContent\">\n<div id=\"ventanamailtopopupMailModalCloseTo\">&nbsp;<\/div>\n<div id=\"ventanamailtopopupQuestionToMail\">What do you want to do ?<\/div>\n<p><a id=\"ventanamailtoappCreateNew\"><\/a>New mail<button id=\"ventanamailtoemailCopy\">Copy<\/button><textarea id=\"ventanamailtoareaSelectTextTo\"><\/textarea><\/p>\n<\/div>\n<\/div>\n<div><img><\/div>\n<div id=\"ventanamailtotoModal\">\n<div id=\"ventanamailtopopupModalContent\">\n<div id=\"ventanamailtopopupMailModalCloseTo\">&nbsp;<\/div>\n<div id=\"ventanamailtopopupQuestionToMail\">What do you want to do ?<\/div>\n<p><a id=\"ventanamailtoappCreateNew\"><\/a>New mail<button id=\"ventanamailtoemailCopy\">Copy<\/button><textarea id=\"ventanamailtoareaSelectTextTo\"><\/textarea><\/p>\n<\/div>\n<\/div>\n<div><img><\/div>\n<div id=\"ventanamailtotoModal\">\n<div id=\"ventanamailtopopupModalContent\">\n<div id=\"ventanamailtopopupMailModalCloseTo\">&nbsp;<\/div>\n<div id=\"ventanamailtopopupQuestionToMail\">What do you want to do ?<\/div>\n<p><a id=\"ventanamailtoappCreateNew\"><\/a>New mail<button id=\"ventanamailtoemailCopy\">Copy<\/button><textarea id=\"ventanamailtoareaSelectTextTo\"><\/textarea><\/p>\n<\/div>\n<\/div>\n<div><img><\/div>\n","protected":false},"excerpt":{"rendered":"<p>La Escuela de Educaci\u00f3n Infantil Francisco Soriano Serrano est\u00e1 ubicada en&nbsp; la&nbsp; localidad&nbsp; de&nbsp; J\u00f3dar,&nbsp; provincia&nbsp; de&nbsp; Ja\u00e9n. Es uno de los siete centros educativos con los que cuenta el municipio. Su peculiaridad reside, en que en este centro, se imparte \u00fanicamente&nbsp; el segundo ciclo de la Etapa de Educaci\u00f3n Infantil. El colegio fue creado &hellip; <a href=\"https:\/\/blogsaverroes.juntadeandalucia.es\/eeifranciscosorianoserrano\/centro\/\" class=\"more-link\">Sigue leyendo <span class=\"screen-reader-text\">El centro<\/span><\/a><\/p>\n","protected":false},"author":11628,"featured_media":0,"parent":0,"menu_order":0,"comment_status":"closed","ping_status":"closed","template":"","meta":{"ngg_post_thumbnail":0,"footnotes":"","_mc_calendar":[]},"aioseo_notices":[],"_links":{"self":[{"href":"https:\/\/blogsaverroes.juntadeandalucia.es\/eeifranciscosorianoserrano\/wp-json\/wp\/v2\/pages\/2453"}],"collection":[{"href":"https:\/\/blogsaverroes.juntadeandalucia.es\/eeifranciscosorianoserrano\/wp-json\/wp\/v2\/pages"}],"about":[{"href":"https:\/\/blogsaverroes.juntadeandalucia.es\/eeifranciscosorianoserrano\/wp-json\/wp\/v2\/types\/page"}],"author":[{"embeddable":true,"href":"https:\/\/blogsaverroes.juntadeandalucia.es\/eeifranciscosorianoserrano\/wp-json\/wp\/v2\/users\/11628"}],"replies":[{"embeddable":true,"href":"https:\/\/blogsaverroes.juntadeandalucia.es\/eeifranciscosorianoserrano\/wp-json\/wp\/v2\/comments?post=2453"}],"version-history":[{"count":23,"href":"https:\/\/blogsaverroes.juntadeandalucia.es\/eeifranciscosorianoserrano\/wp-json\/wp\/v2\/pages\/2453\/revisions"}],"predecessor-version":[{"id":7661,"href":"https:\/\/blogsaverroes.juntadeandalucia.es\/eeifranciscosorianoserrano\/wp-json\/wp\/v2\/pages\/2453\/revisions\/7661"}],"wp:attachment":[{"href":"https:\/\/blogsaverroes.juntadeandalucia.es\/eeifranciscosorianoserrano\/wp-json\/wp\/v2\/media?parent=2453"}],"curies":[{"name":"wp","href":"https:\/\/api.w.org\/{rel}","templated":true}]}}