{"id":5745,"date":"2026-04-29T08:53:28","date_gmt":"2026-04-29T08:53:28","guid":{"rendered":"https:\/\/blogsaverroes.juntadeandalucia.es\/eeimenendezpidalconil\/?page_id=5745"},"modified":"2026-04-29T17:21:21","modified_gmt":"2026-04-29T17:21:21","slug":"comunicacion-magica","status":"publish","type":"page","link":"https:\/\/blogsaverroes.juntadeandalucia.es\/eeimenendezpidalconil\/comunicacion-magica\/","title":{"rendered":"COMUNICACI\u00d3N M\u00c1GICA"},"content":{"rendered":"\t\t<div data-elementor-type=\"wp-page\" data-elementor-id=\"5745\" class=\"elementor elementor-5745\">\n\t\t\t\t\t\t<section class=\"elementor-section elementor-top-section elementor-element elementor-element-502b2c1 elementor-section-boxed elementor-section-height-default elementor-section-height-default\" data-id=\"502b2c1\" data-element_type=\"section\">\n\t\t\t\t\t\t<div class=\"elementor-container elementor-column-gap-default\">\n\t\t\t\t\t<div class=\"elementor-column elementor-col-100 elementor-top-column elementor-element elementor-element-9b497e0\" data-id=\"9b497e0\" data-element_type=\"column\">\n\t\t\t<div class=\"elementor-widget-wrap elementor-element-populated\">\n\t\t\t\t\t\t<div class=\"elementor-element elementor-element-d1b47ea elementor-widget elementor-widget-text-editor\" data-id=\"d1b47ea\" data-element_type=\"widget\" data-widget_type=\"text-editor.default\">\n\t\t\t\t<div class=\"elementor-widget-container\">\n\t\t\t\t\t\t\t\t\t<p><span style=\"color: #000000\">En nuestro colegio, creemos que la comunicaci\u00f3n va m\u00e1s all\u00e1 de las palabras. Por ello, acercamos a nuestro alumnado a la LENGUA DE SIGNOS\u00a0 de una forma natural, l\u00fadica y significativa. A trav\u00e9s de juegos, canciones y actividades cotidianas, descubren nuevas maneras de expresarse y comprender a los dem\u00e1s.<\/span><\/p><p><span style=\"color: #000000\">\u00bb <strong>Comunicaci\u00f3n M\u00e1gic<\/strong>a \u00bb es un espacio donde las manos hablan, las miradas conectan y cada gesto cuenta. Fomentamos as\u00ed una educaci\u00f3n <strong>INCLUSIVA\u00a0<\/strong> que enriquece el desarrollo ling\u00fc\u00edstico, emocional y social.<\/span><\/p>\t\t\t\t\t\t\t\t<\/div>\n\t\t\t\t<\/div>\n\t\t\t\t\t<\/div>\n\t\t<\/div>\n\t\t\t\t\t<\/div>\n\t\t<\/section>\n\t\t\t\t<section class=\"elementor-section elementor-top-section elementor-element elementor-element-7cf539e elementor-section-boxed elementor-section-height-default elementor-section-height-default\" data-id=\"7cf539e\" data-element_type=\"section\">\n\t\t\t\t\t\t<div class=\"elementor-container elementor-column-gap-default\">\n\t\t\t\t\t<div class=\"elementor-column elementor-col-100 elementor-top-column elementor-element elementor-element-148abd4\" data-id=\"148abd4\" data-element_type=\"column\">\n\t\t\t<div class=\"elementor-widget-wrap elementor-element-populated\">\n\t\t\t\t\t\t<div class=\"elementor-element elementor-element-cf92c89 elementor-widget elementor-widget-heading\" data-id=\"cf92c89\" data-element_type=\"widget\" data-widget_type=\"heading.default\">\n\t\t\t\t<div class=\"elementor-widget-container\">\n\t\t\t\t\t<h2 class=\"elementor-heading-title elementor-size-default\">CANCI\u00d3N DE LOS BUENOS D\u00cdAS<\/h2>\t\t\t\t<\/div>\n\t\t\t\t<\/div>\n\t\t\t\t<div class=\"elementor-element elementor-element-1d877d2 elementor-widget elementor-widget-text-editor\" data-id=\"1d877d2\" data-element_type=\"widget\" data-widget_type=\"text-editor.default\">\n\t\t\t\t<div class=\"elementor-widget-container\">\n\t\t\t\t\t\t\t\t\t<p><div style=\"width: 1920px;\" class=\"wp-video\"><!--[if lt IE 9]><script>document.createElement('video');<\/script><![endif]-->\n<video class=\"wp-video-shortcode\" id=\"video-5745-1\" width=\"1920\" height=\"1080\" preload=\"metadata\" controls=\"controls\"><source type=\"video\/mp4\" src=\"https:\/\/blogsaverroes.juntadeandalucia.es\/eeimenendezpidalconil\/files\/2026\/04\/COMUNICACION-MAGICA.mp4?_=1\" \/><a href=\"https:\/\/blogsaverroes.juntadeandalucia.es\/eeimenendezpidalconil\/files\/2026\/04\/COMUNICACION-MAGICA.mp4\">https:\/\/blogsaverroes.juntadeandalucia.es\/eeimenendezpidalconil\/files\/2026\/04\/COMUNICACION-MAGICA.mp4<\/a><\/video><\/div><\/p>\t\t\t\t\t\t\t\t<\/div>\n\t\t\t\t<\/div>\n\t\t\t\t\t<\/div>\n\t\t<\/div>\n\t\t\t\t\t<\/div>\n\t\t<\/section>\n\t\t\t\t<section class=\"elementor-section elementor-top-section elementor-element elementor-element-1fdd990 elementor-section-boxed elementor-section-height-default elementor-section-height-default\" data-id=\"1fdd990\" data-element_type=\"section\">\n\t\t\t\t\t\t<div class=\"elementor-container elementor-column-gap-default\">\n\t\t\t\t\t<div class=\"elementor-column elementor-col-100 elementor-top-column elementor-element elementor-element-1b29dc6\" data-id=\"1b29dc6\" data-element_type=\"column\">\n\t\t\t<div class=\"elementor-widget-wrap\">\n\t\t\t\t\t\t\t<\/div>\n\t\t<\/div>\n\t\t\t\t\t<\/div>\n\t\t<\/section>\n\t\t\t\t<section class=\"elementor-section elementor-top-section elementor-element elementor-element-7fe4594 elementor-section-boxed elementor-section-height-default elementor-section-height-default\" data-id=\"7fe4594\" data-element_type=\"section\">\n\t\t\t\t\t\t<div class=\"elementor-container elementor-column-gap-default\">\n\t\t\t\t\t<div class=\"elementor-column elementor-col-100 elementor-top-column elementor-element elementor-element-1c0dd4d\" data-id=\"1c0dd4d\" data-element_type=\"column\">\n\t\t\t<div class=\"elementor-widget-wrap elementor-element-populated\">\n\t\t\t\t\t\t<div class=\"elementor-element elementor-element-47d357b elementor-widget elementor-widget-heading\" data-id=\"47d357b\" data-element_type=\"widget\" data-widget_type=\"heading.default\">\n\t\t\t\t<div class=\"elementor-widget-container\">\n\t\t\t\t\t<h2 class=\"elementor-heading-title elementor-size-default\">CANCI\u00d3N: ANIMALES<\/h2>\t\t\t\t<\/div>\n\t\t\t\t<\/div>\n\t\t\t\t\t<\/div>\n\t\t<\/div>\n\t\t\t\t\t<\/div>\n\t\t<\/section>\n\t\t\t\t<section class=\"elementor-section elementor-top-section elementor-element elementor-element-fd4aa9b elementor-section-boxed elementor-section-height-default elementor-section-height-default\" data-id=\"fd4aa9b\" data-element_type=\"section\">\n\t\t\t\t\t\t<div class=\"elementor-container elementor-column-gap-default\">\n\t\t\t\t\t<div class=\"elementor-column elementor-col-100 elementor-top-column elementor-element elementor-element-cfa1c73\" data-id=\"cfa1c73\" data-element_type=\"column\">\n\t\t\t<div class=\"elementor-widget-wrap elementor-element-populated\">\n\t\t\t\t\t\t<div class=\"elementor-element elementor-element-cbac003 elementor-widget elementor-widget-text-editor\" data-id=\"cbac003\" data-element_type=\"widget\" data-widget_type=\"text-editor.default\">\n\t\t\t\t<div class=\"elementor-widget-container\">\n\t\t\t\t\t\t\t\t\t<p><div style=\"width: 1920px;\" class=\"wp-video\"><video class=\"wp-video-shortcode\" id=\"video-5745-2\" width=\"1920\" height=\"1080\" preload=\"metadata\" controls=\"controls\"><source type=\"video\/mp4\" src=\"https:\/\/blogsaverroes.juntadeandalucia.es\/eeimenendezpidalconil\/files\/2026\/04\/ANIMALES1.mp4?_=2\" \/><a href=\"https:\/\/blogsaverroes.juntadeandalucia.es\/eeimenendezpidalconil\/files\/2026\/04\/ANIMALES1.mp4\">https:\/\/blogsaverroes.juntadeandalucia.es\/eeimenendezpidalconil\/files\/2026\/04\/ANIMALES1.mp4<\/a><\/video><\/div><\/p>\t\t\t\t\t\t\t\t<\/div>\n\t\t\t\t<\/div>\n\t\t\t\t\t<\/div>\n\t\t<\/div>\n\t\t\t\t\t<\/div>\n\t\t<\/section>\n\t\t\t\t<\/div>\n\t\t","protected":false},"excerpt":{"rendered":"<p>En nuestro colegio, creemos que la comunicaci\u00f3n va m\u00e1s all\u00e1 de las palabras. Por ello, acercamos a nuestro alumnado a la LENGUA DE SIGNOS\u00a0 de una forma natural, l\u00fadica y significativa. A trav\u00e9s de&#46;&#46;&#46;<\/p>\n","protected":false},"author":11138,"featured_media":0,"parent":0,"menu_order":0,"comment_status":"closed","ping_status":"closed","template":"","meta":{"ngg_post_thumbnail":0,"footnotes":"","_mc_calendar":[]},"aioseo_notices":[],"_links":{"self":[{"href":"https:\/\/blogsaverroes.juntadeandalucia.es\/eeimenendezpidalconil\/wp-json\/wp\/v2\/pages\/5745"}],"collection":[{"href":"https:\/\/blogsaverroes.juntadeandalucia.es\/eeimenendezpidalconil\/wp-json\/wp\/v2\/pages"}],"about":[{"href":"https:\/\/blogsaverroes.juntadeandalucia.es\/eeimenendezpidalconil\/wp-json\/wp\/v2\/types\/page"}],"author":[{"embeddable":true,"href":"https:\/\/blogsaverroes.juntadeandalucia.es\/eeimenendezpidalconil\/wp-json\/wp\/v2\/users\/11138"}],"replies":[{"embeddable":true,"href":"https:\/\/blogsaverroes.juntadeandalucia.es\/eeimenendezpidalconil\/wp-json\/wp\/v2\/comments?post=5745"}],"version-history":[{"count":19,"href":"https:\/\/blogsaverroes.juntadeandalucia.es\/eeimenendezpidalconil\/wp-json\/wp\/v2\/pages\/5745\/revisions"}],"predecessor-version":[{"id":5776,"href":"https:\/\/blogsaverroes.juntadeandalucia.es\/eeimenendezpidalconil\/wp-json\/wp\/v2\/pages\/5745\/revisions\/5776"}],"wp:attachment":[{"href":"https:\/\/blogsaverroes.juntadeandalucia.es\/eeimenendezpidalconil\/wp-json\/wp\/v2\/media?parent=5745"}],"curies":[{"name":"wp","href":"https:\/\/api.w.org\/{rel}","templated":true}]}}