{"id":655,"date":"2022-02-23T10:42:25","date_gmt":"2022-02-23T09:42:25","guid":{"rendered":"https:\/\/blogsaverroes.juntadeandalucia.es\/eeirioebromotril\/?page_id=655"},"modified":"2024-09-26T10:54:41","modified_gmt":"2024-09-26T09:54:41","slug":"organizacion","status":"publish","type":"page","link":"https:\/\/blogsaverroes.juntadeandalucia.es\/eeirioebromotril\/organizacion\/","title":{"rendered":"Organizaci\u00f3n"},"content":{"rendered":"<p style=\"text-align: center\"><span style=\"font-size: 18pt;color: #000000\"><strong>EQUIPO DIRECTIVO<\/strong><\/span><\/p>\n<table style=\"border-collapse: collapse;width: 100%;height: 42px\">\n<tbody>\n<tr style=\"height: 24px\">\n<td style=\"width: 33.3333%;text-align: center;height: 18px\"><span style=\"font-family: 'comic sans ms', sans-serif\"><span style=\"color: #000080\">DIRECTORA<\/span><\/span><\/td>\n<td style=\"width: 33.3333%;text-align: center;height: 18px\"><span style=\"font-family: 'comic sans ms', sans-serif\"><span style=\"color: #000080\">JEFA DE ESTUDIOS<\/span><\/span><\/td>\n<td style=\"width: 33.3333%;text-align: center;height: 18px\"><span style=\"font-family: 'comic sans ms', sans-serif\"><span style=\"color: #000080\">SECRETARIA<\/span><\/span><\/td>\n<\/tr>\n<tr style=\"height: 24px\">\n<td style=\"width: 33.3333%;text-align: center;height: 24px\"><strong>Sandra Ruiz Chica<\/strong><\/td>\n<td style=\"width: 33.3333%;height: 24px\"><strong>Carmen M\u00aa G\u00e1lvez Noguera<\/strong><\/td>\n<td style=\"width: 33.3333%;text-align: center;height: 24px\"><strong>Rosana L\u00f3pez Solier<\/strong><\/td>\n<\/tr>\n<\/tbody>\n<\/table>\n<p style=\"text-align: center\"><span style=\"font-size: 18pt;color: #000000\"><strong>TUTORAS<\/strong><\/span><\/p>\n<table style=\"border-collapse: collapse;width: 100%;height: 96px\">\n<tbody>\n<tr style=\"height: 24px\">\n<td style=\"width: 30.4242%;text-align: center;height: 24px\"><span style=\"color: #000080;font-family: 'comic sans ms', sans-serif\">3 A\u00d1OS<\/span><\/td>\n<td style=\"width: 31.5151%;text-align: center;height: 24px\"><span style=\"color: #000080;font-family: 'comic sans ms', sans-serif\">4 A\u00d1OS<\/span><\/td>\n<td style=\"width: 21.394%;text-align: center;height: 24px\"><span style=\"color: #000080;font-family: 'comic sans ms', sans-serif\">5 A\u00d1OS<\/span><\/td>\n<td style=\"width: 16.6667%;text-align: center\"><span style=\"color: #000080;font-family: 'comic sans ms', sans-serif\">APOYO<\/span><\/td>\n<\/tr>\n<tr style=\"height: 24px\">\n<td style=\"width: 30.4242%;text-align: center;height: 24px\"><span style=\"font-family: georgia, palatino, serif;font-size: 12pt;color: #000000\"><strong>Cristina Molina Mart\u00edn<\/strong><\/span><\/td>\n<td style=\"width: 31.5151%;text-align: center;height: 24px\"><strong>Encarnaci\u00f3n Barrag\u00e1n S\u00e1nchez<\/strong><\/td>\n<td style=\"width: 21.394%;text-align: center;height: 24px\"><strong>M\u00aa Jos\u00e9 Hidalgo Correa<\/strong><\/td>\n<td style=\"width: 16.6667%;text-align: center\"><strong>Carmen M\u00aa G\u00e1lvez Noguera<\/strong><\/td>\n<\/tr>\n<tr style=\"height: 24px\">\n<td style=\"width: 30.4242%;text-align: center;height: 24px\"><strong>Ver\u00f3nica Ortega Rueda<\/strong><\/td>\n<td style=\"width: 31.5151%;text-align: center;height: 24px\"><strong>Concepci\u00f3n Jim\u00e9nez Garc\u00eda<\/strong><\/td>\n<td style=\"width: 21.394%;text-align: center;height: 24px\"><strong>Mar\u00eda Monta\u00f1\u00e9s Padilla<\/strong><\/td>\n<td style=\"width: 16.6667%;text-align: center\"><strong>Loli Gallego-Casilda Martos<\/strong><\/td>\n<\/tr>\n<tr style=\"height: 24px\">\n<td style=\"width: 30.4242%;text-align: center;height: 24px\"><strong>Raquel Barrio Moreno<\/strong><\/td>\n<td style=\"width: 31.5151%;text-align: center;height: 24px\"><strong>Irene Torres Mart\u00edn<\/strong><\/td>\n<td style=\"width: 21.394%;text-align: center;height: 24px\"><strong>Rosana L\u00f3pez Solier<\/strong><\/td>\n<td style=\"width: 16.6667%;text-align: center\"><strong>Sandra Ruiz Chica&nbsp;&nbsp;<\/strong><\/td>\n<\/tr>\n<\/tbody>\n<\/table>\n<p style=\"text-align: center\"><span style=\"font-size: 18pt;color: #000000\"><strong>ESPECIALISTAS<\/strong><\/span><\/p>\n<table style=\"border-collapse: collapse;width: 100%\">\n<tbody>\n<tr>\n<td style=\"width: 20%;text-align: center\"><span style=\"color: #000080;font-family: 'comic sans ms', sans-serif;font-size: 12pt\">PEDAGOG\u00cdA TERAPE\u00daTICA<\/span><\/td>\n<td style=\"width: 20%;text-align: center\"><span style=\"color: #000080;font-family: 'comic sans ms', sans-serif\">AUDICI\u00d3N Y LENGUAJE<\/span><\/td>\n<td style=\"width: 20%;text-align: center\"><span style=\"color: #000080;font-family: 'comic sans ms', sans-serif\">RELIGI\u00d3N<\/span><\/td>\n<td style=\"width: 20%;text-align: center\"><span style=\"color: #000080;font-family: 'comic sans ms', sans-serif\">INGL\u00c9S<\/span><\/td>\n<td style=\"width: 20%\"><span style=\"color: #000080;font-family: 'comic sans ms', sans-serif\">ORIENTADORA<\/span><\/td>\n<\/tr>\n<tr>\n<td style=\"width: 20%;text-align: center\"><strong>Alicia Gonz\u00e1lez Chamorro<\/strong><\/td>\n<td style=\"width: 20%;text-align: center\"><strong>Francisco Rodr\u00edguez Terribas<\/strong><\/td>\n<td style=\"width: 20%;text-align: center\"><strong>Eugenia P\u00e9rez Jim\u00e9nez<\/strong><\/td>\n<td style=\"width: 20%;text-align: center\"><strong>Javier Cervera Castro<\/strong><\/td>\n<td style=\"width: 20%;text-align: center\"><strong>Rosario Moreno Palomares<\/strong><\/td>\n<\/tr>\n<\/tbody>\n<\/table>\n<p style=\"text-align: center\"><span style=\"font-size: 18pt;color: #000000\"><strong>EQUIPOS DE CICLO<\/strong><\/span><\/p>\n<table style=\"border-collapse: collapse;width: 100%\">\n<tbody>\n<tr>\n<td style=\"width: 33.3333%;text-align: center\"><span style=\"color: #000080;font-family: 'comic sans ms', sans-serif;font-size: 12pt\">COORDINADORA DE CICLO INFANTIL<\/span><\/td>\n<td style=\"width: 33.3333%;text-align: center\"><span style=\"color: #000080;font-family: 'comic sans ms', sans-serif;font-size: 12pt\">COORDINADORA DE EQUIPO DE ORIENTACI\u00d3N<\/span><\/td>\n<\/tr>\n<tr>\n<td style=\"width: 33.3333%;text-align: center\"><strong>Mar\u00eda Monta\u00f1\u00e9s Padilla<\/strong><\/td>\n<td style=\"width: 33.3333%;text-align: center\"><strong>Alicia Gonz\u00e1lez Chamorro<\/strong><\/td>\n<\/tr>\n<\/tbody>\n<\/table>\n<p style=\"text-align: center\"><span style=\"font-size: 18pt;color: #000000\"><strong>PERSONAL DE ADMINISTRACION Y SERVICIOS (PAS)<\/strong><\/span><\/p>\n<table style=\"border-collapse: collapse;width: 100%\">\n<tbody>\n<tr>\n<td style=\"width: 33.3333%;text-align: center\"><span style=\"color: #000080;font-family: 'comic sans ms', sans-serif;font-size: 12pt\">MONITORA ESCOLAR<\/span><\/td>\n<td style=\"width: 33.3333%;text-align: center\"><span style=\"color: #000080;font-family: 'comic sans ms', sans-serif;font-size: 12pt\">MONITORA DE EDUCACI\u00d3N ESPECIAL 1<\/span><\/td>\n<td style=\"width: 33.3333%;text-align: center\"><span style=\"color: #000080;font-family: 'comic sans ms', sans-serif;font-size: 12pt\">MONITORA DE EDUCACI\u00d3N ESPECIAL 2<\/span><\/td>\n<\/tr>\n<tr>\n<td style=\"width: 33.3333%\"><strong>Mar\u00eda Gonz\u00e1lez Rodr\u00edguez<\/strong><\/td>\n<td style=\"width: 33.3333%;text-align: center\"><strong>Elvira B\u00e9jar Jim\u00e9nez&nbsp;<\/strong><\/td>\n<td style=\"width: 33.3333%;text-align: center\"><strong>Diana L\u00f3pez S\u00e1nchez<\/strong><\/td>\n<\/tr>\n<\/tbody>\n<\/table>\n","protected":false},"excerpt":{"rendered":"<p>EQUIPO DIRECTIVO DIRECTORA JEFA DE ESTUDIOS SECRETARIA Sandra Ruiz Chica Carmen M\u00aa G\u00e1lvez Noguera Rosana L\u00f3pez Solier TUTORAS 3 A\u00d1OS 4 A\u00d1OS 5 A\u00d1OS APOYO Cristina Molina Mart\u00edn Encarnaci\u00f3n Barrag\u00e1n S\u00e1nchez M\u00aa Jos\u00e9 Hidalgo Correa Carmen M\u00aa G\u00e1lvez Noguera Ver\u00f3nica Ortega Rueda Concepci\u00f3n Jim\u00e9nez Garc\u00eda Mar\u00eda Monta\u00f1\u00e9s Padilla Loli Gallego-Casilda Martos Raquel Barrio Moreno Irene [&hellip;]<\/p>\n","protected":false},"author":13777,"featured_media":0,"parent":0,"menu_order":0,"comment_status":"closed","ping_status":"closed","template":"","meta":{"ngg_post_thumbnail":0,"footnotes":""},"aioseo_notices":[],"_links":{"self":[{"href":"https:\/\/blogsaverroes.juntadeandalucia.es\/eeirioebromotril\/wp-json\/wp\/v2\/pages\/655"}],"collection":[{"href":"https:\/\/blogsaverroes.juntadeandalucia.es\/eeirioebromotril\/wp-json\/wp\/v2\/pages"}],"about":[{"href":"https:\/\/blogsaverroes.juntadeandalucia.es\/eeirioebromotril\/wp-json\/wp\/v2\/types\/page"}],"author":[{"embeddable":true,"href":"https:\/\/blogsaverroes.juntadeandalucia.es\/eeirioebromotril\/wp-json\/wp\/v2\/users\/13777"}],"replies":[{"embeddable":true,"href":"https:\/\/blogsaverroes.juntadeandalucia.es\/eeirioebromotril\/wp-json\/wp\/v2\/comments?post=655"}],"version-history":[{"count":8,"href":"https:\/\/blogsaverroes.juntadeandalucia.es\/eeirioebromotril\/wp-json\/wp\/v2\/pages\/655\/revisions"}],"predecessor-version":[{"id":1024,"href":"https:\/\/blogsaverroes.juntadeandalucia.es\/eeirioebromotril\/wp-json\/wp\/v2\/pages\/655\/revisions\/1024"}],"wp:attachment":[{"href":"https:\/\/blogsaverroes.juntadeandalucia.es\/eeirioebromotril\/wp-json\/wp\/v2\/media?parent=655"}],"curies":[{"name":"wp","href":"https:\/\/api.w.org\/{rel}","templated":true}]}}