{"id":3108,"date":"2022-10-09T15:07:26","date_gmt":"2022-10-09T15:07:26","guid":{"rendered":"https:\/\/blogsaverroes.juntadeandalucia.es\/eiadelfa\/?page_id=3108"},"modified":"2023-02-15T10:39:51","modified_gmt":"2023-02-15T10:39:51","slug":"coeducacion","status":"publish","type":"page","link":"https:\/\/blogsaverroes.juntadeandalucia.es\/eiadelfa\/coeducacion\/","title":{"rendered":"COEDUCACI\u00d3N"},"content":{"rendered":"<p style=\"text-align: center\"><strong>CALENDARIO<\/strong><\/p>\n<table style=\"width: 100%;border-collapse: collapse;border-color: #4a3abd;background-color: #edd2f7;border-style: groove\">\n<tbody>\n<tr>\n<td style=\"width: 100%;background-color: #d89fed\"><strong>11 de octubre<\/strong>, D\u00eda de la ni\u00f1a.<\/p>\n<p><strong>20 de noviembre:<\/strong> Los derechos del ni\u00f1o.<\/p>\n<p><strong>25 de noviembre: <\/strong>D\u00eda Contra la Violencia Hacia las Mujeres.<\/p>\n<p><strong>3 de diciembre: <\/strong>D\u00eda Internacional de las Personas con Discapacidad.<\/p>\n<p><strong>Mes de diciembre<\/strong>: Campa\u00f1a del Juego y Juguete No Sexista, No Violento.<\/p>\n<p><strong>28 de mayo: <\/strong>D\u00eda Internacional de Acci\u00f3n por la Salud de las Mujeres.<\/p>\n<p><strong>8 de marzo: <\/strong>D\u00eda Internacional de la Mujer.<\/p>\n<p>&nbsp;<\/td>\n<\/tr>\n<\/tbody>\n<\/table>\n<p><a href=\"https:\/\/www.juntadeandalucia.es\/iamindex.php\/areas-tematicas\/coeducacion\">https:\/\/www.juntadeandalucia.es\/iamindex.php\/areas-tematicas\/coeducacion<\/a><\/p>\n<p><a href=\"http:\/\/www.inmujer.gob.es\/areasTematicas\/AreaEducacion\/MaterialesDidacticos\/docs\/Guia_de_coeducacion_2020_.pdf\">http:\/\/www.inmujer.gob.es\/areasTematicas\/AreaEducacion\/MaterialesDidacticos\/docs\/Guia_de_coeducacion_2020_.pdf<\/a><\/p>\n<p style=\"text-align: center\"><span style=\"text-decoration: underline\"><strong>11 de febrero: D\u00eda de la mujer y la ni\u00f1a en la ciencia<\/strong><\/span><\/p>\n<p style=\"text-align: center\"><a href=\"https:\/\/blogsaverroes.juntadeandalucia.es\/eiadelfa\/files\/2023\/02\/D\u00eda-de-la-mujer-y-la-ni\u00f1a-en-la-ciencia-Post-de-Instagram.jpg\"><img loading=\"lazy\" decoding=\"async\" class=\"size-medium wp-image-3497 aligncenter\" src=\"https:\/\/blogsaverroes.juntadeandalucia.es\/eiadelfa\/files\/2023\/02\/D\u00eda-de-la-mujer-y-la-ni\u00f1a-en-la-ciencia-Post-de-Instagram-300x300.jpg\" alt=\"\" width=\"300\" height=\"300\" srcset=\"https:\/\/blogsaverroes.juntadeandalucia.es\/eiadelfa\/files\/2023\/02\/D\u00eda-de-la-mujer-y-la-ni\u00f1a-en-la-ciencia-Post-de-Instagram-300x300.jpg 300w, https:\/\/blogsaverroes.juntadeandalucia.es\/eiadelfa\/files\/2023\/02\/D\u00eda-de-la-mujer-y-la-ni\u00f1a-en-la-ciencia-Post-de-Instagram-1024x1024.jpg 1024w, https:\/\/blogsaverroes.juntadeandalucia.es\/eiadelfa\/files\/2023\/02\/D\u00eda-de-la-mujer-y-la-ni\u00f1a-en-la-ciencia-Post-de-Instagram-150x150.jpg 150w, https:\/\/blogsaverroes.juntadeandalucia.es\/eiadelfa\/files\/2023\/02\/D\u00eda-de-la-mujer-y-la-ni\u00f1a-en-la-ciencia-Post-de-Instagram-768x768.jpg 768w, https:\/\/blogsaverroes.juntadeandalucia.es\/eiadelfa\/files\/2023\/02\/D\u00eda-de-la-mujer-y-la-ni\u00f1a-en-la-ciencia-Post-de-Instagram.jpg 1080w\" sizes=\"(max-width: 300px) 100vw, 300px\" \/><\/a><\/p>\n<p>&nbsp; &nbsp; &nbsp; &nbsp; &nbsp; &nbsp; &nbsp; &nbsp; &nbsp; &nbsp; &nbsp; &nbsp; &nbsp; &nbsp; &nbsp; &nbsp; &nbsp;Hoy nuestros\/as ni\u00f1os\/as han sido unos\/as grandes cient\u00edficos\/as.<\/p>\n<p style=\"text-align: center\"><span style=\"text-decoration: underline\"><strong>3 de diciembre: D\u00eda Internacional de las Personas con Discapacidad<\/strong><\/span><\/p>\n<p><a href=\"https:\/\/blogsaverroes.juntadeandalucia.es\/eiadelfa\/files\/2022\/12\/Imagen-de-WhatsApp-2022-12-02-a-las-20.46.41-1.jpg\"><img loading=\"lazy\" decoding=\"async\" class=\"size-medium wp-image-3350 aligncenter\" src=\"https:\/\/blogsaverroes.juntadeandalucia.es\/eiadelfa\/files\/2022\/12\/Imagen-de-WhatsApp-2022-12-02-a-las-20.46.41-1-300x225.jpg\" alt=\"\" width=\"300\" height=\"225\" srcset=\"https:\/\/blogsaverroes.juntadeandalucia.es\/eiadelfa\/files\/2022\/12\/Imagen-de-WhatsApp-2022-12-02-a-las-20.46.41-1-300x225.jpg 300w, https:\/\/blogsaverroes.juntadeandalucia.es\/eiadelfa\/files\/2022\/12\/Imagen-de-WhatsApp-2022-12-02-a-las-20.46.41-1-1024x768.jpg 1024w, https:\/\/blogsaverroes.juntadeandalucia.es\/eiadelfa\/files\/2022\/12\/Imagen-de-WhatsApp-2022-12-02-a-las-20.46.41-1-768x576.jpg 768w, https:\/\/blogsaverroes.juntadeandalucia.es\/eiadelfa\/files\/2022\/12\/Imagen-de-WhatsApp-2022-12-02-a-las-20.46.41-1-1536x1152.jpg 1536w, https:\/\/blogsaverroes.juntadeandalucia.es\/eiadelfa\/files\/2022\/12\/Imagen-de-WhatsApp-2022-12-02-a-las-20.46.41-1.jpg 2048w\" sizes=\"(max-width: 300px) 100vw, 300px\" \/><\/a><\/p>\n<p>Hablamos con los peque\u00f1os\/as sobre que es la discapacidad, apoy\u00e1ndonos en un power point con pictogramas. Tambi\u00e9n visualizamos el corto \u00abSuperni\u00f1os\u00bb para reforzar y entender que aunque haya ni\u00f1os\/as con discapacidad pueden realizar las cosas igual que el resto.<\/p>\n<p><iframe loading=\"lazy\" title=\"SuperNin\u0303os\" width=\"843\" height=\"474\" src=\"https:\/\/www.youtube.com\/embed\/oZF-IXBhpK8?feature=oembed\" frameborder=\"0\" allow=\"accelerometer; autoplay; clipboard-write; encrypted-media; gyroscope; picture-in-picture; web-share\" allowfullscreen><\/iframe><\/p>\n<p>&nbsp;<\/p>\n<p style=\"text-align: center\"><span style=\"text-decoration: underline\"><strong><em>25 de noviembre: D\u00eda contra la violencia de g\u00e9nero.<\/em><\/strong><\/span><\/p>\n<p style=\"text-align: center\"><a href=\"https:\/\/blogsaverroes.juntadeandalucia.es\/eiadelfa\/files\/2022\/11\/IMG-9709-scaled.jpg\"><img loading=\"lazy\" decoding=\"async\" class=\"alignnone size-medium wp-image-3287\" src=\"https:\/\/blogsaverroes.juntadeandalucia.es\/eiadelfa\/files\/2022\/11\/IMG-9709-300x225.jpg\" alt=\"\" width=\"300\" height=\"225\" srcset=\"https:\/\/blogsaverroes.juntadeandalucia.es\/eiadelfa\/files\/2022\/11\/IMG-9709-300x225.jpg 300w, https:\/\/blogsaverroes.juntadeandalucia.es\/eiadelfa\/files\/2022\/11\/IMG-9709-1024x768.jpg 1024w, https:\/\/blogsaverroes.juntadeandalucia.es\/eiadelfa\/files\/2022\/11\/IMG-9709-768x576.jpg 768w, https:\/\/blogsaverroes.juntadeandalucia.es\/eiadelfa\/files\/2022\/11\/IMG-9709-1536x1152.jpg 1536w, https:\/\/blogsaverroes.juntadeandalucia.es\/eiadelfa\/files\/2022\/11\/IMG-9709-2048x1536.jpg 2048w\" sizes=\"(max-width: 300px) 100vw, 300px\" \/><\/a><a href=\"https:\/\/blogsaverroes.juntadeandalucia.es\/eiadelfa\/files\/2022\/11\/Foto-Collage-de-Taller-Art\u00edstico-de-cer\u00e1mica-Rojo-2.jpg\"><img loading=\"lazy\" decoding=\"async\" class=\"alignnone wp-image-3288\" src=\"https:\/\/blogsaverroes.juntadeandalucia.es\/eiadelfa\/files\/2022\/11\/Foto-Collage-de-Taller-Art\u00edstico-de-cer\u00e1mica-Rojo-2-300x240.jpg\" alt=\"\" width=\"281\" height=\"225\" srcset=\"https:\/\/blogsaverroes.juntadeandalucia.es\/eiadelfa\/files\/2022\/11\/Foto-Collage-de-Taller-Art\u00edstico-de-cer\u00e1mica-Rojo-2-300x240.jpg 300w, https:\/\/blogsaverroes.juntadeandalucia.es\/eiadelfa\/files\/2022\/11\/Foto-Collage-de-Taller-Art\u00edstico-de-cer\u00e1mica-Rojo-2-1024x819.jpg 1024w, https:\/\/blogsaverroes.juntadeandalucia.es\/eiadelfa\/files\/2022\/11\/Foto-Collage-de-Taller-Art\u00edstico-de-cer\u00e1mica-Rojo-2-768x614.jpg 768w, https:\/\/blogsaverroes.juntadeandalucia.es\/eiadelfa\/files\/2022\/11\/Foto-Collage-de-Taller-Art\u00edstico-de-cer\u00e1mica-Rojo-2-1536x1229.jpg 1536w, https:\/\/blogsaverroes.juntadeandalucia.es\/eiadelfa\/files\/2022\/11\/Foto-Collage-de-Taller-Art\u00edstico-de-cer\u00e1mica-Rojo-2.jpg 2000w\" sizes=\"(max-width: 281px) 100vw, 281px\" \/><\/a><\/p>\n<p>Hoy celebramos en el colegio el d\u00eda contra la violencia de g\u00e9nero, visualizando el cuento \u00abPepuka y el monstruo que se llevo su sonrisa\u00bb y realizando un mural entre todo el alumnado bajo el lema que nadie se lleve tu sonrisa.<\/p>\n<p>&nbsp;<\/p>\n<p style=\"text-align: center\"><span style=\"text-decoration: underline\"><strong><em>20 de noviembre: Los derechos del ni\u00f1o.<\/em><\/strong><\/span><\/p>\n<p style=\"text-align: center\"><a href=\"https:\/\/blogsaverroes.juntadeandalucia.es\/eiadelfa\/files\/2022\/11\/Crema-Collage-Org\u00e1nico-Fitness-y-Atletismo-Ropa-de-Deporte-Publicaci\u00f3n-de-Instagram.jpg\"><img loading=\"lazy\" decoding=\"async\" class=\"alignnone size-medium wp-image-3234\" src=\"https:\/\/blogsaverroes.juntadeandalucia.es\/eiadelfa\/files\/2022\/11\/Crema-Collage-Org\u00e1nico-Fitness-y-Atletismo-Ropa-de-Deporte-Publicaci\u00f3n-de-Instagram-300x300.jpg\" alt=\"\" width=\"300\" height=\"300\" srcset=\"https:\/\/blogsaverroes.juntadeandalucia.es\/eiadelfa\/files\/2022\/11\/Crema-Collage-Org\u00e1nico-Fitness-y-Atletismo-Ropa-de-Deporte-Publicaci\u00f3n-de-Instagram-300x300.jpg 300w, https:\/\/blogsaverroes.juntadeandalucia.es\/eiadelfa\/files\/2022\/11\/Crema-Collage-Org\u00e1nico-Fitness-y-Atletismo-Ropa-de-Deporte-Publicaci\u00f3n-de-Instagram-1024x1024.jpg 1024w, https:\/\/blogsaverroes.juntadeandalucia.es\/eiadelfa\/files\/2022\/11\/Crema-Collage-Org\u00e1nico-Fitness-y-Atletismo-Ropa-de-Deporte-Publicaci\u00f3n-de-Instagram-150x150.jpg 150w, https:\/\/blogsaverroes.juntadeandalucia.es\/eiadelfa\/files\/2022\/11\/Crema-Collage-Org\u00e1nico-Fitness-y-Atletismo-Ropa-de-Deporte-Publicaci\u00f3n-de-Instagram-768x768.jpg 768w, https:\/\/blogsaverroes.juntadeandalucia.es\/eiadelfa\/files\/2022\/11\/Crema-Collage-Org\u00e1nico-Fitness-y-Atletismo-Ropa-de-Deporte-Publicaci\u00f3n-de-Instagram.jpg 1080w\" sizes=\"(max-width: 300px) 100vw, 300px\" \/><\/a><\/p>\n<p>&nbsp;<\/p>\n<p>Nuestro alumnado, ha celebrado los derechos del ni\u00f1o, realizando diversas actividades como: un teatro realizado por el alumnado de cinco a\u00f1os, un mural donde han participado las familias, un baile realizado por alumnos\/as y las docentes y por \u00faltimo se realiz\u00f3 un tren con los derechos del ni\u00f1o.<\/p>\n<p>&nbsp;<\/p>\n<p style=\"text-align: center\"><span style=\"text-decoration: underline\"><em><strong>11 octubre- D\u00eda de la ni\u00f1a<\/strong><\/em><\/span><\/p>\n<p><a href=\"https:\/\/blogsaverroes.juntadeandalucia.es\/eiadelfa\/files\/2022\/11\/Imagen-de-WhatsApp-2022-10-22-a-las-14.24.49.jpg\"><img loading=\"lazy\" decoding=\"async\" class=\"size-medium wp-image-3191 aligncenter\" src=\"https:\/\/blogsaverroes.juntadeandalucia.es\/eiadelfa\/files\/2022\/11\/Imagen-de-WhatsApp-2022-10-22-a-las-14.24.49-300x225.jpg\" alt=\"\" width=\"300\" height=\"225\" srcset=\"https:\/\/blogsaverroes.juntadeandalucia.es\/eiadelfa\/files\/2022\/11\/Imagen-de-WhatsApp-2022-10-22-a-las-14.24.49-300x225.jpg 300w, https:\/\/blogsaverroes.juntadeandalucia.es\/eiadelfa\/files\/2022\/11\/Imagen-de-WhatsApp-2022-10-22-a-las-14.24.49-1024x768.jpg 1024w, https:\/\/blogsaverroes.juntadeandalucia.es\/eiadelfa\/files\/2022\/11\/Imagen-de-WhatsApp-2022-10-22-a-las-14.24.49-768x576.jpg 768w, https:\/\/blogsaverroes.juntadeandalucia.es\/eiadelfa\/files\/2022\/11\/Imagen-de-WhatsApp-2022-10-22-a-las-14.24.49-1536x1152.jpg 1536w, https:\/\/blogsaverroes.juntadeandalucia.es\/eiadelfa\/files\/2022\/11\/Imagen-de-WhatsApp-2022-10-22-a-las-14.24.49.jpg 2048w\" sizes=\"(max-width: 300px) 100vw, 300px\" \/><\/a><a href=\"https:\/\/blogsaverroes.juntadeandalucia.es\/eiadelfa\/files\/2022\/11\/5c9571e6-4686-4a89-9672-0b1f84fc9341.jpg\"><img loading=\"lazy\" decoding=\"async\" class=\"alignnone wp-image-3192\" src=\"https:\/\/blogsaverroes.juntadeandalucia.es\/eiadelfa\/files\/2022\/11\/5c9571e6-4686-4a89-9672-0b1f84fc9341-225x300.jpg\" alt=\"\" width=\"168\" height=\"224\" srcset=\"https:\/\/blogsaverroes.juntadeandalucia.es\/eiadelfa\/files\/2022\/11\/5c9571e6-4686-4a89-9672-0b1f84fc9341-225x300.jpg 225w, https:\/\/blogsaverroes.juntadeandalucia.es\/eiadelfa\/files\/2022\/11\/5c9571e6-4686-4a89-9672-0b1f84fc9341-768x1023.jpg 768w, https:\/\/blogsaverroes.juntadeandalucia.es\/eiadelfa\/files\/2022\/11\/5c9571e6-4686-4a89-9672-0b1f84fc9341-1153x1536.jpg 1153w, https:\/\/blogsaverroes.juntadeandalucia.es\/eiadelfa\/files\/2022\/11\/5c9571e6-4686-4a89-9672-0b1f84fc9341.jpg 1200w\" sizes=\"(max-width: 168px) 100vw, 168px\" \/><\/a> <a href=\"https:\/\/blogsaverroes.juntadeandalucia.es\/eiadelfa\/files\/2022\/11\/48555019-899f-40ba-a252-361df4e629f5.jpg\"><img loading=\"lazy\" decoding=\"async\" class=\"wp-image-3193 alignright\" src=\"https:\/\/blogsaverroes.juntadeandalucia.es\/eiadelfa\/files\/2022\/11\/48555019-899f-40ba-a252-361df4e629f5-225x300.jpg\" alt=\"\" width=\"167\" height=\"223\" srcset=\"https:\/\/blogsaverroes.juntadeandalucia.es\/eiadelfa\/files\/2022\/11\/48555019-899f-40ba-a252-361df4e629f5-225x300.jpg 225w, https:\/\/blogsaverroes.juntadeandalucia.es\/eiadelfa\/files\/2022\/11\/48555019-899f-40ba-a252-361df4e629f5-768x1023.jpg 768w, https:\/\/blogsaverroes.juntadeandalucia.es\/eiadelfa\/files\/2022\/11\/48555019-899f-40ba-a252-361df4e629f5-1153x1536.jpg 1153w, https:\/\/blogsaverroes.juntadeandalucia.es\/eiadelfa\/files\/2022\/11\/48555019-899f-40ba-a252-361df4e629f5.jpg 1200w\" sizes=\"(max-width: 167px) 100vw, 167px\" \/><\/a><\/p>\n<p>En el colegio Adelfa trabajamos el d\u00eda de la ni\u00f1a visualizando un cuenta-cuento y pintando la silueta de una ni\u00f1a. Esta ha sido pintada de muchos colores, ya que el rosa y el azul solo est\u00e1n en nuestras cabezas.<\/p>\n<p>&nbsp;<\/p>\n<p style=\"text-align: center\"><span style=\"text-decoration: underline\"><em><strong>21 diciembre- Campa\u00f1a del juego y juguetes no sexista, no violentos<\/strong><\/em><\/span><\/p>\n<p>&nbsp;<\/p>\n<p style=\"text-align: center\"><span style=\"text-decoration: underline\"><em><strong><a href=\"https:\/\/blogsaverroes.juntadeandalucia.es\/eiadelfa\/files\/2023\/01\/COLLAGE-DE-LAS-ABUELAS.jpg\"><img loading=\"lazy\" decoding=\"async\" class=\"alignnone size-medium wp-image-3381\" src=\"https:\/\/blogsaverroes.juntadeandalucia.es\/eiadelfa\/files\/2023\/01\/COLLAGE-DE-LAS-ABUELAS-300x240.jpg\" alt=\"\" width=\"300\" height=\"240\" srcset=\"https:\/\/blogsaverroes.juntadeandalucia.es\/eiadelfa\/files\/2023\/01\/COLLAGE-DE-LAS-ABUELAS-300x240.jpg 300w, https:\/\/blogsaverroes.juntadeandalucia.es\/eiadelfa\/files\/2023\/01\/COLLAGE-DE-LAS-ABUELAS-1024x819.jpg 1024w, https:\/\/blogsaverroes.juntadeandalucia.es\/eiadelfa\/files\/2023\/01\/COLLAGE-DE-LAS-ABUELAS-768x614.jpg 768w, https:\/\/blogsaverroes.juntadeandalucia.es\/eiadelfa\/files\/2023\/01\/COLLAGE-DE-LAS-ABUELAS-1536x1229.jpg 1536w, https:\/\/blogsaverroes.juntadeandalucia.es\/eiadelfa\/files\/2023\/01\/COLLAGE-DE-LAS-ABUELAS.jpg 2000w\" sizes=\"(max-width: 300px) 100vw, 300px\" \/><\/a><\/strong><\/em><\/span><\/p>\n<p>Nuestras abuelas y abuelos vinieron al colegio a celebrar la \u00abCampa\u00f1a del juego y del juguete no sexista, no violento\u00bb.&nbsp; Ense\u00f1\u00e1ndonos los juegos y juguetes de su ni\u00f1ez.<\/p>\n<p style=\"text-align: center\"><strong>\u00a1FUEN UN GRAN D\u00cdA!<\/strong><\/p>\n","protected":false},"excerpt":{"rendered":"<p>CALENDARIO 11 de octubre, D\u00eda de la ni\u00f1a. 20 de noviembre: Los derechos del ni\u00f1o. 25 de noviembre: D\u00eda Contra la Violencia Hacia las Mujeres.&hellip;<\/p>\n","protected":false},"author":10395,"featured_media":3190,"parent":0,"menu_order":0,"comment_status":"closed","ping_status":"closed","template":"","meta":{"ngg_post_thumbnail":0,"footnotes":"","_mc_calendar":[]},"aioseo_notices":[],"_links":{"self":[{"href":"https:\/\/blogsaverroes.juntadeandalucia.es\/eiadelfa\/wp-json\/wp\/v2\/pages\/3108"}],"collection":[{"href":"https:\/\/blogsaverroes.juntadeandalucia.es\/eiadelfa\/wp-json\/wp\/v2\/pages"}],"about":[{"href":"https:\/\/blogsaverroes.juntadeandalucia.es\/eiadelfa\/wp-json\/wp\/v2\/types\/page"}],"author":[{"embeddable":true,"href":"https:\/\/blogsaverroes.juntadeandalucia.es\/eiadelfa\/wp-json\/wp\/v2\/users\/10395"}],"replies":[{"embeddable":true,"href":"https:\/\/blogsaverroes.juntadeandalucia.es\/eiadelfa\/wp-json\/wp\/v2\/comments?post=3108"}],"version-history":[{"count":12,"href":"https:\/\/blogsaverroes.juntadeandalucia.es\/eiadelfa\/wp-json\/wp\/v2\/pages\/3108\/revisions"}],"predecessor-version":[{"id":3498,"href":"https:\/\/blogsaverroes.juntadeandalucia.es\/eiadelfa\/wp-json\/wp\/v2\/pages\/3108\/revisions\/3498"}],"wp:featuredmedia":[{"embeddable":true,"href":"https:\/\/blogsaverroes.juntadeandalucia.es\/eiadelfa\/wp-json\/wp\/v2\/media\/3190"}],"wp:attachment":[{"href":"https:\/\/blogsaverroes.juntadeandalucia.es\/eiadelfa\/wp-json\/wp\/v2\/media?parent=3108"}],"curies":[{"name":"wp","href":"https:\/\/api.w.org\/{rel}","templated":true}]}}