{"id":10741,"date":"2021-03-02T15:39:05","date_gmt":"2021-03-02T14:39:05","guid":{"rendered":"https:\/\/blogsaverroes.juntadeandalucia.es\/eielcastillo\/?page_id=10741"},"modified":"2022-07-26T19:52:54","modified_gmt":"2022-07-26T18:52:54","slug":"actividades-marzo-2021","status":"publish","type":"page","link":"https:\/\/blogsaverroes.juntadeandalucia.es\/eielcastillo\/?page_id=10741","title":{"rendered":"Actividades marzo 2021"},"content":{"rendered":"<div class=\"entry-content cf\">\n<h5 style=\"text-align: justify\">El centro, una vez aprobado por los \u00f3rganos de coordinaci\u00f3n docente,&nbsp; publicar\u00e1 cada mes&nbsp; unos carteles informativos donde se har\u00e1 referencia a las actividades complementarias que se prevean. Esa informaci\u00f3n la comparte primero el jefe de estudios con las madres delegadas, despu\u00e9s se suele trasladar a las familias, lo haremos a trav\u00e9s de Pasen\/iPasen.<\/h5>\n<h5 style=\"text-align: justify\">&nbsp;&nbsp; En esta p\u00e1gina web tendr\u00e1n oportunidad de acceder a los referidos carteles y a algunas im\u00e1genes tomadas a t\u00edtulo informativo para la comunidad educativa, siempre en los t\u00e9rminos establecidos en el Plan de Centro.<\/h5>\n<p style=\"text-align: justify\">&nbsp; <a href=\"https:\/\/blogsaverroes.juntadeandalucia.es\/eielcastillo\/?page_id=3201\"><img loading=\"lazy\" decoding=\"async\" class=\" wp-image-5513 alignleft\" src=\"https:\/\/blogsaverroes.juntadeandalucia.es\/eielcastillo\/files\/2018\/08\/Boton-acceso-albumdeimagenes.jpg\" alt=\"\" width=\"141\" height=\"71\" srcset=\"https:\/\/blogsaverroes.juntadeandalucia.es\/eielcastillo\/files\/2018\/08\/Boton-acceso-albumdeimagenes.jpg 283w, https:\/\/blogsaverroes.juntadeandalucia.es\/eielcastillo\/files\/2018\/08\/Boton-acceso-albumdeimagenes-280x142.jpg 280w, https:\/\/blogsaverroes.juntadeandalucia.es\/eielcastillo\/files\/2018\/08\/Boton-acceso-albumdeimagenes-24x12.jpg 24w, https:\/\/blogsaverroes.juntadeandalucia.es\/eielcastillo\/files\/2018\/08\/Boton-acceso-albumdeimagenes-36x18.jpg 36w, https:\/\/blogsaverroes.juntadeandalucia.es\/eielcastillo\/files\/2018\/08\/Boton-acceso-albumdeimagenes-48x24.jpg 48w\" sizes=\"(max-width: 141px) 100vw, 141px\" \/><\/a> Con la finalizaci\u00f3n del curso, todas las im\u00e1genes recopiladas pasar\u00e1n a formar parte del <strong><a href=\"https:\/\/blogsaverroes.juntadeandalucia.es\/eielcastillo\/?page_id=8062\">\u00c1LBUM DE IM\u00c1GENES.<\/a><\/strong><\/p>\n<p style=\"text-align: justify\">&nbsp;<\/p>\n<\/div>\n<h3 style=\"text-align: justify\"><span style=\"color: #ff0000\"><strong>ACTIVIDADES COMPLEMENTARIAS&nbsp; MARZO 2021<\/strong><\/span><\/h3>\n<p style=\"text-align: justify\"><a href=\"https:\/\/blogsaverroes.juntadeandalucia.es\/eielcastillo\/files\/2021\/03\/Cartel_Marzo2021.pdf\">Ver cartel marzo 2021<\/a><\/p>\n<hr>\n<p><a href=\"https:\/\/blogsaverroes.juntadeandalucia.es\/eielcastillo\/files\/2021\/03\/Imagen_post-igualdad2021_05.jpeg\"><img loading=\"lazy\" decoding=\"async\" class=\"alignnone size-medium wp-image-10801\" src=\"https:\/\/blogsaverroes.juntadeandalucia.es\/eielcastillo\/files\/2021\/03\/Imagen_post-igualdad2021_05-300x225.jpeg\" alt=\"\" width=\"300\" height=\"225\" srcset=\"https:\/\/blogsaverroes.juntadeandalucia.es\/eielcastillo\/files\/2021\/03\/Imagen_post-igualdad2021_05-300x225.jpeg 300w, https:\/\/blogsaverroes.juntadeandalucia.es\/eielcastillo\/files\/2021\/03\/Imagen_post-igualdad2021_05-768x576.jpeg 768w, https:\/\/blogsaverroes.juntadeandalucia.es\/eielcastillo\/files\/2021\/03\/Imagen_post-igualdad2021_05.jpeg 1024w\" sizes=\"(max-width: 300px) 100vw, 300px\" \/><\/a> <a href=\"https:\/\/blogsaverroes.juntadeandalucia.es\/eielcastillo\/files\/2021\/03\/Imagen_post-igualdad2021_06.jpeg\"><img loading=\"lazy\" decoding=\"async\" class=\"alignnone size-medium wp-image-10802\" src=\"https:\/\/blogsaverroes.juntadeandalucia.es\/eielcastillo\/files\/2021\/03\/Imagen_post-igualdad2021_06-225x300.jpeg\" alt=\"\" width=\"225\" height=\"300\" srcset=\"https:\/\/blogsaverroes.juntadeandalucia.es\/eielcastillo\/files\/2021\/03\/Imagen_post-igualdad2021_06-225x300.jpeg 225w, https:\/\/blogsaverroes.juntadeandalucia.es\/eielcastillo\/files\/2021\/03\/Imagen_post-igualdad2021_06-768x1024.jpeg 768w, https:\/\/blogsaverroes.juntadeandalucia.es\/eielcastillo\/files\/2021\/03\/Imagen_post-igualdad2021_06-1152x1536.jpeg 1152w, https:\/\/blogsaverroes.juntadeandalucia.es\/eielcastillo\/files\/2021\/03\/Imagen_post-igualdad2021_06.jpeg 1500w\" sizes=\"(max-width: 225px) 100vw, 225px\" \/><\/a> <a href=\"https:\/\/blogsaverroes.juntadeandalucia.es\/eielcastillo\/files\/2021\/03\/Imagen_PACMAR2021_05.jpeg\"><img loading=\"lazy\" decoding=\"async\" class=\"alignnone size-medium wp-image-10821\" src=\"https:\/\/blogsaverroes.juntadeandalucia.es\/eielcastillo\/files\/2021\/03\/Imagen_PACMAR2021_05-300x225.jpeg\" alt=\"\" width=\"300\" height=\"225\" srcset=\"https:\/\/blogsaverroes.juntadeandalucia.es\/eielcastillo\/files\/2021\/03\/Imagen_PACMAR2021_05-300x225.jpeg 300w, https:\/\/blogsaverroes.juntadeandalucia.es\/eielcastillo\/files\/2021\/03\/Imagen_PACMAR2021_05-768x576.jpeg 768w, https:\/\/blogsaverroes.juntadeandalucia.es\/eielcastillo\/files\/2021\/03\/Imagen_PACMAR2021_05.jpeg 1024w\" sizes=\"(max-width: 300px) 100vw, 300px\" \/><\/a> <a href=\"https:\/\/blogsaverroes.juntadeandalucia.es\/eielcastillo\/files\/2021\/03\/Imagen_PACMAR2021_01.jpeg\"><img loading=\"lazy\" decoding=\"async\" class=\"alignnone size-medium wp-image-10817\" src=\"https:\/\/blogsaverroes.juntadeandalucia.es\/eielcastillo\/files\/2021\/03\/Imagen_PACMAR2021_01-300x225.jpeg\" alt=\"\" width=\"300\" height=\"225\" srcset=\"https:\/\/blogsaverroes.juntadeandalucia.es\/eielcastillo\/files\/2021\/03\/Imagen_PACMAR2021_01-300x225.jpeg 300w, https:\/\/blogsaverroes.juntadeandalucia.es\/eielcastillo\/files\/2021\/03\/Imagen_PACMAR2021_01-768x576.jpeg 768w, https:\/\/blogsaverroes.juntadeandalucia.es\/eielcastillo\/files\/2021\/03\/Imagen_PACMAR2021_01.jpeg 1024w\" sizes=\"(max-width: 300px) 100vw, 300px\" \/><\/a> <a href=\"https:\/\/blogsaverroes.juntadeandalucia.es\/eielcastillo\/files\/2021\/03\/Imagen_PACMAR2021_02.jpeg\"><img loading=\"lazy\" decoding=\"async\" class=\"alignnone size-medium wp-image-10818\" src=\"https:\/\/blogsaverroes.juntadeandalucia.es\/eielcastillo\/files\/2021\/03\/Imagen_PACMAR2021_02-300x225.jpeg\" alt=\"\" width=\"300\" height=\"225\" srcset=\"https:\/\/blogsaverroes.juntadeandalucia.es\/eielcastillo\/files\/2021\/03\/Imagen_PACMAR2021_02-300x225.jpeg 300w, https:\/\/blogsaverroes.juntadeandalucia.es\/eielcastillo\/files\/2021\/03\/Imagen_PACMAR2021_02-1024x768.jpeg 1024w, https:\/\/blogsaverroes.juntadeandalucia.es\/eielcastillo\/files\/2021\/03\/Imagen_PACMAR2021_02-768x576.jpeg 768w, https:\/\/blogsaverroes.juntadeandalucia.es\/eielcastillo\/files\/2021\/03\/Imagen_PACMAR2021_02-1536x1152.jpeg 1536w, https:\/\/blogsaverroes.juntadeandalucia.es\/eielcastillo\/files\/2021\/03\/Imagen_PACMAR2021_02.jpeg 2048w\" sizes=\"(max-width: 300px) 100vw, 300px\" \/><\/a> <a href=\"https:\/\/blogsaverroes.juntadeandalucia.es\/eielcastillo\/files\/2021\/03\/Imagen_PACMAR2021_03.jpeg\"><img loading=\"lazy\" decoding=\"async\" class=\"alignnone size-medium wp-image-10819\" src=\"https:\/\/blogsaverroes.juntadeandalucia.es\/eielcastillo\/files\/2021\/03\/Imagen_PACMAR2021_03-300x224.jpeg\" alt=\"\" width=\"300\" height=\"224\" srcset=\"https:\/\/blogsaverroes.juntadeandalucia.es\/eielcastillo\/files\/2021\/03\/Imagen_PACMAR2021_03-300x224.jpeg 300w, https:\/\/blogsaverroes.juntadeandalucia.es\/eielcastillo\/files\/2021\/03\/Imagen_PACMAR2021_03-1024x765.jpeg 1024w, https:\/\/blogsaverroes.juntadeandalucia.es\/eielcastillo\/files\/2021\/03\/Imagen_PACMAR2021_03-768x574.jpeg 768w, https:\/\/blogsaverroes.juntadeandalucia.es\/eielcastillo\/files\/2021\/03\/Imagen_PACMAR2021_03-1536x1148.jpeg 1536w, https:\/\/blogsaverroes.juntadeandalucia.es\/eielcastillo\/files\/2021\/03\/Imagen_PACMAR2021_03.jpeg 1600w\" sizes=\"(max-width: 300px) 100vw, 300px\" \/><\/a><\/p>\n<p>Im\u00e1genes de la asambleas sobre Igualdad que se desarrollaron el 8 de marzo junto al mural recientemente pintado.<\/p>\n<figure id=\"attachment_10805\" aria-describedby=\"caption-attachment-10805\" style=\"width: 655px\" class=\"wp-caption alignnone\"><a href=\"https:\/\/blogsaverroes.juntadeandalucia.es\/eielcastillo\/files\/2021\/03\/Imagen_carteldibujosigualdad5B.jpg\"><img loading=\"lazy\" decoding=\"async\" class=\"wp-image-10805 size-large\" src=\"https:\/\/blogsaverroes.juntadeandalucia.es\/eielcastillo\/files\/2021\/03\/Imagen_carteldibujosigualdad5B-1024x724.jpg\" alt=\"\" width=\"655\" height=\"463\" srcset=\"https:\/\/blogsaverroes.juntadeandalucia.es\/eielcastillo\/files\/2021\/03\/Imagen_carteldibujosigualdad5B-1024x724.jpg 1024w, https:\/\/blogsaverroes.juntadeandalucia.es\/eielcastillo\/files\/2021\/03\/Imagen_carteldibujosigualdad5B-300x212.jpg 300w, https:\/\/blogsaverroes.juntadeandalucia.es\/eielcastillo\/files\/2021\/03\/Imagen_carteldibujosigualdad5B-768x543.jpg 768w, https:\/\/blogsaverroes.juntadeandalucia.es\/eielcastillo\/files\/2021\/03\/Imagen_carteldibujosigualdad5B-1536x1086.jpg 1536w, https:\/\/blogsaverroes.juntadeandalucia.es\/eielcastillo\/files\/2021\/03\/Imagen_carteldibujosigualdad5B.jpg 1754w\" sizes=\"(max-width: 655px) 100vw, 655px\" \/><\/a><figcaption id=\"caption-attachment-10805\" class=\"wp-caption-text\">Mural con dibujos hechos por el alumnado de 5B<\/figcaption><\/figure>\n<hr>\n<p><a href=\"https:\/\/blogsaverroes.juntadeandalucia.es\/eielcastillo\/files\/2021\/03\/Imagen_PACMAR2021_11.jpg\"><img loading=\"lazy\" decoding=\"async\" class=\"alignnone size-medium wp-image-10823\" src=\"https:\/\/blogsaverroes.juntadeandalucia.es\/eielcastillo\/files\/2021\/03\/Imagen_PACMAR2021_11-300x225.jpg\" alt=\"\" width=\"300\" height=\"225\" srcset=\"https:\/\/blogsaverroes.juntadeandalucia.es\/eielcastillo\/files\/2021\/03\/Imagen_PACMAR2021_11-300x225.jpg 300w, https:\/\/blogsaverroes.juntadeandalucia.es\/eielcastillo\/files\/2021\/03\/Imagen_PACMAR2021_11-1024x768.jpg 1024w, https:\/\/blogsaverroes.juntadeandalucia.es\/eielcastillo\/files\/2021\/03\/Imagen_PACMAR2021_11-768x576.jpg 768w, https:\/\/blogsaverroes.juntadeandalucia.es\/eielcastillo\/files\/2021\/03\/Imagen_PACMAR2021_11-1536x1152.jpg 1536w, https:\/\/blogsaverroes.juntadeandalucia.es\/eielcastillo\/files\/2021\/03\/Imagen_PACMAR2021_11.jpg 1600w\" sizes=\"(max-width: 300px) 100vw, 300px\" \/><\/a> <a href=\"https:\/\/blogsaverroes.juntadeandalucia.es\/eielcastillo\/files\/2021\/03\/Imagen_PACMAR2021_12.jpg\"><img loading=\"lazy\" decoding=\"async\" class=\"alignnone size-medium wp-image-10824\" src=\"https:\/\/blogsaverroes.juntadeandalucia.es\/eielcastillo\/files\/2021\/03\/Imagen_PACMAR2021_12-300x225.jpg\" alt=\"\" width=\"300\" height=\"225\" srcset=\"https:\/\/blogsaverroes.juntadeandalucia.es\/eielcastillo\/files\/2021\/03\/Imagen_PACMAR2021_12-300x225.jpg 300w, https:\/\/blogsaverroes.juntadeandalucia.es\/eielcastillo\/files\/2021\/03\/Imagen_PACMAR2021_12-1024x768.jpg 1024w, https:\/\/blogsaverroes.juntadeandalucia.es\/eielcastillo\/files\/2021\/03\/Imagen_PACMAR2021_12-768x576.jpg 768w, https:\/\/blogsaverroes.juntadeandalucia.es\/eielcastillo\/files\/2021\/03\/Imagen_PACMAR2021_12-1536x1152.jpg 1536w, https:\/\/blogsaverroes.juntadeandalucia.es\/eielcastillo\/files\/2021\/03\/Imagen_PACMAR2021_12.jpg 1600w\" sizes=\"(max-width: 300px) 100vw, 300px\" \/><\/a> <a href=\"https:\/\/blogsaverroes.juntadeandalucia.es\/eielcastillo\/files\/2021\/03\/Imagen_PACMAR2021_13.jpg\"><img loading=\"lazy\" decoding=\"async\" class=\"alignnone size-medium wp-image-10825\" src=\"https:\/\/blogsaverroes.juntadeandalucia.es\/eielcastillo\/files\/2021\/03\/Imagen_PACMAR2021_13-300x225.jpg\" alt=\"\" width=\"300\" height=\"225\" srcset=\"https:\/\/blogsaverroes.juntadeandalucia.es\/eielcastillo\/files\/2021\/03\/Imagen_PACMAR2021_13-300x225.jpg 300w, https:\/\/blogsaverroes.juntadeandalucia.es\/eielcastillo\/files\/2021\/03\/Imagen_PACMAR2021_13-1024x768.jpg 1024w, https:\/\/blogsaverroes.juntadeandalucia.es\/eielcastillo\/files\/2021\/03\/Imagen_PACMAR2021_13-768x576.jpg 768w, https:\/\/blogsaverroes.juntadeandalucia.es\/eielcastillo\/files\/2021\/03\/Imagen_PACMAR2021_13-1536x1152.jpg 1536w, https:\/\/blogsaverroes.juntadeandalucia.es\/eielcastillo\/files\/2021\/03\/Imagen_PACMAR2021_13.jpg 1600w\" sizes=\"(max-width: 300px) 100vw, 300px\" \/><\/a> <a href=\"https:\/\/blogsaverroes.juntadeandalucia.es\/eielcastillo\/files\/2021\/03\/Imagen_PACMAR2021_14.jpg\"><img loading=\"lazy\" decoding=\"async\" class=\"alignnone size-medium wp-image-10826\" src=\"https:\/\/blogsaverroes.juntadeandalucia.es\/eielcastillo\/files\/2021\/03\/Imagen_PACMAR2021_14-300x225.jpg\" alt=\"\" width=\"300\" height=\"225\" srcset=\"https:\/\/blogsaverroes.juntadeandalucia.es\/eielcastillo\/files\/2021\/03\/Imagen_PACMAR2021_14-300x225.jpg 300w, https:\/\/blogsaverroes.juntadeandalucia.es\/eielcastillo\/files\/2021\/03\/Imagen_PACMAR2021_14-1024x768.jpg 1024w, https:\/\/blogsaverroes.juntadeandalucia.es\/eielcastillo\/files\/2021\/03\/Imagen_PACMAR2021_14-768x576.jpg 768w, https:\/\/blogsaverroes.juntadeandalucia.es\/eielcastillo\/files\/2021\/03\/Imagen_PACMAR2021_14-1536x1152.jpg 1536w, https:\/\/blogsaverroes.juntadeandalucia.es\/eielcastillo\/files\/2021\/03\/Imagen_PACMAR2021_14.jpg 1600w\" sizes=\"(max-width: 300px) 100vw, 300px\" \/><\/a> <a href=\"https:\/\/blogsaverroes.juntadeandalucia.es\/eielcastillo\/files\/2021\/03\/Imagen_PACMAR2021_15.jpg\"><img loading=\"lazy\" decoding=\"async\" class=\"alignnone size-medium wp-image-10827\" src=\"https:\/\/blogsaverroes.juntadeandalucia.es\/eielcastillo\/files\/2021\/03\/Imagen_PACMAR2021_15-300x225.jpg\" alt=\"\" width=\"300\" height=\"225\" srcset=\"https:\/\/blogsaverroes.juntadeandalucia.es\/eielcastillo\/files\/2021\/03\/Imagen_PACMAR2021_15-300x225.jpg 300w, https:\/\/blogsaverroes.juntadeandalucia.es\/eielcastillo\/files\/2021\/03\/Imagen_PACMAR2021_15-1024x768.jpg 1024w, https:\/\/blogsaverroes.juntadeandalucia.es\/eielcastillo\/files\/2021\/03\/Imagen_PACMAR2021_15-768x576.jpg 768w, https:\/\/blogsaverroes.juntadeandalucia.es\/eielcastillo\/files\/2021\/03\/Imagen_PACMAR2021_15-1536x1152.jpg 1536w, https:\/\/blogsaverroes.juntadeandalucia.es\/eielcastillo\/files\/2021\/03\/Imagen_PACMAR2021_15.jpg 1600w\" sizes=\"(max-width: 300px) 100vw, 300px\" \/><\/a> <a href=\"https:\/\/blogsaverroes.juntadeandalucia.es\/eielcastillo\/files\/2021\/03\/Imagen_PACMAR2021_16.jpg\"><img loading=\"lazy\" decoding=\"async\" class=\"alignnone size-medium wp-image-10828\" src=\"https:\/\/blogsaverroes.juntadeandalucia.es\/eielcastillo\/files\/2021\/03\/Imagen_PACMAR2021_16-300x225.jpg\" alt=\"\" width=\"300\" height=\"225\" srcset=\"https:\/\/blogsaverroes.juntadeandalucia.es\/eielcastillo\/files\/2021\/03\/Imagen_PACMAR2021_16-300x225.jpg 300w, https:\/\/blogsaverroes.juntadeandalucia.es\/eielcastillo\/files\/2021\/03\/Imagen_PACMAR2021_16-1024x768.jpg 1024w, https:\/\/blogsaverroes.juntadeandalucia.es\/eielcastillo\/files\/2021\/03\/Imagen_PACMAR2021_16-768x576.jpg 768w, https:\/\/blogsaverroes.juntadeandalucia.es\/eielcastillo\/files\/2021\/03\/Imagen_PACMAR2021_16-1536x1152.jpg 1536w, https:\/\/blogsaverroes.juntadeandalucia.es\/eielcastillo\/files\/2021\/03\/Imagen_PACMAR2021_16.jpg 1600w\" sizes=\"(max-width: 300px) 100vw, 300px\" \/><\/a> <a href=\"https:\/\/blogsaverroes.juntadeandalucia.es\/eielcastillo\/files\/2021\/03\/Imagen_PACMAR2021_17.jpg\"><img loading=\"lazy\" decoding=\"async\" class=\"alignnone size-medium wp-image-10829\" src=\"https:\/\/blogsaverroes.juntadeandalucia.es\/eielcastillo\/files\/2021\/03\/Imagen_PACMAR2021_17-300x225.jpg\" alt=\"\" width=\"300\" height=\"225\" srcset=\"https:\/\/blogsaverroes.juntadeandalucia.es\/eielcastillo\/files\/2021\/03\/Imagen_PACMAR2021_17-300x225.jpg 300w, https:\/\/blogsaverroes.juntadeandalucia.es\/eielcastillo\/files\/2021\/03\/Imagen_PACMAR2021_17-1024x768.jpg 1024w, https:\/\/blogsaverroes.juntadeandalucia.es\/eielcastillo\/files\/2021\/03\/Imagen_PACMAR2021_17-768x576.jpg 768w, https:\/\/blogsaverroes.juntadeandalucia.es\/eielcastillo\/files\/2021\/03\/Imagen_PACMAR2021_17-1536x1152.jpg 1536w, https:\/\/blogsaverroes.juntadeandalucia.es\/eielcastillo\/files\/2021\/03\/Imagen_PACMAR2021_17.jpg 1600w\" sizes=\"(max-width: 300px) 100vw, 300px\" \/><\/a> <a href=\"https:\/\/blogsaverroes.juntadeandalucia.es\/eielcastillo\/files\/2021\/03\/Imagen_PACMAR2021_18.jpg\"><img loading=\"lazy\" decoding=\"async\" class=\"alignnone size-medium wp-image-10830\" src=\"https:\/\/blogsaverroes.juntadeandalucia.es\/eielcastillo\/files\/2021\/03\/Imagen_PACMAR2021_18-300x225.jpg\" alt=\"\" width=\"300\" height=\"225\" srcset=\"https:\/\/blogsaverroes.juntadeandalucia.es\/eielcastillo\/files\/2021\/03\/Imagen_PACMAR2021_18-300x225.jpg 300w, https:\/\/blogsaverroes.juntadeandalucia.es\/eielcastillo\/files\/2021\/03\/Imagen_PACMAR2021_18-1024x768.jpg 1024w, https:\/\/blogsaverroes.juntadeandalucia.es\/eielcastillo\/files\/2021\/03\/Imagen_PACMAR2021_18-768x576.jpg 768w, https:\/\/blogsaverroes.juntadeandalucia.es\/eielcastillo\/files\/2021\/03\/Imagen_PACMAR2021_18-1536x1152.jpg 1536w, https:\/\/blogsaverroes.juntadeandalucia.es\/eielcastillo\/files\/2021\/03\/Imagen_PACMAR2021_18.jpg 1600w\" sizes=\"(max-width: 300px) 100vw, 300px\" \/><\/a> <a href=\"https:\/\/blogsaverroes.juntadeandalucia.es\/eielcastillo\/files\/2021\/03\/Imagen_PACMAR2021_19.jpg\"><img loading=\"lazy\" decoding=\"async\" class=\"alignnone size-medium wp-image-10831\" src=\"https:\/\/blogsaverroes.juntadeandalucia.es\/eielcastillo\/files\/2021\/03\/Imagen_PACMAR2021_19-300x225.jpg\" alt=\"\" width=\"300\" height=\"225\" srcset=\"https:\/\/blogsaverroes.juntadeandalucia.es\/eielcastillo\/files\/2021\/03\/Imagen_PACMAR2021_19-300x225.jpg 300w, https:\/\/blogsaverroes.juntadeandalucia.es\/eielcastillo\/files\/2021\/03\/Imagen_PACMAR2021_19-1024x768.jpg 1024w, https:\/\/blogsaverroes.juntadeandalucia.es\/eielcastillo\/files\/2021\/03\/Imagen_PACMAR2021_19-768x576.jpg 768w, https:\/\/blogsaverroes.juntadeandalucia.es\/eielcastillo\/files\/2021\/03\/Imagen_PACMAR2021_19-1536x1152.jpg 1536w, https:\/\/blogsaverroes.juntadeandalucia.es\/eielcastillo\/files\/2021\/03\/Imagen_PACMAR2021_19.jpg 1600w\" sizes=\"(max-width: 300px) 100vw, 300px\" \/><\/a><\/p>\n<p><a href=\"https:\/\/blogsaverroes.juntadeandalucia.es\/eielcastillo\/files\/2021\/03\/Imagen_PACMAR2021_20.jpg\"><img loading=\"lazy\" decoding=\"async\" class=\"alignnone size-medium wp-image-10832\" src=\"https:\/\/blogsaverroes.juntadeandalucia.es\/eielcastillo\/files\/2021\/03\/Imagen_PACMAR2021_20-300x225.jpg\" alt=\"\" width=\"300\" height=\"225\" srcset=\"https:\/\/blogsaverroes.juntadeandalucia.es\/eielcastillo\/files\/2021\/03\/Imagen_PACMAR2021_20-300x225.jpg 300w, https:\/\/blogsaverroes.juntadeandalucia.es\/eielcastillo\/files\/2021\/03\/Imagen_PACMAR2021_20-1024x768.jpg 1024w, https:\/\/blogsaverroes.juntadeandalucia.es\/eielcastillo\/files\/2021\/03\/Imagen_PACMAR2021_20-768x576.jpg 768w, https:\/\/blogsaverroes.juntadeandalucia.es\/eielcastillo\/files\/2021\/03\/Imagen_PACMAR2021_20-1536x1152.jpg 1536w, https:\/\/blogsaverroes.juntadeandalucia.es\/eielcastillo\/files\/2021\/03\/Imagen_PACMAR2021_20.jpg 1600w\" sizes=\"(max-width: 300px) 100vw, 300px\" \/><\/a> <a href=\"https:\/\/blogsaverroes.juntadeandalucia.es\/eielcastillo\/files\/2021\/03\/Imagen_PACMAR2021_21.jpg\"><img loading=\"lazy\" decoding=\"async\" class=\"alignnone size-medium wp-image-10833\" src=\"https:\/\/blogsaverroes.juntadeandalucia.es\/eielcastillo\/files\/2021\/03\/Imagen_PACMAR2021_21-300x225.jpg\" alt=\"\" width=\"300\" height=\"225\" srcset=\"https:\/\/blogsaverroes.juntadeandalucia.es\/eielcastillo\/files\/2021\/03\/Imagen_PACMAR2021_21-300x225.jpg 300w, https:\/\/blogsaverroes.juntadeandalucia.es\/eielcastillo\/files\/2021\/03\/Imagen_PACMAR2021_21-1024x768.jpg 1024w, https:\/\/blogsaverroes.juntadeandalucia.es\/eielcastillo\/files\/2021\/03\/Imagen_PACMAR2021_21-768x576.jpg 768w, https:\/\/blogsaverroes.juntadeandalucia.es\/eielcastillo\/files\/2021\/03\/Imagen_PACMAR2021_21-1536x1152.jpg 1536w, https:\/\/blogsaverroes.juntadeandalucia.es\/eielcastillo\/files\/2021\/03\/Imagen_PACMAR2021_21.jpg 1600w\" sizes=\"(max-width: 300px) 100vw, 300px\" \/><\/a> <a href=\"https:\/\/blogsaverroes.juntadeandalucia.es\/eielcastillo\/files\/2021\/03\/Imagen_PACMAR2021_22.jpg\"><img loading=\"lazy\" decoding=\"async\" class=\"alignnone size-medium wp-image-10834\" src=\"https:\/\/blogsaverroes.juntadeandalucia.es\/eielcastillo\/files\/2021\/03\/Imagen_PACMAR2021_22-300x225.jpg\" alt=\"\" width=\"300\" height=\"225\" srcset=\"https:\/\/blogsaverroes.juntadeandalucia.es\/eielcastillo\/files\/2021\/03\/Imagen_PACMAR2021_22-300x225.jpg 300w, https:\/\/blogsaverroes.juntadeandalucia.es\/eielcastillo\/files\/2021\/03\/Imagen_PACMAR2021_22-1024x768.jpg 1024w, https:\/\/blogsaverroes.juntadeandalucia.es\/eielcastillo\/files\/2021\/03\/Imagen_PACMAR2021_22-768x576.jpg 768w, https:\/\/blogsaverroes.juntadeandalucia.es\/eielcastillo\/files\/2021\/03\/Imagen_PACMAR2021_22-1536x1152.jpg 1536w, https:\/\/blogsaverroes.juntadeandalucia.es\/eielcastillo\/files\/2021\/03\/Imagen_PACMAR2021_22.jpg 1600w\" sizes=\"(max-width: 300px) 100vw, 300px\" \/><\/a> <a href=\"https:\/\/blogsaverroes.juntadeandalucia.es\/eielcastillo\/files\/2021\/03\/Imagen_PACMAR2021_23.jpg\"><img loading=\"lazy\" decoding=\"async\" class=\"alignnone size-medium wp-image-10835\" src=\"https:\/\/blogsaverroes.juntadeandalucia.es\/eielcastillo\/files\/2021\/03\/Imagen_PACMAR2021_23-300x225.jpg\" alt=\"\" width=\"300\" height=\"225\" srcset=\"https:\/\/blogsaverroes.juntadeandalucia.es\/eielcastillo\/files\/2021\/03\/Imagen_PACMAR2021_23-300x225.jpg 300w, https:\/\/blogsaverroes.juntadeandalucia.es\/eielcastillo\/files\/2021\/03\/Imagen_PACMAR2021_23-1024x768.jpg 1024w, https:\/\/blogsaverroes.juntadeandalucia.es\/eielcastillo\/files\/2021\/03\/Imagen_PACMAR2021_23-768x576.jpg 768w, https:\/\/blogsaverroes.juntadeandalucia.es\/eielcastillo\/files\/2021\/03\/Imagen_PACMAR2021_23-1536x1152.jpg 1536w, https:\/\/blogsaverroes.juntadeandalucia.es\/eielcastillo\/files\/2021\/03\/Imagen_PACMAR2021_23.jpg 1600w\" sizes=\"(max-width: 300px) 100vw, 300px\" \/><\/a> <a href=\"https:\/\/blogsaverroes.juntadeandalucia.es\/eielcastillo\/files\/2021\/03\/Imagen_PACMAR2021_24.jpg\"><img loading=\"lazy\" decoding=\"async\" class=\"alignnone size-medium wp-image-10836\" src=\"https:\/\/blogsaverroes.juntadeandalucia.es\/eielcastillo\/files\/2021\/03\/Imagen_PACMAR2021_24-300x225.jpg\" alt=\"\" width=\"300\" height=\"225\" srcset=\"https:\/\/blogsaverroes.juntadeandalucia.es\/eielcastillo\/files\/2021\/03\/Imagen_PACMAR2021_24-300x225.jpg 300w, https:\/\/blogsaverroes.juntadeandalucia.es\/eielcastillo\/files\/2021\/03\/Imagen_PACMAR2021_24-1024x768.jpg 1024w, https:\/\/blogsaverroes.juntadeandalucia.es\/eielcastillo\/files\/2021\/03\/Imagen_PACMAR2021_24-768x576.jpg 768w, https:\/\/blogsaverroes.juntadeandalucia.es\/eielcastillo\/files\/2021\/03\/Imagen_PACMAR2021_24-1536x1152.jpg 1536w, https:\/\/blogsaverroes.juntadeandalucia.es\/eielcastillo\/files\/2021\/03\/Imagen_PACMAR2021_24.jpg 1600w\" sizes=\"(max-width: 300px) 100vw, 300px\" \/><\/a> <a href=\"https:\/\/blogsaverroes.juntadeandalucia.es\/eielcastillo\/files\/2021\/03\/Imagen_PACMAR2021_25.jpg\"><img loading=\"lazy\" decoding=\"async\" class=\"alignnone size-medium wp-image-10837\" src=\"https:\/\/blogsaverroes.juntadeandalucia.es\/eielcastillo\/files\/2021\/03\/Imagen_PACMAR2021_25-300x225.jpg\" alt=\"\" width=\"300\" height=\"225\" srcset=\"https:\/\/blogsaverroes.juntadeandalucia.es\/eielcastillo\/files\/2021\/03\/Imagen_PACMAR2021_25-300x225.jpg 300w, https:\/\/blogsaverroes.juntadeandalucia.es\/eielcastillo\/files\/2021\/03\/Imagen_PACMAR2021_25-1024x768.jpg 1024w, https:\/\/blogsaverroes.juntadeandalucia.es\/eielcastillo\/files\/2021\/03\/Imagen_PACMAR2021_25-768x576.jpg 768w, https:\/\/blogsaverroes.juntadeandalucia.es\/eielcastillo\/files\/2021\/03\/Imagen_PACMAR2021_25-1536x1152.jpg 1536w, https:\/\/blogsaverroes.juntadeandalucia.es\/eielcastillo\/files\/2021\/03\/Imagen_PACMAR2021_25.jpg 1600w\" sizes=\"(max-width: 300px) 100vw, 300px\" \/><\/a><\/p>\n<p>Representaci\u00f3n del cuento &#8220;Daniela Pirata&#8221; los d\u00edas 11 de marzo en gimnasio (alumnado de 5 a\u00f1os) y 12 de marzo en el patio (alumnado de 3 y 4 a\u00f1os)<\/p>\n<hr>\n<p>&nbsp;<\/p>\n","protected":false},"excerpt":{"rendered":"<p>El centro, una vez aprobado por los \u00f3rganos de coordinaci\u00f3n docente,&nbsp; publicar\u00e1 cada mes&nbsp; unos carteles informativos donde se har\u00e1 referencia a las actividades complementarias&hellip;<\/p>\n","protected":false},"author":3249,"featured_media":0,"parent":10213,"menu_order":6,"comment_status":"closed","ping_status":"closed","template":"","meta":{"ngg_post_thumbnail":0,"footnotes":"","_mc_calendar":[]},"aioseo_notices":[],"_links":{"self":[{"href":"https:\/\/blogsaverroes.juntadeandalucia.es\/eielcastillo\/index.php?rest_route=\/wp\/v2\/pages\/10741"}],"collection":[{"href":"https:\/\/blogsaverroes.juntadeandalucia.es\/eielcastillo\/index.php?rest_route=\/wp\/v2\/pages"}],"about":[{"href":"https:\/\/blogsaverroes.juntadeandalucia.es\/eielcastillo\/index.php?rest_route=\/wp\/v2\/types\/page"}],"author":[{"embeddable":true,"href":"https:\/\/blogsaverroes.juntadeandalucia.es\/eielcastillo\/index.php?rest_route=\/wp\/v2\/users\/3249"}],"replies":[{"embeddable":true,"href":"https:\/\/blogsaverroes.juntadeandalucia.es\/eielcastillo\/index.php?rest_route=%2Fwp%2Fv2%2Fcomments&post=10741"}],"version-history":[{"count":5,"href":"https:\/\/blogsaverroes.juntadeandalucia.es\/eielcastillo\/index.php?rest_route=\/wp\/v2\/pages\/10741\/revisions"}],"predecessor-version":[{"id":13380,"href":"https:\/\/blogsaverroes.juntadeandalucia.es\/eielcastillo\/index.php?rest_route=\/wp\/v2\/pages\/10741\/revisions\/13380"}],"up":[{"embeddable":true,"href":"https:\/\/blogsaverroes.juntadeandalucia.es\/eielcastillo\/index.php?rest_route=\/wp\/v2\/pages\/10213"}],"wp:attachment":[{"href":"https:\/\/blogsaverroes.juntadeandalucia.es\/eielcastillo\/index.php?rest_route=%2Fwp%2Fv2%2Fmedia&parent=10741"}],"curies":[{"name":"wp","href":"https:\/\/api.w.org\/{rel}","templated":true}]}}