{"id":15178,"date":"2023-02-25T18:44:34","date_gmt":"2023-02-25T17:44:34","guid":{"rendered":"https:\/\/blogsaverroes.juntadeandalucia.es\/eielcastillo\/?page_id=15178"},"modified":"2023-04-24T14:41:51","modified_gmt":"2023-04-24T13:41:51","slug":"actividades-marzo-2023","status":"publish","type":"page","link":"https:\/\/blogsaverroes.juntadeandalucia.es\/eielcastillo\/?page_id=15178","title":{"rendered":"Actividades marzo 2022-23"},"content":{"rendered":"<div class=\"entry-content cf\">\n<p style=\"text-align: justify\"><strong><a href=\"https:\/\/blogsaverroes.juntadeandalucia.es\/eielcastillo\/files\/2023\/02\/Imagen_pagActCom_mar2023.jpg\"><img loading=\"lazy\" decoding=\"async\" class=\"wp-image-15176 alignleft\" src=\"https:\/\/blogsaverroes.juntadeandalucia.es\/eielcastillo\/files\/2023\/02\/Imagen_pagActCom_mar2023.jpg\" alt=\"\" width=\"203\" height=\"144\" srcset=\"https:\/\/blogsaverroes.juntadeandalucia.es\/eielcastillo\/files\/2023\/02\/Imagen_pagActCom_mar2023.jpg 504w, https:\/\/blogsaverroes.juntadeandalucia.es\/eielcastillo\/files\/2023\/02\/Imagen_pagActCom_mar2023-300x213.jpg 300w\" sizes=\"(max-width: 203px) 100vw, 203px\" \/><\/a>E<\/strong>l centro, una vez aprobado por los \u00f3rganos de coordinaci\u00f3n docente,&nbsp; publicar\u00e1 cada mes&nbsp;&nbsp;unos carteles informativos donde se har\u00e1 referencia a las actividades complementarias que se prevean. El coordinador del Equipo de Ciclo es quien las organiza, planifica y supervisa.<\/p>\n<p style=\"text-align: justify\">&nbsp;&nbsp; En esta p\u00e1gina web tendr\u00e1n oportunidad de acceder a los referidos carteles y a algunas im\u00e1genes tomadas a t\u00edtulo informativo para la comunidad educativa, siempre en los t\u00e9rminos establecidos en el Plan de Centro.<\/p>\n<p>&nbsp;&nbsp;<a href=\"https:\/\/blogsaverroes.juntadeandalucia.es\/eielcastillo\/?page_id=3201\"><img loading=\"lazy\" decoding=\"async\" class=\" wp-image-5513 alignleft\" src=\"https:\/\/i2.wp.com\/blogsaverroes.juntadeandalucia.es\/eielcastillo\/files\/2018\/08\/Boton-acceso-albumdeimagenes.jpg?resize=141%2C71&amp;ssl=1\" alt=\"\" data-recalc-dims=\"1\" width=\"141\" height=\"71\" srcset=\"https:\/\/blogsaverroes.juntadeandalucia.es\/eielcastillo\/files\/2018\/08\/Boton-acceso-albumdeimagenes.jpg 283w, https:\/\/blogsaverroes.juntadeandalucia.es\/eielcastillo\/files\/2018\/08\/Boton-acceso-albumdeimagenes-280x142.jpg 280w, https:\/\/blogsaverroes.juntadeandalucia.es\/eielcastillo\/files\/2018\/08\/Boton-acceso-albumdeimagenes-24x12.jpg 24w, https:\/\/blogsaverroes.juntadeandalucia.es\/eielcastillo\/files\/2018\/08\/Boton-acceso-albumdeimagenes-36x18.jpg 36w, https:\/\/blogsaverroes.juntadeandalucia.es\/eielcastillo\/files\/2018\/08\/Boton-acceso-albumdeimagenes-48x24.jpg 48w\" sizes=\"(max-width: 141px) 100vw, 141px\" \/><\/a>Con la finalizaci\u00f3n del curso, todas las im\u00e1genes recopiladas pasar\u00e1n a formar parte del&nbsp;<a href=\"https:\/\/blogsaverroes.juntadeandalucia.es\/eielcastillo\/?page_id=8062\"><strong>\u00c1LBUM DE IM\u00c1GENES.<\/strong><\/a><\/p>\n<p>&nbsp;<\/p>\n<\/div>\n<h3><span style=\"color: #008000\"><strong>ACTIVIDADES COMPLEMENTARIAS&nbsp; MARZO 2023<\/strong><\/span><\/h3>\n<p><a href=\"https:\/\/blogsaverroes.juntadeandalucia.es\/eielcastillo\/files\/2023\/03\/Cartel_marzo2023.pdf\">Ver Cartel marzo 2023<\/a><\/p>\n<p><a href=\"https:\/\/blogsaverroes.juntadeandalucia.es\/eielcastillo\/files\/2023\/02\/Imagen_filaceituna-e1677341309250.jpg\"><img loading=\"lazy\" decoding=\"async\" class=\"size-full wp-image-15161 aligncenter\" src=\"https:\/\/blogsaverroes.juntadeandalucia.es\/eielcastillo\/files\/2023\/02\/Imagen_filaceituna-e1677341309250.jpg\" alt=\"\" width=\"619\" height=\"14\"><\/a><\/p>\n<p><span style=\"color: #ff0000\"><strong>Importante, ten en cuenta: el texto de cada actividad te dar\u00e1 paso al post publicado en nuestra web en relaci\u00f3n a dicha actividad, toca sobre \u00e9l.<\/strong><\/span><\/p>\n<h3><a href=\"https:\/\/blogsaverroes.juntadeandalucia.es\/eielcastillo\/?p=15233\"><strong><span style=\"color: #0000ff\">8 de marzo, D\u00cdA DE LA MUJER:<\/span><\/strong><\/a><\/h3>\n<p style=\"text-align: justify\"><a href=\"https:\/\/blogsaverroes.juntadeandalucia.es\/eielcastillo\/files\/2023\/03\/Imagen_post-8M_1-1.jpg\"><img loading=\"lazy\" decoding=\"async\" class=\"wp-image-15262 alignleft\" src=\"https:\/\/blogsaverroes.juntadeandalucia.es\/eielcastillo\/files\/2023\/03\/Imagen_post-8M_1-1-201x300.jpg\" alt=\"\" width=\"115\" height=\"172\" srcset=\"https:\/\/blogsaverroes.juntadeandalucia.es\/eielcastillo\/files\/2023\/03\/Imagen_post-8M_1-1-201x300.jpg 201w, https:\/\/blogsaverroes.juntadeandalucia.es\/eielcastillo\/files\/2023\/03\/Imagen_post-8M_1-1.jpg 627w\" sizes=\"(max-width: 115px) 100vw, 115px\" \/><\/a>En EL CASTILLO programamos una actividad para los d\u00edas 8 y 9 de marzo, en la que como indica el cartel, el alumnado, independientemente de su g\u00e9nero, representa llevar a cabo tareas del hogar,&nbsp;<strong>la CASA DE LA IGUALDAD.<\/strong><\/p>\n<p>&nbsp;<\/p>\n<p>&nbsp;<\/p>\n<h3>&nbsp;<\/h3>\n<h3><a href=\"https:\/\/blogsaverroes.juntadeandalucia.es\/eielcastillo\/?p=15389\"><span style=\"color: #0000ff\"><strong>21 de marzo, D\u00cdA MUNDIAL DEL S\u00cdNDROME DE DOWN<\/strong><\/span><\/a><\/h3>\n<p style=\"text-align: justify\"><a href=\"https:\/\/blogsaverroes.juntadeandalucia.es\/eielcastillo\/files\/2023\/03\/Imagen_post-DiaMundialSindromeDown_2.jpg\"><img loading=\"lazy\" decoding=\"async\" class=\"wp-image-15395 alignleft\" src=\"https:\/\/blogsaverroes.juntadeandalucia.es\/eielcastillo\/files\/2023\/03\/Imagen_post-DiaMundialSindromeDown_2.jpg\" alt=\"\" width=\"200\" height=\"109\" srcset=\"https:\/\/blogsaverroes.juntadeandalucia.es\/eielcastillo\/files\/2023\/03\/Imagen_post-DiaMundialSindromeDown_2.jpg 400w, https:\/\/blogsaverroes.juntadeandalucia.es\/eielcastillo\/files\/2023\/03\/Imagen_post-DiaMundialSindromeDown_2-300x164.jpg 300w\" sizes=\"(max-width: 200px) 100vw, 200px\" \/><\/a>El viernes 24 de marzo hemos recibido la visita de unos amigos del Taller Ocupacional de Bail\u00e9n, el pasado martes 21 se celebraba el D\u00cdA MUNDIAL DEL SINDROME DE DOWN, como en otras ocasiones hemos querido colaborar con el Taller Ocupacional y que ellos lo hagan con nosotros.<\/p>\n<h3><a href=\"https:\/\/blogsaverroes.juntadeandalucia.es\/eielcastillo\/?p=15362\"><strong><span style=\"color: #0000ff\">22 de marzo, D\u00cdA MUNDIAL DEL AGUA<\/span><\/strong><\/a><\/h3>\n<p style=\"text-align: justify\"><img loading=\"lazy\" decoding=\"async\" class=\"wp-image-15367 alignleft\" src=\"https:\/\/blogsaverroes.juntadeandalucia.es\/eielcastillo\/files\/2023\/03\/Imagen_post-DiaMundialDelAgua_1-237x300.jpg\" alt=\"\" width=\"113\" height=\"143\" srcset=\"https:\/\/blogsaverroes.juntadeandalucia.es\/eielcastillo\/files\/2023\/03\/Imagen_post-DiaMundialDelAgua_1-237x300.jpg 237w, https:\/\/blogsaverroes.juntadeandalucia.es\/eielcastillo\/files\/2023\/03\/Imagen_post-DiaMundialDelAgua_1.jpg 311w\" sizes=\"(max-width: 113px) 100vw, 113px\" \/><span dir=\"ltr\" role=\"presentation\"><strong>E<\/strong>n Andaluc\u00eda, el aspecto m\u00e1s relevante de la situaci\u00f3n hidrol\u00f3gica actual es el descenso de los&nbsp;<\/span><span dir=\"ltr\" role=\"presentation\">recursos disponibles por la sequ\u00eda (Informe Medio Ambiente en Andaluc\u00eda, 2022), por lo que la to<\/span><span dir=\"ltr\" role=\"presentation\">ma de conciencia cr\u00edtica y responsable sobre la necesidad de potenciar su uso eficiente y&nbsp;<\/span><span dir=\"ltr\" role=\"presentation\">promover un cambio en los h\u00e1bitos para preservar este bien tan valioso, es absolutamente esencial.<\/span><\/p>\n<p>&nbsp;<\/p>\n<h3><a href=\"https:\/\/blogsaverroes.juntadeandalucia.es\/eielcastillo\/?p=15333\"><span style=\"color: #0000ff\"><strong>&#8220;DANIELA PIRATA&#8221;, igualdad, inclusi\u00f3n social, integraci\u00f3n<\/strong><\/span><\/a><\/h3>\n<p style=\"text-align: justify\"><a href=\"https:\/\/blogsaverroes.juntadeandalucia.es\/eielcastillo\/files\/2023\/03\/Imagen_PAC2022-23_mar_56.jpg\"><img loading=\"lazy\" decoding=\"async\" class=\"wp-image-15354 alignleft\" src=\"https:\/\/blogsaverroes.juntadeandalucia.es\/eielcastillo\/files\/2023\/03\/Imagen_PAC2022-23_mar_56-300x225.jpg\" alt=\"\" width=\"228\" height=\"171\" srcset=\"https:\/\/blogsaverroes.juntadeandalucia.es\/eielcastillo\/files\/2023\/03\/Imagen_PAC2022-23_mar_56-300x225.jpg 300w, https:\/\/blogsaverroes.juntadeandalucia.es\/eielcastillo\/files\/2023\/03\/Imagen_PAC2022-23_mar_56-768x576.jpg 768w, https:\/\/blogsaverroes.juntadeandalucia.es\/eielcastillo\/files\/2023\/03\/Imagen_PAC2022-23_mar_56.jpg 1024w\" sizes=\"(max-width: 228px) 100vw, 228px\" \/><\/a>Un cuento m\u00e1s, del programa de Valores y Educaci\u00f3n Emocional, todo una apuesta, todo una muestra de lo que es capaz una ni\u00f1a valiente, tremendamente atrevida y segura de s\u00ed misma.<\/p>\n<p style=\"text-align: justify\">Todo una apuesta para EL CASTILLO y AMPA &#8220;El Reloj&#8221;, pero no fue la \u00fanica.<\/p>\n<p>&nbsp;<\/p>\n<h3><a href=\"https:\/\/blogsaverroes.juntadeandalucia.es\/eielcastillo\/?p=15403\"><span style=\"color: #0000ff\"><strong>Y seguimos enganch\u00e1ndonos&nbsp; al teatro, TALLER DEL CEPR GENERAL CASTA\u00d1OS<\/strong><\/span><\/a><\/h3>\n<p style=\"text-align: justify\"><a href=\"https:\/\/blogsaverroes.juntadeandalucia.es\/eielcastillo\/files\/2023\/03\/Imagen_PAC2022-23_mar_91.jpg\"><strong><img loading=\"lazy\" decoding=\"async\" class=\"wp-image-15416 size-medium alignleft\" src=\"https:\/\/blogsaverroes.juntadeandalucia.es\/eielcastillo\/files\/2023\/03\/Imagen_PAC2022-23_mar_91-300x138.jpg\" alt=\"\" width=\"300\" height=\"138\" srcset=\"https:\/\/blogsaverroes.juntadeandalucia.es\/eielcastillo\/files\/2023\/03\/Imagen_PAC2022-23_mar_91-300x138.jpg 300w, https:\/\/blogsaverroes.juntadeandalucia.es\/eielcastillo\/files\/2023\/03\/Imagen_PAC2022-23_mar_91-1024x472.jpg 1024w, https:\/\/blogsaverroes.juntadeandalucia.es\/eielcastillo\/files\/2023\/03\/Imagen_PAC2022-23_mar_91-768x354.jpg 768w, https:\/\/blogsaverroes.juntadeandalucia.es\/eielcastillo\/files\/2023\/03\/Imagen_PAC2022-23_mar_91-1536x708.jpg 1536w, https:\/\/blogsaverroes.juntadeandalucia.es\/eielcastillo\/files\/2023\/03\/Imagen_PAC2022-23_mar_91.jpg 1600w\" sizes=\"(max-width: 300px) 100vw, 300px\" \/><\/strong><\/a>El taller de teatro del centro C.E.PR. General Casta\u00f1os (dirigido por Lola Herrero), estuvo en la ma\u00f1ana del jueves 30 de marzo representando, en el sal\u00f3n de actos de la Casa de la Cultura, dos obras: \u00abLa Tormenta\u00bb y \u00abLa piedra maravillosa\u00bb, luego pasaron por nuestro centro.<\/p>\n<h3><a href=\"https:\/\/blogsaverroes.juntadeandalucia.es\/eielcastillo\/?p=15207\"><span style=\"color: #0000ff\"><strong>CRECIENDO EN SALUD, cuida tu alimentaci\u00f3n y eng\u00e1nchate a la fruta y verdura<\/strong><\/span><\/a><\/h3>\n<p><a href=\"https:\/\/blogsaverroes.juntadeandalucia.es\/eielcastillo\/files\/2023\/03\/Imagen_post-frutas-marzo-1.jpg\"><img loading=\"lazy\" decoding=\"async\" class=\"alignnone wp-image-15211\" src=\"https:\/\/blogsaverroes.juntadeandalucia.es\/eielcastillo\/files\/2023\/03\/Imagen_post-frutas-marzo-1.jpg\" alt=\"\" width=\"602\" height=\"153\" srcset=\"https:\/\/blogsaverroes.juntadeandalucia.es\/eielcastillo\/files\/2023\/03\/Imagen_post-frutas-marzo-1.jpg 638w, https:\/\/blogsaverroes.juntadeandalucia.es\/eielcastillo\/files\/2023\/03\/Imagen_post-frutas-marzo-1-300x76.jpg 300w\" sizes=\"(max-width: 602px) 100vw, 602px\" \/><\/a><\/p>\n<p style=\"text-align: justify\">El programa de Consumo de Frutas y Verduras en la Escuela es un programa de la Junta de Andaluc\u00eda, incluido en CRECIENDO EN SALUD, a trav\u00e9s del que se pretende sensibilizar sobre la importancia de llevar una alimentaci\u00f3n variada y equilibrada basada en la dieta mediterr\u00e1nea, haciendo especial \u00e9nfasis en el aumento del consumo de frutas y hortalizas.<\/p>\n","protected":false},"excerpt":{"rendered":"<p>El centro, una vez aprobado por los \u00f3rganos de coordinaci\u00f3n docente,&nbsp; publicar\u00e1 cada mes&nbsp;&nbsp;unos carteles informativos donde se har\u00e1 referencia a las actividades complementarias que&hellip;<\/p>\n","protected":false},"author":3249,"featured_media":0,"parent":13399,"menu_order":6,"comment_status":"closed","ping_status":"closed","template":"","meta":{"ngg_post_thumbnail":0,"footnotes":"","_mc_calendar":[]},"aioseo_notices":[],"_links":{"self":[{"href":"https:\/\/blogsaverroes.juntadeandalucia.es\/eielcastillo\/index.php?rest_route=\/wp\/v2\/pages\/15178"}],"collection":[{"href":"https:\/\/blogsaverroes.juntadeandalucia.es\/eielcastillo\/index.php?rest_route=\/wp\/v2\/pages"}],"about":[{"href":"https:\/\/blogsaverroes.juntadeandalucia.es\/eielcastillo\/index.php?rest_route=\/wp\/v2\/types\/page"}],"author":[{"embeddable":true,"href":"https:\/\/blogsaverroes.juntadeandalucia.es\/eielcastillo\/index.php?rest_route=\/wp\/v2\/users\/3249"}],"replies":[{"embeddable":true,"href":"https:\/\/blogsaverroes.juntadeandalucia.es\/eielcastillo\/index.php?rest_route=%2Fwp%2Fv2%2Fcomments&post=15178"}],"version-history":[{"count":12,"href":"https:\/\/blogsaverroes.juntadeandalucia.es\/eielcastillo\/index.php?rest_route=\/wp\/v2\/pages\/15178\/revisions"}],"predecessor-version":[{"id":15580,"href":"https:\/\/blogsaverroes.juntadeandalucia.es\/eielcastillo\/index.php?rest_route=\/wp\/v2\/pages\/15178\/revisions\/15580"}],"up":[{"embeddable":true,"href":"https:\/\/blogsaverroes.juntadeandalucia.es\/eielcastillo\/index.php?rest_route=\/wp\/v2\/pages\/13399"}],"wp:attachment":[{"href":"https:\/\/blogsaverroes.juntadeandalucia.es\/eielcastillo\/index.php?rest_route=%2Fwp%2Fv2%2Fmedia&parent=15178"}],"curies":[{"name":"wp","href":"https:\/\/api.w.org\/{rel}","templated":true}]}}