{"id":2191,"date":"2016-02-29T20:45:28","date_gmt":"2016-02-29T19:45:28","guid":{"rendered":"http:\/\/blogsaverroes.juntadeandalucia.es\/eielcastillo\/?page_id=2191"},"modified":"2023-06-15T21:25:55","modified_gmt":"2023-06-15T20:25:55","slug":"promocionesorlas","status":"publish","type":"page","link":"https:\/\/blogsaverroes.juntadeandalucia.es\/eielcastillo\/?page_id=2191","title":{"rendered":"Promociones\/Orlas"},"content":{"rendered":"<div class=\"blockTituloItem\">&nbsp;<\/div>\n<div id=\"tituloItem\" class=\"blockTituloItem\"><span style=\"text-decoration: underline\"><strong><span class=\"tituloItem\" style=\"color: #008000;text-decoration: underline\">ORLAS DE TODAS LAS PROMOCIONES DEL CENTRO<\/span><\/strong><\/span><\/div>\n<div id=\"contenido_sitio\">\n<p>Estas son todas las orlas de cada una de las promociones de&nbsp; nuestra Escuela desde&nbsp; el curso 1999\/2000. Haz clic en cada una de ellas y la ver\u00e1s con mayor detalle.<\/p>\n<\/div>\n<hr>\n<p><span style=\"color: #800000\"><strong>Promoci\u00f3n 2020\/23<\/strong><\/span><\/p>\n<h6>Finalizaci\u00f3n ciclo en curso 2022\/23 siendo tutoras D\u00f1a. Magdalena Gea L\u00f3pez y&nbsp; y D\u00f1a. Silvia Jim\u00e9nez Ram\u00edrez<\/h6>\n<p><a href=\"https:\/\/blogsaverroes.juntadeandalucia.es\/eielcastillo\/files\/2023\/06\/Orla_5A_2023.jpg\"><img loading=\"lazy\" decoding=\"async\" class=\"alignnone wp-image-15936 size-medium\" src=\"https:\/\/blogsaverroes.juntadeandalucia.es\/eielcastillo\/files\/2023\/06\/Orla_5A_2023-300x240.jpg\" alt=\"\" width=\"300\" height=\"240\" srcset=\"https:\/\/blogsaverroes.juntadeandalucia.es\/eielcastillo\/files\/2023\/06\/Orla_5A_2023-300x240.jpg 300w, https:\/\/blogsaverroes.juntadeandalucia.es\/eielcastillo\/files\/2023\/06\/Orla_5A_2023-1024x819.jpg 1024w, https:\/\/blogsaverroes.juntadeandalucia.es\/eielcastillo\/files\/2023\/06\/Orla_5A_2023-768x614.jpg 768w, https:\/\/blogsaverroes.juntadeandalucia.es\/eielcastillo\/files\/2023\/06\/Orla_5A_2023-1536x1228.jpg 1536w, https:\/\/blogsaverroes.juntadeandalucia.es\/eielcastillo\/files\/2023\/06\/Orla_5A_2023-2048x1637.jpg 2048w\" sizes=\"(max-width: 300px) 100vw, 300px\" \/> <\/a><a href=\"https:\/\/blogsaverroes.juntadeandalucia.es\/eielcastillo\/files\/2023\/06\/Orla_5B_2023.jpg\"><img loading=\"lazy\" decoding=\"async\" class=\"alignnone wp-image-15937 size-medium\" src=\"https:\/\/blogsaverroes.juntadeandalucia.es\/eielcastillo\/files\/2023\/06\/Orla_5B_2023-300x238.jpg\" alt=\"\" width=\"300\" height=\"238\" srcset=\"https:\/\/blogsaverroes.juntadeandalucia.es\/eielcastillo\/files\/2023\/06\/Orla_5B_2023-300x238.jpg 300w, https:\/\/blogsaverroes.juntadeandalucia.es\/eielcastillo\/files\/2023\/06\/Orla_5B_2023-1024x814.jpg 1024w, https:\/\/blogsaverroes.juntadeandalucia.es\/eielcastillo\/files\/2023\/06\/Orla_5B_2023-768x610.jpg 768w, https:\/\/blogsaverroes.juntadeandalucia.es\/eielcastillo\/files\/2023\/06\/Orla_5B_2023-1536x1221.jpg 1536w, https:\/\/blogsaverroes.juntadeandalucia.es\/eielcastillo\/files\/2023\/06\/Orla_5B_2023-2048x1628.jpg 2048w\" sizes=\"(max-width: 300px) 100vw, 300px\" \/><\/a><\/p>\n<p><span style=\"color: #800000\"><strong>Promoci\u00f3n 2019\/22<\/strong><\/span><\/p>\n<h6>Finalizaci\u00f3n ciclo en curso 2021\/22 siendo tutores D. Pedro Rizos Fern\u00e1ndez y D\u00f1a. Mar\u00eda Jos\u00e9 Jim\u00e9nez Cobo<\/h6>\n<p><a href=\"https:\/\/blogsaverroes.juntadeandalucia.es\/eielcastillo\/files\/2022\/06\/Orla_5B_promocion2019-22-scaled.jpg\"><img loading=\"lazy\" decoding=\"async\" class=\"alignnone size-medium wp-image-13133\" src=\"https:\/\/blogsaverroes.juntadeandalucia.es\/eielcastillo\/files\/2022\/06\/Orla_5B_promocion2019-22-300x240.jpg\" alt=\"\" width=\"300\" height=\"240\" srcset=\"https:\/\/blogsaverroes.juntadeandalucia.es\/eielcastillo\/files\/2022\/06\/Orla_5B_promocion2019-22-300x240.jpg 300w, https:\/\/blogsaverroes.juntadeandalucia.es\/eielcastillo\/files\/2022\/06\/Orla_5B_promocion2019-22-1024x819.jpg 1024w, https:\/\/blogsaverroes.juntadeandalucia.es\/eielcastillo\/files\/2022\/06\/Orla_5B_promocion2019-22-768x614.jpg 768w, https:\/\/blogsaverroes.juntadeandalucia.es\/eielcastillo\/files\/2022\/06\/Orla_5B_promocion2019-22-1536x1228.jpg 1536w, https:\/\/blogsaverroes.juntadeandalucia.es\/eielcastillo\/files\/2022\/06\/Orla_5B_promocion2019-22-2048x1637.jpg 2048w\" sizes=\"(max-width: 300px) 100vw, 300px\" \/><\/a> <a href=\"https:\/\/blogsaverroes.juntadeandalucia.es\/eielcastillo\/files\/2022\/06\/Orla_5A_promoci\u00f3n2019-22-scaled.jpg\"><img loading=\"lazy\" decoding=\"async\" class=\"alignnone size-medium wp-image-13134\" src=\"https:\/\/blogsaverroes.juntadeandalucia.es\/eielcastillo\/files\/2022\/06\/Orla_5A_promoci\u00f3n2019-22-300x237.jpg\" alt=\"\" width=\"300\" height=\"237\" srcset=\"https:\/\/blogsaverroes.juntadeandalucia.es\/eielcastillo\/files\/2022\/06\/Orla_5A_promoci\u00f3n2019-22-300x237.jpg 300w, https:\/\/blogsaverroes.juntadeandalucia.es\/eielcastillo\/files\/2022\/06\/Orla_5A_promoci\u00f3n2019-22-1024x810.jpg 1024w, https:\/\/blogsaverroes.juntadeandalucia.es\/eielcastillo\/files\/2022\/06\/Orla_5A_promoci\u00f3n2019-22-768x607.jpg 768w, https:\/\/blogsaverroes.juntadeandalucia.es\/eielcastillo\/files\/2022\/06\/Orla_5A_promoci\u00f3n2019-22-1536x1215.jpg 1536w, https:\/\/blogsaverroes.juntadeandalucia.es\/eielcastillo\/files\/2022\/06\/Orla_5A_promoci\u00f3n2019-22-2048x1620.jpg 2048w\" sizes=\"(max-width: 300px) 100vw, 300px\" \/><\/a><\/p>\n<p><span style=\"color: #800000\"><strong>Promoci\u00f3n 2018\/21<\/strong><\/span><\/p>\n<h6>Finalizaci\u00f3n ciclo en curso 2020\/21 siendo tutores D. Juan Manuel Mart\u00ednez Ol\u00edas y D\u00f1a. Mar\u00eda Ram\u00edrez Cuadrado<\/h6>\n<p><a href=\"https:\/\/blogsaverroes.juntadeandalucia.es\/eielcastillo\/files\/2021\/09\/Orla_5A_2020-1.jpg\"><img loading=\"lazy\" decoding=\"async\" class=\"alignnone size-medium wp-image-11489\" src=\"https:\/\/blogsaverroes.juntadeandalucia.es\/eielcastillo\/files\/2021\/09\/Orla_5A_2020-1-300x240.jpg\" alt=\"\" width=\"300\" height=\"240\" srcset=\"https:\/\/blogsaverroes.juntadeandalucia.es\/eielcastillo\/files\/2021\/09\/Orla_5A_2020-1-300x240.jpg 300w, https:\/\/blogsaverroes.juntadeandalucia.es\/eielcastillo\/files\/2021\/09\/Orla_5A_2020-1-1024x820.jpg 1024w, https:\/\/blogsaverroes.juntadeandalucia.es\/eielcastillo\/files\/2021\/09\/Orla_5A_2020-1-768x615.jpg 768w, https:\/\/blogsaverroes.juntadeandalucia.es\/eielcastillo\/files\/2021\/09\/Orla_5A_2020-1-1536x1230.jpg 1536w, https:\/\/blogsaverroes.juntadeandalucia.es\/eielcastillo\/files\/2021\/09\/Orla_5A_2020-1.jpg 1600w\" sizes=\"(max-width: 300px) 100vw, 300px\" \/><\/a> <a href=\"https:\/\/blogsaverroes.juntadeandalucia.es\/eielcastillo\/files\/2021\/09\/Orla_5B_2020-1.jpg\"><img loading=\"lazy\" decoding=\"async\" class=\"alignnone size-medium wp-image-11490\" src=\"https:\/\/blogsaverroes.juntadeandalucia.es\/eielcastillo\/files\/2021\/09\/Orla_5B_2020-1-300x240.jpg\" alt=\"\" width=\"300\" height=\"240\" srcset=\"https:\/\/blogsaverroes.juntadeandalucia.es\/eielcastillo\/files\/2021\/09\/Orla_5B_2020-1-300x240.jpg 300w, https:\/\/blogsaverroes.juntadeandalucia.es\/eielcastillo\/files\/2021\/09\/Orla_5B_2020-1-1024x820.jpg 1024w, https:\/\/blogsaverroes.juntadeandalucia.es\/eielcastillo\/files\/2021\/09\/Orla_5B_2020-1-768x615.jpg 768w, https:\/\/blogsaverroes.juntadeandalucia.es\/eielcastillo\/files\/2021\/09\/Orla_5B_2020-1-1536x1230.jpg 1536w, https:\/\/blogsaverroes.juntadeandalucia.es\/eielcastillo\/files\/2021\/09\/Orla_5B_2020-1.jpg 1600w\" sizes=\"(max-width: 300px) 100vw, 300px\" \/><\/a><\/p>\n<p><span style=\"color: #800000\"><strong>Promoci\u00f3n 2017\/20<\/strong><\/span><\/p>\n<h6>Finalizaci\u00f3n ciclo en curso 2019\/20 siendo tutoras D\u00f1a. Miriam E. Serrano Aguilera&nbsp; y D\u00f1a. Silvia Jim\u00e9nez Ram\u00edrez<\/h6>\n<p><a href=\"https:\/\/blogsaverroes.juntadeandalucia.es\/eielcastillo\/files\/2020\/06\/orla_5A_2019_-1.jpg\"><img loading=\"lazy\" decoding=\"async\" class=\"alignnone size-medium wp-image-9718\" src=\"https:\/\/blogsaverroes.juntadeandalucia.es\/eielcastillo\/files\/2020\/06\/orla_5A_2019_-1-300x240.jpg\" alt=\"\" width=\"300\" height=\"240\" srcset=\"https:\/\/blogsaverroes.juntadeandalucia.es\/eielcastillo\/files\/2020\/06\/orla_5A_2019_-1-300x240.jpg 300w, https:\/\/blogsaverroes.juntadeandalucia.es\/eielcastillo\/files\/2020\/06\/orla_5A_2019_-1-768x615.jpg 768w, https:\/\/blogsaverroes.juntadeandalucia.es\/eielcastillo\/files\/2020\/06\/orla_5A_2019_-1-1024x820.jpg 1024w, https:\/\/blogsaverroes.juntadeandalucia.es\/eielcastillo\/files\/2020\/06\/orla_5A_2019_-1-24x19.jpg 24w, https:\/\/blogsaverroes.juntadeandalucia.es\/eielcastillo\/files\/2020\/06\/orla_5A_2019_-1-36x29.jpg 36w, https:\/\/blogsaverroes.juntadeandalucia.es\/eielcastillo\/files\/2020\/06\/orla_5A_2019_-1-48x38.jpg 48w, https:\/\/blogsaverroes.juntadeandalucia.es\/eielcastillo\/files\/2020\/06\/orla_5A_2019_-1.jpg 1600w\" sizes=\"(max-width: 300px) 100vw, 300px\" \/> <\/a><a href=\"https:\/\/blogsaverroes.juntadeandalucia.es\/eielcastillo\/files\/2020\/06\/orla_5B_2019.jpg\"><img loading=\"lazy\" decoding=\"async\" class=\"alignnone size-medium wp-image-9717\" src=\"https:\/\/blogsaverroes.juntadeandalucia.es\/eielcastillo\/files\/2020\/06\/orla_5B_2019-300x242.jpg\" alt=\"\" width=\"300\" height=\"242\" srcset=\"https:\/\/blogsaverroes.juntadeandalucia.es\/eielcastillo\/files\/2020\/06\/orla_5B_2019-300x242.jpg 300w, https:\/\/blogsaverroes.juntadeandalucia.es\/eielcastillo\/files\/2020\/06\/orla_5B_2019-768x619.jpg 768w, https:\/\/blogsaverroes.juntadeandalucia.es\/eielcastillo\/files\/2020\/06\/orla_5B_2019-1024x825.jpg 1024w, https:\/\/blogsaverroes.juntadeandalucia.es\/eielcastillo\/files\/2020\/06\/orla_5B_2019-24x19.jpg 24w, https:\/\/blogsaverroes.juntadeandalucia.es\/eielcastillo\/files\/2020\/06\/orla_5B_2019-36x29.jpg 36w, https:\/\/blogsaverroes.juntadeandalucia.es\/eielcastillo\/files\/2020\/06\/orla_5B_2019-48x39.jpg 48w, https:\/\/blogsaverroes.juntadeandalucia.es\/eielcastillo\/files\/2020\/06\/orla_5B_2019.jpg 1600w\" sizes=\"(max-width: 300px) 100vw, 300px\" \/><\/a><\/p>\n<p><span style=\"color: #993300\"><strong>Promoci\u00f3n 2016\/19<\/strong><\/span><\/p>\n<h6>Finalizaci\u00f3n ciclo en curso 2018\/19 siendo tutores D. Pedro Rizos Fern\u00e1ndez y D\u00f1a.Magdalena Gea L\u00f3pez<\/h6>\n<p><a href=\"https:\/\/blogsaverroes.juntadeandalucia.es\/eielcastillo\/files\/2019\/06\/orla_5A_2018.jpg\"><img loading=\"lazy\" decoding=\"async\" class=\"alignnone size-medium wp-image-7567\" src=\"https:\/\/blogsaverroes.juntadeandalucia.es\/eielcastillo\/files\/2019\/06\/orla_5A_2018-300x240.jpg\" alt=\"\" width=\"300\" height=\"240\" srcset=\"https:\/\/blogsaverroes.juntadeandalucia.es\/eielcastillo\/files\/2019\/06\/orla_5A_2018-300x240.jpg 300w, https:\/\/blogsaverroes.juntadeandalucia.es\/eielcastillo\/files\/2019\/06\/orla_5A_2018-768x614.jpg 768w, https:\/\/blogsaverroes.juntadeandalucia.es\/eielcastillo\/files\/2019\/06\/orla_5A_2018-1024x819.jpg 1024w, https:\/\/blogsaverroes.juntadeandalucia.es\/eielcastillo\/files\/2019\/06\/orla_5A_2018-24x19.jpg 24w, https:\/\/blogsaverroes.juntadeandalucia.es\/eielcastillo\/files\/2019\/06\/orla_5A_2018-36x29.jpg 36w, https:\/\/blogsaverroes.juntadeandalucia.es\/eielcastillo\/files\/2019\/06\/orla_5A_2018-48x38.jpg 48w, https:\/\/blogsaverroes.juntadeandalucia.es\/eielcastillo\/files\/2019\/06\/orla_5A_2018.jpg 1600w\" sizes=\"(max-width: 300px) 100vw, 300px\" \/>&nbsp;<\/a><a href=\"https:\/\/blogsaverroes.juntadeandalucia.es\/eielcastillo\/files\/2019\/06\/orla_5B_2018.jpg\"><img loading=\"lazy\" decoding=\"async\" class=\"alignnone size-medium wp-image-7568\" src=\"https:\/\/blogsaverroes.juntadeandalucia.es\/eielcastillo\/files\/2019\/06\/orla_5B_2018-300x240.jpg\" alt=\"\" width=\"300\" height=\"240\" srcset=\"https:\/\/blogsaverroes.juntadeandalucia.es\/eielcastillo\/files\/2019\/06\/orla_5B_2018-300x240.jpg 300w, https:\/\/blogsaverroes.juntadeandalucia.es\/eielcastillo\/files\/2019\/06\/orla_5B_2018-768x614.jpg 768w, https:\/\/blogsaverroes.juntadeandalucia.es\/eielcastillo\/files\/2019\/06\/orla_5B_2018-1024x819.jpg 1024w, https:\/\/blogsaverroes.juntadeandalucia.es\/eielcastillo\/files\/2019\/06\/orla_5B_2018-24x19.jpg 24w, https:\/\/blogsaverroes.juntadeandalucia.es\/eielcastillo\/files\/2019\/06\/orla_5B_2018-36x29.jpg 36w, https:\/\/blogsaverroes.juntadeandalucia.es\/eielcastillo\/files\/2019\/06\/orla_5B_2018-48x38.jpg 48w, https:\/\/blogsaverroes.juntadeandalucia.es\/eielcastillo\/files\/2019\/06\/orla_5B_2018.jpg 1600w\" sizes=\"(max-width: 300px) 100vw, 300px\" \/><\/a><\/p>\n<p><span style=\"color: #800000\"><strong>Promoci\u00f3n 2015\/18<\/strong><\/span><\/p>\n<h6>Finalizaci\u00f3n ciclo en curso 2017\/18 siendo tutores D. Juan Manuel Mart\u00ednez Ol\u00edas y D\u00f1a.Mar\u00eda Jos\u00e9 Jim\u00e9nez Cobo<\/h6>\n<p><a href=\"https:\/\/blogsaverroes.juntadeandalucia.es\/eielcastillo\/files\/2018\/08\/Orla_5A_2018.jpg\"><img loading=\"lazy\" decoding=\"async\" class=\"alignnone size-medium wp-image-5064\" src=\"https:\/\/blogsaverroes.juntadeandalucia.es\/eielcastillo\/files\/2018\/08\/Orla_5A_2018-300x218.jpg\" alt=\"\" width=\"300\" height=\"218\" srcset=\"https:\/\/blogsaverroes.juntadeandalucia.es\/eielcastillo\/files\/2018\/08\/Orla_5A_2018-300x218.jpg 300w, https:\/\/blogsaverroes.juntadeandalucia.es\/eielcastillo\/files\/2018\/08\/Orla_5A_2018-768x559.jpg 768w, https:\/\/blogsaverroes.juntadeandalucia.es\/eielcastillo\/files\/2018\/08\/Orla_5A_2018-1024x745.jpg 1024w, https:\/\/blogsaverroes.juntadeandalucia.es\/eielcastillo\/files\/2018\/08\/Orla_5A_2018-24x17.jpg 24w, https:\/\/blogsaverroes.juntadeandalucia.es\/eielcastillo\/files\/2018\/08\/Orla_5A_2018-36x26.jpg 36w, https:\/\/blogsaverroes.juntadeandalucia.es\/eielcastillo\/files\/2018\/08\/Orla_5A_2018-48x35.jpg 48w, https:\/\/blogsaverroes.juntadeandalucia.es\/eielcastillo\/files\/2018\/08\/Orla_5A_2018.jpg 1600w\" sizes=\"(max-width: 300px) 100vw, 300px\" \/><\/a> <a href=\"https:\/\/blogsaverroes.juntadeandalucia.es\/eielcastillo\/files\/2018\/08\/Orla_5B_2018.jpg\"><img loading=\"lazy\" decoding=\"async\" class=\"alignnone size-medium wp-image-5065\" src=\"https:\/\/blogsaverroes.juntadeandalucia.es\/eielcastillo\/files\/2018\/08\/Orla_5B_2018-300x218.jpg\" alt=\"\" width=\"300\" height=\"218\" srcset=\"https:\/\/blogsaverroes.juntadeandalucia.es\/eielcastillo\/files\/2018\/08\/Orla_5B_2018-300x218.jpg 300w, https:\/\/blogsaverroes.juntadeandalucia.es\/eielcastillo\/files\/2018\/08\/Orla_5B_2018-768x559.jpg 768w, https:\/\/blogsaverroes.juntadeandalucia.es\/eielcastillo\/files\/2018\/08\/Orla_5B_2018-1024x745.jpg 1024w, https:\/\/blogsaverroes.juntadeandalucia.es\/eielcastillo\/files\/2018\/08\/Orla_5B_2018-24x17.jpg 24w, https:\/\/blogsaverroes.juntadeandalucia.es\/eielcastillo\/files\/2018\/08\/Orla_5B_2018-36x26.jpg 36w, https:\/\/blogsaverroes.juntadeandalucia.es\/eielcastillo\/files\/2018\/08\/Orla_5B_2018-48x35.jpg 48w, https:\/\/blogsaverroes.juntadeandalucia.es\/eielcastillo\/files\/2018\/08\/Orla_5B_2018.jpg 1600w\" sizes=\"(max-width: 300px) 100vw, 300px\" \/><\/a><\/p>\n<p><span style=\"color: #800000\"><strong>Promoci\u00f3n 2014\/17<\/strong><\/span><\/p>\n<h6>Finalizaci\u00f3n ciclo en curso 2016\/17 siendo tutoras D\u00f1a. Mar\u00eda Ram\u00edrez Cuadrado y D\u00f1a.Miriam E. Serrano Aguilera<\/h6>\n<p><a href=\"https:\/\/blogsaverroes.juntadeandalucia.es\/eielcastillo\/files\/2017\/08\/orla_5A_2017.jpg\"><img loading=\"lazy\" decoding=\"async\" class=\"alignnone size-medium wp-image-3243\" src=\"https:\/\/blogsaverroes.juntadeandalucia.es\/eielcastillo\/files\/2017\/08\/orla_5A_2017-300x218.jpg\" alt=\"\" width=\"300\" height=\"218\" srcset=\"https:\/\/blogsaverroes.juntadeandalucia.es\/eielcastillo\/files\/2017\/08\/orla_5A_2017-300x218.jpg 300w, https:\/\/blogsaverroes.juntadeandalucia.es\/eielcastillo\/files\/2017\/08\/orla_5A_2017-768x559.jpg 768w, https:\/\/blogsaverroes.juntadeandalucia.es\/eielcastillo\/files\/2017\/08\/orla_5A_2017-1024x745.jpg 1024w, https:\/\/blogsaverroes.juntadeandalucia.es\/eielcastillo\/files\/2017\/08\/orla_5A_2017-24x17.jpg 24w, https:\/\/blogsaverroes.juntadeandalucia.es\/eielcastillo\/files\/2017\/08\/orla_5A_2017-36x26.jpg 36w, https:\/\/blogsaverroes.juntadeandalucia.es\/eielcastillo\/files\/2017\/08\/orla_5A_2017-48x35.jpg 48w, https:\/\/blogsaverroes.juntadeandalucia.es\/eielcastillo\/files\/2017\/08\/orla_5A_2017.jpg 1600w\" sizes=\"(max-width: 300px) 100vw, 300px\" \/><\/a>&nbsp; <a href=\"https:\/\/blogsaverroes.juntadeandalucia.es\/eielcastillo\/files\/2017\/08\/orla_5B_2017.jpg\"><img loading=\"lazy\" decoding=\"async\" class=\"alignnone size-medium wp-image-3244\" src=\"https:\/\/blogsaverroes.juntadeandalucia.es\/eielcastillo\/files\/2017\/08\/orla_5B_2017-300x218.jpg\" alt=\"\" width=\"300\" height=\"218\" srcset=\"https:\/\/blogsaverroes.juntadeandalucia.es\/eielcastillo\/files\/2017\/08\/orla_5B_2017-300x218.jpg 300w, https:\/\/blogsaverroes.juntadeandalucia.es\/eielcastillo\/files\/2017\/08\/orla_5B_2017-768x559.jpg 768w, https:\/\/blogsaverroes.juntadeandalucia.es\/eielcastillo\/files\/2017\/08\/orla_5B_2017-1024x745.jpg 1024w, https:\/\/blogsaverroes.juntadeandalucia.es\/eielcastillo\/files\/2017\/08\/orla_5B_2017-24x17.jpg 24w, https:\/\/blogsaverroes.juntadeandalucia.es\/eielcastillo\/files\/2017\/08\/orla_5B_2017-36x26.jpg 36w, https:\/\/blogsaverroes.juntadeandalucia.es\/eielcastillo\/files\/2017\/08\/orla_5B_2017-48x35.jpg 48w, https:\/\/blogsaverroes.juntadeandalucia.es\/eielcastillo\/files\/2017\/08\/orla_5B_2017.jpg 1600w\" sizes=\"(max-width: 300px) 100vw, 300px\" \/><\/a><\/p>\n<hr>\n<p>&nbsp;<\/p>\n<p><span style=\"color: #800000\"><strong>Promoci\u00f3n 2013\/16<\/strong><\/span><\/p>\n<h6>Finalizaci\u00f3n ciclo en curso 2015\/16 siendo tutores D. Pedro Rizos Fern\u00e1ndez y D\u00f1a.Magdalena Gea L\u00f3pez<\/h6>\n<p><a href=\"http:\/\/blogsaverroes.juntadeandalucia.es\/eielcastillo\/files\/2017\/01\/orla_5A_2016.jpg\"><img loading=\"lazy\" decoding=\"async\" class=\"alignnone size-medium wp-image-2603\" src=\"http:\/\/blogsaverroes.juntadeandalucia.es\/eielcastillo\/files\/2017\/01\/orla_5A_2016-300x218.jpg\" alt=\"orla_5A_2016\" width=\"300\" height=\"218\" srcset=\"https:\/\/blogsaverroes.juntadeandalucia.es\/eielcastillo\/files\/2017\/01\/orla_5A_2016-300x218.jpg 300w, https:\/\/blogsaverroes.juntadeandalucia.es\/eielcastillo\/files\/2017\/01\/orla_5A_2016-1024x745.jpg 1024w, https:\/\/blogsaverroes.juntadeandalucia.es\/eielcastillo\/files\/2017\/01\/orla_5A_2016-24x17.jpg 24w, https:\/\/blogsaverroes.juntadeandalucia.es\/eielcastillo\/files\/2017\/01\/orla_5A_2016-36x26.jpg 36w, https:\/\/blogsaverroes.juntadeandalucia.es\/eielcastillo\/files\/2017\/01\/orla_5A_2016-48x35.jpg 48w, https:\/\/blogsaverroes.juntadeandalucia.es\/eielcastillo\/files\/2017\/01\/orla_5A_2016.jpg 1600w\" sizes=\"(max-width: 300px) 100vw, 300px\" \/><\/a>&nbsp; <a href=\"http:\/\/blogsaverroes.juntadeandalucia.es\/eielcastillo\/files\/2017\/01\/orla_5B_2016.jpg\"><img loading=\"lazy\" decoding=\"async\" class=\"alignnone size-medium wp-image-2604\" src=\"http:\/\/blogsaverroes.juntadeandalucia.es\/eielcastillo\/files\/2017\/01\/orla_5B_2016-300x218.jpg\" alt=\"orla_5B_2016\" width=\"300\" height=\"218\" srcset=\"https:\/\/blogsaverroes.juntadeandalucia.es\/eielcastillo\/files\/2017\/01\/orla_5B_2016-300x218.jpg 300w, https:\/\/blogsaverroes.juntadeandalucia.es\/eielcastillo\/files\/2017\/01\/orla_5B_2016-1024x745.jpg 1024w, https:\/\/blogsaverroes.juntadeandalucia.es\/eielcastillo\/files\/2017\/01\/orla_5B_2016-24x17.jpg 24w, https:\/\/blogsaverroes.juntadeandalucia.es\/eielcastillo\/files\/2017\/01\/orla_5B_2016-36x26.jpg 36w, https:\/\/blogsaverroes.juntadeandalucia.es\/eielcastillo\/files\/2017\/01\/orla_5B_2016-48x35.jpg 48w, https:\/\/blogsaverroes.juntadeandalucia.es\/eielcastillo\/files\/2017\/01\/orla_5B_2016.jpg 1600w\" sizes=\"(max-width: 300px) 100vw, 300px\" \/><\/a><\/p>\n<hr>\n<p>&nbsp;<\/p>\n<p><span style=\"color: #800000\"><strong>Promoci\u00f3n 2012\/15<\/strong><\/span><\/p>\n<h6>Finalizaci\u00f3n ciclo en curso 2014\/15 siendo tutores D. Juan Manuel Mart\u00ednez Ol\u00edas y D\u00f1a. Silvia JIm\u00e9nez Ram\u00edrez<\/h6>\n<p><a href=\"http:\/\/blogsaverroes.juntadeandalucia.es\/eielcastillo\/files\/2017\/01\/orla_5A_2015.jpg\"><img loading=\"lazy\" decoding=\"async\" class=\"alignnone size-medium wp-image-2601\" src=\"http:\/\/blogsaverroes.juntadeandalucia.es\/eielcastillo\/files\/2017\/01\/orla_5A_2015-300x218.jpg\" alt=\"orla_5A_2015\" width=\"300\" height=\"218\" srcset=\"https:\/\/blogsaverroes.juntadeandalucia.es\/eielcastillo\/files\/2017\/01\/orla_5A_2015-300x218.jpg 300w, https:\/\/blogsaverroes.juntadeandalucia.es\/eielcastillo\/files\/2017\/01\/orla_5A_2015-1024x745.jpg 1024w, https:\/\/blogsaverroes.juntadeandalucia.es\/eielcastillo\/files\/2017\/01\/orla_5A_2015-24x17.jpg 24w, https:\/\/blogsaverroes.juntadeandalucia.es\/eielcastillo\/files\/2017\/01\/orla_5A_2015-36x26.jpg 36w, https:\/\/blogsaverroes.juntadeandalucia.es\/eielcastillo\/files\/2017\/01\/orla_5A_2015-48x35.jpg 48w, https:\/\/blogsaverroes.juntadeandalucia.es\/eielcastillo\/files\/2017\/01\/orla_5A_2015.jpg 1600w\" sizes=\"(max-width: 300px) 100vw, 300px\" \/><\/a> &nbsp; <a href=\"http:\/\/blogsaverroes.juntadeandalucia.es\/eielcastillo\/files\/2017\/01\/orla_5B_2015.jpg\"><img loading=\"lazy\" decoding=\"async\" class=\"alignnone size-medium wp-image-2602\" src=\"http:\/\/blogsaverroes.juntadeandalucia.es\/eielcastillo\/files\/2017\/01\/orla_5B_2015-300x218.jpg\" alt=\"orla_5B_2015\" width=\"300\" height=\"218\" srcset=\"https:\/\/blogsaverroes.juntadeandalucia.es\/eielcastillo\/files\/2017\/01\/orla_5B_2015-300x218.jpg 300w, https:\/\/blogsaverroes.juntadeandalucia.es\/eielcastillo\/files\/2017\/01\/orla_5B_2015-1024x745.jpg 1024w, https:\/\/blogsaverroes.juntadeandalucia.es\/eielcastillo\/files\/2017\/01\/orla_5B_2015-24x17.jpg 24w, https:\/\/blogsaverroes.juntadeandalucia.es\/eielcastillo\/files\/2017\/01\/orla_5B_2015-36x26.jpg 36w, https:\/\/blogsaverroes.juntadeandalucia.es\/eielcastillo\/files\/2017\/01\/orla_5B_2015-48x35.jpg 48w, https:\/\/blogsaverroes.juntadeandalucia.es\/eielcastillo\/files\/2017\/01\/orla_5B_2015.jpg 1600w\" sizes=\"(max-width: 300px) 100vw, 300px\" \/><\/a><\/p>\n<hr>\n<p>&nbsp;<\/p>\n<p><span style=\"color: #800000\"><strong>Promoci\u00f3n 2011\/2014<\/strong><\/span><\/p>\n<h6>Finalizaci\u00f3n ciclo en curso 2013\/14 siendo tutores D\u00f1a. Mar\u00eda Ram\u00edrez Cuadrado y D\u00f1a. Mar\u00eda Jos\u00e9 Jim\u00e9nez Cobo<\/h6>\n<p><a href=\"http:\/\/blogsaverroes.juntadeandalucia.es\/eielcastillo\/files\/2016\/12\/orla_5A_2014.jpg\"><img loading=\"lazy\" decoding=\"async\" class=\"alignnone size-medium wp-image-2574\" src=\"http:\/\/blogsaverroes.juntadeandalucia.es\/eielcastillo\/files\/2016\/12\/orla_5A_2014-300x218.jpg\" alt=\"orla_5A_2014\" width=\"300\" height=\"218\" srcset=\"https:\/\/blogsaverroes.juntadeandalucia.es\/eielcastillo\/files\/2016\/12\/orla_5A_2014-300x218.jpg 300w, https:\/\/blogsaverroes.juntadeandalucia.es\/eielcastillo\/files\/2016\/12\/orla_5A_2014-1024x744.jpg 1024w, https:\/\/blogsaverroes.juntadeandalucia.es\/eielcastillo\/files\/2016\/12\/orla_5A_2014-24x17.jpg 24w, https:\/\/blogsaverroes.juntadeandalucia.es\/eielcastillo\/files\/2016\/12\/orla_5A_2014-36x26.jpg 36w, https:\/\/blogsaverroes.juntadeandalucia.es\/eielcastillo\/files\/2016\/12\/orla_5A_2014-48x35.jpg 48w, https:\/\/blogsaverroes.juntadeandalucia.es\/eielcastillo\/files\/2016\/12\/orla_5A_2014.jpg 1600w\" sizes=\"(max-width: 300px) 100vw, 300px\" \/><\/a>&nbsp; <a href=\"http:\/\/blogsaverroes.juntadeandalucia.es\/eielcastillo\/files\/2016\/12\/orla_5B_2014.jpg\"><img loading=\"lazy\" decoding=\"async\" class=\"alignnone size-medium wp-image-2589\" src=\"http:\/\/blogsaverroes.juntadeandalucia.es\/eielcastillo\/files\/2016\/12\/orla_5B_2014-300x218.jpg\" alt=\"orla_5B_2014\" width=\"300\" height=\"218\" srcset=\"https:\/\/blogsaverroes.juntadeandalucia.es\/eielcastillo\/files\/2016\/12\/orla_5B_2014-300x218.jpg 300w, https:\/\/blogsaverroes.juntadeandalucia.es\/eielcastillo\/files\/2016\/12\/orla_5B_2014-1024x745.jpg 1024w, https:\/\/blogsaverroes.juntadeandalucia.es\/eielcastillo\/files\/2016\/12\/orla_5B_2014-24x17.jpg 24w, https:\/\/blogsaverroes.juntadeandalucia.es\/eielcastillo\/files\/2016\/12\/orla_5B_2014-36x26.jpg 36w, https:\/\/blogsaverroes.juntadeandalucia.es\/eielcastillo\/files\/2016\/12\/orla_5B_2014-48x35.jpg 48w, https:\/\/blogsaverroes.juntadeandalucia.es\/eielcastillo\/files\/2016\/12\/orla_5B_2014.jpg 1600w\" sizes=\"(max-width: 300px) 100vw, 300px\" \/><\/a><\/p>\n<hr>\n<p>&nbsp;<\/p>\n<p><strong><span style=\"color: #800000\">Promoci\u00f3n 2010\/2013<\/span><\/strong><\/p>\n<h6>Finalizaci\u00f3n ciclo en curso 2012\/13 siendo tutores D. Pedro Rizos Fern\u00e1ndez y D\u00f1a.Magdalena Gea L\u00f3pez<\/h6>\n<p><a href=\"http:\/\/blogsaverroes.juntadeandalucia.es\/eielcastillo\/files\/2016\/12\/orla_5A_2013.jpg\"><img loading=\"lazy\" decoding=\"async\" class=\"alignnone size-medium wp-image-2573\" src=\"http:\/\/blogsaverroes.juntadeandalucia.es\/eielcastillo\/files\/2016\/12\/orla_5A_2013-300x239.jpg\" alt=\"orla_5A_2013\" width=\"300\" height=\"239\" srcset=\"https:\/\/blogsaverroes.juntadeandalucia.es\/eielcastillo\/files\/2016\/12\/orla_5A_2013-300x239.jpg 300w, https:\/\/blogsaverroes.juntadeandalucia.es\/eielcastillo\/files\/2016\/12\/orla_5A_2013-1024x814.jpg 1024w, https:\/\/blogsaverroes.juntadeandalucia.es\/eielcastillo\/files\/2016\/12\/orla_5A_2013-24x19.jpg 24w, https:\/\/blogsaverroes.juntadeandalucia.es\/eielcastillo\/files\/2016\/12\/orla_5A_2013-36x29.jpg 36w, https:\/\/blogsaverroes.juntadeandalucia.es\/eielcastillo\/files\/2016\/12\/orla_5A_2013-48x38.jpg 48w, https:\/\/blogsaverroes.juntadeandalucia.es\/eielcastillo\/files\/2016\/12\/orla_5A_2013.jpg 1600w\" sizes=\"(max-width: 300px) 100vw, 300px\" \/><\/a>&nbsp; <a href=\"http:\/\/blogsaverroes.juntadeandalucia.es\/eielcastillo\/files\/2016\/12\/orla_5B_2013.jpg\"><img loading=\"lazy\" decoding=\"async\" class=\"alignnone size-medium wp-image-2588\" src=\"http:\/\/blogsaverroes.juntadeandalucia.es\/eielcastillo\/files\/2016\/12\/orla_5B_2013-300x239.jpg\" alt=\"orla_5B_2013\" width=\"300\" height=\"239\" srcset=\"https:\/\/blogsaverroes.juntadeandalucia.es\/eielcastillo\/files\/2016\/12\/orla_5B_2013-300x239.jpg 300w, https:\/\/blogsaverroes.juntadeandalucia.es\/eielcastillo\/files\/2016\/12\/orla_5B_2013-1024x815.jpg 1024w, https:\/\/blogsaverroes.juntadeandalucia.es\/eielcastillo\/files\/2016\/12\/orla_5B_2013-24x19.jpg 24w, https:\/\/blogsaverroes.juntadeandalucia.es\/eielcastillo\/files\/2016\/12\/orla_5B_2013-36x29.jpg 36w, https:\/\/blogsaverroes.juntadeandalucia.es\/eielcastillo\/files\/2016\/12\/orla_5B_2013-48x38.jpg 48w, https:\/\/blogsaverroes.juntadeandalucia.es\/eielcastillo\/files\/2016\/12\/orla_5B_2013.jpg 1600w\" sizes=\"(max-width: 300px) 100vw, 300px\" \/><\/a><\/p>\n<hr>\n<p>&nbsp;<\/p>\n<p><span style=\"color: #800000\"><strong>Promoci\u00f3n 2009\/2012<\/strong><\/span><\/p>\n<h6>Finalizaci\u00f3n ciclo en curso 2011\/12 siendo tutores D. Juan Manuel Mart\u00ednez Ol\u00edas y D\u00f1a. Silvia JIm\u00e9nez Ram\u00edrez<\/h6>\n<p><a href=\"http:\/\/blogsaverroes.juntadeandalucia.es\/eielcastillo\/files\/2016\/12\/orla_5A_2012.jpg\"><img loading=\"lazy\" decoding=\"async\" class=\"alignnone size-medium wp-image-2572\" src=\"http:\/\/blogsaverroes.juntadeandalucia.es\/eielcastillo\/files\/2016\/12\/orla_5A_2012-300x210.jpg\" alt=\"orla_5A_2012\" width=\"300\" height=\"210\" srcset=\"https:\/\/blogsaverroes.juntadeandalucia.es\/eielcastillo\/files\/2016\/12\/orla_5A_2012-300x210.jpg 300w, https:\/\/blogsaverroes.juntadeandalucia.es\/eielcastillo\/files\/2016\/12\/orla_5A_2012.jpg 1024w, https:\/\/blogsaverroes.juntadeandalucia.es\/eielcastillo\/files\/2016\/12\/orla_5A_2012-24x17.jpg 24w, https:\/\/blogsaverroes.juntadeandalucia.es\/eielcastillo\/files\/2016\/12\/orla_5A_2012-36x25.jpg 36w, https:\/\/blogsaverroes.juntadeandalucia.es\/eielcastillo\/files\/2016\/12\/orla_5A_2012-48x34.jpg 48w\" sizes=\"(max-width: 300px) 100vw, 300px\" \/><\/a>&nbsp; <a href=\"http:\/\/blogsaverroes.juntadeandalucia.es\/eielcastillo\/files\/2016\/12\/orla_5B_2012.jpg\"><img loading=\"lazy\" decoding=\"async\" class=\"alignnone size-medium wp-image-2587\" src=\"http:\/\/blogsaverroes.juntadeandalucia.es\/eielcastillo\/files\/2016\/12\/orla_5B_2012-300x210.jpg\" alt=\"orla_5B_2012\" width=\"300\" height=\"210\" srcset=\"https:\/\/blogsaverroes.juntadeandalucia.es\/eielcastillo\/files\/2016\/12\/orla_5B_2012-300x210.jpg 300w, https:\/\/blogsaverroes.juntadeandalucia.es\/eielcastillo\/files\/2016\/12\/orla_5B_2012.jpg 1024w, https:\/\/blogsaverroes.juntadeandalucia.es\/eielcastillo\/files\/2016\/12\/orla_5B_2012-24x17.jpg 24w, https:\/\/blogsaverroes.juntadeandalucia.es\/eielcastillo\/files\/2016\/12\/orla_5B_2012-36x25.jpg 36w, https:\/\/blogsaverroes.juntadeandalucia.es\/eielcastillo\/files\/2016\/12\/orla_5B_2012-48x34.jpg 48w\" sizes=\"(max-width: 300px) 100vw, 300px\" \/><\/a><\/p>\n<hr>\n<p>&nbsp;<\/p>\n<p><span style=\"color: #800000\"><strong>Promoci\u00f3n 2008\/2011<\/strong><\/span><\/p>\n<h6>Finalizaci\u00f3n ciclo en curso 2010\/11 siendo tutores D\u00f1a. Ana Mar\u00eda Bech Ruiz y D\u00f1a. Mar\u00eda Jim\u00e9nez Garc\u00eda<\/h6>\n<p><a href=\"http:\/\/blogsaverroes.juntadeandalucia.es\/eielcastillo\/files\/2016\/12\/orla_5A_2011.jpg\"><img loading=\"lazy\" decoding=\"async\" class=\"alignnone size-medium wp-image-2571\" src=\"http:\/\/blogsaverroes.juntadeandalucia.es\/eielcastillo\/files\/2016\/12\/orla_5A_2011-300x218.jpg\" alt=\"orla_5A_2011\" width=\"300\" height=\"218\" srcset=\"https:\/\/blogsaverroes.juntadeandalucia.es\/eielcastillo\/files\/2016\/12\/orla_5A_2011-300x218.jpg 300w, https:\/\/blogsaverroes.juntadeandalucia.es\/eielcastillo\/files\/2016\/12\/orla_5A_2011.jpg 1024w, https:\/\/blogsaverroes.juntadeandalucia.es\/eielcastillo\/files\/2016\/12\/orla_5A_2011-24x17.jpg 24w, https:\/\/blogsaverroes.juntadeandalucia.es\/eielcastillo\/files\/2016\/12\/orla_5A_2011-36x26.jpg 36w, https:\/\/blogsaverroes.juntadeandalucia.es\/eielcastillo\/files\/2016\/12\/orla_5A_2011-48x35.jpg 48w\" sizes=\"(max-width: 300px) 100vw, 300px\" \/><\/a> <a href=\"http:\/\/blogsaverroes.juntadeandalucia.es\/eielcastillo\/files\/2016\/12\/orla_5B_2011.jpg\"><img loading=\"lazy\" decoding=\"async\" class=\"alignnone size-medium wp-image-2586\" src=\"http:\/\/blogsaverroes.juntadeandalucia.es\/eielcastillo\/files\/2016\/12\/orla_5B_2011-300x218.jpg\" alt=\"orla_5B_2011\" width=\"300\" height=\"218\" srcset=\"https:\/\/blogsaverroes.juntadeandalucia.es\/eielcastillo\/files\/2016\/12\/orla_5B_2011-300x218.jpg 300w, https:\/\/blogsaverroes.juntadeandalucia.es\/eielcastillo\/files\/2016\/12\/orla_5B_2011.jpg 1024w, https:\/\/blogsaverroes.juntadeandalucia.es\/eielcastillo\/files\/2016\/12\/orla_5B_2011-24x17.jpg 24w, https:\/\/blogsaverroes.juntadeandalucia.es\/eielcastillo\/files\/2016\/12\/orla_5B_2011-36x26.jpg 36w, https:\/\/blogsaverroes.juntadeandalucia.es\/eielcastillo\/files\/2016\/12\/orla_5B_2011-48x35.jpg 48w\" sizes=\"(max-width: 300px) 100vw, 300px\" \/><\/a><\/p>\n<hr>\n<p>&nbsp;<\/p>\n<p><span style=\"color: #800000\"><strong>Promoci\u00f3n 2007\/2010<\/strong><\/span><\/p>\n<h6>Finalizaci\u00f3n ciclo en curso 2009\/10 siendo tutores D. Pedro Rizos Fern\u00e1ndez&nbsp; y D\u00f1a. Mar\u00eda del Carmen G\u00f3mez Fuentes<\/h6>\n<p><a href=\"http:\/\/blogsaverroes.juntadeandalucia.es\/eielcastillo\/files\/2016\/12\/orla_5A_2010.jpg\"><img loading=\"lazy\" decoding=\"async\" class=\"alignnone size-medium wp-image-2570\" src=\"http:\/\/blogsaverroes.juntadeandalucia.es\/eielcastillo\/files\/2016\/12\/orla_5A_2010-300x218.jpg\" alt=\"orla_5A_2010\" width=\"300\" height=\"218\" srcset=\"https:\/\/blogsaverroes.juntadeandalucia.es\/eielcastillo\/files\/2016\/12\/orla_5A_2010-300x218.jpg 300w, https:\/\/blogsaverroes.juntadeandalucia.es\/eielcastillo\/files\/2016\/12\/orla_5A_2010.jpg 1024w, https:\/\/blogsaverroes.juntadeandalucia.es\/eielcastillo\/files\/2016\/12\/orla_5A_2010-24x17.jpg 24w, https:\/\/blogsaverroes.juntadeandalucia.es\/eielcastillo\/files\/2016\/12\/orla_5A_2010-36x26.jpg 36w, https:\/\/blogsaverroes.juntadeandalucia.es\/eielcastillo\/files\/2016\/12\/orla_5A_2010-48x35.jpg 48w\" sizes=\"(max-width: 300px) 100vw, 300px\" \/><\/a>&nbsp; <a href=\"http:\/\/blogsaverroes.juntadeandalucia.es\/eielcastillo\/files\/2016\/12\/orla_5B_2010.jpg\"><img loading=\"lazy\" decoding=\"async\" class=\"alignnone size-medium wp-image-2585\" src=\"http:\/\/blogsaverroes.juntadeandalucia.es\/eielcastillo\/files\/2016\/12\/orla_5B_2010-300x218.jpg\" alt=\"orla_5B_2010\" width=\"300\" height=\"218\" srcset=\"https:\/\/blogsaverroes.juntadeandalucia.es\/eielcastillo\/files\/2016\/12\/orla_5B_2010-300x218.jpg 300w, https:\/\/blogsaverroes.juntadeandalucia.es\/eielcastillo\/files\/2016\/12\/orla_5B_2010.jpg 1024w, https:\/\/blogsaverroes.juntadeandalucia.es\/eielcastillo\/files\/2016\/12\/orla_5B_2010-24x17.jpg 24w, https:\/\/blogsaverroes.juntadeandalucia.es\/eielcastillo\/files\/2016\/12\/orla_5B_2010-36x26.jpg 36w, https:\/\/blogsaverroes.juntadeandalucia.es\/eielcastillo\/files\/2016\/12\/orla_5B_2010-48x35.jpg 48w\" sizes=\"(max-width: 300px) 100vw, 300px\" \/><\/a><\/p>\n<hr>\n<p>&nbsp;<\/p>\n<p><span style=\"color: #800000\"><strong>Promoci\u00f3n 2006\/2009<\/strong><\/span><\/p>\n<h6>Finalizaci\u00f3n ciclo en curso 2008\/09 siendo tutores D. Juan Manuel Mart\u00ednez Ol\u00edas&nbsp; y D\u00f1a. Mar\u00eda del Carmen G\u00f3mez Fuentes<\/h6>\n<p><a href=\"http:\/\/blogsaverroes.juntadeandalucia.es\/eielcastillo\/files\/2016\/12\/orla_5A_2009.jpg\"><img loading=\"lazy\" decoding=\"async\" class=\"alignnone size-medium wp-image-2569\" src=\"http:\/\/blogsaverroes.juntadeandalucia.es\/eielcastillo\/files\/2016\/12\/orla_5A_2009-300x218.jpg\" alt=\"orla_5A_2009\" width=\"300\" height=\"218\" srcset=\"https:\/\/blogsaverroes.juntadeandalucia.es\/eielcastillo\/files\/2016\/12\/orla_5A_2009-300x218.jpg 300w, https:\/\/blogsaverroes.juntadeandalucia.es\/eielcastillo\/files\/2016\/12\/orla_5A_2009-24x17.jpg 24w, https:\/\/blogsaverroes.juntadeandalucia.es\/eielcastillo\/files\/2016\/12\/orla_5A_2009-36x26.jpg 36w, https:\/\/blogsaverroes.juntadeandalucia.es\/eielcastillo\/files\/2016\/12\/orla_5A_2009-48x35.jpg 48w, https:\/\/blogsaverroes.juntadeandalucia.es\/eielcastillo\/files\/2016\/12\/orla_5A_2009.jpg 876w\" sizes=\"(max-width: 300px) 100vw, 300px\" \/><\/a>&nbsp; <a href=\"http:\/\/blogsaverroes.juntadeandalucia.es\/eielcastillo\/files\/2016\/12\/orla_5B_2009.jpg\"><img loading=\"lazy\" decoding=\"async\" class=\"alignnone wp-image-2584\" src=\"http:\/\/blogsaverroes.juntadeandalucia.es\/eielcastillo\/files\/2016\/12\/orla_5B_2009-300x225.jpg\" alt=\"orla_5B_2009\" width=\"291\" height=\"218\" srcset=\"https:\/\/blogsaverroes.juntadeandalucia.es\/eielcastillo\/files\/2016\/12\/orla_5B_2009-300x225.jpg 300w, https:\/\/blogsaverroes.juntadeandalucia.es\/eielcastillo\/files\/2016\/12\/orla_5B_2009-24x18.jpg 24w, https:\/\/blogsaverroes.juntadeandalucia.es\/eielcastillo\/files\/2016\/12\/orla_5B_2009-36x27.jpg 36w, https:\/\/blogsaverroes.juntadeandalucia.es\/eielcastillo\/files\/2016\/12\/orla_5B_2009-48x36.jpg 48w, https:\/\/blogsaverroes.juntadeandalucia.es\/eielcastillo\/files\/2016\/12\/orla_5B_2009.jpg 820w\" sizes=\"(max-width: 291px) 100vw, 291px\" \/><\/a><\/p>\n<hr>\n<p>&nbsp;<\/p>\n<p><span style=\"color: #800000\"><strong>Promoci\u00f3n 2005\/2008<\/strong><\/span><\/p>\n<h6>Finalizaci\u00f3n ciclo en curso 2007\/08 siendo tutores D\u00f1a. Josefa Castillo Fern\u00e1ndez y D\u00f1a. Ana Mar\u00eda Bech Ruiz<\/h6>\n<p><a href=\"http:\/\/blogsaverroes.juntadeandalucia.es\/eielcastillo\/files\/2016\/12\/orla_5A_2008.jpg\"><img loading=\"lazy\" decoding=\"async\" class=\"alignnone size-medium wp-image-2568\" src=\"http:\/\/blogsaverroes.juntadeandalucia.es\/eielcastillo\/files\/2016\/12\/orla_5A_2008-300x216.jpg\" alt=\"orla_5A_2008\" width=\"300\" height=\"216\" srcset=\"https:\/\/blogsaverroes.juntadeandalucia.es\/eielcastillo\/files\/2016\/12\/orla_5A_2008-300x216.jpg 300w, https:\/\/blogsaverroes.juntadeandalucia.es\/eielcastillo\/files\/2016\/12\/orla_5A_2008-24x17.jpg 24w, https:\/\/blogsaverroes.juntadeandalucia.es\/eielcastillo\/files\/2016\/12\/orla_5A_2008-36x26.jpg 36w, https:\/\/blogsaverroes.juntadeandalucia.es\/eielcastillo\/files\/2016\/12\/orla_5A_2008-48x35.jpg 48w, https:\/\/blogsaverroes.juntadeandalucia.es\/eielcastillo\/files\/2016\/12\/orla_5A_2008.jpg 860w\" sizes=\"(max-width: 300px) 100vw, 300px\" \/><\/a>&nbsp; <a href=\"http:\/\/blogsaverroes.juntadeandalucia.es\/eielcastillo\/files\/2016\/12\/orla_5B_2008.jpg\"><img loading=\"lazy\" decoding=\"async\" class=\"alignnone size-medium wp-image-2583\" src=\"http:\/\/blogsaverroes.juntadeandalucia.es\/eielcastillo\/files\/2016\/12\/orla_5B_2008-300x216.jpg\" alt=\"orla_5B_2008\" width=\"300\" height=\"216\" srcset=\"https:\/\/blogsaverroes.juntadeandalucia.es\/eielcastillo\/files\/2016\/12\/orla_5B_2008-300x216.jpg 300w, https:\/\/blogsaverroes.juntadeandalucia.es\/eielcastillo\/files\/2016\/12\/orla_5B_2008-24x17.jpg 24w, https:\/\/blogsaverroes.juntadeandalucia.es\/eielcastillo\/files\/2016\/12\/orla_5B_2008-36x26.jpg 36w, https:\/\/blogsaverroes.juntadeandalucia.es\/eielcastillo\/files\/2016\/12\/orla_5B_2008-48x35.jpg 48w, https:\/\/blogsaverroes.juntadeandalucia.es\/eielcastillo\/files\/2016\/12\/orla_5B_2008.jpg 860w\" sizes=\"(max-width: 300px) 100vw, 300px\" \/><\/a><\/p>\n<hr>\n<p>&nbsp;<\/p>\n<p><span style=\"color: #800000\"><strong>Promoci\u00f3n 2004\/2007<\/strong><\/span><\/p>\n<h6>Finalizaci\u00f3n ciclo en curso 2006\/07 siendo tutores D. Pedro Rizos Fern\u00e1ndez y&nbsp; D\u00f1a. Josefa Castillo Fern\u00e1ndez<\/h6>\n<p><a href=\"http:\/\/blogsaverroes.juntadeandalucia.es\/eielcastillo\/files\/2016\/12\/orla_5A_2007.jpg\"><img loading=\"lazy\" decoding=\"async\" class=\"alignnone size-medium wp-image-2567\" src=\"http:\/\/blogsaverroes.juntadeandalucia.es\/eielcastillo\/files\/2016\/12\/orla_5A_2007-300x217.jpg\" alt=\"orla_5A_2007\" width=\"300\" height=\"217\" srcset=\"https:\/\/blogsaverroes.juntadeandalucia.es\/eielcastillo\/files\/2016\/12\/orla_5A_2007-300x217.jpg 300w, https:\/\/blogsaverroes.juntadeandalucia.es\/eielcastillo\/files\/2016\/12\/orla_5A_2007.jpg 1024w, https:\/\/blogsaverroes.juntadeandalucia.es\/eielcastillo\/files\/2016\/12\/orla_5A_2007-24x17.jpg 24w, https:\/\/blogsaverroes.juntadeandalucia.es\/eielcastillo\/files\/2016\/12\/orla_5A_2007-36x26.jpg 36w, https:\/\/blogsaverroes.juntadeandalucia.es\/eielcastillo\/files\/2016\/12\/orla_5A_2007-48x35.jpg 48w\" sizes=\"(max-width: 300px) 100vw, 300px\" \/><\/a>&nbsp; <a href=\"http:\/\/blogsaverroes.juntadeandalucia.es\/eielcastillo\/files\/2016\/12\/orla_5B_2007.jpg\"><img loading=\"lazy\" decoding=\"async\" class=\"alignnone size-medium wp-image-2582\" src=\"http:\/\/blogsaverroes.juntadeandalucia.es\/eielcastillo\/files\/2016\/12\/orla_5B_2007-300x217.jpg\" alt=\"orla_5B_2007\" width=\"300\" height=\"217\" srcset=\"https:\/\/blogsaverroes.juntadeandalucia.es\/eielcastillo\/files\/2016\/12\/orla_5B_2007-300x217.jpg 300w, https:\/\/blogsaverroes.juntadeandalucia.es\/eielcastillo\/files\/2016\/12\/orla_5B_2007.jpg 1024w, https:\/\/blogsaverroes.juntadeandalucia.es\/eielcastillo\/files\/2016\/12\/orla_5B_2007-24x17.jpg 24w, https:\/\/blogsaverroes.juntadeandalucia.es\/eielcastillo\/files\/2016\/12\/orla_5B_2007-36x26.jpg 36w, https:\/\/blogsaverroes.juntadeandalucia.es\/eielcastillo\/files\/2016\/12\/orla_5B_2007-48x35.jpg 48w\" sizes=\"(max-width: 300px) 100vw, 300px\" \/><\/a><\/p>\n<hr>\n<p>&nbsp;<\/p>\n<p><span style=\"color: #800000\"><strong>Promoci\u00f3n 2003\/2006<\/strong><\/span><\/p>\n<h6>Finalizaci\u00f3n ciclo en curso 2005\/06 siendo tutores D. Juan Manuel Mart\u00ednez Ol\u00edas y D\u00f1a. Inmaculda Campillo Mart\u00ednez<\/h6>\n<p><a href=\"http:\/\/blogsaverroes.juntadeandalucia.es\/eielcastillo\/files\/2016\/12\/orla_5A_2006.jpg\"><img loading=\"lazy\" decoding=\"async\" class=\"alignnone size-medium wp-image-2566\" src=\"http:\/\/blogsaverroes.juntadeandalucia.es\/eielcastillo\/files\/2016\/12\/orla_5A_2006-300x218.jpg\" alt=\"orla_5A_2006\" width=\"300\" height=\"218\" srcset=\"https:\/\/blogsaverroes.juntadeandalucia.es\/eielcastillo\/files\/2016\/12\/orla_5A_2006-300x218.jpg 300w, https:\/\/blogsaverroes.juntadeandalucia.es\/eielcastillo\/files\/2016\/12\/orla_5A_2006.jpg 1024w, https:\/\/blogsaverroes.juntadeandalucia.es\/eielcastillo\/files\/2016\/12\/orla_5A_2006-24x17.jpg 24w, https:\/\/blogsaverroes.juntadeandalucia.es\/eielcastillo\/files\/2016\/12\/orla_5A_2006-36x26.jpg 36w, https:\/\/blogsaverroes.juntadeandalucia.es\/eielcastillo\/files\/2016\/12\/orla_5A_2006-48x35.jpg 48w\" sizes=\"(max-width: 300px) 100vw, 300px\" \/><\/a>&nbsp; <a href=\"http:\/\/blogsaverroes.juntadeandalucia.es\/eielcastillo\/files\/2016\/12\/orla_5B_2006.jpg\"><img loading=\"lazy\" decoding=\"async\" class=\"alignnone size-medium wp-image-2581\" src=\"http:\/\/blogsaverroes.juntadeandalucia.es\/eielcastillo\/files\/2016\/12\/orla_5B_2006-300x218.jpg\" alt=\"orla_5B_2006\" width=\"300\" height=\"218\" srcset=\"https:\/\/blogsaverroes.juntadeandalucia.es\/eielcastillo\/files\/2016\/12\/orla_5B_2006-300x218.jpg 300w, https:\/\/blogsaverroes.juntadeandalucia.es\/eielcastillo\/files\/2016\/12\/orla_5B_2006.jpg 1024w, https:\/\/blogsaverroes.juntadeandalucia.es\/eielcastillo\/files\/2016\/12\/orla_5B_2006-24x17.jpg 24w, https:\/\/blogsaverroes.juntadeandalucia.es\/eielcastillo\/files\/2016\/12\/orla_5B_2006-36x26.jpg 36w, https:\/\/blogsaverroes.juntadeandalucia.es\/eielcastillo\/files\/2016\/12\/orla_5B_2006-48x35.jpg 48w\" sizes=\"(max-width: 300px) 100vw, 300px\" \/><\/a><\/p>\n<hr>\n<p>&nbsp;<\/p>\n<p><span style=\"color: #800000\"><strong>Promoci\u00f3n 2002\/2005<\/strong><\/span><\/p>\n<h6>Finalizaci\u00f3n ciclo en curso 2004\/05 siendo tutores D\u00f1a. Silvia Jim\u00e9nez Ram\u00edrez y D. Blas Bergillos Berrio<\/h6>\n<p><a href=\"http:\/\/blogsaverroes.juntadeandalucia.es\/eielcastillo\/files\/2016\/12\/orla_5A_2005.jpg\"><img loading=\"lazy\" decoding=\"async\" class=\"alignnone size-medium wp-image-2565\" src=\"http:\/\/blogsaverroes.juntadeandalucia.es\/eielcastillo\/files\/2016\/12\/orla_5A_2005-300x216.jpg\" alt=\"orla_5A_2005\" width=\"300\" height=\"216\" srcset=\"https:\/\/blogsaverroes.juntadeandalucia.es\/eielcastillo\/files\/2016\/12\/orla_5A_2005-300x216.jpg 300w, https:\/\/blogsaverroes.juntadeandalucia.es\/eielcastillo\/files\/2016\/12\/orla_5A_2005.jpg 1024w, https:\/\/blogsaverroes.juntadeandalucia.es\/eielcastillo\/files\/2016\/12\/orla_5A_2005-24x17.jpg 24w, https:\/\/blogsaverroes.juntadeandalucia.es\/eielcastillo\/files\/2016\/12\/orla_5A_2005-36x26.jpg 36w, https:\/\/blogsaverroes.juntadeandalucia.es\/eielcastillo\/files\/2016\/12\/orla_5A_2005-48x35.jpg 48w\" sizes=\"(max-width: 300px) 100vw, 300px\" \/><\/a>&nbsp; <a href=\"http:\/\/blogsaverroes.juntadeandalucia.es\/eielcastillo\/files\/2016\/12\/orla_5B_2005.jpg\"><img loading=\"lazy\" decoding=\"async\" class=\"alignnone size-medium wp-image-2579\" src=\"http:\/\/blogsaverroes.juntadeandalucia.es\/eielcastillo\/files\/2016\/12\/orla_5B_2005-300x218.jpg\" alt=\"orla_5B_2005\" width=\"300\" height=\"218\" srcset=\"https:\/\/blogsaverroes.juntadeandalucia.es\/eielcastillo\/files\/2016\/12\/orla_5B_2005-300x218.jpg 300w, https:\/\/blogsaverroes.juntadeandalucia.es\/eielcastillo\/files\/2016\/12\/orla_5B_2005.jpg 1024w, https:\/\/blogsaverroes.juntadeandalucia.es\/eielcastillo\/files\/2016\/12\/orla_5B_2005-24x17.jpg 24w, https:\/\/blogsaverroes.juntadeandalucia.es\/eielcastillo\/files\/2016\/12\/orla_5B_2005-36x26.jpg 36w, https:\/\/blogsaverroes.juntadeandalucia.es\/eielcastillo\/files\/2016\/12\/orla_5B_2005-48x35.jpg 48w\" sizes=\"(max-width: 300px) 100vw, 300px\" \/><\/a><\/p>\n<hr>\n<p>&nbsp;<\/p>\n<p><span style=\"color: #800000\"><strong>Promoci\u00f3n 2001\/2004<\/strong><\/span><\/p>\n<h6>Finalizaci\u00f3n ciclo en curso 2003\/04 siendo tutores D\u00f1a. Magdalena Gea L\u00f3pez y D\u00f1a. Mar\u00eda Jes\u00fas Ortega Molina<\/h6>\n<p><a href=\"http:\/\/blogsaverroes.juntadeandalucia.es\/eielcastillo\/files\/2016\/12\/orla_5A_2004.jpg\"><img loading=\"lazy\" decoding=\"async\" class=\"alignnone size-medium wp-image-2564\" src=\"http:\/\/blogsaverroes.juntadeandalucia.es\/eielcastillo\/files\/2016\/12\/orla_5A_2004-300x220.jpg\" alt=\"orla_5A_2004\" width=\"300\" height=\"220\" srcset=\"https:\/\/blogsaverroes.juntadeandalucia.es\/eielcastillo\/files\/2016\/12\/orla_5A_2004-300x220.jpg 300w, https:\/\/blogsaverroes.juntadeandalucia.es\/eielcastillo\/files\/2016\/12\/orla_5A_2004.jpg 1024w, https:\/\/blogsaverroes.juntadeandalucia.es\/eielcastillo\/files\/2016\/12\/orla_5A_2004-24x18.jpg 24w, https:\/\/blogsaverroes.juntadeandalucia.es\/eielcastillo\/files\/2016\/12\/orla_5A_2004-36x26.jpg 36w, https:\/\/blogsaverroes.juntadeandalucia.es\/eielcastillo\/files\/2016\/12\/orla_5A_2004-48x35.jpg 48w\" sizes=\"(max-width: 300px) 100vw, 300px\" \/><\/a>&nbsp; <a href=\"http:\/\/blogsaverroes.juntadeandalucia.es\/eielcastillo\/files\/2016\/12\/orla_5B_2004.jpg\"><img loading=\"lazy\" decoding=\"async\" class=\"alignnone size-medium wp-image-2577\" src=\"http:\/\/blogsaverroes.juntadeandalucia.es\/eielcastillo\/files\/2016\/12\/orla_5B_2004-300x221.jpg\" alt=\"orla_5B_2004\" width=\"300\" height=\"221\" srcset=\"https:\/\/blogsaverroes.juntadeandalucia.es\/eielcastillo\/files\/2016\/12\/orla_5B_2004-300x221.jpg 300w, https:\/\/blogsaverroes.juntadeandalucia.es\/eielcastillo\/files\/2016\/12\/orla_5B_2004.jpg 1024w, https:\/\/blogsaverroes.juntadeandalucia.es\/eielcastillo\/files\/2016\/12\/orla_5B_2004-24x18.jpg 24w, https:\/\/blogsaverroes.juntadeandalucia.es\/eielcastillo\/files\/2016\/12\/orla_5B_2004-36x27.jpg 36w, https:\/\/blogsaverroes.juntadeandalucia.es\/eielcastillo\/files\/2016\/12\/orla_5B_2004-48x35.jpg 48w\" sizes=\"(max-width: 300px) 100vw, 300px\" \/><\/a><\/p>\n<hr>\n<p>&nbsp;<\/p>\n<p><span style=\"color: #800000\"><strong>Promoci\u00f3n 2000\/2003<\/strong><\/span><\/p>\n<h6>Finalizaci\u00f3n ciclo en curso 2002\/03 siendo tutores D\u00f1a. Mar\u00eda Jos\u00e9 Molina Linares y D\u00f1a. Mar\u00eda del Mar Mart\u00ednez Castro<\/h6>\n<p><a href=\"http:\/\/blogsaverroes.juntadeandalucia.es\/eielcastillo\/files\/2016\/12\/orla_5A_2003.jpg\"><img loading=\"lazy\" decoding=\"async\" class=\"alignnone size-medium wp-image-2563\" src=\"http:\/\/blogsaverroes.juntadeandalucia.es\/eielcastillo\/files\/2016\/12\/orla_5A_2003-300x221.jpg\" alt=\"orla_5A_2003\" width=\"300\" height=\"221\" srcset=\"https:\/\/blogsaverroes.juntadeandalucia.es\/eielcastillo\/files\/2016\/12\/orla_5A_2003-300x221.jpg 300w, https:\/\/blogsaverroes.juntadeandalucia.es\/eielcastillo\/files\/2016\/12\/orla_5A_2003.jpg 1024w, https:\/\/blogsaverroes.juntadeandalucia.es\/eielcastillo\/files\/2016\/12\/orla_5A_2003-24x18.jpg 24w, https:\/\/blogsaverroes.juntadeandalucia.es\/eielcastillo\/files\/2016\/12\/orla_5A_2003-36x27.jpg 36w, https:\/\/blogsaverroes.juntadeandalucia.es\/eielcastillo\/files\/2016\/12\/orla_5A_2003-48x35.jpg 48w\" sizes=\"(max-width: 300px) 100vw, 300px\" \/><\/a>&nbsp; <a href=\"http:\/\/blogsaverroes.juntadeandalucia.es\/eielcastillo\/files\/2016\/12\/orla_5B_2003.jpg\"><img loading=\"lazy\" decoding=\"async\" class=\"alignnone size-medium wp-image-2576\" src=\"http:\/\/blogsaverroes.juntadeandalucia.es\/eielcastillo\/files\/2016\/12\/orla_5B_2003-300x221.jpg\" alt=\"orla_5B_2003\" width=\"300\" height=\"221\" srcset=\"https:\/\/blogsaverroes.juntadeandalucia.es\/eielcastillo\/files\/2016\/12\/orla_5B_2003-300x221.jpg 300w, https:\/\/blogsaverroes.juntadeandalucia.es\/eielcastillo\/files\/2016\/12\/orla_5B_2003.jpg 1024w, https:\/\/blogsaverroes.juntadeandalucia.es\/eielcastillo\/files\/2016\/12\/orla_5B_2003-24x18.jpg 24w, https:\/\/blogsaverroes.juntadeandalucia.es\/eielcastillo\/files\/2016\/12\/orla_5B_2003-36x27.jpg 36w, https:\/\/blogsaverroes.juntadeandalucia.es\/eielcastillo\/files\/2016\/12\/orla_5B_2003-48x35.jpg 48w\" sizes=\"(max-width: 300px) 100vw, 300px\" \/><\/a><\/p>\n<hr>\n<p>&nbsp;<\/p>\n<p><span style=\"color: #800000\"><strong>Promoci\u00f3n 1999\/2002 (PRIMERA PROMOCI\u00d3N QUE FINALIZA CICLO EN LA E.I. EL CASTILLO, antes estas unidades de Educci\u00f3n Infantil pertenec\u00edan al colegio General Casta\u00f1os)<br \/>\n<\/strong><\/span><\/p>\n<h6>Finalizaci\u00f3n ciclo en curso 2001\/02 siendo tutores D\u00f1a. Ana Mar\u00eda Soriano Vicar\u00eda y D. Blas Bergillos Berrio<\/h6>\n<p><a href=\"http:\/\/blogsaverroes.juntadeandalucia.es\/eielcastillo\/files\/2016\/12\/orla_5A_20021.jpg\"><img loading=\"lazy\" decoding=\"async\" class=\"alignnone size-medium wp-image-2562\" src=\"http:\/\/blogsaverroes.juntadeandalucia.es\/eielcastillo\/files\/2016\/12\/orla_5A_20021-300x202.jpg\" alt=\"orla_5A_2002\" width=\"300\" height=\"202\" srcset=\"https:\/\/blogsaverroes.juntadeandalucia.es\/eielcastillo\/files\/2016\/12\/orla_5A_20021-300x202.jpg 300w, https:\/\/blogsaverroes.juntadeandalucia.es\/eielcastillo\/files\/2016\/12\/orla_5A_20021.jpg 1024w, https:\/\/blogsaverroes.juntadeandalucia.es\/eielcastillo\/files\/2016\/12\/orla_5A_20021-24x16.jpg 24w, https:\/\/blogsaverroes.juntadeandalucia.es\/eielcastillo\/files\/2016\/12\/orla_5A_20021-36x24.jpg 36w, https:\/\/blogsaverroes.juntadeandalucia.es\/eielcastillo\/files\/2016\/12\/orla_5A_20021-48x32.jpg 48w\" sizes=\"(max-width: 300px) 100vw, 300px\" \/>&nbsp; <\/a><a href=\"http:\/\/blogsaverroes.juntadeandalucia.es\/eielcastillo\/files\/2016\/12\/orla_5B_2002.jpg\"><img loading=\"lazy\" decoding=\"async\" class=\"alignnone size-medium wp-image-2575\" src=\"http:\/\/blogsaverroes.juntadeandalucia.es\/eielcastillo\/files\/2016\/12\/orla_5B_2002-300x202.jpg\" alt=\"orla_5B_2002\" width=\"300\" height=\"202\" srcset=\"https:\/\/blogsaverroes.juntadeandalucia.es\/eielcastillo\/files\/2016\/12\/orla_5B_2002-300x202.jpg 300w, https:\/\/blogsaverroes.juntadeandalucia.es\/eielcastillo\/files\/2016\/12\/orla_5B_2002.jpg 1024w, https:\/\/blogsaverroes.juntadeandalucia.es\/eielcastillo\/files\/2016\/12\/orla_5B_2002-24x16.jpg 24w, https:\/\/blogsaverroes.juntadeandalucia.es\/eielcastillo\/files\/2016\/12\/orla_5B_2002-36x24.jpg 36w, https:\/\/blogsaverroes.juntadeandalucia.es\/eielcastillo\/files\/2016\/12\/orla_5B_2002-48x32.jpg 48w\" sizes=\"(max-width: 300px) 100vw, 300px\" \/><\/a><\/p>\n<p>&nbsp;<\/p>\n<p>&nbsp;<\/p>\n","protected":false},"excerpt":{"rendered":"<p>&nbsp; ORLAS DE TODAS LAS PROMOCIONES DEL CENTRO Estas son todas las orlas de cada una de las promociones de&nbsp; nuestra Escuela desde&nbsp; el curso&hellip;<\/p>\n","protected":false},"author":3249,"featured_media":0,"parent":3168,"menu_order":7,"comment_status":"closed","ping_status":"closed","template":"","meta":{"ngg_post_thumbnail":0,"footnotes":"","_mc_calendar":[]},"aioseo_notices":[],"_links":{"self":[{"href":"https:\/\/blogsaverroes.juntadeandalucia.es\/eielcastillo\/index.php?rest_route=\/wp\/v2\/pages\/2191"}],"collection":[{"href":"https:\/\/blogsaverroes.juntadeandalucia.es\/eielcastillo\/index.php?rest_route=\/wp\/v2\/pages"}],"about":[{"href":"https:\/\/blogsaverroes.juntadeandalucia.es\/eielcastillo\/index.php?rest_route=\/wp\/v2\/types\/page"}],"author":[{"embeddable":true,"href":"https:\/\/blogsaverroes.juntadeandalucia.es\/eielcastillo\/index.php?rest_route=\/wp\/v2\/users\/3249"}],"replies":[{"embeddable":true,"href":"https:\/\/blogsaverroes.juntadeandalucia.es\/eielcastillo\/index.php?rest_route=%2Fwp%2Fv2%2Fcomments&post=2191"}],"version-history":[{"count":22,"href":"https:\/\/blogsaverroes.juntadeandalucia.es\/eielcastillo\/index.php?rest_route=\/wp\/v2\/pages\/2191\/revisions"}],"predecessor-version":[{"id":15938,"href":"https:\/\/blogsaverroes.juntadeandalucia.es\/eielcastillo\/index.php?rest_route=\/wp\/v2\/pages\/2191\/revisions\/15938"}],"up":[{"embeddable":true,"href":"https:\/\/blogsaverroes.juntadeandalucia.es\/eielcastillo\/index.php?rest_route=\/wp\/v2\/pages\/3168"}],"wp:attachment":[{"href":"https:\/\/blogsaverroes.juntadeandalucia.es\/eielcastillo\/index.php?rest_route=%2Fwp%2Fv2%2Fmedia&parent=2191"}],"curies":[{"name":"wp","href":"https:\/\/api.w.org\/{rel}","templated":true}]}}