{"id":8126,"date":"2019-07-25T12:51:51","date_gmt":"2019-07-25T11:51:51","guid":{"rendered":"https:\/\/blogsaverroes.juntadeandalucia.es\/eielcastillo\/?page_id=8126"},"modified":"2019-07-25T12:51:51","modified_gmt":"2019-07-25T11:51:51","slug":"galeria-imagenes-noviembre-2017","status":"publish","type":"page","link":"https:\/\/blogsaverroes.juntadeandalucia.es\/eielcastillo\/?page_id=8126","title":{"rendered":"Galer\u00eda im\u00e1genes NOVIEMBRE 2017"},"content":{"rendered":"<h3><span style=\"text-decoration: underline\"><span style=\"color: #333300\"><strong>Galeria im\u00e1genes NOVIEMBRE 2017<\/strong><\/span><\/span><\/h3>\n<p>Contiene im\u00e1genes de las siguientes actividades:<\/p>\n<h6><span style=\"color: #800080\">-Cuentacuentos AMPA \u00abOl\u00e9 Sardina\u00bb. Celebraci\u00f3n D\u00eda del Flamenco.<\/span><\/h6>\n<h6><span style=\"color: #800080\">-Juegos cooperativos con motivo del D\u00eda contra la Violencia de G\u00e9nero.<\/span><\/h6>\n<h6><span style=\"color: #800080\">-Master Chef de oto\u00f1o.<\/span><\/h6>\nngg_shortcode_0_placeholder\n","protected":false},"excerpt":{"rendered":"<p>Galeria im\u00e1genes NOVIEMBRE 2017 Contiene im\u00e1genes de las siguientes actividades: -Cuentacuentos AMPA \u00abOl\u00e9 Sardina\u00bb. Celebraci\u00f3n D\u00eda del Flamenco. -Juegos cooperativos con motivo del D\u00eda contra&hellip;<\/p>\n","protected":false},"author":3249,"featured_media":0,"parent":8062,"menu_order":2,"comment_status":"closed","ping_status":"closed","template":"","meta":{"ngg_post_thumbnail":0,"footnotes":"","_mc_calendar":[]},"aioseo_notices":[],"_links":{"self":[{"href":"https:\/\/blogsaverroes.juntadeandalucia.es\/eielcastillo\/index.php?rest_route=\/wp\/v2\/pages\/8126"}],"collection":[{"href":"https:\/\/blogsaverroes.juntadeandalucia.es\/eielcastillo\/index.php?rest_route=\/wp\/v2\/pages"}],"about":[{"href":"https:\/\/blogsaverroes.juntadeandalucia.es\/eielcastillo\/index.php?rest_route=\/wp\/v2\/types\/page"}],"author":[{"embeddable":true,"href":"https:\/\/blogsaverroes.juntadeandalucia.es\/eielcastillo\/index.php?rest_route=\/wp\/v2\/users\/3249"}],"replies":[{"embeddable":true,"href":"https:\/\/blogsaverroes.juntadeandalucia.es\/eielcastillo\/index.php?rest_route=%2Fwp%2Fv2%2Fcomments&post=8126"}],"version-history":[{"count":1,"href":"https:\/\/blogsaverroes.juntadeandalucia.es\/eielcastillo\/index.php?rest_route=\/wp\/v2\/pages\/8126\/revisions"}],"predecessor-version":[{"id":8127,"href":"https:\/\/blogsaverroes.juntadeandalucia.es\/eielcastillo\/index.php?rest_route=\/wp\/v2\/pages\/8126\/revisions\/8127"}],"up":[{"embeddable":true,"href":"https:\/\/blogsaverroes.juntadeandalucia.es\/eielcastillo\/index.php?rest_route=\/wp\/v2\/pages\/8062"}],"wp:attachment":[{"href":"https:\/\/blogsaverroes.juntadeandalucia.es\/eielcastillo\/index.php?rest_route=%2Fwp%2Fv2%2Fmedia&parent=8126"}],"curies":[{"name":"wp","href":"https:\/\/api.w.org\/{rel}","templated":true}]}}