{"id":1972,"date":"2023-02-10T21:53:21","date_gmt":"2023-02-10T20:53:21","guid":{"rendered":"https:\/\/blogsaverroes.juntadeandalucia.es\/eilajulianita\/?page_id=1972"},"modified":"2024-09-20T20:50:36","modified_gmt":"2024-09-20T19:50:36","slug":"erasmus","status":"publish","type":"page","link":"https:\/\/blogsaverroes.juntadeandalucia.es\/eilajulianita\/erasmus-2\/erasmus\/","title":{"rendered":"ERASMUS+ CURSO 23\/24"},"content":{"rendered":"<p style=\"text-align: center\"><strong>CURSO 23 &#8211; 24<\/strong><\/p>\n<p>Comenzamos nuestra aventura con nuestro primer job shadowing, en el bello pa\u00eds de Turqu\u00eda, en la escuela Kaymaz Araman Ortaokulu, donde hemos tenido la oportunidad de desarrollar nuestra observaci\u00f3n no s\u00f3lo en nuestra etapa: educaci\u00f3n infantil, sino tambi\u00e9n nos han invitado a clases de primaria y secundaria. No s\u00f3lo hemos sido parte observado, sino que nos han integrado y hemos sido dos maestras m\u00e1s, participes de toda la vida educativa del centro, adem\u00e1s de haber conocido el gran patrimonio que posee Turquia, gracias a todos por haber hecho que esta experiencia sea maravillosa, especialmente a nuestro amigo Latif Yardim.<\/p>\n<div class=\"xdj266r x11i5rnm xat24cr x1mh8g0r x1vvkbs x126k92a\">\n<div dir=\"auto\">\n<div class=\"xdj266r x11i5rnm xat24cr x1mh8g0r x1vvkbs x126k92a\">\n<div dir=\"auto\">\n<div dir=\"auto\"><strong>Comienza nuestra aventura. (13\/10\/2023)<\/strong><\/div>\n<div dir=\"auto\">La se\u00f1o Rosa y nuestra dire Prado, est\u00e1n a punto de coger un avi\u00f3n hasta el aeropuerto internacional de Estambul en Turqu\u00eda, en este bello pa\u00eds van a pasar los pr\u00f3ximos d\u00edas en el colegio <span class=\"html-span xdj266r x11i5rnm xat24cr x1mh8g0r xexx8yu x4uap5 x18d9i69 xkhd6sd x1hl2dhg x16tdsg8 x1vvkbs\"><a class=\"x1i10hfl xjbqb8w x1ejq31n xd10rxx x1sy0etr x17r0tee x972fbf xcfux6l x1qhh985 xm0m39n x9f619 x1ypdohk xt0psk2 xe8uvvx xdj266r x11i5rnm xat24cr x1mh8g0r xexx8yu x4uap5 x18d9i69 xkhd6sd x16tdsg8 x1hl2dhg xggy1nq x1a2a7pz x1sur9pj xkrqix3 x1fey0fg xo1l8bm\" role=\"link\" href=\"https:\/\/www.facebook.com\/KaymazAramanllkokuluOrtaokulu?__cft__[0]=AZWTGJf63JNWt0lbybDW9Cxv8MgvBQu7Ii5u5G9tSOFh8T3HSxGsCKa4Y6_DduHIjKg1HB-T70COFWLkk5bws85RYN2l4jYMbEveF0jrwNkjAHHasyLB2HBGsOIJwjNsT8k_EuQK5VwQeBe1DfUo33cRDqPj4NxNGuBJN4YTNglEXrl7g7vdvJYKqbKiXX5Fhr4230hOswPvW76QVVVnIhG1&amp;__tn__=-]K-R\"><span class=\"xt0psk2\">Kaymaz Araman Ortaokulu<\/span><\/a><\/span>, donde seguro van a aprender muchas cositas pero al que tambi\u00e9n llevan en sus maletas nuestras experiencias, nuestro cole y nuestra ciudad <span class=\"html-span xdj266r x11i5rnm xat24cr x1mh8g0r xexx8yu x4uap5 x18d9i69 xkhd6sd x1hl2dhg x16tdsg8 x1vvkbs\"><a class=\"x1i10hfl xjbqb8w x1ejq31n xd10rxx x1sy0etr x17r0tee x972fbf xcfux6l x1qhh985 xm0m39n x9f619 x1ypdohk xt0psk2 xe8uvvx xdj266r x11i5rnm xat24cr x1mh8g0r xexx8yu x4uap5 x18d9i69 xkhd6sd x16tdsg8 x1hl2dhg xggy1nq x1a2a7pz x1sur9pj xkrqix3 x1fey0fg xo1l8bm\" role=\"link\" href=\"https:\/\/www.facebook.com\/ayuntamientodearacena?__cft__[0]=AZWTGJf63JNWt0lbybDW9Cxv8MgvBQu7Ii5u5G9tSOFh8T3HSxGsCKa4Y6_DduHIjKg1HB-T70COFWLkk5bws85RYN2l4jYMbEveF0jrwNkjAHHasyLB2HBGsOIJwjNsT8k_EuQK5VwQeBe1DfUo33cRDqPj4NxNGuBJN4YTNglEXrl7g7vdvJYKqbKiXX5Fhr4230hOswPvW76QVVVnIhG1&amp;__tn__=-]K-R\"><span class=\"xt0psk2\">Ayuntamiento Aracena<\/span><\/a><\/span><\/div>\n<div dir=\"auto\">\u00bfSe ir\u00e1 Julian\u00edn con ellas?<\/div>\n<div dir=\"auto\">Buen viaje compa\u00f1eras a aprender y a disfrutar tambi\u00e9n.<\/div>\n<div dir=\"auto\"><a href=\"https:\/\/www.facebook.com\/100055657225577\/videos\/176145045535514\">VIDEO<\/a><\/div>\n<\/div>\n<\/div>\n<\/div>\n<\/div>\n<div dir=\"auto\">\n<div dir=\"auto\">&nbsp;<\/div>\n<div dir=\"auto\" style=\"text-align: center\"><strong>NOTICIA EN LA WEB DEL MINISTERIO DE EDUCACI\u00d3N DE TURQU\u00cdA 24\/10\/2023<\/strong><\/div>\n<div class=\"xdj266r x11i5rnm xat24cr x1mh8g0r x1vvkbs x126k92a\">\n<div dir=\"auto\">Queridas familias:<\/div>\n<div dir=\"auto\">Os dejamos una noticia que nos mandan hoy nuestros\/as compa\u00f1eros\/as de Turqu\u00eda, en la que se le da difusi\u00f3n a la semana de observaci\u00f3n tan maravillosa que hemos pasado junto a ellos.<\/div>\n<\/div>\n<div class=\"x11i5rnm xat24cr x1mh8g0r x1vvkbs xtlvy1s x126k92a\">\n<div dir=\"auto\">Ha sido todo un placer, haber compartido con vosotros diferentes experiencias educativas, vivencias y dem\u00e1s momentos compartidos. Muchas gracias a todos, en especial a Mr. Mustafa kizmaz por recibirnos y acogernos con tanto cari\u00f1o e inter\u00e9s por conocer aspectos relacionados con nuestro sistema educativo, ciudad, cultura,&#8230; fue todo un placer.<\/div>\n<\/div>\n<div class=\"x11i5rnm xat24cr x1mh8g0r x1vvkbs xtlvy1s x126k92a\">\n<div dir=\"auto\">Muchas gracias amigos, nos ha encantado la sorpresa.<\/div>\n<\/div>\n<div class=\"x11i5rnm xat24cr x1mh8g0r x1vvkbs xtlvy1s x126k92a\">\n<div dir=\"auto\">Un gran abrazo para todos\/as en especial para todos los alumnos y alumnas de <a class=\"x1i10hfl xjbqb8w x6umtig x1b1mbwd xaqea5y xav7gou x9f619 x1ypdohk xt0psk2 xe8uvvx xdj266r x11i5rnm xat24cr x1mh8g0r xexx8yu x4uap5 x18d9i69 xkhd6sd x16tdsg8 x1hl2dhg xggy1nq x1a2a7pz xt0b8zv x1qq9wsj xo1l8bm\" role=\"link\" href=\"https:\/\/www.facebook.com\/KaymazAramanllkokuluOrtaokulu?__cft__[0]=AZVPZNHPiXl98DEi_VXlMzt84WDebNkME7ayIab8oeAqrMxZAMXzOQdsVsHyuJmzudSudlDrseBNR3dznfT5J92hkkIxEMc_qxCwTYjDjBtDXaNlrEgVpm0zgSxbE_WsRIXaMa8XbZ_W3H1KWM5XtwkgVjy4H8VDzDmhbFy2UXKQ1v4ciVbG2wEVcCfi6zH3RkI1xt2Z1mmg0Ql1mtQOp28uVZYVcUDs7O9Jcf2g1HSeiA&amp;__tn__=-]K-R\"><span class=\"xt0psk2\">Kaymaz Araman Ortaokulu<\/span><\/a><\/div>\n<div dir=\"auto\"><a class=\"x1i10hfl xjbqb8w x6umtig x1b1mbwd xaqea5y xav7gou x9f619 x1ypdohk xt0psk2 xe8uvvx xdj266r x11i5rnm xat24cr x1mh8g0r xexx8yu x4uap5 x18d9i69 xkhd6sd x16tdsg8 x1hl2dhg xggy1nq x1a2a7pz xt0b8zv x1fey0fg\" role=\"link\" href=\"https:\/\/kandira.meb.gov.tr\/www\/ispanya-dan-misafirlerimiz\/icerik\/503?fbclid=IwAR2LjIFmATktOtvax6P0xNWsgfEJsB9YsVjpln8NKuPE1cJnKQHNBWgrqaI\" target=\"_blank\" rel=\"nofollow noopener noreferrer\">https:\/\/kandira.meb.gov.tr\/&#8230;\/ispanya-dan&#8230;\/icerik\/503<\/a><\/div>\n<\/div>\n<div class=\"x11i5rnm xat24cr x1mh8g0r x1vvkbs xtlvy1s x126k92a\">\n<div dir=\"auto\"><a class=\"x1i10hfl xjbqb8w x6umtig x1b1mbwd xaqea5y xav7gou x9f619 x1ypdohk xt0psk2 xe8uvvx xdj266r x11i5rnm xat24cr x1mh8g0r xexx8yu x4uap5 x18d9i69 xkhd6sd x16tdsg8 x1hl2dhg xggy1nq x1a2a7pz xt0b8zv x1qq9wsj xo1l8bm\" role=\"link\" href=\"https:\/\/www.facebook.com\/ProgramasHuelva?__cft__[0]=AZVPZNHPiXl98DEi_VXlMzt84WDebNkME7ayIab8oeAqrMxZAMXzOQdsVsHyuJmzudSudlDrseBNR3dznfT5J92hkkIxEMc_qxCwTYjDjBtDXaNlrEgVpm0zgSxbE_WsRIXaMa8XbZ_W3H1KWM5XtwkgVjy4H8VDzDmhbFy2UXKQ1v4ciVbG2wEVcCfi6zH3RkI1xt2Z1mmg0Ql1mtQOp28uVZYVcUDs7O9Jcf2g1HSeiA&amp;__tn__=-]K-R\"><span class=\"xt0psk2\">Programas Huelva<\/span><\/a> <a class=\"x1i10hfl xjbqb8w x6umtig x1b1mbwd xaqea5y xav7gou x9f619 x1ypdohk xt0psk2 xe8uvvx xdj266r x11i5rnm xat24cr x1mh8g0r xexx8yu x4uap5 x18d9i69 xkhd6sd x16tdsg8 x1hl2dhg xggy1nq x1a2a7pz xt0b8zv x1qq9wsj xo1l8bm\" role=\"link\" href=\"https:\/\/www.facebook.com\/profile.php?id=100064807455903&amp;__cft__[0]=AZVPZNHPiXl98DEi_VXlMzt84WDebNkME7ayIab8oeAqrMxZAMXzOQdsVsHyuJmzudSudlDrseBNR3dznfT5J92hkkIxEMc_qxCwTYjDjBtDXaNlrEgVpm0zgSxbE_WsRIXaMa8XbZ_W3H1KWM5XtwkgVjy4H8VDzDmhbFy2UXKQ1v4ciVbG2wEVcCfi6zH3RkI1xt2Z1mmg0Ql1mtQOp28uVZYVcUDs7O9Jcf2g1HSeiA&amp;__tn__=-]K-R\"><span class=\"xt0psk2\">Gabinete Paz Igualdad Huelva<\/span><\/a> <a class=\"x1i10hfl xjbqb8w x6umtig x1b1mbwd xaqea5y xav7gou x9f619 x1ypdohk xt0psk2 xe8uvvx xdj266r x11i5rnm xat24cr x1mh8g0r xexx8yu x4uap5 x18d9i69 xkhd6sd x16tdsg8 x1hl2dhg xggy1nq x1a2a7pz xt0b8zv x1qq9wsj xo1l8bm\" role=\"link\" href=\"https:\/\/www.facebook.com\/ayuntamientodearacena?__cft__[0]=AZVPZNHPiXl98DEi_VXlMzt84WDebNkME7ayIab8oeAqrMxZAMXzOQdsVsHyuJmzudSudlDrseBNR3dznfT5J92hkkIxEMc_qxCwTYjDjBtDXaNlrEgVpm0zgSxbE_WsRIXaMa8XbZ_W3H1KWM5XtwkgVjy4H8VDzDmhbFy2UXKQ1v4ciVbG2wEVcCfi6zH3RkI1xt2Z1mmg0Ql1mtQOp28uVZYVcUDs7O9Jcf2g1HSeiA&amp;__tn__=-]K-R\"><span class=\"xt0psk2\">Ayuntamiento Aracena<\/span><\/a> <a class=\"x1i10hfl xjbqb8w x6umtig x1b1mbwd xaqea5y xav7gou x9f619 x1ypdohk xt0psk2 xe8uvvx xdj266r x11i5rnm xat24cr x1mh8g0r xexx8yu x4uap5 x18d9i69 xkhd6sd x16tdsg8 x1hl2dhg xggy1nq x1a2a7pz xt0b8zv x1qq9wsj xo1l8bm\" role=\"link\" href=\"https:\/\/www.facebook.com\/hashtag\/erasmusplus?__eep__=6&amp;__cft__[0]=AZVPZNHPiXl98DEi_VXlMzt84WDebNkME7ayIab8oeAqrMxZAMXzOQdsVsHyuJmzudSudlDrseBNR3dznfT5J92hkkIxEMc_qxCwTYjDjBtDXaNlrEgVpm0zgSxbE_WsRIXaMa8XbZ_W3H1KWM5XtwkgVjy4H8VDzDmhbFy2UXKQ1v4ciVbG2wEVcCfi6zH3RkI1xt2Z1mmg0Ql1mtQOp28uVZYVcUDs7O9Jcf2g1HSeiA&amp;__tn__=*NK-R\">#ErasmusPlus<\/a> <a class=\"x1i10hfl xjbqb8w x6umtig x1b1mbwd xaqea5y xav7gou x9f619 x1ypdohk xt0psk2 xe8uvvx xdj266r x11i5rnm xat24cr x1mh8g0r xexx8yu x4uap5 x18d9i69 xkhd6sd x16tdsg8 x1hl2dhg xggy1nq x1a2a7pz xt0b8zv x1qq9wsj xo1l8bm\" role=\"link\" href=\"https:\/\/www.facebook.com\/S%C3%A9pie-847622088632525\/?__cft__[0]=AZVPZNHPiXl98DEi_VXlMzt84WDebNkME7ayIab8oeAqrMxZAMXzOQdsVsHyuJmzudSudlDrseBNR3dznfT5J92hkkIxEMc_qxCwTYjDjBtDXaNlrEgVpm0zgSxbE_WsRIXaMa8XbZ_W3H1KWM5XtwkgVjy4H8VDzDmhbFy2UXKQ1v4ciVbG2wEVcCfi6zH3RkI1xt2Z1mmg0Ql1mtQOp28uVZYVcUDs7O9Jcf2g1HSeiA&amp;__tn__=kK-R\"><span class=\"xt0psk2\">S\u00e9pie<\/span><\/a> <a class=\"x1i10hfl xjbqb8w x6umtig x1b1mbwd xaqea5y xav7gou x9f619 x1ypdohk xt0psk2 xe8uvvx xdj266r x11i5rnm xat24cr x1mh8g0r xexx8yu x4uap5 x18d9i69 xkhd6sd x16tdsg8 x1hl2dhg xggy1nq x1a2a7pz xt0b8zv x1qq9wsj xo1l8bm\" role=\"link\" href=\"https:\/\/www.facebook.com\/profile.php?id=100067364273323&amp;__cft__[0]=AZVPZNHPiXl98DEi_VXlMzt84WDebNkME7ayIab8oeAqrMxZAMXzOQdsVsHyuJmzudSudlDrseBNR3dznfT5J92hkkIxEMc_qxCwTYjDjBtDXaNlrEgVpm0zgSxbE_WsRIXaMa8XbZ_W3H1KWM5XtwkgVjy4H8VDzDmhbFy2UXKQ1v4ciVbG2wEVcCfi6zH3RkI1xt2Z1mmg0Ql1mtQOp28uVZYVcUDs7O9Jcf2g1HSeiA&amp;__tn__=-]K-R\"><span class=\"xt0psk2\">Kand\u0131ra \u0130l\u00e7e Mill\u00ee E\u011fitim M\u00fcd\u00fcrl\u00fc\u011f\u00fc<\/span><\/a><\/div>\n<div dir=\"auto\"><img loading=\"lazy\" decoding=\"async\" class=\"alignnone size-medium wp-image-2299 aligncenter\" src=\"https:\/\/blogsaverroes.juntadeandalucia.es\/eilajulianita\/files\/2023\/10\/Captura-de-pantalla-340-266x300.png\" alt=\"\" width=\"266\" height=\"300\" srcset=\"https:\/\/blogsaverroes.juntadeandalucia.es\/eilajulianita\/files\/2023\/10\/Captura-de-pantalla-340-266x300.png 266w, https:\/\/blogsaverroes.juntadeandalucia.es\/eilajulianita\/files\/2023\/10\/Captura-de-pantalla-340-700x788.png 700w, https:\/\/blogsaverroes.juntadeandalucia.es\/eilajulianita\/files\/2023\/10\/Captura-de-pantalla-340.png 720w\" sizes=\"(max-width: 266px) 100vw, 266px\" \/><\/div>\n<div dir=\"auto\">\n<div class=\"xdj266r x11i5rnm xat24cr x1mh8g0r x1vvkbs x126k92a\">\n<div dir=\"auto\" style=\"text-align: center\"><strong>ESPA\u00d1A &#8211; TURQUIA 29\/10\/2023&nbsp;<\/strong><\/div>\n<\/div>\n<div class=\"x11i5rnm xat24cr x1mh8g0r x1vvkbs xtlvy1s x126k92a\">\n<div dir=\"auto\">Como sab\u00e9is nuestra directora Prado y la se\u00f1o Rosa acaban de volver tras realizar un job &#8211; shadowing en Turqu\u00eda.<\/div>\n<div dir=\"auto\">All\u00ed no s\u00f3lo han aprendido aspectos educativos, sino tambi\u00e9n valores culturales y patrimoniales.<\/div>\n<div dir=\"auto\">Es por eso, que sabemos hoy es un d\u00eda especial para Turqu\u00eda, hoy celebran el centenario de su Republica y, desde Espa\u00f1a en colaboraci\u00f3n con nuestros ni\u00f1os\/as de 5 a\u00f1os hemos querido tener un detalle con ellos para felicitarlos en este d\u00eda tan especial para ellos.<\/div>\n<\/div>\n<div class=\"x11i5rnm xat24cr x1mh8g0r x1vvkbs xtlvy1s x126k92a\">\n<div dir=\"auto\">Esperamos que os guste nuestra sorpresa.<\/div>\n<div dir=\"auto\">Video:&nbsp;<a href=\"https:\/\/www.facebook.com\/100055657225577\/videos\/340869861929765\">https:\/\/www.facebook.com\/100055657225577\/videos\/340869861929765<\/a><\/div>\n<div dir=\"auto\">Fotos:&nbsp;<a href=\"https:\/\/www.facebook.com\/permalink.php?story_fbid=pfbid0Z3gTTPTVpebjG4Pk6HHohShvZXRJ34xGVAB2dSE77rsR1P8SS6wxATmmzHi8aVrFl&amp;id=100055657225577\">https:\/\/www.facebook.com\/permalink.php?story_fbid=pfbid0Z3gTTPTVpebjG4Pk6HHohShvZXRJ34xGVAB2dSE77rsR1P8SS6wxATmmzHi8aVrFl&amp;id=100055657225577<\/a><\/div>\n<div dir=\"auto\">&nbsp;<\/div>\n<div dir=\"auto\">Cumhuriyetimizin 100. y\u0131l\u0131 kutlu olsun sevgili dostlar!!!<\/div>\n<\/div>\n<div class=\"x11i5rnm xat24cr x1mh8g0r x1vvkbs xtlvy1s x126k92a\">\n<div dir=\"auto\"><a class=\"x1i10hfl xjbqb8w x6umtig x1b1mbwd xaqea5y xav7gou x9f619 x1ypdohk xt0psk2 xe8uvvx xdj266r x11i5rnm xat24cr x1mh8g0r xexx8yu x4uap5 x18d9i69 xkhd6sd x16tdsg8 x1hl2dhg xggy1nq x1a2a7pz xt0b8zv x1qq9wsj xo1l8bm\" role=\"link\" href=\"https:\/\/www.facebook.com\/ProgramasHuelva?__cft__[0]=AZWNXKVl48v2mqieCA-DZTdT5SjJGBcHIlK5oRhA-t8E9xmhGUKr9S8DLJemYdwU4QaEH65JxjpIsRHPdcyZSclNcJK8t_jdUACbWy8aldIkpJFJYzNIYitsI-4A6Bggg5Nt2NB8KssLLT3Rb9XdnZFjBNJv_0v6iL_VrbGV87knov8sMq588Zj-01hdPZxLOec&amp;__tn__=-]K-R\"><span class=\"xt0psk2\">Programas Huelva<\/span><\/a> <a class=\"x1i10hfl xjbqb8w x6umtig x1b1mbwd xaqea5y xav7gou x9f619 x1ypdohk xt0psk2 xe8uvvx xdj266r x11i5rnm xat24cr x1mh8g0r xexx8yu x4uap5 x18d9i69 xkhd6sd x16tdsg8 x1hl2dhg xggy1nq x1a2a7pz xt0b8zv x1qq9wsj xo1l8bm\" role=\"link\" href=\"https:\/\/www.facebook.com\/profile.php?id=100064807455903&amp;__cft__[0]=AZWNXKVl48v2mqieCA-DZTdT5SjJGBcHIlK5oRhA-t8E9xmhGUKr9S8DLJemYdwU4QaEH65JxjpIsRHPdcyZSclNcJK8t_jdUACbWy8aldIkpJFJYzNIYitsI-4A6Bggg5Nt2NB8KssLLT3Rb9XdnZFjBNJv_0v6iL_VrbGV87knov8sMq588Zj-01hdPZxLOec&amp;__tn__=-]K-R\"><span class=\"xt0psk2\">Gabinete Paz Igualdad Huelva<\/span><\/a> <a class=\"x1i10hfl xjbqb8w x6umtig x1b1mbwd xaqea5y xav7gou x9f619 x1ypdohk xt0psk2 xe8uvvx xdj266r x11i5rnm xat24cr x1mh8g0r xexx8yu x4uap5 x18d9i69 xkhd6sd x16tdsg8 x1hl2dhg xggy1nq x1a2a7pz xt0b8zv x1qq9wsj xo1l8bm\" role=\"link\" href=\"https:\/\/www.facebook.com\/KaymazAramanllkokuluOrtaokulu?__cft__[0]=AZWNXKVl48v2mqieCA-DZTdT5SjJGBcHIlK5oRhA-t8E9xmhGUKr9S8DLJemYdwU4QaEH65JxjpIsRHPdcyZSclNcJK8t_jdUACbWy8aldIkpJFJYzNIYitsI-4A6Bggg5Nt2NB8KssLLT3Rb9XdnZFjBNJv_0v6iL_VrbGV87knov8sMq588Zj-01hdPZxLOec&amp;__tn__=-]K-R\"><span class=\"xt0psk2\">Kaymaz Araman Ortaokulu<\/span><\/a> Latif Yardim <a class=\"x1i10hfl xjbqb8w x6umtig x1b1mbwd xaqea5y xav7gou x9f619 x1ypdohk xt0psk2 xe8uvvx xdj266r x11i5rnm xat24cr x1mh8g0r xexx8yu x4uap5 x18d9i69 xkhd6sd x16tdsg8 x1hl2dhg xggy1nq x1a2a7pz xt0b8zv x1qq9wsj xo1l8bm\" role=\"link\" href=\"https:\/\/www.facebook.com\/hashtag\/erasmusplus?__eep__=6&amp;__cft__[0]=AZWNXKVl48v2mqieCA-DZTdT5SjJGBcHIlK5oRhA-t8E9xmhGUKr9S8DLJemYdwU4QaEH65JxjpIsRHPdcyZSclNcJK8t_jdUACbWy8aldIkpJFJYzNIYitsI-4A6Bggg5Nt2NB8KssLLT3Rb9XdnZFjBNJv_0v6iL_VrbGV87knov8sMq588Zj-01hdPZxLOec&amp;__tn__=*NK-R\">#ErasmusPlus<\/a> <a class=\"x1i10hfl xjbqb8w x6umtig x1b1mbwd xaqea5y xav7gou x9f619 x1ypdohk xt0psk2 xe8uvvx xdj266r x11i5rnm xat24cr x1mh8g0r xexx8yu x4uap5 x18d9i69 xkhd6sd x16tdsg8 x1hl2dhg xggy1nq x1a2a7pz xt0b8zv x1qq9wsj xo1l8bm\" role=\"link\" href=\"https:\/\/www.facebook.com\/hashtag\/sepie_gob?__eep__=6&amp;__cft__[0]=AZWNXKVl48v2mqieCA-DZTdT5SjJGBcHIlK5oRhA-t8E9xmhGUKr9S8DLJemYdwU4QaEH65JxjpIsRHPdcyZSclNcJK8t_jdUACbWy8aldIkpJFJYzNIYitsI-4A6Bggg5Nt2NB8KssLLT3Rb9XdnZFjBNJv_0v6iL_VrbGV87knov8sMq588Zj-01hdPZxLOec&amp;__tn__=*NK-R\">#sepie_gob<\/a><\/div>\n<\/div>\n<\/div>\n<\/div>\n<\/div>\n<div class=\"xdj266r x11i5rnm xat24cr x1mh8g0r x1vvkbs x126k92a\">\n<div dir=\"auto\">\n<div class=\"xdj266r x11i5rnm xat24cr x1mh8g0r x1vvkbs x126k92a\">\n<div dir=\"auto\">&nbsp;<\/div>\n<div dir=\"auto\" style=\"text-align: center\"><strong>DIFUSI\u00d3N DE NUESTRA ESTANCIA EN TURQU\u00cdA. 11\/11\/2023<\/strong><\/div>\n<div dir=\"auto\">Queridas familias:<\/div>\n<div dir=\"auto\">Os dejamos los enlaces a diferentes medios de comunicaci\u00f3n que se han hecho eco de nuestra visita al colegio <a class=\"x1i10hfl xjbqb8w x6umtig x1b1mbwd xaqea5y xav7gou x9f619 x1ypdohk xt0psk2 xe8uvvx xdj266r x11i5rnm xat24cr x1mh8g0r xexx8yu x4uap5 x18d9i69 xkhd6sd x16tdsg8 x1hl2dhg xggy1nq x1a2a7pz xt0b8zv x1qq9wsj xo1l8bm\" role=\"link\" href=\"https:\/\/www.facebook.com\/KaymazAramanllkokuluOrtaokulu?__cft__[0]=AZUW0WYk_VMpkRvOlMbZ_43eAJqXcPGiqsd2xhvR8m_bAoCHweklFnDghhpuVKXbhOdt7DlHyccpJUS5qP2bV1Kifgy_McOWwUuchuWy2LK2MNX84JBDETfKlGpu9G_IJr3hkA3Tm5cIKqaGY9nOklPs34Z0o7s80k0pHv_y6POCJj1xLqWs32oTYeKGhOd_1rQ&amp;__tn__=-]K-R\"><span class=\"xt0psk2\">Kaymaz Araman Ortaokulu<\/span><\/a> del 16 al 20 de octubre de 2023, as\u00ed como algunas fotos de nuestra estancia all\u00ed.<\/div>\n<\/div>\n<div class=\"x11i5rnm xat24cr x1mh8g0r x1vvkbs xtlvy1s x126k92a\">\n<div dir=\"auto\">EUROPA PRESS: <a class=\"x1i10hfl xjbqb8w x6umtig x1b1mbwd xaqea5y xav7gou x9f619 x1ypdohk xt0psk2 xe8uvvx xdj266r x11i5rnm xat24cr x1mh8g0r xexx8yu x4uap5 x18d9i69 xkhd6sd x16tdsg8 x1hl2dhg xggy1nq x1a2a7pz xt0b8zv x1fey0fg\" role=\"link\" href=\"https:\/\/www.europapress.es\/andalucia\/educacion-00651\/noticia-escuela-infantil-julianita-aracena-huelva-participa-programas-erasmus-20231110173742.html?fbclid=IwAR0cmj2wetLQP5goFjJY05lf0_KWtH_Bv8luG9nsLgcoNHLXTWhsQlp40jk\" target=\"_blank\" rel=\"nofollow noopener noreferrer\">https:\/\/www.europapress.es\/&#8230;\/noticia-escuela-infantil&#8230;<\/a><\/div>\n<div dir=\"auto\">LA VANGUARDIA: <a class=\"x1i10hfl xjbqb8w x6umtig x1b1mbwd xaqea5y xav7gou x9f619 x1ypdohk xt0psk2 xe8uvvx xdj266r x11i5rnm xat24cr x1mh8g0r xexx8yu x4uap5 x18d9i69 xkhd6sd x16tdsg8 x1hl2dhg xggy1nq x1a2a7pz xt0b8zv x1fey0fg\" role=\"link\" href=\"https:\/\/www.lavanguardia.com\/local\/sevilla\/20231110\/9369044\/educacion-escuela-infantil-julianita-aracena-participa-programas-erasmus-agenciaslv20231110.html?fbclid=IwAR3CIrlJu76dVuj8GodwrrF5VUqOjHQ4yS6vVcT-5zc-bm9q8DvLDJbrxBE\" target=\"_blank\" rel=\"nofollow noopener noreferrer\">https:\/\/www.lavanguardia.com\/&#8230;\/educacion-escuela&#8230;<\/a><\/div>\n<div dir=\"auto\">HUELVA INFORMACI\u00d3N: <a class=\"x1i10hfl xjbqb8w x6umtig x1b1mbwd xaqea5y xav7gou x9f619 x1ypdohk xt0psk2 xe8uvvx xdj266r x11i5rnm xat24cr x1mh8g0r xexx8yu x4uap5 x18d9i69 xkhd6sd x16tdsg8 x1hl2dhg xggy1nq x1a2a7pz xt0b8zv x1fey0fg\" role=\"link\" href=\"https:\/\/www.huelvainformacion.es\/provincia\/Escuela-Infantil-Julianita-Aracena-Erasmus_0_1846916736.html?fbclid=IwAR2xcBOrd-NvPNU9VkQuUZCzB2Nd7fJ0IZ_UyWvXRdoZjIUvnwmzwHf5K0I\" target=\"_blank\" rel=\"nofollow noopener noreferrer\">https:\/\/www.huelvainformacion.es\/&#8230;\/Escuela-Infantil&#8230;<\/a><\/div>\n<div dir=\"auto\">FACEBOOK DELEGACI\u00d3N DEL GOBIERNO DE HUELVA: <a class=\"x1i10hfl xjbqb8w x6umtig x1b1mbwd xaqea5y xav7gou x9f619 x1ypdohk xt0psk2 xe8uvvx xdj266r x11i5rnm xat24cr x1mh8g0r xexx8yu x4uap5 x18d9i69 xkhd6sd x16tdsg8 x1hl2dhg xggy1nq x1a2a7pz xt0b8zv xzsf02u x1s688f\" role=\"link\" href=\"https:\/\/www.facebook.com\/HuelvaJunta\/posts\/pfbid0wLBYwxkD5KBuLo9Z5WXiYj6eZLwfrYTXpYWZB1t51Dob2yyDYkeAEoas6kfyoBsSl?__cft__[0]=AZUW0WYk_VMpkRvOlMbZ_43eAJqXcPGiqsd2xhvR8m_bAoCHweklFnDghhpuVKXbhOdt7DlHyccpJUS5qP2bV1Kifgy_McOWwUuchuWy2LK2MNX84JBDETfKlGpu9G_IJr3hkA3Tm5cIKqaGY9nOklPs34Z0o7s80k0pHv_y6POCJj1xLqWs32oTYeKGhOd_1rQ&amp;__tn__=-UK-R\">https:\/\/www.facebook.com\/HuelvaJunta\/posts\/pfbid0wLBYwxkD5KBuLo9Z5WXiYj6eZLwfrYTXpYWZB1t51Dob2yyDYkeAEoas6kfyoBsSl<\/a><\/div>\n<\/div>\n<div class=\"x11i5rnm xat24cr x1mh8g0r x1vvkbs xtlvy1s x126k92a\">\n<div dir=\"auto\">Y en breve si todo va bien convocaremos a las familias del nivel de 5 a\u00f1os que quieran viajar con sus peque\u00f1os\/as, porque el destino casi casi ya est\u00e1 cerrado, \u00bfd\u00f3nde iremos esta vez?<\/div>\n<\/div>\n<div class=\"x11i5rnm xat24cr x1mh8g0r x1vvkbs xtlvy1s x126k92a\">\n<div dir=\"auto\"><a class=\"x1i10hfl xjbqb8w x6umtig x1b1mbwd xaqea5y xav7gou x9f619 x1ypdohk xt0psk2 xe8uvvx xdj266r x11i5rnm xat24cr x1mh8g0r xexx8yu x4uap5 x18d9i69 xkhd6sd x16tdsg8 x1hl2dhg xggy1nq x1a2a7pz xt0b8zv x1qq9wsj xo1l8bm\" role=\"link\" href=\"https:\/\/www.facebook.com\/ProgramasHuelva?__cft__[0]=AZUW0WYk_VMpkRvOlMbZ_43eAJqXcPGiqsd2xhvR8m_bAoCHweklFnDghhpuVKXbhOdt7DlHyccpJUS5qP2bV1Kifgy_McOWwUuchuWy2LK2MNX84JBDETfKlGpu9G_IJr3hkA3Tm5cIKqaGY9nOklPs34Z0o7s80k0pHv_y6POCJj1xLqWs32oTYeKGhOd_1rQ&amp;__tn__=-]K-R\"><span class=\"xt0psk2\">Programas Huelva<\/span><\/a> <a class=\"x1i10hfl xjbqb8w x6umtig x1b1mbwd xaqea5y xav7gou x9f619 x1ypdohk xt0psk2 xe8uvvx xdj266r x11i5rnm xat24cr x1mh8g0r xexx8yu x4uap5 x18d9i69 xkhd6sd x16tdsg8 x1hl2dhg xggy1nq x1a2a7pz xt0b8zv x1qq9wsj xo1l8bm\" role=\"link\" href=\"https:\/\/www.facebook.com\/profile.php?id=100064807455903&amp;__cft__[0]=AZUW0WYk_VMpkRvOlMbZ_43eAJqXcPGiqsd2xhvR8m_bAoCHweklFnDghhpuVKXbhOdt7DlHyccpJUS5qP2bV1Kifgy_McOWwUuchuWy2LK2MNX84JBDETfKlGpu9G_IJr3hkA3Tm5cIKqaGY9nOklPs34Z0o7s80k0pHv_y6POCJj1xLqWs32oTYeKGhOd_1rQ&amp;__tn__=-]K-R\"><span class=\"xt0psk2\">Gabinete Paz Igualdad Huelva<\/span><\/a> <a class=\"x1i10hfl xjbqb8w x6umtig x1b1mbwd xaqea5y xav7gou x9f619 x1ypdohk xt0psk2 xe8uvvx xdj266r x11i5rnm xat24cr x1mh8g0r xexx8yu x4uap5 x18d9i69 xkhd6sd x16tdsg8 x1hl2dhg xggy1nq x1a2a7pz xt0b8zv x1qq9wsj xo1l8bm\" role=\"link\" href=\"https:\/\/www.facebook.com\/ayuntamientodearacena?__cft__[0]=AZUW0WYk_VMpkRvOlMbZ_43eAJqXcPGiqsd2xhvR8m_bAoCHweklFnDghhpuVKXbhOdt7DlHyccpJUS5qP2bV1Kifgy_McOWwUuchuWy2LK2MNX84JBDETfKlGpu9G_IJr3hkA3Tm5cIKqaGY9nOklPs34Z0o7s80k0pHv_y6POCJj1xLqWs32oTYeKGhOd_1rQ&amp;__tn__=-]K-R\"><span class=\"xt0psk2\">Ayuntamiento Aracena<\/span><\/a> <a class=\"x1i10hfl xjbqb8w x6umtig x1b1mbwd xaqea5y xav7gou x9f619 x1ypdohk xt0psk2 xe8uvvx xdj266r x11i5rnm xat24cr x1mh8g0r xexx8yu x4uap5 x18d9i69 xkhd6sd x16tdsg8 x1hl2dhg xggy1nq x1a2a7pz xt0b8zv x1qq9wsj xo1l8bm\" role=\"link\" href=\"https:\/\/www.facebook.com\/hashtag\/erasmusplus?__eep__=6&amp;__cft__[0]=AZUW0WYk_VMpkRvOlMbZ_43eAJqXcPGiqsd2xhvR8m_bAoCHweklFnDghhpuVKXbhOdt7DlHyccpJUS5qP2bV1Kifgy_McOWwUuchuWy2LK2MNX84JBDETfKlGpu9G_IJr3hkA3Tm5cIKqaGY9nOklPs34Z0o7s80k0pHv_y6POCJj1xLqWs32oTYeKGhOd_1rQ&amp;__tn__=*NK-R\">#ErasmusPlus<\/a> <a class=\"x1i10hfl xjbqb8w x6umtig x1b1mbwd xaqea5y xav7gou x9f619 x1ypdohk xt0psk2 xe8uvvx xdj266r x11i5rnm xat24cr x1mh8g0r xexx8yu x4uap5 x18d9i69 xkhd6sd x16tdsg8 x1hl2dhg xggy1nq x1a2a7pz xt0b8zv x1qq9wsj xo1l8bm\" role=\"link\" href=\"https:\/\/www.facebook.com\/hashtag\/sepie?__eep__=6&amp;__cft__[0]=AZUW0WYk_VMpkRvOlMbZ_43eAJqXcPGiqsd2xhvR8m_bAoCHweklFnDghhpuVKXbhOdt7DlHyccpJUS5qP2bV1Kifgy_McOWwUuchuWy2LK2MNX84JBDETfKlGpu9G_IJr3hkA3Tm5cIKqaGY9nOklPs34Z0o7s80k0pHv_y6POCJj1xLqWs32oTYeKGhOd_1rQ&amp;__tn__=*NK-R\">#sepie<\/a><\/div>\n<div dir=\"auto\">&nbsp;<\/div>\n<\/div>\n<\/div>\n<\/div>\n<div dir=\"auto\" style=\"text-align: center\"><strong>ESPA\u00d1A &#8211; CRETA (29 DE ENERO &#8211; 2 DE FEBRERO)<\/strong><\/div>\n<div dir=\"auto\">\n<div class=\"xdj266r x11i5rnm xat24cr x1mh8g0r x1vvkbs x126k92a\">\n<div class=\"xdj266r x11i5rnm xat24cr x1mh8g0r x1vvkbs x126k92a\">\n<div dir=\"auto\">En esta ocasi\u00f3n, nuestras se\u00f1os: Carmen, Rosa y Prado, gracias al Programa Erasmus+, han tenido la oportunidad de viajar hasta la isla m\u00e1s grande de Grecia: CRETA.<\/div>\n<\/div>\n<div class=\"x11i5rnm xat24cr x1mh8g0r x1vvkbs xtlvy1s x126k92a\">\n<div dir=\"auto\">14 horas de viaje, con desplazamientos de todo tipo: coche, autobuses, trenes, dos aviones,&#8230; que han merecido mucho la pena.<\/div>\n<\/div>\n<div class=\"x11i5rnm xat24cr x1mh8g0r x1vvkbs xtlvy1s x126k92a\">\n<div dir=\"auto\">All\u00ed, a nuestra llegada al aeropuerto de Heraklion capital de Creta nos esperaban su directora Anna, Myrto y Tula, con un dulce y riqu\u00edsimo recibimiento.<\/div>\n<\/div>\n<div class=\"x11i5rnm xat24cr x1mh8g0r x1vvkbs xtlvy1s x126k92a\">\n<div dir=\"auto\">Durante toda la semana hemos tenido la gran oportunidad de conocer a todas las docentes del cole <span class=\"html-span xdj266r x11i5rnm xat24cr x1mh8g0r xexx8yu x4uap5 x18d9i69 xkhd6sd x1hl2dhg x16tdsg8 x1vvkbs\"><a class=\"x1i10hfl xjbqb8w x1ejq31n xd10rxx x1sy0etr x17r0tee x972fbf xcfux6l x1qhh985 xm0m39n x9f619 x1ypdohk xt0psk2 xe8uvvx xdj266r x11i5rnm xat24cr x1mh8g0r xexx8yu x4uap5 x18d9i69 xkhd6sd x16tdsg8 x1hl2dhg xggy1nq x1a2a7pz x1sur9pj xkrqix3 x1fey0fg xo1l8bm\" role=\"link\" href=\"https:\/\/www.facebook.com\/1nipagmarin?__cft__[0]=AZUejm1-dRaqGTffmMeoV2mPxIwb557bxlDk2C9O7kgy_6hvXsKRwHdkG2ZFCTy_KkZDBeSG5UNp7VHEVk8RMXzDtf1f9xYqsbSfZwARMVPo5j1hqIPdxtthjTuNiz42tUYlnISLPdMx-oknw1EFZl18gVOnAfaHXRT8bURhtILTRHx83eX4Mmdm5qTGjy5FSDNBnsfSMK3Qk-hJG8RY8Qry&amp;__tn__=-]K-R\"><span class=\"xt0psk2\">1\u03bf 6\/\u03b8\u03ad\u03c3\u03b9\u03bf \u039d\u03b7\u03c0\u03b9\u03b1\u03b3\u03c9\u03b3\u03b5\u03af\u03bf \u0391\u03b3\u03af\u03b1\u03c2 \u039c\u03b1\u03c1\u03af\u03bd\u03b1\u03c2<\/span><\/a><\/span> que nos han preparado unas bonitas clases para que observ\u00e1ramos su forma de trabajo, a unos ni\u00f1os\/as preciosos, familias maravillosas que han tenido el detalle de ir a conocernos y, de agasajarnos con presentes t\u00edpicos de su isla.<\/div>\n<\/div>\n<div class=\"x11i5rnm xat24cr x1mh8g0r x1vvkbs xtlvy1s x126k92a\">\n<div dir=\"auto\">Hemos participado en actividades institucionales, gracias por recibirnos con los brazos abiertos al Sr. Director General y al Sr. Alcalde de Mavelezi, as\u00ed como a sus equipos, con los que mantuvimos interesantes conversaciones e intercambiamos presentes de nuestras ciudades.<\/div>\n<\/div>\n<div class=\"x11i5rnm xat24cr x1mh8g0r x1vvkbs xtlvy1s x126k92a\">\n<div dir=\"auto\">Y como no, nuestras amigas y compa\u00f1eras se han encargado en todo momento de darnos a conocer su isla, sus costumbres, tradiciones, nos han ense\u00f1ado el Palacio de Knosos, el impresionante Museo Arqueol\u00f3gico de Heraklion, el Museo de M\u00fasica Tradicional Thirathen, pueblos con encanto como Anogia o Areolithos, bailes, danzas, m\u00fasica y como no, comida t\u00edpica cretense, mucha mucha comida.<\/div>\n<\/div>\n<div class=\"x11i5rnm xat24cr x1mh8g0r x1vvkbs xtlvy1s x126k92a\">\n<div dir=\"auto\">\u00a1Ah! Y nuestro querido Julian\u00edn ha hecho una nueva amiga: Erasmia, que nos ha contado muchas muchas cositas de su cole.<\/div>\n<div dir=\"auto\"><img loading=\"lazy\" decoding=\"async\" class=\"alignnone size-medium wp-image-2480\" src=\"https:\/\/blogsaverroes.juntadeandalucia.es\/eilajulianita\/files\/2024\/02\/IMG20240201151453-225x300.jpg\" alt=\"\" width=\"225\" height=\"300\" srcset=\"https:\/\/blogsaverroes.juntadeandalucia.es\/eilajulianita\/files\/2024\/02\/IMG20240201151453-225x300.jpg 225w, https:\/\/blogsaverroes.juntadeandalucia.es\/eilajulianita\/files\/2024\/02\/IMG20240201151453-768x1024.jpg 768w, https:\/\/blogsaverroes.juntadeandalucia.es\/eilajulianita\/files\/2024\/02\/IMG20240201151453-1152x1536.jpg 1152w, https:\/\/blogsaverroes.juntadeandalucia.es\/eilajulianita\/files\/2024\/02\/IMG20240201151453-1536x2048.jpg 1536w, https:\/\/blogsaverroes.juntadeandalucia.es\/eilajulianita\/files\/2024\/02\/IMG20240201151453-700x933.jpg 700w, https:\/\/blogsaverroes.juntadeandalucia.es\/eilajulianita\/files\/2024\/02\/IMG20240201151453-scaled.jpg 1920w\" sizes=\"(max-width: 225px) 100vw, 225px\" \/> <img loading=\"lazy\" decoding=\"async\" class=\"alignnone size-medium wp-image-2479\" src=\"https:\/\/blogsaverroes.juntadeandalucia.es\/eilajulianita\/files\/2024\/02\/IMG20240201142838-225x300.jpg\" alt=\"\" width=\"225\" height=\"300\" srcset=\"https:\/\/blogsaverroes.juntadeandalucia.es\/eilajulianita\/files\/2024\/02\/IMG20240201142838-225x300.jpg 225w, https:\/\/blogsaverroes.juntadeandalucia.es\/eilajulianita\/files\/2024\/02\/IMG20240201142838-768x1024.jpg 768w, https:\/\/blogsaverroes.juntadeandalucia.es\/eilajulianita\/files\/2024\/02\/IMG20240201142838-1152x1536.jpg 1152w, https:\/\/blogsaverroes.juntadeandalucia.es\/eilajulianita\/files\/2024\/02\/IMG20240201142838-1536x2048.jpg 1536w, https:\/\/blogsaverroes.juntadeandalucia.es\/eilajulianita\/files\/2024\/02\/IMG20240201142838-700x933.jpg 700w, https:\/\/blogsaverroes.juntadeandalucia.es\/eilajulianita\/files\/2024\/02\/IMG20240201142838-scaled.jpg 1920w\" sizes=\"(max-width: 225px) 100vw, 225px\" \/> <img loading=\"lazy\" decoding=\"async\" class=\"alignnone size-medium wp-image-2478\" src=\"https:\/\/blogsaverroes.juntadeandalucia.es\/eilajulianita\/files\/2024\/02\/IMG20240201140843-300x225.jpg\" alt=\"\" width=\"300\" height=\"225\" srcset=\"https:\/\/blogsaverroes.juntadeandalucia.es\/eilajulianita\/files\/2024\/02\/IMG20240201140843-300x225.jpg 300w, https:\/\/blogsaverroes.juntadeandalucia.es\/eilajulianita\/files\/2024\/02\/IMG20240201140843-1024x768.jpg 1024w, https:\/\/blogsaverroes.juntadeandalucia.es\/eilajulianita\/files\/2024\/02\/IMG20240201140843-768x576.jpg 768w, https:\/\/blogsaverroes.juntadeandalucia.es\/eilajulianita\/files\/2024\/02\/IMG20240201140843-1536x1152.jpg 1536w, https:\/\/blogsaverroes.juntadeandalucia.es\/eilajulianita\/files\/2024\/02\/IMG20240201140843-2048x1536.jpg 2048w, https:\/\/blogsaverroes.juntadeandalucia.es\/eilajulianita\/files\/2024\/02\/IMG20240201140843-700x525.jpg 700w\" sizes=\"(max-width: 300px) 100vw, 300px\" \/> <img loading=\"lazy\" decoding=\"async\" class=\"alignnone size-medium wp-image-2477\" src=\"https:\/\/blogsaverroes.juntadeandalucia.es\/eilajulianita\/files\/2024\/02\/IMG20240201115519-300x225.jpg\" alt=\"\" width=\"300\" height=\"225\" srcset=\"https:\/\/blogsaverroes.juntadeandalucia.es\/eilajulianita\/files\/2024\/02\/IMG20240201115519-300x225.jpg 300w, https:\/\/blogsaverroes.juntadeandalucia.es\/eilajulianita\/files\/2024\/02\/IMG20240201115519-1024x768.jpg 1024w, https:\/\/blogsaverroes.juntadeandalucia.es\/eilajulianita\/files\/2024\/02\/IMG20240201115519-768x576.jpg 768w, https:\/\/blogsaverroes.juntadeandalucia.es\/eilajulianita\/files\/2024\/02\/IMG20240201115519-1536x1152.jpg 1536w, https:\/\/blogsaverroes.juntadeandalucia.es\/eilajulianita\/files\/2024\/02\/IMG20240201115519-2048x1536.jpg 2048w, https:\/\/blogsaverroes.juntadeandalucia.es\/eilajulianita\/files\/2024\/02\/IMG20240201115519-700x525.jpg 700w\" sizes=\"(max-width: 300px) 100vw, 300px\" \/> <img loading=\"lazy\" decoding=\"async\" class=\"alignnone size-medium wp-image-2476\" src=\"https:\/\/blogsaverroes.juntadeandalucia.es\/eilajulianita\/files\/2024\/02\/IMG20240131172519-300x225.jpg\" alt=\"\" width=\"300\" height=\"225\" srcset=\"https:\/\/blogsaverroes.juntadeandalucia.es\/eilajulianita\/files\/2024\/02\/IMG20240131172519-300x225.jpg 300w, https:\/\/blogsaverroes.juntadeandalucia.es\/eilajulianita\/files\/2024\/02\/IMG20240131172519-1024x768.jpg 1024w, https:\/\/blogsaverroes.juntadeandalucia.es\/eilajulianita\/files\/2024\/02\/IMG20240131172519-768x576.jpg 768w, https:\/\/blogsaverroes.juntadeandalucia.es\/eilajulianita\/files\/2024\/02\/IMG20240131172519-1536x1152.jpg 1536w, https:\/\/blogsaverroes.juntadeandalucia.es\/eilajulianita\/files\/2024\/02\/IMG20240131172519-2048x1536.jpg 2048w, https:\/\/blogsaverroes.juntadeandalucia.es\/eilajulianita\/files\/2024\/02\/IMG20240131172519-700x525.jpg 700w\" sizes=\"(max-width: 300px) 100vw, 300px\" \/> <img loading=\"lazy\" decoding=\"async\" class=\"alignnone size-medium wp-image-2475\" src=\"https:\/\/blogsaverroes.juntadeandalucia.es\/eilajulianita\/files\/2024\/02\/IMG20240131144236-225x300.jpg\" alt=\"\" width=\"225\" height=\"300\" srcset=\"https:\/\/blogsaverroes.juntadeandalucia.es\/eilajulianita\/files\/2024\/02\/IMG20240131144236-225x300.jpg 225w, https:\/\/blogsaverroes.juntadeandalucia.es\/eilajulianita\/files\/2024\/02\/IMG20240131144236-768x1024.jpg 768w, https:\/\/blogsaverroes.juntadeandalucia.es\/eilajulianita\/files\/2024\/02\/IMG20240131144236-1152x1536.jpg 1152w, https:\/\/blogsaverroes.juntadeandalucia.es\/eilajulianita\/files\/2024\/02\/IMG20240131144236-1536x2048.jpg 1536w, https:\/\/blogsaverroes.juntadeandalucia.es\/eilajulianita\/files\/2024\/02\/IMG20240131144236-700x933.jpg 700w, https:\/\/blogsaverroes.juntadeandalucia.es\/eilajulianita\/files\/2024\/02\/IMG20240131144236-scaled.jpg 1920w\" sizes=\"(max-width: 225px) 100vw, 225px\" \/> <img loading=\"lazy\" decoding=\"async\" class=\"alignnone size-medium wp-image-2474\" src=\"https:\/\/blogsaverroes.juntadeandalucia.es\/eilajulianita\/files\/2024\/02\/IMG20240131143900-225x300.jpg\" alt=\"\" width=\"225\" height=\"300\" srcset=\"https:\/\/blogsaverroes.juntadeandalucia.es\/eilajulianita\/files\/2024\/02\/IMG20240131143900-225x300.jpg 225w, https:\/\/blogsaverroes.juntadeandalucia.es\/eilajulianita\/files\/2024\/02\/IMG20240131143900-768x1024.jpg 768w, https:\/\/blogsaverroes.juntadeandalucia.es\/eilajulianita\/files\/2024\/02\/IMG20240131143900-1152x1536.jpg 1152w, https:\/\/blogsaverroes.juntadeandalucia.es\/eilajulianita\/files\/2024\/02\/IMG20240131143900-1536x2048.jpg 1536w, https:\/\/blogsaverroes.juntadeandalucia.es\/eilajulianita\/files\/2024\/02\/IMG20240131143900-700x933.jpg 700w, https:\/\/blogsaverroes.juntadeandalucia.es\/eilajulianita\/files\/2024\/02\/IMG20240131143900-scaled.jpg 1920w\" sizes=\"(max-width: 225px) 100vw, 225px\" \/> <img loading=\"lazy\" decoding=\"async\" class=\"alignnone size-medium wp-image-2473\" src=\"https:\/\/blogsaverroes.juntadeandalucia.es\/eilajulianita\/files\/2024\/02\/IMG20240131142709-300x67.jpg\" alt=\"\" width=\"300\" height=\"67\" srcset=\"https:\/\/blogsaverroes.juntadeandalucia.es\/eilajulianita\/files\/2024\/02\/IMG20240131142709-300x67.jpg 300w, https:\/\/blogsaverroes.juntadeandalucia.es\/eilajulianita\/files\/2024\/02\/IMG20240131142709-1024x229.jpg 1024w, https:\/\/blogsaverroes.juntadeandalucia.es\/eilajulianita\/files\/2024\/02\/IMG20240131142709-768x172.jpg 768w, https:\/\/blogsaverroes.juntadeandalucia.es\/eilajulianita\/files\/2024\/02\/IMG20240131142709-1536x343.jpg 1536w, https:\/\/blogsaverroes.juntadeandalucia.es\/eilajulianita\/files\/2024\/02\/IMG20240131142709-2048x458.jpg 2048w, https:\/\/blogsaverroes.juntadeandalucia.es\/eilajulianita\/files\/2024\/02\/IMG20240131142709-700x156.jpg 700w\" sizes=\"(max-width: 300px) 100vw, 300px\" \/> <img loading=\"lazy\" decoding=\"async\" class=\"alignnone size-medium wp-image-2472\" src=\"https:\/\/blogsaverroes.juntadeandalucia.es\/eilajulianita\/files\/2024\/02\/IMG20240130175709_01-300x169.jpg\" alt=\"\" width=\"300\" height=\"169\" srcset=\"https:\/\/blogsaverroes.juntadeandalucia.es\/eilajulianita\/files\/2024\/02\/IMG20240130175709_01-300x169.jpg 300w, https:\/\/blogsaverroes.juntadeandalucia.es\/eilajulianita\/files\/2024\/02\/IMG20240130175709_01-1024x576.jpg 1024w, https:\/\/blogsaverroes.juntadeandalucia.es\/eilajulianita\/files\/2024\/02\/IMG20240130175709_01-768x432.jpg 768w, https:\/\/blogsaverroes.juntadeandalucia.es\/eilajulianita\/files\/2024\/02\/IMG20240130175709_01-1536x864.jpg 1536w, https:\/\/blogsaverroes.juntadeandalucia.es\/eilajulianita\/files\/2024\/02\/IMG20240130175709_01-700x393.jpg 700w, https:\/\/blogsaverroes.juntadeandalucia.es\/eilajulianita\/files\/2024\/02\/IMG20240130175709_01.jpg 1920w\" sizes=\"(max-width: 300px) 100vw, 300px\" \/> <img loading=\"lazy\" decoding=\"async\" class=\"alignnone size-medium wp-image-2471\" src=\"https:\/\/blogsaverroes.juntadeandalucia.es\/eilajulianita\/files\/2024\/02\/IMG20240130151137-300x225.jpg\" alt=\"\" width=\"300\" height=\"225\" srcset=\"https:\/\/blogsaverroes.juntadeandalucia.es\/eilajulianita\/files\/2024\/02\/IMG20240130151137-300x225.jpg 300w, https:\/\/blogsaverroes.juntadeandalucia.es\/eilajulianita\/files\/2024\/02\/IMG20240130151137-1024x768.jpg 1024w, https:\/\/blogsaverroes.juntadeandalucia.es\/eilajulianita\/files\/2024\/02\/IMG20240130151137-768x576.jpg 768w, https:\/\/blogsaverroes.juntadeandalucia.es\/eilajulianita\/files\/2024\/02\/IMG20240130151137-1536x1152.jpg 1536w, https:\/\/blogsaverroes.juntadeandalucia.es\/eilajulianita\/files\/2024\/02\/IMG20240130151137-2048x1536.jpg 2048w, https:\/\/blogsaverroes.juntadeandalucia.es\/eilajulianita\/files\/2024\/02\/IMG20240130151137-700x525.jpg 700w\" sizes=\"(max-width: 300px) 100vw, 300px\" \/> <img loading=\"lazy\" decoding=\"async\" class=\"alignnone size-medium wp-image-2470\" src=\"https:\/\/blogsaverroes.juntadeandalucia.es\/eilajulianita\/files\/2024\/02\/IMG20240130143128-300x225.jpg\" alt=\"\" width=\"300\" height=\"225\" srcset=\"https:\/\/blogsaverroes.juntadeandalucia.es\/eilajulianita\/files\/2024\/02\/IMG20240130143128-300x225.jpg 300w, https:\/\/blogsaverroes.juntadeandalucia.es\/eilajulianita\/files\/2024\/02\/IMG20240130143128-1024x768.jpg 1024w, https:\/\/blogsaverroes.juntadeandalucia.es\/eilajulianita\/files\/2024\/02\/IMG20240130143128-768x576.jpg 768w, https:\/\/blogsaverroes.juntadeandalucia.es\/eilajulianita\/files\/2024\/02\/IMG20240130143128-1536x1152.jpg 1536w, https:\/\/blogsaverroes.juntadeandalucia.es\/eilajulianita\/files\/2024\/02\/IMG20240130143128-2048x1536.jpg 2048w, https:\/\/blogsaverroes.juntadeandalucia.es\/eilajulianita\/files\/2024\/02\/IMG20240130143128-700x525.jpg 700w\" sizes=\"(max-width: 300px) 100vw, 300px\" \/> <img loading=\"lazy\" decoding=\"async\" class=\"alignnone size-medium wp-image-2469\" src=\"https:\/\/blogsaverroes.juntadeandalucia.es\/eilajulianita\/files\/2024\/02\/IMG20240130143058-225x300.jpg\" alt=\"\" width=\"225\" height=\"300\" srcset=\"https:\/\/blogsaverroes.juntadeandalucia.es\/eilajulianita\/files\/2024\/02\/IMG20240130143058-225x300.jpg 225w, https:\/\/blogsaverroes.juntadeandalucia.es\/eilajulianita\/files\/2024\/02\/IMG20240130143058-768x1024.jpg 768w, https:\/\/blogsaverroes.juntadeandalucia.es\/eilajulianita\/files\/2024\/02\/IMG20240130143058-1152x1536.jpg 1152w, https:\/\/blogsaverroes.juntadeandalucia.es\/eilajulianita\/files\/2024\/02\/IMG20240130143058-1536x2048.jpg 1536w, https:\/\/blogsaverroes.juntadeandalucia.es\/eilajulianita\/files\/2024\/02\/IMG20240130143058-700x933.jpg 700w, https:\/\/blogsaverroes.juntadeandalucia.es\/eilajulianita\/files\/2024\/02\/IMG20240130143058-scaled.jpg 1920w\" sizes=\"(max-width: 225px) 100vw, 225px\" \/> <img loading=\"lazy\" decoding=\"async\" class=\"alignnone size-medium wp-image-2468\" src=\"https:\/\/blogsaverroes.juntadeandalucia.es\/eilajulianita\/files\/2024\/02\/IMG20240130142110-225x300.jpg\" alt=\"\" width=\"225\" height=\"300\" srcset=\"https:\/\/blogsaverroes.juntadeandalucia.es\/eilajulianita\/files\/2024\/02\/IMG20240130142110-225x300.jpg 225w, https:\/\/blogsaverroes.juntadeandalucia.es\/eilajulianita\/files\/2024\/02\/IMG20240130142110-768x1024.jpg 768w, https:\/\/blogsaverroes.juntadeandalucia.es\/eilajulianita\/files\/2024\/02\/IMG20240130142110-1152x1536.jpg 1152w, https:\/\/blogsaverroes.juntadeandalucia.es\/eilajulianita\/files\/2024\/02\/IMG20240130142110-1536x2048.jpg 1536w, https:\/\/blogsaverroes.juntadeandalucia.es\/eilajulianita\/files\/2024\/02\/IMG20240130142110-700x933.jpg 700w, https:\/\/blogsaverroes.juntadeandalucia.es\/eilajulianita\/files\/2024\/02\/IMG20240130142110-scaled.jpg 1920w\" sizes=\"(max-width: 225px) 100vw, 225px\" \/> <img loading=\"lazy\" decoding=\"async\" class=\"alignnone size-medium wp-image-2467\" src=\"https:\/\/blogsaverroes.juntadeandalucia.es\/eilajulianita\/files\/2024\/02\/IMG20240130120930-225x300.jpg\" alt=\"\" width=\"225\" height=\"300\" srcset=\"https:\/\/blogsaverroes.juntadeandalucia.es\/eilajulianita\/files\/2024\/02\/IMG20240130120930-225x300.jpg 225w, https:\/\/blogsaverroes.juntadeandalucia.es\/eilajulianita\/files\/2024\/02\/IMG20240130120930-768x1024.jpg 768w, https:\/\/blogsaverroes.juntadeandalucia.es\/eilajulianita\/files\/2024\/02\/IMG20240130120930-1152x1536.jpg 1152w, https:\/\/blogsaverroes.juntadeandalucia.es\/eilajulianita\/files\/2024\/02\/IMG20240130120930-1536x2048.jpg 1536w, https:\/\/blogsaverroes.juntadeandalucia.es\/eilajulianita\/files\/2024\/02\/IMG20240130120930-700x933.jpg 700w, https:\/\/blogsaverroes.juntadeandalucia.es\/eilajulianita\/files\/2024\/02\/IMG20240130120930-scaled.jpg 1920w\" sizes=\"(max-width: 225px) 100vw, 225px\" \/> <img loading=\"lazy\" decoding=\"async\" class=\"alignnone size-medium wp-image-2466\" src=\"https:\/\/blogsaverroes.juntadeandalucia.es\/eilajulianita\/files\/2024\/02\/IMG20240130115203-300x225.jpg\" alt=\"\" width=\"300\" height=\"225\" srcset=\"https:\/\/blogsaverroes.juntadeandalucia.es\/eilajulianita\/files\/2024\/02\/IMG20240130115203-300x225.jpg 300w, https:\/\/blogsaverroes.juntadeandalucia.es\/eilajulianita\/files\/2024\/02\/IMG20240130115203-1024x768.jpg 1024w, https:\/\/blogsaverroes.juntadeandalucia.es\/eilajulianita\/files\/2024\/02\/IMG20240130115203-768x576.jpg 768w, https:\/\/blogsaverroes.juntadeandalucia.es\/eilajulianita\/files\/2024\/02\/IMG20240130115203-1536x1152.jpg 1536w, https:\/\/blogsaverroes.juntadeandalucia.es\/eilajulianita\/files\/2024\/02\/IMG20240130115203-2048x1536.jpg 2048w, https:\/\/blogsaverroes.juntadeandalucia.es\/eilajulianita\/files\/2024\/02\/IMG20240130115203-700x525.jpg 700w\" sizes=\"(max-width: 300px) 100vw, 300px\" \/> <img loading=\"lazy\" decoding=\"async\" class=\"alignnone size-medium wp-image-2465\" src=\"https:\/\/blogsaverroes.juntadeandalucia.es\/eilajulianita\/files\/2024\/02\/IMG20240130113230-300x225.jpg\" alt=\"\" width=\"300\" height=\"225\" srcset=\"https:\/\/blogsaverroes.juntadeandalucia.es\/eilajulianita\/files\/2024\/02\/IMG20240130113230-300x225.jpg 300w, https:\/\/blogsaverroes.juntadeandalucia.es\/eilajulianita\/files\/2024\/02\/IMG20240130113230-1024x768.jpg 1024w, https:\/\/blogsaverroes.juntadeandalucia.es\/eilajulianita\/files\/2024\/02\/IMG20240130113230-768x576.jpg 768w, https:\/\/blogsaverroes.juntadeandalucia.es\/eilajulianita\/files\/2024\/02\/IMG20240130113230-1536x1152.jpg 1536w, https:\/\/blogsaverroes.juntadeandalucia.es\/eilajulianita\/files\/2024\/02\/IMG20240130113230-2048x1536.jpg 2048w, https:\/\/blogsaverroes.juntadeandalucia.es\/eilajulianita\/files\/2024\/02\/IMG20240130113230-700x525.jpg 700w\" sizes=\"(max-width: 300px) 100vw, 300px\" \/> <img loading=\"lazy\" decoding=\"async\" class=\"alignnone size-medium wp-image-2464\" src=\"https:\/\/blogsaverroes.juntadeandalucia.es\/eilajulianita\/files\/2024\/02\/IMG20240130113217-300x225.jpg\" alt=\"\" width=\"300\" height=\"225\" srcset=\"https:\/\/blogsaverroes.juntadeandalucia.es\/eilajulianita\/files\/2024\/02\/IMG20240130113217-300x225.jpg 300w, https:\/\/blogsaverroes.juntadeandalucia.es\/eilajulianita\/files\/2024\/02\/IMG20240130113217-1024x768.jpg 1024w, https:\/\/blogsaverroes.juntadeandalucia.es\/eilajulianita\/files\/2024\/02\/IMG20240130113217-768x576.jpg 768w, https:\/\/blogsaverroes.juntadeandalucia.es\/eilajulianita\/files\/2024\/02\/IMG20240130113217-1536x1152.jpg 1536w, https:\/\/blogsaverroes.juntadeandalucia.es\/eilajulianita\/files\/2024\/02\/IMG20240130113217-2048x1536.jpg 2048w, https:\/\/blogsaverroes.juntadeandalucia.es\/eilajulianita\/files\/2024\/02\/IMG20240130113217-700x525.jpg 700w\" sizes=\"(max-width: 300px) 100vw, 300px\" \/> <img loading=\"lazy\" decoding=\"async\" class=\"alignnone size-medium wp-image-2463\" src=\"https:\/\/blogsaverroes.juntadeandalucia.es\/eilajulianita\/files\/2024\/02\/IMG20240129121939-300x225.jpg\" alt=\"\" width=\"300\" height=\"225\" srcset=\"https:\/\/blogsaverroes.juntadeandalucia.es\/eilajulianita\/files\/2024\/02\/IMG20240129121939-300x225.jpg 300w, https:\/\/blogsaverroes.juntadeandalucia.es\/eilajulianita\/files\/2024\/02\/IMG20240129121939-1024x768.jpg 1024w, https:\/\/blogsaverroes.juntadeandalucia.es\/eilajulianita\/files\/2024\/02\/IMG20240129121939-768x576.jpg 768w, https:\/\/blogsaverroes.juntadeandalucia.es\/eilajulianita\/files\/2024\/02\/IMG20240129121939-1536x1152.jpg 1536w, https:\/\/blogsaverroes.juntadeandalucia.es\/eilajulianita\/files\/2024\/02\/IMG20240129121939-2048x1536.jpg 2048w, https:\/\/blogsaverroes.juntadeandalucia.es\/eilajulianita\/files\/2024\/02\/IMG20240129121939-700x525.jpg 700w\" sizes=\"(max-width: 300px) 100vw, 300px\" \/> <img loading=\"lazy\" decoding=\"async\" class=\"alignnone size-medium wp-image-2462\" src=\"https:\/\/blogsaverroes.juntadeandalucia.es\/eilajulianita\/files\/2024\/02\/IMG20240129102118-300x225.jpg\" alt=\"\" width=\"300\" height=\"225\" srcset=\"https:\/\/blogsaverroes.juntadeandalucia.es\/eilajulianita\/files\/2024\/02\/IMG20240129102118-300x225.jpg 300w, https:\/\/blogsaverroes.juntadeandalucia.es\/eilajulianita\/files\/2024\/02\/IMG20240129102118-1024x768.jpg 1024w, https:\/\/blogsaverroes.juntadeandalucia.es\/eilajulianita\/files\/2024\/02\/IMG20240129102118-768x576.jpg 768w, https:\/\/blogsaverroes.juntadeandalucia.es\/eilajulianita\/files\/2024\/02\/IMG20240129102118-1536x1152.jpg 1536w, https:\/\/blogsaverroes.juntadeandalucia.es\/eilajulianita\/files\/2024\/02\/IMG20240129102118-2048x1536.jpg 2048w, https:\/\/blogsaverroes.juntadeandalucia.es\/eilajulianita\/files\/2024\/02\/IMG20240129102118-700x525.jpg 700w\" sizes=\"(max-width: 300px) 100vw, 300px\" \/> <img loading=\"lazy\" decoding=\"async\" class=\"alignnone size-medium wp-image-2461\" src=\"https:\/\/blogsaverroes.juntadeandalucia.es\/eilajulianita\/files\/2024\/02\/IMG20240128130111-300x225.jpg\" alt=\"\" width=\"300\" height=\"225\" srcset=\"https:\/\/blogsaverroes.juntadeandalucia.es\/eilajulianita\/files\/2024\/02\/IMG20240128130111-300x225.jpg 300w, https:\/\/blogsaverroes.juntadeandalucia.es\/eilajulianita\/files\/2024\/02\/IMG20240128130111-1024x768.jpg 1024w, https:\/\/blogsaverroes.juntadeandalucia.es\/eilajulianita\/files\/2024\/02\/IMG20240128130111-768x576.jpg 768w, https:\/\/blogsaverroes.juntadeandalucia.es\/eilajulianita\/files\/2024\/02\/IMG20240128130111-1536x1152.jpg 1536w, https:\/\/blogsaverroes.juntadeandalucia.es\/eilajulianita\/files\/2024\/02\/IMG20240128130111-2048x1536.jpg 2048w, https:\/\/blogsaverroes.juntadeandalucia.es\/eilajulianita\/files\/2024\/02\/IMG20240128130111-700x525.jpg 700w\" sizes=\"(max-width: 300px) 100vw, 300px\" \/> <img loading=\"lazy\" decoding=\"async\" class=\"alignnone size-medium wp-image-2460\" src=\"https:\/\/blogsaverroes.juntadeandalucia.es\/eilajulianita\/files\/2024\/02\/IMG20240128125330-225x300.jpg\" alt=\"\" width=\"225\" height=\"300\" srcset=\"https:\/\/blogsaverroes.juntadeandalucia.es\/eilajulianita\/files\/2024\/02\/IMG20240128125330-225x300.jpg 225w, https:\/\/blogsaverroes.juntadeandalucia.es\/eilajulianita\/files\/2024\/02\/IMG20240128125330-768x1024.jpg 768w, https:\/\/blogsaverroes.juntadeandalucia.es\/eilajulianita\/files\/2024\/02\/IMG20240128125330-1152x1536.jpg 1152w, https:\/\/blogsaverroes.juntadeandalucia.es\/eilajulianita\/files\/2024\/02\/IMG20240128125330-1536x2048.jpg 1536w, https:\/\/blogsaverroes.juntadeandalucia.es\/eilajulianita\/files\/2024\/02\/IMG20240128125330-700x933.jpg 700w, https:\/\/blogsaverroes.juntadeandalucia.es\/eilajulianita\/files\/2024\/02\/IMG20240128125330-scaled.jpg 1920w\" sizes=\"(max-width: 225px) 100vw, 225px\" \/> <img loading=\"lazy\" decoding=\"async\" class=\"alignnone size-medium wp-image-2459\" src=\"https:\/\/blogsaverroes.juntadeandalucia.es\/eilajulianita\/files\/2024\/02\/IMG20240128105711-300x225.jpg\" alt=\"\" width=\"300\" height=\"225\" srcset=\"https:\/\/blogsaverroes.juntadeandalucia.es\/eilajulianita\/files\/2024\/02\/IMG20240128105711-300x225.jpg 300w, https:\/\/blogsaverroes.juntadeandalucia.es\/eilajulianita\/files\/2024\/02\/IMG20240128105711-1024x768.jpg 1024w, https:\/\/blogsaverroes.juntadeandalucia.es\/eilajulianita\/files\/2024\/02\/IMG20240128105711-768x576.jpg 768w, https:\/\/blogsaverroes.juntadeandalucia.es\/eilajulianita\/files\/2024\/02\/IMG20240128105711-1536x1152.jpg 1536w, https:\/\/blogsaverroes.juntadeandalucia.es\/eilajulianita\/files\/2024\/02\/IMG20240128105711-2048x1536.jpg 2048w, https:\/\/blogsaverroes.juntadeandalucia.es\/eilajulianita\/files\/2024\/02\/IMG20240128105711-700x525.jpg 700w\" sizes=\"(max-width: 300px) 100vw, 300px\" \/> <img loading=\"lazy\" decoding=\"async\" class=\"alignnone size-medium wp-image-2458\" src=\"https:\/\/blogsaverroes.juntadeandalucia.es\/eilajulianita\/files\/2024\/02\/IMG20240128104156-225x300.jpg\" alt=\"\" width=\"225\" height=\"300\" srcset=\"https:\/\/blogsaverroes.juntadeandalucia.es\/eilajulianita\/files\/2024\/02\/IMG20240128104156-225x300.jpg 225w, https:\/\/blogsaverroes.juntadeandalucia.es\/eilajulianita\/files\/2024\/02\/IMG20240128104156-768x1024.jpg 768w, https:\/\/blogsaverroes.juntadeandalucia.es\/eilajulianita\/files\/2024\/02\/IMG20240128104156-1152x1536.jpg 1152w, https:\/\/blogsaverroes.juntadeandalucia.es\/eilajulianita\/files\/2024\/02\/IMG20240128104156-1536x2048.jpg 1536w, https:\/\/blogsaverroes.juntadeandalucia.es\/eilajulianita\/files\/2024\/02\/IMG20240128104156-700x933.jpg 700w, https:\/\/blogsaverroes.juntadeandalucia.es\/eilajulianita\/files\/2024\/02\/IMG20240128104156-scaled.jpg 1920w\" sizes=\"(max-width: 225px) 100vw, 225px\" \/> <img loading=\"lazy\" decoding=\"async\" class=\"alignnone size-medium wp-image-2457\" src=\"https:\/\/blogsaverroes.juntadeandalucia.es\/eilajulianita\/files\/2024\/02\/IMG20240128103832-300x225.jpg\" alt=\"\" width=\"300\" height=\"225\" srcset=\"https:\/\/blogsaverroes.juntadeandalucia.es\/eilajulianita\/files\/2024\/02\/IMG20240128103832-300x225.jpg 300w, https:\/\/blogsaverroes.juntadeandalucia.es\/eilajulianita\/files\/2024\/02\/IMG20240128103832-1024x768.jpg 1024w, https:\/\/blogsaverroes.juntadeandalucia.es\/eilajulianita\/files\/2024\/02\/IMG20240128103832-768x576.jpg 768w, https:\/\/blogsaverroes.juntadeandalucia.es\/eilajulianita\/files\/2024\/02\/IMG20240128103832-1536x1152.jpg 1536w, https:\/\/blogsaverroes.juntadeandalucia.es\/eilajulianita\/files\/2024\/02\/IMG20240128103832-2048x1536.jpg 2048w, https:\/\/blogsaverroes.juntadeandalucia.es\/eilajulianita\/files\/2024\/02\/IMG20240128103832-700x525.jpg 700w\" sizes=\"(max-width: 300px) 100vw, 300px\" \/> <img loading=\"lazy\" decoding=\"async\" class=\"alignnone size-medium wp-image-2456\" src=\"https:\/\/blogsaverroes.juntadeandalucia.es\/eilajulianita\/files\/2024\/02\/IMG20240128103558-225x300.jpg\" alt=\"\" width=\"225\" height=\"300\" srcset=\"https:\/\/blogsaverroes.juntadeandalucia.es\/eilajulianita\/files\/2024\/02\/IMG20240128103558-225x300.jpg 225w, https:\/\/blogsaverroes.juntadeandalucia.es\/eilajulianita\/files\/2024\/02\/IMG20240128103558-768x1024.jpg 768w, https:\/\/blogsaverroes.juntadeandalucia.es\/eilajulianita\/files\/2024\/02\/IMG20240128103558-1152x1536.jpg 1152w, https:\/\/blogsaverroes.juntadeandalucia.es\/eilajulianita\/files\/2024\/02\/IMG20240128103558-1536x2048.jpg 1536w, https:\/\/blogsaverroes.juntadeandalucia.es\/eilajulianita\/files\/2024\/02\/IMG20240128103558-700x933.jpg 700w, https:\/\/blogsaverroes.juntadeandalucia.es\/eilajulianita\/files\/2024\/02\/IMG20240128103558-scaled.jpg 1920w\" sizes=\"(max-width: 225px) 100vw, 225px\" \/> <img loading=\"lazy\" decoding=\"async\" class=\"alignnone size-medium wp-image-2455\" src=\"https:\/\/blogsaverroes.juntadeandalucia.es\/eilajulianita\/files\/2024\/02\/IMG20240127215701-300x225.jpg\" alt=\"\" width=\"300\" height=\"225\" srcset=\"https:\/\/blogsaverroes.juntadeandalucia.es\/eilajulianita\/files\/2024\/02\/IMG20240127215701-300x225.jpg 300w, https:\/\/blogsaverroes.juntadeandalucia.es\/eilajulianita\/files\/2024\/02\/IMG20240127215701-1024x768.jpg 1024w, https:\/\/blogsaverroes.juntadeandalucia.es\/eilajulianita\/files\/2024\/02\/IMG20240127215701-768x576.jpg 768w, https:\/\/blogsaverroes.juntadeandalucia.es\/eilajulianita\/files\/2024\/02\/IMG20240127215701-1536x1152.jpg 1536w, https:\/\/blogsaverroes.juntadeandalucia.es\/eilajulianita\/files\/2024\/02\/IMG20240127215701-2048x1536.jpg 2048w, https:\/\/blogsaverroes.juntadeandalucia.es\/eilajulianita\/files\/2024\/02\/IMG20240127215701-700x525.jpg 700w\" sizes=\"(max-width: 300px) 100vw, 300px\" \/> <img loading=\"lazy\" decoding=\"async\" class=\"alignnone size-medium wp-image-2454\" src=\"https:\/\/blogsaverroes.juntadeandalucia.es\/eilajulianita\/files\/2024\/02\/IMG20240127181749-300x225.jpg\" alt=\"\" width=\"300\" height=\"225\" srcset=\"https:\/\/blogsaverroes.juntadeandalucia.es\/eilajulianita\/files\/2024\/02\/IMG20240127181749-300x225.jpg 300w, https:\/\/blogsaverroes.juntadeandalucia.es\/eilajulianita\/files\/2024\/02\/IMG20240127181749-1024x768.jpg 1024w, https:\/\/blogsaverroes.juntadeandalucia.es\/eilajulianita\/files\/2024\/02\/IMG20240127181749-768x576.jpg 768w, https:\/\/blogsaverroes.juntadeandalucia.es\/eilajulianita\/files\/2024\/02\/IMG20240127181749-1536x1152.jpg 1536w, https:\/\/blogsaverroes.juntadeandalucia.es\/eilajulianita\/files\/2024\/02\/IMG20240127181749-2048x1536.jpg 2048w, https:\/\/blogsaverroes.juntadeandalucia.es\/eilajulianita\/files\/2024\/02\/IMG20240127181749-700x525.jpg 700w\" sizes=\"(max-width: 300px) 100vw, 300px\" \/> <img loading=\"lazy\" decoding=\"async\" class=\"alignnone size-medium wp-image-2453\" src=\"https:\/\/blogsaverroes.juntadeandalucia.es\/eilajulianita\/files\/2024\/02\/IMG20240127151225-300x225.jpg\" alt=\"\" width=\"300\" height=\"225\" srcset=\"https:\/\/blogsaverroes.juntadeandalucia.es\/eilajulianita\/files\/2024\/02\/IMG20240127151225-300x225.jpg 300w, https:\/\/blogsaverroes.juntadeandalucia.es\/eilajulianita\/files\/2024\/02\/IMG20240127151225-1024x768.jpg 1024w, https:\/\/blogsaverroes.juntadeandalucia.es\/eilajulianita\/files\/2024\/02\/IMG20240127151225-768x576.jpg 768w, https:\/\/blogsaverroes.juntadeandalucia.es\/eilajulianita\/files\/2024\/02\/IMG20240127151225-1536x1152.jpg 1536w, https:\/\/blogsaverroes.juntadeandalucia.es\/eilajulianita\/files\/2024\/02\/IMG20240127151225-2048x1536.jpg 2048w, https:\/\/blogsaverroes.juntadeandalucia.es\/eilajulianita\/files\/2024\/02\/IMG20240127151225-700x525.jpg 700w\" sizes=\"(max-width: 300px) 100vw, 300px\" \/> <img loading=\"lazy\" decoding=\"async\" class=\"alignnone size-medium wp-image-2452\" src=\"https:\/\/blogsaverroes.juntadeandalucia.es\/eilajulianita\/files\/2024\/02\/IMG20240127133723-300x225.jpg\" alt=\"\" width=\"300\" height=\"225\" srcset=\"https:\/\/blogsaverroes.juntadeandalucia.es\/eilajulianita\/files\/2024\/02\/IMG20240127133723-300x225.jpg 300w, https:\/\/blogsaverroes.juntadeandalucia.es\/eilajulianita\/files\/2024\/02\/IMG20240127133723-1024x768.jpg 1024w, https:\/\/blogsaverroes.juntadeandalucia.es\/eilajulianita\/files\/2024\/02\/IMG20240127133723-768x576.jpg 768w, https:\/\/blogsaverroes.juntadeandalucia.es\/eilajulianita\/files\/2024\/02\/IMG20240127133723-1536x1152.jpg 1536w, https:\/\/blogsaverroes.juntadeandalucia.es\/eilajulianita\/files\/2024\/02\/IMG20240127133723-2048x1536.jpg 2048w, https:\/\/blogsaverroes.juntadeandalucia.es\/eilajulianita\/files\/2024\/02\/IMG20240127133723-700x525.jpg 700w\" sizes=\"(max-width: 300px) 100vw, 300px\" \/> <img loading=\"lazy\" decoding=\"async\" class=\"alignnone size-medium wp-image-2451\" src=\"https:\/\/blogsaverroes.juntadeandalucia.es\/eilajulianita\/files\/2024\/02\/IMG20240127124910-300x225.jpg\" alt=\"\" width=\"300\" height=\"225\" srcset=\"https:\/\/blogsaverroes.juntadeandalucia.es\/eilajulianita\/files\/2024\/02\/IMG20240127124910-300x225.jpg 300w, https:\/\/blogsaverroes.juntadeandalucia.es\/eilajulianita\/files\/2024\/02\/IMG20240127124910-1024x768.jpg 1024w, https:\/\/blogsaverroes.juntadeandalucia.es\/eilajulianita\/files\/2024\/02\/IMG20240127124910-768x576.jpg 768w, https:\/\/blogsaverroes.juntadeandalucia.es\/eilajulianita\/files\/2024\/02\/IMG20240127124910-1536x1152.jpg 1536w, https:\/\/blogsaverroes.juntadeandalucia.es\/eilajulianita\/files\/2024\/02\/IMG20240127124910-2048x1536.jpg 2048w, https:\/\/blogsaverroes.juntadeandalucia.es\/eilajulianita\/files\/2024\/02\/IMG20240127124910-700x525.jpg 700w\" sizes=\"(max-width: 300px) 100vw, 300px\" \/><\/div>\n<\/div>\n<\/div>\n<div class=\"x11i5rnm xat24cr x1mh8g0r x1vvkbs xtlvy1s x126k92a\">\n<div dir=\"auto\">\n<div class=\"xdj266r x11i5rnm xat24cr x1mh8g0r x1vvkbs x126k92a\">\n<div dir=\"auto\">&nbsp;<\/div>\n<div dir=\"auto\" style=\"text-align: center\"><strong>JOB SHADOWING TURQU\u00cdA EN ARACENA (22\/02\/2024)<\/strong><\/div>\n<div dir=\"auto\">Dejamos por aqu\u00ed alguna de las actividades y visitas institucionales y culturales de nuestros compa\u00f1eros turcos durante su estancia con nosotros.<\/div>\n<\/div>\n<div class=\"x11i5rnm xat24cr x1mh8g0r x1vvkbs xtlvy1s x126k92a\">\n<div dir=\"auto\">&#8211; Lunes 19: gracias maestras de la @EI &#8220;la <span class=\"html-span xdj266r x11i5rnm xat24cr x1mh8g0r xexx8yu x4uap5 x18d9i69 xkhd6sd x1hl2dhg x16tdsg8 x1vvkbs\"><a class=\"x1i10hfl xjbqb8w x1ejq31n xd10rxx x1sy0etr x17r0tee x972fbf xcfux6l x1qhh985 xm0m39n x9f619 x1ypdohk xt0psk2 xe8uvvx xdj266r x11i5rnm xat24cr x1mh8g0r xexx8yu x4uap5 x18d9i69 xkhd6sd x16tdsg8 x1hl2dhg xggy1nq x1a2a7pz x1sur9pj xkrqix3 x1fey0fg xo1l8bm\" role=\"link\" href=\"https:\/\/www.facebook.com\/profile.php?id=100055657225577&amp;__cft__[0]=AZVUMRzmGLBCYG51F2ACKhEHCXogTmoC5u3sFVfLUbx0KXWqbRNzRnUdQNCM3GvvJLOn-YKzdIKb9IswXGv0mG2TRPYTtq9fpJAfO0TfU_I7fuN9nqjUWLehw-qZVCCyX-qXFRH5RPM25Jg73ddq1nI5SsdETFguCKcgh79tDTziXll4IkSVkWoORXKv3kq9w9J3gP2LenKtNdH3Y1eCDntT&amp;__tn__=-]K-R\"><span class=\"xt0psk2\">E.I &#8220;La Julianita&#8221;<\/span><\/a><\/span> y maestros del @IES &#8220;SanBlas&#8221;, por acompa\u00f1arlos a conocer nuestra preciosa Sierra. Y a Manuel \u00c1ngel de Almonaster la Real, por hacernos un fant\u00e1stico tour guiado.<\/div>\n<\/div>\n<div class=\"x11i5rnm xat24cr x1mh8g0r x1vvkbs xtlvy1s x126k92a\">\n<div dir=\"auto\">&#8211; Martes 20: gracias al <span class=\"html-span xdj266r x11i5rnm xat24cr x1mh8g0r xexx8yu x4uap5 x18d9i69 xkhd6sd x1hl2dhg x16tdsg8 x1vvkbs\"><a class=\"x1i10hfl xjbqb8w x1ejq31n xd10rxx x1sy0etr x17r0tee x972fbf xcfux6l x1qhh985 xm0m39n x9f619 x1ypdohk xt0psk2 xe8uvvx xdj266r x11i5rnm xat24cr x1mh8g0r xexx8yu x4uap5 x18d9i69 xkhd6sd x16tdsg8 x1hl2dhg xggy1nq x1a2a7pz x1sur9pj xkrqix3 x1fey0fg xo1l8bm\" role=\"link\" href=\"https:\/\/www.facebook.com\/CEP.Aracena?__cft__[0]=AZVUMRzmGLBCYG51F2ACKhEHCXogTmoC5u3sFVfLUbx0KXWqbRNzRnUdQNCM3GvvJLOn-YKzdIKb9IswXGv0mG2TRPYTtq9fpJAfO0TfU_I7fuN9nqjUWLehw-qZVCCyX-qXFRH5RPM25Jg73ddq1nI5SsdETFguCKcgh79tDTziXll4IkSVkWoORXKv3kq9w9J3gP2LenKtNdH3Y1eCDntT&amp;__tn__=-]K-R\"><span class=\"xt0psk2\">CEP Aracena<\/span><\/a><\/span>, por recibirlos y brindarles la oportunidad de experimentar en el Aula del Futuro.<\/div>\n<div dir=\"auto\">Tambi\u00e9n hemos tenido la oportunidad de visitar el <span class=\"html-span xdj266r x11i5rnm xat24cr x1mh8g0r xexx8yu x4uap5 x18d9i69 xkhd6sd x1hl2dhg x16tdsg8 x1vvkbs\"><a class=\"x1i10hfl xjbqb8w x1ejq31n xd10rxx x1sy0etr x17r0tee x972fbf xcfux6l x1qhh985 xm0m39n x9f619 x1ypdohk xt0psk2 xe8uvvx xdj266r x11i5rnm xat24cr x1mh8g0r xexx8yu x4uap5 x18d9i69 xkhd6sd x16tdsg8 x1hl2dhg xggy1nq x1a2a7pz x1sur9pj xkrqix3 x1fey0fg xo1l8bm\" role=\"link\" href=\"https:\/\/www.facebook.com\/profile.php?id=100067003505124&amp;__cft__[0]=AZVUMRzmGLBCYG51F2ACKhEHCXogTmoC5u3sFVfLUbx0KXWqbRNzRnUdQNCM3GvvJLOn-YKzdIKb9IswXGv0mG2TRPYTtq9fpJAfO0TfU_I7fuN9nqjUWLehw-qZVCCyX-qXFRH5RPM25Jg73ddq1nI5SsdETFguCKcgh79tDTziXll4IkSVkWoORXKv3kq9w9J3gP2LenKtNdH3Y1eCDntT&amp;__tn__=-]K-R\"><span class=\"xt0psk2\">Museo Minero de Riotinto<\/span><\/a><\/span>, gracias Sa\u00fal por las atenciones recibidas.<\/div>\n<\/div>\n<div class=\"x11i5rnm xat24cr x1mh8g0r x1vvkbs xtlvy1s x126k92a\">\n<div dir=\"auto\">. Mi\u00e9rcoles 21: gracias a nuestro Se\u00f1or Delegado Territorial <span class=\"html-span xdj266r x11i5rnm xat24cr x1mh8g0r xexx8yu x4uap5 x18d9i69 xkhd6sd x1hl2dhg x16tdsg8 x1vvkbs\"><a class=\"x1i10hfl xjbqb8w x1ejq31n xd10rxx x1sy0etr x17r0tee x972fbf xcfux6l x1qhh985 xm0m39n x9f619 x1ypdohk xt0psk2 xe8uvvx xdj266r x11i5rnm xat24cr x1mh8g0r xexx8yu x4uap5 x18d9i69 xkhd6sd x16tdsg8 x1hl2dhg xggy1nq x1a2a7pz x1sur9pj xkrqix3 x1fey0fg xo1l8bm\" role=\"link\" href=\"https:\/\/www.facebook.com\/carlos.sorianogarcia.33?__cft__[0]=AZVUMRzmGLBCYG51F2ACKhEHCXogTmoC5u3sFVfLUbx0KXWqbRNzRnUdQNCM3GvvJLOn-YKzdIKb9IswXGv0mG2TRPYTtq9fpJAfO0TfU_I7fuN9nqjUWLehw-qZVCCyX-qXFRH5RPM25Jg73ddq1nI5SsdETFguCKcgh79tDTziXll4IkSVkWoORXKv3kq9w9J3gP2LenKtNdH3Y1eCDntT&amp;__tn__=-]K-R\"><span class=\"xt0psk2\">Carlos Soriano Garc\u00eda<\/span><\/a><\/span> y a su equipo por recibirlos en la Delegaci\u00f3n Territorial, fue un encuentro muy emotivo, y bonito donde intercambiamos diversas experiencias educativas y opiniones sobre nuestros sistemas educativos, adem\u00e1s de intercambios de presentes de ambos pa\u00edses. Os dejamos el reel publicado por nuestro Delegado en este enlace: <span class=\"html-span xdj266r x11i5rnm xat24cr x1mh8g0r xexx8yu x4uap5 x18d9i69 xkhd6sd x1hl2dhg x16tdsg8 x1vvkbs\"><a class=\"x1i10hfl xjbqb8w x1ejq31n xd10rxx x1sy0etr x17r0tee x972fbf xcfux6l x1qhh985 xm0m39n x9f619 x1ypdohk xt0psk2 xe8uvvx xdj266r x11i5rnm xat24cr x1mh8g0r xexx8yu x4uap5 x18d9i69 xkhd6sd x16tdsg8 x1hl2dhg xggy1nq x1a2a7pz x1sur9pj xkrqix3 xzsf02u x1s688f\" role=\"link\" href=\"https:\/\/www.facebook.com\/reel\/742229574543648?__cft__[0]=AZVUMRzmGLBCYG51F2ACKhEHCXogTmoC5u3sFVfLUbx0KXWqbRNzRnUdQNCM3GvvJLOn-YKzdIKb9IswXGv0mG2TRPYTtq9fpJAfO0TfU_I7fuN9nqjUWLehw-qZVCCyX-qXFRH5RPM25Jg73ddq1nI5SsdETFguCKcgh79tDTziXll4IkSVkWoORXKv3kq9w9J3gP2LenKtNdH3Y1eCDntT&amp;__tn__=-UK-R\">https:\/\/www.facebook.com\/reel\/742229574543648<\/a><\/span> y de la publicaci\u00f3n hecha en la p\u00e1gina de Delegaci\u00f3n del Gobierno de Huelva: <span class=\"html-span xdj266r x11i5rnm xat24cr x1mh8g0r xexx8yu x4uap5 x18d9i69 xkhd6sd x1hl2dhg x16tdsg8 x1vvkbs\"><a class=\"x1i10hfl xjbqb8w x1ejq31n xd10rxx x1sy0etr x17r0tee x972fbf xcfux6l x1qhh985 xm0m39n x9f619 x1ypdohk xt0psk2 xe8uvvx xdj266r x11i5rnm xat24cr x1mh8g0r xexx8yu x4uap5 x18d9i69 xkhd6sd x16tdsg8 x1hl2dhg xggy1nq x1a2a7pz x1sur9pj xkrqix3 xzsf02u x1s688f\" role=\"link\" href=\"https:\/\/www.facebook.com\/HuelvaJunta\/posts\/pfbid02fHHxAdrDXW1jysbs5KPsX8agU4qsKKTaue5Hh14jw7nr8moqkmWxmJ1PimWmwda3l?__cft__[0]=AZVUMRzmGLBCYG51F2ACKhEHCXogTmoC5u3sFVfLUbx0KXWqbRNzRnUdQNCM3GvvJLOn-YKzdIKb9IswXGv0mG2TRPYTtq9fpJAfO0TfU_I7fuN9nqjUWLehw-qZVCCyX-qXFRH5RPM25Jg73ddq1nI5SsdETFguCKcgh79tDTziXll4IkSVkWoORXKv3kq9w9J3gP2LenKtNdH3Y1eCDntT&amp;__tn__=-UK-R\">https:\/\/www.facebook.com\/HuelvaJunta\/posts\/709912777979491?ref=embed_post<\/a><\/span><\/div>\n<\/div>\n<div class=\"x11i5rnm xat24cr x1mh8g0r x1vvkbs xtlvy1s x126k92a\">\n<div dir=\"auto\">Por supuesto, mil gracias al director del colegio <span class=\"html-span xdj266r x11i5rnm xat24cr x1mh8g0r xexx8yu x4uap5 x18d9i69 xkhd6sd x1hl2dhg x16tdsg8 x1vvkbs\"><a class=\"x1i10hfl xjbqb8w x1ejq31n xd10rxx x1sy0etr x17r0tee x972fbf xcfux6l x1qhh985 xm0m39n x9f619 x1ypdohk xt0psk2 xe8uvvx xdj266r x11i5rnm xat24cr x1mh8g0r xexx8yu x4uap5 x18d9i69 xkhd6sd x16tdsg8 x1hl2dhg xggy1nq x1a2a7pz x1sur9pj xkrqix3 x1fey0fg xo1l8bm\" role=\"link\" href=\"https:\/\/www.facebook.com\/profile.php?id=100094098438966&amp;__cft__[0]=AZVUMRzmGLBCYG51F2ACKhEHCXogTmoC5u3sFVfLUbx0KXWqbRNzRnUdQNCM3GvvJLOn-YKzdIKb9IswXGv0mG2TRPYTtq9fpJAfO0TfU_I7fuN9nqjUWLehw-qZVCCyX-qXFRH5RPM25Jg73ddq1nI5SsdETFguCKcgh79tDTziXll4IkSVkWoORXKv3kq9w9J3gP2LenKtNdH3Y1eCDntT&amp;__tn__=-]K-R\"><span class=\"xt0psk2\">CEIP Nuevo Ensanche Sur<\/span><\/a><\/span>, por abrirnos las puertas de su cole y permitirles observar pr\u00e1cticas en infantil y primaria.<\/div>\n<\/div>\n<div class=\"x11i5rnm xat24cr x1mh8g0r x1vvkbs xtlvy1s x126k92a\">\n<div dir=\"auto\">&#8211; Jueves 22: y Gracias a nuestro <span class=\"html-span xdj266r x11i5rnm xat24cr x1mh8g0r xexx8yu x4uap5 x18d9i69 xkhd6sd x1hl2dhg x16tdsg8 x1vvkbs\"><a class=\"x1i10hfl xjbqb8w x1ejq31n xd10rxx x1sy0etr x17r0tee x972fbf xcfux6l x1qhh985 xm0m39n x9f619 x1ypdohk xt0psk2 xe8uvvx xdj266r x11i5rnm xat24cr x1mh8g0r xexx8yu x4uap5 x18d9i69 xkhd6sd x16tdsg8 x1hl2dhg xggy1nq x1a2a7pz x1sur9pj xkrqix3 x1fey0fg xo1l8bm\" role=\"link\" href=\"https:\/\/www.facebook.com\/ayuntamientodearacena?__cft__[0]=AZVUMRzmGLBCYG51F2ACKhEHCXogTmoC5u3sFVfLUbx0KXWqbRNzRnUdQNCM3GvvJLOn-YKzdIKb9IswXGv0mG2TRPYTtq9fpJAfO0TfU_I7fuN9nqjUWLehw-qZVCCyX-qXFRH5RPM25Jg73ddq1nI5SsdETFguCKcgh79tDTziXll4IkSVkWoORXKv3kq9w9J3gP2LenKtNdH3Y1eCDntT&amp;__tn__=-]K-R\"><span class=\"xt0psk2\">Ayuntamiento Aracena<\/span><\/a><\/span>, donde nuestro Alcalde y Concejala de Educaci\u00f3n tambi\u00e9n los recibieron con mucho cari\u00f1o. Y a <span class=\"html-span xdj266r x11i5rnm xat24cr x1mh8g0r xexx8yu x4uap5 x18d9i69 xkhd6sd x1hl2dhg x16tdsg8 x1vvkbs\"><a class=\"x1i10hfl xjbqb8w x1ejq31n xd10rxx x1sy0etr x17r0tee x972fbf xcfux6l x1qhh985 xm0m39n x9f619 x1ypdohk xt0psk2 xe8uvvx xdj266r x11i5rnm xat24cr x1mh8g0r xexx8yu x4uap5 x18d9i69 xkhd6sd x16tdsg8 x1hl2dhg xggy1nq x1a2a7pz x1sur9pj xkrqix3 x1fey0fg xo1l8bm\" role=\"link\" href=\"https:\/\/www.facebook.com\/TVAracena?__cft__[0]=AZVUMRzmGLBCYG51F2ACKhEHCXogTmoC5u3sFVfLUbx0KXWqbRNzRnUdQNCM3GvvJLOn-YKzdIKb9IswXGv0mG2TRPYTtq9fpJAfO0TfU_I7fuN9nqjUWLehw-qZVCCyX-qXFRH5RPM25Jg73ddq1nI5SsdETFguCKcgh79tDTziXll4IkSVkWoORXKv3kq9w9J3gP2LenKtNdH3Y1eCDntT&amp;__tn__=-]K-R\"><span class=\"xt0psk2\">TeleAracena<\/span><\/a><\/span>, por su entrevista y difusi\u00f3n de esta actividad. Aqu\u00ed dejamos tambi\u00e9n el enlace de la publicaci\u00f3n de nuestro ayuntamiento: <span class=\"html-span xdj266r x11i5rnm xat24cr x1mh8g0r xexx8yu x4uap5 x18d9i69 xkhd6sd x1hl2dhg x16tdsg8 x1vvkbs\"><a class=\"x1i10hfl xjbqb8w x1ejq31n xd10rxx x1sy0etr x17r0tee x972fbf xcfux6l x1qhh985 xm0m39n x9f619 x1ypdohk xt0psk2 xe8uvvx xdj266r x11i5rnm xat24cr x1mh8g0r xexx8yu x4uap5 x18d9i69 xkhd6sd x16tdsg8 x1hl2dhg xggy1nq x1a2a7pz x1sur9pj xkrqix3 xzsf02u x1s688f\" role=\"link\" href=\"https:\/\/www.facebook.com\/reel\/1549577392563364?__cft__[0]=AZVUMRzmGLBCYG51F2ACKhEHCXogTmoC5u3sFVfLUbx0KXWqbRNzRnUdQNCM3GvvJLOn-YKzdIKb9IswXGv0mG2TRPYTtq9fpJAfO0TfU_I7fuN9nqjUWLehw-qZVCCyX-qXFRH5RPM25Jg73ddq1nI5SsdETFguCKcgh79tDTziXll4IkSVkWoORXKv3kq9w9J3gP2LenKtNdH3Y1eCDntT&amp;__tn__=-UK-R\">https:\/\/www.facebook.com\/reel\/1549577392563364<\/a><\/span><\/div>\n<\/div>\n<div class=\"x11i5rnm xat24cr x1mh8g0r x1vvkbs xtlvy1s x126k92a\">\n<div dir=\"auto\">Un mill\u00f3n de gracias a todos por haberlos hechos sentir como en casa, igual que ellos hicieron con nosotras cuando visitamos su pa\u00eds y colegio en octubre de 2023.<\/div>\n<\/div>\n<\/div>\n<\/div>\n<\/div>\n<div dir=\"auto\"><img loading=\"lazy\" decoding=\"async\" class=\"alignnone size-medium wp-image-2648\" src=\"https:\/\/blogsaverroes.juntadeandalucia.es\/eilajulianita\/files\/2024\/03\/IMG20240220185244-300x225.jpg\" alt=\"\" width=\"300\" height=\"225\" srcset=\"https:\/\/blogsaverroes.juntadeandalucia.es\/eilajulianita\/files\/2024\/03\/IMG20240220185244-300x225.jpg 300w, https:\/\/blogsaverroes.juntadeandalucia.es\/eilajulianita\/files\/2024\/03\/IMG20240220185244-1024x768.jpg 1024w, https:\/\/blogsaverroes.juntadeandalucia.es\/eilajulianita\/files\/2024\/03\/IMG20240220185244-768x576.jpg 768w, https:\/\/blogsaverroes.juntadeandalucia.es\/eilajulianita\/files\/2024\/03\/IMG20240220185244-1536x1152.jpg 1536w, https:\/\/blogsaverroes.juntadeandalucia.es\/eilajulianita\/files\/2024\/03\/IMG20240220185244-2048x1536.jpg 2048w, https:\/\/blogsaverroes.juntadeandalucia.es\/eilajulianita\/files\/2024\/03\/IMG20240220185244-700x525.jpg 700w\" sizes=\"(max-width: 300px) 100vw, 300px\" \/> <img loading=\"lazy\" decoding=\"async\" class=\"alignnone size-medium wp-image-2647\" src=\"https:\/\/blogsaverroes.juntadeandalucia.es\/eilajulianita\/files\/2024\/03\/IMG20240220182201-300x225.jpg\" alt=\"\" width=\"300\" height=\"225\" srcset=\"https:\/\/blogsaverroes.juntadeandalucia.es\/eilajulianita\/files\/2024\/03\/IMG20240220182201-300x225.jpg 300w, https:\/\/blogsaverroes.juntadeandalucia.es\/eilajulianita\/files\/2024\/03\/IMG20240220182201-1024x768.jpg 1024w, https:\/\/blogsaverroes.juntadeandalucia.es\/eilajulianita\/files\/2024\/03\/IMG20240220182201-768x576.jpg 768w, https:\/\/blogsaverroes.juntadeandalucia.es\/eilajulianita\/files\/2024\/03\/IMG20240220182201-1536x1152.jpg 1536w, https:\/\/blogsaverroes.juntadeandalucia.es\/eilajulianita\/files\/2024\/03\/IMG20240220182201-2048x1536.jpg 2048w, https:\/\/blogsaverroes.juntadeandalucia.es\/eilajulianita\/files\/2024\/03\/IMG20240220182201-700x525.jpg 700w\" sizes=\"(max-width: 300px) 100vw, 300px\" \/> <img loading=\"lazy\" decoding=\"async\" class=\"alignnone size-medium wp-image-2646\" src=\"https:\/\/blogsaverroes.juntadeandalucia.es\/eilajulianita\/files\/2024\/03\/IMG20240220181948-300x225.jpg\" alt=\"\" width=\"300\" height=\"225\" srcset=\"https:\/\/blogsaverroes.juntadeandalucia.es\/eilajulianita\/files\/2024\/03\/IMG20240220181948-300x225.jpg 300w, https:\/\/blogsaverroes.juntadeandalucia.es\/eilajulianita\/files\/2024\/03\/IMG20240220181948-1024x768.jpg 1024w, https:\/\/blogsaverroes.juntadeandalucia.es\/eilajulianita\/files\/2024\/03\/IMG20240220181948-768x576.jpg 768w, https:\/\/blogsaverroes.juntadeandalucia.es\/eilajulianita\/files\/2024\/03\/IMG20240220181948-1536x1152.jpg 1536w, https:\/\/blogsaverroes.juntadeandalucia.es\/eilajulianita\/files\/2024\/03\/IMG20240220181948-2048x1536.jpg 2048w, https:\/\/blogsaverroes.juntadeandalucia.es\/eilajulianita\/files\/2024\/03\/IMG20240220181948-700x525.jpg 700w\" sizes=\"(max-width: 300px) 100vw, 300px\" \/> <img loading=\"lazy\" decoding=\"async\" class=\"alignnone size-medium wp-image-2645\" src=\"https:\/\/blogsaverroes.juntadeandalucia.es\/eilajulianita\/files\/2024\/03\/IMG20240220181924-225x300.jpg\" alt=\"\" width=\"225\" height=\"300\" srcset=\"https:\/\/blogsaverroes.juntadeandalucia.es\/eilajulianita\/files\/2024\/03\/IMG20240220181924-225x300.jpg 225w, https:\/\/blogsaverroes.juntadeandalucia.es\/eilajulianita\/files\/2024\/03\/IMG20240220181924-768x1024.jpg 768w, https:\/\/blogsaverroes.juntadeandalucia.es\/eilajulianita\/files\/2024\/03\/IMG20240220181924-1152x1536.jpg 1152w, https:\/\/blogsaverroes.juntadeandalucia.es\/eilajulianita\/files\/2024\/03\/IMG20240220181924-1536x2048.jpg 1536w, https:\/\/blogsaverroes.juntadeandalucia.es\/eilajulianita\/files\/2024\/03\/IMG20240220181924-700x933.jpg 700w, https:\/\/blogsaverroes.juntadeandalucia.es\/eilajulianita\/files\/2024\/03\/IMG20240220181924-scaled.jpg 1920w\" sizes=\"(max-width: 225px) 100vw, 225px\" \/> <img loading=\"lazy\" decoding=\"async\" class=\"alignnone size-medium wp-image-2644\" src=\"https:\/\/blogsaverroes.juntadeandalucia.es\/eilajulianita\/files\/2024\/03\/IMG20240220175726-300x225.jpg\" alt=\"\" width=\"300\" height=\"225\" srcset=\"https:\/\/blogsaverroes.juntadeandalucia.es\/eilajulianita\/files\/2024\/03\/IMG20240220175726-300x225.jpg 300w, https:\/\/blogsaverroes.juntadeandalucia.es\/eilajulianita\/files\/2024\/03\/IMG20240220175726-1024x768.jpg 1024w, https:\/\/blogsaverroes.juntadeandalucia.es\/eilajulianita\/files\/2024\/03\/IMG20240220175726-768x576.jpg 768w, https:\/\/blogsaverroes.juntadeandalucia.es\/eilajulianita\/files\/2024\/03\/IMG20240220175726-1536x1152.jpg 1536w, https:\/\/blogsaverroes.juntadeandalucia.es\/eilajulianita\/files\/2024\/03\/IMG20240220175726-2048x1536.jpg 2048w, https:\/\/blogsaverroes.juntadeandalucia.es\/eilajulianita\/files\/2024\/03\/IMG20240220175726-700x525.jpg 700w\" sizes=\"(max-width: 300px) 100vw, 300px\" \/> <img loading=\"lazy\" decoding=\"async\" class=\"alignnone size-medium wp-image-2643\" src=\"https:\/\/blogsaverroes.juntadeandalucia.es\/eilajulianita\/files\/2024\/03\/IMG20240220142741-300x225.jpg\" alt=\"\" width=\"300\" height=\"225\" srcset=\"https:\/\/blogsaverroes.juntadeandalucia.es\/eilajulianita\/files\/2024\/03\/IMG20240220142741-300x225.jpg 300w, https:\/\/blogsaverroes.juntadeandalucia.es\/eilajulianita\/files\/2024\/03\/IMG20240220142741-1024x768.jpg 1024w, https:\/\/blogsaverroes.juntadeandalucia.es\/eilajulianita\/files\/2024\/03\/IMG20240220142741-768x576.jpg 768w, https:\/\/blogsaverroes.juntadeandalucia.es\/eilajulianita\/files\/2024\/03\/IMG20240220142741-1536x1152.jpg 1536w, https:\/\/blogsaverroes.juntadeandalucia.es\/eilajulianita\/files\/2024\/03\/IMG20240220142741-2048x1536.jpg 2048w, https:\/\/blogsaverroes.juntadeandalucia.es\/eilajulianita\/files\/2024\/03\/IMG20240220142741-700x525.jpg 700w\" sizes=\"(max-width: 300px) 100vw, 300px\" \/> <img loading=\"lazy\" decoding=\"async\" class=\"alignnone size-medium wp-image-2642\" src=\"https:\/\/blogsaverroes.juntadeandalucia.es\/eilajulianita\/files\/2024\/03\/IMG20240220114352-300x225.jpg\" alt=\"\" width=\"300\" height=\"225\" srcset=\"https:\/\/blogsaverroes.juntadeandalucia.es\/eilajulianita\/files\/2024\/03\/IMG20240220114352-300x225.jpg 300w, https:\/\/blogsaverroes.juntadeandalucia.es\/eilajulianita\/files\/2024\/03\/IMG20240220114352-1024x768.jpg 1024w, https:\/\/blogsaverroes.juntadeandalucia.es\/eilajulianita\/files\/2024\/03\/IMG20240220114352-768x576.jpg 768w, https:\/\/blogsaverroes.juntadeandalucia.es\/eilajulianita\/files\/2024\/03\/IMG20240220114352-1536x1152.jpg 1536w, https:\/\/blogsaverroes.juntadeandalucia.es\/eilajulianita\/files\/2024\/03\/IMG20240220114352-2048x1536.jpg 2048w, https:\/\/blogsaverroes.juntadeandalucia.es\/eilajulianita\/files\/2024\/03\/IMG20240220114352-700x525.jpg 700w\" sizes=\"(max-width: 300px) 100vw, 300px\" \/> <img loading=\"lazy\" decoding=\"async\" class=\"alignnone size-medium wp-image-2641\" src=\"https:\/\/blogsaverroes.juntadeandalucia.es\/eilajulianita\/files\/2024\/03\/IMG20240219192638-225x300.jpg\" alt=\"\" width=\"225\" height=\"300\" srcset=\"https:\/\/blogsaverroes.juntadeandalucia.es\/eilajulianita\/files\/2024\/03\/IMG20240219192638-225x300.jpg 225w, https:\/\/blogsaverroes.juntadeandalucia.es\/eilajulianita\/files\/2024\/03\/IMG20240219192638-768x1024.jpg 768w, https:\/\/blogsaverroes.juntadeandalucia.es\/eilajulianita\/files\/2024\/03\/IMG20240219192638-1152x1536.jpg 1152w, https:\/\/blogsaverroes.juntadeandalucia.es\/eilajulianita\/files\/2024\/03\/IMG20240219192638-1536x2048.jpg 1536w, https:\/\/blogsaverroes.juntadeandalucia.es\/eilajulianita\/files\/2024\/03\/IMG20240219192638-700x933.jpg 700w, https:\/\/blogsaverroes.juntadeandalucia.es\/eilajulianita\/files\/2024\/03\/IMG20240219192638-scaled.jpg 1920w\" sizes=\"(max-width: 225px) 100vw, 225px\" \/> <img loading=\"lazy\" decoding=\"async\" class=\"alignnone size-medium wp-image-2640\" src=\"https:\/\/blogsaverroes.juntadeandalucia.es\/eilajulianita\/files\/2024\/03\/IMG20240219192211-225x300.jpg\" alt=\"\" width=\"225\" height=\"300\" srcset=\"https:\/\/blogsaverroes.juntadeandalucia.es\/eilajulianita\/files\/2024\/03\/IMG20240219192211-225x300.jpg 225w, https:\/\/blogsaverroes.juntadeandalucia.es\/eilajulianita\/files\/2024\/03\/IMG20240219192211-768x1024.jpg 768w, https:\/\/blogsaverroes.juntadeandalucia.es\/eilajulianita\/files\/2024\/03\/IMG20240219192211-1152x1536.jpg 1152w, https:\/\/blogsaverroes.juntadeandalucia.es\/eilajulianita\/files\/2024\/03\/IMG20240219192211-1536x2048.jpg 1536w, https:\/\/blogsaverroes.juntadeandalucia.es\/eilajulianita\/files\/2024\/03\/IMG20240219192211-700x933.jpg 700w, https:\/\/blogsaverroes.juntadeandalucia.es\/eilajulianita\/files\/2024\/03\/IMG20240219192211-scaled.jpg 1920w\" sizes=\"(max-width: 225px) 100vw, 225px\" \/> <img loading=\"lazy\" decoding=\"async\" class=\"alignnone size-medium wp-image-2639\" src=\"https:\/\/blogsaverroes.juntadeandalucia.es\/eilajulianita\/files\/2024\/03\/IMG20240219191007-225x300.jpg\" alt=\"\" width=\"225\" height=\"300\" srcset=\"https:\/\/blogsaverroes.juntadeandalucia.es\/eilajulianita\/files\/2024\/03\/IMG20240219191007-225x300.jpg 225w, https:\/\/blogsaverroes.juntadeandalucia.es\/eilajulianita\/files\/2024\/03\/IMG20240219191007-768x1024.jpg 768w, https:\/\/blogsaverroes.juntadeandalucia.es\/eilajulianita\/files\/2024\/03\/IMG20240219191007-1152x1536.jpg 1152w, https:\/\/blogsaverroes.juntadeandalucia.es\/eilajulianita\/files\/2024\/03\/IMG20240219191007-1536x2048.jpg 1536w, https:\/\/blogsaverroes.juntadeandalucia.es\/eilajulianita\/files\/2024\/03\/IMG20240219191007-700x933.jpg 700w, https:\/\/blogsaverroes.juntadeandalucia.es\/eilajulianita\/files\/2024\/03\/IMG20240219191007-scaled.jpg 1920w\" sizes=\"(max-width: 225px) 100vw, 225px\" \/> <img loading=\"lazy\" decoding=\"async\" class=\"alignnone size-medium wp-image-2638\" src=\"https:\/\/blogsaverroes.juntadeandalucia.es\/eilajulianita\/files\/2024\/03\/IMG20240219190256-225x300.jpg\" alt=\"\" width=\"225\" height=\"300\" srcset=\"https:\/\/blogsaverroes.juntadeandalucia.es\/eilajulianita\/files\/2024\/03\/IMG20240219190256-225x300.jpg 225w, https:\/\/blogsaverroes.juntadeandalucia.es\/eilajulianita\/files\/2024\/03\/IMG20240219190256-768x1024.jpg 768w, https:\/\/blogsaverroes.juntadeandalucia.es\/eilajulianita\/files\/2024\/03\/IMG20240219190256-1152x1536.jpg 1152w, https:\/\/blogsaverroes.juntadeandalucia.es\/eilajulianita\/files\/2024\/03\/IMG20240219190256-1536x2048.jpg 1536w, https:\/\/blogsaverroes.juntadeandalucia.es\/eilajulianita\/files\/2024\/03\/IMG20240219190256-700x933.jpg 700w, https:\/\/blogsaverroes.juntadeandalucia.es\/eilajulianita\/files\/2024\/03\/IMG20240219190256-scaled.jpg 1920w\" sizes=\"(max-width: 225px) 100vw, 225px\" \/> <img loading=\"lazy\" decoding=\"async\" class=\"alignnone size-medium wp-image-2637\" src=\"https:\/\/blogsaverroes.juntadeandalucia.es\/eilajulianita\/files\/2024\/03\/IMG20240219184838-300x225.jpg\" alt=\"\" width=\"300\" height=\"225\" srcset=\"https:\/\/blogsaverroes.juntadeandalucia.es\/eilajulianita\/files\/2024\/03\/IMG20240219184838-300x225.jpg 300w, https:\/\/blogsaverroes.juntadeandalucia.es\/eilajulianita\/files\/2024\/03\/IMG20240219184838-1024x768.jpg 1024w, https:\/\/blogsaverroes.juntadeandalucia.es\/eilajulianita\/files\/2024\/03\/IMG20240219184838-768x576.jpg 768w, https:\/\/blogsaverroes.juntadeandalucia.es\/eilajulianita\/files\/2024\/03\/IMG20240219184838-1536x1152.jpg 1536w, https:\/\/blogsaverroes.juntadeandalucia.es\/eilajulianita\/files\/2024\/03\/IMG20240219184838-2048x1536.jpg 2048w, https:\/\/blogsaverroes.juntadeandalucia.es\/eilajulianita\/files\/2024\/03\/IMG20240219184838-700x525.jpg 700w\" sizes=\"(max-width: 300px) 100vw, 300px\" \/> <img loading=\"lazy\" decoding=\"async\" class=\"alignnone size-medium wp-image-2636\" src=\"https:\/\/blogsaverroes.juntadeandalucia.es\/eilajulianita\/files\/2024\/03\/IMG20240219180517-225x300.jpg\" alt=\"\" width=\"225\" height=\"300\" srcset=\"https:\/\/blogsaverroes.juntadeandalucia.es\/eilajulianita\/files\/2024\/03\/IMG20240219180517-225x300.jpg 225w, https:\/\/blogsaverroes.juntadeandalucia.es\/eilajulianita\/files\/2024\/03\/IMG20240219180517-768x1024.jpg 768w, https:\/\/blogsaverroes.juntadeandalucia.es\/eilajulianita\/files\/2024\/03\/IMG20240219180517-1152x1536.jpg 1152w, https:\/\/blogsaverroes.juntadeandalucia.es\/eilajulianita\/files\/2024\/03\/IMG20240219180517-1536x2048.jpg 1536w, https:\/\/blogsaverroes.juntadeandalucia.es\/eilajulianita\/files\/2024\/03\/IMG20240219180517-700x933.jpg 700w, https:\/\/blogsaverroes.juntadeandalucia.es\/eilajulianita\/files\/2024\/03\/IMG20240219180517-scaled.jpg 1920w\" sizes=\"(max-width: 225px) 100vw, 225px\" \/> <img loading=\"lazy\" decoding=\"async\" class=\"alignnone size-medium wp-image-2635\" src=\"https:\/\/blogsaverroes.juntadeandalucia.es\/eilajulianita\/files\/2024\/03\/IMG20240219173415-225x300.jpg\" alt=\"\" width=\"225\" height=\"300\" srcset=\"https:\/\/blogsaverroes.juntadeandalucia.es\/eilajulianita\/files\/2024\/03\/IMG20240219173415-225x300.jpg 225w, https:\/\/blogsaverroes.juntadeandalucia.es\/eilajulianita\/files\/2024\/03\/IMG20240219173415-768x1024.jpg 768w, https:\/\/blogsaverroes.juntadeandalucia.es\/eilajulianita\/files\/2024\/03\/IMG20240219173415-1152x1536.jpg 1152w, https:\/\/blogsaverroes.juntadeandalucia.es\/eilajulianita\/files\/2024\/03\/IMG20240219173415-1536x2048.jpg 1536w, https:\/\/blogsaverroes.juntadeandalucia.es\/eilajulianita\/files\/2024\/03\/IMG20240219173415-700x933.jpg 700w, https:\/\/blogsaverroes.juntadeandalucia.es\/eilajulianita\/files\/2024\/03\/IMG20240219173415-scaled.jpg 1920w\" sizes=\"(max-width: 225px) 100vw, 225px\" \/> <img loading=\"lazy\" decoding=\"async\" class=\"alignnone size-medium wp-image-2634\" src=\"https:\/\/blogsaverroes.juntadeandalucia.es\/eilajulianita\/files\/2024\/03\/IMG20240219165736-300x225.jpg\" alt=\"\" width=\"300\" height=\"225\" srcset=\"https:\/\/blogsaverroes.juntadeandalucia.es\/eilajulianita\/files\/2024\/03\/IMG20240219165736-300x225.jpg 300w, https:\/\/blogsaverroes.juntadeandalucia.es\/eilajulianita\/files\/2024\/03\/IMG20240219165736-1024x768.jpg 1024w, https:\/\/blogsaverroes.juntadeandalucia.es\/eilajulianita\/files\/2024\/03\/IMG20240219165736-768x576.jpg 768w, https:\/\/blogsaverroes.juntadeandalucia.es\/eilajulianita\/files\/2024\/03\/IMG20240219165736-1536x1152.jpg 1536w, https:\/\/blogsaverroes.juntadeandalucia.es\/eilajulianita\/files\/2024\/03\/IMG20240219165736-2048x1536.jpg 2048w, https:\/\/blogsaverroes.juntadeandalucia.es\/eilajulianita\/files\/2024\/03\/IMG20240219165736-700x525.jpg 700w\" sizes=\"(max-width: 300px) 100vw, 300px\" \/> <img loading=\"lazy\" decoding=\"async\" class=\"alignnone size-medium wp-image-2633\" src=\"https:\/\/blogsaverroes.juntadeandalucia.es\/eilajulianita\/files\/2024\/03\/IMG20240219165510-225x300.jpg\" alt=\"\" width=\"225\" height=\"300\" srcset=\"https:\/\/blogsaverroes.juntadeandalucia.es\/eilajulianita\/files\/2024\/03\/IMG20240219165510-225x300.jpg 225w, https:\/\/blogsaverroes.juntadeandalucia.es\/eilajulianita\/files\/2024\/03\/IMG20240219165510-768x1024.jpg 768w, https:\/\/blogsaverroes.juntadeandalucia.es\/eilajulianita\/files\/2024\/03\/IMG20240219165510-1152x1536.jpg 1152w, https:\/\/blogsaverroes.juntadeandalucia.es\/eilajulianita\/files\/2024\/03\/IMG20240219165510-1536x2048.jpg 1536w, https:\/\/blogsaverroes.juntadeandalucia.es\/eilajulianita\/files\/2024\/03\/IMG20240219165510-700x933.jpg 700w, https:\/\/blogsaverroes.juntadeandalucia.es\/eilajulianita\/files\/2024\/03\/IMG20240219165510-scaled.jpg 1920w\" sizes=\"(max-width: 225px) 100vw, 225px\" \/> <img loading=\"lazy\" decoding=\"async\" class=\"alignnone size-medium wp-image-2632\" src=\"https:\/\/blogsaverroes.juntadeandalucia.es\/eilajulianita\/files\/2024\/03\/IMG20240219104231-300x225.jpg\" alt=\"\" width=\"300\" height=\"225\" srcset=\"https:\/\/blogsaverroes.juntadeandalucia.es\/eilajulianita\/files\/2024\/03\/IMG20240219104231-300x225.jpg 300w, https:\/\/blogsaverroes.juntadeandalucia.es\/eilajulianita\/files\/2024\/03\/IMG20240219104231-1024x768.jpg 1024w, https:\/\/blogsaverroes.juntadeandalucia.es\/eilajulianita\/files\/2024\/03\/IMG20240219104231-768x576.jpg 768w, https:\/\/blogsaverroes.juntadeandalucia.es\/eilajulianita\/files\/2024\/03\/IMG20240219104231-1536x1152.jpg 1536w, https:\/\/blogsaverroes.juntadeandalucia.es\/eilajulianita\/files\/2024\/03\/IMG20240219104231-2048x1536.jpg 2048w, https:\/\/blogsaverroes.juntadeandalucia.es\/eilajulianita\/files\/2024\/03\/IMG20240219104231-700x525.jpg 700w\" sizes=\"(max-width: 300px) 100vw, 300px\" \/> <img loading=\"lazy\" decoding=\"async\" class=\"alignnone size-medium wp-image-2631\" src=\"https:\/\/blogsaverroes.juntadeandalucia.es\/eilajulianita\/files\/2024\/03\/IMG20240219103840-225x300.jpg\" alt=\"\" width=\"225\" height=\"300\" srcset=\"https:\/\/blogsaverroes.juntadeandalucia.es\/eilajulianita\/files\/2024\/03\/IMG20240219103840-225x300.jpg 225w, https:\/\/blogsaverroes.juntadeandalucia.es\/eilajulianita\/files\/2024\/03\/IMG20240219103840-768x1024.jpg 768w, https:\/\/blogsaverroes.juntadeandalucia.es\/eilajulianita\/files\/2024\/03\/IMG20240219103840-1152x1536.jpg 1152w, https:\/\/blogsaverroes.juntadeandalucia.es\/eilajulianita\/files\/2024\/03\/IMG20240219103840-1536x2048.jpg 1536w, https:\/\/blogsaverroes.juntadeandalucia.es\/eilajulianita\/files\/2024\/03\/IMG20240219103840-700x933.jpg 700w, https:\/\/blogsaverroes.juntadeandalucia.es\/eilajulianita\/files\/2024\/03\/IMG20240219103840-scaled.jpg 1920w\" sizes=\"(max-width: 225px) 100vw, 225px\" \/> <img loading=\"lazy\" decoding=\"async\" class=\"alignnone size-medium wp-image-2630\" src=\"https:\/\/blogsaverroes.juntadeandalucia.es\/eilajulianita\/files\/2024\/03\/IMG20240219102402-300x225.jpg\" alt=\"\" width=\"300\" height=\"225\" srcset=\"https:\/\/blogsaverroes.juntadeandalucia.es\/eilajulianita\/files\/2024\/03\/IMG20240219102402-300x225.jpg 300w, https:\/\/blogsaverroes.juntadeandalucia.es\/eilajulianita\/files\/2024\/03\/IMG20240219102402-1024x768.jpg 1024w, https:\/\/blogsaverroes.juntadeandalucia.es\/eilajulianita\/files\/2024\/03\/IMG20240219102402-768x576.jpg 768w, https:\/\/blogsaverroes.juntadeandalucia.es\/eilajulianita\/files\/2024\/03\/IMG20240219102402-1536x1152.jpg 1536w, https:\/\/blogsaverroes.juntadeandalucia.es\/eilajulianita\/files\/2024\/03\/IMG20240219102402-2048x1536.jpg 2048w, https:\/\/blogsaverroes.juntadeandalucia.es\/eilajulianita\/files\/2024\/03\/IMG20240219102402-700x525.jpg 700w\" sizes=\"(max-width: 300px) 100vw, 300px\" \/> <img loading=\"lazy\" decoding=\"async\" class=\"alignnone size-medium wp-image-2629\" src=\"https:\/\/blogsaverroes.juntadeandalucia.es\/eilajulianita\/files\/2024\/03\/IMG20240219101220-300x225.jpg\" alt=\"\" width=\"300\" height=\"225\" srcset=\"https:\/\/blogsaverroes.juntadeandalucia.es\/eilajulianita\/files\/2024\/03\/IMG20240219101220-300x225.jpg 300w, https:\/\/blogsaverroes.juntadeandalucia.es\/eilajulianita\/files\/2024\/03\/IMG20240219101220-1024x768.jpg 1024w, https:\/\/blogsaverroes.juntadeandalucia.es\/eilajulianita\/files\/2024\/03\/IMG20240219101220-768x576.jpg 768w, https:\/\/blogsaverroes.juntadeandalucia.es\/eilajulianita\/files\/2024\/03\/IMG20240219101220-1536x1152.jpg 1536w, https:\/\/blogsaverroes.juntadeandalucia.es\/eilajulianita\/files\/2024\/03\/IMG20240219101220-2048x1536.jpg 2048w, https:\/\/blogsaverroes.juntadeandalucia.es\/eilajulianita\/files\/2024\/03\/IMG20240219101220-700x525.jpg 700w\" sizes=\"(max-width: 300px) 100vw, 300px\" \/> <img loading=\"lazy\" decoding=\"async\" class=\"alignnone size-medium wp-image-2628\" src=\"https:\/\/blogsaverroes.juntadeandalucia.es\/eilajulianita\/files\/2024\/03\/IMG20240219112543-300x225.jpg\" alt=\"\" width=\"300\" height=\"225\" srcset=\"https:\/\/blogsaverroes.juntadeandalucia.es\/eilajulianita\/files\/2024\/03\/IMG20240219112543-300x225.jpg 300w, https:\/\/blogsaverroes.juntadeandalucia.es\/eilajulianita\/files\/2024\/03\/IMG20240219112543-1024x768.jpg 1024w, https:\/\/blogsaverroes.juntadeandalucia.es\/eilajulianita\/files\/2024\/03\/IMG20240219112543-768x576.jpg 768w, https:\/\/blogsaverroes.juntadeandalucia.es\/eilajulianita\/files\/2024\/03\/IMG20240219112543-1536x1152.jpg 1536w, https:\/\/blogsaverroes.juntadeandalucia.es\/eilajulianita\/files\/2024\/03\/IMG20240219112543-2048x1536.jpg 2048w, https:\/\/blogsaverroes.juntadeandalucia.es\/eilajulianita\/files\/2024\/03\/IMG20240219112543-700x525.jpg 700w\" sizes=\"(max-width: 300px) 100vw, 300px\" \/> <img loading=\"lazy\" decoding=\"async\" class=\"alignnone size-medium wp-image-2627\" src=\"https:\/\/blogsaverroes.juntadeandalucia.es\/eilajulianita\/files\/2024\/03\/IMG20240219092947-300x225.jpg\" alt=\"\" width=\"300\" height=\"225\" srcset=\"https:\/\/blogsaverroes.juntadeandalucia.es\/eilajulianita\/files\/2024\/03\/IMG20240219092947-300x225.jpg 300w, https:\/\/blogsaverroes.juntadeandalucia.es\/eilajulianita\/files\/2024\/03\/IMG20240219092947-1024x768.jpg 1024w, https:\/\/blogsaverroes.juntadeandalucia.es\/eilajulianita\/files\/2024\/03\/IMG20240219092947-768x576.jpg 768w, https:\/\/blogsaverroes.juntadeandalucia.es\/eilajulianita\/files\/2024\/03\/IMG20240219092947-1536x1152.jpg 1536w, https:\/\/blogsaverroes.juntadeandalucia.es\/eilajulianita\/files\/2024\/03\/IMG20240219092947-2048x1536.jpg 2048w, https:\/\/blogsaverroes.juntadeandalucia.es\/eilajulianita\/files\/2024\/03\/IMG20240219092947-700x525.jpg 700w\" sizes=\"(max-width: 300px) 100vw, 300px\" \/> <img loading=\"lazy\" decoding=\"async\" class=\"alignnone size-medium wp-image-2626\" src=\"https:\/\/blogsaverroes.juntadeandalucia.es\/eilajulianita\/files\/2024\/03\/IMG20240223095018-1-300x225.jpg\" alt=\"\" width=\"300\" height=\"225\" srcset=\"https:\/\/blogsaverroes.juntadeandalucia.es\/eilajulianita\/files\/2024\/03\/IMG20240223095018-1-300x225.jpg 300w, https:\/\/blogsaverroes.juntadeandalucia.es\/eilajulianita\/files\/2024\/03\/IMG20240223095018-1-1024x768.jpg 1024w, https:\/\/blogsaverroes.juntadeandalucia.es\/eilajulianita\/files\/2024\/03\/IMG20240223095018-1-768x576.jpg 768w, https:\/\/blogsaverroes.juntadeandalucia.es\/eilajulianita\/files\/2024\/03\/IMG20240223095018-1-1536x1152.jpg 1536w, https:\/\/blogsaverroes.juntadeandalucia.es\/eilajulianita\/files\/2024\/03\/IMG20240223095018-1-2048x1536.jpg 2048w, https:\/\/blogsaverroes.juntadeandalucia.es\/eilajulianita\/files\/2024\/03\/IMG20240223095018-1-700x525.jpg 700w\" sizes=\"(max-width: 300px) 100vw, 300px\" \/> <img loading=\"lazy\" decoding=\"async\" class=\"alignnone size-medium wp-image-2625\" src=\"https:\/\/blogsaverroes.juntadeandalucia.es\/eilajulianita\/files\/2024\/03\/IMG20240222163017-300x225.jpg\" alt=\"\" width=\"300\" height=\"225\" srcset=\"https:\/\/blogsaverroes.juntadeandalucia.es\/eilajulianita\/files\/2024\/03\/IMG20240222163017-300x225.jpg 300w, https:\/\/blogsaverroes.juntadeandalucia.es\/eilajulianita\/files\/2024\/03\/IMG20240222163017-1024x768.jpg 1024w, https:\/\/blogsaverroes.juntadeandalucia.es\/eilajulianita\/files\/2024\/03\/IMG20240222163017-768x576.jpg 768w, https:\/\/blogsaverroes.juntadeandalucia.es\/eilajulianita\/files\/2024\/03\/IMG20240222163017-1536x1152.jpg 1536w, https:\/\/blogsaverroes.juntadeandalucia.es\/eilajulianita\/files\/2024\/03\/IMG20240222163017-2048x1536.jpg 2048w, https:\/\/blogsaverroes.juntadeandalucia.es\/eilajulianita\/files\/2024\/03\/IMG20240222163017-700x525.jpg 700w\" sizes=\"(max-width: 300px) 100vw, 300px\" \/> <img loading=\"lazy\" decoding=\"async\" class=\"alignnone size-medium wp-image-2624\" src=\"https:\/\/blogsaverroes.juntadeandalucia.es\/eilajulianita\/files\/2024\/03\/IMG20240222162741-300x225.jpg\" alt=\"\" width=\"300\" height=\"225\" srcset=\"https:\/\/blogsaverroes.juntadeandalucia.es\/eilajulianita\/files\/2024\/03\/IMG20240222162741-300x225.jpg 300w, https:\/\/blogsaverroes.juntadeandalucia.es\/eilajulianita\/files\/2024\/03\/IMG20240222162741-1024x768.jpg 1024w, https:\/\/blogsaverroes.juntadeandalucia.es\/eilajulianita\/files\/2024\/03\/IMG20240222162741-768x576.jpg 768w, https:\/\/blogsaverroes.juntadeandalucia.es\/eilajulianita\/files\/2024\/03\/IMG20240222162741-1536x1152.jpg 1536w, https:\/\/blogsaverroes.juntadeandalucia.es\/eilajulianita\/files\/2024\/03\/IMG20240222162741-2048x1536.jpg 2048w, https:\/\/blogsaverroes.juntadeandalucia.es\/eilajulianita\/files\/2024\/03\/IMG20240222162741-700x525.jpg 700w\" sizes=\"(max-width: 300px) 100vw, 300px\" \/> <img loading=\"lazy\" decoding=\"async\" class=\"alignnone size-medium wp-image-2623\" src=\"https:\/\/blogsaverroes.juntadeandalucia.es\/eilajulianita\/files\/2024\/03\/IMG20240221192539-300x225.jpg\" alt=\"\" width=\"300\" height=\"225\" srcset=\"https:\/\/blogsaverroes.juntadeandalucia.es\/eilajulianita\/files\/2024\/03\/IMG20240221192539-300x225.jpg 300w, https:\/\/blogsaverroes.juntadeandalucia.es\/eilajulianita\/files\/2024\/03\/IMG20240221192539-1024x768.jpg 1024w, https:\/\/blogsaverroes.juntadeandalucia.es\/eilajulianita\/files\/2024\/03\/IMG20240221192539-768x576.jpg 768w, https:\/\/blogsaverroes.juntadeandalucia.es\/eilajulianita\/files\/2024\/03\/IMG20240221192539-1536x1152.jpg 1536w, https:\/\/blogsaverroes.juntadeandalucia.es\/eilajulianita\/files\/2024\/03\/IMG20240221192539-2048x1536.jpg 2048w, https:\/\/blogsaverroes.juntadeandalucia.es\/eilajulianita\/files\/2024\/03\/IMG20240221192539-700x525.jpg 700w\" sizes=\"(max-width: 300px) 100vw, 300px\" \/> <img loading=\"lazy\" decoding=\"async\" class=\"alignnone size-medium wp-image-2622\" src=\"https:\/\/blogsaverroes.juntadeandalucia.es\/eilajulianita\/files\/2024\/03\/IMG20240221191321-300x225.jpg\" alt=\"\" width=\"300\" height=\"225\" srcset=\"https:\/\/blogsaverroes.juntadeandalucia.es\/eilajulianita\/files\/2024\/03\/IMG20240221191321-300x225.jpg 300w, https:\/\/blogsaverroes.juntadeandalucia.es\/eilajulianita\/files\/2024\/03\/IMG20240221191321-1024x768.jpg 1024w, https:\/\/blogsaverroes.juntadeandalucia.es\/eilajulianita\/files\/2024\/03\/IMG20240221191321-768x576.jpg 768w, https:\/\/blogsaverroes.juntadeandalucia.es\/eilajulianita\/files\/2024\/03\/IMG20240221191321-1536x1152.jpg 1536w, https:\/\/blogsaverroes.juntadeandalucia.es\/eilajulianita\/files\/2024\/03\/IMG20240221191321-2048x1536.jpg 2048w, https:\/\/blogsaverroes.juntadeandalucia.es\/eilajulianita\/files\/2024\/03\/IMG20240221191321-700x525.jpg 700w\" sizes=\"(max-width: 300px) 100vw, 300px\" \/> <img loading=\"lazy\" decoding=\"async\" class=\"alignnone size-medium wp-image-2621\" src=\"https:\/\/blogsaverroes.juntadeandalucia.es\/eilajulianita\/files\/2024\/03\/IMG20240221191312-300x225.jpg\" alt=\"\" width=\"300\" height=\"225\" srcset=\"https:\/\/blogsaverroes.juntadeandalucia.es\/eilajulianita\/files\/2024\/03\/IMG20240221191312-300x225.jpg 300w, https:\/\/blogsaverroes.juntadeandalucia.es\/eilajulianita\/files\/2024\/03\/IMG20240221191312-1024x768.jpg 1024w, https:\/\/blogsaverroes.juntadeandalucia.es\/eilajulianita\/files\/2024\/03\/IMG20240221191312-768x576.jpg 768w, https:\/\/blogsaverroes.juntadeandalucia.es\/eilajulianita\/files\/2024\/03\/IMG20240221191312-1536x1152.jpg 1536w, https:\/\/blogsaverroes.juntadeandalucia.es\/eilajulianita\/files\/2024\/03\/IMG20240221191312-2048x1536.jpg 2048w, https:\/\/blogsaverroes.juntadeandalucia.es\/eilajulianita\/files\/2024\/03\/IMG20240221191312-700x525.jpg 700w\" sizes=\"(max-width: 300px) 100vw, 300px\" \/> <img loading=\"lazy\" decoding=\"async\" class=\"alignnone size-medium wp-image-2620\" src=\"https:\/\/blogsaverroes.juntadeandalucia.es\/eilajulianita\/files\/2024\/03\/IMG20240221172604-300x225.jpg\" alt=\"\" width=\"300\" height=\"225\" srcset=\"https:\/\/blogsaverroes.juntadeandalucia.es\/eilajulianita\/files\/2024\/03\/IMG20240221172604-300x225.jpg 300w, https:\/\/blogsaverroes.juntadeandalucia.es\/eilajulianita\/files\/2024\/03\/IMG20240221172604-1024x768.jpg 1024w, https:\/\/blogsaverroes.juntadeandalucia.es\/eilajulianita\/files\/2024\/03\/IMG20240221172604-768x576.jpg 768w, https:\/\/blogsaverroes.juntadeandalucia.es\/eilajulianita\/files\/2024\/03\/IMG20240221172604-1536x1152.jpg 1536w, https:\/\/blogsaverroes.juntadeandalucia.es\/eilajulianita\/files\/2024\/03\/IMG20240221172604-2048x1536.jpg 2048w, https:\/\/blogsaverroes.juntadeandalucia.es\/eilajulianita\/files\/2024\/03\/IMG20240221172604-700x525.jpg 700w\" sizes=\"(max-width: 300px) 100vw, 300px\" \/> <img loading=\"lazy\" decoding=\"async\" class=\"alignnone size-medium wp-image-2619\" src=\"https:\/\/blogsaverroes.juntadeandalucia.es\/eilajulianita\/files\/2024\/03\/IMG20240221152812-300x225.jpg\" alt=\"\" width=\"300\" height=\"225\" srcset=\"https:\/\/blogsaverroes.juntadeandalucia.es\/eilajulianita\/files\/2024\/03\/IMG20240221152812-300x225.jpg 300w, https:\/\/blogsaverroes.juntadeandalucia.es\/eilajulianita\/files\/2024\/03\/IMG20240221152812-1024x768.jpg 1024w, https:\/\/blogsaverroes.juntadeandalucia.es\/eilajulianita\/files\/2024\/03\/IMG20240221152812-768x576.jpg 768w, https:\/\/blogsaverroes.juntadeandalucia.es\/eilajulianita\/files\/2024\/03\/IMG20240221152812-1536x1152.jpg 1536w, https:\/\/blogsaverroes.juntadeandalucia.es\/eilajulianita\/files\/2024\/03\/IMG20240221152812-2048x1536.jpg 2048w, https:\/\/blogsaverroes.juntadeandalucia.es\/eilajulianita\/files\/2024\/03\/IMG20240221152812-700x525.jpg 700w\" sizes=\"(max-width: 300px) 100vw, 300px\" \/> <img loading=\"lazy\" decoding=\"async\" class=\"alignnone size-medium wp-image-2618\" src=\"https:\/\/blogsaverroes.juntadeandalucia.es\/eilajulianita\/files\/2024\/03\/IMG20240221132259-300x225.jpg\" alt=\"\" width=\"300\" height=\"225\" srcset=\"https:\/\/blogsaverroes.juntadeandalucia.es\/eilajulianita\/files\/2024\/03\/IMG20240221132259-300x225.jpg 300w, https:\/\/blogsaverroes.juntadeandalucia.es\/eilajulianita\/files\/2024\/03\/IMG20240221132259-1024x768.jpg 1024w, https:\/\/blogsaverroes.juntadeandalucia.es\/eilajulianita\/files\/2024\/03\/IMG20240221132259-768x576.jpg 768w, https:\/\/blogsaverroes.juntadeandalucia.es\/eilajulianita\/files\/2024\/03\/IMG20240221132259-1536x1152.jpg 1536w, https:\/\/blogsaverroes.juntadeandalucia.es\/eilajulianita\/files\/2024\/03\/IMG20240221132259-2048x1536.jpg 2048w, https:\/\/blogsaverroes.juntadeandalucia.es\/eilajulianita\/files\/2024\/03\/IMG20240221132259-700x525.jpg 700w\" sizes=\"(max-width: 300px) 100vw, 300px\" \/><\/div>\n<div dir=\"auto\">\n<div class=\"xdj266r x11i5rnm xat24cr x1mh8g0r x1vvkbs x126k92a\">\n<div dir=\"auto\" style=\"text-align: center\"><strong>DESPEDIDA MAESTROS\/AS DE TURQU\u00cdA (23\/02\/2024)<\/strong><\/div>\n<\/div>\n<div class=\"x11i5rnm xat24cr x1mh8g0r x1vvkbs xtlvy1s x126k92a\">\n<div dir=\"auto\">Como sab\u00e9is durante toda esta semana han estado con nosotros\/as parte de los maestros\/as del colegio <span class=\"html-span xdj266r x11i5rnm xat24cr x1mh8g0r xexx8yu x4uap5 x18d9i69 xkhd6sd x1hl2dhg x16tdsg8 x1vvkbs\"><a class=\"x1i10hfl xjbqb8w x1ejq31n xd10rxx x1sy0etr x17r0tee x972fbf xcfux6l x1qhh985 xm0m39n x9f619 x1ypdohk xt0psk2 xe8uvvx xdj266r x11i5rnm xat24cr x1mh8g0r xexx8yu x4uap5 x18d9i69 xkhd6sd x16tdsg8 x1hl2dhg xggy1nq x1a2a7pz x1sur9pj xkrqix3 x1fey0fg xo1l8bm\" role=\"link\" href=\"https:\/\/www.facebook.com\/KaymazAramanllkokuluOrtaokulu?__cft__[0]=AZXTYVKJJXByjtrj1vdSLEy_eEu5Cd_lOYn1TLrQT7EvSJDmEm9BGH85019WiwTsyP-JW2qhn7OS9pi98oVmV9lefr28USYBv9D6pLPBD5mb39G_atbABJsRUOU87Xdm1xnbjoduUtPWzIbDJL3vGYhueyOeSHE8LJeRxzmt4XIsXPcOhnzLr0Tq2fFu8YD7pSAJDMDK2sTZfT0Gf7yX348q&amp;__tn__=-]K-R\"><span class=\"xt0psk2\">Kaymaz Araman Ortaokulu<\/span><\/a><\/span>, con los que nuestras se\u00f1os Rosa y Prado tuvieron la ocasi\u00f3n de compartir grandes experiencias y con los que han forjado un bonito lazo de amistad.<\/div>\n<\/div>\n<div class=\"x11i5rnm xat24cr x1mh8g0r x1vvkbs xtlvy1s x126k92a\">\n<div dir=\"auto\">Estamos muy agradecidas a nuestros IES &#8220;San Blas&#8221; Ies San Blas De Aracena donde han realizado su periodo de observaci\u00f3n, ya que sin su ayuda y colaboraci\u00f3n su visita a nuestra localidad no habr\u00eda sido posible, ya que ellos son de secundaria y nuestro cole s\u00f3lo de segundo ciclo de infantil, magn\u00edfica colaboraci\u00f3n. GRACIAS COMPA\u00d1EROS\/AS.<\/div>\n<\/div>\n<div class=\"x11i5rnm xat24cr x1mh8g0r x1vvkbs xtlvy1s x126k92a\">\n<div dir=\"auto\">Pero quer\u00edamos que la despedida fuera en nuestro cole, hemos querido brindarles una peque\u00f1a representaci\u00f3n de nuestra cultura, arte, folclore y tradiciones.<\/div>\n<div dir=\"auto\">Para eso, nuestros peques han venido vestidos de lo que a ellos m\u00e1s les gusta de nuestra tierra: gitanas y flamencos, toreros, costaleros, mantillas, nazarenos,&#8230; han vestido hoy nuestro centro. Gracias por hacerlo posible FAMILIAS.<\/div>\n<div dir=\"auto\">Y menuda sorpresa se han llevado, cuando en la clase 4c, uno de sus peques les ha hecho una fant\u00e1stica exposici\u00f3n sobre Turqu\u00eda.<\/div>\n<div dir=\"auto\">Nuestra <span class=\"html-span xdj266r x11i5rnm xat24cr x1mh8g0r xexx8yu x4uap5 x18d9i69 xkhd6sd x1hl2dhg x16tdsg8 x1vvkbs\"><a class=\"x1i10hfl xjbqb8w x1ejq31n xd10rxx x1sy0etr x17r0tee x972fbf xcfux6l x1qhh985 xm0m39n x9f619 x1ypdohk xt0psk2 xe8uvvx xdj266r x11i5rnm xat24cr x1mh8g0r xexx8yu x4uap5 x18d9i69 xkhd6sd x16tdsg8 x1hl2dhg xggy1nq x1a2a7pz x1sur9pj xkrqix3 x1fey0fg xo1l8bm\" role=\"link\" href=\"https:\/\/www.facebook.com\/profile.php?id=100010647941863&amp;__cft__[0]=AZXTYVKJJXByjtrj1vdSLEy_eEu5Cd_lOYn1TLrQT7EvSJDmEm9BGH85019WiwTsyP-JW2qhn7OS9pi98oVmV9lefr28USYBv9D6pLPBD5mb39G_atbABJsRUOU87Xdm1xnbjoduUtPWzIbDJL3vGYhueyOeSHE8LJeRxzmt4XIsXPcOhnzLr0Tq2fFu8YD7pSAJDMDK2sTZfT0Gf7yX348q&amp;__tn__=-]K-R\"><span class=\"xt0psk2\">Ampa El Tobog\u00e1n<\/span><\/a><\/span> y centro han preparado un rico desayuno internacional, y les han hecho entrega de unas bolsas con productos t\u00edpicos de nuestra localidad para que siempre nos recuerden.<\/div>\n<div dir=\"auto\">Tambi\u00e9n hemos contado con la presencia de uno de nuestros papis: TORERO, gracias por venir, por ense\u00f1arle tu traje de luces, todos los accesorios necesarios y por demostrar con unos buenos pases que eres un GRAN MAESTRO.<\/div>\n<div dir=\"auto\">Para finalizar, no pod\u00eda faltar m\u00fasica, por supuesto, gracias a la PE\u00d1A FLAMENCA DE ARACENA.<\/div>\n<div dir=\"auto\">A\u00fan nos quedaba una \u00faltima sorpresa, entrega de diplomas y ellos nos han entregado un reloj personalizado con el nombre de nuestro cole y la bandera de su cole.<\/div>\n<div dir=\"auto\">Ha sido un d\u00eda espectacular que esperamos siempre recuerden en su memoria. Gracias por venir amigos\/as, buen viaje de regreso a casa.<\/div>\n<\/div>\n<\/div>\n<div dir=\"auto\">\n<div class=\"html-div xe8uvvx xdj266r x11i5rnm xat24cr x1mh8g0r xexx8yu x4uap5 x18d9i69 xkhd6sd\">\n<div class=\"html-div xe8uvvx xdj266r x11i5rnm xat24cr x1mh8g0r xexx8yu x4uap5 x18d9i69 xkhd6sd\" dir=\"auto\">\n<div id=\":rro:\" class=\"x1iorvi4 x1pi30zi x1l90r2v x1swvt13\" data-ad-comet-preview=\"message\" data-ad-preview=\"message\">\n<div class=\"x78zum5 xdt5ytf xz62fqu x16ldp7u\">\n<div class=\"xu06os2 x1ok221b\">\n<div class=\"x11i5rnm xat24cr x1mh8g0r x1vvkbs xtlvy1s x126k92a\">\n<div dir=\"auto\">&nbsp;<\/div>\n<\/div>\n<\/div>\n<\/div>\n<\/div>\n<\/div>\n<div id=\":rrp:\" class=\"html-div xe8uvvx xdj266r x11i5rnm xat24cr x1mh8g0r xexx8yu x4uap5 x18d9i69 xkhd6sd x1n2onr6\">\n<div class=\"html-div xe8uvvx xdj266r x11i5rnm xat24cr x1mh8g0r xexx8yu x4uap5 x18d9i69 xkhd6sd x1n2onr6\">\n<div class=\"html-div xe8uvvx xdj266r x11i5rnm xat24cr x1mh8g0r xexx8yu x4uap5 x18d9i69 xkhd6sd\">\n<div class=\"x1n2onr6\">\n<div class=\"x1n2onr6\">\n<div class=\"x6ikm8r x10wlt62 x10l6tqk\">\n<div class=\"html-div xe8uvvx xdj266r x11i5rnm xat24cr x1mh8g0r xexx8yu x4uap5 x18d9i69 xkhd6sd x6ikm8r x10wlt62\">\n<div class=\"xqtp20y x6ikm8r x10wlt62 x1n2onr6\">\n<div class=\"x10l6tqk x13vifvy\"><img decoding=\"async\" class=\"xz74otr x1ey2m1c xds687c x5yr21d x10l6tqk x17qophe x13vifvy xh8yej3\" src=\"https:\/\/scontent.fsvq4-1.fna.fbcdn.net\/v\/t39.30808-6\/417703558_936200128245219_2099864259222094276_n.jpg?stp=cp6_dst-jpg_s600x600&amp;_nc_cat=104&amp;ccb=1-7&amp;_nc_sid=127cfc&amp;_nc_ohc=e4yNsZACNLgQ7kNvgHClG1-&amp;_nc_ht=scontent.fsvq4-1.fna&amp;oh=00_AYCp3DGABJMHdv1VDlZMpUf2vhrNHtTHvWmo1YC9lx-50Q&amp;oe=668082BD\" alt=\"\"><\/div>\n<\/div>\n<div class=\"html-div xe8uvvx xdj266r x11i5rnm xat24cr x1mh8g0r xexx8yu x4uap5 x18d9i69 xkhd6sd x1nb4dca x1q0q8m5 xso031l x1exxf4d x13fuv20 x178xt8z x1ey2m1c x9f619 xds687c x47corl x10l6tqk x17qophe x13vifvy\">\n<div class=\"xdj266r x11i5rnm xat24cr x1mh8g0r x1vvkbs x126k92a\">\n<div dir=\"auto\" style=\"text-align: center\"><strong>VISITA PREPARATORIA: BOLOGNIA DEL 4 AL 8 DE MARZO (7\/03\/2024)<\/strong><\/div>\n<div dir=\"auto\">Comenzando una nueva experiencia.<\/div>\n<div dir=\"auto\">Si todas las experiencias han sido maravillosas en esta ocasi\u00f3n hemos venido con muchas expectativas a preparar la pr\u00f3xima visita de nuestros peque\u00f1os de 5 a\u00f1os a&#8230;. BOLOGNIA!!!<\/div>\n<\/div>\n<div class=\"x11i5rnm xat24cr x1mh8g0r x1vvkbs xtlvy1s x126k92a\">\n<div dir=\"auto\">Superamos la primera reuni\u00f3n de trabajo con \u00e9xito, muchas gracias a todo el team Erasmus+ de la bonita Ciudad de Bolognia<\/div>\n<\/div>\n<div class=\"x11i5rnm xat24cr x1mh8g0r x1vvkbs xtlvy1s x126k92a\">\n<div dir=\"auto\">Ya tenemos colegio, ma\u00f1ana nos espera su directora Sara para recibirnos y contarnos muchas muchas cositas.<\/div>\n<\/div>\n<div class=\"x11i5rnm xat24cr x1mh8g0r x1vvkbs xtlvy1s x126k92a\">\n<div dir=\"auto\">Para nosotras es muy especial poder preparar la primera movilidad con ni\u00f1os\/as tan peque\u00f1os en esta ocasi\u00f3n hasta Italia.<\/div>\n<\/div>\n<div class=\"x11i5rnm xat24cr x1mh8g0r x1vvkbs xtlvy1s x126k92a\">\n<div dir=\"auto\">Gracias por recibirnos, abrirnos las puertas de vuestra ciudad y de vuestros colegios.<\/div>\n<\/div>\n<div class=\"x11i5rnm xat24cr x1mh8g0r x1vvkbs xtlvy1s x126k92a\">\n<div dir=\"auto\">En el segundo d\u00eda, hemos llegado con toda nuestra ilusi\u00f3n a la escuela que se ha ofrecido a hospedar a nuestros\/as 8 peques: Escuole Comunali Adelfo Grosso.<\/div>\n<\/div>\n<div class=\"x11i5rnm xat24cr x1mh8g0r x1vvkbs xtlvy1s x126k92a\">\n<div dir=\"auto\">All\u00ed, nos estaban esperando con un rico desayuno, su directora Sara y todas sus maestras.<\/div>\n<div dir=\"auto\">Nos han ense\u00f1ado el cole que tiene mucho mucho encanto, sus proyectos, forma de trabajo,&#8230; hemos compartido juntas el almuerzo en el que hemos debatido sobre aspectos educativos,&#8230;<\/div>\n<div dir=\"auto\">Estamos muy contentas, la experiencia comienza a tomar forma y seguro va a resultar fant\u00e1stica.<\/div>\n<div dir=\"auto\">Y por la tarde, hemos podido seguir conociendo y disfrutando de esta maravillosa ciudad que no deja de sorprendernos.<\/div>\n<\/div>\n<div class=\"x11i5rnm xat24cr x1mh8g0r x1vvkbs xtlvy1s x126k92a\">\n<div dir=\"auto\">El mi\u00e9rcoles, hemos tenido ocasion de compartir tiempo con las se\u00f1os y los ni\u00f1os, hemos visto como trabajan, como se organizan, h\u00e1bitos, rutinas, actividades, juegos,&#8230;. y hemos tomado nota de cositas interesantes que podr\u00e1n hacer nuestros peques cuando vengan hasta aqu\u00ed en abril, lo van a pasar genial.<\/div>\n<\/div>\n<div class=\"x11i5rnm xat24cr x1mh8g0r x1vvkbs xtlvy1s x126k92a\">\n<div dir=\"auto\">En el \u00faltimo d\u00eda de visita preparatoria, hemos conocido el centro de atenci\u00f3n a la familia, como los cuidan, acogen, asesoran y orientan desde que nacen los beb\u00e9s, super bonito.<\/div>\n<\/div>\n<div class=\"x11i5rnm xat24cr x1mh8g0r x1vvkbs xtlvy1s x126k92a\">\n<div dir=\"auto\">Y, luego hemos seguido organizando tiempos, actividades y espacios para nuestra pr\u00f3xima visita a esta preciosa ciudad acompa\u00f1adas de 8 ni\u00f1os\/as y de sus padres de la EI \u201cLa Julianita\u201d<\/div>\n<div dir=\"auto\">Por \u00faltimo, nos hemos reunido con el Team Erasmus+ para cerrar y ultimar detalles de esta vista.<\/div>\n<div dir=\"auto\">Ha sido una experiencia fant\u00e1stica!!!<\/div>\n<\/div>\n<div class=\"x11i5rnm xat24cr x1mh8g0r x1vvkbs xtlvy1s x126k92a\">\n<div dir=\"auto\">Muchas gracias a todas las personas que lo est\u00e1is haciendo posible<\/div>\n<div dir=\"auto\"><strong>FOTOS<\/strong><\/div>\n<div dir=\"auto\">\n<div class=\"xdj266r x11i5rnm xat24cr x1mh8g0r x1vvkbs x126k92a\">\n<div dir=\"auto\" style=\"text-align: center\"><strong>MOVILIDAD ERASMUS+ CON NI\u00d1OS\/AS (0\/04\/2024)<\/strong><\/div>\n<div dir=\"auto\">\u00bfSab\u00e9is que este pr\u00f3ximo domingo 7 de abril nuestros\/as primeros peque\u00f1os\/as Erasmus de 5 a\u00f1os se van de viaje a Bolonia en Italia?<\/div>\n<\/div>\n<div class=\"x11i5rnm xat24cr x1mh8g0r x1vvkbs xtlvy1s x126k92a\">\n<div dir=\"auto\">Van a pasar la pr\u00f3xima semana en la Scuole Adolfo Grosso, d\u00f3nde nos esperan impacientes con muchas muchas actividades no s\u00f3lo para los ni\u00f1os\/as tambi\u00e9n para las familias y maestras que les acompa\u00f1an.<\/div>\n<\/div>\n<div class=\"x11i5rnm xat24cr x1mh8g0r x1vvkbs xtlvy1s x126k92a\">\n<div dir=\"auto\">Queridos amigos\/as \u00a1\u00a1\u00a1Fai un buon viaggio!!!<\/div>\n<\/div>\n<div class=\"x11i5rnm xat24cr x1mh8g0r x1vvkbs xtlvy1s x126k92a\">\n<div dir=\"auto\">Gracias a todas las personas que est\u00e1is haciendo que este sue\u00f1o se haga realidad<\/div>\n<\/div>\n<\/div>\n<\/div>\n<\/div>\n<\/div>\n<div class=\"x6s0dn4 x18l40ae x1ey2m1c x78zum5 xds687c xdt5ytf xl56j7k x47corl x10l6tqk x17qophe x13vifvy\">\n<div class=\"x17z8epw x579bpy x1s688f x2b8uid\"><img decoding=\"async\" src=\"https:\/\/scontent.fsvq4-1.fna.fbcdn.net\/v\/t39.30808-6\/441951867_979736663891565_8227159858886609027_n.jpg?stp=dst-jpg_s720x720&amp;_nc_cat=100&amp;ccb=1-7&amp;_nc_sid=127cfc&amp;_nc_ohc=Z-MjIBMSXqcQ7kNvgEtnkVe&amp;_nc_ht=scontent.fsvq4-1.fna&amp;oh=00_AYDfoin9BPzgoABhJuQL43m6bezVqrOCbTt-4kIMYMB_CQ&amp;oe=668065B1\" alt=\"Puede ser una imagen de texto que dice &quot;zer Comune dic1 di Bologna etto Incoming mokilty POLO SUKLNG GROSSO Le bambine, bambini e il personale del Polo Grosso accolgono le bambine, bambini le insegnanti della Nido Grosso ESCUELA INFANTIL LA JULIANITA Aracena Aracena-Huelva-Spagna Huelva Spagna SATEE TASSO L'ACCOGLIENZA PREVEDE ANCHE coinvolgimento delle famiglie * partecipazione di CBF e SET saluti istituzionali collaborazione del personale della scuola dell'infanzia Giusi del Mugnaio 8-12 12 APRILE 2024 Cofinanziato dall'Unione europea&quot;\"><\/div>\n<\/div>\n<\/div>\n<\/div>\n<\/div>\n<\/div>\n<\/div>\n<\/div>\n<\/div>\n<div>\n<div class=\"x168nmei x13lgxp2 x30kzoy x9jhf4c x6ikm8r x10wlt62\" data-visualcompletion=\"ignore-dynamic\">\n<div>\n<div>\n<div>\n<div class=\"x1n2onr6\">\n<div class=\"x6s0dn4 xi81zsa x78zum5 x6prxxf x13a6bvl xvq8zen xdj266r xat24cr x1d52u69 xktsk01 x889kno x1a8lsjc xkhd6sd x4uap5 xdppsyt\">\n<div class=\"x1c4vz4f x2lah0s xci0xqf\">\n<div class=\"xdj266r x11i5rnm xat24cr x1mh8g0r x1vvkbs x126k92a\">\n<div dir=\"auto\" style=\"text-align: center\"><strong>REGRESO DE NUESTROS\/AS PEQUES ERASMUS+ (15\/04\/2024)<\/strong><\/div>\n<\/div>\n<div class=\"x11i5rnm xat24cr x1mh8g0r x1vvkbs xtlvy1s x126k92a\">\n<div dir=\"auto\">Hay veces en la que una imagen vale m\u00e1s que mil palabras, eso es lo que queremos que ve\u00e1is en este video.<\/div>\n<div dir=\"auto\">Nuestros\/as 8 alumnos\/as de 5 a\u00f1os que por primera vez han participado en una movilidad Erasmus, gracias a la acreditaci\u00f3n Erasmus + de la que dispone nuestro centro, han disfrutado de una maravillosaaaa semana en la ciudad de Bolonia (Italia), en la Scuole Adolfo Grosso.<\/div>\n<\/div>\n<div class=\"x11i5rnm xat24cr x1mh8g0r x1vvkbs xtlvy1s x126k92a\">\n<div dir=\"auto\">Durante esta semana m\u00e1gica han tenido la oportunidad de conocer a otros ni\u00f1os\/as, otras familias, otras maestras y dem\u00e1s personal implicado en nuestra movilidad, la oportunidad de viajar en avi\u00f3n con sus amigos, de hacer otras actividades al aire libre, pintura, cuentos, teatros, visitas culturales, la inmersi\u00f3n en otros idiomas,&#8230;. lo que supone sin que ellos se den ni cuenta de un gran enriquecimiento no s\u00f3lo de aprendizajes educativos sino tambi\u00e9n de vida, de apertura de mentes.<\/div>\n<\/div>\n<div class=\"x11i5rnm xat24cr x1mh8g0r x1vvkbs xtlvy1s x126k92a\">\n<div dir=\"auto\">Deseando que llegue el pr\u00f3ximo curso para poder ofrecer esta magnifica oportunidad a ni\u00f1os\/as tan peques como los nuestros\/as.<\/div>\n<\/div>\n<div class=\"x11i5rnm xat24cr x1mh8g0r x1vvkbs xtlvy1s x126k92a\">\n<div dir=\"auto\">Sin mencionar nadie para que no se nos pueda olvidar absolutamente nadie queremos dar GRACIAS, MILLONES DE GRACIAS, a todas las personas que han hecho que esta movilidad haya sido posible y haya resultado todo un \u00e9xito.<\/div>\n<\/div>\n<\/div>\n<div class=\"x9f619 x1n2onr6 x1ja2u2z x78zum5 x2lah0s x1qughib x1qjc9v5 xozqiw3 x1q0g3np xykv574 xbmpl8g x4cne27 xifccgj\"><a href=\"https:\/\/www.facebook.com\/100055657225577\/videos\/336035942592542\">VIDEO<\/a><\/div>\n<\/div>\n<\/div>\n<\/div>\n<\/div>\n<\/div>\n<\/div>\n<\/div>\n<\/div>\n<div class=\"x11i5rnm xat24cr x1mh8g0r x1vvkbs xtlvy1s x126k92a\">\n<div dir=\"auto\">\n<div class=\"html-div xe8uvvx xdj266r x11i5rnm xat24cr x1mh8g0r xexx8yu x4uap5 x18d9i69 xkhd6sd\">\n<div class=\"html-div xe8uvvx xdj266r x11i5rnm xat24cr x1mh8g0r xexx8yu x4uap5 x18d9i69 xkhd6sd\" dir=\"auto\">\n<div id=\":rcn:\" class=\"x1iorvi4 x1pi30zi x1l90r2v x1swvt13\" data-ad-comet-preview=\"message\" data-ad-preview=\"message\">\n<div class=\"x78zum5 xdt5ytf xz62fqu x16ldp7u\">\n<div class=\"xu06os2 x1ok221b\">\n<div class=\"xdj266r x11i5rnm xat24cr x1mh8g0r x1vvkbs x126k92a\">\n<div dir=\"auto\">&nbsp;<\/div>\n<div dir=\"auto\" style=\"text-align: center\"><strong>NOTICIAS MOVILIDAD NI\u00d1OS\/AS ERAMUS+ (16\/04\/2024)<\/strong><\/div>\n<\/div>\n<div class=\"x11i5rnm xat24cr x1mh8g0r x1vvkbs xtlvy1s x126k92a\">\n<div dir=\"auto\"><img loading=\"lazy\" decoding=\"async\" class=\"alignnone size-medium wp-image-2922 aligncenter\" src=\"https:\/\/blogsaverroes.juntadeandalucia.es\/eilajulianita\/files\/2024\/04\/PERIODICO-200x300.jpg\" alt=\"\" width=\"200\" height=\"300\" srcset=\"https:\/\/blogsaverroes.juntadeandalucia.es\/eilajulianita\/files\/2024\/04\/PERIODICO-200x300.jpg 200w, https:\/\/blogsaverroes.juntadeandalucia.es\/eilajulianita\/files\/2024\/04\/PERIODICO-683x1024.jpg 683w, https:\/\/blogsaverroes.juntadeandalucia.es\/eilajulianita\/files\/2024\/04\/PERIODICO-768x1152.jpg 768w, https:\/\/blogsaverroes.juntadeandalucia.es\/eilajulianita\/files\/2024\/04\/PERIODICO-700x1050.jpg 700w, https:\/\/blogsaverroes.juntadeandalucia.es\/eilajulianita\/files\/2024\/04\/PERIODICO.jpg 1000w\" sizes=\"(max-width: 200px) 100vw, 200px\" \/><\/div>\n<div dir=\"auto\">Mirad, mirad, toda la repercusi\u00f3n que ha tenido la visita de nuestros ni\u00f1os\/as a Bolonia.<\/div>\n<div dir=\"auto\">Son s\u00f3lo un ejemplo, porque hay muchos muchos m\u00e1s.<\/div>\n<div dir=\"auto\">Os dejamos algunos enlaces a peri\u00f3dicos italianos:<\/div>\n<div dir=\"auto\"><span class=\"html-span xdj266r x11i5rnm xat24cr x1mh8g0r xexx8yu x4uap5 x18d9i69 xkhd6sd x1hl2dhg x16tdsg8 x1vvkbs\"><a class=\"x1i10hfl xjbqb8w x1ejq31n xd10rxx x1sy0etr x17r0tee x972fbf xcfux6l x1qhh985 xm0m39n x9f619 x1ypdohk xt0psk2 xe8uvvx xdj266r x11i5rnm xat24cr x1mh8g0r xexx8yu x4uap5 x18d9i69 xkhd6sd x16tdsg8 x1hl2dhg xggy1nq x1a2a7pz x1sur9pj xkrqix3 x1fey0fg\" role=\"link\" href=\"https:\/\/tg24.sky.it\/cronaca\/2024\/04\/15\/baby-erasmus-scuola-materna-bologna?fbclid=IwZXh0bgNhZW0CMTAAAR2ttD46wu-mLu-Ox1Dzmupr59WchGpLXIRDL-_0pukA8i2VXKcDJoc2S_I_aem_LLCxw5E0aAYSSDC9A7xVBQ\" target=\"_blank\" rel=\"nofollow noopener noreferrer\">https:\/\/tg24.sky.it\/&#8230;\/baby-erasmus-scuola-materna-bologna<\/a><\/span><\/div>\n<div dir=\"auto\"><span class=\"html-span xdj266r x11i5rnm xat24cr x1mh8g0r xexx8yu x4uap5 x18d9i69 xkhd6sd x1hl2dhg x16tdsg8 x1vvkbs\"><a class=\"x1i10hfl xjbqb8w x1ejq31n xd10rxx x1sy0etr x17r0tee x972fbf xcfux6l x1qhh985 xm0m39n x9f619 x1ypdohk xt0psk2 xe8uvvx xdj266r x11i5rnm xat24cr x1mh8g0r xexx8yu x4uap5 x18d9i69 xkhd6sd x16tdsg8 x1hl2dhg xggy1nq x1a2a7pz x1sur9pj xkrqix3 x1fey0fg\" role=\"link\" href=\"https:\/\/l.facebook.com\/l.php?u=https%3A%2F%2Fdemografica.adnkronos.com%2Fgiovani%2Fbologna-baby-erasmus-bambini-spagna%2F%3Ffbclid%3DIwZXh0bgNhZW0CMTAAAR20qZWGjEmX2gNWwmtzuZZrcQkt2J7oAZh944UaenntSS2iiKgllQIJEpg_aem_iwkrdxB2D8UuhBTG_P5sOA&amp;h=AT0aYpUtsVRz2Ov6vJlNWQJ82ncaIhWhVRVHB7pMWgCcD4THctATs0BFfND8VRUcTj6Oeco9wIXcpQSl_U9bfg5perb6RzUxP9eyJR68fZg7w7ocBNzn2c6WAs29139uDF8r&amp;__tn__=-UK-R&amp;c[0]=AT1ixPpxpTWx4DzIincR9SmU7hiB251R7JWh7Yg-cYI93MKaOQ93nGdTUJADoNLgXAkZOGz0GP10i4Ebu85aY47c9zirRw4oGshpkiEqxuSwEu4AbuCRSKzC4YawS6-Mhc67UTLMxKN_5TXs4LDliymLWslOuXQxSMV3_-GrN4y7CIy4mV_2gDDqtvOG1PJRHJorPy7QjZa7RLLimc9V0PAbrm-IdbgwRtAl\" target=\"_blank\" rel=\"nofollow noopener noreferrer\">https:\/\/demografica.adnkronos.com\/&#8230;\/bologna-baby&#8230;\/<\/a><\/span><\/div>\n<div dir=\"auto\"><span class=\"html-span xdj266r x11i5rnm xat24cr x1mh8g0r xexx8yu x4uap5 x18d9i69 xkhd6sd x1hl2dhg x16tdsg8 x1vvkbs\"><a class=\"x1i10hfl xjbqb8w x1ejq31n xd10rxx x1sy0etr x17r0tee x972fbf xcfux6l x1qhh985 xm0m39n x9f619 x1ypdohk xt0psk2 xe8uvvx xdj266r x11i5rnm xat24cr x1mh8g0r xexx8yu x4uap5 x18d9i69 xkhd6sd x16tdsg8 x1hl2dhg xggy1nq x1a2a7pz x1sur9pj xkrqix3 x1fey0fg\" role=\"link\" href=\"https:\/\/www.lasvolta.it\/12567\/baby-erasmus-a-bologna-lo-scambio-didattico-e-tra-piccolissimi?fbclid=IwZXh0bgNhZW0CMTAAAR1nLnvjN7631TZJTkmXAVCJlJawfJzQmDdIP1tJoVEd27CvjQl9PoAlIUo_aem_z3jiI3lfQSrXb8vtSU1ASg\" target=\"_blank\" rel=\"nofollow noopener noreferrer\">https:\/\/www.lasvolta.it\/&#8230;\/baby-erasmus-a-bologna-lo&#8230;<\/a><\/span><\/div>\n<div dir=\"auto\"><span class=\"html-span xdj266r x11i5rnm xat24cr x1mh8g0r xexx8yu x4uap5 x18d9i69 xkhd6sd x1hl2dhg x16tdsg8 x1vvkbs\"><a class=\"x1i10hfl xjbqb8w x1ejq31n xd10rxx x1sy0etr x17r0tee x972fbf xcfux6l x1qhh985 xm0m39n x9f619 x1ypdohk xt0psk2 xe8uvvx xdj266r x11i5rnm xat24cr x1mh8g0r xexx8yu x4uap5 x18d9i69 xkhd6sd x16tdsg8 x1hl2dhg xggy1nq x1a2a7pz x1sur9pj xkrqix3 x1fey0fg\" role=\"link\" href=\"https:\/\/corrieredibologna.corriere.it\/notizie\/cronaca\/24_aprile_12\/bologna-baby-erasmus-a-5-anni-alla-materna-ospiti-bimbi-spagnoli-con-genitori-e-insegnanti-educazione-europea-d5916c97-327e-433e-b8ca-f47e49313xlk.shtml?fbclid=IwZXh0bgNhZW0CMTAAAR2fFh-FZfTZba08kzRmBfPxMhUGnuC8-2u-J-cWpbQ8MK35V3IJwrUMp1U_aem_CBh76AFuOkIdp0Lm2gRJZQ\" target=\"_blank\" rel=\"nofollow noopener noreferrer\">https:\/\/corrieredibologna.corriere.it\/&#8230;\/bologna-baby&#8230;<\/a><\/span><\/div>\n<\/div>\n<div class=\"x11i5rnm xat24cr x1mh8g0r x1vvkbs xtlvy1s x126k92a\">\n<div dir=\"auto\"><span class=\"html-span xdj266r x11i5rnm xat24cr x1mh8g0r xexx8yu x4uap5 x18d9i69 xkhd6sd x1hl2dhg x16tdsg8 x1vvkbs\"><a class=\"x1i10hfl xjbqb8w x1ejq31n xd10rxx x1sy0etr x17r0tee x972fbf xcfux6l x1qhh985 xm0m39n x9f619 x1ypdohk xt0psk2 xe8uvvx xdj266r x11i5rnm xat24cr x1mh8g0r xexx8yu x4uap5 x18d9i69 xkhd6sd x16tdsg8 x1hl2dhg xggy1nq x1a2a7pz x1sur9pj xkrqix3 x1fey0fg xo1l8bm\" role=\"link\" href=\"https:\/\/www.facebook.com\/ErasmusPlusSEPIE?__cft__[0]=AZWCziOC_RPRlT-iVhznyhpETqbr6P9gh9zwrUkzeW9VYMjRr5hGseAAMHoueJTCuJT_eyBKU4BAM8XuoVLr8yNDYVwKHrN8hKRmzBc8GnOFuIE5ygncjG52dK10zcaB6GMvg5LvHaErhvFnYwONUU-ksjSEjCYsCeX5Gd-Mnp-MYWT_7p-Kqyilb98zJ3tu3mELwKLeC8l7QNs-RpV8qRIj&amp;__tn__=-]K-R\"><span class=\"xt0psk2\">Servicio Espa\u00f1ol para la Internacionalizaci\u00f3n de la Educaci\u00f3n<\/span><\/a><\/span> <span class=\"html-span xdj266r x11i5rnm xat24cr x1mh8g0r xexx8yu x4uap5 x18d9i69 xkhd6sd x1hl2dhg x16tdsg8 x1vvkbs\"><a class=\"x1i10hfl xjbqb8w x1ejq31n xd10rxx x1sy0etr x17r0tee x972fbf xcfux6l x1qhh985 xm0m39n x9f619 x1ypdohk xt0psk2 xe8uvvx xdj266r x11i5rnm xat24cr x1mh8g0r xexx8yu x4uap5 x18d9i69 xkhd6sd x16tdsg8 x1hl2dhg xggy1nq x1a2a7pz x1sur9pj xkrqix3 x1fey0fg xo1l8bm\" role=\"link\" href=\"https:\/\/www.facebook.com\/profile.php?id=100064807455903&amp;__cft__[0]=AZWCziOC_RPRlT-iVhznyhpETqbr6P9gh9zwrUkzeW9VYMjRr5hGseAAMHoueJTCuJT_eyBKU4BAM8XuoVLr8yNDYVwKHrN8hKRmzBc8GnOFuIE5ygncjG52dK10zcaB6GMvg5LvHaErhvFnYwONUU-ksjSEjCYsCeX5Gd-Mnp-MYWT_7p-Kqyilb98zJ3tu3mELwKLeC8l7QNs-RpV8qRIj&amp;__tn__=-]K-R\"><span class=\"xt0psk2\">Gabinete Paz Igualdad Huelva<\/span><\/a><\/span> <span class=\"html-span xdj266r x11i5rnm xat24cr x1mh8g0r xexx8yu x4uap5 x18d9i69 xkhd6sd x1hl2dhg x16tdsg8 x1vvkbs\"><a class=\"x1i10hfl xjbqb8w x1ejq31n xd10rxx x1sy0etr x17r0tee x972fbf xcfux6l x1qhh985 xm0m39n x9f619 x1ypdohk xt0psk2 xe8uvvx xdj266r x11i5rnm xat24cr x1mh8g0r xexx8yu x4uap5 x18d9i69 xkhd6sd x16tdsg8 x1hl2dhg xggy1nq x1a2a7pz x1sur9pj xkrqix3 x1fey0fg xo1l8bm\" role=\"link\" href=\"https:\/\/www.facebook.com\/EUErasmusPlusProgramme?__cft__[0]=AZWCziOC_RPRlT-iVhznyhpETqbr6P9gh9zwrUkzeW9VYMjRr5hGseAAMHoueJTCuJT_eyBKU4BAM8XuoVLr8yNDYVwKHrN8hKRmzBc8GnOFuIE5ygncjG52dK10zcaB6GMvg5LvHaErhvFnYwONUU-ksjSEjCYsCeX5Gd-Mnp-MYWT_7p-Kqyilb98zJ3tu3mELwKLeC8l7QNs-RpV8qRIj&amp;__tn__=-]K-R\"><span class=\"xt0psk2\">Erasmus+<\/span><\/a><\/span> <span class=\"html-span xdj266r x11i5rnm xat24cr x1mh8g0r xexx8yu x4uap5 x18d9i69 xkhd6sd x1hl2dhg x16tdsg8 x1vvkbs\"><a class=\"x1i10hfl xjbqb8w x1ejq31n xd10rxx x1sy0etr x17r0tee x972fbf xcfux6l x1qhh985 xm0m39n x9f619 x1ypdohk xt0psk2 xe8uvvx xdj266r x11i5rnm xat24cr x1mh8g0r xexx8yu x4uap5 x18d9i69 xkhd6sd x16tdsg8 x1hl2dhg xggy1nq x1a2a7pz x1sur9pj xkrqix3 x1fey0fg xo1l8bm\" role=\"link\" href=\"https:\/\/www.facebook.com\/OrdenacionHuelva?__cft__[0]=AZWCziOC_RPRlT-iVhznyhpETqbr6P9gh9zwrUkzeW9VYMjRr5hGseAAMHoueJTCuJT_eyBKU4BAM8XuoVLr8yNDYVwKHrN8hKRmzBc8GnOFuIE5ygncjG52dK10zcaB6GMvg5LvHaErhvFnYwONUU-ksjSEjCYsCeX5Gd-Mnp-MYWT_7p-Kqyilb98zJ3tu3mELwKLeC8l7QNs-RpV8qRIj&amp;__tn__=-]K-R\"><span class=\"xt0psk2\">Ordenaci\u00f3n Educativa Huelva<\/span><\/a><\/span> <span class=\"html-span xdj266r x11i5rnm xat24cr x1mh8g0r xexx8yu x4uap5 x18d9i69 xkhd6sd x1hl2dhg x16tdsg8 x1vvkbs\"><a class=\"x1i10hfl xjbqb8w x1ejq31n xd10rxx x1sy0etr x17r0tee x972fbf xcfux6l x1qhh985 xm0m39n x9f619 x1ypdohk xt0psk2 xe8uvvx xdj266r x11i5rnm xat24cr x1mh8g0r xexx8yu x4uap5 x18d9i69 xkhd6sd x16tdsg8 x1hl2dhg xggy1nq x1a2a7pz x1sur9pj xkrqix3 x1fey0fg xo1l8bm\" role=\"link\" href=\"https:\/\/www.facebook.com\/ayuntamientodearacena?__cft__[0]=AZWCziOC_RPRlT-iVhznyhpETqbr6P9gh9zwrUkzeW9VYMjRr5hGseAAMHoueJTCuJT_eyBKU4BAM8XuoVLr8yNDYVwKHrN8hKRmzBc8GnOFuIE5ygncjG52dK10zcaB6GMvg5LvHaErhvFnYwONUU-ksjSEjCYsCeX5Gd-Mnp-MYWT_7p-Kqyilb98zJ3tu3mELwKLeC8l7QNs-RpV8qRIj&amp;__tn__=-]K-R\"><span class=\"xt0psk2\">Ayuntamiento Aracena<\/span><\/a><\/span> <span class=\"html-span xdj266r x11i5rnm xat24cr x1mh8g0r xexx8yu x4uap5 x18d9i69 xkhd6sd x1hl2dhg x16tdsg8 x1vvkbs\"><a class=\"x1i10hfl xjbqb8w x1ejq31n xd10rxx x1sy0etr x17r0tee x972fbf xcfux6l x1qhh985 xm0m39n x9f619 x1ypdohk xt0psk2 xe8uvvx xdj266r x11i5rnm xat24cr x1mh8g0r xexx8yu x4uap5 x18d9i69 xkhd6sd x16tdsg8 x1hl2dhg xggy1nq x1a2a7pz x1sur9pj xkrqix3 x1fey0fg xo1l8bm\" role=\"link\" href=\"https:\/\/www.facebook.com\/profile.php?id=100010647941863&amp;__cft__[0]=AZWCziOC_RPRlT-iVhznyhpETqbr6P9gh9zwrUkzeW9VYMjRr5hGseAAMHoueJTCuJT_eyBKU4BAM8XuoVLr8yNDYVwKHrN8hKRmzBc8GnOFuIE5ygncjG52dK10zcaB6GMvg5LvHaErhvFnYwONUU-ksjSEjCYsCeX5Gd-Mnp-MYWT_7p-Kqyilb98zJ3tu3mELwKLeC8l7QNs-RpV8qRIj&amp;__tn__=-]K-R\"><span class=\"xt0psk2\">Ampa El Tobog\u00e1n<\/span><\/a><\/span> <span class=\"html-span xdj266r x11i5rnm xat24cr x1mh8g0r xexx8yu x4uap5 x18d9i69 xkhd6sd x1hl2dhg x16tdsg8 x1vvkbs\"><a class=\"x1i10hfl xjbqb8w x1ejq31n xd10rxx x1sy0etr x17r0tee x972fbf xcfux6l x1qhh985 xm0m39n x9f619 x1ypdohk xt0psk2 xe8uvvx xdj266r x11i5rnm xat24cr x1mh8g0r xexx8yu x4uap5 x18d9i69 xkhd6sd x16tdsg8 x1hl2dhg xggy1nq x1a2a7pz x1sur9pj xkrqix3 x1fey0fg xo1l8bm\" role=\"link\" href=\"https:\/\/www.facebook.com\/EducaAnd?__cft__[0]=AZWCziOC_RPRlT-iVhznyhpETqbr6P9gh9zwrUkzeW9VYMjRr5hGseAAMHoueJTCuJT_eyBKU4BAM8XuoVLr8yNDYVwKHrN8hKRmzBc8GnOFuIE5ygncjG52dK10zcaB6GMvg5LvHaErhvFnYwONUU-ksjSEjCYsCeX5Gd-Mnp-MYWT_7p-Kqyilb98zJ3tu3mELwKLeC8l7QNs-RpV8qRIj&amp;__tn__=-]K-R\"><span class=\"xt0psk2\">Consejer\u00eda de Desarrollo Educativo y Formaci\u00f3n Profesional<\/span><\/a><\/span> <span class=\"html-span xdj266r x11i5rnm xat24cr x1mh8g0r xexx8yu x4uap5 x18d9i69 xkhd6sd x1hl2dhg x16tdsg8 x1vvkbs\"><a class=\"x1i10hfl xjbqb8w x1ejq31n xd10rxx x1sy0etr x17r0tee x972fbf xcfux6l x1qhh985 xm0m39n x9f619 x1ypdohk xt0psk2 xe8uvvx xdj266r x11i5rnm xat24cr x1mh8g0r xexx8yu x4uap5 x18d9i69 xkhd6sd x16tdsg8 x1hl2dhg xggy1nq x1a2a7pz x1sur9pj xkrqix3 x1fey0fg xo1l8bm\" role=\"link\" href=\"https:\/\/www.facebook.com\/alessia.cingolani1?__cft__[0]=AZWCziOC_RPRlT-iVhznyhpETqbr6P9gh9zwrUkzeW9VYMjRr5hGseAAMHoueJTCuJT_eyBKU4BAM8XuoVLr8yNDYVwKHrN8hKRmzBc8GnOFuIE5ygncjG52dK10zcaB6GMvg5LvHaErhvFnYwONUU-ksjSEjCYsCeX5Gd-Mnp-MYWT_7p-Kqyilb98zJ3tu3mELwKLeC8l7QNs-RpV8qRIj&amp;__tn__=-]K-R\"><span class=\"xt0psk2\">Alessia Cingolani<\/span><\/a><\/span><\/div>\n<\/div>\n<\/div>\n<\/div>\n<\/div>\n<\/div>\n<div id=\":rco:\" class=\"html-div xe8uvvx xdj266r x11i5rnm xat24cr x1mh8g0r xexx8yu x4uap5 x18d9i69 xkhd6sd x1n2onr6\">\n<div class=\"html-div xe8uvvx xdj266r x11i5rnm xat24cr x1mh8g0r xexx8yu x4uap5 x18d9i69 xkhd6sd x1n2onr6\">\n<div class=\"x6s0dn4 x1jx94hy x78zum5 xdt5ytf x6ikm8r x10wlt62 x1n2onr6 xh8yej3\">\n<div>\n<div class=\"xqtp20y x6ikm8r x10wlt62 x1n2onr6\">\n<div class=\"x10l6tqk x13vifvy\"><img loading=\"lazy\" decoding=\"async\" class=\"x1ey2m1c xds687c x5yr21d x10l6tqk x17qophe x13vifvy xh8yej3 xl1xv1r\" src=\"https:\/\/scontent.fsvq4-1.fna.fbcdn.net\/v\/t39.30808-6\/444789969_979748447223720_5490238973412262927_n.jpg?stp=dst-jpg_p526x296&amp;_nc_cat=101&amp;ccb=1-7&amp;_nc_sid=127cfc&amp;_nc_ohc=LtDNmegQY_AQ7kNvgGQFAbc&amp;_nc_ht=scontent.fsvq4-1.fna&amp;oh=00_AYDgPOFAuKBeFJ0-UBlQKtTyX-wnG9K4s9-CCdk2mtR9iQ&amp;oe=6680727A\" alt=\"Puede ser una imagen de 5 personas y texto\" width=\"526\" height=\"789\"><\/div>\n<\/div>\n<\/div>\n<\/div>\n<div class=\"x1nb4dca x1q0q8m5 xso031l x1exxf4d x13fuv20 x178xt8z x1ey2m1c xds687c x47corl x10l6tqk x17qophe x13vifvy\">&nbsp;<\/div>\n<div class=\"x1ey2m1c xds687c x17qophe xg01cxk x47corl x10l6tqk x13vifvy x1ebt8du x19991ni x1dhq9h x1o1ewxj x3x9cwd x1e5q0jg x13rtm0m\" role=\"none\" data-visualcompletion=\"ignore\">\n<div class=\"xdj266r x11i5rnm xat24cr x1mh8g0r x1vvkbs x126k92a\">\n<div dir=\"auto\" style=\"text-align: center\"><strong>9 DE MAYO: D\u00cdA DE EUROPA<\/strong><\/div>\n<\/div>\n<div class=\"x11i5rnm xat24cr x1mh8g0r x1vvkbs xtlvy1s x126k92a\">\n<div dir=\"auto\">\u00bfUn d\u00eda s\u00f3lo? Eso es poco \u00bfno? Nosotros le hemos dedicado todo un trimestre a estudiar y conocer Europa, de la que tambi\u00e9n forma parte Espa\u00f1a claro, hemos recorrido nuestro continente a lo largo y ancho, hemos conocido banderas, ciudades otros idiomas, monumentos, comidas y hasta alguno de nosotros hemos tenido la oportunidad de viajar de verdad por Europa y conocer la bonita ciudad de Bolonia, en este video os dejamos un peque\u00f1o resumen de todo lo que hemos aprendido sobre Europa.<\/div>\n<\/div>\n<\/div>\n<\/div>\n<div class=\"html-div xe8uvvx xdj266r x11i5rnm xat24cr x1mh8g0r xexx8yu x4uap5 x18d9i69 xkhd6sd x6ikm8r x10wlt62\"><a href=\"https:\/\/www.facebook.com\/100055657225577\/videos\/1646574519412935\">VIDEO<\/a><\/div>\n<\/div>\n<\/div>\n<div class=\"x8gbvx8 x80vd3b x1q0q8m5 xso031l x8cjs6t x13fuv20 x178xt8z x78zum5 x1q0g3np x1qughib xz9dl7a xn6708d xsag5q8 xpkgp8e\">\n<div class=\"x6s0dn4 x78zum5 x1nhvcw1\">&nbsp;<\/div>\n<div class=\"x78zum5 x13a6bvl\">\n<div class=\"x1n2onr6 x1ja2u2z x78zum5 x2lah0s xl56j7k x6s0dn4 xozqiw3 x1q0g3np xi112ho x17zwfj4 x585lrc x1403ito x972fbf xcfux6l x1qhh985 xm0m39n x9f619 xn6708d x1ye3gou xtvsq51 x1r1pt67\" role=\"none\">\n<div class=\"x6s0dn4 x78zum5 xl56j7k x1608yet xljgi0e x1e0frkt\">\n<div class=\"x9f619 x1n2onr6 x1ja2u2z x193iq5w xeuugli x6s0dn4 x78zum5 x2lah0s x1fbi1t2 xl8fo4v\" role=\"none\">\n<div class=\"html-div xe8uvvx xdj266r x11i5rnm xat24cr x1mh8g0r xexx8yu x4uap5 x18d9i69 xkhd6sd\">\n<div class=\"html-div xe8uvvx xdj266r x11i5rnm xat24cr x1mh8g0r xexx8yu x4uap5 x18d9i69 xkhd6sd\" dir=\"auto\">\n<div id=\":r3h:\" class=\"x1iorvi4 x1pi30zi x1l90r2v x1swvt13\" data-ad-comet-preview=\"message\" data-ad-preview=\"message\">\n<div class=\"x78zum5 xdt5ytf xz62fqu x16ldp7u\">\n<div class=\"xu06os2 x1ok221b\">\n<div class=\"xdj266r x11i5rnm xat24cr x1mh8g0r x1vvkbs x126k92a\">\n<div dir=\"auto\">&nbsp;<\/div>\n<div dir=\"auto\" style=\"text-align: center\"><strong>REUNI\u00d3N EQUIPO ERASMUS+ BOLONIA &#8211; EI &#8220;LA JULIANITA&#8221; (13\/06\/2024)<\/strong><\/div>\n<\/div>\n<div class=\"x11i5rnm xat24cr x1mh8g0r x1vvkbs xtlvy1s x126k92a\">\n<div dir=\"auto\">Acabando el curso 23 \/ 24 y comenzado a dise\u00f1ar actividades para el pr\u00f3ximo: 24 \/ 25<\/div>\n<div dir=\"auto\">En la ma\u00f1ana de hoy a trav\u00e9s de videoconferencia nos hemos reunido con el Equipo Erasmus + de Bolonia y \u00bfsab\u00e9is porqu\u00e9?<\/div>\n<\/div>\n<div class=\"x11i5rnm xat24cr x1mh8g0r x1vvkbs xtlvy1s x126k92a\">\n<div dir=\"auto\">Despu\u00e9s de nuestra visita con nuestros peques a su bonita ciudad y colegio, los lazos de uni\u00f3n entre ambas instituciones se han estrechando tanto que ahora nosotros\/as seremos sus anfitriones.<\/div>\n<\/div>\n<div class=\"x11i5rnm xat24cr x1mh8g0r x1vvkbs xtlvy1s x126k92a\">\n<div dir=\"auto\">\u00a1\u00a1\u00a1 Si hab\u00e9is escuchado bien!!! SI todo va bien, el pr\u00f3ximo curso tendremos en nuestro cole a 6 peques de Bolonia junto a sus familias, docentes, y quien sabe si alg\u00fan invitado m\u00e1s.<\/div>\n<\/div>\n<div class=\"x11i5rnm xat24cr x1mh8g0r x1vvkbs xtlvy1s x126k92a\">\n<div dir=\"auto\">\u00bfQu\u00e9 os parece? Y no s\u00f3lo eso, muy posiblemente nosotros\/as volvamos a repetir y viajemos de nuevo con nuestros\/as ni\u00f1os y ni\u00f1as de 5 a\u00f1os a Bolonia, aunque tambi\u00e9n estamos buscando otros coles, pero no descartamos esta opci\u00f3n.<\/div>\n<\/div>\n<div class=\"x11i5rnm xat24cr x1mh8g0r x1vvkbs xtlvy1s x126k92a\">\n<div dir=\"auto\">Familias: \u00bfqui\u00e9n se anima a viajar el pr\u00f3ximo curso? Nuestros pr\u00f3ximos viajes comienzan a tomar forma \u00a1qu\u00e9 ilusi\u00f3n!<\/div>\n<\/div>\n<div class=\"x11i5rnm xat24cr x1mh8g0r x1vvkbs xtlvy1s x126k92a\">\n<div dir=\"auto\"><img decoding=\"async\" src=\"https:\/\/scontent.fsvq4-1.fna.fbcdn.net\/v\/t39.30808-6\/448317423_994083802456851_4284270209557850218_n.jpg?stp=dst-jpg_s1080x2048&amp;_nc_cat=104&amp;ccb=1-7&amp;_nc_sid=127cfc&amp;_nc_ohc=uBUdcAoi7xwQ7kNvgFj0PHx&amp;_nc_ht=scontent.fsvq4-1.fna&amp;oh=00_AYCW0S1dzPmO7wIUFD-3PXtJn7TQvL9WoH3hv4SRIqmWag&amp;oe=668066D7\"> \u203b Alessia AlessiaCingolani Eingolan \u5bb6 ATlee Ivana5calzi Scalzi Ivana Sara Munerato \u4e2d Gaia GaiaMinnella innella 10:22 Meet La Julianita meria meriasierre sierre Activar Windows VeaConliguraci\u00f3npey\u200e&#8221;\u200e\u200e&#8221;&gt;<\/div>\n<\/div>\n<\/div>\n<\/div>\n<\/div>\n<\/div>\n<div id=\":r3i:\" class=\"html-div xe8uvvx xdj266r x11i5rnm xat24cr x1mh8g0r xexx8yu x4uap5 x18d9i69 xkhd6sd x1n2onr6\">\n<div class=\"html-div xe8uvvx xdj266r x11i5rnm xat24cr x1mh8g0r xexx8yu x4uap5 x18d9i69 xkhd6sd x1n2onr6\">\n<div class=\"x6s0dn4 x1jx94hy x78zum5 xdt5ytf x6ikm8r x10wlt62 x1n2onr6 xh8yej3\">\n<div>\n<div class=\"xqtp20y x6ikm8r x10wlt62 x1n2onr6\">\n<div class=\"x10l6tqk x13vifvy\"><img loading=\"lazy\" decoding=\"async\" class=\"alignnone size-medium wp-image-2743 aligncenter\" src=\"https:\/\/blogsaverroes.juntadeandalucia.es\/eilajulianita\/files\/2024\/06\/Reunion-Equipo-Erasmu-Bolognia-EI-LA-JULIANITA-300x145.png\" alt=\"\" width=\"300\" height=\"145\" srcset=\"https:\/\/blogsaverroes.juntadeandalucia.es\/eilajulianita\/files\/2024\/06\/Reunion-Equipo-Erasmu-Bolognia-EI-LA-JULIANITA-300x145.png 300w, https:\/\/blogsaverroes.juntadeandalucia.es\/eilajulianita\/files\/2024\/06\/Reunion-Equipo-Erasmu-Bolognia-EI-LA-JULIANITA-1024x494.png 1024w, https:\/\/blogsaverroes.juntadeandalucia.es\/eilajulianita\/files\/2024\/06\/Reunion-Equipo-Erasmu-Bolognia-EI-LA-JULIANITA-768x370.png 768w, https:\/\/blogsaverroes.juntadeandalucia.es\/eilajulianita\/files\/2024\/06\/Reunion-Equipo-Erasmu-Bolognia-EI-LA-JULIANITA-1536x741.png 1536w, https:\/\/blogsaverroes.juntadeandalucia.es\/eilajulianita\/files\/2024\/06\/Reunion-Equipo-Erasmu-Bolognia-EI-LA-JULIANITA-700x338.png 700w, https:\/\/blogsaverroes.juntadeandalucia.es\/eilajulianita\/files\/2024\/06\/Reunion-Equipo-Erasmu-Bolognia-EI-LA-JULIANITA.png 1920w\" sizes=\"(max-width: 300px) 100vw, 300px\" \/> \u203b Alessia AlessiaCingolani Eingolan \u5bb6 ATlee Ivana5calzi Scalzi Ivana Sara Munerato \u4e2d Gaia GaiaMinnella innella 10:22 Meet La Julianita meria meriasierre sierre Activar Windows VeaConliguraci\u00f3npey\u200e&#8221;\u200e\u200e&#8221; width=&#8221;1080&#8243; height=&#8221;521&#8243;&gt;<\/div>\n<\/div>\n<\/div>\n<\/div>\n<div class=\"x1nb4dca x1q0q8m5 xso031l x1exxf4d x13fuv20 x178xt8z x1ey2m1c xds687c x47corl x10l6tqk x17qophe x13vifvy\">&nbsp;<\/div>\n<div class=\"x1ey2m1c xds687c x17qophe xg01cxk x47corl x10l6tqk x13vifvy x1ebt8du x19991ni x1dhq9h x1o1ewxj x3x9cwd x1e5q0jg x13rtm0m\" role=\"none\" data-visualcompletion=\"ignore\">&nbsp;<\/div>\n<\/div>\n<div class=\"html-div xe8uvvx xdj266r x11i5rnm xat24cr x1mh8g0r xexx8yu x4uap5 x18d9i69 xkhd6sd x6ikm8r x10wlt62\">&nbsp;<\/div>\n<\/div>\n<\/div>\n<div class=\"x8gbvx8 x80vd3b x1q0q8m5 xso031l x8cjs6t x13fuv20 x178xt8z x78zum5 x1q0g3np x1qughib xz9dl7a xn6708d xsag5q8 xpkgp8e\">\n<div class=\"x6s0dn4 x78zum5 x1nhvcw1\">&nbsp;<\/div>\n<\/div>\n<div>\n<div class=\"x168nmei x13lgxp2 x30kzoy x9jhf4c x6ikm8r x10wlt62\" data-visualcompletion=\"ignore-dynamic\">\n<div>\n<div>\n<div>\n<div class=\"x1n2onr6\">\n<div class=\"x6s0dn4 xi81zsa x78zum5 x6prxxf x13a6bvl xvq8zen xdj266r xat24cr x1d52u69 xktsk01 x889kno x1a8lsjc xkhd6sd x4uap5 xdppsyt\">\n<div class=\"x6s0dn4 x78zum5 x1iyjqo2 x6ikm8r x10wlt62\">\n<div class=\"\">\n<div class=\"x1i10hfl xjbqb8w x1ejq31n xd10rxx x1sy0etr x17r0tee x972fbf xcfux6l x1qhh985 xm0m39n x9f619 x1ypdohk xe8uvvx xdj266r x11i5rnm xat24cr x1mh8g0r xexx8yu x4uap5 x18d9i69 xkhd6sd x16tdsg8 x1hl2dhg xggy1nq x1o1ewxj x3x9cwd x1e5q0jg x13rtm0m x1n2onr6 x87ps6o x1lku1pv x1a2a7pz x1heor9g xnl1qt8 x6ikm8r x10wlt62 x1vjfegm x1lliihq\" role=\"button\">&nbsp;<\/div>\n<\/div>\n<\/div>\n<div class=\"x1c4vz4f x2lah0s xci0xqf\">&nbsp;<\/div>\n<div class=\"x9f619 x1n2onr6 x1ja2u2z x78zum5 x2lah0s x1qughib x1qjc9v5 xozqiw3 x1q0g3np xykv574 xbmpl8g x4cne27 xifccgj\">&nbsp;<\/div>\n<\/div>\n<\/div>\n<\/div>\n<\/div>\n<\/div>\n<\/div>\n<\/div>\n<\/div>\n<\/div>\n<div class=\"x1ey2m1c xds687c x17qophe xg01cxk x47corl x10l6tqk x13vifvy x1ebt8du x19991ni x1dhq9h x1o1ewxj x3x9cwd x1e5q0jg x13rtm0m\" role=\"none\" data-visualcompletion=\"ignore\">&nbsp;<\/div>\n<\/div>\n<\/div>\n<\/div>\n<div>\n<div class=\"x168nmei x13lgxp2 x30kzoy x9jhf4c x6ikm8r x10wlt62\" data-visualcompletion=\"ignore-dynamic\">\n<div>\n<div>\n<div>\n<div class=\"x1n2onr6\">\n<div class=\"x6s0dn4 xi81zsa x78zum5 x6prxxf x13a6bvl xvq8zen xdj266r xat24cr x1d52u69 xktsk01 x889kno x1a8lsjc xkhd6sd x4uap5 xdppsyt\">\n<div class=\"x6s0dn4 x78zum5 x1iyjqo2 x6ikm8r x10wlt62\">\n<div class=\"x1i10hfl x1qjc9v5 xjbqb8w xjqpnuy xa49m3k xqeqjp1 x2hbi6w x13fuv20 xu3j5b3 x1q0q8m5 x26u7qi x972fbf xcfux6l x1qhh985 xm0m39n x9f619 x1ypdohk xdl72j9 x2lah0s xe8uvvx xdj266r x11i5rnm xat24cr x1mh8g0r x2lwn1j xeuugli xexx8yu x4uap5 x18d9i69 xkhd6sd x1n2onr6 x16tdsg8 x1hl2dhg xggy1nq x1ja2u2z x1t137rt x1o1ewxj x3x9cwd x1e5q0jg x13rtm0m x3nfvp2 x1q0g3np x87ps6o x1lku1pv x1a2a7pz\" role=\"button\" aria-label=\"Me encanta: 3 personas\">&nbsp;<\/div>\n<div class=\"x1i10hfl x1qjc9v5 xjbqb8w xjqpnuy xa49m3k xqeqjp1 x2hbi6w x13fuv20 xu3j5b3 x1q0q8m5 x26u7qi x972fbf xcfux6l x1qhh985 xm0m39n x9f619 x1ypdohk xdl72j9 x2lah0s xe8uvvx xdj266r x11i5rnm xat24cr x1mh8g0r x2lwn1j xeuugli xexx8yu x4uap5 x18d9i69 xkhd6sd x1n2onr6 x16tdsg8 x1hl2dhg xggy1nq x1ja2u2z x1t137rt x1o1ewxj x3x9cwd x1e5q0jg x13rtm0m x3nfvp2 x1q0g3np x87ps6o x1lku1pv x1a2a7pz\" role=\"button\" aria-label=\"Me gusta: 2 personas\">&nbsp;<\/div>\n<\/div>\n<\/div>\n<\/div>\n<\/div>\n<\/div>\n<\/div>\n<\/div>\n<\/div>\n<\/div>\n<\/div>\n<div class=\"xdj266r x11i5rnm xat24cr x1mh8g0r x1vvkbs x126k92a\">\n<div dir=\"auto\" style=\"text-align: center\"><strong>JOB &#8211; SHADOWING BRUZ (FRANCIA) del 1 al 4 de julio de 2024<\/strong><\/div>\n<div dir=\"auto\">&nbsp;<\/div>\n<\/div>\n<div class=\"x11i5rnm xat24cr x1mh8g0r x1vvkbs xtlvy1s x126k92a\">\n<div dir=\"auto\">En la semana del 1 al 4 de julio, nuestra maestras Rosa y Prado han tenido la oportunidad de cerrar las movilidades enmarcadas en nuestro proyecto Erasmus+ para el curso 23\/24 en la escuela: LA PROVIDENCE DE VERT BUISON, en la localidad francesa de Bruz.<\/div>\n<\/div>\n<div class=\"x11i5rnm xat24cr x1mh8g0r x1vvkbs xtlvy1s x126k92a\">\n<div dir=\"auto\">All\u00ed han podido observar diferentes clases tanto en infantil como en primaria, adem\u00e1s de conocer las diferencias y similitudes con nuestro sistema educativo, algo que nos llama bastante la atenci\u00f3n es la mezcla de ni\u00f1os de diferentes a\u00f1os de nacimiento en las aulas, as\u00ed por ejemplo, en las aulas de infantil, hab\u00eda peque\u00f1os\/as con dos, tres, cuatro o cinco a\u00f1os, algo que nos parece bastante interesante y, que ya tambi\u00e9n hab\u00edamos observado como se hace en Italia, por ejemplo.<\/div>\n<\/div>\n<div class=\"x11i5rnm xat24cr x1mh8g0r x1vvkbs xtlvy1s x126k92a\">\n<div dir=\"auto\">En este centro hemos podido ver la importancia que le otorgan al desarrollo de la imaginaci\u00f3n y creatividad, siendo una de sus l\u00edneas de trabajo.<\/div>\n<\/div>\n<div class=\"x11i5rnm xat24cr x1mh8g0r x1vvkbs xtlvy1s x126k92a\">\n<div dir=\"auto\">En infantil hemos podido ense\u00f1arle canciones que cantamos a nuestros peques en nuestro cole y, a los mayores muy interesados en conocernos les hemos ense\u00f1ado palabras, n\u00fameros, letras, en espa\u00f1ol, adem\u00e1s de presentarles a nuestra mascota: Julian\u00edn, nuestro cole y ciudad a trav\u00e9s de las nuevas tecnolog\u00edas.<\/div>\n<\/div>\n<div class=\"x11i5rnm xat24cr x1mh8g0r x1vvkbs xtlvy1s x126k92a\">\n<div dir=\"auto\">Durante esta semana hemos tenido la suerte de observar como se cerraba el curso en este centro franc\u00e9s, con diferentes tipos de actividades, siendo una de ellas, el d\u00eda de los talentos, en el que de forma libre los alumnos\/as que lo han querido han mostrado al resto sus dotes cantando, bailando, tocando instrumentos,&#8230; o haciendo actividades al aire libre en un bonito parque que hay cerca del colegio.<\/div>\n<\/div>\n<div class=\"x11i5rnm xat24cr x1mh8g0r x1vvkbs xtlvy1s x126k92a\">\n<div dir=\"auto\">Nos hemos tra\u00eddo muchas ideas que poder poner en pr\u00e1ctica en nuestro cole.<\/div>\n<\/div>\n<div class=\"x11i5rnm xat24cr x1mh8g0r x1vvkbs xtlvy1s x126k92a\">\n<div dir=\"auto\">Adem\u00e1s de todo ello, hemos podido disfrutar del patrimonio de ciudades cercanas como Rennes o de conocer el espectacular Mont Saint- Michel gracias a Alexandre el hijo de la se\u00f1o Lenka, que amablemente nos llev\u00f3 y explic\u00f3 todo, como tambi\u00e9n de su gastronom\u00eda probando sus ricas gallettes o crepes.<\/div>\n<\/div>\n<div class=\"x11i5rnm xat24cr x1mh8g0r x1vvkbs xtlvy1s x126k92a\">\n<div dir=\"auto\">Otra experiencia m\u00e1s para nuestras maestras que, gracias a este bonito programa se est\u00e1n nutriendo cada d\u00eda m\u00e1s de diferentes actividades, t\u00e9cnicas e instrumentos que poder aplicar en nuestro<\/div>\n<div dir=\"auto\">cole.<\/div>\n<\/div>\n<div class=\"x11i5rnm xat24cr x1mh8g0r x1vvkbs xtlvy1s x126k92a\">\n<div dir=\"auto\">A sus maestras les hicimos entrega de diferentes presentes que les llev\u00e1bamos desde nuestra ciudad: Aracena, para que siempre nos recuerden.<\/div>\n<\/div>\n<div class=\"x11i5rnm xat24cr x1mh8g0r x1vvkbs xtlvy1s x126k92a\">\n<div dir=\"auto\"><span class=\"html-span xdj266r x11i5rnm xat24cr x1mh8g0r xexx8yu x4uap5 x18d9i69 xkhd6sd x1hl2dhg x16tdsg8 x1vvkbs\"><a class=\"x1i10hfl xjbqb8w x1ejq31n xd10rxx x1sy0etr x17r0tee x972fbf xcfux6l x1qhh985 xm0m39n x9f619 x1ypdohk xt0psk2 xe8uvvx xdj266r x11i5rnm xat24cr x1mh8g0r xexx8yu x4uap5 x18d9i69 xkhd6sd x16tdsg8 x1hl2dhg xggy1nq x1a2a7pz x1sur9pj xkrqix3 x1fey0fg xo1l8bm\" role=\"link\" href=\"https:\/\/www.facebook.com\/ErasmusPlusSEPIE?__cft__[0]=AZUGThIhKAqNYxrpbOzQWlPDl1YvdToExL_fY3PfkZdZkQNa94BVNvzhtIK4Gjyf0A55mMwjFAf5J_ANjUoOvOsXK5zfEFWLBFt_t9aQvMUeYu1hu44O2ORbrKNNBXIFDrVShE1xFnZKQaL3QVx15J9KdyfdtlQDq3juEX5rImPYLg&amp;__tn__=-]K-R\"><span class=\"xt0psk2\">Servicio Espa\u00f1ol para la Internacionalizaci\u00f3n de la Educaci\u00f3n<\/span><\/a><\/span> <span class=\"html-span xdj266r x11i5rnm xat24cr x1mh8g0r xexx8yu x4uap5 x18d9i69 xkhd6sd x1hl2dhg x16tdsg8 x1vvkbs\"><a class=\"x1i10hfl xjbqb8w x1ejq31n xd10rxx x1sy0etr x17r0tee x972fbf xcfux6l x1qhh985 xm0m39n x9f619 x1ypdohk xt0psk2 xe8uvvx xdj266r x11i5rnm xat24cr x1mh8g0r xexx8yu x4uap5 x18d9i69 xkhd6sd x16tdsg8 x1hl2dhg xggy1nq x1a2a7pz x1sur9pj xkrqix3 x1fey0fg xo1l8bm\" role=\"link\" href=\"https:\/\/www.facebook.com\/profile.php?id=100010647941863&amp;__cft__[0]=AZUGThIhKAqNYxrpbOzQWlPDl1YvdToExL_fY3PfkZdZkQNa94BVNvzhtIK4Gjyf0A55mMwjFAf5J_ANjUoOvOsXK5zfEFWLBFt_t9aQvMUeYu1hu44O2ORbrKNNBXIFDrVShE1xFnZKQaL3QVx15J9KdyfdtlQDq3juEX5rImPYLg&amp;__tn__=-]K-R\"><span class=\"xt0psk2\">Ampa El Tobog\u00e1n<\/span><\/a><\/span> <span class=\"html-span xdj266r x11i5rnm xat24cr x1mh8g0r xexx8yu x4uap5 x18d9i69 xkhd6sd x1hl2dhg x16tdsg8 x1vvkbs\"><a class=\"x1i10hfl xjbqb8w x1ejq31n xd10rxx x1sy0etr x17r0tee x972fbf xcfux6l x1qhh985 xm0m39n x9f619 x1ypdohk xt0psk2 xe8uvvx xdj266r x11i5rnm xat24cr x1mh8g0r xexx8yu x4uap5 x18d9i69 xkhd6sd x16tdsg8 x1hl2dhg xggy1nq x1a2a7pz x1sur9pj xkrqix3 x1fey0fg xo1l8bm\" role=\"link\" href=\"https:\/\/www.facebook.com\/OrdenacionHuelva?__cft__[0]=AZUGThIhKAqNYxrpbOzQWlPDl1YvdToExL_fY3PfkZdZkQNa94BVNvzhtIK4Gjyf0A55mMwjFAf5J_ANjUoOvOsXK5zfEFWLBFt_t9aQvMUeYu1hu44O2ORbrKNNBXIFDrVShE1xFnZKQaL3QVx15J9KdyfdtlQDq3juEX5rImPYLg&amp;__tn__=-]K-R\"><span class=\"xt0psk2\">Ordenaci\u00f3n Educativa Huelva<\/span><\/a><\/span> <span class=\"html-span xdj266r x11i5rnm xat24cr x1mh8g0r xexx8yu x4uap5 x18d9i69 xkhd6sd x1hl2dhg x16tdsg8 x1vvkbs\"><a class=\"x1i10hfl xjbqb8w x1ejq31n xd10rxx x1sy0etr x17r0tee x972fbf xcfux6l x1qhh985 xm0m39n x9f619 x1ypdohk xt0psk2 xe8uvvx xdj266r x11i5rnm xat24cr x1mh8g0r xexx8yu x4uap5 x18d9i69 xkhd6sd x16tdsg8 x1hl2dhg xggy1nq x1a2a7pz x1sur9pj xkrqix3 x1fey0fg xo1l8bm\" role=\"link\" href=\"https:\/\/www.facebook.com\/EUErasmusPlusProgramme?__cft__[0]=AZUGThIhKAqNYxrpbOzQWlPDl1YvdToExL_fY3PfkZdZkQNa94BVNvzhtIK4Gjyf0A55mMwjFAf5J_ANjUoOvOsXK5zfEFWLBFt_t9aQvMUeYu1hu44O2ORbrKNNBXIFDrVShE1xFnZKQaL3QVx15J9KdyfdtlQDq3juEX5rImPYLg&amp;__tn__=-]K-R\"><span class=\"xt0psk2\">Erasmus+<\/span><\/a><\/span> <span class=\"html-span xdj266r x11i5rnm xat24cr x1mh8g0r xexx8yu x4uap5 x18d9i69 xkhd6sd x1hl2dhg x16tdsg8 x1vvkbs\"><a class=\"x1i10hfl xjbqb8w x1ejq31n xd10rxx x1sy0etr x17r0tee x972fbf xcfux6l x1qhh985 xm0m39n x9f619 x1ypdohk xt0psk2 xe8uvvx xdj266r x11i5rnm xat24cr x1mh8g0r xexx8yu x4uap5 x18d9i69 xkhd6sd x16tdsg8 x1hl2dhg xggy1nq x1a2a7pz x1sur9pj xkrqix3 x1fey0fg xo1l8bm\" role=\"link\" href=\"https:\/\/www.facebook.com\/hashtag\/veranoerasmusplus?__eep__=6&amp;__cft__[0]=AZUGThIhKAqNYxrpbOzQWlPDl1YvdToExL_fY3PfkZdZkQNa94BVNvzhtIK4Gjyf0A55mMwjFAf5J_ANjUoOvOsXK5zfEFWLBFt_t9aQvMUeYu1hu44O2ORbrKNNBXIFDrVShE1xFnZKQaL3QVx15J9KdyfdtlQDq3juEX5rImPYLg&amp;__tn__=*NK-R\">#veranoerasmusplus<\/a><\/span><\/div>\n<\/div>\n<div dir=\"auto\"><img loading=\"lazy\" decoding=\"async\" class=\"alignnone size-medium wp-image-2781\" src=\"https:\/\/blogsaverroes.juntadeandalucia.es\/eilajulianita\/files\/2024\/07\/IMG20240704100836-225x300.jpg\" alt=\"\" width=\"225\" height=\"300\" srcset=\"https:\/\/blogsaverroes.juntadeandalucia.es\/eilajulianita\/files\/2024\/07\/IMG20240704100836-225x300.jpg 225w, https:\/\/blogsaverroes.juntadeandalucia.es\/eilajulianita\/files\/2024\/07\/IMG20240704100836-768x1024.jpg 768w, https:\/\/blogsaverroes.juntadeandalucia.es\/eilajulianita\/files\/2024\/07\/IMG20240704100836-1152x1536.jpg 1152w, https:\/\/blogsaverroes.juntadeandalucia.es\/eilajulianita\/files\/2024\/07\/IMG20240704100836-1536x2048.jpg 1536w, https:\/\/blogsaverroes.juntadeandalucia.es\/eilajulianita\/files\/2024\/07\/IMG20240704100836-700x933.jpg 700w, https:\/\/blogsaverroes.juntadeandalucia.es\/eilajulianita\/files\/2024\/07\/IMG20240704100836-scaled.jpg 1920w\" sizes=\"(max-width: 225px) 100vw, 225px\" \/> <img loading=\"lazy\" decoding=\"async\" class=\"alignnone size-medium wp-image-2782\" src=\"https:\/\/blogsaverroes.juntadeandalucia.es\/eilajulianita\/files\/2024\/07\/IMG20240704101132-300x225.jpg\" alt=\"\" width=\"300\" height=\"225\" srcset=\"https:\/\/blogsaverroes.juntadeandalucia.es\/eilajulianita\/files\/2024\/07\/IMG20240704101132-300x225.jpg 300w, https:\/\/blogsaverroes.juntadeandalucia.es\/eilajulianita\/files\/2024\/07\/IMG20240704101132-1024x768.jpg 1024w, https:\/\/blogsaverroes.juntadeandalucia.es\/eilajulianita\/files\/2024\/07\/IMG20240704101132-768x576.jpg 768w, https:\/\/blogsaverroes.juntadeandalucia.es\/eilajulianita\/files\/2024\/07\/IMG20240704101132-1536x1152.jpg 1536w, https:\/\/blogsaverroes.juntadeandalucia.es\/eilajulianita\/files\/2024\/07\/IMG20240704101132-2048x1536.jpg 2048w, https:\/\/blogsaverroes.juntadeandalucia.es\/eilajulianita\/files\/2024\/07\/IMG20240704101132-700x525.jpg 700w\" sizes=\"(max-width: 300px) 100vw, 300px\" \/> <img loading=\"lazy\" decoding=\"async\" class=\"alignnone size-medium wp-image-2783\" src=\"https:\/\/blogsaverroes.juntadeandalucia.es\/eilajulianita\/files\/2024\/07\/1-300x300.png\" alt=\"\" width=\"300\" height=\"300\" srcset=\"https:\/\/blogsaverroes.juntadeandalucia.es\/eilajulianita\/files\/2024\/07\/1-300x300.png 300w, https:\/\/blogsaverroes.juntadeandalucia.es\/eilajulianita\/files\/2024\/07\/1-232x232.png 232w, https:\/\/blogsaverroes.juntadeandalucia.es\/eilajulianita\/files\/2024\/07\/1-768x768.png 768w, https:\/\/blogsaverroes.juntadeandalucia.es\/eilajulianita\/files\/2024\/07\/1-432x432.png 432w, https:\/\/blogsaverroes.juntadeandalucia.es\/eilajulianita\/files\/2024\/07\/1-268x268.png 268w, https:\/\/blogsaverroes.juntadeandalucia.es\/eilajulianita\/files\/2024\/07\/1-700x700.png 700w, https:\/\/blogsaverroes.juntadeandalucia.es\/eilajulianita\/files\/2024\/07\/1.png 800w\" sizes=\"(max-width: 300px) 100vw, 300px\" \/> <img loading=\"lazy\" decoding=\"async\" class=\"alignnone size-medium wp-image-2784\" src=\"https:\/\/blogsaverroes.juntadeandalucia.es\/eilajulianita\/files\/2024\/07\/2-300x300.png\" alt=\"\" width=\"300\" height=\"300\" srcset=\"https:\/\/blogsaverroes.juntadeandalucia.es\/eilajulianita\/files\/2024\/07\/2-300x300.png 300w, https:\/\/blogsaverroes.juntadeandalucia.es\/eilajulianita\/files\/2024\/07\/2-232x232.png 232w, https:\/\/blogsaverroes.juntadeandalucia.es\/eilajulianita\/files\/2024\/07\/2-768x768.png 768w, https:\/\/blogsaverroes.juntadeandalucia.es\/eilajulianita\/files\/2024\/07\/2-432x432.png 432w, https:\/\/blogsaverroes.juntadeandalucia.es\/eilajulianita\/files\/2024\/07\/2-268x268.png 268w, https:\/\/blogsaverroes.juntadeandalucia.es\/eilajulianita\/files\/2024\/07\/2-700x700.png 700w, https:\/\/blogsaverroes.juntadeandalucia.es\/eilajulianita\/files\/2024\/07\/2.png 800w\" sizes=\"(max-width: 300px) 100vw, 300px\" \/> <img loading=\"lazy\" decoding=\"async\" class=\"alignnone size-medium wp-image-2785\" src=\"https:\/\/blogsaverroes.juntadeandalucia.es\/eilajulianita\/files\/2024\/07\/3-300x300.png\" alt=\"\" width=\"300\" height=\"300\" srcset=\"https:\/\/blogsaverroes.juntadeandalucia.es\/eilajulianita\/files\/2024\/07\/3-300x300.png 300w, https:\/\/blogsaverroes.juntadeandalucia.es\/eilajulianita\/files\/2024\/07\/3-232x232.png 232w, https:\/\/blogsaverroes.juntadeandalucia.es\/eilajulianita\/files\/2024\/07\/3-768x768.png 768w, https:\/\/blogsaverroes.juntadeandalucia.es\/eilajulianita\/files\/2024\/07\/3-432x432.png 432w, https:\/\/blogsaverroes.juntadeandalucia.es\/eilajulianita\/files\/2024\/07\/3-268x268.png 268w, https:\/\/blogsaverroes.juntadeandalucia.es\/eilajulianita\/files\/2024\/07\/3-700x700.png 700w, https:\/\/blogsaverroes.juntadeandalucia.es\/eilajulianita\/files\/2024\/07\/3.png 800w\" sizes=\"(max-width: 300px) 100vw, 300px\" \/> <img loading=\"lazy\" decoding=\"async\" class=\"alignnone size-medium wp-image-2786\" src=\"https:\/\/blogsaverroes.juntadeandalucia.es\/eilajulianita\/files\/2024\/07\/4-300x300.png\" alt=\"\" width=\"300\" height=\"300\" srcset=\"https:\/\/blogsaverroes.juntadeandalucia.es\/eilajulianita\/files\/2024\/07\/4-300x300.png 300w, https:\/\/blogsaverroes.juntadeandalucia.es\/eilajulianita\/files\/2024\/07\/4-232x232.png 232w, https:\/\/blogsaverroes.juntadeandalucia.es\/eilajulianita\/files\/2024\/07\/4-768x768.png 768w, https:\/\/blogsaverroes.juntadeandalucia.es\/eilajulianita\/files\/2024\/07\/4-432x432.png 432w, https:\/\/blogsaverroes.juntadeandalucia.es\/eilajulianita\/files\/2024\/07\/4-268x268.png 268w, https:\/\/blogsaverroes.juntadeandalucia.es\/eilajulianita\/files\/2024\/07\/4-700x700.png 700w, https:\/\/blogsaverroes.juntadeandalucia.es\/eilajulianita\/files\/2024\/07\/4.png 800w\" sizes=\"(max-width: 300px) 100vw, 300px\" \/> <img loading=\"lazy\" decoding=\"async\" class=\"alignnone size-medium wp-image-2787\" src=\"https:\/\/blogsaverroes.juntadeandalucia.es\/eilajulianita\/files\/2024\/07\/5-300x300.png\" alt=\"\" width=\"300\" height=\"300\" srcset=\"https:\/\/blogsaverroes.juntadeandalucia.es\/eilajulianita\/files\/2024\/07\/5-300x300.png 300w, https:\/\/blogsaverroes.juntadeandalucia.es\/eilajulianita\/files\/2024\/07\/5-232x232.png 232w, https:\/\/blogsaverroes.juntadeandalucia.es\/eilajulianita\/files\/2024\/07\/5-768x768.png 768w, https:\/\/blogsaverroes.juntadeandalucia.es\/eilajulianita\/files\/2024\/07\/5-432x432.png 432w, https:\/\/blogsaverroes.juntadeandalucia.es\/eilajulianita\/files\/2024\/07\/5-268x268.png 268w, https:\/\/blogsaverroes.juntadeandalucia.es\/eilajulianita\/files\/2024\/07\/5-700x700.png 700w, https:\/\/blogsaverroes.juntadeandalucia.es\/eilajulianita\/files\/2024\/07\/5.png 800w\" sizes=\"(max-width: 300px) 100vw, 300px\" \/> <img loading=\"lazy\" decoding=\"async\" class=\"alignnone size-medium wp-image-2788\" src=\"https:\/\/blogsaverroes.juntadeandalucia.es\/eilajulianita\/files\/2024\/07\/6-300x300.png\" alt=\"\" width=\"300\" height=\"300\" srcset=\"https:\/\/blogsaverroes.juntadeandalucia.es\/eilajulianita\/files\/2024\/07\/6-300x300.png 300w, https:\/\/blogsaverroes.juntadeandalucia.es\/eilajulianita\/files\/2024\/07\/6-232x232.png 232w, https:\/\/blogsaverroes.juntadeandalucia.es\/eilajulianita\/files\/2024\/07\/6-768x768.png 768w, https:\/\/blogsaverroes.juntadeandalucia.es\/eilajulianita\/files\/2024\/07\/6-432x432.png 432w, https:\/\/blogsaverroes.juntadeandalucia.es\/eilajulianita\/files\/2024\/07\/6-268x268.png 268w, https:\/\/blogsaverroes.juntadeandalucia.es\/eilajulianita\/files\/2024\/07\/6-700x700.png 700w, https:\/\/blogsaverroes.juntadeandalucia.es\/eilajulianita\/files\/2024\/07\/6.png 800w\" sizes=\"(max-width: 300px) 100vw, 300px\" \/> <img loading=\"lazy\" decoding=\"async\" class=\"alignnone size-medium wp-image-2789\" src=\"https:\/\/blogsaverroes.juntadeandalucia.es\/eilajulianita\/files\/2024\/07\/7-300x300.png\" alt=\"\" width=\"300\" height=\"300\" srcset=\"https:\/\/blogsaverroes.juntadeandalucia.es\/eilajulianita\/files\/2024\/07\/7-300x300.png 300w, https:\/\/blogsaverroes.juntadeandalucia.es\/eilajulianita\/files\/2024\/07\/7-232x232.png 232w, https:\/\/blogsaverroes.juntadeandalucia.es\/eilajulianita\/files\/2024\/07\/7-768x768.png 768w, https:\/\/blogsaverroes.juntadeandalucia.es\/eilajulianita\/files\/2024\/07\/7-432x432.png 432w, https:\/\/blogsaverroes.juntadeandalucia.es\/eilajulianita\/files\/2024\/07\/7-268x268.png 268w, https:\/\/blogsaverroes.juntadeandalucia.es\/eilajulianita\/files\/2024\/07\/7-700x700.png 700w, https:\/\/blogsaverroes.juntadeandalucia.es\/eilajulianita\/files\/2024\/07\/7.png 800w\" sizes=\"(max-width: 300px) 100vw, 300px\" \/> <img loading=\"lazy\" decoding=\"async\" class=\"alignnone size-medium wp-image-2790\" src=\"https:\/\/blogsaverroes.juntadeandalucia.es\/eilajulianita\/files\/2024\/07\/8-300x300.png\" alt=\"\" width=\"300\" height=\"300\" srcset=\"https:\/\/blogsaverroes.juntadeandalucia.es\/eilajulianita\/files\/2024\/07\/8-300x300.png 300w, https:\/\/blogsaverroes.juntadeandalucia.es\/eilajulianita\/files\/2024\/07\/8-232x232.png 232w, https:\/\/blogsaverroes.juntadeandalucia.es\/eilajulianita\/files\/2024\/07\/8-768x768.png 768w, https:\/\/blogsaverroes.juntadeandalucia.es\/eilajulianita\/files\/2024\/07\/8-432x432.png 432w, https:\/\/blogsaverroes.juntadeandalucia.es\/eilajulianita\/files\/2024\/07\/8-268x268.png 268w, https:\/\/blogsaverroes.juntadeandalucia.es\/eilajulianita\/files\/2024\/07\/8-700x700.png 700w, https:\/\/blogsaverroes.juntadeandalucia.es\/eilajulianita\/files\/2024\/07\/8.png 800w\" sizes=\"(max-width: 300px) 100vw, 300px\" \/> <img loading=\"lazy\" decoding=\"async\" class=\"alignnone size-medium wp-image-2791\" src=\"https:\/\/blogsaverroes.juntadeandalucia.es\/eilajulianita\/files\/2024\/07\/IMG-20240702-WA0005-300x225.jpg\" alt=\"\" width=\"300\" height=\"225\" srcset=\"https:\/\/blogsaverroes.juntadeandalucia.es\/eilajulianita\/files\/2024\/07\/IMG-20240702-WA0005-300x225.jpg 300w, https:\/\/blogsaverroes.juntadeandalucia.es\/eilajulianita\/files\/2024\/07\/IMG-20240702-WA0005-1024x768.jpg 1024w, https:\/\/blogsaverroes.juntadeandalucia.es\/eilajulianita\/files\/2024\/07\/IMG-20240702-WA0005-768x576.jpg 768w, https:\/\/blogsaverroes.juntadeandalucia.es\/eilajulianita\/files\/2024\/07\/IMG-20240702-WA0005-1536x1152.jpg 1536w, https:\/\/blogsaverroes.juntadeandalucia.es\/eilajulianita\/files\/2024\/07\/IMG-20240702-WA0005-700x525.jpg 700w, https:\/\/blogsaverroes.juntadeandalucia.es\/eilajulianita\/files\/2024\/07\/IMG-20240702-WA0005.jpg 1600w\" sizes=\"(max-width: 300px) 100vw, 300px\" \/> <img loading=\"lazy\" decoding=\"async\" class=\"alignnone size-medium wp-image-2792\" src=\"https:\/\/blogsaverroes.juntadeandalucia.es\/eilajulianita\/files\/2024\/07\/IMG-20240702-WA0010-300x225.jpg\" alt=\"\" width=\"300\" height=\"225\" srcset=\"https:\/\/blogsaverroes.juntadeandalucia.es\/eilajulianita\/files\/2024\/07\/IMG-20240702-WA0010-300x225.jpg 300w, https:\/\/blogsaverroes.juntadeandalucia.es\/eilajulianita\/files\/2024\/07\/IMG-20240702-WA0010-1024x768.jpg 1024w, https:\/\/blogsaverroes.juntadeandalucia.es\/eilajulianita\/files\/2024\/07\/IMG-20240702-WA0010-768x576.jpg 768w, https:\/\/blogsaverroes.juntadeandalucia.es\/eilajulianita\/files\/2024\/07\/IMG-20240702-WA0010-1536x1152.jpg 1536w, https:\/\/blogsaverroes.juntadeandalucia.es\/eilajulianita\/files\/2024\/07\/IMG-20240702-WA0010-700x525.jpg 700w, https:\/\/blogsaverroes.juntadeandalucia.es\/eilajulianita\/files\/2024\/07\/IMG-20240702-WA0010.jpg 1600w\" sizes=\"(max-width: 300px) 100vw, 300px\" \/> <img loading=\"lazy\" decoding=\"async\" class=\"alignnone size-medium wp-image-2793\" src=\"https:\/\/blogsaverroes.juntadeandalucia.es\/eilajulianita\/files\/2024\/07\/IMG-20240702-WA0083-300x225.jpg\" alt=\"\" width=\"300\" height=\"225\" srcset=\"https:\/\/blogsaverroes.juntadeandalucia.es\/eilajulianita\/files\/2024\/07\/IMG-20240702-WA0083-300x225.jpg 300w, https:\/\/blogsaverroes.juntadeandalucia.es\/eilajulianita\/files\/2024\/07\/IMG-20240702-WA0083-1024x768.jpg 1024w, https:\/\/blogsaverroes.juntadeandalucia.es\/eilajulianita\/files\/2024\/07\/IMG-20240702-WA0083-768x576.jpg 768w, https:\/\/blogsaverroes.juntadeandalucia.es\/eilajulianita\/files\/2024\/07\/IMG-20240702-WA0083-1536x1152.jpg 1536w, https:\/\/blogsaverroes.juntadeandalucia.es\/eilajulianita\/files\/2024\/07\/IMG-20240702-WA0083-700x525.jpg 700w, https:\/\/blogsaverroes.juntadeandalucia.es\/eilajulianita\/files\/2024\/07\/IMG-20240702-WA0083.jpg 2040w\" sizes=\"(max-width: 300px) 100vw, 300px\" \/> <img loading=\"lazy\" decoding=\"async\" class=\"alignnone size-medium wp-image-2794\" src=\"https:\/\/blogsaverroes.juntadeandalucia.es\/eilajulianita\/files\/2024\/07\/IMG-20240704-WA0014-225x300.jpg\" alt=\"\" width=\"225\" height=\"300\" srcset=\"https:\/\/blogsaverroes.juntadeandalucia.es\/eilajulianita\/files\/2024\/07\/IMG-20240704-WA0014-225x300.jpg 225w, https:\/\/blogsaverroes.juntadeandalucia.es\/eilajulianita\/files\/2024\/07\/IMG-20240704-WA0014-768x1024.jpg 768w, https:\/\/blogsaverroes.juntadeandalucia.es\/eilajulianita\/files\/2024\/07\/IMG-20240704-WA0014-1152x1536.jpg 1152w, https:\/\/blogsaverroes.juntadeandalucia.es\/eilajulianita\/files\/2024\/07\/IMG-20240704-WA0014-700x933.jpg 700w, https:\/\/blogsaverroes.juntadeandalucia.es\/eilajulianita\/files\/2024\/07\/IMG-20240704-WA0014.jpg 1200w\" sizes=\"(max-width: 225px) 100vw, 225px\" \/> <img loading=\"lazy\" decoding=\"async\" class=\"alignnone size-medium wp-image-2795\" src=\"https:\/\/blogsaverroes.juntadeandalucia.es\/eilajulianita\/files\/2024\/07\/IMG20240701084146-300x225.jpg\" alt=\"\" width=\"300\" height=\"225\" srcset=\"https:\/\/blogsaverroes.juntadeandalucia.es\/eilajulianita\/files\/2024\/07\/IMG20240701084146-300x225.jpg 300w, https:\/\/blogsaverroes.juntadeandalucia.es\/eilajulianita\/files\/2024\/07\/IMG20240701084146-1024x768.jpg 1024w, https:\/\/blogsaverroes.juntadeandalucia.es\/eilajulianita\/files\/2024\/07\/IMG20240701084146-768x576.jpg 768w, https:\/\/blogsaverroes.juntadeandalucia.es\/eilajulianita\/files\/2024\/07\/IMG20240701084146-1536x1152.jpg 1536w, https:\/\/blogsaverroes.juntadeandalucia.es\/eilajulianita\/files\/2024\/07\/IMG20240701084146-2048x1536.jpg 2048w, https:\/\/blogsaverroes.juntadeandalucia.es\/eilajulianita\/files\/2024\/07\/IMG20240701084146-700x525.jpg 700w\" sizes=\"(max-width: 300px) 100vw, 300px\" \/> <img loading=\"lazy\" decoding=\"async\" class=\"alignnone size-medium wp-image-2796\" src=\"https:\/\/blogsaverroes.juntadeandalucia.es\/eilajulianita\/files\/2024\/07\/IMG20240701090607-225x300.jpg\" alt=\"\" width=\"225\" height=\"300\" srcset=\"https:\/\/blogsaverroes.juntadeandalucia.es\/eilajulianita\/files\/2024\/07\/IMG20240701090607-225x300.jpg 225w, https:\/\/blogsaverroes.juntadeandalucia.es\/eilajulianita\/files\/2024\/07\/IMG20240701090607-768x1024.jpg 768w, https:\/\/blogsaverroes.juntadeandalucia.es\/eilajulianita\/files\/2024\/07\/IMG20240701090607-1152x1536.jpg 1152w, https:\/\/blogsaverroes.juntadeandalucia.es\/eilajulianita\/files\/2024\/07\/IMG20240701090607-1536x2048.jpg 1536w, https:\/\/blogsaverroes.juntadeandalucia.es\/eilajulianita\/files\/2024\/07\/IMG20240701090607-700x933.jpg 700w, https:\/\/blogsaverroes.juntadeandalucia.es\/eilajulianita\/files\/2024\/07\/IMG20240701090607-scaled.jpg 1920w\" sizes=\"(max-width: 225px) 100vw, 225px\" \/> <img loading=\"lazy\" decoding=\"async\" class=\"alignnone size-medium wp-image-2797\" src=\"https:\/\/blogsaverroes.juntadeandalucia.es\/eilajulianita\/files\/2024\/07\/IMG20240701091736-300x225.jpg\" alt=\"\" width=\"300\" height=\"225\" srcset=\"https:\/\/blogsaverroes.juntadeandalucia.es\/eilajulianita\/files\/2024\/07\/IMG20240701091736-300x225.jpg 300w, https:\/\/blogsaverroes.juntadeandalucia.es\/eilajulianita\/files\/2024\/07\/IMG20240701091736-1024x768.jpg 1024w, https:\/\/blogsaverroes.juntadeandalucia.es\/eilajulianita\/files\/2024\/07\/IMG20240701091736-768x576.jpg 768w, https:\/\/blogsaverroes.juntadeandalucia.es\/eilajulianita\/files\/2024\/07\/IMG20240701091736-1536x1152.jpg 1536w, https:\/\/blogsaverroes.juntadeandalucia.es\/eilajulianita\/files\/2024\/07\/IMG20240701091736-2048x1536.jpg 2048w, https:\/\/blogsaverroes.juntadeandalucia.es\/eilajulianita\/files\/2024\/07\/IMG20240701091736-700x525.jpg 700w\" sizes=\"(max-width: 300px) 100vw, 300px\" \/> <img loading=\"lazy\" decoding=\"async\" class=\"alignnone size-medium wp-image-2798\" src=\"https:\/\/blogsaverroes.juntadeandalucia.es\/eilajulianita\/files\/2024\/07\/IMG20240701100115-300x225.jpg\" alt=\"\" width=\"300\" height=\"225\" srcset=\"https:\/\/blogsaverroes.juntadeandalucia.es\/eilajulianita\/files\/2024\/07\/IMG20240701100115-300x225.jpg 300w, https:\/\/blogsaverroes.juntadeandalucia.es\/eilajulianita\/files\/2024\/07\/IMG20240701100115-1024x768.jpg 1024w, https:\/\/blogsaverroes.juntadeandalucia.es\/eilajulianita\/files\/2024\/07\/IMG20240701100115-768x576.jpg 768w, https:\/\/blogsaverroes.juntadeandalucia.es\/eilajulianita\/files\/2024\/07\/IMG20240701100115-1536x1152.jpg 1536w, https:\/\/blogsaverroes.juntadeandalucia.es\/eilajulianita\/files\/2024\/07\/IMG20240701100115-2048x1536.jpg 2048w, https:\/\/blogsaverroes.juntadeandalucia.es\/eilajulianita\/files\/2024\/07\/IMG20240701100115-700x525.jpg 700w\" sizes=\"(max-width: 300px) 100vw, 300px\" \/> <img loading=\"lazy\" decoding=\"async\" class=\"alignnone size-medium wp-image-2799\" src=\"https:\/\/blogsaverroes.juntadeandalucia.es\/eilajulianita\/files\/2024\/07\/IMG20240701113358-300x225.jpg\" alt=\"\" width=\"300\" height=\"225\" srcset=\"https:\/\/blogsaverroes.juntadeandalucia.es\/eilajulianita\/files\/2024\/07\/IMG20240701113358-300x225.jpg 300w, https:\/\/blogsaverroes.juntadeandalucia.es\/eilajulianita\/files\/2024\/07\/IMG20240701113358-1024x768.jpg 1024w, https:\/\/blogsaverroes.juntadeandalucia.es\/eilajulianita\/files\/2024\/07\/IMG20240701113358-768x576.jpg 768w, https:\/\/blogsaverroes.juntadeandalucia.es\/eilajulianita\/files\/2024\/07\/IMG20240701113358-1536x1152.jpg 1536w, https:\/\/blogsaverroes.juntadeandalucia.es\/eilajulianita\/files\/2024\/07\/IMG20240701113358-2048x1536.jpg 2048w, https:\/\/blogsaverroes.juntadeandalucia.es\/eilajulianita\/files\/2024\/07\/IMG20240701113358-700x525.jpg 700w\" sizes=\"(max-width: 300px) 100vw, 300px\" \/> <img loading=\"lazy\" decoding=\"async\" class=\"alignnone size-medium wp-image-2800\" src=\"https:\/\/blogsaverroes.juntadeandalucia.es\/eilajulianita\/files\/2024\/07\/IMG20240701114335-214x300.jpg\" alt=\"\" width=\"214\" height=\"300\" srcset=\"https:\/\/blogsaverroes.juntadeandalucia.es\/eilajulianita\/files\/2024\/07\/IMG20240701114335-214x300.jpg 214w, https:\/\/blogsaverroes.juntadeandalucia.es\/eilajulianita\/files\/2024\/07\/IMG20240701114335-731x1024.jpg 731w, https:\/\/blogsaverroes.juntadeandalucia.es\/eilajulianita\/files\/2024\/07\/IMG20240701114335-768x1076.jpg 768w, https:\/\/blogsaverroes.juntadeandalucia.es\/eilajulianita\/files\/2024\/07\/IMG20240701114335-1096x1536.jpg 1096w, https:\/\/blogsaverroes.juntadeandalucia.es\/eilajulianita\/files\/2024\/07\/IMG20240701114335-1462x2048.jpg 1462w, https:\/\/blogsaverroes.juntadeandalucia.es\/eilajulianita\/files\/2024\/07\/IMG20240701114335-700x981.jpg 700w, https:\/\/blogsaverroes.juntadeandalucia.es\/eilajulianita\/files\/2024\/07\/IMG20240701114335-scaled.jpg 1827w\" sizes=\"(max-width: 214px) 100vw, 214px\" \/> <img loading=\"lazy\" decoding=\"async\" class=\"alignnone size-medium wp-image-2801\" src=\"https:\/\/blogsaverroes.juntadeandalucia.es\/eilajulianita\/files\/2024\/07\/IMG20240701145721-300x225.jpg\" alt=\"\" width=\"300\" height=\"225\" srcset=\"https:\/\/blogsaverroes.juntadeandalucia.es\/eilajulianita\/files\/2024\/07\/IMG20240701145721-300x225.jpg 300w, https:\/\/blogsaverroes.juntadeandalucia.es\/eilajulianita\/files\/2024\/07\/IMG20240701145721-1024x768.jpg 1024w, https:\/\/blogsaverroes.juntadeandalucia.es\/eilajulianita\/files\/2024\/07\/IMG20240701145721-768x576.jpg 768w, https:\/\/blogsaverroes.juntadeandalucia.es\/eilajulianita\/files\/2024\/07\/IMG20240701145721-1536x1152.jpg 1536w, https:\/\/blogsaverroes.juntadeandalucia.es\/eilajulianita\/files\/2024\/07\/IMG20240701145721-2048x1536.jpg 2048w, https:\/\/blogsaverroes.juntadeandalucia.es\/eilajulianita\/files\/2024\/07\/IMG20240701145721-700x525.jpg 700w\" sizes=\"(max-width: 300px) 100vw, 300px\" \/> <img loading=\"lazy\" decoding=\"async\" class=\"alignnone size-medium wp-image-2802\" src=\"https:\/\/blogsaverroes.juntadeandalucia.es\/eilajulianita\/files\/2024\/07\/IMG20240702094512-300x225.jpg\" alt=\"\" width=\"300\" height=\"225\" srcset=\"https:\/\/blogsaverroes.juntadeandalucia.es\/eilajulianita\/files\/2024\/07\/IMG20240702094512-300x225.jpg 300w, https:\/\/blogsaverroes.juntadeandalucia.es\/eilajulianita\/files\/2024\/07\/IMG20240702094512-1024x768.jpg 1024w, https:\/\/blogsaverroes.juntadeandalucia.es\/eilajulianita\/files\/2024\/07\/IMG20240702094512-768x576.jpg 768w, https:\/\/blogsaverroes.juntadeandalucia.es\/eilajulianita\/files\/2024\/07\/IMG20240702094512-1536x1152.jpg 1536w, https:\/\/blogsaverroes.juntadeandalucia.es\/eilajulianita\/files\/2024\/07\/IMG20240702094512-2048x1536.jpg 2048w, https:\/\/blogsaverroes.juntadeandalucia.es\/eilajulianita\/files\/2024\/07\/IMG20240702094512-700x525.jpg 700w\" sizes=\"(max-width: 300px) 100vw, 300px\" \/> <img loading=\"lazy\" decoding=\"async\" class=\"alignnone size-medium wp-image-2803\" src=\"https:\/\/blogsaverroes.juntadeandalucia.es\/eilajulianita\/files\/2024\/07\/IMG20240702143746-225x300.jpg\" alt=\"\" width=\"225\" height=\"300\" srcset=\"https:\/\/blogsaverroes.juntadeandalucia.es\/eilajulianita\/files\/2024\/07\/IMG20240702143746-225x300.jpg 225w, https:\/\/blogsaverroes.juntadeandalucia.es\/eilajulianita\/files\/2024\/07\/IMG20240702143746-768x1024.jpg 768w, https:\/\/blogsaverroes.juntadeandalucia.es\/eilajulianita\/files\/2024\/07\/IMG20240702143746-1152x1536.jpg 1152w, https:\/\/blogsaverroes.juntadeandalucia.es\/eilajulianita\/files\/2024\/07\/IMG20240702143746-1536x2048.jpg 1536w, https:\/\/blogsaverroes.juntadeandalucia.es\/eilajulianita\/files\/2024\/07\/IMG20240702143746-700x933.jpg 700w, https:\/\/blogsaverroes.juntadeandalucia.es\/eilajulianita\/files\/2024\/07\/IMG20240702143746-scaled.jpg 1920w\" sizes=\"(max-width: 225px) 100vw, 225px\" \/> <img loading=\"lazy\" decoding=\"async\" class=\"alignnone size-medium wp-image-2804\" src=\"https:\/\/blogsaverroes.juntadeandalucia.es\/eilajulianita\/files\/2024\/07\/IMG20240702144535-300x225.jpg\" alt=\"\" width=\"300\" height=\"225\" srcset=\"https:\/\/blogsaverroes.juntadeandalucia.es\/eilajulianita\/files\/2024\/07\/IMG20240702144535-300x225.jpg 300w, https:\/\/blogsaverroes.juntadeandalucia.es\/eilajulianita\/files\/2024\/07\/IMG20240702144535-1024x768.jpg 1024w, https:\/\/blogsaverroes.juntadeandalucia.es\/eilajulianita\/files\/2024\/07\/IMG20240702144535-768x576.jpg 768w, https:\/\/blogsaverroes.juntadeandalucia.es\/eilajulianita\/files\/2024\/07\/IMG20240702144535-1536x1152.jpg 1536w, https:\/\/blogsaverroes.juntadeandalucia.es\/eilajulianita\/files\/2024\/07\/IMG20240702144535-2048x1536.jpg 2048w, https:\/\/blogsaverroes.juntadeandalucia.es\/eilajulianita\/files\/2024\/07\/IMG20240702144535-700x525.jpg 700w\" sizes=\"(max-width: 300px) 100vw, 300px\" \/> <img loading=\"lazy\" decoding=\"async\" class=\"alignnone size-medium wp-image-2805\" src=\"https:\/\/blogsaverroes.juntadeandalucia.es\/eilajulianita\/files\/2024\/07\/IMG20240702144549-300x225.jpg\" alt=\"\" width=\"300\" height=\"225\" srcset=\"https:\/\/blogsaverroes.juntadeandalucia.es\/eilajulianita\/files\/2024\/07\/IMG20240702144549-300x225.jpg 300w, https:\/\/blogsaverroes.juntadeandalucia.es\/eilajulianita\/files\/2024\/07\/IMG20240702144549-1024x768.jpg 1024w, https:\/\/blogsaverroes.juntadeandalucia.es\/eilajulianita\/files\/2024\/07\/IMG20240702144549-768x576.jpg 768w, https:\/\/blogsaverroes.juntadeandalucia.es\/eilajulianita\/files\/2024\/07\/IMG20240702144549-1536x1152.jpg 1536w, https:\/\/blogsaverroes.juntadeandalucia.es\/eilajulianita\/files\/2024\/07\/IMG20240702144549-2048x1536.jpg 2048w, https:\/\/blogsaverroes.juntadeandalucia.es\/eilajulianita\/files\/2024\/07\/IMG20240702144549-700x525.jpg 700w\" sizes=\"(max-width: 300px) 100vw, 300px\" \/> <img loading=\"lazy\" decoding=\"async\" class=\"alignnone size-medium wp-image-2806\" src=\"https:\/\/blogsaverroes.juntadeandalucia.es\/eilajulianita\/files\/2024\/07\/IMG20240702150243-225x300.jpg\" alt=\"\" width=\"225\" height=\"300\" srcset=\"https:\/\/blogsaverroes.juntadeandalucia.es\/eilajulianita\/files\/2024\/07\/IMG20240702150243-225x300.jpg 225w, https:\/\/blogsaverroes.juntadeandalucia.es\/eilajulianita\/files\/2024\/07\/IMG20240702150243-768x1024.jpg 768w, https:\/\/blogsaverroes.juntadeandalucia.es\/eilajulianita\/files\/2024\/07\/IMG20240702150243-1152x1536.jpg 1152w, https:\/\/blogsaverroes.juntadeandalucia.es\/eilajulianita\/files\/2024\/07\/IMG20240702150243-1536x2048.jpg 1536w, https:\/\/blogsaverroes.juntadeandalucia.es\/eilajulianita\/files\/2024\/07\/IMG20240702150243-700x933.jpg 700w, https:\/\/blogsaverroes.juntadeandalucia.es\/eilajulianita\/files\/2024\/07\/IMG20240702150243-scaled.jpg 1920w\" sizes=\"(max-width: 225px) 100vw, 225px\" \/> <img loading=\"lazy\" decoding=\"async\" class=\"alignnone size-medium wp-image-2807\" src=\"https:\/\/blogsaverroes.juntadeandalucia.es\/eilajulianita\/files\/2024\/07\/IMG20240702150626-225x300.jpg\" alt=\"\" width=\"225\" height=\"300\" srcset=\"https:\/\/blogsaverroes.juntadeandalucia.es\/eilajulianita\/files\/2024\/07\/IMG20240702150626-225x300.jpg 225w, https:\/\/blogsaverroes.juntadeandalucia.es\/eilajulianita\/files\/2024\/07\/IMG20240702150626-768x1024.jpg 768w, https:\/\/blogsaverroes.juntadeandalucia.es\/eilajulianita\/files\/2024\/07\/IMG20240702150626-1152x1536.jpg 1152w, https:\/\/blogsaverroes.juntadeandalucia.es\/eilajulianita\/files\/2024\/07\/IMG20240702150626-1536x2048.jpg 1536w, https:\/\/blogsaverroes.juntadeandalucia.es\/eilajulianita\/files\/2024\/07\/IMG20240702150626-700x933.jpg 700w, https:\/\/blogsaverroes.juntadeandalucia.es\/eilajulianita\/files\/2024\/07\/IMG20240702150626-scaled.jpg 1920w\" sizes=\"(max-width: 225px) 100vw, 225px\" \/> <img loading=\"lazy\" decoding=\"async\" class=\"alignnone size-medium wp-image-2808\" src=\"https:\/\/blogsaverroes.juntadeandalucia.es\/eilajulianita\/files\/2024\/07\/IMG20240703103348-225x300.jpg\" alt=\"\" width=\"225\" height=\"300\" srcset=\"https:\/\/blogsaverroes.juntadeandalucia.es\/eilajulianita\/files\/2024\/07\/IMG20240703103348-225x300.jpg 225w, https:\/\/blogsaverroes.juntadeandalucia.es\/eilajulianita\/files\/2024\/07\/IMG20240703103348-768x1024.jpg 768w, https:\/\/blogsaverroes.juntadeandalucia.es\/eilajulianita\/files\/2024\/07\/IMG20240703103348-1152x1536.jpg 1152w, https:\/\/blogsaverroes.juntadeandalucia.es\/eilajulianita\/files\/2024\/07\/IMG20240703103348-1536x2048.jpg 1536w, https:\/\/blogsaverroes.juntadeandalucia.es\/eilajulianita\/files\/2024\/07\/IMG20240703103348-700x933.jpg 700w, https:\/\/blogsaverroes.juntadeandalucia.es\/eilajulianita\/files\/2024\/07\/IMG20240703103348-scaled.jpg 1920w\" sizes=\"(max-width: 225px) 100vw, 225px\" \/> <img loading=\"lazy\" decoding=\"async\" class=\"alignnone size-medium wp-image-2809\" src=\"https:\/\/blogsaverroes.juntadeandalucia.es\/eilajulianita\/files\/2024\/07\/IMG20240703114726-225x300.jpg\" alt=\"\" width=\"225\" height=\"300\" srcset=\"https:\/\/blogsaverroes.juntadeandalucia.es\/eilajulianita\/files\/2024\/07\/IMG20240703114726-225x300.jpg 225w, https:\/\/blogsaverroes.juntadeandalucia.es\/eilajulianita\/files\/2024\/07\/IMG20240703114726-768x1024.jpg 768w, https:\/\/blogsaverroes.juntadeandalucia.es\/eilajulianita\/files\/2024\/07\/IMG20240703114726-1152x1536.jpg 1152w, https:\/\/blogsaverroes.juntadeandalucia.es\/eilajulianita\/files\/2024\/07\/IMG20240703114726-1536x2048.jpg 1536w, https:\/\/blogsaverroes.juntadeandalucia.es\/eilajulianita\/files\/2024\/07\/IMG20240703114726-700x933.jpg 700w, https:\/\/blogsaverroes.juntadeandalucia.es\/eilajulianita\/files\/2024\/07\/IMG20240703114726-scaled.jpg 1920w\" sizes=\"(max-width: 225px) 100vw, 225px\" \/> <img loading=\"lazy\" decoding=\"async\" class=\"alignnone size-medium wp-image-2810\" src=\"https:\/\/blogsaverroes.juntadeandalucia.es\/eilajulianita\/files\/2024\/07\/IMG20240703114758-225x300.jpg\" alt=\"\" width=\"225\" height=\"300\" srcset=\"https:\/\/blogsaverroes.juntadeandalucia.es\/eilajulianita\/files\/2024\/07\/IMG20240703114758-225x300.jpg 225w, https:\/\/blogsaverroes.juntadeandalucia.es\/eilajulianita\/files\/2024\/07\/IMG20240703114758-768x1024.jpg 768w, https:\/\/blogsaverroes.juntadeandalucia.es\/eilajulianita\/files\/2024\/07\/IMG20240703114758-1152x1536.jpg 1152w, https:\/\/blogsaverroes.juntadeandalucia.es\/eilajulianita\/files\/2024\/07\/IMG20240703114758-1536x2048.jpg 1536w, https:\/\/blogsaverroes.juntadeandalucia.es\/eilajulianita\/files\/2024\/07\/IMG20240703114758-700x933.jpg 700w, https:\/\/blogsaverroes.juntadeandalucia.es\/eilajulianita\/files\/2024\/07\/IMG20240703114758-scaled.jpg 1920w\" sizes=\"(max-width: 225px) 100vw, 225px\" \/> <img loading=\"lazy\" decoding=\"async\" class=\"alignnone size-medium wp-image-2811\" src=\"https:\/\/blogsaverroes.juntadeandalucia.es\/eilajulianita\/files\/2024\/07\/IMG20240704094707-300x225.jpg\" alt=\"\" width=\"300\" height=\"225\" srcset=\"https:\/\/blogsaverroes.juntadeandalucia.es\/eilajulianita\/files\/2024\/07\/IMG20240704094707-300x225.jpg 300w, https:\/\/blogsaverroes.juntadeandalucia.es\/eilajulianita\/files\/2024\/07\/IMG20240704094707-1024x768.jpg 1024w, https:\/\/blogsaverroes.juntadeandalucia.es\/eilajulianita\/files\/2024\/07\/IMG20240704094707-768x576.jpg 768w, https:\/\/blogsaverroes.juntadeandalucia.es\/eilajulianita\/files\/2024\/07\/IMG20240704094707-1536x1152.jpg 1536w, https:\/\/blogsaverroes.juntadeandalucia.es\/eilajulianita\/files\/2024\/07\/IMG20240704094707-2048x1536.jpg 2048w, https:\/\/blogsaverroes.juntadeandalucia.es\/eilajulianita\/files\/2024\/07\/IMG20240704094707-700x525.jpg 700w\" sizes=\"(max-width: 300px) 100vw, 300px\" \/> <img loading=\"lazy\" decoding=\"async\" class=\"alignnone size-medium wp-image-2812\" src=\"https:\/\/blogsaverroes.juntadeandalucia.es\/eilajulianita\/files\/2024\/07\/IMG20240704094737-300x225.jpg\" alt=\"\" width=\"300\" height=\"225\" srcset=\"https:\/\/blogsaverroes.juntadeandalucia.es\/eilajulianita\/files\/2024\/07\/IMG20240704094737-300x225.jpg 300w, https:\/\/blogsaverroes.juntadeandalucia.es\/eilajulianita\/files\/2024\/07\/IMG20240704094737-1024x768.jpg 1024w, https:\/\/blogsaverroes.juntadeandalucia.es\/eilajulianita\/files\/2024\/07\/IMG20240704094737-768x576.jpg 768w, https:\/\/blogsaverroes.juntadeandalucia.es\/eilajulianita\/files\/2024\/07\/IMG20240704094737-1536x1152.jpg 1536w, https:\/\/blogsaverroes.juntadeandalucia.es\/eilajulianita\/files\/2024\/07\/IMG20240704094737-2048x1536.jpg 2048w, https:\/\/blogsaverroes.juntadeandalucia.es\/eilajulianita\/files\/2024\/07\/IMG20240704094737-700x525.jpg 700w\" sizes=\"(max-width: 300px) 100vw, 300px\" \/> <img loading=\"lazy\" decoding=\"async\" class=\"alignnone size-medium wp-image-2813\" src=\"https:\/\/blogsaverroes.juntadeandalucia.es\/eilajulianita\/files\/2024\/07\/IMG20240704094800-300x225.jpg\" alt=\"\" width=\"300\" height=\"225\" srcset=\"https:\/\/blogsaverroes.juntadeandalucia.es\/eilajulianita\/files\/2024\/07\/IMG20240704094800-300x225.jpg 300w, https:\/\/blogsaverroes.juntadeandalucia.es\/eilajulianita\/files\/2024\/07\/IMG20240704094800-1024x768.jpg 1024w, https:\/\/blogsaverroes.juntadeandalucia.es\/eilajulianita\/files\/2024\/07\/IMG20240704094800-768x576.jpg 768w, https:\/\/blogsaverroes.juntadeandalucia.es\/eilajulianita\/files\/2024\/07\/IMG20240704094800-1536x1152.jpg 1536w, https:\/\/blogsaverroes.juntadeandalucia.es\/eilajulianita\/files\/2024\/07\/IMG20240704094800-2048x1536.jpg 2048w, https:\/\/blogsaverroes.juntadeandalucia.es\/eilajulianita\/files\/2024\/07\/IMG20240704094800-700x525.jpg 700w\" sizes=\"(max-width: 300px) 100vw, 300px\" \/><\/div>\n<div dir=\"auto\">&nbsp;<\/div>\n<div dir=\"auto\">\n<div class=\"xdj266r x11i5rnm xat24cr x1mh8g0r x1vvkbs x126k92a\">\n<div dir=\"auto\" style=\"text-align: center\"><strong>CONSEJO ESCOLAR MUNICIPAL 08\/07\/2024<\/strong><\/div>\n<div dir=\"auto\">Nuestra directora y coordinadora Erasmus+, ha asistido al Consejo Escolar Municipal de Aracena <span class=\"html-span xdj266r x11i5rnm xat24cr x1mh8g0r xexx8yu x4uap5 x18d9i69 xkhd6sd x1hl2dhg x16tdsg8 x1vvkbs\"><a class=\"x1i10hfl xjbqb8w x1ejq31n xd10rxx x1sy0etr x17r0tee x972fbf xcfux6l x1qhh985 xm0m39n x9f619 x1ypdohk xt0psk2 xe8uvvx xdj266r x11i5rnm xat24cr x1mh8g0r xexx8yu x4uap5 x18d9i69 xkhd6sd x16tdsg8 x1hl2dhg xggy1nq x1a2a7pz x1sur9pj xkrqix3 x1fey0fg xo1l8bm\" role=\"link\" href=\"https:\/\/www.facebook.com\/ayuntamientodearacena?__cft__[0]=AZUIklMDP5fYvyaUuvu9irHDVC33lAvcEtt1_9IqOhXYpK4YI4xhh2nq_q_EU4a8sOhqzKZQD1-E0i0k9CnoOL2AYNIIrOi40K9vpQCcXKcclXzLJF_2jpa0C1pWJowTf0IxUqI_7oYfr-OrzWBIpZ2vGIswEwhIKNIAB_o333q3qQ&amp;__tn__=-]K-R\"><span class=\"xt0psk2\">Ayuntamiento Aracena<\/span><\/a><\/span>, all\u00ed ha tenido la oportunidad de hacer balance del curso 23\/24, donde ha prestado especial atenci\u00f3n en compartir con el resto de presentes las diferentes actividades y movilidades a las que ha tenido acceso nuestro centro centro gracias al Programa Erasmus+.<\/div>\n<\/div>\n<div class=\"x11i5rnm xat24cr x1mh8g0r x1vvkbs xtlvy1s x126k92a\">\n<div dir=\"auto\">Ha resumido las movilidades realizadas en Turqu\u00eda, Creta, Bruz , destacando la movilidad con 8 alumnos\/as de 5 a\u00f1os a Bolognia que ha supuesto un antes y un despu\u00e9s en nuestro centro. Tambi\u00e9n ha hecho algunas sugerencias sobre desarrollo sostenibles, de las diferentes pr\u00e1cticas que han observado en las diferentes movilidades.<\/div>\n<\/div>\n<div class=\"x11i5rnm xat24cr x1mh8g0r x1vvkbs xtlvy1s x126k92a\">\n<div dir=\"auto\">Por \u00faltimo, ha aprovechado la oportunidad para entregar a nuestro alcalde y consejala de educaci\u00f3n diferentes presentes que el Sr. Alcalde de Mavelezi (Creta): Menelao Bokea, mand\u00f3 para nuestros representantes locales<\/div>\n<\/div>\n<div class=\"x11i5rnm xat24cr x1mh8g0r x1vvkbs xtlvy1s x126k92a\">\n<div dir=\"auto\"><span class=\"html-span xdj266r x11i5rnm xat24cr x1mh8g0r xexx8yu x4uap5 x18d9i69 xkhd6sd x1hl2dhg x16tdsg8 x1vvkbs\"><a class=\"x1i10hfl xjbqb8w x1ejq31n xd10rxx x1sy0etr x17r0tee x972fbf xcfux6l x1qhh985 xm0m39n x9f619 x1ypdohk xt0psk2 xe8uvvx xdj266r x11i5rnm xat24cr x1mh8g0r xexx8yu x4uap5 x18d9i69 xkhd6sd x16tdsg8 x1hl2dhg xggy1nq x1a2a7pz x1sur9pj xkrqix3 x1fey0fg xo1l8bm\" role=\"link\" href=\"https:\/\/www.facebook.com\/OrdenacionHuelva?__cft__[0]=AZUIklMDP5fYvyaUuvu9irHDVC33lAvcEtt1_9IqOhXYpK4YI4xhh2nq_q_EU4a8sOhqzKZQD1-E0i0k9CnoOL2AYNIIrOi40K9vpQCcXKcclXzLJF_2jpa0C1pWJowTf0IxUqI_7oYfr-OrzWBIpZ2vGIswEwhIKNIAB_o333q3qQ&amp;__tn__=-]K-R\"><span class=\"xt0psk2\">Ordenaci\u00f3n Educativa Huelva<\/span><\/a><\/span> <span class=\"html-span xdj266r x11i5rnm xat24cr x1mh8g0r xexx8yu x4uap5 x18d9i69 xkhd6sd x1hl2dhg x16tdsg8 x1vvkbs\"><a class=\"x1i10hfl xjbqb8w x1ejq31n xd10rxx x1sy0etr x17r0tee x972fbf xcfux6l x1qhh985 xm0m39n x9f619 x1ypdohk xt0psk2 xe8uvvx xdj266r x11i5rnm xat24cr x1mh8g0r xexx8yu x4uap5 x18d9i69 xkhd6sd x16tdsg8 x1hl2dhg xggy1nq x1a2a7pz x1sur9pj xkrqix3 x1fey0fg xo1l8bm\" role=\"link\" href=\"https:\/\/www.facebook.com\/profile.php?id=100010647941863&amp;__cft__[0]=AZUIklMDP5fYvyaUuvu9irHDVC33lAvcEtt1_9IqOhXYpK4YI4xhh2nq_q_EU4a8sOhqzKZQD1-E0i0k9CnoOL2AYNIIrOi40K9vpQCcXKcclXzLJF_2jpa0C1pWJowTf0IxUqI_7oYfr-OrzWBIpZ2vGIswEwhIKNIAB_o333q3qQ&amp;__tn__=-]K-R\"><span class=\"xt0psk2\">Ampa El Tobog\u00e1n<\/span><\/a><\/span> <span class=\"html-span xdj266r x11i5rnm xat24cr x1mh8g0r xexx8yu x4uap5 x18d9i69 xkhd6sd x1hl2dhg x16tdsg8 x1vvkbs\"><a class=\"x1i10hfl xjbqb8w x1ejq31n xd10rxx x1sy0etr x17r0tee x972fbf xcfux6l x1qhh985 xm0m39n x9f619 x1ypdohk xt0psk2 xe8uvvx xdj266r x11i5rnm xat24cr x1mh8g0r xexx8yu x4uap5 x18d9i69 xkhd6sd x16tdsg8 x1hl2dhg xggy1nq x1a2a7pz x1sur9pj xkrqix3 x1fey0fg xo1l8bm\" role=\"link\" href=\"https:\/\/www.facebook.com\/ErasmusPlusSEPIE?__cft__[0]=AZUIklMDP5fYvyaUuvu9irHDVC33lAvcEtt1_9IqOhXYpK4YI4xhh2nq_q_EU4a8sOhqzKZQD1-E0i0k9CnoOL2AYNIIrOi40K9vpQCcXKcclXzLJF_2jpa0C1pWJowTf0IxUqI_7oYfr-OrzWBIpZ2vGIswEwhIKNIAB_o333q3qQ&amp;__tn__=-]K-R\"><span class=\"xt0psk2\">Servicio Espa\u00f1ol para la Internacionalizaci\u00f3n de la Educaci\u00f3n<\/span><\/a><\/span> <span class=\"html-span xdj266r x11i5rnm xat24cr x1mh8g0r xexx8yu x4uap5 x18d9i69 xkhd6sd x1hl2dhg x16tdsg8 x1vvkbs\"><a class=\"x1i10hfl xjbqb8w x1ejq31n xd10rxx x1sy0etr x17r0tee x972fbf xcfux6l x1qhh985 xm0m39n x9f619 x1ypdohk xt0psk2 xe8uvvx xdj266r x11i5rnm xat24cr x1mh8g0r xexx8yu x4uap5 x18d9i69 xkhd6sd x16tdsg8 x1hl2dhg xggy1nq x1a2a7pz x1sur9pj xkrqix3 x1fey0fg xo1l8bm\" role=\"link\" href=\"https:\/\/www.facebook.com\/hashtag\/veranoerasmusplus?__eep__=6&amp;__cft__[0]=AZUIklMDP5fYvyaUuvu9irHDVC33lAvcEtt1_9IqOhXYpK4YI4xhh2nq_q_EU4a8sOhqzKZQD1-E0i0k9CnoOL2AYNIIrOi40K9vpQCcXKcclXzLJF_2jpa0C1pWJowTf0IxUqI_7oYfr-OrzWBIpZ2vGIswEwhIKNIAB_o333q3qQ&amp;__tn__=*NK-R\">#veranoerasmusplus<\/a><\/span><\/div>\n<div dir=\"auto\"><span class=\"html-span xdj266r x11i5rnm xat24cr x1mh8g0r xexx8yu x4uap5 x18d9i69 xkhd6sd x1hl2dhg x16tdsg8 x1vvkbs\"><a class=\"x1i10hfl xjbqb8w x1ejq31n xd10rxx x1sy0etr x17r0tee x972fbf xcfux6l x1qhh985 xm0m39n x9f619 x1ypdohk xt0psk2 xe8uvvx xdj266r x11i5rnm xat24cr x1mh8g0r xexx8yu x4uap5 x18d9i69 xkhd6sd x16tdsg8 x1hl2dhg xggy1nq x1a2a7pz x1sur9pj xkrqix3 x1fey0fg xo1l8bm\" role=\"link\" href=\"https:\/\/www.facebook.com\/1nipagmarin?__cft__[0]=AZUIklMDP5fYvyaUuvu9irHDVC33lAvcEtt1_9IqOhXYpK4YI4xhh2nq_q_EU4a8sOhqzKZQD1-E0i0k9CnoOL2AYNIIrOi40K9vpQCcXKcclXzLJF_2jpa0C1pWJowTf0IxUqI_7oYfr-OrzWBIpZ2vGIswEwhIKNIAB_o333q3qQ&amp;__tn__=-]K-R\"><span class=\"xt0psk2\">1\u03bf 6\/\u03b8\u03ad\u03c3\u03b9\u03bf \u039d\u03b7\u03c0\u03b9\u03b1\u03b3\u03c9\u03b3\u03b5\u03af\u03bf \u0391\u03b3\u03af\u03b1\u03c2 \u039c\u03b1\u03c1\u03af\u03bd\u03b1\u03c2<\/span><\/a><\/span><\/div>\n<div dir=\"auto\" style=\"text-align: center\"><img loading=\"lazy\" decoding=\"async\" class=\"alignnone size-medium wp-image-2818\" src=\"https:\/\/blogsaverroes.juntadeandalucia.es\/eilajulianita\/files\/2024\/07\/IMG-20240708-WA0003-300x225.jpg\" alt=\"\" width=\"300\" height=\"225\" srcset=\"https:\/\/blogsaverroes.juntadeandalucia.es\/eilajulianita\/files\/2024\/07\/IMG-20240708-WA0003-300x225.jpg 300w, https:\/\/blogsaverroes.juntadeandalucia.es\/eilajulianita\/files\/2024\/07\/IMG-20240708-WA0003-1024x768.jpg 1024w, https:\/\/blogsaverroes.juntadeandalucia.es\/eilajulianita\/files\/2024\/07\/IMG-20240708-WA0003-768x576.jpg 768w, https:\/\/blogsaverroes.juntadeandalucia.es\/eilajulianita\/files\/2024\/07\/IMG-20240708-WA0003-1536x1152.jpg 1536w, https:\/\/blogsaverroes.juntadeandalucia.es\/eilajulianita\/files\/2024\/07\/IMG-20240708-WA0003-700x525.jpg 700w, https:\/\/blogsaverroes.juntadeandalucia.es\/eilajulianita\/files\/2024\/07\/IMG-20240708-WA0003.jpg 2040w\" sizes=\"(max-width: 300px) 100vw, 300px\" \/><\/div>\n<\/div>\n<\/div>\n<p style=\"text-align: center\"><strong>CURSO 2022 &#8211; 2023<\/strong><\/p>\n<p>\u00a1Estamos de enhorabuena! Desde este curso entramos de lleno con una acreditaci\u00f3n Erasmus+ hasta el a\u00f1o 2027. Esto nos va a permitir que nuestro centro de un paso m\u00e1s y participe en actividades a nivel internacional.<\/p>\n<p>Desde ahora aqu\u00ed os iremos dejando todo lo relacionado con este emocionante programa.<\/p>\n","protected":false},"excerpt":{"rendered":"<p>CURSO 23 &#8211; 24 Comenzamos nuestra aventura con nuestro primer job shadowing, en el bello pa\u00eds de Turqu\u00eda, en la escuela Kaymaz Araman Ortaokulu, donde hemos tenido la oportunidad de desarrollar nuestra observaci\u00f3n no&#46;&#46;&#46;<\/p>\n","protected":false},"author":8503,"featured_media":0,"parent":2849,"menu_order":0,"comment_status":"closed","ping_status":"closed","template":"","meta":{"ngg_post_thumbnail":0,"footnotes":""},"aioseo_notices":[],"_links":{"self":[{"href":"https:\/\/blogsaverroes.juntadeandalucia.es\/eilajulianita\/wp-json\/wp\/v2\/pages\/1972"}],"collection":[{"href":"https:\/\/blogsaverroes.juntadeandalucia.es\/eilajulianita\/wp-json\/wp\/v2\/pages"}],"about":[{"href":"https:\/\/blogsaverroes.juntadeandalucia.es\/eilajulianita\/wp-json\/wp\/v2\/types\/page"}],"author":[{"embeddable":true,"href":"https:\/\/blogsaverroes.juntadeandalucia.es\/eilajulianita\/wp-json\/wp\/v2\/users\/8503"}],"replies":[{"embeddable":true,"href":"https:\/\/blogsaverroes.juntadeandalucia.es\/eilajulianita\/wp-json\/wp\/v2\/comments?post=1972"}],"version-history":[{"count":26,"href":"https:\/\/blogsaverroes.juntadeandalucia.es\/eilajulianita\/wp-json\/wp\/v2\/pages\/1972\/revisions"}],"predecessor-version":[{"id":2926,"href":"https:\/\/blogsaverroes.juntadeandalucia.es\/eilajulianita\/wp-json\/wp\/v2\/pages\/1972\/revisions\/2926"}],"up":[{"embeddable":true,"href":"https:\/\/blogsaverroes.juntadeandalucia.es\/eilajulianita\/wp-json\/wp\/v2\/pages\/2849"}],"wp:attachment":[{"href":"https:\/\/blogsaverroes.juntadeandalucia.es\/eilajulianita\/wp-json\/wp\/v2\/media?parent=1972"}],"curies":[{"name":"wp","href":"https:\/\/api.w.org\/{rel}","templated":true}]}}