{"id":2286,"date":"2020-08-05T12:53:18","date_gmt":"2020-08-05T12:53:18","guid":{"rendered":"https:\/\/blogsaverroes.juntadeandalucia.es\/eizapata\/?page_id=2286"},"modified":"2025-10-29T09:05:24","modified_gmt":"2025-10-29T09:05:24","slug":"inicio","status":"publish","type":"page","link":"https:\/\/blogsaverroes.juntadeandalucia.es\/eizapata\/","title":{"rendered":"Bienvenidos a la Escuela de Educaci\u00f3n Infantil Zapata (29000396)."},"content":{"rendered":"<h3 data-fontsize=\"24\" data-lineheight=\"36px\">&nbsp;<\/h3>\n<h3 data-fontsize=\"24\" data-lineheight=\"36px\"><img loading=\"lazy\" decoding=\"async\" class=\"size-full wp-image-3640 alignnone\" src=\"https:\/\/blogsaverroes.juntadeandalucia.es\/eizapata\/files\/2025\/10\/Flyer-A4-Servicios-Belleza-Moderno-Naranja-Pastel.png\" alt=\"\" width=\"1414\" height=\"2000\" srcset=\"https:\/\/blogsaverroes.juntadeandalucia.es\/eizapata\/files\/2025\/10\/Flyer-A4-Servicios-Belleza-Moderno-Naranja-Pastel.png 1414w, https:\/\/blogsaverroes.juntadeandalucia.es\/eizapata\/files\/2025\/10\/Flyer-A4-Servicios-Belleza-Moderno-Naranja-Pastel-212x300.png 212w, https:\/\/blogsaverroes.juntadeandalucia.es\/eizapata\/files\/2025\/10\/Flyer-A4-Servicios-Belleza-Moderno-Naranja-Pastel-724x1024.png 724w, https:\/\/blogsaverroes.juntadeandalucia.es\/eizapata\/files\/2025\/10\/Flyer-A4-Servicios-Belleza-Moderno-Naranja-Pastel-768x1086.png 768w, https:\/\/blogsaverroes.juntadeandalucia.es\/eizapata\/files\/2025\/10\/Flyer-A4-Servicios-Belleza-Moderno-Naranja-Pastel-1086x1536.png 1086w\" sizes=\"(max-width: 706px) 89vw, (max-width: 767px) 82vw, 740px\" \/><\/h3>\n<h3 class=\"fusion-responsive-typography-calculated\" data-fontsize=\"24\" data-lineheight=\"36px\"><strong>\u00a1Somos Comunidades de Aprendizaje!<\/strong><\/h3>\n<div class=\"fusion-sep-clear\">&nbsp;<\/div>\n<div class=\"fusion-text fusion-text-14\">\n<p>En la E.I. Zapata nos hemos convertido en Comunidad de Aprendizaje ya que trabajamos siguiendo las Actuaciones de \u00c9xito encaminadas a la transformaci\u00f3n social y educativa de nuestra Comunidad Educativa. Es un proyecto que comienza en nuestra escuela, pero que integra todo lo que est\u00e1 a su alrededor.<\/p>\n<h3 class=\"fusion-responsive-typography-calculated\" data-fontsize=\"24\" data-lineheight=\"36px\"><strong>\u00bfQu\u00e9 son las Comunidades de Aprendizaje?<\/strong><\/h3>\n<p>Las Comunidades de Aprendizaje es un proyecto fundamentado en un diversas actuaciones educativas de \u00e9xito enfocadas a la transformaci\u00f3n social, cultural y educativa de un centro y de su entorno. Este modelo educativo busca la mejora de los resultados escolares y de la convivencia.<\/p>\n<\/div>\n<div class=\"portlet-boundary portlet-boundary_ABACO_WEB_WAR_abacoportlet_ portlet-static portlet-static-end \"><a href=\"https:\/\/blogsaverroes.juntadeandalucia.es\/eizapata\/por-que-somos-cda\/\"><img loading=\"lazy\" decoding=\"async\" class=\"aligncenter wp-image-3015 size-medium\" src=\"https:\/\/blogsaverroes.juntadeandalucia.es\/eizapata\/files\/2022\/08\/quiero-saber-mas-1-1024x288-1-300x84.png\" alt=\"\" width=\"300\" height=\"84\" srcset=\"https:\/\/blogsaverroes.juntadeandalucia.es\/eizapata\/files\/2022\/08\/quiero-saber-mas-1-1024x288-1-300x84.png 300w, https:\/\/blogsaverroes.juntadeandalucia.es\/eizapata\/files\/2022\/08\/quiero-saber-mas-1-1024x288-1-768x216.png 768w, https:\/\/blogsaverroes.juntadeandalucia.es\/eizapata\/files\/2022\/08\/quiero-saber-mas-1-1024x288-1.png 1024w\" sizes=\"(max-width: 300px) 100vw, 300px\" \/><\/a><\/div>\n<div class=\"fusion-button-wrapper\">&nbsp;<\/div>\n<div>&nbsp;<\/div>\n<div>\n<h3 class=\"fusion-responsive-typography-calculated\" data-fontsize=\"24\" data-lineheight=\"36px\"><strong>Conoce nuestra Escuela:<\/strong><\/h3>\n<p>&nbsp;<\/p>\n<\/div>\n<p><a href=\"https:\/\/blogsaverroes.juntadeandalucia.es\/eizapata\/files\/2024\/08\/WhatsApp-Image-2024-08-26-at-10.25.31.jpeg\"><img loading=\"lazy\" decoding=\"async\" class=\"aligncenter wp-image-3514 size-full\" src=\"https:\/\/blogsaverroes.juntadeandalucia.es\/eizapata\/files\/2024\/08\/WhatsApp-Image-2024-08-26-at-10.25.31.jpeg\" alt=\"\" width=\"2048\" height=\"1536\" srcset=\"https:\/\/blogsaverroes.juntadeandalucia.es\/eizapata\/files\/2024\/08\/WhatsApp-Image-2024-08-26-at-10.25.31.jpeg 2048w, https:\/\/blogsaverroes.juntadeandalucia.es\/eizapata\/files\/2024\/08\/WhatsApp-Image-2024-08-26-at-10.25.31-300x225.jpeg 300w, https:\/\/blogsaverroes.juntadeandalucia.es\/eizapata\/files\/2024\/08\/WhatsApp-Image-2024-08-26-at-10.25.31-1024x768.jpeg 1024w, https:\/\/blogsaverroes.juntadeandalucia.es\/eizapata\/files\/2024\/08\/WhatsApp-Image-2024-08-26-at-10.25.31-768x576.jpeg 768w, https:\/\/blogsaverroes.juntadeandalucia.es\/eizapata\/files\/2024\/08\/WhatsApp-Image-2024-08-26-at-10.25.31-1536x1152.jpeg 1536w\" sizes=\"(max-width: 706px) 89vw, (max-width: 767px) 82vw, 740px\" \/><\/a><\/p>\n<p style=\"text-align: left\">La Escuela de Educaci\u00f3n Infantil Zapata se encuentra en Alhaur\u00edn de la Torre (M\u00e1laga), en el n\u00facleo rural conocido con el nombre \u00abBarriada Zapata\u00bb, situada a unos 17 kilometros de M\u00e1laga capital.<\/p>\n<p>Es un centro que fue construido en el a\u00f1o 1958. Uno de los \u00faltimos colegios rurales de Alhaur\u00edn De la Torre y el primero en ser reconocido Comunidad de Aprendizaje, ubicado en el n\u00ba 1 de la calle De las Cintas.<\/p>\n<p>Su situaci\u00f3n, en un entorno rural, le confiere unas caracter\u00edsticas especialmente positivas, que posibilitan que el desarrollo de nuestros Planes y Proyectos sea diferente al de otros centros educativos, y a su vez&nbsp;forme parte del \u00e1rea metropolitana de la capital malague\u00f1a y del eje vertebrador que forman la capital malague\u00f1a, la Universidad de M\u00e1laga y el Parque Tecnol\u00f3gico de Andaluc\u00eda, que definen el denominado tri\u00e1ngulo productivo junto con el Aeropuerto y la nueva ciudad aeroportuaria.<\/p>\n<p><a href=\"https:\/\/blogsaverroes.juntadeandalucia.es\/eizapata\/files\/2022\/08\/LOGO-BLANCO-Y-NEGRO-CDA.jpg\"><img loading=\"lazy\" decoding=\"async\" class=\"aligncenter wp-image-3001 size-thumbnail\" src=\"https:\/\/blogsaverroes.juntadeandalucia.es\/eizapata\/files\/2022\/08\/LOGO-BLANCO-Y-NEGRO-CDA-150x150.jpg\" alt=\"\" width=\"150\" height=\"150\" srcset=\"https:\/\/blogsaverroes.juntadeandalucia.es\/eizapata\/files\/2022\/08\/LOGO-BLANCO-Y-NEGRO-CDA-150x150.jpg 150w, https:\/\/blogsaverroes.juntadeandalucia.es\/eizapata\/files\/2022\/08\/LOGO-BLANCO-Y-NEGRO-CDA-300x300.jpg 300w, https:\/\/blogsaverroes.juntadeandalucia.es\/eizapata\/files\/2022\/08\/LOGO-BLANCO-Y-NEGRO-CDA-100x100.jpg 100w, https:\/\/blogsaverroes.juntadeandalucia.es\/eizapata\/files\/2022\/08\/LOGO-BLANCO-Y-NEGRO-CDA.jpg 500w\" sizes=\"(max-width: 150px) 100vw, 150px\" \/><\/a><\/p>\n<p>Lo que nos hace realmente especiales: NUESTRO ENFOQUE EDUCATIVO:<\/p>\n<p>&nbsp;<\/p>\n<p><iframe loading=\"lazy\" src=\"https:\/\/www.facebook.com\/plugins\/video.php?height=314&amp;href=https%3A%2F%2Fwww.facebook.com%2Fei.zapata.5%2Fvideos%2F587911906921046%2F&amp;show_text=false&amp;width=560&amp;t=0\" width=\"560\" height=\"314\" frameborder=\"0\" scrolling=\"no\"><\/iframe><\/p>\n","protected":false},"excerpt":{"rendered":"<p>&nbsp; \u00a1Somos Comunidades de Aprendizaje! &nbsp; En la E.I. Zapata nos hemos convertido en Comunidad de Aprendizaje ya que trabajamos siguiendo las Actuaciones de \u00c9xito encaminadas a la transformaci\u00f3n social y educativa de nuestra Comunidad Educativa. Es un proyecto que comienza en nuestra escuela, pero que integra todo lo que est\u00e1 a su alrededor. \u00bfQu\u00e9 &hellip; <\/p>\n<p class=\"link-more\"><a href=\"https:\/\/blogsaverroes.juntadeandalucia.es\/eizapata\/\" class=\"more-link\">Continuar leyendo<span class=\"screen-reader-text\"> \u00abBienvenidos a la Escuela de Educaci\u00f3n Infantil Zapata (29000396).\u00bb<\/span><\/a><\/p>\n","protected":false},"author":10362,"featured_media":0,"parent":0,"menu_order":0,"comment_status":"closed","ping_status":"closed","template":"","meta":{"ngg_post_thumbnail":0,"footnotes":"","_mc_calendar":[]},"aioseo_notices":[],"_links":{"self":[{"href":"https:\/\/blogsaverroes.juntadeandalucia.es\/eizapata\/wp-json\/wp\/v2\/pages\/2286"}],"collection":[{"href":"https:\/\/blogsaverroes.juntadeandalucia.es\/eizapata\/wp-json\/wp\/v2\/pages"}],"about":[{"href":"https:\/\/blogsaverroes.juntadeandalucia.es\/eizapata\/wp-json\/wp\/v2\/types\/page"}],"author":[{"embeddable":true,"href":"https:\/\/blogsaverroes.juntadeandalucia.es\/eizapata\/wp-json\/wp\/v2\/users\/10362"}],"replies":[{"embeddable":true,"href":"https:\/\/blogsaverroes.juntadeandalucia.es\/eizapata\/wp-json\/wp\/v2\/comments?post=2286"}],"version-history":[{"count":34,"href":"https:\/\/blogsaverroes.juntadeandalucia.es\/eizapata\/wp-json\/wp\/v2\/pages\/2286\/revisions"}],"predecessor-version":[{"id":3641,"href":"https:\/\/blogsaverroes.juntadeandalucia.es\/eizapata\/wp-json\/wp\/v2\/pages\/2286\/revisions\/3641"}],"wp:attachment":[{"href":"https:\/\/blogsaverroes.juntadeandalucia.es\/eizapata\/wp-json\/wp\/v2\/media?parent=2286"}],"curies":[{"name":"wp","href":"https:\/\/api.w.org\/{rel}","templated":true}]}}