{"id":3613,"date":"2025-05-27T11:12:56","date_gmt":"2025-05-27T11:12:56","guid":{"rendered":"https:\/\/blogsaverroes.juntadeandalucia.es\/eizapata\/?page_id=3613"},"modified":"2025-05-27T11:16:19","modified_gmt":"2025-05-27T11:16:19","slug":"iv-dia-del-pedal","status":"publish","type":"page","link":"https:\/\/blogsaverroes.juntadeandalucia.es\/eizapata\/iv-dia-del-pedal\/","title":{"rendered":"IV DIA DEL PEDAL"},"content":{"rendered":"<p>\ud83d\udeb4\u200d\u2640\ud83c\udf0d \u00a1Zapata se mueve por el planeta! \ud83c\udf0d\ud83d\udeb4\u200d\u2642<br \/>\nEste domingo 8 de junio 2025 tienes una cita muy especial:<br \/>\n\ud83c\udf89 IV D\u00cdA DEL PEDAL en Zapata \ud83c\udf89<br \/>\nVen a disfrutar de una jornada en familia, con buen ambiente y muchas ganas de pedalear por una buena causa:<br \/>\n\ud83d\udc9a Reducir las emisiones de CO\u2082<br \/>\n\ud83d\udc9a Apostar por la movilidad sostenible<br \/>\n\ud83d\udc9a Cuidar de nuestro planeta<br \/>\n\ud83d\udd17 Inscr\u00edbete escaneando el c\u00f3digo QR del cartel o a trav\u00e9s de este enlace:<br \/>\nhttps:\/\/forms.gle\/EtZzaNsDzcwmHtLB8<br \/>\n\u00a1Te esperamos con tu bici y toda la energ\u00eda! \ud83d\udeb2<br \/>\nHABR\u00c1 SORPRESAS PARA LOS INSCRITOS. \ud83d\ude2e\ud83c\udf89<\/p>\n<p><img loading=\"lazy\" decoding=\"async\" class=\"aligncenter size-full wp-image-3617\" src=\"https:\/\/blogsaverroes.juntadeandalucia.es\/eizapata\/files\/2025\/05\/1.png\" alt=\"\" width=\"1080\" height=\"1080\" srcset=\"https:\/\/blogsaverroes.juntadeandalucia.es\/eizapata\/files\/2025\/05\/1.png 1080w, https:\/\/blogsaverroes.juntadeandalucia.es\/eizapata\/files\/2025\/05\/1-300x300.png 300w, https:\/\/blogsaverroes.juntadeandalucia.es\/eizapata\/files\/2025\/05\/1-1024x1024.png 1024w, https:\/\/blogsaverroes.juntadeandalucia.es\/eizapata\/files\/2025\/05\/1-150x150.png 150w, https:\/\/blogsaverroes.juntadeandalucia.es\/eizapata\/files\/2025\/05\/1-768x768.png 768w, https:\/\/blogsaverroes.juntadeandalucia.es\/eizapata\/files\/2025\/05\/1-100x100.png 100w\" sizes=\"(max-width: 706px) 89vw, (max-width: 767px) 82vw, 740px\" \/><\/p>\n<p>&nbsp;<\/p>\n<p><img loading=\"lazy\" decoding=\"async\" class=\"aligncenter size-full wp-image-3618\" src=\"https:\/\/blogsaverroes.juntadeandalucia.es\/eizapata\/files\/2025\/05\/2.png\" alt=\"\" width=\"1080\" height=\"1080\" srcset=\"https:\/\/blogsaverroes.juntadeandalucia.es\/eizapata\/files\/2025\/05\/2.png 1080w, https:\/\/blogsaverroes.juntadeandalucia.es\/eizapata\/files\/2025\/05\/2-300x300.png 300w, https:\/\/blogsaverroes.juntadeandalucia.es\/eizapata\/files\/2025\/05\/2-1024x1024.png 1024w, https:\/\/blogsaverroes.juntadeandalucia.es\/eizapata\/files\/2025\/05\/2-150x150.png 150w, https:\/\/blogsaverroes.juntadeandalucia.es\/eizapata\/files\/2025\/05\/2-768x768.png 768w, https:\/\/blogsaverroes.juntadeandalucia.es\/eizapata\/files\/2025\/05\/2-100x100.png 100w\" sizes=\"(max-width: 706px) 89vw, (max-width: 767px) 82vw, 740px\" \/><\/p>\n","protected":false},"excerpt":{"rendered":"<p>\ud83d\udeb4\u200d\u2640\ud83c\udf0d \u00a1Zapata se mueve por el planeta! \ud83c\udf0d\ud83d\udeb4\u200d\u2642 Este domingo 8 de junio 2025 tienes una cita muy especial: \ud83c\udf89 IV D\u00cdA DEL PEDAL en Zapata \ud83c\udf89 Ven a disfrutar de una jornada en familia, con buen ambiente y muchas ganas de pedalear por una buena causa: \ud83d\udc9a Reducir las emisiones de CO\u2082 \ud83d\udc9a Apostar &hellip; <\/p>\n<p class=\"link-more\"><a href=\"https:\/\/blogsaverroes.juntadeandalucia.es\/eizapata\/iv-dia-del-pedal\/\" class=\"more-link\">Continuar leyendo<span class=\"screen-reader-text\"> \u00abIV DIA DEL PEDAL\u00bb<\/span><\/a><\/p>\n","protected":false},"author":10362,"featured_media":0,"parent":0,"menu_order":0,"comment_status":"closed","ping_status":"closed","template":"","meta":{"ngg_post_thumbnail":0,"footnotes":"","_mc_calendar":[]},"aioseo_notices":[],"_links":{"self":[{"href":"https:\/\/blogsaverroes.juntadeandalucia.es\/eizapata\/wp-json\/wp\/v2\/pages\/3613"}],"collection":[{"href":"https:\/\/blogsaverroes.juntadeandalucia.es\/eizapata\/wp-json\/wp\/v2\/pages"}],"about":[{"href":"https:\/\/blogsaverroes.juntadeandalucia.es\/eizapata\/wp-json\/wp\/v2\/types\/page"}],"author":[{"embeddable":true,"href":"https:\/\/blogsaverroes.juntadeandalucia.es\/eizapata\/wp-json\/wp\/v2\/users\/10362"}],"replies":[{"embeddable":true,"href":"https:\/\/blogsaverroes.juntadeandalucia.es\/eizapata\/wp-json\/wp\/v2\/comments?post=3613"}],"version-history":[{"count":4,"href":"https:\/\/blogsaverroes.juntadeandalucia.es\/eizapata\/wp-json\/wp\/v2\/pages\/3613\/revisions"}],"predecessor-version":[{"id":3621,"href":"https:\/\/blogsaverroes.juntadeandalucia.es\/eizapata\/wp-json\/wp\/v2\/pages\/3613\/revisions\/3621"}],"wp:attachment":[{"href":"https:\/\/blogsaverroes.juntadeandalucia.es\/eizapata\/wp-json\/wp\/v2\/media?parent=3613"}],"curies":[{"name":"wp","href":"https:\/\/api.w.org\/{rel}","templated":true}]}}