{"id":588,"date":"2022-09-24T17:26:42","date_gmt":"2022-09-24T17:26:42","guid":{"rendered":"https:\/\/blogsaverroes.juntadeandalucia.es\/elblogdefrances\/?page_id=588"},"modified":"2022-10-25T16:48:34","modified_gmt":"2022-10-25T16:48:34","slug":"defis-1","status":"publish","type":"page","link":"https:\/\/blogsaverroes.juntadeandalucia.es\/elblogdefrances\/defis-1\/","title":{"rendered":"D\u00e9fis 1"},"content":{"rendered":"<p style=\"text-align: center\"><strong><span style=\"font-family: 'comic sans ms', sans-serif\">Bienvenue a tous et toutes! Comenzamos nuevo curso y con nuevo libro: D\u00e9fis 1.<\/span><\/strong> <img loading=\"lazy\" decoding=\"async\" class=\"wp-image-590 aligncenter\" src=\"https:\/\/blogsaverroes.juntadeandalucia.es\/elblogdefrances\/files\/2022\/09\/Captura-de-pantalla-43-e1664038843138.png\" alt=\"\" width=\"188\" height=\"247\" srcset=\"https:\/\/blogsaverroes.juntadeandalucia.es\/elblogdefrances\/files\/2022\/09\/Captura-de-pantalla-43-e1664038843138.png 351w, https:\/\/blogsaverroes.juntadeandalucia.es\/elblogdefrances\/files\/2022\/09\/Captura-de-pantalla-43-e1664038843138-228x300.png 228w, https:\/\/blogsaverroes.juntadeandalucia.es\/elblogdefrances\/files\/2022\/09\/Captura-de-pantalla-43-e1664038843138-332x436.png 332w\" sizes=\"(max-width: 188px) 100vw, 188px\" \/><\/p>\n<p style=\"text-align: center\"><em><strong><span style=\"font-family: 'comic sans ms', sans-serif\">\u00bfQu\u00e9 conoc\u00e9is de Francia? \u00bf Y de la lengua francesa? Mira este v\u00eddeo.<\/span><\/strong><\/em><\/p>\n<p><a href=\"https:\/\/www.youtube.com\/watch?v=XjktU-9AooU\">https:\/\/www.youtube.com\/watch?v=XjktU-9AooU<\/a><\/p>\n<p><strong><span style=\"font-family: 'comic sans ms', sans-serif\">Seguro que conoces muchas palabras francesas. Haz clic aqu\u00ed y te sorprender\u00e1s.<\/span><\/strong><\/p>\n<p><a href=\"https:\/\/docs.google.com\/presentation\/d\/1ifVaym3SIN4jq3r7Uub1lNUGHATLWjFj\/edit?usp=sharing&amp;ouid=113901408385367902605&amp;rtpof=true&amp;sd=true\"><img loading=\"lazy\" decoding=\"async\" class=\"wp-image-591 aligncenter\" src=\"https:\/\/blogsaverroes.juntadeandalucia.es\/elblogdefrances\/files\/2022\/09\/descarga.png\" alt=\"\" width=\"111\" height=\"111\" srcset=\"https:\/\/blogsaverroes.juntadeandalucia.es\/elblogdefrances\/files\/2022\/09\/descarga.png 400w, https:\/\/blogsaverroes.juntadeandalucia.es\/elblogdefrances\/files\/2022\/09\/descarga-300x300.png 300w, https:\/\/blogsaverroes.juntadeandalucia.es\/elblogdefrances\/files\/2022\/09\/descarga-150x150.png 150w, https:\/\/blogsaverroes.juntadeandalucia.es\/elblogdefrances\/files\/2022\/09\/descarga-332x332.png 332w, https:\/\/blogsaverroes.juntadeandalucia.es\/elblogdefrances\/files\/2022\/09\/descarga-268x268.png 268w\" sizes=\"(max-width: 111px) 100vw, 111px\" \/><\/a>&nbsp;<\/p>\n<p style=\"text-align: center\"><strong>\u00bfSabr\u00edas decirme pa\u00edses donde se hable el franc\u00e9s a parte de Francia? Mira este mapa.<\/strong><\/p>\n<p><a href=\"https:\/\/drive.google.com\/file\/d\/1TjLEQHmLv47gubdpbfx1kUeXEr5h5dXH\/view?usp=sharing\">https:\/\/drive.google.com\/file\/d\/1TjLEQHmLv47gubdpbfx1kUeXEr5h5dXH\/view?usp=sharing<\/a><\/p>\n<p><img loading=\"lazy\" decoding=\"async\" class=\" wp-image-596 aligncenter\" src=\"https:\/\/blogsaverroes.juntadeandalucia.es\/elblogdefrances\/files\/2022\/09\/Captura-de-pantalla-44-e1664041699442.png\" alt=\"\" width=\"246\" height=\"168\" srcset=\"https:\/\/blogsaverroes.juntadeandalucia.es\/elblogdefrances\/files\/2022\/09\/Captura-de-pantalla-44-e1664041699442.png 823w, https:\/\/blogsaverroes.juntadeandalucia.es\/elblogdefrances\/files\/2022\/09\/Captura-de-pantalla-44-e1664041699442-300x204.png 300w, https:\/\/blogsaverroes.juntadeandalucia.es\/elblogdefrances\/files\/2022\/09\/Captura-de-pantalla-44-e1664041699442-768x523.png 768w, https:\/\/blogsaverroes.juntadeandalucia.es\/elblogdefrances\/files\/2022\/09\/Captura-de-pantalla-44-e1664041699442-700x476.png 700w, https:\/\/blogsaverroes.juntadeandalucia.es\/elblogdefrances\/files\/2022\/09\/Captura-de-pantalla-44-e1664041699442-332x226.png 332w\" sizes=\"(max-width: 246px) 100vw, 246px\" \/><\/p>\n<p>&nbsp;<\/p>\n<ul>\n<li>Aprendamos <strong>los n\u00fameros de 1 al 20 <\/strong>con esta super canci\u00f3n<strong>. Les nombres de 1 \u00e0 20.<\/strong><\/li>\n<\/ul>\n<p><iframe loading=\"lazy\" title=\"Les chiffres et les nombres de 1 a 20 - alain le lait (French numbers from 1 to 20)\" width=\"500\" height=\"281\" src=\"https:\/\/www.youtube.com\/embed\/UsEz58BblMY?feature=oembed&#038;wmode=opaque\" frameborder=\"0\" allow=\"accelerometer; autoplay; clipboard-write; encrypted-media; gyroscope; picture-in-picture; web-share\" referrerpolicy=\"strict-origin-when-cross-origin\" allowfullscreen><\/iframe><\/p>\n<p>&nbsp;<\/p>\n<ul>\n<li><strong>En la libreta copiamos c\u00f3mo se escriben cada n\u00famero:<\/strong><\/li>\n<\/ul>\n<p style=\"text-align: center\"><img loading=\"lazy\" decoding=\"async\" class=\"\" src=\"https:\/\/lecoinducervanties.files.wordpress.com\/2011\/10\/chiffres-de-0-c3a0-20.jpg\" alt=\"LES NOMBRES DE 0 \u00c0 20 | LE COIN DE FRAN\u00c7AIS\" width=\"606\" height=\"508\"><\/p>\n<ul>\n<li>Y ahora para practicar, haz clic en el enlace y repasa la escritura de n\u00fameros del 1 al 20. Se trata de una <strong>ficha interactiva:<\/strong> &nbsp; &nbsp; &nbsp;<a href=\"https:\/\/es.liveworksheets.com\/bu480044om\">https:\/\/es.liveworksheets.com\/bu480044om<\/a><\/li>\n<li>Juega con wordwall. Haz clic en el enlace:<\/li>\n<\/ul>\n<p><iframe class=\"wp-embedded-content\" sandbox=\"allow-scripts\" security=\"restricted\" title=\"les nombres\" src=\"https:\/\/wordwall.net\/es\/embed\/3da8d57e4f9b4525b47052b127426162?themeId=0&#038;ref=oembed#?secret=Tw4EZYrao2\" data-secret=\"Tw4EZYrao2\" width=\"500\" height=\"380\" frameborder=\"0\"><\/iframe><\/p>\n<ul>\n<li>Aprendamos una <strong>cancioncilla<\/strong> para aprendernos los d\u00edas de la semana.<\/li>\n<\/ul>\n<p><iframe loading=\"lazy\" title=\"Les jours de la semaine de Pierre Loz\u00e8re\" width=\"500\" height=\"375\" src=\"https:\/\/www.youtube.com\/embed\/BiHYehk0tYo?feature=oembed&#038;wmode=opaque\" frameborder=\"0\" allow=\"accelerometer; autoplay; clipboard-write; encrypted-media; gyroscope; picture-in-picture; web-share\" referrerpolicy=\"strict-origin-when-cross-origin\" allowfullscreen><\/iframe><\/p>\n<ul>\n<li><img loading=\"lazy\" decoding=\"async\" class=\" wp-image-233 aligncenter\" src=\"https:\/\/blogsaverroes.juntadeandalucia.es\/elblogdefrances\/files\/2020\/11\/jours-de-la-semaine-300x300.png\" alt=\"\" width=\"174\" height=\"174\" srcset=\"https:\/\/blogsaverroes.juntadeandalucia.es\/elblogdefrances\/files\/2020\/11\/jours-de-la-semaine-300x300.png 300w, https:\/\/blogsaverroes.juntadeandalucia.es\/elblogdefrances\/files\/2020\/11\/jours-de-la-semaine-150x150.png 150w, https:\/\/blogsaverroes.juntadeandalucia.es\/elblogdefrances\/files\/2020\/11\/jours-de-la-semaine-100x100.png 100w, https:\/\/blogsaverroes.juntadeandalucia.es\/elblogdefrances\/files\/2020\/11\/jours-de-la-semaine-332x332.png 332w, https:\/\/blogsaverroes.juntadeandalucia.es\/elblogdefrances\/files\/2020\/11\/jours-de-la-semaine-268x268.png 268w, https:\/\/blogsaverroes.juntadeandalucia.es\/elblogdefrances\/files\/2020\/11\/jours-de-la-semaine-24x24.png 24w, https:\/\/blogsaverroes.juntadeandalucia.es\/elblogdefrances\/files\/2020\/11\/jours-de-la-semaine-36x36.png 36w, https:\/\/blogsaverroes.juntadeandalucia.es\/elblogdefrances\/files\/2020\/11\/jours-de-la-semaine-48x48.png 48w, https:\/\/blogsaverroes.juntadeandalucia.es\/elblogdefrances\/files\/2020\/11\/jours-de-la-semaine.png 400w\" sizes=\"(max-width: 174px) 100vw, 174px\" \/><\/li>\n<li>Relaciona con un juego de <strong>educaplay<\/strong> los d\u00edas de la semana en espa\u00f1ol y en franc\u00e9s:<\/li>\n<\/ul>\n<p><a href=\"https:\/\/es.educaplay.com\/recursos-educativos\/7560740-les_jours_de_la_semaine.html\">https:\/\/es.educaplay.com\/recursos-educativos\/7560740-les_jours_de_la_semaine.html<\/a><\/p>\n<ul>\n<li><strong>Reordena los d\u00edas de la semana:<\/strong><\/li>\n<\/ul>\n<p><a href=\"http:\/\/jeux.lulu.pagesperso-orange.fr\/html\/sequenMo\/joursSon.htm\">http:\/\/jeux.lulu.pagesperso-orange.fr\/html\/sequenMo\/joursSon.htm<\/a><\/p>\n<ul>\n<li><strong>Sopa de letras<\/strong> sobre los d\u00edas de la semana:<\/li>\n<\/ul>\n<p><a href=\"http:\/\/clicmaclasse.fr\/activites\/mots-meles\/mots-meles.php?nf=jours\">http:\/\/clicmaclasse.fr\/activites\/mots-meles\/mots-meles.php?nf=jours<\/a><\/p>\n<ul>\n<li>Juego de wordwall, para <strong>reordenar las letras <\/strong>y formar el d\u00eda de la semana:<\/li>\n<\/ul>\n<p><a href=\"https:\/\/wordwall.net\/es\/resource\/6522327\">https:\/\/wordwall.net\/es\/resource\/6522327<\/a><\/p>\n<ul>\n<li>Juega con wordwall,<strong> poniendo en orden los d\u00edas de la semana:<\/strong><\/li>\n<\/ul>\n<p><a href=\"https:\/\/wordwall.net\/es\/resource\/392963\">https:\/\/wordwall.net\/es\/resource\/392963<\/a><\/p>\n<p>&nbsp;<\/p>\n<p><img loading=\"lazy\" decoding=\"async\" class=\"alignnone wp-image-607 aligncenter\" src=\"https:\/\/blogsaverroes.juntadeandalucia.es\/elblogdefrances\/files\/2022\/09\/los-meses.png\" alt=\"\" width=\"176\" height=\"176\" srcset=\"https:\/\/blogsaverroes.juntadeandalucia.es\/elblogdefrances\/files\/2022\/09\/los-meses.png 400w, https:\/\/blogsaverroes.juntadeandalucia.es\/elblogdefrances\/files\/2022\/09\/los-meses-300x300.png 300w, https:\/\/blogsaverroes.juntadeandalucia.es\/elblogdefrances\/files\/2022\/09\/los-meses-150x150.png 150w, https:\/\/blogsaverroes.juntadeandalucia.es\/elblogdefrances\/files\/2022\/09\/los-meses-332x332.png 332w, https:\/\/blogsaverroes.juntadeandalucia.es\/elblogdefrances\/files\/2022\/09\/los-meses-268x268.png 268w\" sizes=\"(max-width: 176px) 100vw, 176px\" \/><\/p>\n<ul>\n<li><span style=\"font-family: 'comic sans ms', sans-serif\"><strong>Les mois de l\u00b4ann\u00e9e<\/strong>, los meses del a\u00f1o. Comencemos a escuchar esta canci\u00f3n.<\/span><\/li>\n<\/ul>\n<p><iframe loading=\"lazy\" title=\"Les mois de l&#039;ann\u00e9e - alain le lait (French months of the year)\" width=\"500\" height=\"281\" src=\"https:\/\/www.youtube.com\/embed\/7_u2SigckNQ?feature=oembed&#038;wmode=opaque\" frameborder=\"0\" allow=\"accelerometer; autoplay; clipboard-write; encrypted-media; gyroscope; picture-in-picture; web-share\" referrerpolicy=\"strict-origin-when-cross-origin\" allowfullscreen><\/iframe><\/p>\n<ul>\n<li><span style=\"font-family: 'comic sans ms', sans-serif\">Ahora lo copiaremos en nuestro <strong>cuaderno<\/strong>. \u00a1Escucha c\u00f3mo se deletrean y ap\u00fantalo bien!<\/span><\/li>\n<\/ul>\n<p>&nbsp;<\/p>\n<ul>\n<li><span style=\"font-family: 'comic sans ms', sans-serif\">Juguemos con <strong><span style=\"color: #00ccff\">wordwall<\/span>.<\/strong> Escribe en orden los nombres de los meses en franc\u00e9s (haz clic en la imagen):<\/span><\/li>\n<\/ul>\n<p><a href=\"https:\/\/wordwall.net\/es\/resource\/6726663\"><img loading=\"lazy\" decoding=\"async\" class=\"size-full wp-image-299 aligncenter\" src=\"https:\/\/blogsaverroes.juntadeandalucia.es\/elblogdefrances\/files\/2021\/01\/mois.png\" alt=\"\" width=\"284\" height=\"258\" srcset=\"https:\/\/blogsaverroes.juntadeandalucia.es\/elblogdefrances\/files\/2021\/01\/mois.png 284w, https:\/\/blogsaverroes.juntadeandalucia.es\/elblogdefrances\/files\/2021\/01\/mois-24x22.png 24w, https:\/\/blogsaverroes.juntadeandalucia.es\/elblogdefrances\/files\/2021\/01\/mois-36x33.png 36w, https:\/\/blogsaverroes.juntadeandalucia.es\/elblogdefrances\/files\/2021\/01\/mois-48x44.png 48w\" sizes=\"(max-width: 284px) 100vw, 284px\" \/><\/a><\/p>\n<p><img loading=\"lazy\" decoding=\"async\" class=\" wp-image-624 aligncenter\" src=\"https:\/\/blogsaverroes.juntadeandalucia.es\/elblogdefrances\/files\/2022\/10\/salut.png\" alt=\"\" width=\"127\" height=\"127\" srcset=\"https:\/\/blogsaverroes.juntadeandalucia.es\/elblogdefrances\/files\/2022\/10\/salut.png 400w, https:\/\/blogsaverroes.juntadeandalucia.es\/elblogdefrances\/files\/2022\/10\/salut-300x300.png 300w, https:\/\/blogsaverroes.juntadeandalucia.es\/elblogdefrances\/files\/2022\/10\/salut-150x150.png 150w, https:\/\/blogsaverroes.juntadeandalucia.es\/elblogdefrances\/files\/2022\/10\/salut-332x332.png 332w, https:\/\/blogsaverroes.juntadeandalucia.es\/elblogdefrances\/files\/2022\/10\/salut-268x268.png 268w\" sizes=\"(max-width: 127px) 100vw, 127px\" \/><\/p>\n<ul>\n<li>Continuamos con el siguiente contenido: Los <strong>saludos y despedidas<\/strong> en franc\u00e9s.<\/li>\n<\/ul>\n<p><span style=\"font-family: 'Open Sans', sans-serif;font-size: 15px;font-style: normal;font-weight: 400\">Os dejo una <strong>plantilla<\/strong> para que cre\u00e9is vuestros di\u00e1logos.&nbsp;<\/span><a style=\"font-family: 'Open Sans', sans-serif;font-size: 15px;font-style: normal;font-weight: 400\" href=\"https:\/\/drive.google.com\/file\/d\/17lof3d6QMBQljUibHZhqzzTsDuGAsxA0\/view?usp=sharing\">https:\/\/drive.google.com\/file\/d\/17lof3d6QMBQljUibHZhqzzTsDuGAsxA0\/view?usp=sharing<\/a><\/p>\n<p><a href=\"https:\/\/drive.google.com\/file\/d\/17lof3d6QMBQljUibHZhqzzTsDuGAsxA0\/view?usp=sharing\"><img loading=\"lazy\" decoding=\"async\" class=\" wp-image-622 aligncenter\" src=\"https:\/\/blogsaverroes.juntadeandalucia.es\/elblogdefrances\/files\/2022\/10\/Captura-de-pantalla-49-e1666713393230.png\" alt=\"\" width=\"329\" height=\"455\" srcset=\"https:\/\/blogsaverroes.juntadeandalucia.es\/elblogdefrances\/files\/2022\/10\/Captura-de-pantalla-49-e1666713393230.png 402w, https:\/\/blogsaverroes.juntadeandalucia.es\/elblogdefrances\/files\/2022\/10\/Captura-de-pantalla-49-e1666713393230-217x300.png 217w, https:\/\/blogsaverroes.juntadeandalucia.es\/elblogdefrances\/files\/2022\/10\/Captura-de-pantalla-49-e1666713393230-332x459.png 332w\" sizes=\"(max-width: 329px) 100vw, 329px\" \/><\/a><\/p>\n<ul style=\"list-style-type: disc\">\n<li>V\u00eddeo. <strong><em>Se pr\u00e9senter:<\/em><\/strong><\/li>\n<\/ul>\n<p style=\"text-align: center\"><iframe loading=\"lazy\" src=\"\/\/www.youtube.com\/embed\/WhbvCHT6SKw\" width=\"536\" height=\"300\"><\/iframe><\/p>\n<ul style=\"list-style-type: disc\">\n<li>Te dejo esta <strong>ficha interactiva<\/strong> para que practiques los saludos:<\/li>\n<\/ul>\n<p><a href=\"https:\/\/es.liveworksheets.com\/vv2345007gk\">https:\/\/es.liveworksheets.com\/vv2345007gk<\/a><\/p>\n<ul>\n<li>Comprueba si has entendido bien: <strong>Je m\u00b4appelle<\/strong> :<a href=\"https:\/\/es.liveworksheets.com\/kh2939518pz\">https:\/\/es.liveworksheets.com\/kh2939518pz<\/a><\/li>\n<li>Veamos un power point para aprender a decir i<strong>l s\u00b4appelle et elle s\u00b4appelle.<\/strong><\/li>\n<\/ul>\n<p><a href=\"https:\/\/docs.google.com\/presentation\/d\/11SPOPummLDcnuuF8PgZL2nsyeVHOFZvF\/edit?usp=sharing&amp;ouid=113901408385367902605&amp;rtpof=true&amp;sd=true\"><img loading=\"lazy\" decoding=\"async\" class=\"size-full wp-image-631 aligncenter\" src=\"https:\/\/blogsaverroes.juntadeandalucia.es\/elblogdefrances\/files\/2022\/10\/Captura-de-pantalla-54-e1666716416910.png\" alt=\"\" width=\"573\" height=\"245\" srcset=\"https:\/\/blogsaverroes.juntadeandalucia.es\/elblogdefrances\/files\/2022\/10\/Captura-de-pantalla-54-e1666716416910.png 573w, https:\/\/blogsaverroes.juntadeandalucia.es\/elblogdefrances\/files\/2022\/10\/Captura-de-pantalla-54-e1666716416910-300x128.png 300w, https:\/\/blogsaverroes.juntadeandalucia.es\/elblogdefrances\/files\/2022\/10\/Captura-de-pantalla-54-e1666716416910-332x142.png 332w\" sizes=\"(max-width: 573px) 100vw, 573px\" \/><\/a><\/p>\n<ul>\n<li>Ahora practicaremos<em><strong>, il s \u00b4appelle, elle s\u00b4appelle<\/strong><\/em>. Has clic en estos dos enlaces para hacer las fichas interactivas. <a href=\"https:\/\/es.liveworksheets.com\/jo3104293im\">https:\/\/es.liveworksheets.com\/jo3104293i<\/a><\/li>\n<li>Haz clic en esta ficha y practica la escritura.<a href=\"https:\/\/es.liveworksheets.com\/yc3073997yv\"><img loading=\"lazy\" decoding=\"async\" class=\"alignnone size-full wp-image-625 aligncenter\" src=\"https:\/\/blogsaverroes.juntadeandalucia.es\/elblogdefrances\/files\/2022\/10\/Captura-de-pantalla-51-e1666715289637.png\" alt=\"\" width=\"249\" height=\"338\" srcset=\"https:\/\/blogsaverroes.juntadeandalucia.es\/elblogdefrances\/files\/2022\/10\/Captura-de-pantalla-51-e1666715289637.png 249w, https:\/\/blogsaverroes.juntadeandalucia.es\/elblogdefrances\/files\/2022\/10\/Captura-de-pantalla-51-e1666715289637-221x300.png 221w\" sizes=\"(max-width: 249px) 100vw, 249px\" \/><\/a><\/li>\n<li>Ahora realiza ejercicios para practicar los nombres de<strong> los colores:<\/strong><\/li>\n<\/ul>\n<p><a href=\"https:\/\/es.liveworksheets.com\/pa2663888go\"><img loading=\"lazy\" decoding=\"async\" class=\"alignnone wp-image-627 aligncenter\" src=\"https:\/\/blogsaverroes.juntadeandalucia.es\/elblogdefrances\/files\/2022\/10\/Captura-de-pantalla-52-e1666715554494.png\" alt=\"\" width=\"240\" height=\"351\" srcset=\"https:\/\/blogsaverroes.juntadeandalucia.es\/elblogdefrances\/files\/2022\/10\/Captura-de-pantalla-52-e1666715554494.png 338w, https:\/\/blogsaverroes.juntadeandalucia.es\/elblogdefrances\/files\/2022\/10\/Captura-de-pantalla-52-e1666715554494-205x300.png 205w, https:\/\/blogsaverroes.juntadeandalucia.es\/elblogdefrances\/files\/2022\/10\/Captura-de-pantalla-52-e1666715554494-332x486.png 332w\" sizes=\"(max-width: 240px) 100vw, 240px\" \/><\/a><\/p>\n<ul>\n<li style=\"text-align: center\"><a href=\"https:\/\/es.liveworksheets.com\/al3146938fd\"><img loading=\"lazy\" decoding=\"async\" class=\"alignnone size-full wp-image-629\" src=\"https:\/\/blogsaverroes.juntadeandalucia.es\/elblogdefrances\/files\/2022\/10\/Captura-de-pantalla-53-e1666715747688.png\" alt=\"\" width=\"348\" height=\"478\" srcset=\"https:\/\/blogsaverroes.juntadeandalucia.es\/elblogdefrances\/files\/2022\/10\/Captura-de-pantalla-53-e1666715747688.png 348w, https:\/\/blogsaverroes.juntadeandalucia.es\/elblogdefrances\/files\/2022\/10\/Captura-de-pantalla-53-e1666715747688-218x300.png 218w, https:\/\/blogsaverroes.juntadeandalucia.es\/elblogdefrances\/files\/2022\/10\/Captura-de-pantalla-53-e1666715747688-332x456.png 332w\" sizes=\"(max-width: 348px) 100vw, 348px\" \/><\/a><\/li>\n<\/ul>\n","protected":false},"excerpt":{"rendered":"<p>Bienvenue a tous et toutes! Comenzamos nuevo curso y con nuevo libro: D\u00e9fis 1. \u00bfQu\u00e9 conoc\u00e9is de Francia? \u00bf Y de la lengua francesa? Mira este v\u00eddeo. https:\/\/www.youtube.com\/watch?v=XjktU-9AooU Seguro que conoces muchas palabras francesas.&#46;&#46;&#46;<\/p>\n","protected":false},"author":10861,"featured_media":0,"parent":0,"menu_order":0,"comment_status":"closed","ping_status":"closed","template":"","meta":{"ngg_post_thumbnail":0,"footnotes":""},"aioseo_notices":[],"_links":{"self":[{"href":"https:\/\/blogsaverroes.juntadeandalucia.es\/elblogdefrances\/wp-json\/wp\/v2\/pages\/588"}],"collection":[{"href":"https:\/\/blogsaverroes.juntadeandalucia.es\/elblogdefrances\/wp-json\/wp\/v2\/pages"}],"about":[{"href":"https:\/\/blogsaverroes.juntadeandalucia.es\/elblogdefrances\/wp-json\/wp\/v2\/types\/page"}],"author":[{"embeddable":true,"href":"https:\/\/blogsaverroes.juntadeandalucia.es\/elblogdefrances\/wp-json\/wp\/v2\/users\/10861"}],"replies":[{"embeddable":true,"href":"https:\/\/blogsaverroes.juntadeandalucia.es\/elblogdefrances\/wp-json\/wp\/v2\/comments?post=588"}],"version-history":[{"count":25,"href":"https:\/\/blogsaverroes.juntadeandalucia.es\/elblogdefrances\/wp-json\/wp\/v2\/pages\/588\/revisions"}],"predecessor-version":[{"id":594,"href":"https:\/\/blogsaverroes.juntadeandalucia.es\/elblogdefrances\/wp-json\/wp\/v2\/pages\/588\/revisions\/594"}],"wp:attachment":[{"href":"https:\/\/blogsaverroes.juntadeandalucia.es\/elblogdefrances\/wp-json\/wp\/v2\/media?parent=588"}],"curies":[{"name":"wp","href":"https:\/\/api.w.org\/{rel}","templated":true}]}}