{"id":646,"date":"2023-01-22T18:50:48","date_gmt":"2023-01-22T18:50:48","guid":{"rendered":"https:\/\/blogsaverroes.juntadeandalucia.es\/elblogdefrances\/?page_id=646"},"modified":"2026-02-01T23:29:09","modified_gmt":"2026-02-01T23:29:09","slug":"cest-la-chandeleur","status":"publish","type":"page","link":"https:\/\/blogsaverroes.juntadeandalucia.es\/elblogdefrances\/cest-la-chandeleur\/","title":{"rendered":"C\u00b4est la Chandeleur"},"content":{"rendered":"<p style=\"text-align: center\"><iframe loading=\"lazy\" src=\"\/\/www.youtube.com\/embed\/Q0MoyCFyPPQ\" width=\"560\" height=\"314\"><\/iframe><\/p>\n<p><strong>La chandeleur est une f\u00eate d&#8217;origine pa\u00efenne qui se d\u00e9roule tous les ans le 2 f\u00e9vrier, soit 40 jours apr\u00e8s No\u00ebl ! Mais en fait, pourquoi est-ce qu&#8217;on mange des cr\u00eapes \u00e0 la Chandeleur ?<\/strong><\/p>\n<p><img loading=\"lazy\" decoding=\"async\" class=\"aligncenter\" src=\"https:\/\/flebraille.files.wordpress.com\/2018\/01\/78081-la2brecette2bdes2bcr25c325aapes.png?w=840\" alt=\"http:\/\/www.podcastfrancaisfacile.com\/podcast\/recette-des-crepes.html\" width=\"234\" height=\"159\"><\/p>\n<p><em>La Candelaria es una fiesta de origen pagana que se celebra todos los a\u00f1os el d\u00eda 2 de febrero, justo 40 d\u00edas despu\u00e9s de Navidad. Pero&#8230;\u00bfpor qu\u00e9 se comen tortitas el d\u00eda de la Candelaria?<\/em><\/p>\n<p>La Candelaria es tanto una fiesta pagana como cristiana. Debemos remontarnos al siglo V para entender mejor esta tradici\u00f3n. <strong>En la religi\u00f3n cristiana<\/strong>, es un tiempo en el que celebramos un acontecimiento particular: la presentaci\u00f3n de Jes\u00fas en el templo de Jerusal\u00e9n. Para celebrar este episodio, el Papa de entonces, <strong>Gelasio I<\/strong>, tuvo la idea de organizar procesiones con velas (de ah\u00ed el nombre de \u00abcandelabros\u00bb). Se dice que este Papa mand\u00f3 repartir tortas a los peregrinos que llegaban ese d\u00eda a Roma&#8230;<\/p>\n<p style=\"text-align: left\"><img loading=\"lazy\" decoding=\"async\" class=\"wp-image-659 alignleft\" src=\"https:\/\/blogsaverroes.juntadeandalucia.es\/elblogdefrances\/files\/2023\/01\/chandeleur.png\" alt=\"\" width=\"139\" height=\"139\" srcset=\"https:\/\/blogsaverroes.juntadeandalucia.es\/elblogdefrances\/files\/2023\/01\/chandeleur.png 400w, https:\/\/blogsaverroes.juntadeandalucia.es\/elblogdefrances\/files\/2023\/01\/chandeleur-300x300.png 300w, https:\/\/blogsaverroes.juntadeandalucia.es\/elblogdefrances\/files\/2023\/01\/chandeleur-150x150.png 150w, https:\/\/blogsaverroes.juntadeandalucia.es\/elblogdefrances\/files\/2023\/01\/chandeleur-332x332.png 332w, https:\/\/blogsaverroes.juntadeandalucia.es\/elblogdefrances\/files\/2023\/01\/chandeleur-268x268.png 268w\" sizes=\"(max-width: 139px) 100vw, 139px\" \/>Pero como dec\u00edamos hace unos instantes, comer tortitas el 2 de febrero tambi\u00e9n tiene su <strong>origen en las fiestas paganas.<\/strong> Originalmente, existe el festival de las antorchas, organizado antes de la primavera entre<strong> los celtas y los romanos<\/strong> para celebrar el regreso de la luz despu\u00e9s de largos meses de invierno. La Candelaria entonces se refer\u00eda a la fertilidad de la tierra. Los campesinos hab\u00edan tomado as\u00ed la costumbre de cocinar tortitas con el excedente de harina del a\u00f1o anterior. Con su forma redonda y su color dorado, las tortitas simbolizaban la luz, el sol y, por tanto, \u00a1el regreso de los d\u00edas soleados!<\/p>\n<p>Supersticiosos, incluso hab\u00edan imaginado <strong>un juego<\/strong> para traer prosperidad: \u00a1darle la vuelta al primer cr\u00eape con la mano derecha con una moneda de oro en la mano izquierda! Hoy, en algunas familias, la primera tortita tambi\u00e9n se guarda encima de una alacena.<\/p>\n<p><strong>En los Estados Unidos y Canad\u00e1<\/strong>, la Candelaria se celebra el 2 de febrero por el<strong> D\u00eda de la Marmota.<\/strong> Uno debe pararse ese d\u00eda frente a la madriguera de la marmota de su elecci\u00f3n y esperar pacientemente. Si el animal sale de su refugio y no ve su sombra debido al tiempo nublado, el invierno pronto terminar\u00e1. Si, por el contrario, el tiempo es bueno, el animal volver\u00e1 a su madriguera y el invierno continuar\u00e1 durante otras seis semanas&#8230; En muchas regiones, las tradiciones est\u00e1n vinculadas a la hibernaci\u00f3n de los animales, en particular el oso en el este de Francia y en los Pirineos, el erizo en Irlanda, la nutria en Lorraine..<\/p>\n<p>Sea como sea, seas creyente o no y vivas donde vivas, \u00a1Candelaria es hoy la excusa perfecta para disfrutar de unas <strong>buenas tortitas en familia o con amigos!<\/strong><\/p>\n<p style=\"text-align: center\"><iframe loading=\"lazy\" src=\"\/\/www.youtube.com\/embed\/aZJLXU4JJ4o?list=PLm7NRoJ_hRjuqEk39SjEqTk6df3pQL7jX\" width=\"357\" height=\"200\"><\/iframe><\/p>\n<p>On va \u00e9couter la chanson, avec les paroles:<\/p>\n<p style=\"text-align: center\"><iframe loading=\"lazy\" src=\"\/\/www.youtube.com\/embed\/vYD4mdpNql4?t=60s\" width=\"250\" height=\"140\"><\/iframe><\/p>\n<p style=\"text-align: center\">La f\u00cate aux chandelles<\/p>\n<p style=\"text-align: center\"><strong>C\u2019est la f\u00eate aux chandelles<\/strong><br \/>\n<strong>C\u2019est la f\u00eate aux chandelles<\/strong><strong>C\u2019est la chandeleur<\/strong><br \/>\n<strong>Nous pr\u00e9parons des cr\u00eapes<\/strong><br \/>\n<strong>Nous pr\u00e9parons des cr\u00eapes<\/strong><br \/>\n<strong>C\u2019est la chandeleur<\/strong><\/p>\n<p style=\"text-align: center\">Dans une terrine, mettons la farine<br \/>\nAvec des \u0153ufs et du lait<br \/>\nUne pinc\u00e9e de sel, une cuill\u00e9r\u00e9e d\u2019huile<br \/>\nBien d\u00e9layer, c\u2019est parfait !\u2026<br \/>\n<strong>(Refrain)<\/strong><br \/>\nOn peut rajouter, selon les recettes<br \/>\nDu rhum ou du \u00ab Grand Marnier \u00bb<br \/>\nIl est conseill\u00e9, quand la p\u00e2te est pr\u00eate<br \/>\nDe la laisser reposer<br \/>\n<strong>(Refrain)<\/strong><br \/>\nLa po\u00eble est bien chaude, le beurre est fondu<br \/>\nVersons la p\u00e2te lentement<br \/>\nRetournons la cr\u00eape, mais bien entendu<br \/>\nSans se br\u00fbler les enfants<br \/>\n<strong>(Refrain)<\/strong><\/p>\n<ul style=\"list-style-type: disc\">\n<li><strong><span style=\"color: #ff0000\">Exercice de Compr\u00e9hension Orale:<\/span><\/strong><\/li>\n<\/ul>\n<p><a href=\"http:\/\/www.estudiodefrances.com\/fle-html5\/la-chandeleur\/la-chandeleur.html\">http:\/\/www.estudiodefrances.com\/fle-html5\/la-chandeleur\/la-chandeleur.html<\/a><\/p>\n<ul style=\"list-style-type: square\">\n<li><span style=\"color: #00ff00\"><strong><span style=\"color: #00ff00\">Exercice de Comprehension \u00e9crite<\/span>:<\/strong><\/span><\/li>\n<\/ul>\n<p><a href=\"https:\/\/drive.google.com\/file\/d\/1W_-XTUjszy1pndTtIN4-q6LHJ7gu77i1\/view?usp=sharing\">https:\/\/drive.google.com\/file\/d\/1W_-XTUjszy1pndTtIN4-q6LHJ7gu77i1\/view?usp=share_link<\/a><\/p>\n<ul>\n<li><strong><span style=\"color: #0000ff\">Fiche p\u00e9dagogique:<\/span><\/strong><\/li>\n<\/ul>\n<p><a href=\"https:\/\/drive.google.com\/file\/d\/1pOv5mruECC9h0MIDxNQDMYodtBIV-OJ-\/view?usp=share_link\">https:\/\/drive.google.com\/file\/d\/1pOv5mruECC9h0MIDxNQDMYodtBIV-OJ-\/view?usp=share_link<\/a><\/p>\n<ul>\n<li><strong><span style=\"color: #99cc00\"><span style=\"color: #ff00ff\">Navegando por internet, me encontr\u00e9 este corto y me encant\u00f3<\/span>. <span style=\"color: #000000\">Es de la p\u00e1gina TUTWI. Haced clic en la foto y ved el corto.<\/span><\/span><\/strong><\/li>\n<\/ul>\n<p><a href=\"https:\/\/www.youtube.com\/watch?time_continue=82&amp;v=2KcMXs55ii0&amp;embeds_euri=https%3A%2F%2Fwww.tutwi.fun%2F&amp;source_ve_path=MzY4NDIsMzY4NDIsMzY4NDI&amp;feature=emb_logo\"><img loading=\"lazy\" decoding=\"async\" class=\"wp-image-658 alignleft\" src=\"https:\/\/blogsaverroes.juntadeandalucia.es\/elblogdefrances\/files\/2023\/01\/Captura-de-pantalla-74-e1674586271611.png\" alt=\"\" width=\"409\" height=\"221\" srcset=\"https:\/\/blogsaverroes.juntadeandalucia.es\/elblogdefrances\/files\/2023\/01\/Captura-de-pantalla-74-e1674586271611.png 604w, https:\/\/blogsaverroes.juntadeandalucia.es\/elblogdefrances\/files\/2023\/01\/Captura-de-pantalla-74-e1674586271611-300x162.png 300w, https:\/\/blogsaverroes.juntadeandalucia.es\/elblogdefrances\/files\/2023\/01\/Captura-de-pantalla-74-e1674586271611-332x180.png 332w\" sizes=\"(max-width: 409px) 100vw, 409px\" \/><\/a><\/p>\n<p><strong>Pod\u00e9is ver el corto y despu\u00e9s realizar la ficha que os dejo abajo.<\/strong><\/p>\n<p>&nbsp;<\/p>\n<p>&nbsp;<\/p>\n<p>&nbsp;<\/p>\n<p>&nbsp;<\/p>\n<ul style=\"list-style-type: disc\">\n<li><strong><span style=\"color: #ff00ff\">Manualidad: os dejo el enlace para hacer la \u00abpochette sp\u00e9ciale cr\u00eapes\u00bb. Es como un paquetito para meter el cr\u00eape.<\/span> Es una idea cogida del blog que tanto me gusta:&nbsp;&nbsp;<a href=\"https:\/\/liberteegalitecreativite.com\/2022\/01\/30\/la-chandeleur-banderines-y-actividades%f0%9f%a5%9e%f0%9f%8e%88\/\">https:\/\/liberteegalitecreativite.com\/2022\/01\/30\/la-chandeleur-banderines-y-actividades%f0%9f%a5%9e%f0%9f%8e%88\/<\/a><\/strong>Haced clic en la imagen y podr\u00e9is descargar la plantilla de la pochette.<\/li>\n<\/ul>\n<p><a href=\"https:\/\/drive.google.com\/file\/d\/1KVJBqRFZB8n_wnjBUXEEoSPjq-0m3sOd\/view?usp=share_link\">T<\/a><img loading=\"lazy\" decoding=\"async\" class=\"wp-image-661 aligncenter\" src=\"https:\/\/blogsaverroes.juntadeandalucia.es\/elblogdefrances\/files\/2023\/01\/Captura-de-pantalla-75-e1674598330711.png\" alt=\"\" width=\"337\" height=\"242\" srcset=\"https:\/\/blogsaverroes.juntadeandalucia.es\/elblogdefrances\/files\/2023\/01\/Captura-de-pantalla-75-e1674598330711.png 498w, https:\/\/blogsaverroes.juntadeandalucia.es\/elblogdefrances\/files\/2023\/01\/Captura-de-pantalla-75-e1674598330711-300x216.png 300w, https:\/\/blogsaverroes.juntadeandalucia.es\/elblogdefrances\/files\/2023\/01\/Captura-de-pantalla-75-e1674598330711-332x239.png 332w\" sizes=\"(max-width: 337px) 100vw, 337px\" \/><a href=\"https:\/\/drive.google.com\/file\/d\/1KVJBqRFZB8n_wnjBUXEEoSPjq-0m3sOd\/view?usp=share_link\">https:\/\/drive.google.com\/file\/d\/1KVJBqRFZB8n_wnjBUXEEoSPjq-0m3sOd\/view?usp=share_link<\/a><\/p>\n<p><span style=\"color: #ff00ff\">Tambi\u00e9n podemos decorar la clase realizando los siguientes banderines. Haced clic en la imagen para descargarlo.<\/span><\/p>\n<p><a href=\"https:\/\/drive.google.com\/file\/d\/1KVwyO5DsH3Tgwl3CFnfBm7nl_Psw3Cup\/view?usp=share_link\"><img loading=\"lazy\" decoding=\"async\" class=\"aligncenter\" src=\"https:\/\/liberteegalitecreativite.files.wordpress.com\/2022\/01\/d6eb5c20-0e84-4bcd-a90e-a6616abb0b19.jpg?w=941\" width=\"419\" height=\"219\">Cada bander\u00edn es una cr\u00eape con letras de la palabra CHANDELEUR. Adem\u00e1s, cada una lleva un n\u00famero para colorearlo siguiendo los c\u00f3digos de color indicados, repasando colores y n\u00fameros.<\/a><\/p>\n<p><img loading=\"lazy\" decoding=\"async\" class=\"aligncenter\" src=\"https:\/\/liberteegalitecreativite.files.wordpress.com\/2022\/01\/les-nombres-crepes.png?w=724\" width=\"338\" height=\"478\"><\/p>\n<ul>\n<li><strong>Os dejo los pasos de la receta y \u00a1manos a la obra! Haced clic para obtener la ficha y para ver el v\u00eddeo. Os sorprender\u00e9is de lo f\u00e1cil que es preparar cr\u00eapes. \u00a1Hasta los ni\u00f1os chicos se atreven!<\/strong><\/li>\n<\/ul>\n<p><a href=\"https:\/\/drive.google.com\/file\/d\/1grkoKB_Rq8Xl2LThDZH0s3EnDhd2CxMw\/view?usp=share_link\"><img loading=\"lazy\" decoding=\"async\" class=\"wp-image-664 alignleft\" src=\"https:\/\/blogsaverroes.juntadeandalucia.es\/elblogdefrances\/files\/2023\/01\/Captura-de-pantalla-77-e1674600082383.png\" alt=\"\" width=\"260\" height=\"247\" srcset=\"https:\/\/blogsaverroes.juntadeandalucia.es\/elblogdefrances\/files\/2023\/01\/Captura-de-pantalla-77-e1674600082383.png 577w, https:\/\/blogsaverroes.juntadeandalucia.es\/elblogdefrances\/files\/2023\/01\/Captura-de-pantalla-77-e1674600082383-300x285.png 300w, https:\/\/blogsaverroes.juntadeandalucia.es\/elblogdefrances\/files\/2023\/01\/Captura-de-pantalla-77-e1674600082383-332x316.png 332w\" sizes=\"(max-width: 260px) 100vw, 260px\" \/><\/a><\/p>\n<p><img loading=\"lazy\" decoding=\"async\" class=\"alignnone\" src=\"https:\/\/sdk.bitmoji.com\/render\/panel\/4180ffdb-770a-474e-a273-cc9d568adc22-50bc4073-95ba-461b-9f2f-35a27f937822-v1.png?transparent=1&amp;palette=1\" alt=\"baking\" width=\"202\" height=\"202\"> <iframe loading=\"lazy\" src=\"\/\/www.youtube.com\/embed\/AxlGLW0WRaM\" width=\"560\" height=\"314\"><\/iframe><\/p>\n<p>&nbsp;<\/p>\n<p><a href=\"https:\/\/drive.google.com\/file\/d\/1Oo6Kssab02hTXVeMdsVDyZc323xoN7Y2\/view?usp=share_link\"><img loading=\"lazy\" decoding=\"async\" class=\"wp-image-667 alignleft\" src=\"https:\/\/blogsaverroes.juntadeandalucia.es\/elblogdefrances\/files\/2023\/01\/Captura-de-pantalla-79-e1674600757205.png\" alt=\"\" width=\"239\" height=\"128\" srcset=\"https:\/\/blogsaverroes.juntadeandalucia.es\/elblogdefrances\/files\/2023\/01\/Captura-de-pantalla-79-e1674600757205.png 464w, https:\/\/blogsaverroes.juntadeandalucia.es\/elblogdefrances\/files\/2023\/01\/Captura-de-pantalla-79-e1674600757205-300x161.png 300w, https:\/\/blogsaverroes.juntadeandalucia.es\/elblogdefrances\/files\/2023\/01\/Captura-de-pantalla-79-e1674600757205-332x178.png 332w\" sizes=\"(max-width: 239px) 100vw, 239px\" \/><\/a><\/p>\n<p><a href=\"https:\/\/drive.google.com\/file\/d\/1K45HeRxED08tDG9-oSyMkdVyYu7pyOTY\/view?usp=share_link\"><img loading=\"lazy\" decoding=\"async\" class=\"alignnone wp-image-665\" src=\"https:\/\/blogsaverroes.juntadeandalucia.es\/elblogdefrances\/files\/2023\/01\/Captura-de-pantalla-78-e1674600323447.png\" alt=\"\" width=\"211\" height=\"120\" srcset=\"https:\/\/blogsaverroes.juntadeandalucia.es\/elblogdefrances\/files\/2023\/01\/Captura-de-pantalla-78-e1674600323447.png 833w, https:\/\/blogsaverroes.juntadeandalucia.es\/elblogdefrances\/files\/2023\/01\/Captura-de-pantalla-78-e1674600323447-300x171.png 300w, https:\/\/blogsaverroes.juntadeandalucia.es\/elblogdefrances\/files\/2023\/01\/Captura-de-pantalla-78-e1674600323447-768x437.png 768w, https:\/\/blogsaverroes.juntadeandalucia.es\/elblogdefrances\/files\/2023\/01\/Captura-de-pantalla-78-e1674600323447-700x398.png 700w, https:\/\/blogsaverroes.juntadeandalucia.es\/elblogdefrances\/files\/2023\/01\/Captura-de-pantalla-78-e1674600323447-332x189.png 332w\" sizes=\"(max-width: 211px) 100vw, 211px\" \/><\/a><\/p>\n<p>&nbsp;<\/p>\n<p>Os dejo una ficha resumen con los ingredientes y los pasos, para que la estudi\u00e9is y hag\u00e1is el v\u00eddeo en casa.<\/p>\n<p><a href=\"https:\/\/drive.google.com\/file\/d\/17weDHv60aGmxzldsJ-Ns4mt511HIZ7GU\/view?usp=sharing\">https:\/\/drive.google.com\/file\/d\/17weDHv60aGmxzldsJ-Ns4mt511HIZ7GU\/view?usp=sharing<\/a><\/p>\n<p style=\"text-align: center\"><strong><span style=\"color: #ff0000\">RESUMEN:<\/span><\/strong><\/p>\n<p>El crepe es un orgullo culinario franc\u00e9s y la Chandeleur es el d\u00eda de los cr\u00eapes. Se celebra el d\u00eda 2 de febrero, 40 d\u00edas despu\u00e9s de Navidad.<\/p>\n<p>En este d\u00eda, se cocinan unos deliciosos&nbsp;<strong>cr\u00eapes&nbsp;<\/strong>para degustar en familia y amigos.<\/p>\n<p>&nbsp;<\/p>\n<h2><img loading=\"lazy\" decoding=\"async\" class=\"aligncenter\" src=\"https:\/\/i-mom.unimedias.fr\/2020\/09\/16\/la-pate-a-crepes-vanillee.jpg?auto=format%2Ccompress&amp;crop=faces&amp;cs=tinysrgb&amp;fit=crop&amp;h=227&amp;w=405\" alt=\"La p\u00e2te \u00e0 cr\u00eapes vanill\u00e9e\" width=\"405\" height=\"227\"><\/h2>\n<h2>\u00bfDe d\u00f3nde viene esta tradici\u00f3n?<\/h2>\n<p>Se dice, que su origen se remonta a la \u00e9poca de los Romanos, se trata de una fiesta en honor al Dios Pan.<\/p>\n<div class=\"wp-block-image\">\n<figure class=\"alignleft size-large is-resized\"><img loading=\"lazy\" decoding=\"async\" class=\"wp-image-2614\" src=\"https:\/\/pequefranceses.files.wordpress.com\/2020\/02\/ib4jv5dg3hoo1-au5areocd0gio-1.gif?w=250\" alt=\"\" width=\"100\" height=\"120\" data-attachment-id=\"2614\" data-permalink=\"https:\/\/pequefranceses.com\/ib4jv5dg3hoo1-au5areocd0gio-1\/\" data-orig-file=\"https:\/\/pequefranceses.files.wordpress.com\/2020\/02\/ib4jv5dg3hoo1-au5areocd0gio-1.gif\" data-orig-size=\"250,300\" data-comments-opened=\"1\" data-image-meta=\"{&quot;aperture&quot;:&quot;0&quot;,&quot;credit&quot;:&quot;&quot;,&quot;camera&quot;:&quot;&quot;,&quot;caption&quot;:&quot;&quot;,&quot;created_timestamp&quot;:&quot;0&quot;,&quot;copyright&quot;:&quot;&quot;,&quot;focal_length&quot;:&quot;0&quot;,&quot;iso&quot;:&quot;0&quot;,&quot;shutter_speed&quot;:&quot;0&quot;,&quot;title&quot;:&quot;&quot;,&quot;orientation&quot;:&quot;0&quot;}\" data-image-title=\"ib4jv5dg3hoo1-au5areocd0gio-1\" data-image-description=\"\" data-medium-file=\"https:\/\/pequefranceses.files.wordpress.com\/2020\/02\/ib4jv5dg3hoo1-au5areocd0gio-1.gif?w=250\" data-large-file=\"https:\/\/pequefranceses.files.wordpress.com\/2020\/02\/ib4jv5dg3hoo1-au5areocd0gio-1.gif?w=250\"><\/figure>\n<\/div>\n<p>Todas las noches, los creyentes paseaban por las calles de Roma agitando sus antorchas. En el a\u00f1o 472, el Papa convirti\u00f3 esta tradici\u00f3n en una fiesta religiosa que celebraba la presentaci\u00f3n de Jes\u00fas en el templo a los 40 d\u00edas de Navidad.<\/p>\n<p>&nbsp;<\/p>\n<h2>\u00bfPor qu\u00e9 se comen cr\u00eapes?<\/h2>\n<p>Los cr\u00eapes, simbolizaban el regreso del sol tras largas noches de invierno. Y, supuestamente, el Papa mand\u00f3 repartir cr\u00eapes en la entrada de Roma a todos los peregrinos que llegaban hasta all\u00ed el d\u00eda 2 de febrero.<\/p>\n<h2>\u00bfConoces la receta?<\/h2>\n<p>Hay mil formas de cocinar cr\u00eapes y estos pueden ser dulces o salados. En Par\u00eds, la receta m\u00e1s tradicional es la de nutella et banane. \u00a1Mira el siguiente v\u00eddeo y aprende a cocinar la masa!&nbsp;<img decoding=\"async\" class=\"emoji\" role=\"img\" src=\"https:\/\/s.w.org\/images\/core\/emoji\/14.0.0\/svg\/1f642.svg\" alt=\"\ud83d\ude42\"><\/p>\n<p>&nbsp;<\/p>\n<p><img loading=\"lazy\" decoding=\"async\" class=\"aligncenter\" src=\"https:\/\/liberteegalitecreativite.files.wordpress.com\/2021\/01\/crc38apes.jpg?w=1024\" width=\"383\" height=\"286\"><\/p>\n<p>&nbsp;<\/p>\n<ul>\n<li>\u00a1Juguemos por equipos y pong\u00e1monos a prueba con <strong>Bamboozle!<\/strong><\/li>\n<\/ul>\n<p><a href=\"https:\/\/www.baamboozle.com\/game\/338841\">https:\/\/www.baamboozle.com\/game\/338841<\/a><\/p>\n<p>&nbsp;<\/p>\n<ul>\n<li>Os dejo unas <a href=\"https:\/\/drive.google.com\/file\/d\/1fa7W-wYai4GZl8GFO8mzbKGdTP_lNbSe\/view?usp=sharing\"><strong>fichas resumen<\/strong> <\/a>haciendo clic en el enlace.<\/li>\n<\/ul>\n<p style=\"text-align: center\"><a href=\"https:\/\/drive.google.com\/file\/d\/1fa7W-wYai4GZl8GFO8mzbKGdTP_lNbSe\/view?usp=sharing\"><img loading=\"lazy\" decoding=\"async\" class=\"alignnone wp-image-1729\" src=\"https:\/\/blogsaverroes.juntadeandalucia.es\/elblogdefrances\/files\/2026\/02\/Screenshot_1.png\" alt=\"\" width=\"492\" height=\"392\" srcset=\"https:\/\/blogsaverroes.juntadeandalucia.es\/elblogdefrances\/files\/2026\/02\/Screenshot_1.png 638w, https:\/\/blogsaverroes.juntadeandalucia.es\/elblogdefrances\/files\/2026\/02\/Screenshot_1-300x239.png 300w\" sizes=\"(max-width: 492px) 100vw, 492px\" \/><\/a><\/p>\n","protected":false},"excerpt":{"rendered":"<p>La chandeleur est une f\u00eate d&#8217;origine pa\u00efenne qui se d\u00e9roule tous les ans le 2 f\u00e9vrier, soit 40 jours apr\u00e8s No\u00ebl ! Mais en fait, pourquoi est-ce qu&#8217;on mange des cr\u00eapes \u00e0 la Chandeleur&#46;&#46;&#46;<\/p>\n","protected":false},"author":10861,"featured_media":0,"parent":0,"menu_order":0,"comment_status":"closed","ping_status":"closed","template":"","meta":{"ngg_post_thumbnail":0,"footnotes":""},"aioseo_notices":[],"_links":{"self":[{"href":"https:\/\/blogsaverroes.juntadeandalucia.es\/elblogdefrances\/wp-json\/wp\/v2\/pages\/646"}],"collection":[{"href":"https:\/\/blogsaverroes.juntadeandalucia.es\/elblogdefrances\/wp-json\/wp\/v2\/pages"}],"about":[{"href":"https:\/\/blogsaverroes.juntadeandalucia.es\/elblogdefrances\/wp-json\/wp\/v2\/types\/page"}],"author":[{"embeddable":true,"href":"https:\/\/blogsaverroes.juntadeandalucia.es\/elblogdefrances\/wp-json\/wp\/v2\/users\/10861"}],"replies":[{"embeddable":true,"href":"https:\/\/blogsaverroes.juntadeandalucia.es\/elblogdefrances\/wp-json\/wp\/v2\/comments?post=646"}],"version-history":[{"count":23,"href":"https:\/\/blogsaverroes.juntadeandalucia.es\/elblogdefrances\/wp-json\/wp\/v2\/pages\/646\/revisions"}],"predecessor-version":[{"id":1737,"href":"https:\/\/blogsaverroes.juntadeandalucia.es\/elblogdefrances\/wp-json\/wp\/v2\/pages\/646\/revisions\/1737"}],"wp:attachment":[{"href":"https:\/\/blogsaverroes.juntadeandalucia.es\/elblogdefrances\/wp-json\/wp\/v2\/media?parent=646"}],"curies":[{"name":"wp","href":"https:\/\/api.w.org\/{rel}","templated":true}]}}