{"id":760,"date":"2022-11-08T10:36:10","date_gmt":"2022-11-08T09:36:10","guid":{"rendered":"https:\/\/blogsaverroes.juntadeandalucia.es\/elcastilloigualdad\/?page_id=760"},"modified":"2022-11-08T12:49:58","modified_gmt":"2022-11-08T11:49:58","slug":"mujeres-en-la-historia","status":"publish","type":"page","link":"https:\/\/blogsaverroes.juntadeandalucia.es\/elcastilloigualdad\/?page_id=760","title":{"rendered":"MUJERES EN LA HISTORIA"},"content":{"rendered":"<h2><span style=\"text-decoration: underline;color: #ff0000\">En octubre hablamos de:<\/span><\/h2>\n<h4><img loading=\"lazy\" decoding=\"async\" class=\" wp-image-765 alignleft\" src=\"https:\/\/blogsaverroes.juntadeandalucia.es\/elcastilloigualdad\/files\/2022\/11\/Imagen_MariaBellido-estutua-225x300.jpg\" alt=\"\" width=\"184\" height=\"245\" srcset=\"https:\/\/blogsaverroes.juntadeandalucia.es\/elcastilloigualdad\/files\/2022\/11\/Imagen_MariaBellido-estutua-225x300.jpg 225w, https:\/\/blogsaverroes.juntadeandalucia.es\/elcastilloigualdad\/files\/2022\/11\/Imagen_MariaBellido-estutua.jpg 363w\" sizes=\"(max-width: 184px) 100vw, 184px\" \/><\/h4>\n<h4><span style=\"color: #008000\">Mar\u00eda Bellido, <\/span><span style=\"color: #008000\">la aguadora de Bail\u00e9n<\/span><\/h4>\n<p style=\"text-align: justify\">Naci\u00f3 en la localidad jienense de Porcuna y se le asocia con Mar\u00eda In\u00e9s Juliana Bellido Vallejos, apodada \u00abla Culiancha\u00bb; casada con Luis Domingo Cobo Muela, vendedor de alfarer\u00eda y natural de&nbsp;Bail\u00e9n, con qui\u00e9n se traslad\u00f3 a esta localidad.<\/p>\n<p style=\"text-align: justify\">La leyenda cuenta que, en plena&nbsp;batalla de Bail\u00e9n, asisti\u00f3 a la&nbsp;soldadesca, junto al resto de mujeres de la localidad, como&nbsp;aguadora. La temperatura en esa jornada rondaba los 45&nbsp;\u00baC. En pleno ataque, ascendi\u00f3 cargada con una botija de agua hasta el puesto de mando, se la ofreci\u00f3 al&nbsp;general Reding, y en el momento en que elevaba la vasija, una bala rompi\u00f3 el&nbsp;cantarillo. La mujer no se inmut\u00f3, recogi\u00f3 el tiesto donde hab\u00eda quedado un poco de agua, y lo ofreci\u00f3 al general, que alab\u00f3 su labor y ofreci\u00f3 premiarla<\/p>\n<p>&nbsp;<\/p>\n<p><iframe loading=\"lazy\" src=\"https:\/\/www.youtube.com\/embed\/53zQJKr6ZAQ\" width=\"640\" height=\"362\" frameborder=\"0\"><span style=\"width: 0px;overflow: hidden;line-height: 0\" data-mce-type=\"bookmark\" class=\"mce_SELRES_start\">\ufeff<\/span><\/iframe>&nbsp;<\/p>\n<h2><span style=\"text-decoration: underline\"><span style=\"color: #ff0000;text-decoration: underline\">En noviembre hablamos de:<\/span><\/span><\/h2>\n<h4><span style=\"color: #008000\"><img loading=\"lazy\" decoding=\"async\" class=\"size-medium wp-image-768 alignleft\" src=\"https:\/\/blogsaverroes.juntadeandalucia.es\/elcastilloigualdad\/files\/2022\/11\/Imagen_CarmenLinares-300x199.jpg\" alt=\"\" width=\"300\" height=\"199\" srcset=\"https:\/\/blogsaverroes.juntadeandalucia.es\/elcastilloigualdad\/files\/2022\/11\/Imagen_CarmenLinares-300x199.jpg 300w, https:\/\/blogsaverroes.juntadeandalucia.es\/elcastilloigualdad\/files\/2022\/11\/Imagen_CarmenLinares-1024x680.jpg 1024w, https:\/\/blogsaverroes.juntadeandalucia.es\/elcastilloigualdad\/files\/2022\/11\/Imagen_CarmenLinares-768x510.jpg 768w, https:\/\/blogsaverroes.juntadeandalucia.es\/elcastilloigualdad\/files\/2022\/11\/Imagen_CarmenLinares-1536x1020.jpg 1536w, https:\/\/blogsaverroes.juntadeandalucia.es\/elcastilloigualdad\/files\/2022\/11\/Imagen_CarmenLinares-2048x1360.jpg 2048w\" sizes=\"(max-width: 300px) 100vw, 300px\" \/>Carmen Linares, cantaora.<\/span><\/h4>\n<p style=\"text-align: justify\">Carmen Pacheco Rodr\u00edguez (Linares, Ja\u00e9n, 25 de febrero de 1951) es una cantaora de flamenco conocida art\u00edsticamente como Carmen Linares en el panorama del flamenco y la canci\u00f3n tradicional espa\u00f1ola. \u200b<\/p>\n<p style=\"text-align: justify\">Est\u00e1 considerada como una de las cantaoras m\u00e1s completas y con mayor conocimiento de estilos flamencos junto a la \u00abNi\u00f1a de los Peines\u00bb. \u200b Compa\u00f1era de generaci\u00f3n de artistas como Paco de Luc\u00eda, Camar\u00f3n, Enrique Morente, Pepe Habichuela y Jos\u00e9 Merc\u00e9.<\/p>\n<p><span style=\"color: #800000\">Video. Entrega premios Pr\u00edncipe de Asturias:<\/span><\/p>\n<p><iframe loading=\"lazy\" src=\"https:\/\/www.youtube.com\/embed\/hkStOVu0l-Y\" width=\"640\" height=\"362\" frameborder=\"0\"><span style=\"width: 0px;overflow: hidden;line-height: 0\" data-mce-type=\"bookmark\" class=\"mce_SELRES_start\">\ufeff<\/span><\/iframe><\/p>\n<p><span style=\"color: #800000\">Video.&nbsp; Alegr\u00edas y remenbranzas:<\/span><\/p>\n<p><iframe loading=\"lazy\" src=\"https:\/\/www.youtube.com\/embed\/rNICgMvTYhc\" width=\"640\" height=\"362\" frameborder=\"0\"><span style=\"width: 0px;overflow: hidden;line-height: 0\" data-mce-type=\"bookmark\" class=\"mce_SELRES_start\">\ufeff<\/span><\/iframe><\/p>\n<p><span style=\"color: #800000\">Video. Villancico:<\/span><\/p>\n<p><iframe loading=\"lazy\" src=\"https:\/\/www.youtube.com\/embed\/dbfK9MM1rvM\" width=\"640\" height=\"496\" frameborder=\"0\"><span style=\"width: 0px;overflow: hidden;line-height: 0\" data-mce-type=\"bookmark\" class=\"mce_SELRES_start\">\ufeff<\/span><\/iframe>&nbsp;<\/p>\n","protected":false},"excerpt":{"rendered":"<p>En octubre hablamos de: Mar\u00eda Bellido, la aguadora de Bail\u00e9n Naci\u00f3 en la localidad jienense de Porcuna y se le asocia con Mar\u00eda In\u00e9s Juliana Bellido Vallejos, apodada \u00abla Culiancha\u00bb; casada con Luis Domingo&#46;&#46;&#46;<\/p>\n","protected":false},"author":3249,"featured_media":0,"parent":0,"menu_order":8,"comment_status":"closed","ping_status":"closed","template":"","meta":{"ngg_post_thumbnail":0,"footnotes":""},"aioseo_notices":[],"_links":{"self":[{"href":"https:\/\/blogsaverroes.juntadeandalucia.es\/elcastilloigualdad\/index.php?rest_route=\/wp\/v2\/pages\/760"}],"collection":[{"href":"https:\/\/blogsaverroes.juntadeandalucia.es\/elcastilloigualdad\/index.php?rest_route=\/wp\/v2\/pages"}],"about":[{"href":"https:\/\/blogsaverroes.juntadeandalucia.es\/elcastilloigualdad\/index.php?rest_route=\/wp\/v2\/types\/page"}],"author":[{"embeddable":true,"href":"https:\/\/blogsaverroes.juntadeandalucia.es\/elcastilloigualdad\/index.php?rest_route=\/wp\/v2\/users\/3249"}],"replies":[{"embeddable":true,"href":"https:\/\/blogsaverroes.juntadeandalucia.es\/elcastilloigualdad\/index.php?rest_route=%2Fwp%2Fv2%2Fcomments&post=760"}],"version-history":[{"count":8,"href":"https:\/\/blogsaverroes.juntadeandalucia.es\/elcastilloigualdad\/index.php?rest_route=\/wp\/v2\/pages\/760\/revisions"}],"predecessor-version":[{"id":771,"href":"https:\/\/blogsaverroes.juntadeandalucia.es\/elcastilloigualdad\/index.php?rest_route=\/wp\/v2\/pages\/760\/revisions\/771"}],"wp:attachment":[{"href":"https:\/\/blogsaverroes.juntadeandalucia.es\/elcastilloigualdad\/index.php?rest_route=%2Fwp%2Fv2%2Fmedia&parent=760"}],"curies":[{"name":"wp","href":"https:\/\/api.w.org\/{rel}","templated":true}]}}