{"id":1089,"date":"2022-08-30T11:55:30","date_gmt":"2022-08-30T09:55:30","guid":{"rendered":"https:\/\/blogsaverroes.juntadeandalucia.es\/ellocodelamochila\/?page_id=1089"},"modified":"2025-04-18T16:47:59","modified_gmt":"2025-04-18T14:47:59","slug":"los-proyectos-interdisciplinares","status":"publish","type":"page","link":"https:\/\/blogsaverroes.juntadeandalucia.es\/ellocodelamochila\/programacion-didactica-lomloe\/los-proyectos-interdisciplinares\/","title":{"rendered":"LOS PROYECTOS INTERDISCIPLINARES"},"content":{"rendered":"<p style=\"text-align: justify\"><strong><span style=\"font-family: terminal, monaco, monospace;font-size: 14pt\"><img loading=\"lazy\" decoding=\"async\" class=\" wp-image-2509 alignright\" src=\"https:\/\/blogsaverroes.juntadeandalucia.es\/ellocodelamochila\/files\/2023\/08\/Proyectos-interdisciplinares-300x300.jpg\" alt=\"\" width=\"369\" height=\"369\" srcset=\"https:\/\/blogsaverroes.juntadeandalucia.es\/ellocodelamochila\/files\/2023\/08\/Proyectos-interdisciplinares-300x300.jpg 300w, https:\/\/blogsaverroes.juntadeandalucia.es\/ellocodelamochila\/files\/2023\/08\/Proyectos-interdisciplinares-1024x1024.jpg 1024w, https:\/\/blogsaverroes.juntadeandalucia.es\/ellocodelamochila\/files\/2023\/08\/Proyectos-interdisciplinares-150x150.jpg 150w, https:\/\/blogsaverroes.juntadeandalucia.es\/ellocodelamochila\/files\/2023\/08\/Proyectos-interdisciplinares-768x768.jpg 768w, https:\/\/blogsaverroes.juntadeandalucia.es\/ellocodelamochila\/files\/2023\/08\/Proyectos-interdisciplinares.jpg 1080w\" sizes=\"(max-width: 369px) 100vw, 369px\" \/>FILOSOF\u00cdA DE LOS PROYECTOS INTERDISCIPLINARES.<\/span><\/strong><\/p>\n<p style=\"text-align: justify\"><span style=\"font-family: terminal, monaco, monospace;font-size: 14pt\">Una de las novedades que trae el desarrollo curricular de la LOMLOE es la posibilidad que tienen los centros educativos de crear \u201cproyectos interdisciplinares\u201d para incluirlos entre su oferta de asignaturas optativas. Estos proyectos interdisciplinares vienen a sustituir a las anteriores materias de dise\u00f1o propio que se ofrec\u00edan en el marco de la LOMCE.<\/span><\/p>\n<p style=\"text-align: justify\"><span style=\"font-family: terminal, monaco, monospace;font-size: 14pt\">Los proyectos interdisciplinares est\u00e1n pensados para dotar de un espacio propio dentro del horario regular de nuestro alumnado para que se trabaje en el aula de forma integrada el desarrollo de las competencias clave sin las limitaciones de las \u00e1reas tradicionales. No es que en el resto de asignaturas no se trabaje esto -ni mucho menos-, sino que se trata de complementarlo y potenciarlo al m\u00e1ximo. Adem\u00e1s, son una buena forma dar una respuesta educativa concreta a ciertas necesidades del alumnado. Por ejemplo, si en nuestro centro detectamos que nuestro alumnado tiene especiales dificultades en expresi\u00f3n escrita, podemos pensar en un proyecto interdisciplinar en el que esta destreza juegue un papel central. De esta forma, le estaremos dando una respuesta educativa concreta a la necesidad que hemos detectado.<\/span><\/p>\n<p style=\"text-align: justify\"><span style=\"font-family: terminal, monaco, monospace;font-size: 14pt\">Por ello, en la <a href=\"https:\/\/drive.google.com\/file\/d\/1IxLLy9BQB3x19M43MzB7cw6A1UXu6VOU\/view?usp=share_link\" target=\"_blank\" rel=\"noopener noreferrer\"><em>Orden de 30 de mayo de 2023<\/em><\/a> se habla de los proyectos interdisciplinares en su art\u00edculo 7. Los define como una materia optativa propia de la Comunidad Andaluza que los centros pueden incluir en su oferta educativa \u00ab<em>para garantizar el desarrollo integrado de todas las competencias de la etapa y la incorporaci\u00f3n de los valores enunciados en los principios pedag\u00f3gicos [&#8230;] seg\u00fan se determine en el Proyecto educativo de centro<\/em>\u00ab. Adem\u00e1s, se indica que los proyectos interdisciplinares deber\u00e1n tener \u00ab<em>un car\u00e1cter eminentemente pr\u00e1ctico<\/em>\u00ab.<\/span><\/p>\n<p>&nbsp;<\/p>\n<p style=\"text-align: justify\"><strong><span style=\"font-family: terminal, monaco, monospace;font-size: 14pt\">DISE\u00d1O DE LOS PROYECTOS INTERDISCIPLINARES.<\/span><\/strong><\/p>\n<p style=\"text-align: justify\"><span style=\"font-family: terminal, monaco, monospace;font-size: 14pt\"><strong><img loading=\"lazy\" decoding=\"async\" class=\"wp-image-2241 alignright\" src=\"https:\/\/blogsaverroes.juntadeandalucia.es\/ellocodelamochila\/files\/2023\/08\/Proyecto-interdisciplinar-23-120x300.jpg\" alt=\"\" width=\"268\" height=\"670\" srcset=\"https:\/\/blogsaverroes.juntadeandalucia.es\/ellocodelamochila\/files\/2023\/08\/Proyecto-interdisciplinar-23-120x300.jpg 120w, https:\/\/blogsaverroes.juntadeandalucia.es\/ellocodelamochila\/files\/2023\/08\/Proyecto-interdisciplinar-23-410x1024.jpg 410w, https:\/\/blogsaverroes.juntadeandalucia.es\/ellocodelamochila\/files\/2023\/08\/Proyecto-interdisciplinar-23-768x1920.jpg 768w, https:\/\/blogsaverroes.juntadeandalucia.es\/ellocodelamochila\/files\/2023\/08\/Proyecto-interdisciplinar-23-614x1536.jpg 614w, https:\/\/blogsaverroes.juntadeandalucia.es\/ellocodelamochila\/files\/2023\/08\/Proyecto-interdisciplinar-23.jpg 800w\" sizes=\"(max-width: 268px) 100vw, 268px\" \/><\/strong>Para la creaci\u00f3n de un proyecto interdisciplinar los departamentos did\u00e1cticos que deseen ofertarlo deben elaborar un documento que contenga, al menos, los siguientes <strong>elementos<\/strong>:<\/span><\/p>\n<p style=\"text-align: justify;padding-left: 40px\"><span style=\"font-family: terminal, monaco, monospace;font-size: 14pt\">-Denominaci\u00f3n y justificaci\u00f3n del proyecto, curso para el que se propone ofertar. Detalle de las competencias espec\u00edficas, criterios de evaluaci\u00f3n, saberes b\u00e1sicos y su vinculaci\u00f3n con el perfil competencial o de salida.<\/span><\/p>\n<p style=\"text-align: justify;padding-left: 40px\"><span style=\"font-family: terminal, monaco, monospace;font-size: 14pt\">-Justificaci\u00f3n de su inclusi\u00f3n en la oferta educativa del centro y breve descripci\u00f3n del proyecto.<\/span><\/p>\n<p style=\"text-align: justify;padding-left: 40px\"><span style=\"font-family: terminal, monaco, monospace;font-size: 14pt\">-Certificaci\u00f3n de la secretaria \/ o del centro relativa a la fecha de aprobaci\u00f3n de la propuesta por parte del claustro.<\/span><\/p>\n<p style=\"text-align: justify;padding-left: 40px\"><span style=\"font-family: terminal, monaco, monospace;font-size: 14pt\">-Profesorado que lo impartir\u00e1 y recursos de los que se dispone para ello.<\/span><\/p>\n<p style=\"text-align: justify;padding-left: 40px\"><span style=\"font-family: terminal, monaco, monospace;font-size: 14pt\">-Acreditaci\u00f3n de que la incorporaci\u00f3n del proyecto a la oferta educativa es sostenible y asumible con los recursos humanos y materiales de que dispone el centro y no implica aumento de plantilla.<\/span><\/p>\n<p style=\"text-align: justify\"><span style=\"font-family: terminal, monaco, monospace;font-size: 14pt\">Para facilitar el dise\u00f1o, pod\u00e9is descargar esta plantilla editable:<\/span><\/p>\n<p><a href=\"https:\/\/docs.google.com\/document\/d\/1FxgZawkBVnkLN-dFWaPHvlCnR8smpNtWBRoknpkVXek\/edit?usp=sharing\" target=\"_blank\" rel=\"noopener noreferrer\"><img loading=\"lazy\" decoding=\"async\" class=\"aligncenter wp-image-1223\" src=\"https:\/\/blogsaverroes.juntadeandalucia.es\/ellocodelamochila\/files\/2022\/07\/file-type-doc-word-document.427x512-250x300.png\" alt=\"\" width=\"157\" height=\"188\" srcset=\"https:\/\/blogsaverroes.juntadeandalucia.es\/ellocodelamochila\/files\/2022\/07\/file-type-doc-word-document.427x512-250x300.png 250w, https:\/\/blogsaverroes.juntadeandalucia.es\/ellocodelamochila\/files\/2022\/07\/file-type-doc-word-document.427x512.png 427w\" sizes=\"(max-width: 157px) 100vw, 157px\" \/><\/a><\/p>\n<p>&nbsp;<\/p>\n<p style=\"text-align: justify\"><strong><span style=\"font-family: terminal, monaco, monospace;font-size: 14pt\">SOLICITUD DE LOS PROYECTOS INTERDISCIPLINARES.<\/span><\/strong><\/p>\n<p style=\"text-align: justify\"><span style=\"font-family: terminal, monaco, monospace;font-size: 14pt\">Tras la elaboraci\u00f3n de este documento previo, comienza el <strong>proceso de solicitud<\/strong>. Este proceso empieza con la propuesta de un departamento did\u00e1ctico, que debe contar con el visto bueno del ETCP. A continuaci\u00f3n, es el claustro el \u00f3rgano que debate la propuesta y, en su caso, la aprueba (o no). En el caso de que se apruebe, la direcci\u00f3n del centro tiene que enviar la propuesta al Servicio de Inspecci\u00f3n de la Delegaci\u00f3n Territorial. Lo debe hacer entre el 1 y el 22 de junio del curso anterior a la implantaci\u00f3n del proyecto. P<\/span><span style=\"font-family: terminal, monaco, monospace;font-size: 14pt\">or \u00faltimo, el centro educativo debe incluir el curr\u00edculo y la programaci\u00f3n de este proyecto interdisciplinar en su proyecto educativo.<\/span><\/p>\n<p style=\"text-align: justify\"><span style=\"font-family: terminal, monaco, monospace;font-size: 14pt\">Podemos ver el proceso de aprobaci\u00f3n de los proyectos interdisciplinares gr\u00e1ficamente aqu\u00ed:<\/span><\/p>\n<p><img loading=\"lazy\" decoding=\"async\" class=\"aligncenter wp-image-1106\" src=\"https:\/\/blogsaverroes.juntadeandalucia.es\/ellocodelamochila\/files\/2022\/07\/Captura-de-Pantalla-2022-07-13-a-las-12.26.36-300x243.png\" alt=\"\" width=\"394\" height=\"319\" srcset=\"https:\/\/blogsaverroes.juntadeandalucia.es\/ellocodelamochila\/files\/2022\/07\/Captura-de-Pantalla-2022-07-13-a-las-12.26.36-300x243.png 300w, https:\/\/blogsaverroes.juntadeandalucia.es\/ellocodelamochila\/files\/2022\/07\/Captura-de-Pantalla-2022-07-13-a-las-12.26.36-1024x829.png 1024w, https:\/\/blogsaverroes.juntadeandalucia.es\/ellocodelamochila\/files\/2022\/07\/Captura-de-Pantalla-2022-07-13-a-las-12.26.36-768x622.png 768w, https:\/\/blogsaverroes.juntadeandalucia.es\/ellocodelamochila\/files\/2022\/07\/Captura-de-Pantalla-2022-07-13-a-las-12.26.36.png 1182w\" sizes=\"(max-width: 394px) 100vw, 394px\" \/><\/p>\n<p style=\"text-align: justify\">&nbsp;<\/p>\n<p style=\"text-align: justify\"><strong><span style=\"font-family: terminal, monaco, monospace;font-size: 14pt\">ALGUNAS IDEAS DE PROYECTOS INTERDISCIPLINARES.<\/span><\/strong><\/p>\n<p style=\"text-align: justify\"><span style=\"font-family: terminal, monaco, monospace;font-size: 14pt\">Hace un tiempo cre\u00e9 un <a href=\"https:\/\/twitter.com\/lopezesparrell\/status\/1546415057130643456?s=21&amp;t=BT98dXRWnQsD6YnNr2xEHg\" target=\"_blank\" rel=\"noopener noreferrer\">hilo en Twitter<\/a>&nbsp;solicitando algunas ideas. Entre las que compartimos est\u00e1n las siguientes:<\/span><\/p>\n<p style=\"text-align: justify;padding-left: 40px\"><span style=\"font-family: terminal, monaco, monospace;font-size: 14pt\">-\u201cTaller de comunicaci\u00f3n audiovisual\u201d: proyecto al alim\u00f3n de los departamentos de Lengua, Ingl\u00e9s y Franc\u00e9s. En \u00e9l se trabajar\u00eda, por ejemplo, la creaci\u00f3n de podcasts, v\u00eddeos, blogs, etc. sobre tem\u00e1tica variada, contextualiz\u00e1ndola a nuestro entorno. Por supuesto, 100% ABP.<\/span><\/p>\n<p style=\"text-align: justify;padding-left: 40px\"><span style=\"font-family: terminal, monaco, monospace;font-size: 14pt\">-\u201cTaller de lectura activa\u201d: proyecto en el que se integrar\u00edan multitud de departamentos (de \u00e1reas ling\u00fc\u00edsticas y no) que girar\u00eda en torno a la lectura de libros en diferentes idiomas y la creaci\u00f3n de productos vinculados a ellos (booktr\u00e1ilers, cronoficciones, guiones, etc.)<\/span><\/p>\n<p style=\"text-align: justify;padding-left: 40px\"><span style=\"font-family: terminal, monaco, monospace;font-size: 14pt\">-\u201cTaller de periodismo\u201d: proyecto relacionado con la creaci\u00f3n de un peri\u00f3dico digital con la actualidad del centro. Integrar\u00eda a los departamentos de idiomas, historia e inform\u00e1tica y estar\u00eda centrado en la creaci\u00f3n de contenido para un peri\u00f3dico de centro.<\/span><\/p>\n<p style=\"text-align: justify;padding-left: 40px\"><span style=\"font-family: terminal, monaco, monospace;font-size: 14pt\">-\u201cTaller de teatro\u201d: el proyecto girar\u00eda en torno a la lectura dramatizada y la puesta en escena de obras de teatro. Implicar\u00eda el trabajo de los departamentos de \u00e1mbito ling\u00fc\u00edstico.<\/span><\/p>\n<p style=\"text-align: justify\"><strong><span style=\"font-family: terminal, monaco, monospace;font-size: 14pt\">FUENTE.<\/span><\/strong><\/p>\n<p style=\"text-align: justify;padding-left: 40px\"><span style=\"font-family: terminal, monaco, monospace;font-size: 14pt\">&#8211;<i><a href=\"https:\/\/drive.google.com\/file\/d\/1IxLLy9BQB3x19M43MzB7cw6A1UXu6VOU\/view?usp=share_link\" target=\"_blank\" rel=\"noopener noreferrer\">Orden de 30 de mayo de 2023, por la que se desarrolla el curr\u00edculo correspondiente a la etapa de Educaci\u00f3n Secundaria Obligatoria en la Comunidad Aut\u00f3noma de Andaluc\u00eda [&#8230;]<\/a>.<\/i><\/span><\/p>\n<p style=\"text-align: justify\"><strong><span style=\"font-family: terminal, monaco, monospace;font-size: 14pt\">M\u00c1S INFORMACI\u00d3N SOBRE LOS PROYECTOS INTERDISCIPLINARES.<\/span><\/strong><\/p>\n<p style=\"text-align: justify\"><span style=\"font-family: terminal, monaco, monospace;font-size: 14pt\">Si deseas m\u00e1s informaci\u00f3n, puedes leer <a href=\"https:\/\/www.revistacepcadiz.com\/los-proyectos-interdisciplinares-una-oportunidad-para-el-trabajo-por-competencias\/\" target=\"_blank\" rel=\"noopener\">ESTE ART\u00cdCULO<\/a> sobre el tema.<\/span><\/p>\n<!--themify_builder_content-->\n<div id=\"themify_builder_content-1089\" data-postid=\"1089\" class=\"themify_builder_content themify_builder_content-1089 themify_builder tf_clear\">\n                    <div  data-lazy=\"1\" class=\"module_row themify_builder_row tb_dad5554 tb_first tf_w\">\n                        <div class=\"row_inner col_align_top tb_col_count_1 tf_box tf_rel\">\n                        <div  data-lazy=\"1\" class=\"module_column tb-column col-full tb_uezr554 first\">\n                            <div  data-lazy=\"1\" class=\"module_subrow themify_builder_sub_row tf_w col_align_top tb_col_count_2 tb_m9xs709\">\n                <div  data-lazy=\"1\" class=\"module_column sub_column tb_d371709 first\">\n                            <\/div>\n                    <div  data-lazy=\"1\" class=\"module_column sub_column tb_t3lc710 last\">\n                    <!-- module social share -->\n<div  class=\"module module-social-share tb_evix130  tb_ss_size_large tb_ss_shape_rounded\" data-lazy=\"1\" data-title=\"\" data-url=\"\">\n        <div class=\"module-social-share-wrapper\">\n                                            <div class=\"ss_anchor_wrap tf_inline_b\">\n                        <a href=\"#\" data-type=\"facebook\">\n                            <em class=\"tb_social_share_icon\"><svg  aria-label=\"Facebook\" class=\"tf_fa tf-ti-facebook\" role=\"img\"><use href=\"#tf-ti-facebook\"><\/use><\/svg><\/em>\n                                                    <\/a>\n                    <\/div>\n                                    <div class=\"ss_anchor_wrap tf_inline_b\">\n                        <a href=\"#\" data-type=\"twitter\">\n                            <em class=\"tb_social_share_icon\"><svg  aria-label=\"Twitter\" class=\"tf_fa tf-fab-x-twitter\" role=\"img\"><use href=\"#tf-fab-x-twitter\"><\/use><\/svg><\/em>\n                                                    <\/a>\n                    <\/div>\n                                    <div class=\"ss_anchor_wrap tf_inline_b\">\n                        <a href=\"#\" data-type=\"email\">\n                            <em class=\"tb_social_share_icon\"><svg  aria-label=\"Email\" class=\"tf_fa tf-ti-email\" role=\"img\"><use href=\"#tf-ti-email\"><\/use><\/svg><\/em>\n                                                    <\/a>\n                    <\/div>\n                            <\/div>\n<\/div>\n<!-- \/module social share -->\n        <\/div>\n                    <\/div>\n                <\/div>\n                        <\/div>\n        <\/div>\n        <\/div>\n<!--\/themify_builder_content-->","protected":false},"excerpt":{"rendered":"<p>FILOSOF\u00cdA DE LOS PROYECTOS INTERDISCIPLINARES. Una de las novedades que trae el desarrollo curricular de la LOMLOE es la posibilidad que tienen los centros educativos de crear \u201cproyectos interdisciplinares\u201d para incluirlos entre su oferta de asignaturas optativas. Estos proyectos interdisciplinares vienen a sustituir a las anteriores materias de dise\u00f1o propio que se ofrec\u00edan en el [&hellip;]<\/p>\n","protected":false},"author":4178,"featured_media":0,"parent":1740,"menu_order":3,"comment_status":"open","ping_status":"closed","template":"","meta":{"footnotes":""},"aioseo_notices":[],"_links":{"self":[{"href":"https:\/\/blogsaverroes.juntadeandalucia.es\/ellocodelamochila\/wp-json\/wp\/v2\/pages\/1089"}],"collection":[{"href":"https:\/\/blogsaverroes.juntadeandalucia.es\/ellocodelamochila\/wp-json\/wp\/v2\/pages"}],"about":[{"href":"https:\/\/blogsaverroes.juntadeandalucia.es\/ellocodelamochila\/wp-json\/wp\/v2\/types\/page"}],"author":[{"embeddable":true,"href":"https:\/\/blogsaverroes.juntadeandalucia.es\/ellocodelamochila\/wp-json\/wp\/v2\/users\/4178"}],"replies":[{"embeddable":true,"href":"https:\/\/blogsaverroes.juntadeandalucia.es\/ellocodelamochila\/wp-json\/wp\/v2\/comments?post=1089"}],"version-history":[{"count":31,"href":"https:\/\/blogsaverroes.juntadeandalucia.es\/ellocodelamochila\/wp-json\/wp\/v2\/pages\/1089\/revisions"}],"predecessor-version":[{"id":3255,"href":"https:\/\/blogsaverroes.juntadeandalucia.es\/ellocodelamochila\/wp-json\/wp\/v2\/pages\/1089\/revisions\/3255"}],"up":[{"embeddable":true,"href":"https:\/\/blogsaverroes.juntadeandalucia.es\/ellocodelamochila\/wp-json\/wp\/v2\/pages\/1740"}],"wp:attachment":[{"href":"https:\/\/blogsaverroes.juntadeandalucia.es\/ellocodelamochila\/wp-json\/wp\/v2\/media?parent=1089"}],"curies":[{"name":"wp","href":"https:\/\/api.w.org\/{rel}","templated":true}]}}