{"id":1145,"date":"2022-08-30T11:21:50","date_gmt":"2022-08-30T09:21:50","guid":{"rendered":"https:\/\/blogsaverroes.juntadeandalucia.es\/ellocodelamochila\/?page_id=1145"},"modified":"2025-04-18T16:48:35","modified_gmt":"2025-04-18T14:48:35","slug":"situaciones-de-aprendizaje","status":"publish","type":"page","link":"https:\/\/blogsaverroes.juntadeandalucia.es\/ellocodelamochila\/situaciones-de-aprendizaje-lomloe\/situaciones-de-aprendizaje\/","title":{"rendered":"APROXIMACI\u00d3N A LAS SITUACIONES DE APRENDIZAJE"},"content":{"rendered":"<p style=\"text-align: justify\"><strong><span style=\"font-family: terminal, monaco, monospace;font-size: 14pt\"><img loading=\"lazy\" decoding=\"async\" class=\" wp-image-2469 alignright\" src=\"https:\/\/blogsaverroes.juntadeandalucia.es\/ellocodelamochila\/files\/2023\/08\/Aproximaci\u00f3n-a-las-SA-300x300.jpg\" alt=\"\" width=\"452\" height=\"452\" srcset=\"https:\/\/blogsaverroes.juntadeandalucia.es\/ellocodelamochila\/files\/2023\/08\/Aproximaci\u00f3n-a-las-SA-300x300.jpg 300w, https:\/\/blogsaverroes.juntadeandalucia.es\/ellocodelamochila\/files\/2023\/08\/Aproximaci\u00f3n-a-las-SA-1024x1024.jpg 1024w, https:\/\/blogsaverroes.juntadeandalucia.es\/ellocodelamochila\/files\/2023\/08\/Aproximaci\u00f3n-a-las-SA-150x150.jpg 150w, https:\/\/blogsaverroes.juntadeandalucia.es\/ellocodelamochila\/files\/2023\/08\/Aproximaci\u00f3n-a-las-SA-768x768.jpg 768w, https:\/\/blogsaverroes.juntadeandalucia.es\/ellocodelamochila\/files\/2023\/08\/Aproximaci\u00f3n-a-las-SA.jpg 1080w\" sizes=\"(max-width: 452px) 100vw, 452px\" \/>ORIGEN.<\/span><\/strong><\/p>\n<p style=\"text-align: justify\"><span style=\"font-family: terminal, monaco, monospace;font-size: 14pt\">El concepto \u201csituaci\u00f3n de aprendizaje\u201d no es algo totalmente nuevo. Sus or\u00edgenes se remontan al siglo pasado y se pueden relacionar con la teor\u00eda de las situaciones did\u00e1cticas de Brousseau (a\u00f1os 70) y con el aprendizaje situado.<\/span><\/p>\n<p style=\"text-align: justify\"><span style=\"font-family: terminal, monaco, monospace;font-size: 14pt\">La <a href=\"http:\/\/www.udesantiagovirtual.cl\/moodle2\/pluginfile.php?file=%2F204043%2Fmod_resource%2Fcontent%2F2%2F287885313-Guy-Brousseau-Iniciacion-al-estudio-de-la-teoria-de-las-situaciones-didacticas-pdf.pdf\" target=\"_blank\" rel=\"noopener noreferrer\">teor\u00eda de las situaciones did\u00e1cticas de Brousseau<\/a> estaba enfocada al aprendizaje de matem\u00e1ticas. En concreto, superaba la visi\u00f3n cognitiva dominante en la \u00e9poca (en la que el docente era el gran transmisor del conocimiento) y defend\u00eda que el alumno debe buscar las soluciones por cuenta propia, comunic\u00e1ndose y colaborando con sus compa\u00f1eros y reflexionando sobre el camino seguido. As\u00ed, Brousseau define el concepto de \u201csituaci\u00f3n did\u00e1ctica\u201d como aquella que ha sido especialmente construida por el docente para ayudar a su alumnado a adquirir un conocimiento determinado. Se trata de una serie de actividades secuenciadas en las que se presenta un problema que se debe solucionar.<\/span><\/p>\n<p style=\"text-align: justify\"><span style=\"font-family: terminal, monaco, monospace;font-size: 14pt\">En cuanto al <a href=\"https:\/\/docentesaldia.com\/2021\/05\/30\/aprendizaje-situado-que-es-y-como-implementarlo\/\" target=\"_blank\" rel=\"noopener noreferrer\">aprendizaje situado<\/a>, este defiende que los aprendizajes que se trabajen en el aula deben articularse con el entorno cultural local del alumnado -en lugar de presentarse como algo ajeno a su realidad o a su inter\u00e9s- para que puedan encontrarle un sentido y una utilidad a dichos aprendizajes. Se basa en la teor\u00eda sociocultural de Vygotsky, que se\u00f1ala que las interacciones del aprendiz con el contexto tienen un papel fundamental en el aprendizaje.<\/span><\/p>\n<p style=\"text-align: justify\"><span style=\"font-family: terminal, monaco, monospace;font-size: 14pt\">Adem\u00e1s, las situaciones de aprendizaje tienen una fuerte vinculaci\u00f3n con el ABP, pues este organiza todos sus elementos en torno a un producto final o a una gran pregunta. Por tanto, su estructura organizativa es bastante similar.<\/span><\/p>\n<p style=\"text-align: justify\"><span style=\"font-family: terminal, monaco, monospace;font-size: 14pt\">En nuestra legislaci\u00f3n educativa, el concepto no aparece expl\u00edcitamente ni en la LOE ni en la LOMCE, pero s\u00ed en el <a href=\"https:\/\/www.boe.es\/boe\/dias\/2015\/01\/03\/pdfs\/BOE-A-2015-37.pdf\" target=\"_blank\" rel=\"noopener noreferrer\"><em>Real Decreto 1105<\/em><\/a>, en el que se desarrollaba el curr\u00edculo b\u00e1sico de ESO y Bachillerato. En su pre\u00e1mbulo se dice: \u201c<em>el docente [\u2026] debe ser capaz de dise\u00f1ar tareas o situaciones de aprendizaje que posibiliten la resoluci\u00f3n de problemas, la aplicaci\u00f3n de los conocimientos aprendidos y la promoci\u00f3n de la actividad de los estudiantes<\/em>\u201d. Sin embargo, el t\u00e9rmino no vuelve a aparecer en el articulado posterior.<\/span><\/p>\n<p style=\"text-align: justify\"><strong><span style=\"font-family: terminal, monaco, monospace;font-size: 14pt\">\u00bfSON LAS SITUACIONES DE APRENDIZAJE LAS NUEVAS UNIDADES DID\u00c1CTICAS?<\/span><\/strong><\/p>\n<p style=\"text-align: justify\"><span style=\"font-family: terminal, monaco, monospace;font-size: 14pt\">Si leemos la definici\u00f3n de situaci\u00f3n de aprendizaje no podemos evitar que esta nos recuerde a lo que conocemos como unidad did\u00e1ctica. Pero, \u00bfambos conceptos son equivalentes?<\/span><\/p>\n<p style=\"text-align: justify\"><span style=\"font-family: terminal, monaco, monospace;font-size: 14pt\">El concepto de unidad did\u00e1ctica tiene una larga tradici\u00f3n en nuestra historia. Por ejemplo, el MEC (1992) lo defini\u00f3 como una \u201c<em>unidad de programaci\u00f3n y actuaci\u00f3n docente configurada por un conjunto de actividades que se desarrollan en un tiempo determinado para la consecuci\u00f3n de unos objetivos did\u00e1cticos<\/em>\u201d. Pero con la llegada de las competencias se hizo necesario modificar esta concepci\u00f3n, introduciendo el car\u00e1cter integrador de conocimientos y habilidades as\u00ed como su concepci\u00f3n contextualizada. <\/span><\/p>\n<p style=\"text-align: justify\"><span style=\"font-family: terminal, monaco, monospace;font-size: 14pt\">Las situaciones de aprendizaje y las unidades did\u00e1cticas tienen muchas cosas en com\u00fan, pero no son exactamente lo mismo. En primer lugar, ambas son unidades organizativas y permiten al docente planificar, estructurar y guiar su trabajo en el aula, teniendo en cuenta tanto el curr\u00edculo como el contexto y las caracter\u00edsticas de su alumnado. Este es el principal rasgo que comparten.<\/span><\/p>\n<p style=\"text-align: justify\"><span style=\"font-family: terminal, monaco, monospace;font-size: 14pt\">Sin embargo, la principal diferencia se encuentra en su enfoque y en la forma de estructurarse. Mientras que las unidades did\u00e1cticas se articulan sobre todo en torno a un contenido determinado,<\/span><span style=\"font-family: terminal, monaco, monospace;font-size: 14pt\"> las situaciones de aprendizaje lo hacen en torno a un producto, reto o tarea que se pretende que el alumnado construya para desarrollar as\u00ed una serie de competencias espec\u00edficas y, a partir de ah\u00ed, se organiza todo el entramado curricular.<\/span><\/p>\n<p style=\"text-align: justify\"><span style=\"font-family: terminal, monaco, monospace;font-size: 14pt\">Adem\u00e1s, aunque si bien es cierto que en ambos conceptos tienen cabida las metodolog\u00edas activas y el trabajo competencial por parte del alumnado, las situaciones de aprendizaje est\u00e1n especialmente pensadas para darle este tipo de enfoque.<\/span><\/p>\n<p style=\"text-align: justify\"><strong><span style=\"font-family: terminal, monaco, monospace;font-size: 14pt\">INTRODUCCI\u00d3N A LAS SITUACIONES DE APRENDIZAJE.<\/span><\/strong><\/p>\n<p style=\"text-align: justify\"><span style=\"font-family: terminal, monaco, monospace;font-size: 14pt\">En la legislaci\u00f3n LOMLOE vigente en Andaluc\u00eda las situaciones de aprendizaje vienen explicadas en el anexo VII de la <a href=\"https:\/\/drive.google.com\/file\/d\/1IxLLy9BQB3x19M43MzB7cw6A1UXu6VOU\/view?usp=share_link\" target=\"_blank\" rel=\"noopener noreferrer\"><em>Orden de 30 de mayo de 2023<\/em><\/a>.<\/span><span style=\"font-family: terminal, monaco, monospace;font-size: 14pt\">&nbsp;Aqu\u00ed se las define como \u201cuna herramienta eficaz para integrar los elementos curriculares de las distintas materias mediante tareas y actividades significativas y relevantes para resolver problemas de manera creativa y cooperativa, reforzando la autoestima, la autonom\u00eda, la reflexi\u00f3n y la responsabilidad\u201d. Adem\u00e1s, se dice que las situaciones de aprendizaje deben partir de experiencias previas, estar contextualizadas y respetar el desarrollo integral del alumnado en todas sus dimensiones, teniendo en cuenta sus potencialidades, intereses y necesidades.<\/span><\/p>\n<p style=\"text-align: justify\"><span style=\"font-family: terminal, monaco, monospace;font-size: 14pt\">Toda situaci\u00f3n de aprendizaje debe favorecer que el alumnado transfiera los aprendizajes adquiridos a la resoluci\u00f3n de un problema de su vida cotidiana. Tambi\u00e9n debe favorecer el desarrollo progresivo de un enfoque cr\u00edtico y reflexivo y debe tratar aspectos relacionados con el inter\u00e9s com\u00fan, la sostenibilidad, el respeto a la diferencia, la convivencia, etc.<\/span><\/p>\n<p style=\"text-align: justify\"><strong><span style=\"font-family: terminal, monaco, monospace;font-size: 14pt\">DISE\u00d1O DE SITUACIONES DE APRENDIZAJE: ELEMENTOS Y ESQUEMA DE DESARROLLO.<\/span><\/strong><\/p>\n<p style=\"text-align: justify\"><span style=\"font-family: terminal, monaco, monospace;font-size: 14pt\"><strong><img loading=\"lazy\" decoding=\"async\" class=\"wp-image-2245 alignright\" src=\"https:\/\/blogsaverroes.juntadeandalucia.es\/ellocodelamochila\/files\/2023\/08\/Situaciones-aprendizaje-23-120x300.jpg\" alt=\"\" width=\"473\" height=\"1183\" srcset=\"https:\/\/blogsaverroes.juntadeandalucia.es\/ellocodelamochila\/files\/2023\/08\/Situaciones-aprendizaje-23-120x300.jpg 120w, https:\/\/blogsaverroes.juntadeandalucia.es\/ellocodelamochila\/files\/2023\/08\/Situaciones-aprendizaje-23-410x1024.jpg 410w, https:\/\/blogsaverroes.juntadeandalucia.es\/ellocodelamochila\/files\/2023\/08\/Situaciones-aprendizaje-23-768x1920.jpg 768w, https:\/\/blogsaverroes.juntadeandalucia.es\/ellocodelamochila\/files\/2023\/08\/Situaciones-aprendizaje-23-614x1536.jpg 614w, https:\/\/blogsaverroes.juntadeandalucia.es\/ellocodelamochila\/files\/2023\/08\/Situaciones-aprendizaje-23.jpg 800w\" sizes=\"(max-width: 473px) 100vw, 473px\" \/><\/strong>Seg\u00fan se establece en el anexo VII de la citada <em>Orden<\/em>, para el dise\u00f1o de una situaci\u00f3n de aprendizaje se debe plantear un reto o problema de cierta complejidad (en funci\u00f3n de la edad y el desarrollo del alumnado), cuya resoluci\u00f3n creativa implique la movilizaci\u00f3n de manera integrada de los conocimientos b\u00e1sicos a partir de la realizaci\u00f3n de distintas tareas y actividades. Estos retos deben estar bien contextualizados y basados en experiencias significativas, en escenarios concretos y en los que la interacci\u00f3n con los dem\u00e1s sea algo esencial.<\/span><\/p>\n<p style=\"text-align: justify\"><span style=\"font-family: terminal, monaco, monospace;font-size: 14pt\">Adem\u00e1s, en la <em>Orden<\/em> se propone un guion \u00aba modo de ejemplo\u00bb que los docentes podemos seguir para el dise\u00f1o de nuestras propias situaciones de aprendizajes. Este guion consta de los siguientes puntos:<\/span><\/p>\n<p style=\"padding-left: 40px\"><span style=\"font-family: terminal, monaco, monospace;font-size: 14pt\">1. <span style=\"text-decoration: underline\">Localizaci\u00f3n de un centro de inter\u00e9s<\/span>.<\/span><\/p>\n<p style=\"text-align: justify;padding-left: 40px\"><span style=\"font-family: terminal, monaco, monospace;font-size: 14pt\">Buscar una situaci\u00f3n o tem\u00e1tica que para el alumnado se considere importante en su quehacer diario y resulte motivadora en s\u00ed misma.<\/span><\/p>\n<p style=\"text-align: justify;padding-left: 40px\"><span style=\"font-family: terminal, monaco, monospace;font-size: 14pt\">2. <span style=\"text-decoration: underline\">Justificaci\u00f3n de la propuesta<\/span>.<\/span><\/p>\n<p style=\"text-align: justify;padding-left: 40px\"><span style=\"font-family: terminal, monaco, monospace;font-size: 14pt\">Se trata de explicar los motivos que nos han llevado a dise\u00f1ar la situaci\u00f3n de aprendizaje concreta, apoy\u00e1ndonos en los objetivos de etapa y en los principios generales y pedag\u00f3gicos.<\/span><\/p>\n<p style=\"padding-left: 40px\"><span style=\"font-family: terminal, monaco, monospace;font-size: 14pt\">3. <span style=\"text-decoration: underline\">Descripci\u00f3n del producto final, reto o tarea que se pretende desarrollar<\/span>.<\/span><\/p>\n<p style=\"text-align: justify;padding-left: 40px\"><span style=\"font-family: terminal, monaco, monospace;font-size: 14pt\">Aqu\u00ed debemos explicar lo que pretendemos realizar en nuestra situaci\u00f3n de aprendizaje, detallando el contexto, los medios, las herramientas necesarias, etc.<\/span><\/p>\n<p style=\"padding-left: 40px\"><span style=\"font-family: terminal, monaco, monospace;font-size: 14pt\">4. <span style=\"text-decoration: underline\">Concreci\u00f3n curricular<\/span>.<\/span><\/p>\n<p style=\"text-align: justify;padding-left: 40px\"><span style=\"font-family: terminal, monaco, monospace;font-size: 14pt\">En este apartado deberemos relacionar la situaci\u00f3n de aprendizaje que nos encontramos dise\u00f1ando con los distintos elementos del curr\u00edculo: las competencias espec\u00edficas, los criterios de evaluaci\u00f3n, los saberes b\u00e1sicos, etc.<\/span><\/p>\n<p style=\"padding-left: 40px\"><span style=\"font-family: terminal, monaco, monospace;font-size: 14pt\">5. <span style=\"text-decoration: underline\">Secuenciaci\u00f3n did\u00e1ctica<\/span>.<\/span><\/p>\n<p style=\"text-align: justify;padding-left: 40px\"><span style=\"font-family: terminal, monaco, monospace;font-size: 14pt\">En la secuenciaci\u00f3n did\u00e1ctica debemos indicar las tareas y actividades que vamos a plantear para nuestra situaci\u00f3n de aprendizaje, incluyendo los escenarios, los recursos, los agrupamientos y tambi\u00e9n los procesos cognitivos necesarios.<\/span><\/p>\n<p style=\"padding-left: 40px\"><span style=\"text-decoration: underline\"><span style=\"font-family: terminal, monaco, monospace;font-size: 14pt\">6. Principios y pautas DUA tenidos en cuenta en el dise\u00f1o de la secuenciaci\u00f3n did\u00e1ctica.<\/span><\/span><\/p>\n<p style=\"padding-left: 40px\"><span style=\"font-family: terminal, monaco, monospace;font-size: 14pt\"><span style=\"text-decoration: underline\">7. Medidas de atenci\u00f3n a la diversidad y a las diferencias individuales<\/span>.<\/span><\/p>\n<p style=\"text-align: justify;padding-left: 40px\"><span style=\"font-family: terminal, monaco, monospace;font-size: 14pt\">Se incluir\u00e1n las medidas, tanto generales como espec\u00edficas, que se piensan aplicar para favorecer la inclusi\u00f3n y la aplicaci\u00f3n de los principios del DUA.<\/span><\/p>\n<p style=\"padding-left: 40px\"><span style=\"font-family: terminal, monaco, monospace;font-size: 14pt\">8. <span style=\"text-decoration: underline\">Evaluaci\u00f3n del proceso de aprendizaje<\/span>.<\/span><\/p>\n<p style=\"text-align: justify;padding-left: 40px\"><span style=\"font-family: terminal, monaco, monospace;font-size: 14pt\">Para la evaluaci\u00f3n se deber\u00e1n incluir los criterios de evaluaci\u00f3n concretos de las diferentes materias, vinculados con las competencias espec\u00edficas que se van a trabajar en la situaci\u00f3n de aprendizaje. Tambi\u00e9n se deben proponer instrumentos de evaluaci\u00f3n y las r\u00fabricas para su evaluaci\u00f3n.&nbsp;<\/span><\/p>\n<p style=\"text-align: justify;padding-left: 40px\"><span style=\"font-family: terminal, monaco, monospace;font-size: 14pt\"><span style=\"text-decoration: underline\">9. Evaluaci\u00f3n del proceso de ense\u00f1anza.<\/span> <\/span><\/p>\n<p style=\"text-align: justify;padding-left: 40px\"><span style=\"font-family: terminal, monaco, monospace;font-size: 14pt\">Se debe dejar constancia de c\u00f3mo se va a realizar la evaluaci\u00f3n de la pr\u00e1ctica docente.<\/span><\/p>\n<p>&nbsp;<\/p>\n<p style=\"text-align: justify\"><span style=\"font-family: terminal, monaco, monospace;font-size: 14pt\">Para facilitar la creaci\u00f3n y dise\u00f1o de situaciones de aprendizaje propias, pod\u00e9is descargar esta plantilla basada en las indicaciones del anexo VII.<\/span><\/p>\n<p><a href=\"https:\/\/docs.google.com\/document\/d\/1CwdTrVTZnaLw6wxbndXPG6rf_vR_1wk2\/edit?usp=sharing&amp;ouid=111784126728013906866&amp;rtpof=true&amp;sd=true\" target=\"_blank\" rel=\"noopener noreferrer\"><img loading=\"lazy\" decoding=\"async\" class=\"aligncenter wp-image-1223\" src=\"https:\/\/blogsaverroes.juntadeandalucia.es\/ellocodelamochila\/files\/2022\/07\/file-type-doc-word-document.427x512-250x300.png\" alt=\"\" width=\"148\" height=\"178\" srcset=\"https:\/\/blogsaverroes.juntadeandalucia.es\/ellocodelamochila\/files\/2022\/07\/file-type-doc-word-document.427x512-250x300.png 250w, https:\/\/blogsaverroes.juntadeandalucia.es\/ellocodelamochila\/files\/2022\/07\/file-type-doc-word-document.427x512.png 427w\" sizes=\"(max-width: 148px) 100vw, 148px\" \/><\/a><\/p>\n<p style=\"padding-left: 240px\">&nbsp;<\/p>\n<p style=\"text-align: justify\"><strong><span style=\"font-family: terminal, monaco, monospace;font-size: 14pt\">EJEMPLOS PR\u00c1CTICOS DE SITUACIONES DE APRENDIZAJE.<\/span><\/strong><\/p>\n<p style=\"text-align: justify\"><span style=\"font-family: terminal, monaco, monospace;font-size: 14pt\">Por \u00faltimo, para tener bien claro qu\u00e9 son las situaciones de aprendizaje nos faltar\u00eda echarle un vistazo a algunos ejemplos concretos. A continuaci\u00f3n, dejo algunos enlaces que nos pueden servir como referencia para el dise\u00f1o de las nuestras propias, si bien es cierto que hay que tener en cuenta que debemos personalizarlas, contextualizarlas y adaptarlas a nuestras referencias legislativas (algunas est\u00e1n basadas en la LOMCE o en el curr\u00edculo de otras comunidades):<\/span><\/p>\n<table style=\"border-collapse: collapse;width: 100%;height: 355px\">\n<tbody>\n<tr style=\"height: 261px\">\n<td style=\"width: 50%;height: 261px\">&nbsp;<\/p>\n<p style=\"text-align: center\"><span style=\"font-size: 14pt\"><strong><a href=\"https:\/\/www.juntadeandalucia.es\/educacion\/portals\/web\/transformacion-digital-educativa\/rea\" target=\"_blank\" rel=\"noopener noreferrer\"><img loading=\"lazy\" decoding=\"async\" class=\"aligncenter wp-image-1148\" src=\"https:\/\/blogsaverroes.juntadeandalucia.es\/ellocodelamochila\/files\/2022\/07\/web-3.1024x1006-150x150.png\" alt=\"\" width=\"100\" height=\"98\" srcset=\"https:\/\/blogsaverroes.juntadeandalucia.es\/ellocodelamochila\/files\/2022\/07\/web-3.1024x1006-300x295.png 300w, https:\/\/blogsaverroes.juntadeandalucia.es\/ellocodelamochila\/files\/2022\/07\/web-3.1024x1006-768x755.png 768w, https:\/\/blogsaverroes.juntadeandalucia.es\/ellocodelamochila\/files\/2022\/07\/web-3.1024x1006.png 1024w\" sizes=\"(max-width: 100px) 100vw, 100px\" \/><\/a><\/strong><\/span><\/p>\n<p style=\"text-align: center\"><span style=\"font-size: 14pt\"><strong>Proyecto REA DUA de la Junta de Andaluc\u00eda<\/strong><\/span><\/p>\n<\/td>\n<td style=\"width: 50%;height: 261px\">&nbsp;<\/p>\n<p style=\"text-align: center\"><span style=\"font-size: 14pt\"><strong><a href=\"https:\/\/intef.es\/recursos-educativos\/situaciones-aprendizaje\/\" target=\"_blank\" rel=\"noopener noreferrer\"><img loading=\"lazy\" decoding=\"async\" class=\"aligncenter wp-image-1148\" src=\"https:\/\/blogsaverroes.juntadeandalucia.es\/ellocodelamochila\/files\/2022\/07\/web-3.1024x1006-150x150.png\" alt=\"\" width=\"100\" height=\"98\" srcset=\"https:\/\/blogsaverroes.juntadeandalucia.es\/ellocodelamochila\/files\/2022\/07\/web-3.1024x1006-300x295.png 300w, https:\/\/blogsaverroes.juntadeandalucia.es\/ellocodelamochila\/files\/2022\/07\/web-3.1024x1006-768x755.png 768w, https:\/\/blogsaverroes.juntadeandalucia.es\/ellocodelamochila\/files\/2022\/07\/web-3.1024x1006.png 1024w\" sizes=\"(max-width: 100px) 100vw, 100px\" \/><\/a>Situaciones de aprendizaje del INTEF<\/strong><\/span><\/p>\n<\/td>\n<\/tr>\n<tr style=\"height: 94px\">\n<td style=\"width: 50%;height: 94px\"><a href=\"https:\/\/www.lamochiladelarcoiris.com\/category\/secundaria\/\" target=\"_blank\" rel=\"noopener noreferrer\"><img loading=\"lazy\" decoding=\"async\" class=\"aligncenter wp-image-1148\" src=\"https:\/\/blogsaverroes.juntadeandalucia.es\/ellocodelamochila\/files\/2022\/07\/web-3.1024x1006-150x150.png\" alt=\"\" width=\"100\" height=\"98\" srcset=\"https:\/\/blogsaverroes.juntadeandalucia.es\/ellocodelamochila\/files\/2022\/07\/web-3.1024x1006-300x295.png 300w, https:\/\/blogsaverroes.juntadeandalucia.es\/ellocodelamochila\/files\/2022\/07\/web-3.1024x1006-768x755.png 768w, https:\/\/blogsaverroes.juntadeandalucia.es\/ellocodelamochila\/files\/2022\/07\/web-3.1024x1006.png 1024w\" sizes=\"(max-width: 100px) 100vw, 100px\" \/><\/a><\/p>\n<p style=\"text-align: center\"><span style=\"font-size: 14pt\"><strong>Situaciones de aprendizaje de Infantil, Primaria y ESO<\/strong><\/span><\/p>\n<\/td>\n<td style=\"width: 50%;height: 94px\"><a href=\"https:\/\/www3.gobiernodecanarias.org\/medusa\/ecoescuela\/sa\/category\/0-0-000-lomce\/0-3-000-eso\/\" target=\"_blank\" rel=\"noopener noreferrer\"><img loading=\"lazy\" decoding=\"async\" class=\"aligncenter wp-image-1148\" src=\"https:\/\/blogsaverroes.juntadeandalucia.es\/ellocodelamochila\/files\/2022\/07\/web-3.1024x1006-150x150.png\" alt=\"\" width=\"100\" height=\"98\" srcset=\"https:\/\/blogsaverroes.juntadeandalucia.es\/ellocodelamochila\/files\/2022\/07\/web-3.1024x1006-300x295.png 300w, https:\/\/blogsaverroes.juntadeandalucia.es\/ellocodelamochila\/files\/2022\/07\/web-3.1024x1006-768x755.png 768w, https:\/\/blogsaverroes.juntadeandalucia.es\/ellocodelamochila\/files\/2022\/07\/web-3.1024x1006.png 1024w\" sizes=\"(max-width: 100px) 100vw, 100px\" \/><\/a><\/p>\n<p style=\"text-align: center\"><span style=\"font-size: 14pt\"><strong>Web del Gobierno de Canarias<\/strong><\/span><\/p>\n<p style=\"text-align: center\"><span style=\"font-size: 14pt\"><strong>(basado en la normativa LOMCE)<\/strong><\/span><\/p>\n<\/td>\n<\/tr>\n<\/tbody>\n<\/table>\n<p style=\"text-align: justify;padding-left: 40px\">&nbsp;<\/p>\n<!--themify_builder_content-->\n<div id=\"themify_builder_content-1145\" data-postid=\"1145\" class=\"themify_builder_content themify_builder_content-1145 themify_builder tf_clear\">\n                    <div  data-lazy=\"1\" class=\"module_row themify_builder_row tb_1lcv36 tb_first tf_w\">\n                        <div class=\"row_inner col_align_top tb_col_count_1 tf_box tf_rel\">\n                        <div  data-lazy=\"1\" class=\"module_column tb-column col-full tb_4l7937 first\">\n                            <div  data-lazy=\"1\" class=\"module_subrow themify_builder_sub_row tf_w col_align_top tb_col_count_2 tb_r7l8264\">\n                <div  data-lazy=\"1\" class=\"module_column sub_column tb_afsu265 first\">\n                            <\/div>\n                    <div  data-lazy=\"1\" class=\"module_column sub_column tb_0ptg265 last\">\n                    <!-- module social share -->\n<div  class=\"module module-social-share tb_bgdf917  tb_ss_size_large tb_ss_shape_rounded\" data-lazy=\"1\" data-title=\"\" data-url=\"\">\n        <div class=\"module-social-share-wrapper\">\n                                            <div class=\"ss_anchor_wrap tf_inline_b\">\n                        <a href=\"#\" data-type=\"facebook\">\n                            <em class=\"tb_social_share_icon\"><svg  aria-label=\"Facebook\" class=\"tf_fa tf-ti-facebook\" role=\"img\"><use href=\"#tf-ti-facebook\"><\/use><\/svg><\/em>\n                                                    <\/a>\n                    <\/div>\n                                    <div class=\"ss_anchor_wrap tf_inline_b\">\n                        <a href=\"#\" data-type=\"twitter\">\n                            <em class=\"tb_social_share_icon\"><svg  aria-label=\"Twitter\" class=\"tf_fa tf-fab-x-twitter\" role=\"img\"><use href=\"#tf-fab-x-twitter\"><\/use><\/svg><\/em>\n                                                    <\/a>\n                    <\/div>\n                                    <div class=\"ss_anchor_wrap tf_inline_b\">\n                        <a href=\"#\" data-type=\"email\">\n                            <em class=\"tb_social_share_icon\"><svg  aria-label=\"Email\" class=\"tf_fa tf-ti-email\" role=\"img\"><use href=\"#tf-ti-email\"><\/use><\/svg><\/em>\n                                                    <\/a>\n                    <\/div>\n                            <\/div>\n<\/div>\n<!-- \/module social share -->\n        <\/div>\n                    <\/div>\n                <\/div>\n                        <\/div>\n        <\/div>\n        <\/div>\n<!--\/themify_builder_content-->","protected":false},"excerpt":{"rendered":"<p>ORIGEN. El concepto \u201csituaci\u00f3n de aprendizaje\u201d no es algo totalmente nuevo. Sus or\u00edgenes se remontan al siglo pasado y se pueden relacionar con la teor\u00eda de las situaciones did\u00e1cticas de Brousseau (a\u00f1os 70) y con el aprendizaje situado. La teor\u00eda de las situaciones did\u00e1cticas de Brousseau estaba enfocada al aprendizaje de matem\u00e1ticas. En concreto, superaba [&hellip;]<\/p>\n","protected":false},"author":4178,"featured_media":0,"parent":1742,"menu_order":2,"comment_status":"open","ping_status":"closed","template":"","meta":{"footnotes":""},"aioseo_notices":[],"_links":{"self":[{"href":"https:\/\/blogsaverroes.juntadeandalucia.es\/ellocodelamochila\/wp-json\/wp\/v2\/pages\/1145"}],"collection":[{"href":"https:\/\/blogsaverroes.juntadeandalucia.es\/ellocodelamochila\/wp-json\/wp\/v2\/pages"}],"about":[{"href":"https:\/\/blogsaverroes.juntadeandalucia.es\/ellocodelamochila\/wp-json\/wp\/v2\/types\/page"}],"author":[{"embeddable":true,"href":"https:\/\/blogsaverroes.juntadeandalucia.es\/ellocodelamochila\/wp-json\/wp\/v2\/users\/4178"}],"replies":[{"embeddable":true,"href":"https:\/\/blogsaverroes.juntadeandalucia.es\/ellocodelamochila\/wp-json\/wp\/v2\/comments?post=1145"}],"version-history":[{"count":45,"href":"https:\/\/blogsaverroes.juntadeandalucia.es\/ellocodelamochila\/wp-json\/wp\/v2\/pages\/1145\/revisions"}],"predecessor-version":[{"id":1514,"href":"https:\/\/blogsaverroes.juntadeandalucia.es\/ellocodelamochila\/wp-json\/wp\/v2\/pages\/1145\/revisions\/1514"}],"up":[{"embeddable":true,"href":"https:\/\/blogsaverroes.juntadeandalucia.es\/ellocodelamochila\/wp-json\/wp\/v2\/pages\/1742"}],"wp:attachment":[{"href":"https:\/\/blogsaverroes.juntadeandalucia.es\/ellocodelamochila\/wp-json\/wp\/v2\/media?parent=1145"}],"curies":[{"name":"wp","href":"https:\/\/api.w.org\/{rel}","templated":true}]}}