{"id":1680,"date":"2022-10-11T10:46:44","date_gmt":"2022-10-11T08:46:44","guid":{"rendered":"https:\/\/blogsaverroes.juntadeandalucia.es\/ellocodelamochila\/?page_id=1680"},"modified":"2023-08-21T15:47:12","modified_gmt":"2023-08-21T13:47:12","slug":"el-dia-a-dia-de-un-feie","status":"publish","type":"page","link":"https:\/\/blogsaverroes.juntadeandalucia.es\/ellocodelamochila\/otras-cosas\/el-dia-a-dia-de-un-feie\/","title":{"rendered":"EL D\u00cdA A D\u00cdA DE UN FEIE"},"content":{"rendered":"<p style=\"text-align: justify\"><span style=\"font-family: terminal, monaco, monospace;font-size: 14pt\">Esta es la presentaci\u00f3n que us\u00e9 para la formaci\u00f3n inicial para jefas \/ es del departamento de FEIE organizada por el CEP de Motril en el primer trimestre del curso 2022 \/ 2023:<\/span><\/p>\n<div style=\"width: 50%\">\n<div style=\"padding-bottom: 56.25%;padding-top: 0px;height: 0px;text-align: center;padding-left: 80px\"><iframe loading=\"lazy\" src=\"https:\/\/view.genial.ly\/631b075ed492720011066029\" width=\"600\" height=\"305\" frameborder=\"0\" scrolling=\"yes\">&amp;amp;amp;amp;amp;lt;span style=\u00bbdisplay: inline-block; width: 0px; overflow: hidden; line-height: 0;\u00bb data-mce-type=\u00bbbookmark\u00bb class=\u00bbmce_SELRES_start\u00bb&amp;amp;amp;amp;amp;gt;\ufeff&amp;amp;amp;amp;amp;lt;\/span&amp;amp;amp;amp;amp;gt;<\/iframe><\/div>\n<\/div>\n<p>&nbsp;&nbsp;<\/p>\n<!--themify_builder_content-->\n<div id=\"themify_builder_content-1680\" data-postid=\"1680\" class=\"themify_builder_content themify_builder_content-1680 themify_builder tf_clear\">\n                    <div  data-lazy=\"1\" class=\"module_row themify_builder_row tb_9cty144 tb_first tf_w\">\n                        <div class=\"row_inner col_align_top tb_col_count_1 tf_box tf_rel\">\n                        <div  data-lazy=\"1\" class=\"module_column tb-column col-full tb_h1c9145 first\">\n                            <div  data-lazy=\"1\" class=\"module_subrow themify_builder_sub_row tf_w col_align_top tb_col_count_2 tb_8khy845\">\n                <div  data-lazy=\"1\" class=\"module_column sub_column col2-1 tb_1082845 first\">\n                            <\/div>\n                    <div  data-lazy=\"1\" class=\"module_column sub_column col2-1 tb_9umq846 last\">\n                    <!-- module social share -->\n<div  class=\"module module-social-share tb_eibi113  tb_ss_size_large tb_ss_shape_rounded\" data-lazy=\"1\" data-title=\"\" data-url=\"\">\n        <div class=\"module-social-share-wrapper\">\n                                            <div class=\"ss_anchor_wrap tf_inline_b\">\n                        <a href=\"#\" data-type=\"facebook\">\n                            <em class=\"tb_social_share_icon\"><svg  aria-label=\"Facebook\" class=\"tf_fa tf-ti-facebook\" role=\"img\"><use href=\"#tf-ti-facebook\"><\/use><\/svg><\/em>\n                                                    <\/a>\n                    <\/div>\n                                    <div class=\"ss_anchor_wrap tf_inline_b\">\n                        <a href=\"#\" data-type=\"twitter\">\n                            <em class=\"tb_social_share_icon\"><svg  aria-label=\"Twitter\" class=\"tf_fa tf-fab-x-twitter\" role=\"img\"><use href=\"#tf-fab-x-twitter\"><\/use><\/svg><\/em>\n                                                    <\/a>\n                    <\/div>\n                                    <div class=\"ss_anchor_wrap tf_inline_b\">\n                        <a href=\"#\" data-type=\"email\">\n                            <em class=\"tb_social_share_icon\"><svg  aria-label=\"Email\" class=\"tf_fa tf-ti-email\" role=\"img\"><use href=\"#tf-ti-email\"><\/use><\/svg><\/em>\n                                                    <\/a>\n                    <\/div>\n                            <\/div>\n<\/div>\n<!-- \/module social share -->\n        <\/div>\n                    <\/div>\n                <\/div>\n                        <\/div>\n        <\/div>\n        <\/div>\n<!--\/themify_builder_content-->","protected":false},"excerpt":{"rendered":"<p>Esta es la presentaci\u00f3n que us\u00e9 para la formaci\u00f3n inicial para jefas \/ es del departamento de FEIE organizada por el CEP de Motril en el primer trimestre del curso 2022 \/ 2023: &amp;amp;amp;amp;amp;lt;span style=\u00bbdisplay: inline-block; width: 0px; overflow: hidden; line-height: 0;\u00bb data-mce-type=\u00bbbookmark\u00bb class=\u00bbmce_SELRES_start\u00bb&amp;amp;amp;amp;amp;gt;\ufeff&amp;amp;amp;amp;amp;lt;\/span&amp;amp;amp;amp;amp;gt; &nbsp;&nbsp;<\/p>\n","protected":false},"author":4178,"featured_media":0,"parent":564,"menu_order":2,"comment_status":"open","ping_status":"closed","template":"","meta":{"footnotes":""},"aioseo_notices":[],"_links":{"self":[{"href":"https:\/\/blogsaverroes.juntadeandalucia.es\/ellocodelamochila\/wp-json\/wp\/v2\/pages\/1680"}],"collection":[{"href":"https:\/\/blogsaverroes.juntadeandalucia.es\/ellocodelamochila\/wp-json\/wp\/v2\/pages"}],"about":[{"href":"https:\/\/blogsaverroes.juntadeandalucia.es\/ellocodelamochila\/wp-json\/wp\/v2\/types\/page"}],"author":[{"embeddable":true,"href":"https:\/\/blogsaverroes.juntadeandalucia.es\/ellocodelamochila\/wp-json\/wp\/v2\/users\/4178"}],"replies":[{"embeddable":true,"href":"https:\/\/blogsaverroes.juntadeandalucia.es\/ellocodelamochila\/wp-json\/wp\/v2\/comments?post=1680"}],"version-history":[{"count":14,"href":"https:\/\/blogsaverroes.juntadeandalucia.es\/ellocodelamochila\/wp-json\/wp\/v2\/pages\/1680\/revisions"}],"predecessor-version":[{"id":2342,"href":"https:\/\/blogsaverroes.juntadeandalucia.es\/ellocodelamochila\/wp-json\/wp\/v2\/pages\/1680\/revisions\/2342"}],"up":[{"embeddable":true,"href":"https:\/\/blogsaverroes.juntadeandalucia.es\/ellocodelamochila\/wp-json\/wp\/v2\/pages\/564"}],"wp:attachment":[{"href":"https:\/\/blogsaverroes.juntadeandalucia.es\/ellocodelamochila\/wp-json\/wp\/v2\/media?parent=1680"}],"curies":[{"name":"wp","href":"https:\/\/api.w.org\/{rel}","templated":true}]}}