{"id":1977,"date":"2023-07-06T11:14:55","date_gmt":"2023-07-06T09:14:55","guid":{"rendered":"https:\/\/blogsaverroes.juntadeandalucia.es\/ellocodelamochila\/?page_id=1977"},"modified":"2023-09-03T19:25:15","modified_gmt":"2023-09-03T17:25:15","slug":"el-diseno-de-rubricas","status":"publish","type":"page","link":"https:\/\/blogsaverroes.juntadeandalucia.es\/ellocodelamochila\/evaluacion-por-competencias\/articulos-sobre-evaluacion\/el-diseno-de-rubricas\/","title":{"rendered":"EL DISE\u00d1O DE R\u00daBRICAS"},"content":{"rendered":"<p style=\"text-align: justify\"><strong><span style=\"font-size: 14pt;font-family: terminal, monaco, monospace\"><img loading=\"lazy\" decoding=\"async\" class=\" wp-image-2491 alignright\" src=\"https:\/\/blogsaverroes.juntadeandalucia.es\/ellocodelamochila\/files\/2023\/08\/Dise\u00f1o-de-r\u00fabricas-300x300.jpg\" alt=\"\" width=\"379\" height=\"379\" srcset=\"https:\/\/blogsaverroes.juntadeandalucia.es\/ellocodelamochila\/files\/2023\/08\/Dise\u00f1o-de-r\u00fabricas-300x300.jpg 300w, https:\/\/blogsaverroes.juntadeandalucia.es\/ellocodelamochila\/files\/2023\/08\/Dise\u00f1o-de-r\u00fabricas-1024x1024.jpg 1024w, https:\/\/blogsaverroes.juntadeandalucia.es\/ellocodelamochila\/files\/2023\/08\/Dise\u00f1o-de-r\u00fabricas-150x150.jpg 150w, https:\/\/blogsaverroes.juntadeandalucia.es\/ellocodelamochila\/files\/2023\/08\/Dise\u00f1o-de-r\u00fabricas-768x768.jpg 768w, https:\/\/blogsaverroes.juntadeandalucia.es\/ellocodelamochila\/files\/2023\/08\/Dise\u00f1o-de-r\u00fabricas.jpg 1080w\" sizes=\"(max-width: 379px) 100vw, 379px\" \/>POR QU\u00c9 R\u00daBRICAS PARA LA EVALUACI\u00d3N.<\/span><\/strong><\/p>\n<p style=\"text-align: justify\"><span style=\"font-size: 14pt;font-family: terminal, monaco, monospace\">El aterrizaje del curr\u00edculo LOMLOE en las aulas ha vuelto a poner de actualidad el uso de r\u00fabricas como instrumentos de evaluaci\u00f3n. Sin embargo, la r\u00fabrica est\u00e1 muy lejos de ser una novedad. Al contrario, el empleo de r\u00fabricas cuenta ya con una dilatada tradici\u00f3n en nuestro sistema educativo.<\/span><\/p>\n<p style=\"text-align: justify\"><span style=\"font-size: 14pt;font-family: terminal, monaco, monospace\">La LOMLOE pretende hacer hincapi\u00e9 en la realizaci\u00f3n de una evaluaci\u00f3n fundamentalmente competencial. Y de ah\u00ed que se recomiende el uso de este instrumento desde el propio desarrollo curricular. As\u00ed, en la <a href=\"https:\/\/drive.google.com\/file\/d\/1IxLLy9BQB3x19M43MzB7cw6A1UXu6VOU\/view?usp=share_link\" target=\"_blank\" rel=\"noopener noreferrer\"><em>Orden de 30 de mayo de 2023, por la que se desarrolla el curr\u00edculo correspondiente a la etapa de Educaci\u00f3n Secundaria Obligatoria<\/em><\/a>, se dice lo siguiente:<\/span><\/p>\n<p style=\"text-align: justify;padding-left: 40px\"><span style=\"font-size: 14pt;font-family: terminal, monaco, monospace\"><em>\u201cPara la evaluaci\u00f3n del alumnado se utilizar\u00e1n diferentes instrumentos tales como cuestionarios, formularios, presentaciones, exposiciones orales, edici\u00f3n de documentos, pruebas, escalas de observaci\u00f3n, <strong>r\u00fabricas<\/strong> o portfolios, entre otros\u201d<\/em> (punto 4 del a<em>rt\u00edculo 11. Procedimientos e instrumentos de evaluaci\u00f3n<\/em>).<\/span><\/p>\n<p style=\"text-align: justify\"><span style=\"font-size: 14pt;font-family: terminal, monaco, monospace\">Y este \u00e9nfasis por el uso de r\u00fabricas para el proceso de evaluaci\u00f3n se debe a sus m\u00faltiples <strong>beneficios<\/strong>. Podemos mencionar algunos de ellos:<\/span><\/p>\n<p style=\"text-align: justify;padding-left: 40px\"><span style=\"font-size: 14pt;font-family: terminal, monaco, monospace\">-constituyen una detallada gu\u00eda para el alumnado de lo que deben lograr, orient\u00e1ndoles durante su aprendizaje,<\/span><\/p>\n<p style=\"text-align: justify;padding-left: 40px\"><span style=\"font-size: 14pt;font-family: terminal, monaco, monospace\">-proporcionan un feedback preciso y completo sobre el proceso de aprendizaje, \u00fatil tanto para el alumnado como para el docente,<\/span><\/p>\n<p style=\"text-align: justify;padding-left: 40px\"><span style=\"font-size: 14pt;font-family: terminal, monaco, monospace\">-dotan de una base de objetividad tanto a la calificaci\u00f3n como a la evaluaci\u00f3n.<\/span><\/p>\n<p style=\"text-align: justify\"><span style=\"font-size: 14pt;font-family: terminal, monaco, monospace\">De esta forma, las r\u00fabricas se adaptan realmente bien a la evaluaci\u00f3n competencial, pues permiten llevar a cabo una evaluaci\u00f3n formativa eficaz.<\/span><\/p>\n<p>&nbsp;<\/p>\n<p style=\"text-align: justify\"><strong><span style=\"font-size: 14pt;font-family: terminal, monaco, monospace\">ANATOM\u00cdA DE UNA R\u00daBRICA.<\/span><\/strong><\/p>\n<p style=\"text-align: justify\"><span style=\"font-size: 14pt;font-family: terminal, monaco, monospace\">Antes de iniciar el proceso de dise\u00f1o de una r\u00fabrica debemos tener en cuenta los distintos elementos que la conforman. Veamos la anatom\u00eda de una r\u00fabrica mediante el siguiente ejemplo:<\/span><\/p>\n<p><img loading=\"lazy\" decoding=\"async\" class=\"aligncenter wp-image-1981\" src=\"https:\/\/blogsaverroes.juntadeandalucia.es\/ellocodelamochila\/files\/2023\/07\/Partes-r\u00fabrica-2-300x169.jpg\" alt=\"\" width=\"774\" height=\"436\" srcset=\"https:\/\/blogsaverroes.juntadeandalucia.es\/ellocodelamochila\/files\/2023\/07\/Partes-r\u00fabrica-2-300x169.jpg 300w, https:\/\/blogsaverroes.juntadeandalucia.es\/ellocodelamochila\/files\/2023\/07\/Partes-r\u00fabrica-2-1024x576.jpg 1024w, https:\/\/blogsaverroes.juntadeandalucia.es\/ellocodelamochila\/files\/2023\/07\/Partes-r\u00fabrica-2-768x432.jpg 768w, https:\/\/blogsaverroes.juntadeandalucia.es\/ellocodelamochila\/files\/2023\/07\/Partes-r\u00fabrica-2-1536x864.jpg 1536w, https:\/\/blogsaverroes.juntadeandalucia.es\/ellocodelamochila\/files\/2023\/07\/Partes-r\u00fabrica-2.jpg 1920w\" sizes=\"(max-width: 774px) 100vw, 774px\" \/><\/p>\n<p style=\"text-align: justify\"><span style=\"font-size: 14pt;font-family: terminal, monaco, monospace\">Por tanto, una r\u00fabrica consta de estos <strong>elementos<\/strong>:<\/span><\/p>\n<p style=\"text-align: justify;padding-left: 40px\"><span style=\"font-size: 14pt;font-family: terminal, monaco, monospace\">&#8211;<strong>criterio de evaluaci\u00f3n<\/strong>: procedente del curr\u00edculo, constituye el referente fundamental para la evaluaci\u00f3n. Por ello, la r\u00fabrica pone el foco en el criterio que se pretende evaluar;<\/span><\/p>\n<p style=\"text-align: justify;padding-left: 40px\"><span style=\"font-size: 14pt;font-family: terminal, monaco, monospace\">&#8211;<strong>atributos o etiquetas<\/strong>: surgen de una segmentaci\u00f3n del criterio de evaluaci\u00f3n concreto y hacen referencia a los elementos concretos del mismo que se van a evaluar (dentro del marco del propio criterio);<\/span><\/p>\n<p style=\"text-align: justify;padding-left: 40px\"><span style=\"font-size: 14pt;font-family: terminal, monaco, monospace\">&#8211;<strong>escala de valoraci\u00f3n<\/strong>: constituye una gradaci\u00f3n de los indicadores de logro, diferenciando los distintos niveles o estadios de aprendizaje. Pueden ir desde el nivel m\u00e1s bajo al m\u00e1s alto o viceversa;<\/span><\/p>\n<p style=\"text-align: justify;padding-left: 40px\"><span style=\"font-size: 14pt;font-family: terminal, monaco, monospace\">&#8211;<strong>indicadores de logro<\/strong>: sirven para concretar al m\u00e1ximo el estadio en el que se encuentra un aprendizaje concreto. Deben redactarse atendiendo a un atributo o etiqueta y ser lo m\u00e1s objetivo, preciso y cuantificable que sea posible.<\/span><\/p>\n<p>&nbsp;<\/p>\n<p style=\"text-align: justify\"><strong><span style=\"font-size: 14pt;font-family: terminal, monaco, monospace\">TIPOS DE R\u00daBRICAS.<\/span><\/strong><\/p>\n<p style=\"text-align: justify\"><span style=\"font-size: 14pt;font-family: terminal, monaco, monospace\">Podemos distinguir varios <strong>tipos<\/strong> de r\u00fabricas atendiendo a su estructura interna:<\/span><\/p>\n<p style=\"text-align: justify;padding-left: 40px\"><span style=\"font-size: 14pt;font-family: terminal, monaco, monospace\">\u2013<strong>La r\u00fabrica anal\u00edtica<\/strong>: est\u00e1 pensada para evaluar un solo criterio de evaluaci\u00f3n, segment\u00e1ndolo en diferentes atributos o etiquetas. A veces nos encontramos con criterios que se refieren a aprendizajes muy amplios y que abarcan muchas habilidades que, aunque est\u00e1n relacionadas unas con otras, son diferentes. Por ejemplo, en el curr\u00edculo de&nbsp;<em>Lengua Castellana y Literatura<\/em>&nbsp;de 1\u00ba de Bachillerato (<a href=\"https:\/\/drive.google.com\/file\/d\/1IxLLy9BQB3x19M43MzB7cw6A1UXu6VOU\/view?usp=share_link\" target=\"_blank\" rel=\"noopener noreferrer\"><em>Orden de 30 de mayo de 2023<\/em><\/a>) nos encontramos con este criterio:<\/span><\/p>\n<p style=\"text-align: justify;padding-left: 80px\"><span style=\"font-size: 14pt;font-family: terminal, monaco, monospace\"><em>3.1. Realizar exposiciones y argumentaciones orales formales con diferente grado de planificaci\u00f3n sobre temas de inter\u00e9s cient\u00edfico y cultural y de relevancia acad\u00e9mica y social, ajust\u00e1ndose a las convenciones propias de cada g\u00e9nero discursivo y con fluidez, rigor, coherencia, cohesi\u00f3n y el registro adecuado, en diferentes soportes y utilizando de manera eficaz recursos verbales y no verbales, respetando los valores constitucionales y desarrollando un esp\u00edritu cr\u00edtico y de fomento de la igualdad en todas sus vertientes.<\/em><\/span><\/p>\n<p style=\"text-align: justify;padding-left: 40px\"><span style=\"font-size: 14pt;font-family: terminal, monaco, monospace\">Pero una exposici\u00f3n oral implica muchas habilidades diferentes: supone aprender a hablar en p\u00fablico, a expresarse con un lenguaje adecuado, a cuidar el vocabulario que se va a usar, a emplear un lenguaje gestual adecuado, a usar un buen tono, a apoyarse en recursos audiovisuales que enriquezcan la explicaci\u00f3n, etc. Se trata, por tanto, de un criterio especialmente amplio. Pues para su evaluaci\u00f3n podemos usar una r\u00fabrica en la que midamos este criterio en exclusiva, concretando a nuestro alumnado los aprendizajes implicados a trav\u00e9s de los atributos o etiquetas.<\/span><\/p>\n<p style=\"text-align: justify;padding-left: 40px\"><span style=\"font-size: 14pt;font-family: terminal, monaco, monospace\">Podemos ver un ejemplo de este tipo de r\u00fabrica en la siguiente imagen:<\/span><\/p>\n<p style=\"padding-left: 40px\"><img loading=\"lazy\" decoding=\"async\" class=\"aligncenter wp-image-1982\" src=\"https:\/\/blogsaverroes.juntadeandalucia.es\/ellocodelamochila\/files\/2023\/07\/Ejemplo-r\u00fabrica-anal\u00edtica-300x187.png\" alt=\"\" width=\"493\" height=\"307\" srcset=\"https:\/\/blogsaverroes.juntadeandalucia.es\/ellocodelamochila\/files\/2023\/07\/Ejemplo-r\u00fabrica-anal\u00edtica-300x187.png 300w, https:\/\/blogsaverroes.juntadeandalucia.es\/ellocodelamochila\/files\/2023\/07\/Ejemplo-r\u00fabrica-anal\u00edtica-1024x637.png 1024w, https:\/\/blogsaverroes.juntadeandalucia.es\/ellocodelamochila\/files\/2023\/07\/Ejemplo-r\u00fabrica-anal\u00edtica-768x478.png 768w, https:\/\/blogsaverroes.juntadeandalucia.es\/ellocodelamochila\/files\/2023\/07\/Ejemplo-r\u00fabrica-anal\u00edtica.png 1190w\" sizes=\"(max-width: 493px) 100vw, 493px\" \/><\/p>\n<p style=\"text-align: justify;padding-left: 40px\"><span style=\"font-size: 14pt;font-family: terminal, monaco, monospace\">&#8211;<strong>La r\u00fabrica hol\u00edstica<\/strong>: est\u00e1 ideada para evaluar un criterio de evaluaci\u00f3n concreto de una forma global, esto es, consider\u00e1ndolo como un todo, sin segmentar sus partes. En comparaci\u00f3n con la r\u00fabrica anal\u00edtica, cuenta con la ventaja de agilizar el proceso de evaluaci\u00f3n, facilitando la selecci\u00f3n de un indicador de logro determinado, as\u00ed como su calificaci\u00f3n correspondiente. En cambio, es mucho menos precisa que la anal\u00edtica y su informaci\u00f3n es m\u00e1s pobre, pues en su feedback no diferencia con claridad lo que se ha hecho bien o en lo que debe mejorar.<\/span><\/p>\n<p style=\"text-align: justify;padding-left: 40px\"><span style=\"font-size: 14pt;font-family: terminal, monaco, monospace\">Pero tambi\u00e9n hay que se\u00f1alar un inconveniente significativo: los criterios de evaluaci\u00f3n, tal y como est\u00e1n redactados en la normativa LOMLOE, son muy amplios conceptualmente e incluyen con frecuencia muchas habilidades que, aunque est\u00e1n relacionadas unas con otras, son diferentes.<\/span><\/p>\n<p style=\"text-align: justify;padding-left: 40px\"><span style=\"font-size: 14pt;font-family: terminal, monaco, monospace\">Por ejemplo, en el citado criterio de evaluaci\u00f3n de <em>Lengua Castellana y Literatura<\/em> de 1\u00ba de Bachillerato que hace referencia a la realizaci\u00f3n de exposiciones y argumentaciones orales, al mismo tiempo, incluye diversas microhabilidades: la capacidad de hacerlas con cierta extensi\u00f3n, sobre temas complejos, organizar el contenido, ajustarse a las convenciones propias de su g\u00e9nero, etc. De tal forma que un determinado alumno \/ a puede dominar algunas de ellas pero otras no. Por ejemplo, puede organizar el contenido de su exposici\u00f3n realmente bien pero no usar recursos no verbales. As\u00ed, alcanzar\u00e1 distintos niveles de logro en las distintas microhabilidades que contiene un mismo criterio de evaluaci\u00f3n.<\/span><\/p>\n<p style=\"text-align: justify;padding-left: 40px\"><span style=\"font-size: 14pt;font-family: terminal, monaco, monospace\">Y en esta forma de rubricar criterios se toma al criterio como un bloque, como un todo, sin que sea posible matizar. Es decir, no permite se\u00f1alar ni informar al alumno \/ a qu\u00e9 habilidades en concreto domina y en cu\u00e1les puede mejorar. Es un d\u00e9ficit significativo de esta forma de rubricar criterios.<\/span><\/p>\n<p style=\"text-align: justify;padding-left: 40px\"><span style=\"font-size: 14pt;font-family: terminal, monaco, monospace\">Un ejemplo de r\u00fabrica hol\u00edstica es el siguiente:<\/span><\/p>\n<p style=\"text-align: justify;padding-left: 40px\"><img loading=\"lazy\" decoding=\"async\" class=\"aligncenter wp-image-1983\" src=\"https:\/\/blogsaverroes.juntadeandalucia.es\/ellocodelamochila\/files\/2023\/07\/Ejemplo-r\u00fabrica-hol\u00edstica-300x113.png\" alt=\"\" width=\"526\" height=\"198\" srcset=\"https:\/\/blogsaverroes.juntadeandalucia.es\/ellocodelamochila\/files\/2023\/07\/Ejemplo-r\u00fabrica-hol\u00edstica-300x113.png 300w, https:\/\/blogsaverroes.juntadeandalucia.es\/ellocodelamochila\/files\/2023\/07\/Ejemplo-r\u00fabrica-hol\u00edstica.png 768w\" sizes=\"(max-width: 526px) 100vw, 526px\" \/><\/p>\n<p style=\"text-align: justify;padding-left: 40px\"><span style=\"font-size: 14pt;font-family: terminal, monaco, monospace\">\u2013<strong>La r\u00fabrica globalizada<\/strong>: es una variante de la hol\u00edstica, pero que sirve para evaluar varios criterios diferentes en un \u00fanico instrumento. Por supuesto, la evaluaci\u00f3n de cada criterio ser\u00e1 diferenciada.<\/span><\/p>\n<p style=\"text-align: justify;padding-left: 40px\"><span style=\"font-size: 14pt;font-family: terminal, monaco, monospace\">Un ejemplo de r\u00fabrica globalizada es el siguiente:<\/span><\/p>\n<p style=\"text-align: justify;padding-left: 40px\"><img loading=\"lazy\" decoding=\"async\" class=\"aligncenter wp-image-1984\" src=\"https:\/\/blogsaverroes.juntadeandalucia.es\/ellocodelamochila\/files\/2023\/07\/Ejemplo-r\u00fabrica-globalizada-300x183.png\" alt=\"\" width=\"580\" height=\"354\" srcset=\"https:\/\/blogsaverroes.juntadeandalucia.es\/ellocodelamochila\/files\/2023\/07\/Ejemplo-r\u00fabrica-globalizada-300x183.png 300w, https:\/\/blogsaverroes.juntadeandalucia.es\/ellocodelamochila\/files\/2023\/07\/Ejemplo-r\u00fabrica-globalizada-1024x626.png 1024w, https:\/\/blogsaverroes.juntadeandalucia.es\/ellocodelamochila\/files\/2023\/07\/Ejemplo-r\u00fabrica-globalizada-768x470.png 768w, https:\/\/blogsaverroes.juntadeandalucia.es\/ellocodelamochila\/files\/2023\/07\/Ejemplo-r\u00fabrica-globalizada.png 1246w\" sizes=\"(max-width: 580px) 100vw, 580px\" \/><\/p>\n<p style=\"text-align: justify\"><strong><span style=\"font-size: 14pt;font-family: terminal, monaco, monospace\">EL DISE\u00d1O DE R\u00daBRICAS.<\/span><\/strong><\/p>\n<p style=\"text-align: justify\"><span style=\"font-size: 14pt;font-family: terminal, monaco, monospace\">Uno de los errores m\u00e1s frecuentes a la hora de dise\u00f1ar r\u00fabricas es plantearlas en torno al producto final concreto de una situaci\u00f3n de aprendizaje. Si lo hici\u00e9ramos as\u00ed, estar\u00edamos confundiendo el medio con el fin: el producto final no es otra cosa que el medio que usamos para que nuestro alumnado aprenda (esto es el fin). Adem\u00e1s, tampoco ser\u00eda operativo hacerlo as\u00ed: tendr\u00edamos que elaborar r\u00fabricas diferentes para cada producto final, incluso cuando trabaj\u00e1semos un mismo criterio.<\/span><\/p>\n<p style=\"text-align: justify\"><span style=\"font-size: 14pt;font-family: terminal, monaco, monospace\">El punto de partida para el dise\u00f1o de una r\u00fabrica no debe ser otro que <strong>el criterio o criterios de evaluaci\u00f3n<\/strong> concretos que nos dispongamos a evaluar en una situaci\u00f3n de aprendizaje. El criterio es el referente fundamental para la evaluaci\u00f3n -as\u00ed lo dice el propio curr\u00edculo-, por lo que si optamos por usar la r\u00fabrica como instrumento debemos dise\u00f1arla poniendo el foco en el propio criterio de evaluaci\u00f3n.<\/span><\/p>\n<p style=\"text-align: justify\"><span style=\"font-size: 14pt;font-family: terminal, monaco, monospace\">En realidad, son los criterios de evaluaci\u00f3n los que hacen que un instrumento sea m\u00e1s adecuado que otro seg\u00fan la informaci\u00f3n sobre el aprendizaje que queramos obtener. Por ejemplo, las r\u00fabricas se adaptan bien a aquellos criterios de evaluaci\u00f3n que hacen referencia a aprendizajes de cierta complejidad, que requieren de muchos pasos o que ponen en juego numerosas caracter\u00edsticas. En cambio, para criterios que hagan referencia a cuestiones m\u00e1s valorativas o actitudinales, las escalas de observaci\u00f3n en general se adaptan mejor.<\/span><\/p>\n<p style=\"text-align: justify\"><span style=\"font-size: 14pt;font-family: terminal, monaco, monospace\">Una vez seleccionado el criterio de evaluaci\u00f3n concreto y tras decidir que la r\u00fabrica es el instrumento m\u00e1s adecuado para su evaluaci\u00f3n, el siguiente paso consiste en establecer los <strong>atributos o etiquetas<\/strong>. Estos deben concretarse a partir de la lectura detenida de los criterios, procurando segmentar los aprendizajes contenidos en este.<\/span><\/p>\n<p style=\"text-align: justify\"><span style=\"font-size: 14pt;font-family: terminal, monaco, monospace\">As\u00ed, por ejemplo, para la r\u00fabrica del criterio 3.1. de <em>Lengua Castellana y Literatura<\/em> de 1\u00ba de Bachillerato:<\/span><\/p>\n<p style=\"text-align: justify;padding-left: 40px\"><em><span style=\"font-size: 14pt;font-family: terminal, monaco, monospace\">\u201cRealizar exposiciones y argumentaciones orales formales con diferente grado de planificaci\u00f3n sobre temas de inter\u00e9s cient\u00edfico y cultural y de relevancia acad\u00e9mica y social, ajust\u00e1ndose a las convenciones propias de cada g\u00e9nero discursivo y con fluidez, rigor, coherencia, cohesi\u00f3n y el registro adecuado, en diferentes soportes y utilizando de manera eficaz recursos verbales y no verbales, respetando los valores constitucionales y desarrollando un esp\u00edritu cr\u00edtico y de fomento de la igualdad en todas sus vertientes\u201d.<\/span><\/em><\/p>\n<p style=\"text-align: justify\"><span style=\"font-size: 14pt;font-family: terminal, monaco, monospace\">Podemos segmentarlo en partes como, por ejemplo, el grado de planificaci\u00f3n, el ajuste a las convenciones propias del g\u00e9nero, la fluidez, el rigor, la coherencia, la cohesi\u00f3n y el registro adecuado, etc., estableci\u00e9ndolas como <strong>etiquetas<\/strong>.<\/span><\/p>\n<p style=\"text-align: justify\"><span style=\"font-size: 14pt;font-family: terminal, monaco, monospace\">Y, tras los atributos, debemos proceder a la redacci\u00f3n de sus correspondientes <strong>indicadores de logro<\/strong>. Para esto se puede tomar la misma gradaci\u00f3n que establece la normativa de la ESO para las calificaciones: insuficiente (de 1 a 4), suficiente (5), bien (6), notable (de 7 a 8) y sobresaliente (de 9 a 10).<\/span><\/p>\n<p style=\"text-align: justify\"><span style=\"font-size: 14pt;font-family: terminal, monaco, monospace\">En la redacci\u00f3n de cada indicador debemos procurar concretar con la m\u00e1xima precisi\u00f3n que sea posible el estadio de aprendizaje de cada nivel para as\u00ed dotar de objetividad al proceso de evaluaci\u00f3n y para que los niveles se diferencien con claridad.<\/span><\/p>\n<p>&nbsp;<\/p>\n<p style=\"text-align: justify\"><strong><span style=\"font-size: 14pt;font-family: terminal, monaco, monospace\">LOS BANCOS DE R\u00daBRICAS.<\/span><\/strong><\/p>\n<p style=\"text-align: justify\"><span style=\"font-size: 14pt;font-family: terminal, monaco, monospace\">En Internet podemos encontrar bancos de r\u00fabricas que podemos consultar f\u00e1cilmente. Ahora bien, debemos tener en cuenta que en la mayor\u00eda de las ocasiones deberemos adaptarlas a los criterios de evaluaci\u00f3n concretos de nuestro curr\u00edculo, pues con frecuencia estas r\u00fabricas se han dise\u00f1ado pensando m\u00e1s en el producto final que en el criterio de evaluaci\u00f3n.<\/span><\/p>\n<p style=\"text-align: justify\"><span style=\"font-size: 14pt;font-family: terminal, monaco, monospace\">Teniendo esto en cuenta, uno de los bancos de r\u00fabricas m\u00e1s completos es el que nos ofrece <a href=\"https:\/\/cedec.intef.es\/banco-de-rubricas-y-otros-documentos\/\" target=\"_blank\" rel=\"noopener noreferrer\">el INTEF en su web<\/a>. Se trata de un repositorio de r\u00fabricas y de otros instrumentos de evaluaci\u00f3n muy rico y, adem\u00e1s, permite agilizar la b\u00fasqueda mediante la introducci\u00f3n de filtros por materias, niveles educativos, etc. Su consulta es altamente recomendable.<\/span><\/p>\n<p>&nbsp;<\/p>\n<p style=\"text-align: justify\"><strong><span style=\"font-size: 14pt;font-family: terminal, monaco, monospace\">LA APLICACI\u00d3N DE LA R\u00daBRICA EN EL AULA.<\/span><\/strong><\/p>\n<p style=\"text-align: justify\"><span style=\"font-size: 14pt;font-family: terminal, monaco, monospace\">Tras el dise\u00f1o de una r\u00fabrica tal y como hemos visto, el siguiente paso ser\u00e1 aplicarla al aula. Es importante se\u00f1alar aqu\u00ed que debemos compartir la r\u00fabrica con nuestro alumnado antes de comenzar el trabajo, asegur\u00e1ndonos de que la comprenden bien. Es decir, ser\u00eda un error que el docente usara la r\u00fabrica para evaluar sin que previamente la conociera su alumnado, pues no debemos olvidar que este instrumento de evaluaci\u00f3n tambi\u00e9n es \u00fatil para orientar el aprendizaje de nuestro alumnado, para marcarle el camino de lo que debe hacer.<\/span><\/p>\n<p style=\"text-align: justify\"><span style=\"font-size: 14pt;font-family: terminal, monaco, monospace\">As\u00ed pues, la r\u00fabrica debe ser conocida y comprendida por nuestro alumnado antes de iniciar el trabajo.<\/span><\/p>\n<p style=\"text-align: justify\"><span style=\"font-size: 14pt;font-family: terminal, monaco, monospace\">Una de las mayores dificultades que conlleva el uso de r\u00fabricas en el aula es la gesti\u00f3n de la informaci\u00f3n. Si nos paramos a pensar que vamos a usar una r\u00fabrica por cada alumna\/o en grupos de alrededor de treinta y si, adem\u00e1s, tenemos lo vamos a hacer en varios grupos, la informaci\u00f3n que se genera es inmensa. Por ello, es fundamental utilizar un medio que sea \u00e1gil, r\u00e1pido y sencillo tanto para configurar la r\u00fabrica como para informar a nuestro alumnado, para recoger la informaci\u00f3n y para transmitirla.<\/span><\/p>\n<p style=\"text-align: justify\"><span style=\"font-size: 14pt;font-family: terminal, monaco, monospace\">Para esto existen multitud de <strong>herramientas digitales<\/strong> que hacen que el uso de r\u00fabricas sea un poco m\u00e1s sencillo. Por ejemplo:<\/span><\/p>\n<ul style=\"text-align: justify\">\n<li><span style=\"font-size: 14pt;font-family: terminal, monaco, monospace\">Plataformas que ofrecen la posibilidad de crear y aplicar r\u00fabricas, como <\/span><a style=\"font-family: terminal, monaco, monospace;font-size: 14pt\" href=\"https:\/\/youtu.be\/OZjS09pIP8s\" target=\"_blank\" rel=\"noopener noreferrer\">Moodle<\/a><span style=\"font-size: 14pt;font-family: terminal, monaco, monospace\"> o&nbsp;<\/span><a style=\"font-family: terminal, monaco, monospace;font-size: 14pt\" href=\"https:\/\/youtu.be\/EJUdOvFXphI\" target=\"_blank\" rel=\"noopener noreferrer\">Google Classroom<\/a><span style=\"font-family: terminal, monaco, monospace;font-size: 14pt\">.<\/span><\/li>\n<li><span style=\"font-size: 14pt;font-family: terminal, monaco, monospace\">Corubrics: se trata de un complemento para las hojas de c\u00e1lculo de Google, f\u00e1cil de instalar y usar.&nbsp;<a href=\"https:\/\/corubrics-es.tecnocentres.org\/\" target=\"_blank\" rel=\"noopener noreferrer\">Aqu\u00ed<\/a>&nbsp;encontrar\u00e1s m\u00e1s informaci\u00f3n sobre su funcionamiento.<\/span><\/li>\n<\/ul>\n<p>&nbsp;<\/p>\n<p style=\"text-align: justify\"><strong><span style=\"font-size: 14pt;font-family: terminal, monaco, monospace\">PARA SABER M\u00c1S&#8230;<\/span><\/strong><\/p>\n<p style=\"text-align: justify;padding-left: 40px\"><span style=\"font-size: 14pt;font-family: terminal, monaco, monospace\">\u2013<a href=\"https:\/\/blogsaverroes.juntadeandalucia.es\/ellocodelamochila\/evaluacion-por-competencias\/articulos-sobre-evaluacion\/elaboracion-de-instrumentos-para-una-evaluacion-criterial\/\" target=\"_blank\" rel=\"noopener noreferrer\">Art\u00edculo sobre el dise\u00f1o de instrumentos de evaluaci\u00f3n<\/a>.<\/span><\/p>\n<!--themify_builder_content-->\n<div id=\"themify_builder_content-1977\" data-postid=\"1977\" class=\"themify_builder_content themify_builder_content-1977 themify_builder tf_clear\">\n                    <div  data-lazy=\"1\" class=\"module_row themify_builder_row tb_0i46873 tb_first tf_w\">\n                        <div class=\"row_inner col_align_top tb_col_count_1 tf_box tf_rel\">\n                        <div  data-lazy=\"1\" class=\"module_column tb-column col-full tb_iz3j874 first\">\n                            <div  data-lazy=\"1\" class=\"module_subrow themify_builder_sub_row tf_w col_align_top tb_col_count_2 tb_prez255\">\n                <div  data-lazy=\"1\" class=\"module_column sub_column col2-1 tb_ceok256 first\">\n                            <\/div>\n                    <div  data-lazy=\"1\" class=\"module_column sub_column col2-1 tb_e15o256 last\">\n                    <!-- module social share -->\n<div  class=\"module module-social-share tb_wph5875  tb_ss_size_large tb_ss_shape_rounded\" data-lazy=\"1\" data-title=\"\" data-url=\"\">\n        <div class=\"module-social-share-wrapper\">\n                                            <div class=\"ss_anchor_wrap tf_inline_b\">\n                        <a href=\"#\" data-type=\"facebook\">\n                            <em class=\"tb_social_share_icon\"><svg  aria-label=\"Facebook\" class=\"tf_fa tf-ti-facebook\" role=\"img\"><use href=\"#tf-ti-facebook\"><\/use><\/svg><\/em>\n                                                    <\/a>\n                    <\/div>\n                                    <div class=\"ss_anchor_wrap tf_inline_b\">\n                        <a href=\"#\" data-type=\"twitter\">\n                            <em class=\"tb_social_share_icon\"><svg  aria-label=\"Twitter\" class=\"tf_fa tf-fab-x-twitter\" role=\"img\"><use href=\"#tf-fab-x-twitter\"><\/use><\/svg><\/em>\n                                                    <\/a>\n                    <\/div>\n                                    <div class=\"ss_anchor_wrap tf_inline_b\">\n                        <a href=\"#\" data-type=\"email\">\n                            <em class=\"tb_social_share_icon\"><svg  aria-label=\"Email\" class=\"tf_fa tf-ti-email\" role=\"img\"><use href=\"#tf-ti-email\"><\/use><\/svg><\/em>\n                                                    <\/a>\n                    <\/div>\n                            <\/div>\n<\/div>\n<!-- \/module social share -->\n        <\/div>\n                    <\/div>\n                <\/div>\n                        <\/div>\n        <\/div>\n        <\/div>\n<!--\/themify_builder_content-->","protected":false},"excerpt":{"rendered":"<p>POR QU\u00c9 R\u00daBRICAS PARA LA EVALUACI\u00d3N. El aterrizaje del curr\u00edculo LOMLOE en las aulas ha vuelto a poner de actualidad el uso de r\u00fabricas como instrumentos de evaluaci\u00f3n. Sin embargo, la r\u00fabrica est\u00e1 muy lejos de ser una novedad. Al contrario, el empleo de r\u00fabricas cuenta ya con una dilatada tradici\u00f3n en nuestro sistema educativo. [&hellip;]<\/p>\n","protected":false},"author":4178,"featured_media":0,"parent":713,"menu_order":2,"comment_status":"open","ping_status":"closed","template":"","meta":{"footnotes":""},"aioseo_notices":[],"_links":{"self":[{"href":"https:\/\/blogsaverroes.juntadeandalucia.es\/ellocodelamochila\/wp-json\/wp\/v2\/pages\/1977"}],"collection":[{"href":"https:\/\/blogsaverroes.juntadeandalucia.es\/ellocodelamochila\/wp-json\/wp\/v2\/pages"}],"about":[{"href":"https:\/\/blogsaverroes.juntadeandalucia.es\/ellocodelamochila\/wp-json\/wp\/v2\/types\/page"}],"author":[{"embeddable":true,"href":"https:\/\/blogsaverroes.juntadeandalucia.es\/ellocodelamochila\/wp-json\/wp\/v2\/users\/4178"}],"replies":[{"embeddable":true,"href":"https:\/\/blogsaverroes.juntadeandalucia.es\/ellocodelamochila\/wp-json\/wp\/v2\/comments?post=1977"}],"version-history":[{"count":12,"href":"https:\/\/blogsaverroes.juntadeandalucia.es\/ellocodelamochila\/wp-json\/wp\/v2\/pages\/1977\/revisions"}],"predecessor-version":[{"id":2544,"href":"https:\/\/blogsaverroes.juntadeandalucia.es\/ellocodelamochila\/wp-json\/wp\/v2\/pages\/1977\/revisions\/2544"}],"up":[{"embeddable":true,"href":"https:\/\/blogsaverroes.juntadeandalucia.es\/ellocodelamochila\/wp-json\/wp\/v2\/pages\/713"}],"wp:attachment":[{"href":"https:\/\/blogsaverroes.juntadeandalucia.es\/ellocodelamochila\/wp-json\/wp\/v2\/media?parent=1977"}],"curies":[{"name":"wp","href":"https:\/\/api.w.org\/{rel}","templated":true}]}}