{"id":2653,"date":"2024-08-25T10:34:58","date_gmt":"2024-08-25T08:34:58","guid":{"rendered":"https:\/\/blogsaverroes.juntadeandalucia.es\/ellocodelamochila\/?page_id=2653"},"modified":"2024-08-30T18:34:49","modified_gmt":"2024-08-30T16:34:49","slug":"repositorio-de-situaciones-de-aprendizaje-propias-def","status":"publish","type":"page","link":"https:\/\/blogsaverroes.juntadeandalucia.es\/ellocodelamochila\/situaciones-de-aprendizaje-lomloe\/repositorio-de-situaciones-de-aprendizaje-propias-def\/","title":{"rendered":"REPOSITORIO DE SITUACIONES DE APRENDIZAJE PROPIAS."},"content":{"rendered":"<p style=\"text-align: justify\"><img loading=\"lazy\" decoding=\"async\" class=\"size-medium wp-image-2049 alignright\" src=\"https:\/\/blogsaverroes.juntadeandalucia.es\/ellocodelamochila\/files\/2023\/07\/Fondos-pantalla-presentaciones-copia-300x169.png\" alt=\"\" width=\"300\" height=\"169\" srcset=\"https:\/\/blogsaverroes.juntadeandalucia.es\/ellocodelamochila\/files\/2023\/07\/Fondos-pantalla-presentaciones-copia-300x169.png 300w, https:\/\/blogsaverroes.juntadeandalucia.es\/ellocodelamochila\/files\/2023\/07\/Fondos-pantalla-presentaciones-copia-1024x576.png 1024w, https:\/\/blogsaverroes.juntadeandalucia.es\/ellocodelamochila\/files\/2023\/07\/Fondos-pantalla-presentaciones-copia-768x432.png 768w, https:\/\/blogsaverroes.juntadeandalucia.es\/ellocodelamochila\/files\/2023\/07\/Fondos-pantalla-presentaciones-copia-1536x864.png 1536w, https:\/\/blogsaverroes.juntadeandalucia.es\/ellocodelamochila\/files\/2023\/07\/Fondos-pantalla-presentaciones-copia.png 1920w\" sizes=\"(max-width: 300px) 100vw, 300px\" \/><span style=\"font-size: 14pt;font-family: terminal, monaco, monospace\">Compartimos aqu\u00ed algunas situaciones de aprendizaje propias que pueden servir de inspiraci\u00f3n o, al menos, como punto de partida para el dise\u00f1o de situaciones propias. Pod\u00e9is usarlas directamente en vuestro aula o descargarlas y modificarlas (para as\u00ed adaptarlas a vuestro contexto). \u00a1Son todas vuestras!<\/span><\/p>\n<p>&nbsp;<\/p>\n<p><span style=\"text-decoration: underline\"><strong><span style=\"font-size: 14pt;font-family: terminal, monaco, monospace\">SITUACI\u00d3N DE APRENDIZAJE: \u00abLO QUE LAS COSAS DICEN DE M\u00cd\u00bb:<\/span><\/strong><\/span><\/p>\n<table style=\"width: 100%;border-collapse: collapse\" border=\"1\" cellpadding=\"1\">\n<tbody>\n<tr>\n<td style=\"width: 11.432269%;text-align: center\">Nivel<\/td>\n<td style=\"width: 88.567731%;text-align: center\">Internivelar: se puede usar -con las l\u00f3gicas adaptaciones- en cualquier nivel de Primaria, ESO e, incluso, Bachillerato.<\/td>\n<\/tr>\n<tr>\n<td style=\"width: 11.432269%;text-align: center\">Asignatura<\/td>\n<td style=\"width: 88.567731%;text-align: center\">Est\u00e1 pensada para Lengua Castellana y Literatura, pero se puede usar en otras materias de car\u00e1cter ling\u00fc\u00edstico y tambi\u00e9n para tutor\u00eda.<\/td>\n<\/tr>\n<tr>\n<td style=\"width: 11.432269%;text-align: center\">Enlace<\/td>\n<td style=\"width: 88.567731%;text-align: center\"><a href=\"https:\/\/juanmale14.github.io\/REALoquelascosasdicendem-v1\/\" target=\"_blank\" rel=\"noopener\">ENLACE<\/a> (ideal para verla en pantalla completa)<\/td>\n<\/tr>\n<\/tbody>\n<\/table>\n<p style=\"text-align: center\">&nbsp;<iframe loading=\"lazy\" src=\"https:\/\/juanmale14.github.io\/REALoquelascosasdicendem-v1\/\" width=\"350%\" height=\"600px\"><span style=\"width: 0px;overflow: hidden;line-height: 0\" data-mce-type=\"bookmark\" class=\"mce_SELRES_start\">\ufeff<\/span><\/iframe><\/p>\n<p><span style=\"text-decoration: underline\"><strong><span style=\"font-size: 14pt;font-family: terminal, monaco, monospace\">SITUACI\u00d3N DE APRENDIZAJE: \u00abELABORAMOS MANUSCRITOS MEDIEVALES\u00bb:<\/span><\/strong><\/span><\/p>\n<table style=\"height: 78px;width: 100%;border-collapse: collapse\" border=\"1\" cellpadding=\"1\">\n<tbody>\n<tr style=\"height: 22px\">\n<td style=\"width: 11.432269%;height: 22px;text-align: center\">Nivel<\/td>\n<td style=\"width: 88.567731%;height: 22px;text-align: center\">ESO o Bachillerato.<\/td>\n<\/tr>\n<tr style=\"height: 56px\">\n<td style=\"width: 11.432269%;height: 56px;text-align: center\">Asignatura<\/td>\n<td style=\"width: 88.567731%;height: 56px;text-align: center\"><em>Lengua Castellana y Literatura.<\/em><\/td>\n<\/tr>\n<tr>\n<td style=\"width: 11.432269%;text-align: center\">Enlace<\/td>\n<td style=\"width: 88.567731%;text-align: center\"><a href=\"https:\/\/procomun.intef.es\/ode\/view\/widget\/es_2024012212_9160017\" target=\"_blank\" rel=\"noopener\">ENLACE<\/a> (ideal para verla en pantalla completa)<\/td>\n<\/tr>\n<\/tbody>\n<\/table>\n<p style=\"text-align: center\"><iframe loading=\"lazy\" src=\"https:\/\/juanmale14.github.io\/REAmanuscritos\/\" width=\"350%\" height=\"600px\"><span style=\"width: 0px;overflow: hidden;line-height: 0\" data-mce-type=\"bookmark\" class=\"mce_SELRES_start\">\ufeff<\/span><span style=\"width: 0px;overflow: hidden;line-height: 0\" data-mce-type=\"bookmark\" class=\"mce_SELRES_start\">\ufeff<\/span><\/iframe><\/p>\n<!--themify_builder_content-->\n<div id=\"themify_builder_content-2653\" data-postid=\"2653\" class=\"themify_builder_content themify_builder_content-2653 themify_builder tf_clear\">\n                    <div  data-lazy=\"1\" class=\"module_row themify_builder_row tb_dnya812 tb_first tf_w\">\n                        <div class=\"row_inner col_align_top tb_col_count_2 tf_box tf_rel\">\n                        <div  data-lazy=\"1\" class=\"module_column tb-column col2-1 tb_3en8812 first\">\n                            <\/div>\n                    <div  data-lazy=\"1\" class=\"module_column tb-column col2-1 tb_r88w813 last\">\n                    <!-- module social share -->\n<div  class=\"module module-social-share tb_5n3y0  tb_ss_size_large tb_ss_shape_rounded\" data-lazy=\"1\" data-title=\"\" data-url=\"\">\n        <div class=\"module-social-share-wrapper\">\n                                            <div class=\"ss_anchor_wrap tf_inline_b\">\n                        <a href=\"#\" data-type=\"facebook\">\n                            <em class=\"tb_social_share_icon\"><svg  aria-label=\"Facebook\" class=\"tf_fa tf-ti-facebook\" role=\"img\"><use href=\"#tf-ti-facebook\"><\/use><\/svg><\/em>\n                                                    <\/a>\n                    <\/div>\n                                    <div class=\"ss_anchor_wrap tf_inline_b\">\n                        <a href=\"#\" data-type=\"twitter\">\n                            <em class=\"tb_social_share_icon\"><svg  aria-label=\"Twitter\" class=\"tf_fa tf-fab-x-twitter\" role=\"img\"><use href=\"#tf-fab-x-twitter\"><\/use><\/svg><\/em>\n                                                    <\/a>\n                    <\/div>\n                                    <div class=\"ss_anchor_wrap tf_inline_b\">\n                        <a href=\"#\" data-type=\"email\">\n                            <em class=\"tb_social_share_icon\"><svg  aria-label=\"Email\" class=\"tf_fa tf-ti-email\" role=\"img\"><use href=\"#tf-ti-email\"><\/use><\/svg><\/em>\n                                                    <\/a>\n                    <\/div>\n                            <\/div>\n<\/div>\n<!-- \/module social share -->\n        <\/div>\n                        <\/div>\n        <\/div>\n        <\/div>\n<!--\/themify_builder_content-->\n<p>&nbsp;<\/p>","protected":false},"excerpt":{"rendered":"<p>Compartimos aqu\u00ed algunas situaciones de aprendizaje propias que pueden servir de inspiraci\u00f3n o, al menos, como punto de partida para el dise\u00f1o de situaciones propias. Pod\u00e9is usarlas directamente en vuestro aula o descargarlas y modificarlas (para as\u00ed adaptarlas a vuestro contexto). \u00a1Son todas vuestras! &nbsp; SITUACI\u00d3N DE APRENDIZAJE: \u00abLO QUE LAS COSAS DICEN DE M\u00cd\u00bb: [&hellip;]<\/p>\n","protected":false},"author":4178,"featured_media":0,"parent":1742,"menu_order":7,"comment_status":"open","ping_status":"closed","template":"","meta":{"footnotes":""},"aioseo_notices":[],"_links":{"self":[{"href":"https:\/\/blogsaverroes.juntadeandalucia.es\/ellocodelamochila\/wp-json\/wp\/v2\/pages\/2653"}],"collection":[{"href":"https:\/\/blogsaverroes.juntadeandalucia.es\/ellocodelamochila\/wp-json\/wp\/v2\/pages"}],"about":[{"href":"https:\/\/blogsaverroes.juntadeandalucia.es\/ellocodelamochila\/wp-json\/wp\/v2\/types\/page"}],"author":[{"embeddable":true,"href":"https:\/\/blogsaverroes.juntadeandalucia.es\/ellocodelamochila\/wp-json\/wp\/v2\/users\/4178"}],"replies":[{"embeddable":true,"href":"https:\/\/blogsaverroes.juntadeandalucia.es\/ellocodelamochila\/wp-json\/wp\/v2\/comments?post=2653"}],"version-history":[{"count":32,"href":"https:\/\/blogsaverroes.juntadeandalucia.es\/ellocodelamochila\/wp-json\/wp\/v2\/pages\/2653\/revisions"}],"predecessor-version":[{"id":2787,"href":"https:\/\/blogsaverroes.juntadeandalucia.es\/ellocodelamochila\/wp-json\/wp\/v2\/pages\/2653\/revisions\/2787"}],"up":[{"embeddable":true,"href":"https:\/\/blogsaverroes.juntadeandalucia.es\/ellocodelamochila\/wp-json\/wp\/v2\/pages\/1742"}],"wp:attachment":[{"href":"https:\/\/blogsaverroes.juntadeandalucia.es\/ellocodelamochila\/wp-json\/wp\/v2\/media?parent=2653"}],"curies":[{"name":"wp","href":"https:\/\/api.w.org\/{rel}","templated":true}]}}