{"id":2684,"date":"2024-08-23T11:31:01","date_gmt":"2024-08-23T09:31:01","guid":{"rendered":"https:\/\/blogsaverroes.juntadeandalucia.es\/ellocodelamochila\/?page_id=2684"},"modified":"2025-07-12T13:34:19","modified_gmt":"2025-07-12T11:34:19","slug":"la-ia-dentro-o-fuera-del-aula","status":"publish","type":"page","link":"https:\/\/blogsaverroes.juntadeandalucia.es\/ellocodelamochila\/ia-educativa\/reflexiones-sobre-el-uso-educativo-de-la-ia\/la-ia-dentro-o-fuera-del-aula\/","title":{"rendered":"LA IA: \u00bfDENTRO O FUERA DEL AULA?"},"content":{"rendered":"<p style=\"text-align: justify\"><span style=\"font-family: terminal, monaco, monospace;font-size: 14pt\"><b>INTRODUCCI\u00d3N.<\/b><\/span><\/p>\n<p style=\"text-align: justify\"><span style=\"font-family: terminal, monaco, monospace;font-size: 14pt\"><b><img loading=\"lazy\" decoding=\"async\" class=\" wp-image-2690 alignright\" src=\"https:\/\/blogsaverroes.juntadeandalucia.es\/ellocodelamochila\/files\/2024\/08\/Flash-articulo-IA-300x300.jpg\" alt=\"\" width=\"374\" height=\"374\" srcset=\"https:\/\/blogsaverroes.juntadeandalucia.es\/ellocodelamochila\/files\/2024\/08\/Flash-articulo-IA-300x300.jpg 300w, https:\/\/blogsaverroes.juntadeandalucia.es\/ellocodelamochila\/files\/2024\/08\/Flash-articulo-IA-1024x1024.jpg 1024w, https:\/\/blogsaverroes.juntadeandalucia.es\/ellocodelamochila\/files\/2024\/08\/Flash-articulo-IA-150x150.jpg 150w, https:\/\/blogsaverroes.juntadeandalucia.es\/ellocodelamochila\/files\/2024\/08\/Flash-articulo-IA-768x768.jpg 768w, https:\/\/blogsaverroes.juntadeandalucia.es\/ellocodelamochila\/files\/2024\/08\/Flash-articulo-IA-1024x1024-200x200.jpg 200w, https:\/\/blogsaverroes.juntadeandalucia.es\/ellocodelamochila\/files\/2024\/08\/Flash-articulo-IA.jpg 1080w\" sizes=\"(max-width: 374px) 100vw, 374px\" \/><\/b><\/span><\/p>\n<p style=\"text-align: justify\"><span style=\"font-family: terminal, monaco, monospace;font-size: 14pt\"><span style=\"font-weight: 400\">Basta a proponer un tema de investigaci\u00f3n a nuestro alumnado en el marco de desarrollo de una situaci\u00f3n de aprendizaje y proporcionarle acceso a Internet para la b\u00fasqueda de informaci\u00f3n para darse cuenta de una realidad: nuestro alumnado ya no usa <\/span><i><span style=\"font-weight: 400\">Google<\/span><\/i><span style=\"font-weight: 400\"> como punto de partida para localizar informaci\u00f3n, ha dejado los buscadores a un lado. Ahora lo que hace es abrir <\/span><i><span style=\"font-weight: 400\">ChatGPT<\/span><\/i><span style=\"font-weight: 400\"> y preguntar.<\/span><\/span><\/p>\n<p style=\"text-align: justify\"><span style=\"font-weight: 400;font-family: terminal, monaco, monospace;font-size: 14pt\">La IA est\u00e1 de moda. Ha borrado del mapa los motores de b\u00fasqueda tradicionales que nos han acompa\u00f1ado durante d\u00e9cadas. Y ante esta nueva realidad f\u00e1cilmente observable entre nuestro alumnado nos surge una serie de preguntas: \u00bfeste cambio se puede considerar positivo? \u00bfEs conveniente que nuestro alumnado use la IA o puede ser perjudicial para su aprendizaje? \u00bfHasta qu\u00e9 edad deber\u00edamos evitar su uso?<\/span><\/p>\n<p style=\"text-align: justify\"><span style=\"font-weight: 400;font-family: terminal, monaco, monospace;font-size: 14pt\">En definitiva, debemos reflexionar sobre si llevar el uso de la inteligencia artificial a nuestras aulas puede resultar beneficioso para nuestro alumnado o s\u00ed, en cambio, es mejor evitarla.<\/span><\/p>\n<p style=\"text-align: justify\">&nbsp;<\/p>\n<p style=\"text-align: justify\"><span style=\"font-family: terminal, monaco, monospace;font-size: 14pt\"><b>POR QU\u00c9 USAR LA IA EN EL AULA.<\/b><\/span><\/p>\n<p style=\"text-align: justify\"><span style=\"font-family: terminal, monaco, monospace;font-size: 14pt\"><span style=\"font-weight: 400\">En las \u00faltimas d\u00e9cadas hemos podido observar como el desarrollo tecnol\u00f3gico ha sido progresivo, integr\u00e1ndose sin pausas en el terreno educativo. As\u00ed, hemos visto como en poco tiempo ha ido cambiando nuestra realidad m\u00e1s inmediata: hemos sustituido la pizarra de tiza por la digital; dictar a apuntar por colgarlos en <\/span><i><span style=\"font-weight: 400\">Moodle<\/span><\/i><span style=\"font-weight: 400\"> o <\/span><i><span style=\"font-weight: 400\">Classroom<\/span><\/i><span style=\"font-weight: 400\">; la <\/span><i><span style=\"font-weight: 400\">wifi<\/span><\/i><span style=\"font-weight: 400\"> como un elemento imprescindible para el d\u00eda d\u00eda; el uso de port\u00e1til como alternativa o complemento a la cl\u00e1sica libreta; etc.<\/span><\/span><\/p>\n<p style=\"text-align: justify\"><span style=\"font-weight: 400;font-family: terminal, monaco, monospace;font-size: 14pt\">Esta progresiva digitalizaci\u00f3n de la educaci\u00f3n se ha ido haciendo poco a poco, sin prisa, pero sin pausa. Sin embargo, la llegada de la IA al \u00e1mbito educativo ha supuesto un cambio brutal. Y se ha producido con una velocidad enorme, casi de un d\u00eda a otro. No es simplemente un paso m\u00e1s; supone un gran salto, un cambio realmente significativo.<\/span><\/p>\n<p style=\"text-align: justify\"><span style=\"font-weight: 400;font-family: terminal, monaco, monospace;font-size: 14pt\">\u00bfY por qu\u00e9 nosotros como docentes debemos llevar el uso de la IA al aula? Por muchas razones. La m\u00e1s importante quiz\u00e1s sea que ya forma parte de la vida de nuestro alumnado y, con seguridad, seguir\u00e1 siendo as\u00ed en los pr\u00f3ximos a\u00f1os. No podemos obviar la realidad. Al contrario, debemos trabajar como con nuestro alumnado y entrenarlo para que haga un uso responsable y cr\u00edtico de la misma, sac\u00e1ndole el m\u00e1ximo provecho posible.<\/span><\/p>\n<p style=\"text-align: justify\"><span style=\"font-weight: 400;font-family: terminal, monaco, monospace;font-size: 14pt\">Otra raz\u00f3n evidente para llevar el uso de la IA a nuestras aulas es su enorme potencial did\u00e1ctico. La IA -bien usada- puede servir para multitud de tareas que potencian o mejoran el aprendizaje de nuestro alumnado. Por ejemplo, puede convertirse en un interlocutor para que nuestro alumnado converse en una segunda lengua y le ayude a progresar en su dominio idiom\u00e1tico; puede ayudarle a repasar haci\u00e9ndole preguntas sobre un determinado tema; puede analizar sus producciones escritas y detectar sus errores, proponi\u00e9ndole formas de mejorar; etc.<\/span><\/p>\n<p style=\"text-align: justify\"><span style=\"font-weight: 400;font-family: terminal, monaco, monospace;font-size: 14pt\">Y, para ello, es imprescindible que el docente se forme sobre el uso educativo de la IA.<\/span><\/p>\n<p style=\"text-align: justify\">&nbsp;<\/p>\n<p style=\"text-align: justify\"><span style=\"font-family: terminal, monaco, monospace;font-size: 14pt\"><b>\u00c9TICA DE LA IA: \u00bfQUI\u00c9N GANA?<\/b><\/span><\/p>\n<p style=\"text-align: justify\"><span style=\"font-weight: 400;font-family: terminal, monaco, monospace;font-size: 14pt\">En ocasiones se extiende entre el profesorado un cierto temor a llevar el uso de la IA a su aula. A veces este temor o incertidumbre puede deberse simplemente a dudas sobre su funcionamiento (\u00a1no todos somos docentes de inform\u00e1tica!). Otras, en cambio, el cuestionamiento nace de dilemas de car\u00e1cter \u00e9tico: \u00bfser\u00e1 adecuado lo que estoy haciendo o estar\u00e9 incitando mi alumnado a que use la IA de forma perniciosa o para labores de dudosa \u00e9tica?<\/span><\/p>\n<p style=\"text-align: justify\"><span style=\"font-weight: 400;font-family: terminal, monaco, monospace;font-size: 14pt\">La IA puede ser un arma de doble filo. Por un lado, bien usada, es indudable su enorme potencialidad para el proceso de aprendizaje-ense\u00f1anza, pero, por otro, tambi\u00e9n es posible usarla para enga\u00f1ar en cuestiones de autor\u00eda.<\/span><\/p>\n<p style=\"text-align: justify\"><span style=\"font-weight: 400;font-family: terminal, monaco, monospace;font-size: 14pt\">Siendo consciente de esta realidad, esto no debe convertirse en una excusa para evitar su uso en el aula o para mirar hacia otro lado. Al contrario, debemos empoderar a nuestro alumnado, haci\u00e9ndole reflexionar tanto sobre sus posibilidades como sus condicionantes \u00e9ticos, educ\u00e1ndolo en un uso de la IA que sea cr\u00edtico y respetuoso.<\/span><\/p>\n<p style=\"text-align: justify\"><span style=\"font-weight: 400;font-family: terminal, monaco, monospace;font-size: 14pt\">Se trata, en definitiva, de educar digitalmente a nuestro alumnado, guiarlo en un uso cr\u00edtico y responsable de las TIC con la finalidad de que sea capaz de usarla y aprovechar sus posibilidades did\u00e1cticas.<\/span><\/p>\n<p style=\"text-align: justify\">&nbsp;<\/p>\n<p style=\"text-align: justify\"><span style=\"font-family: terminal, monaco, monospace;font-size: 14pt\"><b>LA IA Y LA ATENCI\u00d3N A LA DIVERSIDAD.<\/b><\/span><\/p>\n<p style=\"text-align: justify\"><span style=\"font-weight: 400;font-family: terminal, monaco, monospace;font-size: 14pt\">La IA tiene posibilidades de aplicaci\u00f3n directa en pr\u00e1cticamente todos los \u00e1mbitos implicados en el proceso educativo, desde la elaboraci\u00f3n y dise\u00f1o de recursos did\u00e1cticos hasta el propio trabajo en el aula.<\/span><\/p>\n<p style=\"text-align: justify\"><span style=\"font-weight: 400;font-family: terminal, monaco, monospace;font-size: 14pt\">Sin embargo, uno de los campos de acci\u00f3n en los que quiz\u00e1 su utilidad puede ser mucho m\u00e1s significativa es en el de la atenci\u00f3n a la diversidad.<\/span><\/p>\n<p style=\"text-align: justify\"><span style=\"font-weight: 400;font-family: terminal, monaco, monospace;font-size: 14pt\">Este \u00e1mbito es uno de los m\u00e1s importantes en el trabajo docente y, al mismo tiempo, uno de los m\u00e1s complejos. Y es justo por esto por lo que la IA puede ayudarnos a ser m\u00e1s efectivos. Debemos tener en cuenta que apostar por una educaci\u00f3n que sea verdaderamente inclusiva, que permita que todas y todos tengan la posibilidad de desarrollar su aprendizaje, es un aut\u00e9ntico desaf\u00edo para cualquier docente. Y lo es en multitud de sentidos: en la preparaci\u00f3n de secuencias de trabajo multinivel adaptadas, personalizadas y contextualizadas; en el an\u00e1lisis de los datos proporcionados por la evaluaci\u00f3n; la propia atenci\u00f3n en el aula y en el acompa\u00f1amiento; etc.<\/span><\/p>\n<p style=\"text-align: justify\"><span style=\"font-weight: 400;font-family: terminal, monaco, monospace;font-size: 14pt\">Por ello, es necesario que la filosof\u00eda del DUA impregne el trabajo educativo en su totalidad de principio a fin, desde el dise\u00f1o y evaluaci\u00f3n de situaciones de aprendizaje hasta el trabajo en el aula. As\u00ed, es un error de partida crear una situaci\u00f3n de aprendizaje para un alumnado tipo con un nivel de desarrollo, competencial estimado para un curso o edad determinada. Muy al contrario: debemos preparar nuestras situaciones de aprendizaje para nuestro alumnado, pensando realmente en todos y cada uno de ellos, en sus caracter\u00edsticas (sociales y educativas), en sus intereses, etc. Esto es lo que implica una educaci\u00f3n inclusiva.<\/span><\/p>\n<p style=\"text-align: justify\"><span style=\"font-weight: 400;font-family: terminal, monaco, monospace;font-size: 14pt\">\u00bfY en qu\u00e9 puede ayudarnos la IA en este sentido? Pues en todo: desde la elaboraci\u00f3n de material educativo accesible, adecuado y contextualizado hasta en la aplicaci\u00f3n de las pautas y principios DUA.<\/span><\/p>\n<p style=\"text-align: justify\"><span style=\"font-family: terminal, monaco, monospace;font-size: 14pt\"><span style=\"font-weight: 400\">Veamos algunos <\/span><b>ejemplos<\/b><span style=\"font-weight: 400\"> concretos:<\/span><\/span><\/p>\n<p style=\"text-align: justify;padding-left: 80px\"><span style=\"font-weight: 400;font-family: terminal, monaco, monospace;font-size: 14pt\">-multinivelaci\u00f3n de secuencias did\u00e1cticas,<\/span><\/p>\n<p style=\"text-align: justify;padding-left: 80px\"><span style=\"font-weight: 400;font-family: terminal, monaco, monospace;font-size: 14pt\">-creaci\u00f3n de secuencias did\u00e1cticas seg\u00fan el modelo REA-DUA,<\/span><\/p>\n<p style=\"text-align: justify;padding-left: 80px\"><span style=\"font-weight: 400;font-family: terminal, monaco, monospace;font-size: 14pt\">-creaci\u00f3n de secuencias did\u00e1cticas aplicando la taxonom\u00eda de Bloom,<\/span><\/p>\n<p style=\"text-align: justify;padding-left: 80px\"><span style=\"font-weight: 400;font-family: terminal, monaco, monospace;font-size: 14pt\">-adaptaci\u00f3n de textos a lectura f\u00e1cil\u2026<\/span><\/p>\n<p style=\"text-align: justify\">&nbsp;<\/p>\n<p style=\"text-align: justify\"><span style=\"font-family: terminal, monaco, monospace;font-size: 14pt\"><b>EJEMPLOS PR\u00c1CTICOS DEL USO EDUCATIVO DE LA IA.<\/b><\/span><\/p>\n<p style=\"text-align: justify\"><span style=\"font-family: terminal, monaco, monospace;font-size: 14pt\"><b>-El uso educativo de la IA por la docente.<\/b><\/span><\/p>\n<p style=\"text-align: justify\"><span style=\"font-weight: 400;font-family: terminal, monaco, monospace;font-size: 14pt\">La IA constituye una valiosa herramienta que pueda agilizar algunas labores t\u00edpicas del quehacer docente, as\u00ed como proporcionar recursos variados, adaptados y contextualizados para que el proceso de aprendizaje-ense\u00f1anza sea lo m\u00e1s eficiente posible.<\/span><\/p>\n<p style=\"text-align: justify\"><span style=\"font-family: terminal, monaco, monospace;font-size: 14pt\"><span style=\"font-weight: 400\">Veamos solo algunos de los posibles <\/span><b>usos<\/b><span style=\"font-weight: 400\"> por parte del docente a modo de lluvia de ideas:<\/span><\/span><\/p>\n<p style=\"text-align: justify\"><span style=\"font-family: terminal, monaco, monospace;font-size: 14pt\"><span style=\"font-weight: 400\"><img loading=\"lazy\" decoding=\"async\" class=\" wp-image-2687 alignright\" src=\"https:\/\/blogsaverroes.juntadeandalucia.es\/ellocodelamochila\/files\/2024\/08\/Idea-uso-IA-docente-300x168.png\" alt=\"\" width=\"429\" height=\"240\" srcset=\"https:\/\/blogsaverroes.juntadeandalucia.es\/ellocodelamochila\/files\/2024\/08\/Idea-uso-IA-docente-300x168.png 300w, https:\/\/blogsaverroes.juntadeandalucia.es\/ellocodelamochila\/files\/2024\/08\/Idea-uso-IA-docente-1024x573.png 1024w, https:\/\/blogsaverroes.juntadeandalucia.es\/ellocodelamochila\/files\/2024\/08\/Idea-uso-IA-docente-768x430.png 768w, https:\/\/blogsaverroes.juntadeandalucia.es\/ellocodelamochila\/files\/2024\/08\/Idea-uso-IA-docente.png 1299w\" sizes=\"(max-width: 429px) 100vw, 429px\" \/><\/span><\/span><\/p>\n<p style=\"text-align: justify;padding-left: 80px\"><span style=\"font-weight: 400;font-family: terminal, monaco, monospace;font-size: 14pt\">-para cuestiones de organizaci\u00f3n y funcionamiento del centro: elaboraci\u00f3n de horarios, gesti\u00f3n de uso de aulas o espacios espec\u00edficos, elaboraci\u00f3n de gr\u00e1ficos con informes de convivencia, estad\u00edsticas de evaluaci\u00f3n, etc.;<\/span><\/p>\n<p style=\"text-align: justify;padding-left: 80px\"><span style=\"font-weight: 400;font-family: terminal, monaco, monospace;font-size: 14pt\">-para labores administrativas: redacci\u00f3n de actas, dise\u00f1o de im\u00e1genes corporativas,<\/span><\/p>\n<p style=\"text-align: justify;padding-left: 80px\"><span style=\"font-weight: 400;font-family: terminal, monaco, monospace;font-size: 14pt\">-para la creaci\u00f3n de materiales did\u00e1cticos: dise\u00f1o de r\u00fabricas de evaluaci\u00f3n, elaboraci\u00f3n de secuencias did\u00e1cticas, creaci\u00f3n de textos adaptados y contextualizados, materiales para la atenci\u00f3n a la diversidad, dise\u00f1o de instrumentos de evaluaci\u00f3n\u2026<\/span><\/p>\n<p style=\"text-align: justify\">&nbsp;<\/p>\n<p style=\"text-align: justify\"><span style=\"font-family: terminal, monaco, monospace;font-size: 14pt\"><b>-Uso de la IA por la \/ el alumna \/ o.<\/b><\/span><\/p>\n<p style=\"text-align: justify\"><span style=\"font-family: terminal, monaco, monospace;font-size: 14pt\"><b><span style=\"font-weight: 400;font-family: terminal, monaco, monospace;font-size: 14pt\"><img loading=\"lazy\" decoding=\"async\" class=\" wp-image-2688 alignright\" src=\"https:\/\/blogsaverroes.juntadeandalucia.es\/ellocodelamochila\/files\/2024\/08\/Ideas-uso-IA-alumno-300x168.png\" alt=\"\" width=\"425\" height=\"238\" srcset=\"https:\/\/blogsaverroes.juntadeandalucia.es\/ellocodelamochila\/files\/2024\/08\/Ideas-uso-IA-alumno-300x168.png 300w, https:\/\/blogsaverroes.juntadeandalucia.es\/ellocodelamochila\/files\/2024\/08\/Ideas-uso-IA-alumno-1024x574.png 1024w, https:\/\/blogsaverroes.juntadeandalucia.es\/ellocodelamochila\/files\/2024\/08\/Ideas-uso-IA-alumno-768x430.png 768w, https:\/\/blogsaverroes.juntadeandalucia.es\/ellocodelamochila\/files\/2024\/08\/Ideas-uso-IA-alumno.png 1319w\" sizes=\"(max-width: 425px) 100vw, 425px\" \/><\/span><\/b><\/span><\/p>\n<p style=\"text-align: justify\"><span style=\"font-weight: 400;font-family: terminal, monaco, monospace;font-size: 14pt\">Pero la IA no es solo una herramienta para el docente, sino que tambi\u00e9n puede convertirse en un recurso apto para nuestro alumnado. L\u00f3gicamente, debemos trabajar en el aula para que nuestro alumnado haga un uso cr\u00edtico, responsable y efectivo de la IA, evitando su empleo para tareas determinadas poco \u00e9ticas (por ejemplo, para enga\u00f1ar al profesorado en la realizaci\u00f3n de tareas).<\/span><\/p>\n<p style=\"text-align: justify\"><span style=\"font-weight: 400;font-family: terminal, monaco, monospace;font-size: 14pt\">Veamos algunos de los posibles <strong>usos<\/strong> por parte de nuestro alumnado: practicar idiomas, autoevaluar producciones propias, crear escenarios de aprendizaje, resumir o esquematizar, etc.<\/span><\/p>\n<!--themify_builder_content-->\n<div id=\"themify_builder_content-2684\" data-postid=\"2684\" class=\"themify_builder_content themify_builder_content-2684 themify_builder tf_clear\">\n                    <div  data-lazy=\"1\" class=\"module_row themify_builder_row tb_fmtw274 tb_first tf_w\">\n                        <div class=\"row_inner col_align_top tb_col_count_1 tf_box tf_rel\">\n                        <div  data-lazy=\"1\" class=\"module_column tb-column col-full tb_5r00275 first\">\n                            <div  data-lazy=\"1\" class=\"module_subrow themify_builder_sub_row tf_w col_align_top tb_col_count_2 tb_5xpr789\">\n                <div  data-lazy=\"1\" class=\"module_column sub_column col2-1 tb_crwl790 first\">\n                            <\/div>\n                    <div  data-lazy=\"1\" class=\"module_column sub_column col2-1 tb_ulox790 last\">\n                    <!-- module social share -->\n<div  class=\"module module-social-share tb_cqy3625  tb_ss_size_large tb_ss_shape_rounded\" data-lazy=\"1\" data-title=\"\" data-url=\"\">\n        <div class=\"module-social-share-wrapper\">\n                                            <div class=\"ss_anchor_wrap tf_inline_b\">\n                        <a href=\"#\" data-type=\"facebook\">\n                            <em class=\"tb_social_share_icon\"><svg  aria-label=\"Facebook\" class=\"tf_fa tf-ti-facebook\" role=\"img\"><use href=\"#tf-ti-facebook\"><\/use><\/svg><\/em>\n                                                    <\/a>\n                    <\/div>\n                                    <div class=\"ss_anchor_wrap tf_inline_b\">\n                        <a href=\"#\" data-type=\"twitter\">\n                            <em class=\"tb_social_share_icon\"><svg  aria-label=\"Twitter\" class=\"tf_fa tf-fab-x-twitter\" role=\"img\"><use href=\"#tf-fab-x-twitter\"><\/use><\/svg><\/em>\n                                                    <\/a>\n                    <\/div>\n                                    <div class=\"ss_anchor_wrap tf_inline_b\">\n                        <a href=\"#\" data-type=\"email\">\n                            <em class=\"tb_social_share_icon\"><svg  aria-label=\"Email\" class=\"tf_fa tf-ti-email\" role=\"img\"><use href=\"#tf-ti-email\"><\/use><\/svg><\/em>\n                                                    <\/a>\n                    <\/div>\n                            <\/div>\n<\/div>\n<!-- \/module social share -->\n        <\/div>\n                    <\/div>\n                <\/div>\n                        <\/div>\n        <\/div>\n        <\/div>\n<!--\/themify_builder_content-->","protected":false},"excerpt":{"rendered":"<p>INTRODUCCI\u00d3N. Basta a proponer un tema de investigaci\u00f3n a nuestro alumnado en el marco de desarrollo de una situaci\u00f3n de aprendizaje y proporcionarle acceso a Internet para la b\u00fasqueda de informaci\u00f3n para darse cuenta de una realidad: nuestro alumnado ya no usa Google como punto de partida para localizar informaci\u00f3n, ha dejado los buscadores a [&hellip;]<\/p>\n","protected":false},"author":4178,"featured_media":0,"parent":3373,"menu_order":1,"comment_status":"open","ping_status":"closed","template":"","meta":{"footnotes":""},"aioseo_notices":[],"_links":{"self":[{"href":"https:\/\/blogsaverroes.juntadeandalucia.es\/ellocodelamochila\/wp-json\/wp\/v2\/pages\/2684"}],"collection":[{"href":"https:\/\/blogsaverroes.juntadeandalucia.es\/ellocodelamochila\/wp-json\/wp\/v2\/pages"}],"about":[{"href":"https:\/\/blogsaverroes.juntadeandalucia.es\/ellocodelamochila\/wp-json\/wp\/v2\/types\/page"}],"author":[{"embeddable":true,"href":"https:\/\/blogsaverroes.juntadeandalucia.es\/ellocodelamochila\/wp-json\/wp\/v2\/users\/4178"}],"replies":[{"embeddable":true,"href":"https:\/\/blogsaverroes.juntadeandalucia.es\/ellocodelamochila\/wp-json\/wp\/v2\/comments?post=2684"}],"version-history":[{"count":5,"href":"https:\/\/blogsaverroes.juntadeandalucia.es\/ellocodelamochila\/wp-json\/wp\/v2\/pages\/2684\/revisions"}],"predecessor-version":[{"id":2692,"href":"https:\/\/blogsaverroes.juntadeandalucia.es\/ellocodelamochila\/wp-json\/wp\/v2\/pages\/2684\/revisions\/2692"}],"up":[{"embeddable":true,"href":"https:\/\/blogsaverroes.juntadeandalucia.es\/ellocodelamochila\/wp-json\/wp\/v2\/pages\/3373"}],"wp:attachment":[{"href":"https:\/\/blogsaverroes.juntadeandalucia.es\/ellocodelamochila\/wp-json\/wp\/v2\/media?parent=2684"}],"curies":[{"name":"wp","href":"https:\/\/api.w.org\/{rel}","templated":true}]}}