{"id":2700,"date":"2024-08-23T11:13:24","date_gmt":"2024-08-23T09:13:24","guid":{"rendered":"https:\/\/blogsaverroes.juntadeandalucia.es\/ellocodelamochila\/?page_id=2700"},"modified":"2025-07-10T13:52:24","modified_gmt":"2025-07-10T11:52:24","slug":"ia-educativa","status":"publish","type":"page","link":"https:\/\/blogsaverroes.juntadeandalucia.es\/ellocodelamochila\/ia-educativa\/","title":{"rendered":"IA EDUCATIVA"},"content":{"rendered":"<!--themify_builder_content-->\n<div id=\"themify_builder_content-2700\" data-postid=\"2700\" class=\"themify_builder_content themify_builder_content-2700 themify_builder tf_clear\">\n                    <div  data-lazy=\"1\" class=\"module_row themify_builder_row tb_e22p252 tb_first tf_w\">\n                        <div class=\"row_inner col_align_top tb_col_count_2 tf_box tf_rel\">\n                        <div  data-lazy=\"1\" class=\"module_column tb-column col4-2 tb_6iwo252 first\">\n                    <!-- module image -->\n<div  class=\"module module-image tb_intm89 image-top drop-shadow bordered  auto_fullwidth tf_mw\" data-lazy=\"1\">\n        <div class=\"image-wrap tf_rel tf_mw\">\n            <img loading=\"lazy\" decoding=\"async\" width=\"1920\" height=\"1080\" src=\"https:\/\/blogsaverroes.juntadeandalucia.es\/ellocodelamochila\/files\/2025\/07\/Portada-IA-educativa.jpg\" class=\"wp-post-image wp-image-3303\" title=\"Portada IA educativa\" alt=\"Portada IA educativa\" srcset=\"https:\/\/blogsaverroes.juntadeandalucia.es\/ellocodelamochila\/files\/2025\/07\/Portada-IA-educativa.jpg 1920w, https:\/\/blogsaverroes.juntadeandalucia.es\/ellocodelamochila\/files\/2025\/07\/Portada-IA-educativa-300x169.jpg 300w, https:\/\/blogsaverroes.juntadeandalucia.es\/ellocodelamochila\/files\/2025\/07\/Portada-IA-educativa-1024x576.jpg 1024w, https:\/\/blogsaverroes.juntadeandalucia.es\/ellocodelamochila\/files\/2025\/07\/Portada-IA-educativa-768x432.jpg 768w, https:\/\/blogsaverroes.juntadeandalucia.es\/ellocodelamochila\/files\/2025\/07\/Portada-IA-educativa-1536x864.jpg 1536w\" sizes=\"(max-width: 1920px) 100vw, 1920px\" \/>    \n        <\/div>\n    <!-- \/image-wrap -->\n    \n        <\/div>\n<!-- \/module image -->        <\/div>\n                    <div  data-lazy=\"1\" class=\"module_column tb-column col4-2 tb_rqh5252 last\">\n                    <!-- module menu -->\n<div  class=\"module module-menu tb_wswh786  mobile-menu-slide\" data-menu-style=\"mobile-menu-slide\" data-menu-breakpoint=\"0\" data-element-id=\"tb_wswh786\" data-lazy=\"1\">\n        \n    <div class=\"module-menu-container\"><ul id=\"menu-menu-pestana-ia\" class=\"ui tf_clearfix nav tf_rel tf_scrollbar vertical light-blue rounded gradient glossy embossed shadow\"><li id=\"menu-item-4067\" class=\"menu-item-page-4055 menu-item menu-item-type-post_type menu-item-object-page menu-item-4067\"><a href=\"https:\/\/blogsaverroes.juntadeandalucia.es\/ellocodelamochila\/ia-educativa\/herramientas-digitales-educativas-creadas-con-ia\/\">HERRAMIENTAS DIGITALES EDUCATIVAS CREADAS CON IA.<\/a><\/li>\n<li id=\"menu-item-3612\" class=\"menu-item-page-3598 menu-item menu-item-type-post_type menu-item-object-page menu-item-has-children menu-item-3612\"><a href=\"https:\/\/blogsaverroes.juntadeandalucia.es\/ellocodelamochila\/ia-educativa\/uso-educativo-de-la-ia\/\">USO EDUCATIVO DE LA IA<span class=\"child-arrow closed\" tabindex=\"-1\"><\/span><\/a>\n<ul class=\"sub-menu\">\n\t<li id=\"menu-item-3613\" class=\"menu-item-page-3563 menu-item menu-item-type-post_type menu-item-object-page menu-item-3613 menu-page-3563-parent-3612\"><a href=\"https:\/\/blogsaverroes.juntadeandalucia.es\/ellocodelamochila\/ia-educativa\/uso-educativo-de-la-ia\/herramientas-digitales-creadas-con-ia-para-el-dia-a-dia-de-un-centro\/\">HERRAMIENTAS DIGITALES CREADAS CON IA PARA EL D\u00cdA A D\u00cdA DE UN CENTRO<\/a><\/li>\n\t<li id=\"menu-item-3614\" class=\"menu-item-page-3439 menu-item menu-item-type-post_type menu-item-object-page menu-item-3614 menu-page-3439-parent-3612\"><a href=\"https:\/\/blogsaverroes.juntadeandalucia.es\/ellocodelamochila\/ia-educativa\/uso-educativo-de-la-ia\/creacion-de-actividades-interactivas-con-inteligencia-artificial\/\">CREACI\u00d3N DE ACTIVIDADES INTERACTIVAS CON INTELIGENCIA ARTIFICIAL<\/a><\/li>\n\t<li id=\"menu-item-3726\" class=\"menu-item-page-3699 menu-item menu-item-type-post_type menu-item-object-page menu-item-3726 menu-page-3699-parent-3612\"><a href=\"https:\/\/blogsaverroes.juntadeandalucia.es\/ellocodelamochila\/ia-educativa\/uso-educativo-de-la-ia\/creacion-de-gemas-agentes-para-el-trabajo-educativo\/\">CREACI\u00d3N DE GEMAS\/AGENTES PARA EL TRABAJO EDUCATIVO<\/a><\/li>\n\t<li id=\"menu-item-4123\" class=\"menu-item-page-4099 menu-item menu-item-type-post_type menu-item-object-page menu-item-4123 menu-page-4099-parent-3612\"><a href=\"https:\/\/blogsaverroes.juntadeandalucia.es\/ellocodelamochila\/ia-educativa\/uso-educativo-de-la-ia\/la-ia-para-la-creacion-de-equipos-base\/\">LA IA PARA LA CREACI\u00d3N DE EQUIPOS BASE<\/a><\/li>\n\t<li id=\"menu-item-3398\" class=\"menu-item-page-3394 menu-item menu-item-type-post_type menu-item-object-page menu-item-3398 menu-page-3394-parent-3612\"><a href=\"https:\/\/blogsaverroes.juntadeandalucia.es\/ellocodelamochila\/ia-educativa\/uso-educativo-de-la-ia\/ideas-para-el-uso-de-la-ia-en-el-aula\/\">IDEAS PARA EL USO DE LA IA EN EL AULA<\/a><\/li>\n\t<li id=\"menu-item-3419\" class=\"menu-item-page-3400 menu-item menu-item-type-post_type menu-item-object-page menu-item-3419 menu-page-3400-parent-3612\"><a href=\"https:\/\/blogsaverroes.juntadeandalucia.es\/ellocodelamochila\/ia-educativa\/uso-educativo-de-la-ia\/repositorio-de-prompts-educativos\/\">REPOSITORIO DE PROMPTS EDUCATIVOS<\/a><\/li>\n<\/ul>\n<\/li>\n<li id=\"menu-item-3642\" class=\"menu-item-page-3627 menu-item menu-item-type-post_type menu-item-object-page menu-item-3642\"><a href=\"https:\/\/blogsaverroes.juntadeandalucia.es\/ellocodelamochila\/ia-educativa\/curso-uso-educativo-de-la-ia\/\">CURSO USO EDUCATIVO DE LA IA<\/a><\/li>\n<li id=\"menu-item-4036\" class=\"menu-item-page-4026 menu-item menu-item-type-post_type menu-item-object-page menu-item-4036\"><a href=\"https:\/\/blogsaverroes.juntadeandalucia.es\/ellocodelamochila\/ia-educativa\/integracion-del-uso-de-la-ia-en-el-dia-a-dia-de-una-asesoria-de-formacion\/\">INTEGRACI\u00d3N DEL USO DE LA IA EN EL D\u00cdA A D\u00cdA DE UNA ASESOR\u00cdA DE FORMACI\u00d3N.<\/a><\/li>\n<li id=\"menu-item-3382\" class=\"menu-item-page-3373 menu-item menu-item-type-post_type menu-item-object-page menu-item-has-children menu-item-3382\"><a href=\"https:\/\/blogsaverroes.juntadeandalucia.es\/ellocodelamochila\/ia-educativa\/reflexiones-sobre-el-uso-educativo-de-la-ia\/\">REFLEXIONES SOBRE EL USO EDUCATIVO DE LA IA<span class=\"child-arrow closed\" tabindex=\"-1\"><\/span><\/a>\n<ul class=\"sub-menu\">\n\t<li id=\"menu-item-2719\" class=\"menu-item-page-2684 menu-item menu-item-type-post_type menu-item-object-page menu-item-2719 menu-page-2684-parent-3382\"><a href=\"https:\/\/blogsaverroes.juntadeandalucia.es\/ellocodelamochila\/ia-educativa\/reflexiones-sobre-el-uso-educativo-de-la-ia\/la-ia-dentro-o-fuera-del-aula\/\">LA IA: \u00bfDENTRO O FUERA DEL AULA?<\/a><\/li>\n<\/ul>\n<\/li>\n<li id=\"menu-item-3393\" class=\"menu-item-page-3387 menu-item menu-item-type-post_type menu-item-object-page menu-item-3393\"><a href=\"https:\/\/blogsaverroes.juntadeandalucia.es\/ellocodelamochila\/ia-educativa\/cajas-de-herramientas-de-ia\/\">CAJAS DE HERRAMIENTAS DE IA<\/a><\/li>\n<\/ul><\/div>        <style>\n            .mobile-menu-module[data-module=\"tb_wswh786\"]{\n                right:-300px            }\n        <\/style>\n    <\/div>\n<!-- \/module menu -->\n        <\/div>\n                        <\/div>\n        <\/div>\n        <\/div>\n<!--\/themify_builder_content-->&nbsp;<\/p>\n<p>&nbsp;<\/p>","protected":false},"excerpt":{"rendered":"<p>LA IA: \u00bfDENTRO O FUERA DEL AULA? IDEAS PR\u00c1CTICAS PARA EL USO DE LA IA ENTRE EL ALUMNADO. IDEAS PR\u00c1CTICAS PARA EL USO DE LA IA ENTRE DOCENTES. &nbsp; &nbsp;<\/p>\n","protected":false},"author":4178,"featured_media":0,"parent":0,"menu_order":8,"comment_status":"closed","ping_status":"closed","template":"","meta":{"footnotes":""},"aioseo_notices":[],"_links":{"self":[{"href":"https:\/\/blogsaverroes.juntadeandalucia.es\/ellocodelamochila\/wp-json\/wp\/v2\/pages\/2700"}],"collection":[{"href":"https:\/\/blogsaverroes.juntadeandalucia.es\/ellocodelamochila\/wp-json\/wp\/v2\/pages"}],"about":[{"href":"https:\/\/blogsaverroes.juntadeandalucia.es\/ellocodelamochila\/wp-json\/wp\/v2\/types\/page"}],"author":[{"embeddable":true,"href":"https:\/\/blogsaverroes.juntadeandalucia.es\/ellocodelamochila\/wp-json\/wp\/v2\/users\/4178"}],"replies":[{"embeddable":true,"href":"https:\/\/blogsaverroes.juntadeandalucia.es\/ellocodelamochila\/wp-json\/wp\/v2\/comments?post=2700"}],"version-history":[{"count":25,"href":"https:\/\/blogsaverroes.juntadeandalucia.es\/ellocodelamochila\/wp-json\/wp\/v2\/pages\/2700\/revisions"}],"predecessor-version":[{"id":3306,"href":"https:\/\/blogsaverroes.juntadeandalucia.es\/ellocodelamochila\/wp-json\/wp\/v2\/pages\/2700\/revisions\/3306"}],"wp:attachment":[{"href":"https:\/\/blogsaverroes.juntadeandalucia.es\/ellocodelamochila\/wp-json\/wp\/v2\/media?parent=2700"}],"curies":[{"name":"wp","href":"https:\/\/api.w.org\/{rel}","templated":true}]}}