{"id":2873,"date":"2025-03-21T11:35:11","date_gmt":"2025-03-21T10:35:11","guid":{"rendered":"https:\/\/blogsaverroes.juntadeandalucia.es\/ellocodelamochila\/?page_id=2873"},"modified":"2025-07-12T13:33:56","modified_gmt":"2025-07-12T11:33:56","slug":"taller-eabe-2025","status":"publish","type":"page","link":"https:\/\/blogsaverroes.juntadeandalucia.es\/ellocodelamochila\/otras-cosas\/taller-eabe-2025\/","title":{"rendered":"TALLER EABE 2025"},"content":{"rendered":"<!--themify_builder_content-->\n<div id=\"themify_builder_content-2873\" data-postid=\"2873\" class=\"themify_builder_content themify_builder_content-2873 themify_builder tf_clear\">\n                    <div  data-lazy=\"1\" class=\"module_row themify_builder_row tb_5fkm718 tb_first tf_w\">\n                        <div class=\"row_inner col_align_top tb_col_count_1 tf_box tf_rel\">\n                        <div  data-lazy=\"1\" class=\"module_column tb-column col-full tb_8fzd718 first\">\n                    <!-- module box -->\n<div  class=\"module module-box tb_sy9g375 \" data-lazy=\"1\">\n    <div class=\"module-box-content ui  tb_default_color\">\n                <div class=\"tb_text_wrap\"><div style=\"position: relative; width: 100%; height: 0; padding-top: 56.2500%; padding-bottom: 0; box-shadow: 0 2px 8px 0 rgba(63,69,81,0.16); margin-top: 1.6em; margin-bottom: 0.9em; overflow: hidden; border-radius: 8px; will-change: transform;\"><iframe style=\"position: absolute; width: 100%; height: 100%; top: 0; left: 0; border: none; padding: 0; margin: 0;\" src=\"https:\/\/www.canva.com\/design\/DAGgRweAJsE\/xFgHVCO7x8HK8BvfWEv2uQ\/view?embed\" allowfullscreen=\"allowfullscreen\"><br \/>  <\/iframe><\/div><p><a href=\"https:\/\/www.canva.com\/design\/DAGgRweAJsE\/xFgHVCO7x8HK8BvfWEv2uQ\/view?utm_content=DAGgRweAJsE&amp;utm_campaign=designshare&amp;utm_medium=embeds&amp;utm_source=link\" target=\"_blank\" rel=\"noopener\">Taller EABE 2025<\/a> de Juanma L\u00f3pez<\/p><\/div>\n    <\/div>\n<\/div>\n<!-- \/module box -->\n<!-- module box -->\n<div  class=\"module module-box tb_k7q9660 \" data-lazy=\"1\">\n<h3 class=\"module-title\">MINICAJA DE HERRAMIENTAS DE IA.<\/h3>    <div class=\"module-box-content ui  tb_default_color\">\n                <div class=\"tb_text_wrap\"><p style=\"text-align: center;\"><iframe loading=\"lazy\" src=\"https:\/\/embed.wakelet.com\/wakes\/jzY7pUtGla9N5GzJy0LFL\/list?border=1&amp;hide-description=1\" width=\"100%\" height=\"760px\" data-mce-fragment=\"1\"><\/iframe><!-- Please only call https:\/\/embed-assets.wakelet.com\/wakelet-embed.js once per page -->&nbsp;<\/p><\/div>\n    <\/div>\n<\/div>\n<!-- \/module box -->\n<!-- module accordion -->\n<div  class=\"module module-accordion tb_hbux875 \" data-behavior=\"toggle\" data-lazy=\"1\">\n    <h3 class=\"module-title\">REPOSITORIO DE PROMPTS EDUCATIVOS.<\/h3>\n    <ul class=\"ui module-accordion separate rounded gradient glossy light-blue\">\n            <li>\n            <div class=\"accordion-title tf_rel\">\n                <a href=\"#acc-hbux875-0\" class=\"tb_title_accordion\" aria-controls=\"acc-hbux875-0-content\" aria-expanded=\"false\">\n                    <i class=\"accordion-icon\"><svg  class=\"tf_fa tf-ti-angle-double-right\" aria-hidden=\"true\"><use href=\"#tf-ti-angle-double-right\"><\/use><\/svg><\/i>                                        Generaci\u00f3n de r\u00fabricas.                <\/a>\n            <\/div><!-- .accordion-title -->\n            <div id=\"acc-hbux875-0-content\" data-id=\"acc-hbux875-0\" aria-hidden=\"true\" class=\"accordion-content tf_hide tf_clearfix\">\n                                    <div class=\"tb_text_wrap\">\n                        <p style=\"text-align: justify;\"><span style=\"font-weight: 400; font-family: 'times new roman', times, serif; font-size: 14pt;\">Eres una profesora experta en evaluaci\u00f3n por competencial y criterial, con amplia experiencia en la creaci\u00f3n de r\u00fabricas de evaluaci\u00f3n y tambi\u00e9n en la evaluaci\u00f3n formativa de alumnas y alumnos.&nbsp;<\/span><\/p><p style=\"text-align: justify;\"><span style=\"font-weight: 400; font-family: 'times new roman', times, serif; font-size: 14pt;\">Necesito tu ayuda para CREAR una r\u00fabrica de evaluaci\u00f3n. La r\u00fabrica DEBE partir de un criterio de evaluaci\u00f3n concreto y secuenciarlo en distintos atributos que DEBEN partir de ese mismo criterio de evaluaci\u00f3n.<\/span><\/p><p style=\"text-align: justify;\"><span style=\"font-weight: 400; font-family: 'times new roman', times, serif; font-size: 14pt;\">Por favor, PREG\u00daNTAME el criterio de evaluaci\u00f3n que deseo evaluar.&nbsp;<\/span><\/p><p style=\"text-align: justify;\"><span style=\"font-weight: 400; font-family: 'times new roman', times, serif; font-size: 14pt;\">Cuando te indique el criterio de evaluaci\u00f3n, CREA una r\u00fabrica en FORMATO de tabla. Debes colocar en la primera columna los aspectos que vas a evaluar extra\u00eddos del criterio (los atributos) y luego crea cinco columnas m\u00e1s redactando sus indicadores de logro correspondientes que deben ser SOBRESALIENTE, NOTABLE, BIEN, SUFICIENTE E INSUFICIENTE. Usa un lenguaje claro para los estudiantes y tambi\u00e9n inclusivo.<\/span><\/p><p style=\"text-align: justify;\"><span style=\"font-weight: 400; font-family: 'times new roman', times, serif; font-size: 14pt;\">Por \u00faltimo, PREG\u00daNTAME si me parece bien la r\u00fabrica que has creado. Introduce las modificaciones que te indique hasta que te diga que es adecuada o correcta.<\/span><\/p>                    <\/div>\n                            <\/div><!-- .accordion-content -->\n        <\/li>\n            <li>\n            <div class=\"accordion-title tf_rel\">\n                <a href=\"#acc-hbux875-1\" class=\"tb_title_accordion\" aria-controls=\"acc-hbux875-1-content\" aria-expanded=\"false\">\n                    <i class=\"accordion-icon\"><svg  class=\"tf_fa tf-ti-angle-double-right\" aria-hidden=\"true\"><use href=\"#tf-ti-angle-double-right\"><\/use><\/svg><\/i>                                        Generaci\u00f3n de escalas de valoraci\u00f3n.                <\/a>\n            <\/div><!-- .accordion-title -->\n            <div id=\"acc-hbux875-1-content\" data-id=\"acc-hbux875-1\" aria-hidden=\"true\" class=\"accordion-content tf_hide tf_clearfix\">\n                                    <div class=\"tb_text_wrap\">\n                        <p style=\"text-align: justify;\"><span style=\"font-weight: 400; font-family: 'times new roman', times, serif; font-size: 14pt;\">Eres una profesora experta en evaluaci\u00f3n por competencial y criterial, con amplia experiencia en la creaci\u00f3n de instrumentos de evaluaci\u00f3n, especialmente de escalas de valoraci\u00f3n, y tambi\u00e9n en la evaluaci\u00f3n formativa de alumnas y alumnos.&nbsp;<\/span><\/p><p style=\"text-align: justify;\"><span style=\"font-weight: 400; font-family: 'times new roman', times, serif; font-size: 14pt;\">Necesito tu ayuda para la CREACI\u00d3N de una escala de valoraci\u00f3n. La escala de valoraci\u00f3n DEBE partir de un criterio de evaluaci\u00f3n concreto y secuenciarlo en distintos atributos que DEBEN partir de ese mismo criterio de evaluaci\u00f3n.<\/span><\/p><p style=\"text-align: justify;\"><span style=\"font-weight: 400; font-family: 'times new roman', times, serif; font-size: 14pt;\">Por favor, PREG\u00daNTAME el criterio de evaluaci\u00f3n que deseo evaluar.&nbsp;<\/span><\/p><p style=\"text-align: justify;\"><span style=\"font-weight: 400; font-family: 'times new roman', times, serif; font-size: 14pt;\">Cuando te indique el criterio de evaluaci\u00f3n, CREA una escala de valoraci\u00f3n en FORMATO de tabla. La escala de valoraci\u00f3n DEBE contener una primera columna con los atributos (creados a partir del criterio de evaluaci\u00f3n que te he dado), una segunda columna encabezada por la expresi\u00f3n \u201cNUNCA (de 1 a 4)\u201d, una tercera columna encabezada por la expresi\u00f3n \u201cALGUNA VEZ (de 5 a 6)\u201d, una tercera columna encabezada por la expresi\u00f3n \u201cFRECUENTEMENTE (de 6 A 7)\u201d, una cuarta columna encabezada por la expresi\u00f3n \u201cCASI SIEMPRE (DE 7 A 8)\u201d y una quinta columna encabezada por la expresi\u00f3n \u201cSIEMPRE (de 9 a 10)\u201d.<\/span><\/p><p style=\"text-align: justify;\"><span style=\"font-weight: 400; font-family: 'times new roman', times, serif; font-size: 14pt;\">Por \u00faltimo, PREG\u00daNTAME si me parece bien la escala de valoraci\u00f3n que has creado. Introduce las modificaciones que te indique hasta que te diga que es adecuada o correcta.<\/span><\/p>                    <\/div>\n                            <\/div><!-- .accordion-content -->\n        <\/li>\n            <li>\n            <div class=\"accordion-title tf_rel\">\n                <a href=\"#acc-hbux875-2\" class=\"tb_title_accordion\" aria-controls=\"acc-hbux875-2-content\" aria-expanded=\"false\">\n                    <i class=\"accordion-icon\"><svg  class=\"tf_fa tf-ti-angle-double-right\" aria-hidden=\"true\"><use href=\"#tf-ti-angle-double-right\"><\/use><\/svg><\/i>                                        Generaci\u00f3n de listas de cotejo.                <\/a>\n            <\/div><!-- .accordion-title -->\n            <div id=\"acc-hbux875-2-content\" data-id=\"acc-hbux875-2\" aria-hidden=\"true\" class=\"accordion-content tf_hide tf_clearfix\">\n                                    <div class=\"tb_text_wrap\">\n                        <p style=\"text-align: justify;\"><span style=\"font-weight: 400; font-family: 'times new roman', times, serif; font-size: 14pt;\">Eres una profesora experta en evaluaci\u00f3n por competencial y criterial, con amplia experiencia en la creaci\u00f3n instrumentos de evaluaci\u00f3n, especialmente en listas de cotejo, y tambi\u00e9n en la evaluaci\u00f3n formativa de alumnas y alumnos.&nbsp;<\/span><\/p><p style=\"text-align: justify;\"><span style=\"font-weight: 400; font-family: 'times new roman', times, serif; font-size: 14pt;\">Necesito tu ayuda para la CREACI\u00d3N de una lista de cotejo. La lista de cotejo DEBE partir de un criterio de evaluaci\u00f3n concreto y secuenciarlo en distintos atributos que DEBEN partir de ese mismo criterio de evaluaci\u00f3n.&nbsp;<\/span><\/p><p style=\"text-align: justify;\"><span style=\"font-weight: 400; font-family: 'times new roman', times, serif; font-size: 14pt;\">Por favor, PREG\u00daNTAME el criterio de evaluaci\u00f3n que deseo evaluar.&nbsp;<\/span><\/p><p style=\"text-align: justify;\"><span style=\"font-weight: 400; font-family: 'times new roman', times, serif; font-size: 14pt;\">Cuando te indique el criterio de evaluaci\u00f3n, CREA una lista de cotejo en FORMATO de tabla. La lista de cotejo DEBE contener una primera columna con todos los atributos (creados a partir del criterio de evaluaci\u00f3n), una segunda columna encabezada por la palabra \u201cS\u00cd\u201d, una tercera columna encabezada por la palabra \u201cNO\u201d y una cuarta columna encabezada por la palabra \u201cCOMENTARIOS\u201d.<\/span><\/p><p style=\"text-align: justify;\"><span style=\"font-weight: 400; font-family: 'times new roman', times, serif; font-size: 14pt;\">Por \u00faltimo, PREG\u00daNTAME si me parece adecuada la lista de cotejo que has creado. Introduce las modificaciones que te indique hasta que te diga que es adecuada o correcta.<\/span><\/p>                    <\/div>\n                            <\/div><!-- .accordion-content -->\n        <\/li>\n            <li>\n            <div class=\"accordion-title tf_rel\">\n                <a href=\"#acc-hbux875-3\" class=\"tb_title_accordion\" aria-controls=\"acc-hbux875-3-content\" aria-expanded=\"false\">\n                    <i class=\"accordion-icon\"><svg  class=\"tf_fa tf-ti-angle-double-right\" aria-hidden=\"true\"><use href=\"#tf-ti-angle-double-right\"><\/use><\/svg><\/i>                                        (Auto)evaluaci\u00f3n de trabajos.                <\/a>\n            <\/div><!-- .accordion-title -->\n            <div id=\"acc-hbux875-3-content\" data-id=\"acc-hbux875-3\" aria-hidden=\"true\" class=\"accordion-content tf_hide tf_clearfix\">\n                                    <div class=\"tb_text_wrap\">\n                        <p style=\"text-align: justify;\"><span style=\"font-weight: 400; font-family: 'times new roman', times, serif; font-size: 14pt;\">ACT\u00daA como docente experta en evaluaci\u00f3n formativa y como especialista en evaluaci\u00f3n de trabajos con r\u00fabricas de evaluaci\u00f3n.&nbsp;<\/span><\/p><p style=\"text-align: justify;\"><span style=\"font-weight: 400; font-family: 'times new roman', times, serif; font-size: 14pt;\">Necesito tu ayuda para evaluar un trabajo escrito de un alumno. La evaluaci\u00f3n de este trabajo DEBE consistir en dar feedback de calidad sobre lo que ha hecho bien y lo que puede mejorar. Los comentarios SIEMPRE deben estar relacionados con una r\u00fabrica de evaluaci\u00f3n concreta y con el trabajo concreto del alumno.&nbsp;<\/span><\/p><p style=\"text-align: justify;\"><span style=\"font-weight: 400; font-family: 'times new roman', times, serif; font-size: 14pt;\">En primer lugar, P\u00cdDEME el trabajo que deseo evaluar. A continuaci\u00f3n, NO hagas nada, P\u00cdDEME la r\u00fabrica para la evaluaci\u00f3n de dicho trabajo.&nbsp;<\/span><\/p><p style=\"text-align: justify;\"><span style=\"font-weight: 400; font-family: 'times new roman', times, serif; font-size: 14pt;\">Despu\u00e9s, EVAL\u00daA el trabajo, proporcionando feedback de calidad relacionado SIEMPRE con la r\u00fabrica que te he dado y con el trabajo que te he dado.&nbsp;<\/span><span style=\"font-weight: 400; font-family: 'times new roman', times, serif; font-size: 14pt;\">&nbsp;<\/span><\/p><p style=\"text-align: justify;\"><span style=\"font-weight: 400; font-family: 'times new roman', times, serif; font-size: 14pt;\">A continuaci\u00f3n, PREG\u00daNTAME si el feedback me parece adecuado o si deseo introducir alguna modificaci\u00f3n. Introduce las modificaciones que te indique hasta que te diga que es adecuado o correcto.<\/span><\/p>                    <\/div>\n                            <\/div><!-- .accordion-content -->\n        <\/li>\n        <\/ul>\n\n<\/div><!-- \/module accordion --><!-- module accordion -->\n<div  class=\"module module-accordion tb_gukn808 \" data-behavior=\"toggle\" data-lazy=\"1\">\n    <h3 class=\"module-title\">OTRAS HERRAMIENTAS PARA EL TALLER.<\/h3>\n    <ul class=\"ui module-accordion separate gradient glossy shadow light-blue\">\n            <li>\n            <div class=\"accordion-title tf_rel\">\n                <a href=\"#acc-gukn808-0\" class=\"tb_title_accordion\" aria-controls=\"acc-gukn808-0-content\" aria-expanded=\"false\">\n                    <i class=\"accordion-icon\"><svg  class=\"tf_fa tf-ti-angle-double-right\" aria-hidden=\"true\"><use href=\"#tf-ti-angle-double-right\"><\/use><\/svg><\/i>                                        Ejemplo de criterio de evaluaci\u00f3n.                <\/a>\n            <\/div><!-- .accordion-title -->\n            <div id=\"acc-gukn808-0-content\" data-id=\"acc-gukn808-0\" aria-hidden=\"true\" class=\"accordion-content tf_hide tf_clearfix\">\n                                    <div class=\"tb_text_wrap\">\n                        <p style=\"text-align: justify;\"><span style=\"font-weight: 400; font-family: terminal, monaco, monospace; font-size: 14pt;\">5.1. Elaborar textos acad\u00e9micos coherentes, cohesionados y con el registro adecuado sobre temas curriculares o de inter\u00e9s social y cultural, precedidos de un proceso de planificaci\u00f3n que atienda a la situaci\u00f3n comunicativa, destinatario, prop\u00f3sito y canal y de redacci\u00f3n y revisi\u00f3n de borradores de manera individual o entre iguales, o mediante otros instrumentos de consulta, respetando los valores constitucionales y desarrollando un esp\u00edritu cr\u00edtico y de fomento de la igualdad en todas sus vertientes.<\/span><\/p>                    <\/div>\n                            <\/div><!-- .accordion-content -->\n        <\/li>\n            <li>\n            <div class=\"accordion-title tf_rel\">\n                <a href=\"#acc-gukn808-1\" class=\"tb_title_accordion\" aria-controls=\"acc-gukn808-1-content\" aria-expanded=\"false\">\n                    <i class=\"accordion-icon\"><svg  class=\"tf_fa tf-ti-angle-double-right\" aria-hidden=\"true\"><use href=\"#tf-ti-angle-double-right\"><\/use><\/svg><\/i>                                        Curr\u00edculo LOMLOE.                <\/a>\n            <\/div><!-- .accordion-title -->\n            <div id=\"acc-gukn808-1-content\" data-id=\"acc-gukn808-1\" aria-hidden=\"true\" class=\"accordion-content tf_hide tf_clearfix\">\n                                    <div class=\"tb_text_wrap\">\n                        <p>&nbsp;<\/p><p><iframe loading=\"lazy\" style=\"border: none;\" src=\"https:\/\/blogsaverroes.juntadeandalucia.es\/ellocodelamochila\/situaciones-de-aprendizaje-lomloe\/kit-para-el-diseno-de-situaciones-de-aprendizaje-2\/\" width=\"300%\" height=\"800px\"><br \/>    <\/iframe><br><br><\/p>                    <\/div>\n                            <\/div><!-- .accordion-content -->\n        <\/li>\n            <li>\n            <div class=\"accordion-title tf_rel\">\n                <a href=\"#acc-gukn808-2\" class=\"tb_title_accordion\" aria-controls=\"acc-gukn808-2-content\" aria-expanded=\"false\">\n                    <i class=\"accordion-icon\"><svg  class=\"tf_fa tf-ti-angle-double-right\" aria-hidden=\"true\"><use href=\"#tf-ti-angle-double-right\"><\/use><\/svg><\/i>                                        Herramienta para la autoevaluaci\u00f3n.                <\/a>\n            <\/div><!-- .accordion-title -->\n            <div id=\"acc-gukn808-2-content\" data-id=\"acc-gukn808-2\" aria-hidden=\"true\" class=\"accordion-content tf_hide tf_clearfix\">\n                                    <div class=\"tb_text_wrap\">\n                        <p><a href=\"https:\/\/www.briskteaching.com\/es\" target=\"_blank\" rel=\"noopener\"><img loading=\"lazy\" decoding=\"async\" class=\"aligncenter wp-image-727 size-medium\" src=\"https:\/\/blogsaverroes.juntadeandalucia.es\/ellocodelamochila\/files\/2021\/07\/World-wide-web_Outline-300x300.png\" alt=\"internet\" width=\"300\" height=\"300\"><\/a><\/p>                    <\/div>\n                            <\/div><!-- .accordion-content -->\n        <\/li>\n            <li>\n            <div class=\"accordion-title tf_rel\">\n                <a href=\"#acc-gukn808-3\" class=\"tb_title_accordion\" aria-controls=\"acc-gukn808-3-content\" aria-expanded=\"false\">\n                    <i class=\"accordion-icon\"><svg  class=\"tf_fa tf-ti-angle-double-right\" aria-hidden=\"true\"><use href=\"#tf-ti-angle-double-right\"><\/use><\/svg><\/i>                                        Ejemplo de mal texto.                <\/a>\n            <\/div><!-- .accordion-title -->\n            <div id=\"acc-gukn808-3-content\" data-id=\"acc-gukn808-3\" aria-hidden=\"true\" class=\"accordion-content tf_hide tf_clearfix\">\n                                    <div class=\"tb_text_wrap\">\n                        <p><span style=\"font-weight: 400;\">\u00ab\\*\\*Mis Vacasiones de Navidad\\*\\*&nbsp;<\/span><\/p><p><span style=\"font-weight: 400;\">En dus vacaciones de navidad me fui a la casa de mi abuela. Ella vive lejos, asi que tuvimos que tomar una avion. Me gusta mucho ir en avion porque puedo ver las nubes y las monta\u00f1as son tan chicas desde arriba. El avion era muy grande Y los asientos estaban muj comodos. Cuando llegamos a casa de mi abuela, ella nos recibio con un pastel grande de chocolate. Me encanta el chocolate\\! Mi abuela hace los mejores pasteles del mundo. Tambien a veces hace galletas y estan riquisimas. Pasamos mucho tiempo en la cocina ayudando a abuela, aunque no me gusta tanto limpiar. El dia de navidad, todos me regalaron muchos jueguetes y ropa. Me dieron una mu\u00f1eca con un vestido amarillo que brilla. Mis primos tambien estaban y jugamos todo el dia. Mi hermano rompi\u00f3 uno de sus coches de juguete y llor\u00f3 mucho, pero luego le dieron otro. En la tarde decidimos salir al parque. Estaba muy frio y casi me caigo porque el suelo resvalaba. Pero jugamos con la nieve, hicimos un mu\u00f1eco de nieve muy grande y le pusimos una bufanda de mi padre sin que \u00e9l se diera cuenta. Cuando regesamos a casa, estabamos todos cansados, pero felices. Luego, ya en los \u00faltimos dias de las vacas, fuimos a ver luces de navidad en la ciudad. Era tan bonita, con todas esas luces de colores y la m\u00fasica de navidad. En resumen, mis vacasiones de navidad fueron incre\u00edbles, aunque no quer\u00eda que acabaran. En la nochebuena, mi abuela preparo una cena muy grande. Habia pavo, pur\u00e9 de patatas y ensaladas. Todos comimos mucho y me dolia la barriga despues. Los primos mayores contaban historias de miedo y asustaban a los pequenos en el s\u00f3tano. Tambi\u00e9n fuimos a una feria que habia en el pueblo cerca de la casa de mi abuela. Hubo monta\u00f1as rusas, juegos y dulces. Montamos en la rueda de la fortuna y podia ver todo el pueblo desde arriba. Me comi un algodon de azucar gigante y me manche toda la cara. Un dia nos levantamos temprano para ir a la playa. Era invierno, asi que hacia frio, pero no nos importaba. Jugamos en la arena y mi hermano construyo un castillo de arena impresionante. Tuvimos una competencia de quien encontraba mas conchas marinas. Mi abuela nos conto historias de cuando era joven. Me gusta escucharla porque imagino como era la vida antes. Ella me cont\u00f3 sobre sus juegos de ni\u00f1a, sus amigas y hasta de cuando conocio a mi abuelo. Me parece una historia de amor muy bonita. Fui a ver una obra de teatro con mis padres. La obra era sobre la navidad y tenia muchos personajes divertidos. Al final, todos los actores cantaron canciones de navidad y el p\u00fablico tambi\u00e9n cant\u00f3. Me senti como si estuviera en un cuento de hadas. Jugamos a construir un iglu en el jardin pero no nos salio muy bien. La nieve se derretia rapido y no lograbamos que se quedara firme. Mi hermano se divirti\u00f3 muchisimo lanzando bolas de nieve a todos. Yo me resbale muchas veces pero me re\u00ed mucho. Decoramos la casa con luces de colores y adornos navide\u00f1os. Pusimos un arbol de navidad grande en la sala. Cada uno colgo sus propios adornos y mi papa puso la estrella en la punta del arbol. Me sent\u00ed muy feliz toda la noche. Mi t\u00edo nos llev\u00f3 a una pista de patinaje sobre hielo. Nunca habia patinado antes, asi que me costo mucho mantenerme en pie. Me ca\u00ed varias veces, pero mi tio me ayud\u00f3 a levantarme cada vez. Al final, logr\u00e9 patinar sin caerme \u00a1Fue una gran experiencia\\! Hicimos una competencia de mu\u00f1ecos de nieve entre los ni\u00f1os. Cada uno de nosotros intento hacer el mu\u00f1eco mas creativo. Yo le puse bufanda y un sombrero viejo. Mi prima hizo un mu\u00f1eco con forma de gato y gano el primer premio. Por la noche, mi madre me le\u00eda cuentos antes de dormir. Me gustaba mucho acurrucarme y escuchar historias de princesas, dragones y aventuras. Era como viajar a otros mundos cada noche antes de irme a dormir. \u00a1Las vacaciones eran m\u00e1gicas\\! Visitamos a algunos familiares que no ve\u00edamos desde hace tiempo. Mi prima peque\u00f1a habia crecido muchisimo y ya estaba en la escuela. Jugamos juntos y ella me mostr\u00f3 sus nuevos juguetes. Nos divertimos mucho y prometimos mantener contacto m\u00e1s a menudo. Un d\u00eda, nos sorprendi\u00f3 una tormenta de nieve muy fuerte. No pod\u00edamos salir de la casa, asi que jugamos a juegos de mesa y vimos peliculas. Hice una casa de jengibre con mi madre, pero se desmoron\u00f3 porque la glasa no estaba lo suficientemente espesa. Al final de las vacaciones, tuvimos que empacar nuestras cosas para regresar a casa. Mi abuela nos despidi\u00f3 con lagrimas en los ojos, pero nos prometimos visitarla pronto otra vez. Durante el viaje de vuelta, mi hermano y yo record\u00e1bamos los mejores momentos y re\u00edamos mucho. De vuelta a casa, desempacamos y preparamos todo para regresar a la escuela. Aunque me encanta estar de vacaciones, tambi\u00e9n me gusta volver a ver a mis amigos. Contar\u00e9 a todos sobre mis vacaciones incre\u00edbles y las historias de mi abuela. Mi gatito estaba muy feliz de vernos de nuevo cuando llegamos a casa. Lo extra\u00f1aba mucho, as\u00ed que lo abraz\u00e9 fuertemente. Me recost\u00e9 en mi cama y record\u00e9 todas las aventuras que tuvimos durante las vacaciones de navidad. \u00a1Fueron las mejores vacaciones de todas\\! \u00ab<\/span><\/p><p>&nbsp;<\/p>                    <\/div>\n                            <\/div><!-- .accordion-content -->\n        <\/li>\n        <\/ul>\n\n<\/div><!-- \/module accordion -->        <\/div>\n                        <\/div>\n        <\/div>\n        <\/div>\n<!--\/themify_builder_content-->&nbsp;<\/p>","protected":false},"excerpt":{"rendered":"<p>Taller EABE 2025 de Juanma L\u00f3pez MINICAJA DE HERRAMIENTAS DE IA. &nbsp; REPOSITORIO DE PROMPTS EDUCATIVOS. Generaci\u00f3n de r\u00fabricas. Eres una profesora experta en evaluaci\u00f3n por competencial y criterial, con amplia experiencia en la creaci\u00f3n de r\u00fabricas de evaluaci\u00f3n y tambi\u00e9n en la evaluaci\u00f3n formativa de alumnas y alumnos.&nbsp; Necesito tu ayuda para CREAR una [&hellip;]<\/p>\n","protected":false},"author":4178,"featured_media":0,"parent":564,"menu_order":1,"comment_status":"open","ping_status":"closed","template":"","meta":{"footnotes":""},"aioseo_notices":[],"_links":{"self":[{"href":"https:\/\/blogsaverroes.juntadeandalucia.es\/ellocodelamochila\/wp-json\/wp\/v2\/pages\/2873"}],"collection":[{"href":"https:\/\/blogsaverroes.juntadeandalucia.es\/ellocodelamochila\/wp-json\/wp\/v2\/pages"}],"about":[{"href":"https:\/\/blogsaverroes.juntadeandalucia.es\/ellocodelamochila\/wp-json\/wp\/v2\/types\/page"}],"author":[{"embeddable":true,"href":"https:\/\/blogsaverroes.juntadeandalucia.es\/ellocodelamochila\/wp-json\/wp\/v2\/users\/4178"}],"replies":[{"embeddable":true,"href":"https:\/\/blogsaverroes.juntadeandalucia.es\/ellocodelamochila\/wp-json\/wp\/v2\/comments?post=2873"}],"version-history":[{"count":274,"href":"https:\/\/blogsaverroes.juntadeandalucia.es\/ellocodelamochila\/wp-json\/wp\/v2\/pages\/2873\/revisions"}],"predecessor-version":[{"id":3402,"href":"https:\/\/blogsaverroes.juntadeandalucia.es\/ellocodelamochila\/wp-json\/wp\/v2\/pages\/2873\/revisions\/3402"}],"up":[{"embeddable":true,"href":"https:\/\/blogsaverroes.juntadeandalucia.es\/ellocodelamochila\/wp-json\/wp\/v2\/pages\/564"}],"wp:attachment":[{"href":"https:\/\/blogsaverroes.juntadeandalucia.es\/ellocodelamochila\/wp-json\/wp\/v2\/media?parent=2873"}],"curies":[{"name":"wp","href":"https:\/\/api.w.org\/{rel}","templated":true}]}}