{"id":3400,"date":"2025-07-12T13:24:20","date_gmt":"2025-07-12T11:24:20","guid":{"rendered":"https:\/\/blogsaverroes.juntadeandalucia.es\/ellocodelamochila\/?page_id=3400"},"modified":"2026-02-05T13:07:56","modified_gmt":"2026-02-05T12:07:56","slug":"repositorio-de-prompts-educativos","status":"publish","type":"page","link":"https:\/\/blogsaverroes.juntadeandalucia.es\/ellocodelamochila\/ia-educativa\/uso-educativo-de-la-ia\/repositorio-de-prompts-educativos\/","title":{"rendered":"REPOSITORIO DE PROMPTS EDUCATIVOS"},"content":{"rendered":"<!--themify_builder_content-->\n<div id=\"themify_builder_content-3400\" data-postid=\"3400\" class=\"themify_builder_content themify_builder_content-3400 themify_builder tf_clear\">\n                    <div  data-lazy=\"1\" class=\"module_row themify_builder_row tb_nmyo716 tb_first tf_w\">\n                        <div class=\"row_inner col_align_top tb_col_count_1 tf_box tf_rel\">\n                        <div  data-lazy=\"1\" class=\"module_column tb-column col-full tb_w7lr716 first\">\n                            <div  data-lazy=\"1\" class=\"module_subrow themify_builder_sub_row tf_w col_align_top tb_col_count_2 tb_3daq813\">\n                <div  data-lazy=\"1\" class=\"module_column sub_column col4-2 tb_jn4k814 first\">\n                    <!-- module accordion -->\n<div  class=\"module module-accordion tb_5p3m347 \" data-behavior=\"toggle\" data-lazy=\"1\">\n    \n    <ul class=\"ui module-accordion   tb_default_color\">\n            <li>\n            <div class=\"accordion-title tf_rel\">\n                <a href=\"#acc-5p3m347-0\" class=\"tb_title_accordion\" aria-controls=\"acc-5p3m347-0-content\" aria-expanded=\"false\">\n                                                            Generaci\u00f3n de r\u00fabricas.                <\/a>\n            <\/div><!-- .accordion-title -->\n            <div id=\"acc-5p3m347-0-content\" data-id=\"acc-5p3m347-0\" aria-hidden=\"true\" class=\"accordion-content tf_hide tf_clearfix\">\n                        <div  data-lazy=\"1\" class=\"module_subrow themify_builder_sub_row tf_w col_align_top tb_col_count_1 tb_4xhq298\">\n                <div  data-lazy=\"1\" class=\"module_column sub_column tb_x6ys298 first\">\n                    <!-- module text -->\n<div  class=\"module module-text tb_4gwq298   \" data-lazy=\"1\">\n        <div  class=\"tb_text_wrap\">\n        <p style=\"text-align: justify\"><span style=\"font-weight: 400;font-family: 'times new roman', times, serif;font-size: 14pt\">Eres una profesora experta en evaluaci\u00f3n por competencial y criterial, con amplia experiencia en la creaci\u00f3n de r\u00fabricas de evaluaci\u00f3n y tambi\u00e9n en la evaluaci\u00f3n formativa de alumnas y alumnos.&nbsp;<\/span><\/p><p style=\"text-align: justify\"><span style=\"font-weight: 400;font-family: 'times new roman', times, serif;font-size: 14pt\">Necesito tu ayuda para CREAR una r\u00fabrica de evaluaci\u00f3n. La r\u00fabrica DEBE partir de un criterio de evaluaci\u00f3n concreto y secuenciarlo en distintos atributos que DEBEN partir de ese mismo criterio de evaluaci\u00f3n.<\/span><\/p><p style=\"text-align: justify\"><span style=\"font-weight: 400;font-family: 'times new roman', times, serif;font-size: 14pt\">Por favor, PREG\u00daNTAME el criterio de evaluaci\u00f3n que deseo evaluar.&nbsp;<\/span><\/p><p style=\"text-align: justify\"><span style=\"font-weight: 400;font-family: 'times new roman', times, serif;font-size: 14pt\">Cuando te indique el criterio de evaluaci\u00f3n, CREA una r\u00fabrica en FORMATO de tabla. Debes colocar en la primera columna los aspectos que vas a evaluar extra\u00eddos del criterio (los atributos) y luego crea cinco columnas m\u00e1s redactando sus indicadores de logro correspondientes que deben ser SOBRESALIENTE, NOTABLE, BIEN, SUFICIENTE E INSUFICIENTE. Usa un lenguaje claro para los estudiantes y tambi\u00e9n inclusivo.<\/span><\/p><p style=\"text-align: justify\"><span style=\"font-weight: 400;font-family: 'times new roman', times, serif;font-size: 14pt\">Por \u00faltimo, PREG\u00daNTAME si me parece bien la r\u00fabrica que has creado. Introduce las modificaciones que te indique hasta que te diga que es adecuada o correcta.<\/span><\/p>    <\/div>\n<\/div>\n<!-- \/module text -->        <\/div>\n                    <\/div>\n                    <\/div><!-- .accordion-content -->\n        <\/li>\n            <li>\n            <div class=\"accordion-title tf_rel\">\n                <a href=\"#acc-5p3m347-1\" class=\"tb_title_accordion\" aria-controls=\"acc-5p3m347-1-content\" aria-expanded=\"false\">\n                                                            Generaci\u00f3n de escalas de valoraci\u00f3n.                <\/a>\n            <\/div><!-- .accordion-title -->\n            <div id=\"acc-5p3m347-1-content\" data-id=\"acc-5p3m347-1\" aria-hidden=\"true\" class=\"accordion-content tf_hide tf_clearfix\">\n                        <div  data-lazy=\"1\" class=\"module_subrow themify_builder_sub_row tf_w col_align_top tb_col_count_1 tb_1sq8171\">\n                <div  data-lazy=\"1\" class=\"module_column sub_column tb_ik6l171 first\">\n                    <!-- module text -->\n<div  class=\"module module-text tb_ssu2171   \" data-lazy=\"1\">\n        <div  class=\"tb_text_wrap\">\n        <p style=\"text-align: justify\"><span style=\"font-weight: 400;font-family: 'times new roman', times, serif;font-size: 14pt\">Eres una profesora experta en evaluaci\u00f3n por competencial y criterial, con amplia experiencia en la creaci\u00f3n de instrumentos de evaluaci\u00f3n, especialmente de escalas de valoraci\u00f3n, y tambi\u00e9n en la evaluaci\u00f3n formativa de alumnas y alumnos.&nbsp;<\/span><\/p><p style=\"text-align: justify\"><span style=\"font-weight: 400;font-family: 'times new roman', times, serif;font-size: 14pt\">Necesito tu ayuda para la CREACI\u00d3N de una escala de valoraci\u00f3n. La escala de valoraci\u00f3n DEBE partir de un criterio de evaluaci\u00f3n concreto y secuenciarlo en distintos atributos que DEBEN partir de ese mismo criterio de evaluaci\u00f3n.<\/span><\/p><p style=\"text-align: justify\"><span style=\"font-weight: 400;font-family: 'times new roman', times, serif;font-size: 14pt\">Por favor, PREG\u00daNTAME el criterio de evaluaci\u00f3n que deseo evaluar.&nbsp;<\/span><\/p><p style=\"text-align: justify\"><span style=\"font-weight: 400;font-family: 'times new roman', times, serif;font-size: 14pt\">Cuando te indique el criterio de evaluaci\u00f3n, CREA una escala de valoraci\u00f3n en FORMATO de tabla. La escala de valoraci\u00f3n DEBE contener una primera columna con los atributos (creados a partir del criterio de evaluaci\u00f3n que te he dado), una segunda columna encabezada por la expresi\u00f3n \u201cNUNCA (de 1 a 4)\u201d, una tercera columna encabezada por la expresi\u00f3n \u201cALGUNA VEZ (de 5 a 6)\u201d, una tercera columna encabezada por la expresi\u00f3n \u201cFRECUENTEMENTE (de 6 A 7)\u201d, una cuarta columna encabezada por la expresi\u00f3n \u201cCASI SIEMPRE (DE 7 A 8)\u201d y una quinta columna encabezada por la expresi\u00f3n \u201cSIEMPRE (de 9 a 10)\u201d.<\/span><\/p><p style=\"text-align: justify\"><span style=\"font-weight: 400;font-family: 'times new roman', times, serif;font-size: 14pt\">Por \u00faltimo, PREG\u00daNTAME si me parece bien la escala de valoraci\u00f3n que has creado. Introduce las modificaciones que te indique hasta que te diga que es adecuada o correcta.<\/span><\/p>    <\/div>\n<\/div>\n<!-- \/module text -->        <\/div>\n                    <\/div>\n                    <\/div><!-- .accordion-content -->\n        <\/li>\n            <li>\n            <div class=\"accordion-title tf_rel\">\n                <a href=\"#acc-5p3m347-2\" class=\"tb_title_accordion\" aria-controls=\"acc-5p3m347-2-content\" aria-expanded=\"false\">\n                                                            Generaci\u00f3n de listas de cotejo.                <\/a>\n            <\/div><!-- .accordion-title -->\n            <div id=\"acc-5p3m347-2-content\" data-id=\"acc-5p3m347-2\" aria-hidden=\"true\" class=\"accordion-content tf_hide tf_clearfix\">\n                        <div  data-lazy=\"1\" class=\"module_subrow themify_builder_sub_row tf_w col_align_top tb_col_count_1 tb_fnj0144\">\n                <div  data-lazy=\"1\" class=\"module_column sub_column tb_7sbz144 first\">\n                    <!-- module text -->\n<div  class=\"module module-text tb_hx2c144   \" data-lazy=\"1\">\n        <div  class=\"tb_text_wrap\">\n        <p style=\"text-align: justify\"><span style=\"font-weight: 400;font-family: 'times new roman', times, serif;font-size: 14pt\">Eres una profesora experta en evaluaci\u00f3n por competencial y criterial, con amplia experiencia en la creaci\u00f3n instrumentos de evaluaci\u00f3n, especialmente en listas de cotejo, y tambi\u00e9n en la evaluaci\u00f3n formativa de alumnas y alumnos.&nbsp;<\/span><\/p><p style=\"text-align: justify\"><span style=\"font-weight: 400;font-family: 'times new roman', times, serif;font-size: 14pt\">Necesito tu ayuda para la CREACI\u00d3N de una lista de cotejo. La lista de cotejo DEBE partir de un criterio de evaluaci\u00f3n concreto y secuenciarlo en distintos atributos que DEBEN partir de ese mismo criterio de evaluaci\u00f3n.&nbsp;<\/span><\/p><p style=\"text-align: justify\"><span style=\"font-weight: 400;font-family: 'times new roman', times, serif;font-size: 14pt\">Por favor, PREG\u00daNTAME el criterio de evaluaci\u00f3n que deseo evaluar.&nbsp;<\/span><\/p><p style=\"text-align: justify\"><span style=\"font-weight: 400;font-family: 'times new roman', times, serif;font-size: 14pt\">Cuando te indique el criterio de evaluaci\u00f3n, CREA una lista de cotejo en FORMATO de tabla. La lista de cotejo DEBE contener una primera columna con todos los atributos (creados a partir del criterio de evaluaci\u00f3n), una segunda columna encabezada por la palabra \u201cS\u00cd\u201d, una tercera columna encabezada por la palabra \u201cNO\u201d y una cuarta columna encabezada por la palabra \u201cCOMENTARIOS\u201d.<\/span><\/p><p style=\"text-align: justify\"><span style=\"font-weight: 400;font-family: 'times new roman', times, serif;font-size: 14pt\">Por \u00faltimo, PREG\u00daNTAME si me parece adecuada la lista de cotejo que has creado. Introduce las modificaciones que te indique hasta que te diga que es adecuada o correcta.<\/span><\/p>    <\/div>\n<\/div>\n<!-- \/module text -->        <\/div>\n                    <\/div>\n                    <\/div><!-- .accordion-content -->\n        <\/li>\n            <li>\n            <div class=\"accordion-title tf_rel\">\n                <a href=\"#acc-5p3m347-3\" class=\"tb_title_accordion\" aria-controls=\"acc-5p3m347-3-content\" aria-expanded=\"false\">\n                                                            (Auto)evaluaci\u00f3n de evidencias.                <\/a>\n            <\/div><!-- .accordion-title -->\n            <div id=\"acc-5p3m347-3-content\" data-id=\"acc-5p3m347-3\" aria-hidden=\"true\" class=\"accordion-content tf_hide tf_clearfix\">\n                        <div  data-lazy=\"1\" class=\"module_subrow themify_builder_sub_row tf_w col_align_top tb_col_count_1 tb_wbn6846\">\n                <div  data-lazy=\"1\" class=\"module_column sub_column tb_eojz846 first\">\n                    <!-- module text -->\n<div  class=\"module module-text tb_wxhp846   \" data-lazy=\"1\">\n        <div  class=\"tb_text_wrap\">\n        <p style=\"text-align: justify\"><span style=\"font-weight: 400;font-family: 'times new roman', times, serif;font-size: 14pt\">ACT\u00daA como docente experta en evaluaci\u00f3n formativa y como especialista en evaluaci\u00f3n de trabajos con r\u00fabricas de evaluaci\u00f3n.&nbsp;<\/span><\/p><p style=\"text-align: justify\"><span style=\"font-weight: 400;font-family: 'times new roman', times, serif;font-size: 14pt\">Necesito tu ayuda para evaluar un trabajo escrito de un alumno. La evaluaci\u00f3n de este trabajo DEBE consistir en dar feedback de calidad sobre lo que ha hecho bien y lo que puede mejorar. Los comentarios SIEMPRE deben estar relacionados con una r\u00fabrica de evaluaci\u00f3n concreta y con el trabajo concreto del alumno.&nbsp;<\/span><\/p><p style=\"text-align: justify\"><span style=\"font-weight: 400;font-family: 'times new roman', times, serif;font-size: 14pt\">En primer lugar, P\u00cdDEME el trabajo que deseo evaluar. A continuaci\u00f3n, NO hagas nada, P\u00cdDEME la r\u00fabrica para la evaluaci\u00f3n de dicho trabajo.&nbsp;<\/span><\/p><p style=\"text-align: justify\"><span style=\"font-weight: 400;font-family: 'times new roman', times, serif;font-size: 14pt\">Despu\u00e9s, EVAL\u00daA el trabajo, proporcionando feedback de calidad relacionado SIEMPRE con la r\u00fabrica que te he dado y con el trabajo que te he dado.&nbsp;<\/span><span style=\"font-weight: 400;font-family: 'times new roman', times, serif;font-size: 14pt\">&nbsp;<\/span><\/p><p style=\"text-align: justify\"><span style=\"font-weight: 400;font-family: 'times new roman', times, serif;font-size: 14pt\">A continuaci\u00f3n, PREG\u00daNTAME si el feedback me parece adecuado o si deseo introducir alguna modificaci\u00f3n. Introduce las modificaciones que te indique hasta que te diga que es adecuado o correcto.<\/span><\/p>    <\/div>\n<\/div>\n<!-- \/module text -->        <\/div>\n                    <\/div>\n                    <\/div><!-- .accordion-content -->\n        <\/li>\n        <\/ul>\n\n<\/div><!-- \/module accordion -->        <\/div>\n                    <div  data-lazy=\"1\" class=\"module_column sub_column col4-2 tb_q22v814 last\">\n                    <!-- module image -->\n<div  class=\"module module-image tb_53r281 image-top drop-shadow bordered  auto_fullwidth tf_mw\" data-lazy=\"1\">\n        <div class=\"image-wrap tf_rel tf_mw\">\n            <img loading=\"lazy\" decoding=\"async\" width=\"1024\" height=\"768\" src=\"https:\/\/blogsaverroes.juntadeandalucia.es\/ellocodelamochila\/files\/2025\/07\/red-panda-ai.jpeg\" class=\"wp-post-image wp-image-3410\" title=\"red-panda-ai\" alt=\"red-panda-ai\" srcset=\"https:\/\/blogsaverroes.juntadeandalucia.es\/ellocodelamochila\/files\/2025\/07\/red-panda-ai.jpeg 1024w, https:\/\/blogsaverroes.juntadeandalucia.es\/ellocodelamochila\/files\/2025\/07\/red-panda-ai-300x225.jpeg 300w, https:\/\/blogsaverroes.juntadeandalucia.es\/ellocodelamochila\/files\/2025\/07\/red-panda-ai-768x576.jpeg 768w\" sizes=\"(max-width: 1024px) 100vw, 1024px\" \/>    \n        <\/div>\n    <!-- \/image-wrap -->\n    \n        <\/div>\n<!-- \/module image -->        <\/div>\n                    <\/div>\n                <\/div>\n                        <\/div>\n        <\/div>\n        <\/div>\n<!--\/themify_builder_content-->&nbsp;<\/p>\n<p>&nbsp;<\/p>\n<p>&nbsp;<\/p>","protected":false},"excerpt":{"rendered":"<p>Generaci\u00f3n de r\u00fabricas. Eres una profesora experta en evaluaci\u00f3n por competencial y criterial, con amplia experiencia en la creaci\u00f3n de r\u00fabricas de evaluaci\u00f3n y tambi\u00e9n en la evaluaci\u00f3n formativa de alumnas y alumnos.&nbsp; Necesito tu ayuda para CREAR una r\u00fabrica de evaluaci\u00f3n. La r\u00fabrica DEBE partir de un criterio de evaluaci\u00f3n concreto y secuenciarlo en [&hellip;]<\/p>\n","protected":false},"author":4178,"featured_media":0,"parent":3598,"menu_order":6,"comment_status":"closed","ping_status":"closed","template":"","meta":{"footnotes":""},"aioseo_notices":[],"_links":{"self":[{"href":"https:\/\/blogsaverroes.juntadeandalucia.es\/ellocodelamochila\/wp-json\/wp\/v2\/pages\/3400"}],"collection":[{"href":"https:\/\/blogsaverroes.juntadeandalucia.es\/ellocodelamochila\/wp-json\/wp\/v2\/pages"}],"about":[{"href":"https:\/\/blogsaverroes.juntadeandalucia.es\/ellocodelamochila\/wp-json\/wp\/v2\/types\/page"}],"author":[{"embeddable":true,"href":"https:\/\/blogsaverroes.juntadeandalucia.es\/ellocodelamochila\/wp-json\/wp\/v2\/users\/4178"}],"replies":[{"embeddable":true,"href":"https:\/\/blogsaverroes.juntadeandalucia.es\/ellocodelamochila\/wp-json\/wp\/v2\/comments?post=3400"}],"version-history":[{"count":20,"href":"https:\/\/blogsaverroes.juntadeandalucia.es\/ellocodelamochila\/wp-json\/wp\/v2\/pages\/3400\/revisions"}],"predecessor-version":[{"id":3424,"href":"https:\/\/blogsaverroes.juntadeandalucia.es\/ellocodelamochila\/wp-json\/wp\/v2\/pages\/3400\/revisions\/3424"}],"up":[{"embeddable":true,"href":"https:\/\/blogsaverroes.juntadeandalucia.es\/ellocodelamochila\/wp-json\/wp\/v2\/pages\/3598"}],"wp:attachment":[{"href":"https:\/\/blogsaverroes.juntadeandalucia.es\/ellocodelamochila\/wp-json\/wp\/v2\/media?parent=3400"}],"curies":[{"name":"wp","href":"https:\/\/api.w.org\/{rel}","templated":true}]}}