{"id":3767,"date":"2025-11-16T12:46:57","date_gmt":"2025-11-16T11:46:57","guid":{"rendered":"https:\/\/blogsaverroes.juntadeandalucia.es\/ellocodelamochila\/?page_id=3767"},"modified":"2025-11-25T16:18:08","modified_gmt":"2025-11-25T15:18:08","slug":"el-trabajo-competencial-desde-el-ambito-linguistico","status":"publish","type":"page","link":"https:\/\/blogsaverroes.juntadeandalucia.es\/ellocodelamochila\/competencia-en-comunicacion-linguistica\/el-trabajo-competencial-desde-el-ambito-linguistico\/","title":{"rendered":"EL TRABAJO COMPETENCIAL DESDE EL \u00c1MBITO LING\u00dc\u00cdSTICO"},"content":{"rendered":"<p><a href=\"https:\/\/www.canva.com\/design\/DAG4Ais4WuY\/Pa5PrsGMqmBixyBrs2Noxw\/edit?utm_content=DAG4Ais4WuY&amp;utm_campaign=designshare&amp;utm_medium=link2&amp;utm_source=sharebutton\" target=\"_blank\" rel=\"noopener\"><img loading=\"lazy\" decoding=\"async\" class=\"aligncenter wp-image-3859 size-full\" src=\"https:\/\/blogsaverroes.juntadeandalucia.es\/ellocodelamochila\/files\/2025\/11\/Portada-1.jpg\" alt=\"\" width=\"1920\" height=\"1080\" srcset=\"https:\/\/blogsaverroes.juntadeandalucia.es\/ellocodelamochila\/files\/2025\/11\/Portada-1.jpg 1920w, https:\/\/blogsaverroes.juntadeandalucia.es\/ellocodelamochila\/files\/2025\/11\/Portada-1-300x169.jpg 300w, https:\/\/blogsaverroes.juntadeandalucia.es\/ellocodelamochila\/files\/2025\/11\/Portada-1-1024x576.jpg 1024w, https:\/\/blogsaverroes.juntadeandalucia.es\/ellocodelamochila\/files\/2025\/11\/Portada-1-768x432.jpg 768w, https:\/\/blogsaverroes.juntadeandalucia.es\/ellocodelamochila\/files\/2025\/11\/Portada-1-1536x864.jpg 1536w\" sizes=\"(max-width: 1920px) 100vw, 1920px\" \/><\/a><\/p>\n<p>&nbsp;<\/p>\n<!--themify_builder_content-->\n<div id=\"themify_builder_content-3767\" data-postid=\"3767\" class=\"themify_builder_content themify_builder_content-3767 themify_builder tf_clear\">\n                    <div  data-lazy=\"1\" class=\"module_row themify_builder_row tb_duyj746 tb_first tf_w\">\n                        <div class=\"row_inner col_align_top tb_col_count_1 tf_box tf_rel\">\n                        <div  data-lazy=\"1\" class=\"module_column tb-column col-full tb_l2zk746 first\">\n                    <!-- module box -->\n<div  class=\"module module-box tb_j7em474 \" data-lazy=\"1\">\n    <div class=\"module-box-content ui  tb_default_color\">\n                <div class=\"tb_text_wrap\"><div class=\"panel-enlaces-oscuros-pastel\"><span style=\"font-family: terminal, monaco, monospace;font-size: 14pt\"><a class=\"boton-pastel-oscuro\" href=\"https:\/\/blogsaverroes.juntadeandalucia.es\/ellocodelamochila\/lomloe\/\" target=\"_blank\" rel=\"noopener\"><br><span class=\"icono-pastel-oscuro\">\ud83d\udcda<\/span> Legislaci\u00f3n educativa.<br><\/a><\/span><br><span style=\"font-family: terminal, monaco, monospace;font-size: 14pt\"><a class=\"boton-pastel-oscuro\" href=\"https:\/\/blogsaverroes.juntadeandalucia.es\/ellocodelamochila\/situaciones-de-aprendizaje-lomloe\/\" target=\"_blank\" rel=\"noopener\"><br><span class=\"icono-pastel-oscuro\">\ud83d\udca1Situaciones de aprendizaje.<\/span><br><\/a><\/span><br><span style=\"font-family: terminal, monaco, monospace;font-size: 14pt\"><a class=\"boton-pastel-oscuro\" href=\"https:\/\/procomun.intef.es\/ode\/view\/widget\/es_2024012212_9160017\" target=\"_blank\" rel=\"noopener\"><br><span class=\"icono-pastel-oscuro\">\ud83d\udcf0<\/span> REA: \u00abElaboramos manuscritos medievales\u00bb.<br><\/a><\/span><br><span style=\"font-family: terminal, monaco, monospace;font-size: 14pt\"><a class=\"boton-pastel-oscuro\" href=\"https:\/\/juanmale14.github.io\/REALoquelascosasdicendem-v1\/\" target=\"_blank\" rel=\"noopener\"><br><span class=\"icono-pastel-oscuro\">\u2709\ufe0f<\/span> REA: \u00abLo que las cosas dicen de m\u00ed\u00bb.<br><\/a><\/span><\/div><\/div>\n    <\/div>\n<\/div>\n<!-- \/module box -->\n        <\/div>\n                        <\/div>\n        <\/div>\n                        <div  data-lazy=\"1\" class=\"module_row themify_builder_row tb_uyi2213 tf_w\">\n                        <div class=\"row_inner col_align_top tb_col_count_1 tf_box tf_rel\">\n                        <div  data-lazy=\"1\" class=\"module_column tb-column col-full tb_hc8e213 first\">\n                            <div  data-lazy=\"1\" class=\"module_subrow themify_builder_sub_row tf_w col_align_top tb_col_count_2 tb_8dr4565\">\n                <div  data-lazy=\"1\" class=\"module_column sub_column col4-2 tb_aqb6565 first\">\n                            <\/div>\n                    <div  data-lazy=\"1\" class=\"module_column sub_column col4-2 tb_490u566 last\">\n                    <!-- module social share -->\n<div  class=\"module module-social-share tb_esmi543  tb_ss_size_large tb_ss_shape_rounded\" data-lazy=\"1\" data-title=\"\" data-url=\"\">\n        <div class=\"module-social-share-wrapper\">\n                                            <div class=\"ss_anchor_wrap tf_inline_b\">\n                        <a href=\"#\" data-type=\"facebook\">\n                            <em class=\"tb_social_share_icon\"><svg  aria-label=\"Facebook\" class=\"tf_fa tf-ti-facebook\" role=\"img\"><use href=\"#tf-ti-facebook\"><\/use><\/svg><\/em>\n                                                    <\/a>\n                    <\/div>\n                                    <div class=\"ss_anchor_wrap tf_inline_b\">\n                        <a href=\"#\" data-type=\"twitter\">\n                            <em class=\"tb_social_share_icon\"><svg  aria-label=\"Twitter\" class=\"tf_fa tf-fab-x-twitter\" role=\"img\"><use href=\"#tf-fab-x-twitter\"><\/use><\/svg><\/em>\n                                                    <\/a>\n                    <\/div>\n                                    <div class=\"ss_anchor_wrap tf_inline_b\">\n                        <a href=\"#\" data-type=\"email\">\n                            <em class=\"tb_social_share_icon\"><svg  aria-label=\"Email\" class=\"tf_fa tf-ti-email\" role=\"img\"><use href=\"#tf-ti-email\"><\/use><\/svg><\/em>\n                                                    <\/a>\n                    <\/div>\n                            <\/div>\n<\/div>\n<!-- \/module social share -->\n        <\/div>\n                    <\/div>\n                <\/div>\n                        <\/div>\n        <\/div>\n        <\/div>\n<!--\/themify_builder_content-->","protected":false},"excerpt":{"rendered":"<p>&nbsp; \ud83d\udcda Legislaci\u00f3n educativa. \ud83d\udca1Situaciones de aprendizaje. \ud83d\udcf0 REA: \u00abElaboramos manuscritos medievales\u00bb. \u2709\ufe0f REA: \u00abLo que las cosas dicen de m\u00ed\u00bb.<\/p>\n","protected":false},"author":4178,"featured_media":0,"parent":286,"menu_order":2,"comment_status":"open","ping_status":"closed","template":"","meta":{"footnotes":""},"aioseo_notices":[],"_links":{"self":[{"href":"https:\/\/blogsaverroes.juntadeandalucia.es\/ellocodelamochila\/wp-json\/wp\/v2\/pages\/3767"}],"collection":[{"href":"https:\/\/blogsaverroes.juntadeandalucia.es\/ellocodelamochila\/wp-json\/wp\/v2\/pages"}],"about":[{"href":"https:\/\/blogsaverroes.juntadeandalucia.es\/ellocodelamochila\/wp-json\/wp\/v2\/types\/page"}],"author":[{"embeddable":true,"href":"https:\/\/blogsaverroes.juntadeandalucia.es\/ellocodelamochila\/wp-json\/wp\/v2\/users\/4178"}],"replies":[{"embeddable":true,"href":"https:\/\/blogsaverroes.juntadeandalucia.es\/ellocodelamochila\/wp-json\/wp\/v2\/comments?post=3767"}],"version-history":[{"count":85,"href":"https:\/\/blogsaverroes.juntadeandalucia.es\/ellocodelamochila\/wp-json\/wp\/v2\/pages\/3767\/revisions"}],"predecessor-version":[{"id":3875,"href":"https:\/\/blogsaverroes.juntadeandalucia.es\/ellocodelamochila\/wp-json\/wp\/v2\/pages\/3767\/revisions\/3875"}],"up":[{"embeddable":true,"href":"https:\/\/blogsaverroes.juntadeandalucia.es\/ellocodelamochila\/wp-json\/wp\/v2\/pages\/286"}],"wp:attachment":[{"href":"https:\/\/blogsaverroes.juntadeandalucia.es\/ellocodelamochila\/wp-json\/wp\/v2\/media?parent=3767"}],"curies":[{"name":"wp","href":"https:\/\/api.w.org\/{rel}","templated":true}]}}