{"id":566,"date":"2021-04-27T13:28:36","date_gmt":"2021-04-27T11:28:36","guid":{"rendered":"https:\/\/blogsaverroes.juntadeandalucia.es\/ellocodelamochila\/?page_id=566"},"modified":"2023-08-21T15:46:59","modified_gmt":"2023-08-21T13:46:59","slug":"eabe-2019","status":"publish","type":"page","link":"https:\/\/blogsaverroes.juntadeandalucia.es\/ellocodelamochila\/otras-cosas\/eabe-2019\/","title":{"rendered":"EABE 2019"},"content":{"rendered":"<p style=\"text-align: justify\"><span style=\"font-size: 14pt;font-family: terminal, monaco, monospace\">El a\u00f1o 2019 tuve la suerte de participar como ponente en la edici\u00f3n del EABE (Encuentro andaluz de blogs educativos) celebrada en Salobre\u00f1a, gracias al impulso y apoyo del CEP de Motril. All\u00ed desarroll\u00e9 el taller titulado \u00abS\u00e9neca para la evaluaci\u00f3n por competencias\u00bb, al que asistieron todas las personas que lo desearon (puesto que fue en abierto). <\/span><\/p>\n<p style=\"text-align: justify\"><span style=\"font-size: 14pt;font-family: terminal, monaco, monospace\">La presentaci\u00f3n que utilic\u00e9 y que compart\u00ed al finalizarlo fue esta:<\/span><\/p>\n<div style=\"padding-bottom: 56.25%;padding-top: 0px;height: 0px;padding-left: 40px\"><iframe loading=\"lazy\" src=\"https:\/\/view.genial.ly\/5c9a5274c8d4e77aabc40ff8\" width=\"1200\" height=\"675\" frameborder=\"0\" scrolling=\"yes\"><\/iframe><\/div>\n<div>&nbsp;<\/div>\n<div>&nbsp;<\/div>\n<div>&nbsp;<\/div>\n<div style=\"width: 60%;padding-left: 120px\">\n<div>&nbsp;<\/div>\n<div>&nbsp;<\/div>\n<\/div>\n<p>&nbsp;<\/p>\n<!--themify_builder_content-->\n<div id=\"themify_builder_content-566\" data-postid=\"566\" class=\"themify_builder_content themify_builder_content-566 themify_builder tf_clear\">\n                    <div  data-lazy=\"1\" class=\"module_row themify_builder_row tb_xn5l363 tb_first tf_w\">\n                        <div class=\"row_inner col_align_top tb_col_count_1 tf_box tf_rel\">\n                        <div  data-lazy=\"1\" class=\"module_column tb-column col-full tb_rdc4363 first\">\n                            <div  data-lazy=\"1\" class=\"module_subrow themify_builder_sub_row tf_w col_align_top tb_col_count_2 tb_2g7f795\">\n                <div  data-lazy=\"1\" class=\"module_column sub_column col2-1 tb_600m796 first\">\n                            <\/div>\n                    <div  data-lazy=\"1\" class=\"module_column sub_column col2-1 tb_xj5r796 last\">\n                    <!-- module social share -->\n<div  class=\"module module-social-share tb_83pu82  tb_ss_size_large tb_ss_shape_rounded\" data-lazy=\"1\" data-title=\"\" data-url=\"\">\n        <div class=\"module-social-share-wrapper\">\n                                            <div class=\"ss_anchor_wrap tf_inline_b\">\n                        <a href=\"#\" data-type=\"facebook\">\n                            <em class=\"tb_social_share_icon\"><svg  aria-label=\"Facebook\" class=\"tf_fa tf-ti-facebook\" role=\"img\"><use href=\"#tf-ti-facebook\"><\/use><\/svg><\/em>\n                                                    <\/a>\n                    <\/div>\n                                    <div class=\"ss_anchor_wrap tf_inline_b\">\n                        <a href=\"#\" data-type=\"twitter\">\n                            <em class=\"tb_social_share_icon\"><svg  aria-label=\"Twitter\" class=\"tf_fa tf-fab-x-twitter\" role=\"img\"><use href=\"#tf-fab-x-twitter\"><\/use><\/svg><\/em>\n                                                    <\/a>\n                    <\/div>\n                                    <div class=\"ss_anchor_wrap tf_inline_b\">\n                        <a href=\"#\" data-type=\"email\">\n                            <em class=\"tb_social_share_icon\"><svg  aria-label=\"Email\" class=\"tf_fa tf-ti-email\" role=\"img\"><use href=\"#tf-ti-email\"><\/use><\/svg><\/em>\n                                                    <\/a>\n                    <\/div>\n                            <\/div>\n<\/div>\n<!-- \/module social share -->\n        <\/div>\n                    <\/div>\n                <\/div>\n                        <\/div>\n        <\/div>\n        <\/div>\n<!--\/themify_builder_content-->","protected":false},"excerpt":{"rendered":"<p>El a\u00f1o 2019 tuve la suerte de participar como ponente en la edici\u00f3n del EABE (Encuentro andaluz de blogs educativos) celebrada en Salobre\u00f1a, gracias al impulso y apoyo del CEP de Motril. All\u00ed desarroll\u00e9 el taller titulado \u00abS\u00e9neca para la evaluaci\u00f3n por competencias\u00bb, al que asistieron todas las personas que lo desearon (puesto que fue [&hellip;]<\/p>\n","protected":false},"author":4178,"featured_media":0,"parent":564,"menu_order":3,"comment_status":"open","ping_status":"closed","template":"","meta":{"footnotes":""},"aioseo_notices":[],"_links":{"self":[{"href":"https:\/\/blogsaverroes.juntadeandalucia.es\/ellocodelamochila\/wp-json\/wp\/v2\/pages\/566"}],"collection":[{"href":"https:\/\/blogsaverroes.juntadeandalucia.es\/ellocodelamochila\/wp-json\/wp\/v2\/pages"}],"about":[{"href":"https:\/\/blogsaverroes.juntadeandalucia.es\/ellocodelamochila\/wp-json\/wp\/v2\/types\/page"}],"author":[{"embeddable":true,"href":"https:\/\/blogsaverroes.juntadeandalucia.es\/ellocodelamochila\/wp-json\/wp\/v2\/users\/4178"}],"replies":[{"embeddable":true,"href":"https:\/\/blogsaverroes.juntadeandalucia.es\/ellocodelamochila\/wp-json\/wp\/v2\/comments?post=566"}],"version-history":[{"count":12,"href":"https:\/\/blogsaverroes.juntadeandalucia.es\/ellocodelamochila\/wp-json\/wp\/v2\/pages\/566\/revisions"}],"predecessor-version":[{"id":2347,"href":"https:\/\/blogsaverroes.juntadeandalucia.es\/ellocodelamochila\/wp-json\/wp\/v2\/pages\/566\/revisions\/2347"}],"up":[{"embeddable":true,"href":"https:\/\/blogsaverroes.juntadeandalucia.es\/ellocodelamochila\/wp-json\/wp\/v2\/pages\/564"}],"wp:attachment":[{"href":"https:\/\/blogsaverroes.juntadeandalucia.es\/ellocodelamochila\/wp-json\/wp\/v2\/media?parent=566"}],"curies":[{"name":"wp","href":"https:\/\/api.w.org\/{rel}","templated":true}]}}