{"id":612,"date":"2022-08-30T12:46:40","date_gmt":"2022-08-30T10:46:40","guid":{"rendered":"https:\/\/blogsaverroes.juntadeandalucia.es\/ellocodelamochila\/?page_id=612"},"modified":"2025-05-05T15:26:01","modified_gmt":"2025-05-05T13:26:01","slug":"la-evaluacion-de-pendientes","status":"publish","type":"page","link":"https:\/\/blogsaverroes.juntadeandalucia.es\/ellocodelamochila\/evaluacion-por-competencias\/la-evaluacion-de-pendientes\/","title":{"rendered":"LA EVALUACI\u00d3N DE PENDIENTES"},"content":{"rendered":"<p><span style=\"font-family: terminal, monaco, monospace;font-size: 14pt\"><strong>INTRODUCCI\u00d3N.<img loading=\"lazy\" decoding=\"async\" class=\" wp-image-2823 alignright\" src=\"https:\/\/blogsaverroes.juntadeandalucia.es\/ellocodelamochila\/files\/2024\/08\/Flash-evaluacion-pendientes-300x300.jpg\" alt=\"\" width=\"443\" height=\"443\" srcset=\"https:\/\/blogsaverroes.juntadeandalucia.es\/ellocodelamochila\/files\/2024\/08\/Flash-evaluacion-pendientes-300x300.jpg 300w, https:\/\/blogsaverroes.juntadeandalucia.es\/ellocodelamochila\/files\/2024\/08\/Flash-evaluacion-pendientes-1024x1024.jpg 1024w, https:\/\/blogsaverroes.juntadeandalucia.es\/ellocodelamochila\/files\/2024\/08\/Flash-evaluacion-pendientes-150x150.jpg 150w, https:\/\/blogsaverroes.juntadeandalucia.es\/ellocodelamochila\/files\/2024\/08\/Flash-evaluacion-pendientes-768x768.jpg 768w, https:\/\/blogsaverroes.juntadeandalucia.es\/ellocodelamochila\/files\/2024\/08\/Flash-evaluacion-pendientes.jpg 1080w\" sizes=\"(max-width: 443px) 100vw, 443px\" \/><\/strong><\/span><\/p>\n<p style=\"text-align: justify\"><span style=\"font-family: terminal, monaco, monospace;font-size: 14pt\">Un reto al que tiene que enfrentarse todo docente y que se repite curso tras curso consiste en c\u00f3mo darle una respuesta educativa que sea al mismo tiempo eficaz y eficiente y que respete la legislaci\u00f3n educativa al alumnado con un \u00e1rea o materia suspensa del curso anterior, es decir, al alumnado \u00abcon pendiente\u00bb.<\/span><\/p>\n<p style=\"text-align: justify\"><span style=\"font-family: terminal, monaco, monospace;font-size: 14pt\">En estas l\u00edneas voy a intentar exponer c\u00f3mo afrontar este reto educativo, de una forma pr\u00e1ctica y relativamente sencilla.<\/span><\/p>\n<p>&nbsp;<\/p>\n<p style=\"text-align: justify\"><span style=\"font-family: terminal, monaco, monospace;font-size: 14pt\"><strong>EL PUNTO DE PARTIDA: LA LEGISLACI\u00d3N EDUCATIVA.<\/strong><\/span><\/p>\n<p style=\"text-align: justify\"><span style=\"font-family: terminal, monaco, monospace;font-size: 14pt\">La legislaci\u00f3n educativa hace referencia al alumnado con pendientes en diversas ocasiones. En concreto, en la <a href=\"https:\/\/drive.google.com\/file\/d\/1IxLLy9BQB3x19M43MzB7cw6A1UXu6VOU\/view?usp=share_link\" target=\"_blank\" rel=\"noopener noreferrer\"><em>Orden de 30 de mayo de 2023<\/em><\/a>&nbsp;se dice lo siguiente:<\/span><\/p>\n<p style=\"text-align: justify;padding-left: 40px\"><span style=\"font-family: terminal, monaco, monospace;font-size: 14pt\">-\u00ab<em>Quienes promocionen sin haber superado todas las materias seguir\u00e1n <strong>un programa <\/strong><\/em><\/span><em><span style=\"font-family: terminal, monaco, monospace;font-size: 14pt\"><strong>de refuerzo del aprendizaje<\/strong> que se podr\u00e1 elaborar de manera individual para cada una de <\/span><span style=\"font-family: terminal, monaco, monospace;font-size: 14pt\">las materias no superadas, o se podr\u00e1 integrar en un \u00fanico programa, si el equipo docente <\/span><span style=\"font-family: terminal, monaco, monospace;font-size: 14pt\">lo considera necesario y as\u00ed se recoge en el Proyecto educativo del centro. El equipo <\/span><span style=\"font-family: terminal, monaco, monospace;font-size: 14pt\">docente <strong>revisar\u00e1 peri\u00f3dicamente<\/strong> la aplicaci\u00f3n personalizada de las medidas propuestas <\/span><span style=\"font-family: terminal, monaco, monospace;font-size: 14pt\">en los mismos, al menos, al finalizar cada trimestre escolar y en todo caso, al finalizar el <\/span><span style=\"font-family: terminal, monaco, monospace;font-size: 14pt\">curso. En caso de que se determine un \u00fanico programa de refuerzo del aprendizaje para <\/span><\/em><span style=\"font-family: terminal, monaco, monospace;font-size: 14pt\"><em>varias materias, estas han de ser detalladas en el mismo<\/em>\u00bb (apartado 4, art\u00edculo 18).<\/span><\/p>\n<p style=\"text-align: justify;padding-left: 40px\"><span style=\"font-family: terminal, monaco, monospace;font-size: 14pt\">-\u00ab<em>Estos programas deber\u00e1n contener <strong>los elementos curriculares<\/strong> necesarios para que <\/em><\/span><em><span style=\"font-family: terminal, monaco, monospace;font-size: 14pt\">puedan ser evaluables. La superaci\u00f3n o no de los programas ser\u00e1 tenida en cuenta a los <\/span><\/em><span style=\"font-family: terminal, monaco, monospace;font-size: 14pt\"><em>efectos de promoci\u00f3n y titulaci\u00f3n<\/em>\u00bb (apartado 5, art\u00edculo 18).<\/span><\/p>\n<p style=\"text-align: justify;padding-left: 40px\"><span style=\"font-family: terminal, monaco, monospace;font-size: 14pt\">-\u00ab<em>Ser\u00e1 <strong>responsable<\/strong> del seguimiento y evaluaci\u00f3n de este programa el profesorado de <\/em><\/span><em><span style=\"font-family: terminal, monaco, monospace;font-size: 14pt\">la materia que le d\u00e9 continuidad en el curso siguiente. Si no la hubiese, ser\u00e1 responsabilidad <\/span><span style=\"font-family: terminal, monaco, monospace;font-size: 14pt\">de la persona titular del departamento o persona en quien delegue, preferentemente, un <\/span><span style=\"font-family: terminal, monaco, monospace;font-size: 14pt\">miembro del equipo docente que pertenezca al departamento de coordinaci\u00f3n did\u00e1ctica <\/span><span style=\"font-family: terminal, monaco, monospace;font-size: 14pt\">propio de la materia. En caso de que se decida que el alumnado tenga un \u00fanico programa <\/span><span style=\"font-family: terminal, monaco, monospace;font-size: 14pt\">de refuerzo del aprendizaje, su seguimiento ser\u00e1 responsabilidad de la persona que <\/span><span style=\"font-family: terminal, monaco, monospace;font-size: 14pt\">ejerza la tutor\u00eda o de un miembro del departamento de orientaci\u00f3n cuando el alumnado <\/span><span style=\"font-family: terminal, monaco, monospace;font-size: 14pt\">se encuentre en un programa de diversificaci\u00f3n curricular, de acuerdo con lo que se <\/span><\/em><span style=\"font-family: terminal, monaco, monospace;font-size: 14pt\"><em>disponga en el Proyecto educativo del centro<\/em>\u00bb (apartado 6, art\u00edculo 18).<\/span><\/p>\n<p style=\"text-align: justify;padding-left: 40px\"><span style=\"font-family: terminal, monaco, monospace;font-size: 14pt\">-\u00ab<em>El alumnado con materias pendientes del curso anterior deber\u00e1 matricularse de <\/em><\/span><em><span style=\"font-family: terminal, monaco, monospace;font-size: 14pt\">dichas materias, realizar <strong>los programas de refuerzo del aprendizaje<\/strong> a las que se refiere el <\/span><span style=\"font-family: terminal, monaco, monospace;font-size: 14pt\">apartado 4 y superar la evaluaci\u00f3n correspondiente. Una vez superada dicha evaluaci\u00f3n, <\/span><span style=\"font-family: terminal, monaco, monospace;font-size: 14pt\">los resultados obtenidos se extender\u00e1n en la correspondiente acta de evaluaci\u00f3n, en el <\/span><\/em><span style=\"font-family: terminal, monaco, monospace;font-size: 14pt\"><em>expediente y en el historial acad\u00e9mico del alumno o alumna<\/em>\u00bb (apartado 7, art\u00edculo 18).<\/span><\/p>\n<p style=\"text-align: justify\"><span style=\"font-family: terminal, monaco, monospace;font-size: 14pt\">La normativa lo dice claro: es funci\u00f3n de los centros docentes darle una respuesta educativa al alumnado con pendientes. Y lo debe hacer por medio de los equipos de ciclo o departamentos did\u00e1cticos, quienes elaborar\u00e1n un programa de refuerzo del aprendizaje especialmente destinado para este alumnado.<\/span><\/p>\n<p style=\"text-align: justify\"><span style=\"font-family: terminal, monaco, monospace;font-size: 14pt\">La pregunta que nos surge aqu\u00ed no puede ser otra: \u00bfy c\u00f3mo hacemos esto?<\/span><\/p>\n<p>&nbsp;<\/p>\n<p style=\"text-align: justify\"><span style=\"font-family: terminal, monaco, monospace;font-size: 14pt\"><strong>EL PRANA: PROGRAMA DE REFUERZO PARA LA RECUPERACI\u00d3N DE LOS APRENDIZAJES NO ADQUIRIDOS.<\/strong><\/span><\/p>\n<p style=\"text-align: justify\"><span style=\"font-family: terminal, monaco, monospace;font-size: 14pt\">Todos los equipos de ciclo o departamentos did\u00e1cticos deben proceder a elaborar <strong>un programa espec\u00edfico<\/strong> para dar una respuesta educativa al alumnado con pendientes. Evidentemente, este plan debe estar incluido en la correspondiente <strong>programaci\u00f3n did\u00e1ctica<\/strong>.<\/span><\/p>\n<p style=\"text-align: justify\"><span style=\"font-family: terminal, monaco, monospace;font-size: 14pt\">El programa en cuesti\u00f3n debe estar orientado especialmente a la superaci\u00f3n de las dificultades detectadas de cada uno de estos alumnos que han promocionado sin haber aprobado el \u00e1rea o materia del curso anterior, esto es, a los aprendizajes no adquiridos. Y, l\u00f3gicamente, debe ser individualizado, pues las dificultades no tienen que ser las mismas en todos ellos. Cada persona es diferente y sus dificultades tambi\u00e9n lo ser\u00e1n.<\/span><\/p>\n<p style=\"text-align: justify\"><span style=\"font-family: terminal, monaco, monospace;font-size: 14pt\">Por tanto, nuestro <strong>PRANA<\/strong> contemplar\u00e1 las siguientes actuaciones:<\/span><\/p>\n<figure id=\"attachment_1223\" aria-describedby=\"caption-attachment-1223\" style=\"width: 175px\" class=\"wp-caption alignright\"><a href=\"https:\/\/docs.google.com\/document\/d\/1rulHqh4QJdeN1XL3hplme1Hy_RC0Sr1s9Z5WOAYLl1c\/edit?usp=sharing\" target=\"_blank\" rel=\"noopener noreferrer\"><img loading=\"lazy\" decoding=\"async\" class=\"wp-image-1223\" src=\"https:\/\/blogsaverroes.juntadeandalucia.es\/ellocodelamochila\/files\/2022\/07\/file-type-doc-word-document.427x512-250x300.png\" alt=\"\" width=\"175\" height=\"210\" srcset=\"https:\/\/blogsaverroes.juntadeandalucia.es\/ellocodelamochila\/files\/2022\/07\/file-type-doc-word-document.427x512-250x300.png 250w, https:\/\/blogsaverroes.juntadeandalucia.es\/ellocodelamochila\/files\/2022\/07\/file-type-doc-word-document.427x512.png 427w\" sizes=\"(max-width: 175px) 100vw, 175px\" \/><\/a><figcaption id=\"caption-attachment-1223\" class=\"wp-caption-text\">Plantilla para la inclusi\u00f3n del PRANA en la programaci\u00f3n did\u00e1ctica.<\/figcaption><\/figure>\n<p style=\"text-align: justify\"><span style=\"text-decoration: underline;font-family: terminal, monaco, monospace;font-size: 14pt\">-PASO 1: An\u00e1lisis de los aprendizajes no adquiridos.<\/span><\/p>\n<p style=\"text-align: justify\"><span style=\"font-family: terminal, monaco, monospace;font-size: 14pt\">En primer lugar, el docente analizar\u00e1 las <strong>dificultades<\/strong> que cada alumno \/ a destinatario de este programa ha tenido para no superar el \u00e1rea o materia del curso anterior, esto es, qu\u00e9 aprendizajes no ha adquirido. Para ello, puede servirse de dos importantes <strong>fuentes de informaci\u00f3n<\/strong>:<\/span><\/p>\n<p style=\"text-align: justify;padding-left: 40px\"><span style=\"font-family: terminal, monaco, monospace;font-size: 14pt\">-el informe individualizado de evaluaci\u00f3n del curso pasado: este documento debe contener los objetivos no alcanzados, as\u00ed como los criterios de evaluaci\u00f3n no superados. Proporciona una informaci\u00f3n detallada de qu\u00e9 ha aprendido el alumno \/ a y qu\u00e9 no durante el desarrollo del curso anterior,<\/span><\/p>\n<p style=\"text-align: justify;padding-left: 40px\"><span style=\"font-family: terminal, monaco, monospace;font-size: 14pt\">-la informaci\u00f3n de la evaluaci\u00f3n inicial: esta evaluaci\u00f3n -que debe ser m\u00e1s cualitativa que cuantitativa- ofrece tambi\u00e9n una valiosa informaci\u00f3n sobre qu\u00e9 aprendizajes de nuestra asignatura domina y cu\u00e1les en cambio no.<\/span><\/p>\n<p style=\"text-align: justify\"><span style=\"font-family: terminal, monaco, monospace;font-size: 14pt\">Del an\u00e1lisis de estas dos fuentes se deben extraer conclusiones individualizadas. Por ejemplo, en un alumno concreto se puede detectar que tiene problemas de comprensi\u00f3n lectora, que tiene dificultades en expresi\u00f3n escrita, etc.<\/span><\/p>\n<figure id=\"attachment_1223\" aria-describedby=\"caption-attachment-1223\" style=\"width: 175px\" class=\"wp-caption alignright\"><a href=\"https:\/\/docs.google.com\/document\/d\/1iYS7fxJkkE9Wagjgtfn6f6coSJ8ahld0kNELLlHv86E\/edit?usp=sharing\" target=\"_blank\" rel=\"noopener noreferrer\"><img loading=\"lazy\" decoding=\"async\" class=\"wp-image-1223\" src=\"https:\/\/blogsaverroes.juntadeandalucia.es\/ellocodelamochila\/files\/2022\/07\/file-type-doc-word-document.427x512-250x300.png\" alt=\"\" width=\"175\" height=\"210\" srcset=\"https:\/\/blogsaverroes.juntadeandalucia.es\/ellocodelamochila\/files\/2022\/07\/file-type-doc-word-document.427x512-250x300.png 250w, https:\/\/blogsaverroes.juntadeandalucia.es\/ellocodelamochila\/files\/2022\/07\/file-type-doc-word-document.427x512.png 427w\" sizes=\"(max-width: 175px) 100vw, 175px\" \/><\/a><figcaption id=\"caption-attachment-1223\" class=\"wp-caption-text\">Plantilla para la elaboraci\u00f3n del PRANA personalizado.<\/figcaption><\/figure>\n<p style=\"text-align: justify\"><span style=\"text-decoration: underline;font-family: terminal, monaco, monospace;font-size: 14pt\">-PASO 2: establecimiento de las medidas educativas y la propuesta de trabajo individualizada.<\/span><\/p>\n<p style=\"text-align: justify\"><span style=\"font-family: terminal, monaco, monospace;font-size: 14pt\">Una vez realizado el diagn\u00f3stico de los aprendizas no adquiridos, el siguiente paso consistir\u00e1 en establecer las medidas educativas y la propuesta de trabajo individualizada que se aplicar\u00e1 en cada caso.<\/span><\/p>\n<p style=\"text-align: justify\"><span style=\"font-family: terminal, monaco, monospace;font-size: 14pt\">Para ello, se partir\u00e1 de una selecci\u00f3n de los <strong>elementos curriculares<\/strong> que sean necesarios (sobre todo, competencias espec\u00edficas, criterios de evaluaci\u00f3n y saberes b\u00e1sicos que no se hayan desarrollado convenientemente en el curso anterior) teniendo en cuenta las dos fuentes de informaci\u00f3n citadas y, a partir de ah\u00ed, se establecer\u00e1 una l\u00ednea de trabajo encaminada a que la alumna \/ o supere sus dificultades.<\/span><\/p>\n<p style=\"text-align: justify\"><span style=\"font-family: terminal, monaco, monospace;font-size: 14pt\">Es importante se\u00f1alar aqu\u00ed que las medidas contempladas en el PRANA no deben considerarse una carga extra de trabajo para la alumna \/ o, sino que m\u00e1s bien se debe intentar integrar dentro de la propia planificaci\u00f3n de trabajo de las situaciones de aprendizaje del curso -siempre que esto sea posible, claro-. Es decir, no es algo que este alumnado tenga que hacer fuera del aula o en un tiempo extra, sino que debe formar parte de las din\u00e1micas de aula.<\/span><\/p>\n<p style=\"text-align: justify\"><span style=\"font-family: terminal, monaco, monospace;font-size: 14pt\">L\u00f3gicamente, todas las actuaciones contenidas en este plan de trabajo ser\u00e1n objeto de un <strong>seguimiento peri\u00f3dico<\/strong>, analizando analizando la progresi\u00f3n personal de cada alumno \/ a, con la finalidad de darle una respuesta educativa lo m\u00e1s adecuada posible a las dificultades detectadas en cada caso.<\/span><\/p>\n<p style=\"text-align: justify\"><span style=\"font-family: terminal, monaco, monospace;font-size: 14pt\">O sea, la evaluaci\u00f3n de pendientes no puede consistir \u00fanicamente en la realizaci\u00f3n de un par de ex\u00e1menes durante el curso actual. Y no puede ser as\u00ed por multitud de razones: no ser\u00eda una evaluaci\u00f3n realmente, no se trabajar\u00edan los aprendizajes no adquiridos, no se usar\u00edan instrumentos de evaluaci\u00f3n diferentes, etc.<\/span><\/p>\n<p style=\"text-align: justify\"><span style=\"font-family: terminal, monaco, monospace;font-size: 14pt\">Por supuesto, el docente debe comunicar las medidas educativas que va a tomar y la l\u00ednea de trabajo que va a seguir durante el curso, tanto al alumno en particular como a su familia con la finalidad de superar la asignatura pendiente del curso anterior.<\/span><\/p>\n<p style=\"text-align: justify\"><span style=\"font-family: terminal, monaco, monospace;font-size: 14pt\">Con estos dos pasos y el conveniente seguimiento continuo durante el curso, estar\u00edamos realizando un PRANA adecuado, eficaz con el aprendizaje de nuestro alumnado y respetuoso con la legislaci\u00f3n educativa.<\/span><\/p>\n<!--themify_builder_content-->\n<div id=\"themify_builder_content-612\" data-postid=\"612\" class=\"themify_builder_content themify_builder_content-612 themify_builder tf_clear\">\n                    <div  data-lazy=\"1\" class=\"module_row themify_builder_row tb_kkvm891 tb_first tf_w\">\n                        <div class=\"row_inner col_align_top tb_col_count_1 tf_box tf_rel\">\n                        <div  data-lazy=\"1\" class=\"module_column tb-column col-full tb_npie891 first\">\n                            <div  data-lazy=\"1\" class=\"module_subrow themify_builder_sub_row tf_w col_align_top tb_col_count_2 tb_olx6841\">\n                <div  data-lazy=\"1\" class=\"module_column sub_column tb_fr8f842 first\">\n                            <\/div>\n                    <div  data-lazy=\"1\" class=\"module_column sub_column tb_q2sn842 last\">\n                    <!-- module social share -->\n<div  class=\"module module-social-share tb_unxe723  tb_ss_size_large tb_ss_shape_rounded\" data-lazy=\"1\" data-title=\"\" data-url=\"\">\n        <div class=\"module-social-share-wrapper\">\n                                            <div class=\"ss_anchor_wrap tf_inline_b\">\n                        <a href=\"#\" data-type=\"facebook\">\n                            <em class=\"tb_social_share_icon\"><svg  aria-label=\"Facebook\" class=\"tf_fa tf-ti-facebook\" role=\"img\"><use href=\"#tf-ti-facebook\"><\/use><\/svg><\/em>\n                                                    <\/a>\n                    <\/div>\n                                    <div class=\"ss_anchor_wrap tf_inline_b\">\n                        <a href=\"#\" data-type=\"twitter\">\n                            <em class=\"tb_social_share_icon\"><svg  aria-label=\"Twitter\" class=\"tf_fa tf-fab-x-twitter\" role=\"img\"><use href=\"#tf-fab-x-twitter\"><\/use><\/svg><\/em>\n                                                    <\/a>\n                    <\/div>\n                                    <div class=\"ss_anchor_wrap tf_inline_b\">\n                        <a href=\"#\" data-type=\"email\">\n                            <em class=\"tb_social_share_icon\"><svg  aria-label=\"Email\" class=\"tf_fa tf-ti-email\" role=\"img\"><use href=\"#tf-ti-email\"><\/use><\/svg><\/em>\n                                                    <\/a>\n                    <\/div>\n                            <\/div>\n<\/div>\n<!-- \/module social share -->\n        <\/div>\n                    <\/div>\n                <\/div>\n                        <\/div>\n        <\/div>\n        <\/div>\n<!--\/themify_builder_content-->","protected":false},"excerpt":{"rendered":"<p>INTRODUCCI\u00d3N. Un reto al que tiene que enfrentarse todo docente y que se repite curso tras curso consiste en c\u00f3mo darle una respuesta educativa que sea al mismo tiempo eficaz y eficiente y que respete la legislaci\u00f3n educativa al alumnado con un \u00e1rea o materia suspensa del curso anterior, es decir, al alumnado \u00abcon pendiente\u00bb. [&hellip;]<\/p>\n","protected":false},"author":4178,"featured_media":0,"parent":137,"menu_order":8,"comment_status":"open","ping_status":"closed","template":"","meta":{"footnotes":""},"aioseo_notices":[],"_links":{"self":[{"href":"https:\/\/blogsaverroes.juntadeandalucia.es\/ellocodelamochila\/wp-json\/wp\/v2\/pages\/612"}],"collection":[{"href":"https:\/\/blogsaverroes.juntadeandalucia.es\/ellocodelamochila\/wp-json\/wp\/v2\/pages"}],"about":[{"href":"https:\/\/blogsaverroes.juntadeandalucia.es\/ellocodelamochila\/wp-json\/wp\/v2\/types\/page"}],"author":[{"embeddable":true,"href":"https:\/\/blogsaverroes.juntadeandalucia.es\/ellocodelamochila\/wp-json\/wp\/v2\/users\/4178"}],"replies":[{"embeddable":true,"href":"https:\/\/blogsaverroes.juntadeandalucia.es\/ellocodelamochila\/wp-json\/wp\/v2\/comments?post=612"}],"version-history":[{"count":34,"href":"https:\/\/blogsaverroes.juntadeandalucia.es\/ellocodelamochila\/wp-json\/wp\/v2\/pages\/612\/revisions"}],"predecessor-version":[{"id":3273,"href":"https:\/\/blogsaverroes.juntadeandalucia.es\/ellocodelamochila\/wp-json\/wp\/v2\/pages\/612\/revisions\/3273"}],"up":[{"embeddable":true,"href":"https:\/\/blogsaverroes.juntadeandalucia.es\/ellocodelamochila\/wp-json\/wp\/v2\/pages\/137"}],"wp:attachment":[{"href":"https:\/\/blogsaverroes.juntadeandalucia.es\/ellocodelamochila\/wp-json\/wp\/v2\/media?parent=612"}],"curies":[{"name":"wp","href":"https:\/\/api.w.org\/{rel}","templated":true}]}}