{"id":770,"date":"2022-08-30T12:34:46","date_gmt":"2022-08-30T10:34:46","guid":{"rendered":"https:\/\/blogsaverroes.juntadeandalucia.es\/ellocodelamochila\/?page_id=770"},"modified":"2023-09-14T10:57:13","modified_gmt":"2023-09-14T08:57:13","slug":"la-evaluacion-del-proceso-de-ensenanza","status":"publish","type":"page","link":"https:\/\/blogsaverroes.juntadeandalucia.es\/ellocodelamochila\/evaluacion-por-competencias\/la-evaluacion-del-proceso-de-ensenanza\/","title":{"rendered":"LA EVALUACI\u00d3N DEL PROCESO DE ENSE\u00d1ANZA"},"content":{"rendered":"<p style=\"text-align: justify\"><span style=\"font-family: terminal, monaco, monospace;font-size: 14pt\"><strong><img loading=\"lazy\" decoding=\"async\" class=\" wp-image-2493 alignright\" src=\"https:\/\/blogsaverroes.juntadeandalucia.es\/ellocodelamochila\/files\/2023\/08\/La-evaluaci\u00f3n-proceso-ense\u00f1anza-300x300.jpg\" alt=\"\" width=\"428\" height=\"428\" srcset=\"https:\/\/blogsaverroes.juntadeandalucia.es\/ellocodelamochila\/files\/2023\/08\/La-evaluaci\u00f3n-proceso-ense\u00f1anza-300x300.jpg 300w, https:\/\/blogsaverroes.juntadeandalucia.es\/ellocodelamochila\/files\/2023\/08\/La-evaluaci\u00f3n-proceso-ense\u00f1anza-1024x1024.jpg 1024w, https:\/\/blogsaverroes.juntadeandalucia.es\/ellocodelamochila\/files\/2023\/08\/La-evaluaci\u00f3n-proceso-ense\u00f1anza-150x150.jpg 150w, https:\/\/blogsaverroes.juntadeandalucia.es\/ellocodelamochila\/files\/2023\/08\/La-evaluaci\u00f3n-proceso-ense\u00f1anza-768x768.jpg 768w, https:\/\/blogsaverroes.juntadeandalucia.es\/ellocodelamochila\/files\/2023\/08\/La-evaluaci\u00f3n-proceso-ense\u00f1anza.jpg 1080w\" sizes=\"(max-width: 428px) 100vw, 428px\" \/>INTRODUCCI\u00d3N.<\/strong><\/span><\/p>\n<p style=\"text-align: justify\"><span style=\"font-family: terminal, monaco, monospace;font-size: 14pt\">Siempre que los docentes hablamos sobre evaluaci\u00f3n nos referimos, en realidad, a la evaluaci\u00f3n del proceso de aprendizaje, esto es, a c\u00f3mo se est\u00e1 desarrollando el aprendizaje de nuestro alumnado y qu\u00e9 dificultades est\u00e1n encontrando.<\/span><\/p>\n<p style=\"text-align: justify\"><span style=\"font-family: terminal, monaco, monospace;font-size: 14pt\">Sin embargo, \u00bfqu\u00e9 ocurre con la evaluaci\u00f3n del proceso de ense\u00f1anza? \u00bfDebemos realizarla tambi\u00e9n? \u00bfEs obligatorio hacerla o solo recomendable? \u00bfY c\u00f3mo la hacemos?<\/span><\/p>\n<p style=\"text-align: justify\"><span style=\"font-family: terminal, monaco, monospace;font-size: 14pt\">Pues bien, en estas l\u00edneas vamos a intentar dar respuesta a todos estos interrogantes que surgen inevitablemente cuando pensamos en la evaluaci\u00f3n de la ense\u00f1anza, un tema poco tratado en nuestro d\u00eda a d\u00eda.<\/span><\/p>\n<p>&nbsp;<\/p>\n<p style=\"text-align: justify\"><span style=\"font-family: terminal, monaco, monospace;font-size: 14pt\"><strong>QU\u00c9 DICE LA NORMATIVA.<\/strong><\/span><\/p>\n<p style=\"text-align: justify\"><span style=\"font-family: terminal, monaco, monospace;font-size: 14pt\">La evaluaci\u00f3n del proceso de ense\u00f1anza no es un tema olvidado por la normativa, ni mucho menos. Se hacen numerosas referencias a ella en distintos documentos. As\u00ed, por ejemplo, en la <a href=\"https:\/\/drive.google.com\/file\/d\/1IxLLy9BQB3x19M43MzB7cw6A1UXu6VOU\/view?usp=share_link\" target=\"_blank\" rel=\"noopener noreferrer\"><em>Orden de 30 de mayo de 2023, por la que se desarrolla el curr\u00edculo correspondiente a la etapa de Educaci\u00f3n Secundaria Obligatoria en la Comunidad aut\u00f3noma de Andaluc\u00eda<\/em><\/a>, se dice que \u00ab<em>los docentes evaluar\u00e1n tanto el proceso de aprendizaje del alumnado como su propia pr\u00e1ctica docente, para lo que concretar\u00e1n los oportunos procedimientos en las programaciones did\u00e1cticas<\/em>\u00bb (apartado siete, art\u00edculo 11).<\/span><\/p>\n<p style=\"text-align: justify\"><span style=\"font-family: terminal, monaco, monospace;font-size: 14pt\">Si bien es cierto que se dedica la mayor parte de la atenci\u00f3n a la evaluaci\u00f3n del aprendizaje del alumnado, tambi\u00e9n se menciona que debe realizarse una evaluaci\u00f3n del proceso de ense\u00f1anza y que este debe concretarse en las programaciones did\u00e1cticas, sin especificar m\u00e1s sobre el tema.<\/span><\/p>\n<p>&nbsp;<\/p>\n<p style=\"text-align: justify\"><span style=\"font-family: terminal, monaco, monospace;font-size: 14pt\"><strong>LA EVALUACI\u00d3N DEL PROCESO DE ENSE\u00d1ANZA.<\/strong><\/span><\/p>\n<p style=\"text-align: justify\"><span style=\"font-family: terminal, monaco, monospace;font-size: 14pt\">La evaluaci\u00f3n del proceso de ense\u00f1anza debe hacerse mediante una serie de indicadores que aparezcan recogidos en la programaci\u00f3n did\u00e1ctica y, adem\u00e1s, debe servir para mejorar el proceso de ense\u00f1anza-aprendizaje.<\/span><\/p>\n<p style=\"text-align: justify\"><span style=\"font-family: terminal, monaco, monospace;font-size: 14pt\">Aqu\u00ed nos surgen dos preguntas: qu\u00e9 indicadores puedo incluir en mi programaci\u00f3n y c\u00f3mo puedo llevar a cabo esta evaluaci\u00f3n.<\/span><\/p>\n<p style=\"text-align: justify\"><span style=\"font-family: terminal, monaco, monospace;font-size: 14pt\"><strong>a\/ Indicadores para la evaluaci\u00f3n del proceso de ense\u00f1anza.<\/strong><\/span><\/p>\n<p style=\"text-align: justify\"><span style=\"font-family: terminal, monaco, monospace;font-size: 14pt\">En la normativa no se concreta qu\u00e9 mecanismos se deben seguir para realizar la evaluaci\u00f3n del proceso de ense\u00f1anza.<\/span><span style=\"font-family: terminal, monaco, monospace;font-size: 14pt\"> Por tanto, queda a juicio del equipo de ciclo o departamento did\u00e1ctico la decisi\u00f3n sobre qu\u00e9 indicadores recoger en la programaci\u00f3n correspondiente, a qu\u00e9 aspectos concretos deben hacer referencia, etc. teniendo en cuenta las caracter\u00edsticas su contexto educativo. Existe un cierto margen de acci\u00f3n en este sentido.<\/span><\/p>\n<p style=\"text-align: justify\"><span style=\"font-family: terminal, monaco, monospace;font-size: 14pt\">Para ayudar en la decisi\u00f3n de qu\u00e9 indicadores incluir, podemos pensar, en primer lugar, <strong>las fuentes de informaci\u00f3n<\/strong> que vamos a usar y, a continuaci\u00f3n, <strong>los temas o \u00e1mbitos<\/strong> que necesitamos analizar para poder saber si el proceso de ense\u00f1anza se est\u00e1 desarrollando convenientemente y poder detectar cualquier dificultad o incidencia que tenga lugar en su desarrollo.<\/span><\/p>\n<p style=\"text-align: justify\"><span style=\"font-family: terminal, monaco, monospace;font-size: 14pt\">Con respecto a las <strong>fuentes de informaci\u00f3n<\/strong>, podemos usar dos fundamentalmente dos: las reflexiones del docente analizando evidencias y, por otro lado, las reflexiones del propio alumnado. En una y otra fuente podemos, al mismo tiempo, diferenciar varios temas para nuestra evaluaci\u00f3n.<\/span><\/p>\n<p style=\"text-align: justify\"><span style=\"font-family: terminal, monaco, monospace;font-size: 14pt\">Aunque la concreci\u00f3n de los indicadores debe hacerse teniendo muy en cuenta el contexto educativo en el que se trabaja, podemos esbozar aqu\u00ed algunas sugerencias sobre tem\u00e1ticas para analizar:<\/span><\/p>\n<p style=\"text-align: justify\"><span style=\"text-decoration: underline\"><span style=\"font-family: terminal, monaco, monospace;font-size: 14pt\">-Ideas para indicadores para la evaluaci\u00f3n del docente del proceso de ense\u00f1anza:<\/span><\/span><\/p>\n<p style=\"text-align: justify;padding-left: 40px\"><span style=\"font-family: terminal, monaco, monospace;font-size: 14pt\">-indicadores sobre la adecuaci\u00f3n y el desarrollo de la programaci\u00f3n did\u00e1ctica: la adecuaci\u00f3n de los objetivos, la selecci\u00f3n y secuenciaci\u00f3n de los contenidos, las tareas propuestas, las estrategias metodol\u00f3gicas utilizadas, la eficacia de las medidas de atenci\u00f3n a la diversidad, los materiales usados, las idoneidad de las actividades complementarias o extraescolares realizadas, etc.<\/span><\/p>\n<p style=\"text-align: justify;padding-left: 40px\"><span style=\"font-family: terminal, monaco, monospace;font-size: 14pt\">-indicadores sobre el trabajo y la convivencia en el aula: el nivel de participaci\u00f3n del alumnado en las tareas de clase, el nivel de trabajo, la gesti\u00f3n de la convivencia, la organizaci\u00f3n de los agrupamientos, el nivel de atenci\u00f3n del alumnado, la organizaci\u00f3n del espacio, la atenci\u00f3n del docente a las dificultades de cada alumno\/a, etc.<\/span><\/p>\n<p style=\"text-align: justify;padding-left: 40px\"><span style=\"font-family: terminal, monaco, monospace;font-size: 14pt\">-indicadores sobre la comunicaci\u00f3n con las familias: la implicaci\u00f3n de las familias, las v\u00edas de comunicaci\u00f3n utilizadas, la informaci\u00f3n solicitada, la retroalimentaci\u00f3n recibida, etc.<\/span><\/p>\n<p style=\"text-align: justify\"><span style=\"text-decoration: underline\"><span style=\"font-family: terminal, monaco, monospace;font-size: 14pt\">-Ideas para indicadores para la evaluaci\u00f3n del alumnado del proceso de ense\u00f1anza:<\/span><\/span><\/p>\n<p style=\"text-align: justify;padding-left: 40px\"><span style=\"font-family: terminal, monaco, monospace;font-size: 14pt\">-indicadores sobre el desarrollo del curso: c\u00f3mo se ha sentido en clase, el grado de dificultad que ha tenido la asignatura, su grado de inter\u00e9s&#8230;<\/span><\/p>\n<p style=\"text-align: justify;padding-left: 40px\"><span style=\"font-family: terminal, monaco, monospace;font-size: 14pt\">-indicadores sobre el propio aprendizaje: el nivel de atenci\u00f3n en clase, el grado de atenci\u00f3n, el nivel de trabajo y esfuerzo diario, el nivel de trabajo y esfuerzo fuera del aula, etc.<\/span><\/p>\n<p style=\"text-align: justify;padding-left: 40px\"><span style=\"font-family: terminal, monaco, monospace;font-size: 14pt\">-indicadores sobre la evaluaci\u00f3n: si comprende la evaluaci\u00f3n criterial, si comprende la informaci\u00f3n que recibe, si est\u00e1 de acuerdo con la calificaci\u00f3n, si es consciente de sus dificultades y sus fortalezas, si sabe c\u00f3mo mejorar&#8230;<\/span><\/p>\n<p style=\"text-align: justify;padding-left: 40px\"><span style=\"font-family: terminal, monaco, monospace;font-size: 14pt\">-indicadores sobre el ambiente en el aula: sobre la convivencia entre compa\u00f1eros, sobre el ambiente de trabajo en el aula, sobre la relaci\u00f3n del grupo con el docente, etc.<\/span><\/p>\n<p style=\"padding-left: 40px;text-align: justify\"><span style=\"font-family: terminal, monaco, monospace;font-size: 14pt\">-propuestas de mejora: ideas para mejorar el ambiente, la convivencia, las notas de clase, para hacer m\u00e1s interesantes las clases, etc.<\/span><\/p>\n<p style=\"padding-left: 320px;text-align: justify\"><span style=\"font-family: terminal, monaco, monospace;font-size: 14pt\"><iframe loading=\"lazy\" src=\"https:\/\/drive.google.com\/file\/d\/17mRSmEwAtCdhzWIMMebO9hg3gN5W8SHX\/preview\" width=\"400\" height=\"250\">&amp;amp;amp;amp;amp;amp;amp;amp;amp;amp;amp;amp;amp;amp;amp;amp;amp;amp;amp;amp;amp;amp;amp;amp;amp;amp;amp;amp;amp;amp;lt;span style=\u00bbdisplay: inline-block; width: 0px; overflow: hidden; line-height: 0;\u00bb data-mce-type=\u00bbbookmark\u00bb class=\u00bbmce_SELRES_start\u00bb&amp;amp;amp;amp;amp;amp;amp;amp;amp;amp;amp;amp;amp;amp;amp;amp;amp;amp;amp;amp;amp;amp;amp;amp;amp;amp;amp;amp;amp;amp;gt;\ufeff&amp;amp;amp;amp;amp;amp;amp;amp;amp;amp;amp;amp;amp;amp;amp;amp;amp;amp;amp;amp;amp;amp;amp;amp;amp;amp;amp;amp;amp;amp;lt;\/span&amp;amp;amp;amp;amp;amp;amp;amp;amp;amp;amp;amp;amp;amp;amp;amp;amp;amp;amp;amp;amp;amp;amp;amp;amp;amp;amp;amp;amp;amp;gt;<\/iframe><\/span><\/p>\n<p style=\"text-align: justify\"><span style=\"font-family: terminal, monaco, monospace;font-size: 14pt\"><strong>b\/ C\u00f3mo llevar a cabo la evaluaci\u00f3n del proceso de ense\u00f1anza.<\/strong><\/span><\/p>\n<p style=\"text-align: justify\"><span style=\"font-family: terminal, monaco, monospace;font-size: 14pt\">Una vez decididos, concretados y recogidos en nuestra programaci\u00f3n did\u00e1ctica los indicadores que vamos a utilizar para la evaluaci\u00f3n del proceso de ense\u00f1anza, toca ahora reflexionar sobre c\u00f3mo realizarla.<\/span><\/p>\n<p style=\"text-align: justify\"><span style=\"font-family: terminal, monaco, monospace;font-size: 14pt\">La evaluaci\u00f3n del proceso de ense\u00f1anza debe hacerse de una forma bastante parecida a como se hacemos la evaluaci\u00f3n del aprendizaje de nuestro alumnado: utilizando como referentes fundamentales los indicadores y usando diferentes instrumentos para recoger la informaci\u00f3n. Lo primero es muy sencillo para el docente que realiza una evaluaci\u00f3n criterial del aprendizaje, y, con respecto a lo segundo, podemos usar como instrumentos r\u00fabricas, listas de cotejo, escalas de valoraci\u00f3n, etc. Si es el alumnado el que tiene que realizar esta evaluaci\u00f3n, el proceso se puede agilizar mediante el uso de un formulario digital que recoja la informaci\u00f3n y gestione los datos.<\/span><\/p>\n<p style=\"text-align: justify\"><span style=\"font-family: terminal, monaco, monospace;font-size: 14pt\">La lista de cotejo es un instrumento \u00fatil para que el docente analice c\u00f3mo se est\u00e1 desarrollando el proceso de ense\u00f1anza, reflexionando \u00edtem por \u00edtem -o sea, indicador por indicador- sobre en qu\u00e9 grado se est\u00e1 logrando algo, qu\u00e9 est\u00e1 funcionando bien, qu\u00e9 dificultades est\u00e1n apareciendo, etc. Adem\u00e1s, es fundamental que incluya un espacio para propuestas de mejora, pues el objetivo de hacer esto no es otro que mejorar.<\/span><\/p>\n<p style=\"text-align: justify\"><span style=\"font-family: terminal, monaco, monospace;font-size: 14pt\">Muchos indicadores est\u00e1n especialmente dirigidos a que el alumnado reflexione sobre c\u00f3mo se est\u00e1 desarrollando su propio aprendizaje, es decir, recogen el punto de vista del alumno. Y el mejor instrumento para recoger toda esta informaci\u00f3n -teniendo en cuenta la gran cantidad de alumnos\/as que suele tener todo docente- es mediante un formulario o encuesta digital que permita recogerla de una forma \u00e1gil y sencilla.<\/span><\/p>\n<p style=\"text-align: justify\"><span style=\"font-family: terminal, monaco, monospace;font-size: 14pt\">Adem\u00e1s, este tipo de herramientas digitales posibilitan representar gr\u00e1ficamente los resultados de la informaci\u00f3n recogida, facilitando su an\u00e1lisis de forma significativa. Y, por tanto, la toma de decisiones ser\u00e1 consecuentemente m\u00e1s r\u00e1pida y sencilla.<\/span><\/p>\n<p style=\"text-align: justify\"><span style=\"font-family: terminal, monaco, monospace;font-size: 14pt\">L\u00f3gicamente, la evaluaci\u00f3n de la ense\u00f1anza no ser\u00e1 algo puntual de un momento determinado del curso, pues entonces s\u00f3lo nos dar\u00eda una informaci\u00f3n parcial y sesgada. Debe realizarse a lo largo de todo el proceso de aprendizaje-ense\u00f1anza, para de esta forma tener margen de acci\u00f3n y tomar las decisiones educativas que sean necesarias.<\/span><\/p>\n<figure id=\"attachment_776\" aria-describedby=\"caption-attachment-776\" style=\"width: 300px\" class=\"wp-caption alignright\"><img loading=\"lazy\" decoding=\"async\" class=\"size-medium wp-image-776\" src=\"https:\/\/blogsaverroes.juntadeandalucia.es\/ellocodelamochila\/files\/2021\/08\/Captura-de-pantalla-2021-08-10-a-las-12.58.06-300x220.png\" alt=\"Diana de autoevaluaci\u00f3n\" width=\"300\" height=\"220\" srcset=\"https:\/\/blogsaverroes.juntadeandalucia.es\/ellocodelamochila\/files\/2021\/08\/Captura-de-pantalla-2021-08-10-a-las-12.58.06-300x220.png 300w, https:\/\/blogsaverroes.juntadeandalucia.es\/ellocodelamochila\/files\/2021\/08\/Captura-de-pantalla-2021-08-10-a-las-12.58.06-1024x752.png 1024w, https:\/\/blogsaverroes.juntadeandalucia.es\/ellocodelamochila\/files\/2021\/08\/Captura-de-pantalla-2021-08-10-a-las-12.58.06-768x564.png 768w, https:\/\/blogsaverroes.juntadeandalucia.es\/ellocodelamochila\/files\/2021\/08\/Captura-de-pantalla-2021-08-10-a-las-12.58.06.png 1104w\" sizes=\"(max-width: 300px) 100vw, 300px\" \/><figcaption id=\"caption-attachment-776\" class=\"wp-caption-text\">La diana de autoevaluaci\u00f3n es una buena forma de representar los datos.<\/figcaption><\/figure>\n<p>&nbsp;<\/p>\n<p style=\"text-align: justify\"><strong><span style=\"font-family: terminal, monaco, monospace;font-size: 14pt\">CONCLUSI\u00d3N.<\/span><\/strong><\/p>\n<p style=\"text-align: justify\"><span style=\"font-family: terminal, monaco, monospace;font-size: 14pt\">La evaluaci\u00f3n del aprendizaje de nuestro alumnado es fundamental, pero no debemos descuidar la evaluaci\u00f3n del proceso de ense\u00f1anza. Tanto una como otra conforman en realidad un todo \u00fanico que tiene como objetivo fundamental recoger informaci\u00f3n que permita mejorar el proceso de aprendizaje-ense\u00f1anza. Por tanto, ambas se complementan y retroalimentan a la perfecci\u00f3n.<\/span><\/p>\n<!--themify_builder_content-->\n<div id=\"themify_builder_content-770\" data-postid=\"770\" class=\"themify_builder_content themify_builder_content-770 themify_builder tf_clear\">\n                    <div  data-lazy=\"1\" class=\"module_row themify_builder_row tb_itmz613 tb_first tf_w\">\n                        <div class=\"row_inner col_align_top tb_col_count_1 tf_box tf_rel\">\n                        <div  data-lazy=\"1\" class=\"module_column tb-column col-full tb_4l69614 first\">\n                            <div  data-lazy=\"1\" class=\"module_subrow themify_builder_sub_row tf_w col_align_top tb_col_count_2 tb_opdj916\">\n                <div  data-lazy=\"1\" class=\"module_column sub_column col2-1 tb_1yg3917 first\">\n                            <\/div>\n                    <div  data-lazy=\"1\" class=\"module_column sub_column col2-1 tb_sd3k917 last\">\n                    <!-- module social share -->\n<div  class=\"module module-social-share tb_2zuh214  tb_ss_size_large tb_ss_shape_rounded\" data-lazy=\"1\" data-title=\"\" data-url=\"\">\n        <div class=\"module-social-share-wrapper\">\n                                            <div class=\"ss_anchor_wrap tf_inline_b\">\n                        <a href=\"#\" data-type=\"facebook\">\n                            <em class=\"tb_social_share_icon\"><svg  aria-label=\"Facebook\" class=\"tf_fa tf-ti-facebook\" role=\"img\"><use href=\"#tf-ti-facebook\"><\/use><\/svg><\/em>\n                                                    <\/a>\n                    <\/div>\n                                    <div class=\"ss_anchor_wrap tf_inline_b\">\n                        <a href=\"#\" data-type=\"twitter\">\n                            <em class=\"tb_social_share_icon\"><svg  aria-label=\"Twitter\" class=\"tf_fa tf-fab-x-twitter\" role=\"img\"><use href=\"#tf-fab-x-twitter\"><\/use><\/svg><\/em>\n                                                    <\/a>\n                    <\/div>\n                                    <div class=\"ss_anchor_wrap tf_inline_b\">\n                        <a href=\"#\" data-type=\"email\">\n                            <em class=\"tb_social_share_icon\"><svg  aria-label=\"Email\" class=\"tf_fa tf-ti-email\" role=\"img\"><use href=\"#tf-ti-email\"><\/use><\/svg><\/em>\n                                                    <\/a>\n                    <\/div>\n                            <\/div>\n<\/div>\n<!-- \/module social share -->\n        <\/div>\n                    <\/div>\n                <\/div>\n                        <\/div>\n        <\/div>\n        <\/div>\n<!--\/themify_builder_content-->","protected":false},"excerpt":{"rendered":"<p>INTRODUCCI\u00d3N. Siempre que los docentes hablamos sobre evaluaci\u00f3n nos referimos, en realidad, a la evaluaci\u00f3n del proceso de aprendizaje, esto es, a c\u00f3mo se est\u00e1 desarrollando el aprendizaje de nuestro alumnado y qu\u00e9 dificultades est\u00e1n encontrando. Sin embargo, \u00bfqu\u00e9 ocurre con la evaluaci\u00f3n del proceso de ense\u00f1anza? \u00bfDebemos realizarla tambi\u00e9n? \u00bfEs obligatorio hacerla o solo [&hellip;]<\/p>\n","protected":false},"author":4178,"featured_media":0,"parent":137,"menu_order":5,"comment_status":"open","ping_status":"closed","template":"","meta":{"footnotes":""},"aioseo_notices":[],"_links":{"self":[{"href":"https:\/\/blogsaverroes.juntadeandalucia.es\/ellocodelamochila\/wp-json\/wp\/v2\/pages\/770"}],"collection":[{"href":"https:\/\/blogsaverroes.juntadeandalucia.es\/ellocodelamochila\/wp-json\/wp\/v2\/pages"}],"about":[{"href":"https:\/\/blogsaverroes.juntadeandalucia.es\/ellocodelamochila\/wp-json\/wp\/v2\/types\/page"}],"author":[{"embeddable":true,"href":"https:\/\/blogsaverroes.juntadeandalucia.es\/ellocodelamochila\/wp-json\/wp\/v2\/users\/4178"}],"replies":[{"embeddable":true,"href":"https:\/\/blogsaverroes.juntadeandalucia.es\/ellocodelamochila\/wp-json\/wp\/v2\/comments?post=770"}],"version-history":[{"count":31,"href":"https:\/\/blogsaverroes.juntadeandalucia.es\/ellocodelamochila\/wp-json\/wp\/v2\/pages\/770\/revisions"}],"predecessor-version":[{"id":2563,"href":"https:\/\/blogsaverroes.juntadeandalucia.es\/ellocodelamochila\/wp-json\/wp\/v2\/pages\/770\/revisions\/2563"}],"up":[{"embeddable":true,"href":"https:\/\/blogsaverroes.juntadeandalucia.es\/ellocodelamochila\/wp-json\/wp\/v2\/pages\/137"}],"wp:attachment":[{"href":"https:\/\/blogsaverroes.juntadeandalucia.es\/ellocodelamochila\/wp-json\/wp\/v2\/media?parent=770"}],"curies":[{"name":"wp","href":"https:\/\/api.w.org\/{rel}","templated":true}]}}