{"id":23,"date":"2021-06-22T12:15:35","date_gmt":"2021-06-22T10:15:35","guid":{"rendered":"http:\/\/blogsaverroes.juntadeandalucia.es\/pre\/educacionyflamenco\/?page_id=23"},"modified":"2021-10-05T10:25:35","modified_gmt":"2021-10-05T10:25:35","slug":"programa","status":"publish","type":"page","link":"https:\/\/blogsaverroes.juntadeandalucia.es\/emprendimientoyeducacion\/programa\/","title":{"rendered":"Programa"},"content":{"rendered":"<p>[et_pb_section fb_built=&#8221;1&#8243; _builder_version=&#8221;4.5.0&#8243; _module_preset=&#8221;default&#8221; background_color=&#8221;#ffffff&#8221; custom_padding=&#8221;0px||0px||true|false&#8221;][et_pb_row module_class=&#8221;emprendimiento_background_position&#8221; _builder_version=&#8221;4.5.0&#8243; _module_preset=&#8221;default&#8221; background_image=&#8221;https:\/\/blogsaverroes.juntadeandalucia.es\/emprendimientoyeducacion\/files\/2021\/07\/congreso_emprendimiento_barra_contacto_sin_bordes.png&#8221; background_size=&#8221;initial&#8221; background_position=&#8221;top_left&#8221; width=&#8221;100%&#8221; max_width=&#8221;2560px&#8221; custom_padding=&#8221;0px||0px||false|false&#8221; locked=&#8221;off&#8221;][et_pb_column type=&#8221;4_4&#8243; _builder_version=&#8221;4.5.0&#8243; _module_preset=&#8221;default&#8221;][et_pb_text module_class=&#8221;emprendimiento_titulo_incripciones&#8221; _builder_version=&#8221;4.5.0&#8243; _module_preset=&#8221;90865f4d-2cce-42a7-b40e-d3fbad25605a&#8221; header_2_font=&#8221;Prata||||||||&#8221; header_2_text_color=&#8221;#141414&#8243; header_2_font_size=&#8221;60px&#8221; header_2_line_height=&#8221;1.2em&#8221; text_orientation=&#8221;center&#8221; custom_margin=&#8221;||0px||false|false&#8221; custom_padding=&#8221;||0px||false|false&#8221; header_2_font_size_tablet=&#8221;32px&#8221; header_2_font_size_phone=&#8221;20px&#8221; header_2_font_size_last_edited=&#8221;on|tablet&#8221; header_2_line_height_tablet=&#8221;1.3em&#8221; header_2_line_height_phone=&#8221;1.4em&#8221; header_2_line_height_last_edited=&#8221;on|phone&#8221; locked=&#8221;off&#8221;]<\/p>\n<h2><span style=\"color: #ffffff;font-size: 36pt\">Programa<\/span><\/h2>\n<p>[\/et_pb_text][\/et_pb_column][\/et_pb_row][et_pb_row _builder_version=&#8221;4.5.0&#8243; _module_preset=&#8221;default&#8221; locked=&#8221;off&#8221;][et_pb_column type=&#8221;4_4&#8243; _builder_version=&#8221;4.5.0&#8243; _module_preset=&#8221;default&#8221;][et_pb_text _builder_version=&#8221;4.5.0&#8243; _module_preset=&#8221;default&#8221;]<\/p>\n<h2 style=\"text-align: center;\"><strong>Consulta las actividades paralelas<\/strong><\/h2>\n<p>[\/et_pb_text][\/et_pb_column][\/et_pb_row][et_pb_row column_structure=&#8221;1_2,1_2&#8243; _builder_version=&#8221;4.5.0&#8243; _module_preset=&#8221;default&#8221; locked=&#8221;off&#8221;][et_pb_column type=&#8221;1_2&#8243; _builder_version=&#8221;4.5.0&#8243; _module_preset=&#8221;default&#8221;][et_pb_blurb title=&#8221;Viernes ma\u00f1ana&#8221; url=&#8221;https:\/\/blogsaverroes.juntadeandalucia.es\/emprendimientoyeducacion\/files\/2021\/10\/ACTIVIDADES-PARALELAS-Viernes-ma\u00f1ana.pdf&#8221; url_new_window=&#8221;on&#8221; use_icon=&#8221;on&#8221; font_icon=&#8221;%%233%%&#8221; icon_placement=&#8221;left&#8221; content_max_width=&#8221;200px&#8221; _builder_version=&#8221;4.5.0&#8243; _module_preset=&#8221;default&#8221; header_text_align=&#8221;center&#8221; text_orientation=&#8221;center&#8221; hover_enabled=&#8221;0&#8243;][\/et_pb_blurb][\/et_pb_column][et_pb_column type=&#8221;1_2&#8243; _builder_version=&#8221;4.5.0&#8243; _module_preset=&#8221;default&#8221;][et_pb_blurb title=&#8221;Viernes tarde&#8221; url=&#8221;https:\/\/blogsaverroes.juntadeandalucia.es\/emprendimientoyeducacion\/files\/2021\/10\/ACTIVIDADES-PARALELAS-Viernes-tarde.pdf&#8221; url_new_window=&#8221;on&#8221; use_icon=&#8221;on&#8221; font_icon=&#8221;%%233%%&#8221; icon_placement=&#8221;left&#8221; content_max_width=&#8221;200px&#8221; _builder_version=&#8221;4.5.0&#8243; _module_preset=&#8221;default&#8221; header_text_align=&#8221;center&#8221; text_orientation=&#8221;center&#8221; hover_enabled=&#8221;0&#8243;][\/et_pb_blurb][\/et_pb_column][\/et_pb_row][et_pb_row _builder_version=&#8221;4.5.0&#8243; _module_preset=&#8221;default&#8221; custom_padding=&#8221;0px||0px||true|false&#8221;][et_pb_column type=&#8221;4_4&#8243; _builder_version=&#8221;4.9.0&#8243; _module_preset=&#8221;default&#8221;][et_pb_text _builder_version=&#8221;4.5.0&#8243; _module_preset=&#8221;90865f4d-2cce-42a7-b40e-d3fbad25605a&#8221; header_2_font=&#8221;Prata||||||||&#8221; header_2_text_color=&#8221;#141414&#8243; header_2_font_size=&#8221;60px&#8221; header_2_line_height=&#8221;1.2em&#8221; custom_margin=&#8221;||0px||false|false&#8221; header_2_font_size_tablet=&#8221;32px&#8221; header_2_font_size_phone=&#8221;20px&#8221; header_2_font_size_last_edited=&#8221;on|tablet&#8221; header_2_line_height_tablet=&#8221;1.3em&#8221; header_2_line_height_phone=&#8221;1.4em&#8221; header_2_line_height_last_edited=&#8221;on|phone&#8221; locked=&#8221;off&#8221;]<\/p>\n\t\t\t<!-- Cool Timeline Free V3.0.1 -->\n\t\t\t<div class=\"ctl-wrapper\" role=\"region\" aria-label=\"Timeline\">\n\t\t\t\t\t\t\t\t<div id=\"cool_timeline_1\" class=\"cool-timeline-wrapper ctl-both-sided ctl-vertical-wrapper ctl-clean-skin\" >\n\t\t\t\t\t<div class=\"ctl-start\"><\/div>\n\t\t\t\t\t<!-- Timeline Container -->\n\t\t\t\t\t<div class=\"ctl-timeline ctl-timeline-container\" data-animation=\"fade-up\">\n\t\t\t\t\t\t<!-- Center Line -->\n\t\t\t\t\t\t<div class=\"ctl-inner-line\" role=\"presentation\"><\/div>\n\t\t\t\t\t\t<!-- Timeline Content --><div  id=\"ctl-story-80\" class=\"ctl-story ctl-story-icon odd ctl-story-right\" data-aos=\"fade-up\"   data-story-index=\"1\" role=\"article\"><!-- Story Date --><div class=\"ctl-labels\"><div class=\"ctl-label-big story-date\">7 octubre 2021<\/div><\/div><!-- Story Icon --><div class=\"ctl-icon\"><i class=\"fa fa-clock-o\" aria-hidden=\"true\"><\/i><\/div> <!-- Story Content --><div class=\"ctl-content\"><!-- Story Title --><div class=\"ctl-title story-80\" aria-label=\"2\">Competencias Emprendedoras<\/div><!-- Story Description --><div class=\"ctl-description\"><div class=\"ba_eventos_timeline_container\">\n<div class=\"ba_eventos_timeline_row\">\n<div class=\"ba_eventos_timeline_horario ba_eventos_timeline_celeste\">\n<p>14:00 &#8211; 16:00<\/p>\n<p class=\"ba_eventos_timeline_horario_black\">Recepci\u00f3n de congresistas y entrega de acreditaciones<\/p>\n<\/p>\n<\/div>\n<\/div>\n<div class=\"ba_eventos_timeline_row\">\n<div class=\"ba_eventos_timeline_horario ba_eventos_timeline_celeste\">\n<p>16:00 &#8211; 16:45<\/p>\n<p class=\"ba_eventos_timeline_horario_black\">Inauguraci\u00f3n Oficial<\/p>\n<\/p>\n<\/div>\n<\/div>\n<div class=\"ba_eventos_timeline_row\">\n<div class=\"ba_eventos_timeline_horario ba_eventos_timeline_celeste\">\n<p>16:45 &#8211; 17:15<\/p>\n<p class=\"ba_eventos_timeline_horario_black\">Micro &#8211; taller<\/p>\n<\/p>\n<\/div>\n<div class=\"ba_eventos_timeline_desc\">\n<p>Mar\u00eda Batet<\/p>\n<\/p>\n<\/div>\n<\/div>\n<div class=\"ba_eventos_timeline_row\">\n<div class=\"ba_eventos_timeline_horario ba_eventos_timeline_celeste\">\n<p>17:15 &#8211; 18:30<\/p>\n<p class=\"ba_eventos_timeline_horario_black\">Charla inaugural<\/p>\n<\/p>\n<\/div>\n<div class=\"ba_eventos_timeline_desc\">\n<p>N\u00e9stor Guerra<\/p>\n<\/p>\n<\/div>\n<\/div>\n<div class=\"ba_eventos_timeline_row\">\n<div class=\"ba_eventos_timeline_horario ba_eventos_timeline_celeste\">\n<p>18:30 &#8211; 19:00<\/p>\n<p class=\"ba_eventos_timeline_horario_black\">RECESO<\/p>\n<\/p>\n<\/div>\n<\/div>\n<div class=\"ba_eventos_timeline_row\">\n<div class=\"ba_eventos_timeline_horario ba_eventos_timeline_celeste\">\n<p>19:00 &#8211; 20:15<\/p>\n<p class=\"ba_eventos_timeline_horario_black\">Mesa redonda participativa: <\/p>\n<p class=\"ba_eventos_timeline_horario_black ba_eventos_timeline_horario_noBold\">Qu\u00e9 competencias emprendedoras para qu\u00e9 educaci\u00f3n emprendedora<\/p>\n<\/p>\n<\/div>\n<div class=\"ba_eventos_timeline_desc\">\n<p>Sim\u00f3n Men\u00e9ndez (Ashoka)<\/p>\n<p>Luis Garc\u00eda D\u00edez (Genially)<\/p>\n<p>Arantza Arruti (Universidad deDeusto)<\/p>\n<\/p>\n<\/div>\n<\/div>\n<div class=\"ba_eventos_timeline_row\">\n<div class=\"ba_eventos_timeline_horario ba_eventos_timeline_celeste\">\n<p>20:15 &#8211; 20:45<\/p>\n<p class=\"ba_eventos_timeline_horario_black\">Resumen visual de la jornada<\/p>\n<\/p>\n<\/div>\n<div class=\"ba_eventos_timeline_desc\">\n<p>Mar\u00eda Batet<\/p>\n<\/p>\n<\/div>\n<\/div>\n<\/div>\n<\/div><\/div><\/div><!-- Timeline Content --><div  id=\"ctl-story-138\" class=\"ctl-story ctl-story-icon even ctl-story-left\" data-aos=\"fade-up\"   data-story-index=\"2\" role=\"article\"><!-- Story Date --><div class=\"ctl-labels\"><div class=\"ctl-label-big story-date\">8 octubre 2021<\/div><\/div><!-- Story Icon --><div class=\"ctl-icon\"><i class=\"fa fa-clock-o\" aria-hidden=\"true\"><\/i><\/div> <!-- Story Content --><div class=\"ctl-content\"><!-- Story Title --><div class=\"ctl-title story-138\" aria-label=\"2\">Competencias Emprendedoras y Buenas Pr\u00e1cticas<\/div><!-- Story Description --><div class=\"ctl-description\"><p>&nbsp;<\/p>\n<div class=\"ba_eventos_timeline_container\">\n<div class=\"ba_eventos_timeline_row\">\n<div class=\"ba_eventos_timeline_horario ba_eventos_timeline_celeste\">\n<p>08:30 &#8211; 09:00<\/p>\n<p class=\"ba_eventos_timeline_horario_black\">Taller: Mindfulness educativo<\/p>\n<\/div>\n<\/div>\n<div class=\"ba_eventos_timeline_row\">\n<div class=\"ba_eventos_timeline_horario ba_eventos_timeline_celeste\">\n<p>09:00 &#8211; 10:30<\/p>\n<p class=\"ba_eventos_timeline_horario_black\">Conferencia din\u00e1mica:<\/p>\n<p class=\"ba_eventos_timeline_horario_black ba_eventos_timeline_horario_noBold\">Competencias emprendedoras en las ense\u00f1anzas obligatorias<\/p>\n<\/div>\n<div class=\"ba_eventos_timeline_desc\">\n<p>Carmen Pellicer<\/p>\n<\/div>\n<\/div>\n<div class=\"ba_eventos_timeline_row\">\n<div class=\"ba_eventos_timeline_horario ba_eventos_timeline_celeste\">\n<p>10:30 &#8211; 11:30<\/p>\n<p class=\"ba_eventos_timeline_horario_black\">Entrevistas grupales<\/p>\n<ol class=\"ba_eventos_timeline_horario_grey ba_eventos_timeline_horario_noBold\">\n<li>Competencias emprendedoras (\u201cLas Soft Skills\u201d) en las ense\u00f1anzas profesionalizantes<\/li>\n<li>Adaptaci\u00f3n COVID en la educaci\u00f3n emprendedora<\/li>\n<li>Experiencias de negocio en el \u00e1mbito del emprendimiento educativo<\/li>\n<li>\u00bfC\u00f3mo lo hacen? Experiencias tras la escuela<\/li>\n<\/ol>\n<\/div>\n<div class=\"ba_eventos_timeline_desc\">\n<p>1<\/p>\n<p>Margarita Rodr\u00edguez<\/p>\n<p>Sergio Banderas<\/p>\n<p>Patricia Santos<\/p>\n<p>Juan Antonio Fern\u00e1ndez<\/p>\n<p>2<\/p>\n<p>Experiencias internacionales del Proyecto ECOOL (Interreg Europe)<\/p>\n<p>3<\/p>\n<p>Crstina Pozo (WetEdugames)<\/p>\n<p>Eduardo Herrero (GoTime)<\/p>\n<p>Eloy Doncel (Conzientemente)<\/p>\n<p>4<br \/>\nSoledad Domene (US)<\/p>\n<p>Jos\u00e9 Ignacio Garc\u00eda (Rector UNIA)<\/p>\n<p>Jos\u00e9 Castro (Fundaci\u00f3n PERSAN)<\/p>\n<\/div>\n<\/div>\n<div class=\"ba_eventos_timeline_row\">\n<div class=\"ba_eventos_timeline_horario ba_eventos_timeline_celeste\">\n<p>11:30 &#8211; 12:00<\/p>\n<p class=\"ba_eventos_timeline_horario_black\">RECESO<\/p>\n<\/div>\n<\/div>\n<div class=\"ba_eventos_timeline_row\">\n<div class=\"ba_eventos_timeline_horario ba_eventos_timeline_celeste\">\n<p>10:00 &#8211; 14:00<\/p>\n<p class=\"ba_eventos_timeline_horario_black\">Talleres con alumnado: Hackaton express<\/p>\n<\/div>\n<\/div>\n<div class=\"ba_eventos_timeline_row\">\n<div class=\"ba_eventos_timeline_horario ba_eventos_timeline_celeste\">\n<p>12:00 &#8211; 14:00<\/p>\n<p class=\"ba_eventos_timeline_horario_black\">Experiencias de buenas pr\u00e1cticas:<\/p>\n<ol class=\"ba_eventos_timeline_horario_grey ba_eventos_timeline_horario_noBold\">\n<li>Centros de Infantil y Primaria<\/li>\n<li>Centros de Ense\u00f1anza Secundaria<\/li>\n<li>Centros de Formaci\u00f3n Profesional<\/li>\n<li>Aulas de Emprendimiento<\/li>\n<\/ol>\n<\/div>\n<\/div>\n<div class=\"ba_eventos_timeline_row\">\n<div class=\"ba_eventos_timeline_horario ba_eventos_timeline_celeste\">\n<p>14:00 &#8211; 16:00<\/p>\n<p class=\"ba_eventos_timeline_horario_black\">RECESO<\/p>\n<\/div>\n<\/div>\n<div class=\"ba_eventos_timeline_row\">\n<div class=\"ba_eventos_timeline_horario ba_eventos_timeline_celeste\">\n<p>16:00 17:30<\/p>\n<p class=\"ba_eventos_timeline_horario_black\">Talleres: Herramientas para el emprendimiento educativo<\/p>\n<ol class=\"ba_eventos_timeline_horario_grey ba_eventos_timeline_horario_noBold\">\n<li>Explora<\/li>\n<li>Desarrolla<\/li>\n<li>Presenta<\/li>\n<li>Aulas de Emprendimiento<\/li>\n<\/ol>\n<\/div>\n<\/div>\n<div class=\"ba_eventos_timeline_row\">\n<div class=\"ba_eventos_timeline_horario ba_eventos_timeline_celeste\">\n<p>17:30 &#8211; 18:00<\/p>\n<p class=\"ba_eventos_timeline_horario_black\">RECESO<\/p>\n<\/div>\n<\/div>\n<div class=\"ba_eventos_timeline_row\">\n<div class=\"ba_eventos_timeline_horario ba_eventos_timeline_celeste\">\n<p>18:00 &#8211; 19:45<\/p>\n<p class=\"ba_eventos_timeline_horario_black\">Grupos de discusi\u00f3n:<\/p>\n<ul class=\"ba_eventos_timeline_horario_grey ba_eventos_timeline_horario_noBold\">\n<li>Proyectos de emprendimiento y su integraci\u00f3n curricular<\/li>\n<li>Formaci\u00f3n del profesorado en emprendimiento educativo: \u00bfEs necesario un itinerario?<\/li>\n<li>Formaci\u00f3n Profesional y las Soft Skills<\/li>\n<li>Espacios educativos para el emprendimiento<\/li>\n<\/ul>\n<\/div>\n<div class=\"ba_eventos_timeline_desc\">\n<p>Coordinan:<\/p>\n<p>Margarita Rodr\u00edguez (US) y Soledad Domene (US)<\/p>\n<p>Responsables:<\/p>\n<p>Maria Dolores Diaz (US)<br \/>\nPedro Rom\u00e1n Grav\u00e1n (US)<br \/>\nGloria Morales(US)<br \/>\nReyes Bueno Moreno (US)<\/p>\n<\/div>\n<\/div>\n<div class=\"ba_eventos_timeline_row\">\n<div class=\"ba_eventos_timeline_horario ba_eventos_timeline_celeste\">\n<p>19:45 &#8211; 20:15<\/p>\n<p class=\"ba_eventos_timeline_horario_black\">Resumen visual de la jornada<\/p>\n<\/div>\n<div class=\"ba_eventos_timeline_desc\">\n<p>Mar\u00eda Batet<\/p>\n<\/div>\n<\/div>\n<\/div>\n<\/div><\/div><\/div><!-- Timeline Content --><div  id=\"ctl-story-163\" class=\"ctl-story ctl-story-icon odd ctl-story-right\" data-aos=\"fade-up\"   data-story-index=\"3\" role=\"article\"><!-- Story Date --><div class=\"ctl-labels\"><div class=\"ctl-label-big story-date\">9 octubre 2021<\/div><\/div><!-- Story Icon --><div class=\"ctl-icon\"><i class=\"fa fa-clock-o\" aria-hidden=\"true\"><\/i><\/div> <!-- Story Content --><div class=\"ctl-content\"><!-- Story Title --><div class=\"ctl-title story-163\" aria-label=\"2\">El Entorno Emprendedor<\/div><!-- Story Description --><div class=\"ctl-description\"><div class=\"ba_eventos_timeline_container\">\n<div class=\"ba_eventos_timeline_row\">\n<div class=\"ba_eventos_timeline_horario ba_eventos_timeline_celeste\">\n<p>08:30 09:00<\/p>\n<p class=\"ba_eventos_timeline_horario_black\">Taller: Mindfulness educativo<\/p>\n<\/div>\n<\/div>\n<div class=\"ba_eventos_timeline_row\">\n<div class=\"ba_eventos_timeline_horario ba_eventos_timeline_celeste\">\n<p>09:00 10:30<\/p>\n<p class=\"ba_eventos_timeline_horario_black\">Mesa Redonda:<\/p>\n<p class=\"ba_eventos_timeline_horario_grey ba_eventos_timeline_horario_noBold\">El papel de instituciones p\u00fablicas y privadas en la educaci\u00f3n emprendedora.<\/p>\n<\/div>\n<div class=\"ba_eventos_timeline_desc\">\n<p>Dinamiza: Rosa Siles<\/p>\n<p>Participan:<\/p>\n<p>Sandra Gail (Fundaci\u00f3n Accenture)<\/p>\n<p>M.\u00aa Jos\u00e9 Calvo (SAE)<\/p>\n<p>Ram\u00f3n Bull\u00f3n (C\u00e1mara Comercio de Sevilla)<\/p>\n<p>Margarita Ortiz (Fundaci\u00f3n CREATE)<\/p>\n<\/div>\n<\/div>\n<div class=\"ba_eventos_timeline_row\">\n<div class=\"ba_eventos_timeline_horario ba_eventos_timeline_celeste\">\n<p>10:30 \u2013 11:30<\/p>\n<p class=\"ba_eventos_timeline_horario_black\">Entrevistas grupales<\/p>\n<p class=\"ba_eventos_timeline_horario_grey ba_eventos_timeline_horario_noBold\">Perspectiva comparada en la educaci\u00f3n emprendedora<\/p>\n<p class=\"ba_eventos_timeline_horario_grey ba_eventos_timeline_horario_noBold\">Experiencias en el marco del Proyecto ECOOL<\/p>\n<\/div>\n<div class=\"ba_eventos_timeline_desc\">Proyectos Europeos de Emprendimiento Educativo<\/div>\n<\/div>\n<div class=\"ba_eventos_timeline_row\">\n<div class=\"ba_eventos_timeline_horario ba_eventos_timeline_celeste\">\n<p>11:30 &#8211; 12:00<\/p>\n<p class=\"ba_eventos_timeline_horario_black\">RECESO<\/p>\n<\/div>\n<\/div>\n<div class=\"ba_eventos_timeline_row\">\n<div class=\"ba_eventos_timeline_horario ba_eventos_timeline_celeste\">\n<p>12:00 &#8211; 13:00<\/p>\n<p class=\"ba_eventos_timeline_horario_black\">Comunicaciones:<\/p>\n<ol class=\"ba_eventos_timeline_horario_grey ba_eventos_timeline_horario_noBold\">\n<li>El proyecto emprendedor en el centro educativo: Qu\u00e9 y c\u00f3mo<\/li>\n<li>Desarrollo del emprendimiento y la empleabilidad. La Formaci\u00f3n Profesional y las Soft Skills<\/li>\n<li>Experiencias colaborativas p\u00fablico-privadas en educaci\u00f3n emprendedora<\/li>\n<li>Espacios educativos para el emprendimiento: Aulas de Emprendimiento<\/li>\n<\/ol>\n<\/div>\n<\/div>\n<div class=\"ba_eventos_timeline_row\">\n<div class=\"ba_eventos_timeline_horario ba_eventos_timeline_celeste\">\n<p>13:00 &#8211; 13:45<\/p>\n<p class=\"ba_eventos_timeline_horario_black\">Resumen visual de la jornada y conclusiones del congreso<\/p>\n<\/div>\n<div class=\"ba_eventos_timeline_desc\">\n<p>Mar\u00eda Batet<\/p>\n<\/div>\n<\/div>\n<div class=\"ba_eventos_timeline_row\">\n<div class=\"ba_eventos_timeline_horario ba_eventos_timeline_celeste\">\n<p>13:45 &#8211; 14:00<\/p>\n<p class=\"ba_eventos_timeline_horario_black\">Cierre del congreso<\/p>\n<\/div>\n<\/div>\n<\/div>\n<\/div><\/div><\/div>\t\t\t\t\t<\/div>\n\t\t\t\t\t<div class=\"ctl-end\"><\/div>\n\t\t\t\t\t\t\t\t\t<\/div>\n\t\t\t<\/div>\n\t\t\t\n<p>[\/et_pb_text][\/et_pb_column][\/et_pb_row][\/et_pb_section]<\/p>\n","protected":false},"excerpt":{"rendered":"<p>[et_pb_section fb_built=&#8221;1&#8243; _builder_version=&#8221;4.5.0&#8243; _module_preset=&#8221;default&#8221; background_color=&#8221;#ffffff&#8221; custom_padding=&#8221;0px||0px||true|false&#8221;][et_pb_row module_class=&#8221;emprendimiento_background_position&#8221; _builder_version=&#8221;4.5.0&#8243; _module_preset=&#8221;default&#8221; background_image=&#8221;https:\/\/blogsaverroes.juntadeandalucia.es\/emprendimientoyeducacion\/files\/2021\/07\/congreso_emprendimiento_barra_contacto_sin_bordes.png&#8221; background_size=&#8221;initial&#8221; background_position=&#8221;top_left&#8221; width=&#8221;100%&#8221; max_width=&#8221;2560px&#8221; custom_padding=&#8221;0px||0px||false|false&#8221; locked=&#8221;off&#8221;][et_pb_column type=&#8221;4_4&#8243; _builder_version=&#8221;4.5.0&#8243; _module_preset=&#8221;default&#8221;][et_pb_text module_class=&#8221;emprendimiento_titulo_incripciones&#8221; _builder_version=&#8221;4.5.0&#8243; _module_preset=&#8221;90865f4d-2cce-42a7-b40e-d3fbad25605a&#8221; header_2_font=&#8221;Prata||||||||&#8221; header_2_text_color=&#8221;#141414&#8243; header_2_font_size=&#8221;60px&#8221; header_2_line_height=&#8221;1.2em&#8221; text_orientation=&#8221;center&#8221; custom_margin=&#8221;||0px||false|false&#8221; custom_padding=&#8221;||0px||false|false&#8221; header_2_font_size_tablet=&#8221;32px&#8221; header_2_font_size_phone=&#8221;20px&#8221; header_2_font_size_last_edited=&#8221;on|tablet&#8221; header_2_line_height_tablet=&#8221;1.3em&#8221; header_2_line_height_phone=&#8221;1.4em&#8221; header_2_line_height_last_edited=&#8221;on|phone&#8221; locked=&#8221;off&#8221;] Programa [\/et_pb_text][\/et_pb_column][\/et_pb_row][et_pb_row _builder_version=&#8221;4.5.0&#8243; _module_preset=&#8221;default&#8221; locked=&#8221;off&#8221;][et_pb_column type=&#8221;4_4&#8243; _builder_version=&#8221;4.5.0&#8243; _module_preset=&#8221;default&#8221;][et_pb_text _builder_version=&#8221;4.5.0&#8243; _module_preset=&#8221;default&#8221;] Consulta las actividades paralelas [\/et_pb_text][\/et_pb_column][\/et_pb_row][et_pb_row column_structure=&#8221;1_2,1_2&#8243; _builder_version=&#8221;4.5.0&#8243; _module_preset=&#8221;default&#8221; locked=&#8221;off&#8221;][et_pb_column [&hellip;]<\/p>\n","protected":false},"author":7051,"featured_media":0,"parent":0,"menu_order":0,"comment_status":"closed","ping_status":"closed","template":"","meta":{"_et_pb_use_builder":"on","_et_pb_old_content":"","_et_gb_content_width":"","footnotes":""},"aioseo_notices":[],"_links":{"self":[{"href":"https:\/\/blogsaverroes.juntadeandalucia.es\/emprendimientoyeducacion\/wp-json\/wp\/v2\/pages\/23"}],"collection":[{"href":"https:\/\/blogsaverroes.juntadeandalucia.es\/emprendimientoyeducacion\/wp-json\/wp\/v2\/pages"}],"about":[{"href":"https:\/\/blogsaverroes.juntadeandalucia.es\/emprendimientoyeducacion\/wp-json\/wp\/v2\/types\/page"}],"author":[{"embeddable":true,"href":"https:\/\/blogsaverroes.juntadeandalucia.es\/emprendimientoyeducacion\/wp-json\/wp\/v2\/users\/7051"}],"replies":[{"embeddable":true,"href":"https:\/\/blogsaverroes.juntadeandalucia.es\/emprendimientoyeducacion\/wp-json\/wp\/v2\/comments?post=23"}],"version-history":[{"count":1,"href":"https:\/\/blogsaverroes.juntadeandalucia.es\/emprendimientoyeducacion\/wp-json\/wp\/v2\/pages\/23\/revisions"}],"predecessor-version":[{"id":1274,"href":"https:\/\/blogsaverroes.juntadeandalucia.es\/emprendimientoyeducacion\/wp-json\/wp\/v2\/pages\/23\/revisions\/1274"}],"wp:attachment":[{"href":"https:\/\/blogsaverroes.juntadeandalucia.es\/emprendimientoyeducacion\/wp-json\/wp\/v2\/media?parent=23"}],"curies":[{"name":"wp","href":"https:\/\/api.w.org\/{rel}","templated":true}]}}