{"id":4446,"date":"2020-03-17T23:46:07","date_gmt":"2020-03-17T21:46:07","guid":{"rendered":"https:\/\/iesentresierras.wordpress.com\/?page_id=4446"},"modified":"2020-03-17T23:46:07","modified_gmt":"2020-03-17T21:46:07","slug":"yomequedoencasa","status":"publish","type":"page","link":"https:\/\/blogsaverroes.juntadeandalucia.es\/entresierras\/yomequedoencasa\/","title":{"rendered":"#yomequedoencasa#"},"content":{"rendered":"<h1><img loading=\"lazy\" decoding=\"async\" class=\"alignright wp-image-4533\" src=\"https:\/\/iesentresierras.files.wordpress.com\/2020\/03\/logo.jpg\" alt=\"\" width=\"319\" height=\"233\" \/><\/h1>\n<p><img loading=\"lazy\" decoding=\"async\" class=\"alignright size-full wp-image-4532\" src=\"https:\/\/iesentresierras.files.wordpress.com\/2020\/03\/desde-casa-lo-lograremos.jpg\" alt=\"\" width=\"625\" height=\"278\" \/><\/p>\n<h1><\/h1>\n<h1><span style=\"color:#00ff00\">\u00a0\u00a0\u00a0 <\/span><\/h1>\n<h1><span style=\"color:#00ff00\">\u00a0\u00a0\u00a0\u00a0\u00a0\u00a0\u00a0\u00a0\u00a0\u00a0\u00a0\u00a0\u00a0\u00a0\u00a0\u00a0\u00a0\u00a0\u00a0\u00a0\u00a0\u00a0\u00a0 DIA DEL LIBRO: 23 de abril<\/span><\/h1>\n<p><img loading=\"lazy\" decoding=\"async\" class=\"alignright size-full wp-image-4636\" src=\"https:\/\/iesentresierras.files.wordpress.com\/2020\/04\/dia-del-libro.jpg\" alt=\"\" width=\"625\" height=\"468\" \/><\/p>\n<h4>\u00a0\u00a0\u00a0\u00a0\u00a0\u00a0\u00a0\u00a0\u00a0\u00a0\u00a0\u00a0\u00a0\u00a0\u00a0\u00a0\u00a0\u00a0\u00a0\u00a0\u00a0\u00a0\u00a0\u00a0\u00a0\u00a0\u00a0\u00a0\u00a0\u00a0\u00a0\u00a0 Trabajos realizados\u00a0 por el alumnado de 4\u00ba ESO\u00a0 en EPVA<\/h4>\n<h1><\/h1>\n<h1 style=\"text-align:center\"><span style=\"color:#ff9900\">RECURSOS EDUCATIVOS<\/span><\/h1>\n<p style=\"text-align:justify\"><strong>NOVEDAD!!<\/strong> Desde el pr\u00f3ximo lunes 23 de marzo, comenzar\u00e1 la emisi\u00f3n en televisi\u00f3n en abierto de una programaci\u00f3n especial coproducida por RTVE y el Ministerio de Educaci\u00f3n y Formaci\u00f3n Profesional (<span style=\"float:none;background-color:#ffffff;color:#444444;cursor:text;font-family:'Open Sans', Helvetica, Arial, sans-serif;font-size:14px;font-style:normal;font-variant:normal;font-weight:400;letter-spacing:normal;text-align:left;text-decoration:none;text-indent:0;text-transform:none\">MEFP<\/span>): \u00ab<span style=\"color:#ffcc00\"><strong>APRENDEMOS EN CASA\u00bb. <\/strong><span style=\"color:#333333\">Los <\/span><span style=\"color:#000000\">contenidos educativos, ordenados por grupos de edad y \u00e1reas de conocimientos, que se emitir\u00e1 durante las ma\u00f1anas, de lunes a viernes, en la\u00a0 2 TVE,\u00a0 tal\u00a0 y como aparecen en esta tabla:<\/span><\/span><\/p>\n<table style=\"height:260px\" width=\"691\">\n<tbody>\n<tr>\n<td width=\"63\"><span style=\"color:#00ff00\"><strong>EDADES<\/strong><\/span><\/td>\n<td width=\"69\"><span style=\"color:#ff6600\"><strong>EMISI\u00d3N<\/strong><\/span><\/td>\n<td width=\"94\"><span style=\"color:#800080\"><strong>LUNES<\/strong><\/span><\/td>\n<td width=\"65\"><span style=\"color:#800080\"><strong>MARTES<\/strong><\/span><\/td>\n<td width=\"134\"><span style=\"color:#800080\"><strong>MI\u00c9RCOLES<\/strong><\/span><\/td>\n<td width=\"123\"><span style=\"color:#800080\"><strong>JUEVES<\/strong><\/span><\/td>\n<td width=\"131\"><span style=\"color:#800080\"><strong>VIERNES<\/strong><\/span><\/td>\n<\/tr>\n<tr>\n<td style=\"text-align:center\" width=\"63\"><span style=\"color:#333333\"><strong>12-14 \u00a0\u00a0\u00a0a\u00f1os<\/strong><\/span><\/td>\n<td style=\"text-align:center\" width=\"69\"><span style=\"color:#333333\"><strong>12-13 \u00a0\u00a0\u00a0La2 TVE<\/strong><\/span><\/td>\n<td width=\"94\"><span style=\"color:#ffff00\"><strong>Matem\u00e1ticas<\/strong><\/span><\/td>\n<td width=\"65\"><span style=\"color:#ffff00\"><strong>Ciencias sociales<\/strong><\/span><\/td>\n<td width=\"134\"><span style=\"color:#ffff00\"><strong>Ed. Art\u00edstica\/<\/strong><\/span><\/p>\n<p><span style=\"color:#ffff00\"><strong>Educ. F\u00edsica<\/strong><\/span><\/td>\n<td width=\"123\"><span style=\"color:#ffff00\"><strong>Lengua\/Idiomas<\/strong><\/span><\/td>\n<td width=\"131\"><span style=\"color:#ffff00\"><strong>Ciencias Naturales<\/strong><\/span><\/td>\n<\/tr>\n<tr>\n<td style=\"text-align:center\" width=\"63\"><span style=\"color:#333333\"><strong>14-16 \u00a0\u00a0\u00a0a\u00f1os<\/strong><\/span><\/td>\n<td style=\"text-align:center\" width=\"69\"><span style=\"color:#333333\"><strong>13-14 \u00a0\u00a0\u00a0La2 TVE<\/strong><\/span><\/td>\n<td style=\"text-align:center\" width=\"94\"><span style=\"color:#800000\"><strong>Matem\u00e1ticas<\/strong><\/span><\/td>\n<td width=\"65\"><span style=\"color:#800000\"><strong>Ciencias sociales<\/strong><\/span><\/td>\n<td width=\"134\"><span style=\"color:#800000\"><strong>Ed. Art\u00edstica\/<\/strong><\/span><\/p>\n<p><span style=\"color:#800000\"><strong>Educ. F\u00edsica<\/strong><\/span><\/td>\n<td width=\"123\"><span style=\"color:#800000\"><strong>Lengua\/Idiomas<\/strong><\/span><\/td>\n<td width=\"131\"><span style=\"color:#800000\"><strong>Ciencias Naturales<\/strong><\/span><\/td>\n<\/tr>\n<\/tbody>\n<\/table>\n<p>&nbsp;<\/p>\n<p style=\"text-align:justify\">Adem\u00e1s desde el MEFP, ofrece a la comunidad educativa (docentes, estudiantes y familias) una web para acceder a los materiales para trabajar en un entorno virtual: <span style=\"color:#00ccff\"><strong><a style=\"color:#00ccff\" href=\"https:\/\/aprendoencasa.educacion.es\/\">https:\/\/aprendoencasa.educacion.es\/<\/a><\/strong><\/span><\/p>\n<p style=\"text-align:justify\"><strong><a href=\"https:\/\/www.youtube.com\/channel\/UCenVzT7NDOQQH62WcYWBS0w\"><img loading=\"lazy\" decoding=\"async\" class=\"\" src=\"https:\/\/yt3.ggpht.com\/a\/AATXAJw0b7LrJXPdiCBkvdrOZ35pwwUlAfdyXL8_ow=s288-c-k-c0xffffffff-no-rj-mo\" width=\"79\" height=\"79\" \/><\/a>\u00a0 ACADEMIA DE INVENTORES ONLINE<\/strong>: Clases de rob\u00f3tica, programaci\u00f3n, mec\u00e1nica y ciencia. Todos los d\u00edas a las 17:00 h.\u00a0 online y gratuito. Cada d\u00eda un nivel nivel diferente, puedes verlo en directo en: \u00a0\u00a0 \u00a0\u00a0 \u00a0\u00a0 \u00a0\u00a0 \u00a0\u00a0 \u00a0\u00a0 \u00a0\u00a0 \u00a0\u00a0 \u00a0 <a href=\"https:\/\/www.youtube.com\/channel\/UCenVzT7NDOQQH62WcYWBS0w\">https:\/\/www.youtube.com\/channel\/UCenVzT7NDOQQH62WcYWBS0w <\/a><\/p>\n<p>&nbsp;<\/p>\n<p>&#8230;.Y ALGUNOS<span style=\"color:#ffff00\"> CONSEJOS<\/span> A\u00a0 LA HORA DE <span style=\"color:#ffff00\">ENVIAR LAS TAREAS<\/span><img loading=\"lazy\" decoding=\"async\" class=\"alignright\" src=\"https:\/\/iesentresierras.files.wordpress.com\/2020\/03\/enviar-tareas.jpg\" alt=\"\" width=\"627\" height=\"902\" \/><\/p>\n<p>&nbsp;<\/p>\n<h1 style=\"text-align:left\">Tambi\u00e9n puedes usar la aplicaci\u00f3n <span style=\"color:#ffff00\">Camscanner<\/span><\/h1>\n<h1 style=\"text-align:left\"><img loading=\"lazy\" decoding=\"async\" class=\"size-full wp-image-4572 aligncenter\" src=\"https:\/\/iesentresierras.files.wordpress.com\/2020\/03\/camaras-moviles.jpg\" alt=\"\" width=\"300\" height=\"168\" \/><\/h1>\n<p>&nbsp;<\/p>\n<h1 style=\"text-align:center\"><strong style=\"color:#3366ff;font-size:1rem\">AYUDA PSICOL\u00d3GICA CORONAVIRUS<\/strong><\/h1>\n<p style=\"text-align:justify\">ESTOS <span style=\"color:#ff99cc\"><strong>CONSEJOS<\/strong><\/span> OS AYUDAR\u00c1N A AFRONTAR ESTOS D\u00cdAS DE CONFINAMIENTO. SIN PERDER DE VISTA LAS TAREAS ACAD\u00c9MICAS QUE VAYAIS RECIBIENDO, ES MOMENTO TAMBI\u00c9N DE COMPARTIR ACTIVIDADES\u00a0 EN FAMILIA, AS\u00cd COMO DE VALORAR LAS COSAS IMPORTANTES DE LA VIDA,\u00a0 APRECIAR LO QUE TENEMOS,&#8230; APROVECHAD PARA REALIZAR ACTIVIDADES QUE EN OTRAS CIRCUNSTANCIAS NO HUBI\u00c9SES REALIZADO. DESDE LA CALMA Y LA TRANQUILIDAD MANTENER UNA <span style=\"color:#ff99cc\"><strong>ACTITUD POSITIVA<\/strong><\/span>, SI TODO@S COLABORAMOS VENCEREMOS A ESTA PANDEMIA.<\/p>\n<p><a href=\"https:\/\/iesentresierras.files.wordpress.com\/2020\/03\/consejos-psicologicos.pdf\">Consejos Psicol\u00f3gicos<\/a><\/p>\n<p style=\"text-align:justify\"><a href=\"https:\/\/iesentresierras.files.wordpress.com\/2020\/03\/comunicado_copoe_quedarseencasa-crisis-coronavirus.pdf\">Comunicado_COPOE_QuedarseEnCasa-Crisis-Coronavirus<\/a><\/p>\n<p style=\"text-align:justify\"><img loading=\"lazy\" decoding=\"async\" class=\"alignnone wp-image-4454\" src=\"https:\/\/iesentresierras.files.wordpress.com\/2020\/03\/ima-7-1-1.jpg?w=150\" alt=\"\" width=\"143\" height=\"106\" \/><\/p>\n<p style=\"text-align:justify\">Esta plataforma ofrece apoyo psicol\u00f3gico totalmente gratuito, debido al estado que puede generar la situaci\u00f3n vivida con el coronavirus. En el apartado\u00a0 de psicol\u00f3gos, podr\u00e9is concretar una sesi\u00f3n y realizarla por \u00eda telem\u00e1tica. Puede ser de ayuda a las FAMILIAS.<\/p>\n<p><a href=\"https:\/\/psiconline.lpages.co\/\">https:\/\/psiconline.lpages.co\/<\/a><\/p>\n<p><img loading=\"lazy\" decoding=\"async\" class=\"alignright wp-image-4514\" style=\"margin-top:0;margin-bottom:0\" src=\"https:\/\/iesentresierras.files.wordpress.com\/2020\/03\/yo-te-ayudo.jpg\" alt=\"\" width=\"574\" height=\"815\" \/><\/p>\n<p>&nbsp;<\/p>\n<p>&nbsp;<\/p>\n<p>&nbsp;<\/p>\n<p>&nbsp;<\/p>\n<p>&nbsp;<\/p>\n<p>&nbsp;<\/p>\n<p>&nbsp;<\/p>\n<p>&nbsp;<\/p>\n<p>&nbsp;<\/p>\n<p>&nbsp;<\/p>\n<p>&nbsp;<\/p>\n<p>&nbsp;<\/p>\n<p>&nbsp;<\/p>\n<p>&nbsp;<\/p>\n<p>&nbsp;<\/p>\n<p>&nbsp;<\/p>\n<p>&nbsp;<\/p>\n<p>&nbsp;<\/p>\n<p><a href=\"https:\/\/www.educaciontrespuntocero.com\/familias\/exceso-consumo-de-pantallas-cuarentena\/\">https:\/\/www.educaciontrespuntocero.com\/familias\/exceso-consumo-de-pantallas-cuarentena\/<\/a><\/p>\n<p><a href=\"https:\/\/www.educaciontrespuntocero.com\/familias\/ventajas-cocinar-en-familia\/\">https:\/\/www.educaciontrespuntocero.com\/familias\/ventajas-cocinar-en-familia\/<\/a><\/p>\n<p><img loading=\"lazy\" decoding=\"async\" class=\"aligncenter wp-image-4613\" src=\"https:\/\/iesentresierras.files.wordpress.com\/2020\/04\/y-tc39a-donde-quieres-estar.jpg\" alt=\"\" width=\"659\" height=\"650\" \/><\/p>\n<p>&nbsp;<\/p>\n<p><a href=\"https:\/\/iesentresierras.files.wordpress.com\/2020\/04\/guia_consejos_adolescentes-1.pdf\">GUIA_CONSEJOS_ADOLESCENTES<\/a><\/p>\n<div style=\"width: 424px\" class=\"wp-caption alignnone\"><img loading=\"lazy\" decoding=\"async\" class=\"\" src=\"https:\/\/saposyprincesas.elmundo.es\/wp-content\/uploads\/2020\/03\/ilustracion.jpg\" alt=\"C\u00f3mo hacer entender a los adolescentes el confinamiento\" width=\"414\" height=\"266\" \/><p class=\"wp-caption-text\">\u00a9Alejandrina Alfaro<\/p><\/div>\n<p><strong><span style=\"color:#ff00ff\">\u00bfQU\u00c9 HACER DURANTE LA CUARENTENA?<\/span><\/strong><\/p>\n<p><iframe loading=\"lazy\" title=\"\u00bfqu\u00e9 hacer durante la cuarentena?\" width=\"500\" height=\"281\" src=\"https:\/\/www.youtube.com\/embed\/D-Lt8w5ek_E?feature=oembed&#038;wmode=opaque\" frameborder=\"0\" allow=\"accelerometer; autoplay; clipboard-write; encrypted-media; gyroscope; picture-in-picture; web-share\" allowfullscreen><\/iframe><\/p>\n<p><a href=\"https:\/\/iesentresierras.files.wordpress.com\/2020\/04\/decc381logo-para-adolescentes.pdf\">https:\/\/iesentresierras.files.wordpress.com\/2020\/04\/decc381logo-para-adolescentes.pdf<\/a><\/p>\n<p><span style=\"color:#993300\"><strong>LECTURA:<\/strong> <span style=\"color:#333333\">Cualquier momento es posible, y al alcance de tod@s.<\/span><\/span><\/p>\n<div class=\"blog-post-sumary\">\n<p><img loading=\"lazy\" decoding=\"async\" class=\"wp-image-4460 aligncenter\" src=\"https:\/\/iesentresierras.files.wordpress.com\/2020\/03\/lectura-abre-las-puertas.jpg?w=150\" alt=\"\" width=\"430\" height=\"329\" \/><\/p>\n<\/div>\n<p><a href=\"https:\/\/espaciolibros.com\/mejores-paginas-para-descargar-libros-gratis\/\">https:\/\/espaciolibros.com\/mejores-paginas-para-descargar-libros-gratis\/<\/a><\/p>\n<p><a href=\"https:\/\/www.julianmarquina.es\/editoriales-ofrecen-sus-libros-electronicos-gratis-para-hacer-mas-llevadera-la-cuarentena\/\">https:\/\/www.julianmarquina.es\/editoriales-ofrecen-sus-libros-electronicos-gratis-para-hacer-mas-llevadera-la-cuarentena\/<\/a><\/p>\n<p><a href=\"http:\/\/www.librosmaravillosos.com\/\">http:\/\/www.librosmaravillosos.com\/<\/a><\/p>\n<p style=\"text-align:justify\">La\u00a0editorial Planeta ofrece algunos de los t\u00edtulos de su cat\u00e1logo de forma totalmente gratuita. Puedes leer a autores como<strong> Ruiz Zaf\u00f3n, Mar\u00eda Due\u00f1as o Blue Jeans<\/strong>. Basta con pinchar en la portada de cada obra para acceder a ella en formato pdf. A trav\u00e9s del mismo enlace encontrar\u00e1s actividades y encuentros online con sus autores m\u00e1s famosos:\u00a0<a href=\"https:\/\/keepreadingencasa.planetadelibros.com\/\">https:\/\/keepreadingencasa.planetadelibros.com\/<\/a><\/p>\n<h1 style=\"text-align:center\"><span class=\"tags\" style=\"color:#ffcc99\"><span class=\"tag\">D\u00eda Mundial de la Poes\u00eda: 21 de marzo de 2020<\/span><\/span><\/h1>\n<div class=\"blog-post-sumary\">\n<p><img loading=\"lazy\" decoding=\"async\" class=\"size-medium wp-image-27180 img-responsive aligncenter\" src=\"https:\/\/www.fundacionhugozarate.com\/wp-content\/uploads\/2020\/03\/book-writing-pages-nature-clover-black-and-white.jpg\" alt=\"\" width=\"300\" height=\"225\" \/><\/p>\n<p>Y la gente se qued\u00f3 en casa.<br \/>\nY ley\u00f3 libros y escuch\u00f3.<br \/>\nY descans\u00f3 y se ejercit\u00f3.<br \/>\nE hizo arte y jug\u00f3.<br \/>\nY aprendi\u00f3 nuevas formas de ser.<br \/>\nY se detuvo.<\/p>\n<p>Y escuch\u00f3 m\u00e1s profundamente. Alguno meditaba.<br \/>\nAlguno rezaba.<br \/>\nAlguno bailaba.<br \/>\nAlguno se encontr\u00f3 con su propia sombra.<br \/>\nY la gente empez\u00f3 a pensar de forma diferente.<\/p>\n<p>Y la gente se cur\u00f3.<br \/>\nY en ausencia de personas que viven de manera ignorante.<br \/>\nPeligrosos.<br \/>\nSin sentido y sin coraz\u00f3n.<br \/>\nIncluso la tierra comenz\u00f3 a sanar.<\/p>\n<p>Y cuando el peligro termin\u00f3.<br \/>\nY la gente se encontr\u00f3 de nuevo.<br \/>\nLloraron por los muertos.<br \/>\nY tomaron nuevas decisiones.<br \/>\nY so\u00f1aron nuevas visiones.<br \/>\nY crearon nuevas formas de vida.<br \/>\nY sanaron la tierra completamente.<br \/>\nTal y como ellos fueron curados.<\/p>\n<p style=\"text-align:center\">K.O\u2019Meara \u2013 Poema escrito durante la epidemia de peste en 1800<\/p>\n<p>&nbsp;<\/p>\n<\/div>\n<p style=\"text-align:justify\"><span style=\"color:#ff0000\"><strong>VIDEOTECA EMOCIONAL<\/strong>:<\/span> PEL\u00cdCULAS DIRIGIDAS ESPECIALMENTE AL ALUMNADO DE 1\u00ba ESO, CON EL QUE ESTOY IMPLANTANDO EL PROGRAMA DE EDUCACI\u00d3N EMOCIONAL <strong>(PIIE)<\/strong>.OS ANIMO\u00a0 A QUE LAS VISUALIC\u00c9IS Y\u00a0 COMENT\u00c9IS LAS NOTAS DE REFLEXI\u00d3N, EN FAMILIA.<\/p>\n<p><a href=\"http:\/\/albertoortega.es\/videoteca-emocional-8-peliculas-para-trabajar-distinciones-del-piiemocional\/\">http:\/\/albertoortega.es\/videoteca-emocional-8-peliculas-para-trabajar-distinciones-del-piiemocional\/<\/a><\/p>\n<p><img decoding=\"async\" class=\"alignnone\" src=\"https:\/\/www.orientacionandujar.es\/wp-content\/uploads\/2014\/03\/tabla-periodica-de-las-emociones-imagen2.jpg\" \/><\/p>\n<h1><span class=\"css-901oao css-16my406 r-1qd0xha r-ad9z0x r-bcqeeo r-qvutc0\">Y t\u00fa, <span style=\"color:#ff0000\">\u00bfqu\u00e9 eliges contagiar? <\/span><\/span><\/h1>\n<p><iframe loading=\"lazy\" title=\"El contagio de las emociones - ELSA PUNSET\" width=\"500\" height=\"281\" src=\"https:\/\/www.youtube.com\/embed\/STGkD9-xyFU?feature=oembed&#038;wmode=opaque\" frameborder=\"0\" allow=\"accelerometer; autoplay; clipboard-write; encrypted-media; gyroscope; picture-in-picture; web-share\" allowfullscreen><\/iframe><\/p>\n<p>&nbsp;<\/p>\n<p style=\"text-align:justify\"><strong><span style=\"color:#ff0000\">APRENDER A GESTIONAR LAS EMOCIONES:<\/span><\/strong>\u00a0 Por fin estamos tomando conciencia de que hay vida antes de la muerte. En este programa especial de Redes, exploraremos junto a Eduard Punset algunas de las claves de lo aprendido en los \u00faltimos a\u00f1os para encarar el gran desaf\u00edo de difundir el aprendizaje social y emocional en todos los \u00e1mbitos de la sociedad. Y en su secci\u00f3n, Elsa Punset nos hablar\u00e1 sobre c\u00f3mo las emociones nos atraviesan desde los primeros a\u00f1os de vida y nos definen como personas.<\/p>\n<p><iframe loading=\"lazy\" title=\"Redes 130: Aprender a gestionar las emociones - emociones\" width=\"500\" height=\"281\" src=\"https:\/\/www.youtube.com\/embed\/q-KkdMrAz-8?feature=oembed&#038;wmode=opaque\" frameborder=\"0\" allow=\"accelerometer; autoplay; clipboard-write; encrypted-media; gyroscope; picture-in-picture; web-share\" allowfullscreen><\/iframe><\/p>\n<h1><\/h1>\n<h2 id=\"h1_maincontent\"><span class=\"maintitle\">El aprendizaje social y emocional: las habilidades para la vida<\/span><\/h2>\n<p>https:\/\/youtu.be\/acyCufptiME<\/p>\n<p><strong class=\"pretitle\">\u00a0\u00a0\u00a0\u00a0\u00a0\u00a0\u00a0\u00a0\u00a0\u00a0\u00a0\u00a0\u00a0\u00a0\u00a0\u00a0\u00a0\u00a0\u00a0\u00a0\u00a0\u00a0\u00a0\u00a0\u00a0\u00a0\u00a0\u00a0\u00a0 Se pueden educar las emociones y el comportamiento <\/strong><\/p>\n<p><em>\u00a0\u00a0\u00a0\u00a0\u00a0\u00a0\u00a0\u00a0\u00a0\u00a0\u00a0\u00a0 Estamos privando a ni\u00f1os y j\u00f3venes de un desarrollo \u00f3ptimo cuando no les damos oportunidades de aprendizaje social y emocional.<\/em><strong>\u00a0\u00a0\u00a0\u00a0 Ren\u00e9 Diekstra<\/strong><\/p>\n<p>&nbsp;<\/p>\n<p><img loading=\"lazy\" decoding=\"async\" class=\" wp-image-4552 aligncenter\" src=\"https:\/\/iesentresierras.files.wordpress.com\/2020\/03\/amar_40_esperanza.jpg\" alt=\"\" width=\"488\" height=\"385\" \/><\/p>\n<p style=\"text-align:left\">En estas circunstancias, m\u00e1s que nunca,<span style=\"color:#ff0000\"><strong> amar<\/strong> <\/span>es la mejor manera de convivir. para que <img loading=\"lazy\" decoding=\"async\" class=\"alignright\" src=\"https:\/\/www.palabrasaladas.com\/img\/libro\/amar\/amar_arbol_palabras.jpg\" alt=\"\" width=\"224\" height=\"404\" \/>disfrut\u00e9is <span class=\"Estilo11\">\u00a0en casa, mientras aumentan vuestras\u00a0 \u00a0 capacidades para ser m\u00e1s felices ahora y ma\u00f1ana, pod\u00e9is descargar, gratuitamente, <\/span>fichas para explorar las emociones, desarrollar herramientas para alcanzar los\u00a0 sue\u00f1os, fomentar la empat\u00eda\u2026<a href=\"https:\/\/www.palabrasaladas.com\/amar_en_cuarentena_por_el_coronavirus.html\">https:\/\/www.palabrasaladas.com\/amar_en_cuarentena_por_el_coronavirus.html<\/a><\/p>\n<p>Un libro para todas las edades:: <a href=\"https:\/\/iesentresierras.files.wordpress.com\/2020\/03\/amar_cuando_mas_se_necesita.pdf\">mar_cuando_mas_se_necesita<\/a><\/p>\n<p>Actividades para reflexionar: <a href=\"https:\/\/iesentresierras.files.wordpress.com\/2020\/03\/amar_eso_bachillerato.pdf\">amar_eso_bachillerato<\/a> con\u00a0 <a href=\"https:\/\/iesentresierras.files.wordpress.com\/2020\/03\/ideas_explorar_ilustraciones_amar.pdf\">ideas_explorar_ilustraciones_amar<\/a><\/p>\n<p>&nbsp;<\/p>\n<p>&nbsp;<\/p>\n<p>&nbsp;<\/p>\n<h4><strong>Este v\u00eddeo\u00a0 es fant\u00e1stico y nos permite darnos cuenta de que un peque\u00f1o detalle puede desencadenar una gran historia y mucha<\/strong> <span style=\"color:#993300\"><strong>generosidad<\/strong><\/span>.<a name=\"more\"><\/a><\/h4>\n<p><iframe loading=\"lazy\" title=\"Life Vest Inside - Kindness Boomerang - &quot;One Day&quot;\" width=\"500\" height=\"281\" src=\"https:\/\/www.youtube.com\/embed\/nwAYpLVyeFU?feature=oembed&#038;wmode=opaque\" frameborder=\"0\" allow=\"accelerometer; autoplay; clipboard-write; encrypted-media; gyroscope; picture-in-picture; web-share\" allowfullscreen><\/iframe><\/p>\n<p>&nbsp;<\/p>\n<p style=\"text-align:justify\"><span style=\"color:#00ff00\"><strong>UN POCO DE EJERCICIO NO VIENE MAL<\/strong>&#8230;.<\/span>Y para finalizar la jornada, este calendario te propone cada d\u00eda una serie de actividades que puedes realizar sin salir de casa,\u00a0 contribuir\u00e1n a mantenerte f\u00edsica y emocionalmente. ANIMO!!<\/p>\n<p><a href=\"https:\/\/sientetejoven.com\/wp-content\/uploads\/2020\/03\/calendario-abril.pdf\">https:\/\/sientetejoven.com\/wp-content\/uploads\/2020\/03\/calendario-abril.pdf<\/a><\/p>\n<p>https:\/\/sientetejoven.com\/wp-content\/uploads\/2020\/03\/calendario-abril.pdf<\/p>\n<p style=\"text-align:justify\">\u00a0 \u00a0 El programa<strong> &#8216;MU\u00c9VETE EN CASA&#8217;<\/strong> de La 2 anima a cuidar la forma f\u00edsica durante el aislamiento.<br \/>\nLa <strong>2<\/strong> emite cada ma\u00f1ana de <strong>9.00 horas a 9.30 horas<\/strong> el programa &#8216;Mu\u00e9vete en casa&#8217;, con el que animar\u00e1 a todos los ciudadanos a cuidar su forma f\u00edsica desde sus domicilios durante el periodo de aislamiento por el coronavirus, Este espacio estar\u00e1 conducido por el profesor de fitness de Operaci\u00f3n Triunfo, Cesc Escol\u00e0. Consciente de la necesidad y los beneficios del ejercicio f\u00edsico, \u00a0presentar\u00e1 este espacio desde casa. Adem\u00e1s, para realizar los ejercicios, propondr\u00e1 utilizar objetos de uso cotidiano que est\u00e1n a mano en todos los domicilios como sillas, mesas o botellas. Esta nueva iniciativa en la televisi\u00f3n p\u00fablica est\u00e1 dirigida a todas las familias y a todos los ciudadanos espa\u00f1oles.<\/p>\n<p style=\"text-align:justify\"><strong><span style=\"color:#00ffff\">MINDFULNESS :<\/span> <\/strong>Es la capacidad de llevar la atenci\u00f3n al presente, sin juzgar y con un esp\u00edritu de curiosidad<strong>. <\/strong>Entrenar la atenci\u00f3n plena puede ayudarnos, a alumnos\/as, padres\/madres, docentes&#8230; a enfrentrarnos a esta\u00a0 situaci\u00f3n novedosa que nos ha hecho cambiar de h\u00e1bitos para poder afrontala. En este proceso el lograr una mayor consciencia del cuerpo te ser\u00e1 \u00fatil para\u00a0<strong>manejar mejor las emociones<\/strong>.\u00a0Es importante mencionar que\u00a0<strong>no hay implicado un \u00e9xito o un fracaso<\/strong> . La tarea no es evitar que surjan los pensamientos, sino aprender a reconocerlos cuando llegan, de modo que puedas responder a ellos habilidosamente.<\/p>\n<p>&nbsp;<\/p>\n<p><img loading=\"lazy\" decoding=\"async\" class=\"alignright\" src=\"https:\/\/widemat.com\/wp-content\/uploads\/2015\/09\/el-viaje-m%C3%A1s-largo-es-el-que-se-hace-al-interior-de-uno-mismo.jpg\" alt=\"el viaje m\u00e1s largo es el que se hace al interior de uno mismo. T\u00e9cnicas de relaci\u00f3n\" width=\"437\" height=\"357\" \/><\/p>\n<p>&nbsp;<\/p>\n<p>&nbsp;<\/p>\n<p>&nbsp;<\/p>\n<p>&nbsp;<\/p>\n<p>&nbsp;<\/p>\n<p>&nbsp;<\/p>\n<p>&nbsp;<\/p>\n<p>&nbsp;<\/p>\n<p>&nbsp;<\/p>\n<p>&nbsp;<\/p>\n<p style=\"text-align:justify\">Por ello, practicar estos <strong>ejercicios<\/strong>\u00a0diarios de 5-10 minutos os permitir\u00e1n experimentar los beneficios del mindfulness. Como sugerencia, si la pr\u00e1ctica se realiza\u00a0 en<strong> familia<\/strong>, ser\u00e1 a\u00fan m\u00e1s positiva!!!<\/p>\n<p><iframe loading=\"lazy\" title=\"Mindfulness para adolescentes\" width=\"500\" height=\"281\" src=\"https:\/\/www.youtube.com\/embed\/Icok3IkB3s0?feature=oembed&#038;wmode=opaque\" frameborder=\"0\" allow=\"accelerometer; autoplay; clipboard-write; encrypted-media; gyroscope; picture-in-picture; web-share\" allowfullscreen><\/iframe><\/p>\n<p>&nbsp;<\/p>\n<p><iframe loading=\"lazy\" title=\"Eline Snel - #2 Tranquilo y atento como una rana, para padres con hijos adolescentes\" width=\"500\" height=\"375\" src=\"https:\/\/www.youtube.com\/embed\/W9U_jCNtyNU?feature=oembed&#038;wmode=opaque\" frameborder=\"0\" allow=\"accelerometer; autoplay; clipboard-write; encrypted-media; gyroscope; picture-in-picture; web-share\" allowfullscreen><\/iframe><\/p>\n<p>&nbsp;<\/p>\n<p><iframe loading=\"lazy\" title=\"Eline Snel - #3 Escaneo,  \u00a8Respirad\u00a8\" width=\"500\" height=\"375\" src=\"https:\/\/www.youtube.com\/embed\/ZOF_6oihYSw?feature=oembed&#038;wmode=opaque\" frameborder=\"0\" allow=\"accelerometer; autoplay; clipboard-write; encrypted-media; gyroscope; picture-in-picture; web-share\" allowfullscreen><\/iframe><\/p>\n<p><iframe loading=\"lazy\" title=\"Eline Snel - #8 Ponerte en el lugar de tu hijo (meditaci\u00f3n para padres con hijos adolescentes)\" width=\"500\" height=\"281\" src=\"https:\/\/www.youtube.com\/embed\/-LRomo3p_DQ?feature=oembed&#038;wmode=opaque\" frameborder=\"0\" allow=\"accelerometer; autoplay; clipboard-write; encrypted-media; gyroscope; picture-in-picture; web-share\" allowfullscreen><\/iframe><\/p>\n<p><iframe loading=\"lazy\" title=\"Eline Snel- Respirad #6 La f\u00e1brica de las preocupaciones\" width=\"500\" height=\"281\" src=\"https:\/\/www.youtube.com\/embed\/ZAhbiLcGbpY?start=89&#038;feature=oembed&#038;wmode=opaque\" frameborder=\"0\" allow=\"accelerometer; autoplay; clipboard-write; encrypted-media; gyroscope; picture-in-picture; web-share\" allowfullscreen><\/iframe><\/p>\n<p><iframe loading=\"lazy\" title=\"Relaja tu Mente: Visualizaci\u00f3n Meditaci\u00f3n Guiada\" width=\"500\" height=\"375\" src=\"https:\/\/www.youtube.com\/embed\/6ky9iBJsOR0?feature=oembed&#038;wmode=opaque\" frameborder=\"0\" allow=\"accelerometer; autoplay; clipboard-write; encrypted-media; gyroscope; picture-in-picture; web-share\" allowfullscreen><\/iframe><\/p>\n<p>&nbsp;<\/p>\n<p><span style=\"color:#ff6600\"><strong>PROGRAMA DE OCIO<\/strong><\/span><\/p>\n<p style=\"text-align:justify\">La asociaci\u00f3n de Asperger Murcia ha preparado un completo programa de ocio en cuarentena con cientos de recursos y enlaces en un solo documento PDF. Haced clic en la imagen para verlo y descargarlo. En \u00e9l encontrar\u00e9is manualidades, deporte en casa, m\u00fasica, series y pel\u00edculas, lectura, cocina en casa, museos virtuales, juegos, c\u00f3mo contactar con amigos, etc. Para acceder pinchar en el siguiente enlace:<span style=\"color:#0000ff\"> <a style=\"color:#0000ff\" href=\"https:\/\/iesentresierras.files.wordpress.com\/2020\/03\/programa-de-ocio-en-cuarentena-1.pdf\">PROGRAMA DE OCIO EN CUARENTENA<\/a><\/span><\/p>\n<p style=\"text-align:justify\">Si a un adulto le resulta complicado permanecer encerrado en casa,\u00a0<strong>el esfuerzo que debe hacer un ni\u00f1o queda fuera de toda duda. <\/strong>En su canal el humorista Luis Piedrahita est\u00e1 subiendo v\u00eddeos en los que explica<strong><span style=\"color:#339966\"> juegos caseros y muy sencillos para distraernos. \u00a0\u00a0<\/span> <\/strong><a href=\"https:\/\/www.instagram.com\/p\/B987j8gI4-R\/\">https:\/\/www.instagram.com\/p\/B987j8gI4-R\/<\/a><\/p>\n<p style=\"text-align:justify\">Seguimos qued\u00e1ndonos \u00a0en casa para\u00a0luchar contra el coronavirus.\u00a0La mejor opci\u00f3n para pasar las horas de cuarentena es tirar de\u00a0<span style=\"color:#ffcc00\"><strong>buen cine<\/strong><\/span>. Disfruta de las pel\u00edculas gratis y online de TVE. Tenemos cine para toda la familia sin coste alguno. Estas son nuestras recomendaciones para sentarte en el sof\u00e1 y que se te pase este retiro responsable como un suspiro&#8230;<\/p>\n<p style=\"text-align:justify\"><a href=\"https:\/\/www.rtve.es\/television\/20200327\/peliculas-cine-gratis-online-para-pasar-cuarentena-streamming\/2010016.shtml\">https:\/\/www.rtve.es\/television\/20200327\/peliculas-cine-gratis-online-para-pasar-cuarentena-streamming\/2010016.shtml<\/a><\/p>\n<p><span style=\"color:#00ff00\">ACERTIJOS:<\/span><span style=\"color:#00ff00\">\u00a0Para mantener activa la mente!!<\/span><\/p>\n<p><img loading=\"lazy\" decoding=\"async\" class=\"\" src=\"https:\/\/i0.wp.com\/puzzlersworld.com\/wp\/wp-content\/uploads\/2019\/08\/IMG-20190805-WA0001.jpg?resize=720%2C723&amp;ssl=1\" width=\"394\" height=\"395\" \/><\/p>\n<p>&nbsp;<\/p>\n<ul>\n<li style=\"text-align:justify\"><strong>Un avi\u00f3n vuela a 20,000 pies de altura, cuando de pronto los motores fallan. El piloto decide\u00a0 realizar un aterrizaje forzoso y el avi\u00f3n se estrella fatalmente en la frontera entre Espa\u00f1a y Francia \u00bfEn qu\u00e9 pa\u00eds enterrar\u00e1n a los supervivientes si el avi\u00f3n era Air USA?<\/strong><\/li>\n<\/ul>\n<p>&nbsp;<\/p>\n<ul>\n<li style=\"text-align:justify\"><strong>El AVE cubri\u00f3 la distancia que separa las ciudades de C\u00f3rdoba\u00a0 y Granada\u00a0 en 1 hora y 30 minutos. Sin embargo, de regreso recorri\u00f3 esa distancia en 90 minutos \u00bfC\u00f3mo se explica esto?<\/strong><\/li>\n<\/ul>\n<p>&nbsp;<\/p>\n<p><span style=\"color:#000000\"><strong><span style=\"color:#800080\">CUANDO TE ENCUENTRES TRISTE, ABURRID@, DESANIMAD@, DESESPERAD@,<\/span>&#8230;.La m\u00fasica es una buena terapia para levantar el \u00e1nimo.<\/strong><\/span><\/p>\n<p><iframe loading=\"lazy\" title=\"Celtas Cortos - 20 de Abril (Versi\u00f3n 2020 Covid-19)\" width=\"500\" height=\"281\" src=\"https:\/\/www.youtube.com\/embed\/CDKGCDOzzBQ?feature=oembed&#038;wmode=opaque\" frameborder=\"0\" allow=\"accelerometer; autoplay; clipboard-write; encrypted-media; gyroscope; picture-in-picture; web-share\" allowfullscreen><\/iframe><\/p>\n<p>&nbsp;<\/p>\n<p><iframe loading=\"lazy\" title=\"Vanesa Mart\u00edn - Un canto a la vida (Video Oficial)\" width=\"500\" height=\"281\" src=\"https:\/\/www.youtube.com\/embed\/q6c7ev6GfsA?feature=oembed&#038;wmode=opaque\" frameborder=\"0\" allow=\"accelerometer; autoplay; clipboard-write; encrypted-media; gyroscope; picture-in-picture; web-share\" allowfullscreen><\/iframe><\/p>\n<p>&nbsp;<\/p>\n<p>&nbsp;<\/p>\n<p>https:\/\/youtu.be\/aYXGZ3zqrE8<\/p>\n<p>&nbsp;<\/p>\n<p><iframe loading=\"lazy\" title=\"TODO VA A IR BIEN   (Luis Guitarra &amp; Muxotepotolobat)\" width=\"500\" height=\"281\" src=\"https:\/\/www.youtube.com\/embed\/8r4Vs18vKO4?feature=oembed&#038;wmode=opaque\" frameborder=\"0\" allow=\"accelerometer; autoplay; clipboard-write; encrypted-media; gyroscope; picture-in-picture; web-share\" allowfullscreen><\/iframe><\/p>\n<p>&nbsp;<\/p>\n<p>&nbsp;<\/p>\n<p>https:\/\/www.youtube.com\/watch?v=ZchBy1ReFic<\/p>\n<p><iframe loading=\"lazy\" title=\"Manuel Carrasco - Qu\u00e9 Bonito Es Querer (Video Oficial)\" width=\"500\" height=\"281\" src=\"https:\/\/www.youtube.com\/embed\/jqDEKHwpOJ0?feature=oembed&#038;wmode=opaque\" frameborder=\"0\" allow=\"accelerometer; autoplay; clipboard-write; encrypted-media; gyroscope; picture-in-picture; web-share\" allowfullscreen><\/iframe><\/p>\n<p>&nbsp;<\/p>\n<p><iframe loading=\"lazy\" title=\"Rozal\u00e9n con Estopa - Vivir (Lyric Video)\" width=\"500\" height=\"281\" src=\"https:\/\/www.youtube.com\/embed\/iqHb7Wan98E?feature=oembed&#038;wmode=opaque\" frameborder=\"0\" allow=\"accelerometer; autoplay; clipboard-write; encrypted-media; gyroscope; picture-in-picture; web-share\" allowfullscreen><\/iframe><\/p>\n<p><iframe loading=\"lazy\" title=\"Coldplay - Viva La Vida (Official Video)\" width=\"500\" height=\"281\" src=\"https:\/\/www.youtube.com\/embed\/dvgZkm1xWPE?start=170&#038;feature=oembed&#038;wmode=opaque\" frameborder=\"0\" allow=\"accelerometer; autoplay; clipboard-write; encrypted-media; gyroscope; picture-in-picture; web-share\" allowfullscreen><\/iframe><\/p>\n<p>&nbsp;<\/p>\n<p>&nbsp;<\/p>\n<blockquote>\n<p style=\"text-align:center\">\u00a0 \u00a0 \u00a0 \u00a0 \u00a0 \u00a0 \u00a0 \u00a0 \u00a0 En estos momentos dif\u00edciles, tod@s somos h\u00e9roes, ya queda\u00a0 menos para \u00a0 \u00a0 \u00a0 \u00a0 \u00a0 \u00a0 \u00a0 \u00a0 \u00a0 \u00a0 \u00a0 \u00a0 \u00a0 \u00a0 \u00a0 \u00a0 reencontrarnos y poder abrazar a \u00a0 nuestros seres queridos. Entre tod@s lo \u00a0 \u00a0 \u00a0 \u00a0 \u00a0 \u00a0 \u00a0 \u00a0 \u00a0 \u00a0 \u00a0 \u00a0 \u00a0 \u00a0 \u00a0 \u00a0 \u00a0 \u00a0 \u00a0 \u00a0 \u00a0 \u00a0 \u00a0 \u00a0 \u00a0 \u00a0 \u00a0 \u00a0 \u00a0 \u00a0 \u00a0 \u00a0 \u00a0 \u00a0 \u00a0 \u00a0 \u00a0\u00a0 conseguiremos!!!! \u00a0 \u00a0 \u00a0 \u00a0 \u00a0 \u00a0 \u00a0 \u00a0 \u00a0 \u00a0 \u00a0 \u00a0 \u00a0 \u00a0 \u00a0 \u00a0 \u00a0 \u00a0 \u00a0 \u00a0 \u00a0 \u00a0 \u00a0 \u00a0 \u00a0 \u00a0 \u00a0 \u00a0 \u00a0 \u00a0 \u00a0 \u00a0 \u00a0 \u00a0 \u00a0 \u00a0 \u00a0 \u00a0 \u00a0 \u00a0 \u00a0 \u00a0 \u00a0 \u00a0 \u00a0 \u00a0 \u00a0 \u00a0 \u00a0 \u00a0 \u00a0 \u00a0 \u00a0 \u00a0 \u00a0 \u00a0 \u00a0 \u00a0 \u00a0 \u00a0 \u00a0 \u00a0 \u00a0 \u00a0 \u00a0 \u00a0 \u00a0 \u00a0 \u00a0 \u00a0 \u00a0 \u00a0 \u00a0 \u00a0 \u00a0 \u00a0 \u00a0 \u00a0 \u00a0 \u00a0 \u00a0 \u00a0 \u00a0 \u00a0 \u00a0 \u00a0 \u00a0 \u00a0 \u00a0 \u00a0 \u00a0 \u00a0 \u00a0 \u00a0 \u00a0 \u00a0 \u00a0 \u00a0 \u00a0 \u00a0 \u00a0 \u00a0 \u00a0 \u00a0 \u00a0 \u00a0 \u00a0 \u00a0 \u00a0 \u00a0 \u00a0 \u00a0 \u00a0 \u00a0 \u00a0 \u00a0 \u00a0 \u00a0 \u00a0 \u00a0 \u00a0 \u00a0 \u00a0 \u00a0 \u00a0 \u00a0 \u00a0 \u00a0 \u00a0 \u00a0 \u00a0 \u00a0 \u00a0 \u00a0 \u00a0 \u00a0 \u00a0 \u00a0 \u00a0 \u00a0 \u00a0 \u00a0 \u00a0 \u00a0 \u00a0 \u00a0 \u00a0 \u00a0 \u00a0 \u00a0 \u00a0 \u00a0 \u00a0 \u00a0 \u00a0 \u00a0 \u00a0 \u00a0 \u00a0 \u00a0 \u00a0 \u00a0 \u00a0 \u00a0 \u00a0 \u00a0 \u00a0 \u00a0 \u00a0 \u00a0 \u00a0 \u00a0 \u00a0 \u00a0 \u00a0 \u00a0 \u00a0 \u00a0 \u00a0 \u00a0 \u00a0 \u00a0 \u00a0 \u00a0 \u00a0 \u00a0 \u00a0 \u00a0 \u00a0 \u00a0 \u00a0 \u00a0 \u00a0 \u00a0 \u00a0 \u00a0 \u00a0 \u00a0 \u00a0 \u00a0 \u00a0 \u00a0 \u00a0 \u00a0 \u00a0 \u00a0 \u00a0 \u00a0 \u00a0 \u00a0 \u00a0 \u00a0 \u00a0 \u00a0 \u00a0 \u00a0 \u00a0 \u00a0 \u00a0 \u00a0 \u00a0 \u00a0 \u00a0 \u00a0 \u00a0 \u00a0 \u00a0 \u00a0 \u00a0 \u00a0 \u00a0 \u00a0 \u00a0 \u00a0 \u00a0 \u00a0 \u00a0 \u00a0 \u00a0 \u00a0 \u00a0 <strong>\u00a0 \u00a0 \u00a0 \u00a0 \u00a0 \u00a0 \u00a0 \u00a0 \u00a0 \u00a0 \u00a0 \u00a0 \u00a0 \u00a0 ORIENTADORA<\/strong><\/p>\n<p style=\"text-align:center\"><strong>\u00a0 \u00a0 \u00a0 \u00a0 \u00a0 \u00a0 \u00a0 \u00a0 \u00a0 \u00a0 \u00a0 \u00a0 \u00a0 \u00a0 \u00a0 \u00a0 \u00a0 \u00a0 \u00a0 \u00a0 \u00a0 \u00a0 \u00a0 \u00a0 \u00a0 \u00a0 \u00a0 \u00a0 \u00a0 \u00a0 \u00a0 \u00a0 \u00a0 \u00a0 \u00a0 \u00a0 \u00a0 \u00a0 \u00a0 \u00a0 \u00a0 \u00a0 \u00a0 \u00a0 \u00a0 \u00a0 \u00a0 \u00a0 \u00a0 \u00a0 \u00a0 \u00a0 \u00a0 \u00a0 \u00a0 \u00a0 \u00a0 \u00a0 \u00a0 \u00a0 \u00a0 \u00a0\u00a0 Montse S\u00e1ez Ruiz<\/strong><\/p>\n<\/blockquote>\n","protected":false},"excerpt":{"rendered":"<p>\u00a0\u00a0\u00a0 \u00a0\u00a0\u00a0\u00a0\u00a0\u00a0\u00a0\u00a0\u00a0\u00a0\u00a0\u00a0\u00a0\u00a0\u00a0\u00a0\u00a0\u00a0\u00a0\u00a0\u00a0\u00a0\u00a0 DIA DEL LIBRO: 23 de abril \u00a0\u00a0\u00a0\u00a0\u00a0\u00a0\u00a0\u00a0\u00a0\u00a0\u00a0\u00a0\u00a0\u00a0\u00a0\u00a0\u00a0\u00a0\u00a0\u00a0\u00a0\u00a0\u00a0\u00a0\u00a0\u00a0\u00a0\u00a0\u00a0\u00a0\u00a0\u00a0 Trabajos realizados\u00a0 por el alumnado de 4\u00ba ESO\u00a0 en EPVA RECURSOS EDUCATIVOS NOVEDAD!! Desde el pr\u00f3ximo lunes 23 de marzo, comenzar\u00e1 la emisi\u00f3n en televisi\u00f3n&#46;&#46;&#46;<\/p>\n","protected":false},"author":14594,"featured_media":0,"parent":0,"menu_order":0,"comment_status":"open","ping_status":"closed","template":"","meta":{"ngg_post_thumbnail":0,"footnotes":""},"aioseo_notices":[],"_links":{"self":[{"href":"https:\/\/blogsaverroes.juntadeandalucia.es\/entresierras\/wp-json\/wp\/v2\/pages\/4446"}],"collection":[{"href":"https:\/\/blogsaverroes.juntadeandalucia.es\/entresierras\/wp-json\/wp\/v2\/pages"}],"about":[{"href":"https:\/\/blogsaverroes.juntadeandalucia.es\/entresierras\/wp-json\/wp\/v2\/types\/page"}],"author":[{"embeddable":true,"href":"https:\/\/blogsaverroes.juntadeandalucia.es\/entresierras\/wp-json\/wp\/v2\/users\/14594"}],"replies":[{"embeddable":true,"href":"https:\/\/blogsaverroes.juntadeandalucia.es\/entresierras\/wp-json\/wp\/v2\/comments?post=4446"}],"version-history":[{"count":0,"href":"https:\/\/blogsaverroes.juntadeandalucia.es\/entresierras\/wp-json\/wp\/v2\/pages\/4446\/revisions"}],"wp:attachment":[{"href":"https:\/\/blogsaverroes.juntadeandalucia.es\/entresierras\/wp-json\/wp\/v2\/media?parent=4446"}],"curies":[{"name":"wp","href":"https:\/\/api.w.org\/{rel}","templated":true}]}}