{"id":2628,"date":"2016-01-24T19:20:30","date_gmt":"2016-01-24T19:20:30","guid":{"rendered":"http:\/\/blogsaverroes.juntadeandalucia.es\/eoedelucena\/?page_id=2628"},"modified":"2016-01-25T20:45:31","modified_gmt":"2016-01-25T20:45:31","slug":"zona","status":"publish","type":"page","link":"https:\/\/blogsaverroes.juntadeandalucia.es\/eoedelucena\/equipo-lucena\/zona\/","title":{"rendered":"Zona"},"content":{"rendered":"<ul>\n<li>\n<table>\n<thead>\n<tr>\n<td colspan=\"4\" width=\"71\"><span style=\"color: #0000ff\"><strong><a href=\"http:\/\/blogsaverroes.juntadeandalucia.es\/eoedelucena\/files\/2016\/01\/zona-EOE-Lucena.jpg\"><img loading=\"lazy\" decoding=\"async\" class=\"aligncenter wp-image-2689 size-medium\" src=\"http:\/\/blogsaverroes.juntadeandalucia.es\/eoedelucena\/files\/2016\/01\/zona-EOE-Lucena-300x275.jpg\" alt=\"zona EOE Lucena\" width=\"300\" height=\"275\" srcset=\"https:\/\/blogsaverroes.juntadeandalucia.es\/eoedelucena\/files\/2016\/01\/zona-EOE-Lucena-300x275.jpg 300w, https:\/\/blogsaverroes.juntadeandalucia.es\/eoedelucena\/files\/2016\/01\/zona-EOE-Lucena.jpg 504w\" sizes=\"(max-width: 300px) 100vw, 300px\" \/><\/a><\/strong><\/span><\/td>\n<\/tr>\n<tr>\n<td width=\"71\"><span style=\"color: #0000ff\"><strong>C\u00f3digo<\/strong><\/span><\/td>\n<td width=\"181\"><span style=\"color: #0000ff\"><strong>Denominaci\u00f3n<br \/>\n<\/strong><\/span><\/td>\n<td width=\"112\"><span style=\"color: #0000ff\"><strong>Localidad<\/strong><\/span><\/td>\n<td width=\"160\"><span style=\"color: #0000ff\"><strong>Domicilio<\/strong><\/span><\/td>\n<\/tr>\n<\/thead>\n<tbody>\n<tr>\n<td width=\"71\"><u>14000719<\/u><\/td>\n<td width=\"181\"><strong>C.E.I.P. \u00c1ngel Cruz Rueda<\/strong><\/td>\n<td width=\"112\">Cabra<\/td>\n<td width=\"160\">Santo Cristo, 41<\/td>\n<\/tr>\n<tr>\n<td width=\"71\"><u>14000720<\/u><\/td>\n<td width=\"181\"><strong>C.E.I.P. Juan Valera<\/strong><\/td>\n<td width=\"112\">Cabra<\/td>\n<td width=\"160\">M\u00edo Cid, 1<\/td>\n<\/tr>\n<tr>\n<td width=\"71\"><u>14000732<\/u><\/td>\n<td width=\"181\"><strong>C.E.I.P. Andr\u00e9s de Cervantes<\/strong><\/td>\n<td width=\"112\">Cabra<\/td>\n<td width=\"160\">Fuente de las Piedras, 53<\/td>\n<\/tr>\n<tr>\n<td width=\"71\"><u>14000744<\/u><\/td>\n<td width=\"181\"><strong>C.E.I.P. Ntra. Sra. de la Sierra<\/strong><\/td>\n<td width=\"112\">Cabra<\/td>\n<td width=\"160\">Gonz\u00e1lez de Meneses, 1<\/td>\n<\/tr>\n<tr>\n<td width=\"71\"><u>14003401<\/u><\/td>\n<td width=\"181\"><strong>C.E.I.P. Ntra. Sra. de la Expectaci\u00f3n<\/strong><\/td>\n<td width=\"112\">Encinas Reales<\/td>\n<td width=\"160\">Rafael Alberti, 1<\/td>\n<\/tr>\n<tr>\n<td width=\"71\"><u>14004464<\/u><\/td>\n<td width=\"181\"><strong>C.E.I.P. Genil<\/strong><\/td>\n<td width=\"112\">Jauja<\/td>\n<td width=\"160\">Pleito, s\/n<\/td>\n<\/tr>\n<tr>\n<td width=\"71\"><u>14004476<\/u><\/td>\n<td width=\"181\"><strong>C.E.I.P. Barahona de Soto<\/strong><\/td>\n<td width=\"112\">Lucena<\/td>\n<td width=\"160\">Ancha, N\u00ba 50<\/td>\n<\/tr>\n<tr>\n<td width=\"71\"><u>14004488<\/u><\/td>\n<td width=\"181\"><strong>C.E.I.P. Ntra. Sra. de Araceli<\/strong><\/td>\n<td width=\"112\">Lucena<\/td>\n<td width=\"160\">de Rojas, 2<\/td>\n<\/tr>\n<tr>\n<td width=\"71\"><u>14004506<\/u><\/td>\n<td width=\"181\"><strong>C.E.I.P. Ntra. Sra. del Carmen<\/strong><\/td>\n<td width=\"112\">Lucena<\/td>\n<td width=\"160\">El Carmen, 4<\/td>\n<\/tr>\n<tr>\n<td width=\"71\"><u>14004521<\/u><\/td>\n<td width=\"181\"><strong>C.E.I.P. San Jos\u00e9 de Calasanz<\/strong><\/td>\n<td width=\"112\">Lucena<\/td>\n<td width=\"160\">Jose Nieto Mu\u00f1oz, 10<\/td>\n<\/tr>\n<tr>\n<td width=\"71\"><u>14004622<\/u><\/td>\n<td width=\"181\"><strong>C.E.I.P. Virgen del Valle<\/strong><\/td>\n<td width=\"112\">Lucena<\/td>\n<td width=\"160\">Coraz\u00f3n de Jes\u00fas, s\/n<\/td>\n<\/tr>\n<tr>\n<td width=\"71\"><u>14004646<\/u><\/td>\n<td width=\"181\"><strong>C.E.I.P. San Francisco<\/strong><\/td>\n<td width=\"112\">Navas del Selpillar<\/td>\n<td width=\"160\">Escuelas Nuevas 6<\/td>\n<\/tr>\n<tr>\n<td width=\"71\"><u>14005134<\/u><\/td>\n<td width=\"181\"><strong>C.E.I.P. San Jos\u00e9<\/strong><\/td>\n<td width=\"112\">Palenciana<\/td>\n<td width=\"160\">Alameda, 3<\/td>\n<\/tr>\n<tr>\n<td width=\"71\"><u>14006451<\/u><\/td>\n<td width=\"181\"><strong>C.E.I.P. Al-Yussana<\/strong><\/td>\n<td width=\"112\">Lucena<\/td>\n<td width=\"160\">Zenobia Camprub\u00ed, 1<\/td>\n<\/tr>\n<tr>\n<td width=\"71\"><u>14007261<\/u><\/td>\n<td width=\"181\"><strong>C.E.I.P. El Prado<\/strong><\/td>\n<td width=\"112\">Lucena<\/td>\n<td width=\"160\">Blas Infante, 1<\/td>\n<\/tr>\n<tr>\n<td width=\"71\"><u>14010634<\/u><\/td>\n<td width=\"181\"><strong>C.E.I.P. Nuestra Se\u00f1ora de Gracia<\/strong><\/td>\n<td width=\"112\">Benamej\u00ed<\/td>\n<td width=\"160\">Medina Azahara, s\/n<\/td>\n<\/tr>\n<tr>\n<td width=\"71\"><u>14600711<\/u><\/td>\n<td width=\"181\"><strong>C.E.I.P. Antonio Machado<\/strong><\/td>\n<td width=\"112\">Lucena<\/td>\n<td width=\"160\">Bda. de la Estrella, s\/n<\/td>\n<\/tr>\n<tr>\n<td width=\"71\"><u>14601107<\/u><\/td>\n<td width=\"181\"><strong>C.P.R. Blas Infante<\/strong><\/td>\n<td width=\"112\">Llanos de Don Juan<\/td>\n<td width=\"160\">Jos\u00e9 Antonio, 21<\/td>\n<\/tr>\n<tr>\n<td width=\"71\"><u>14700501<\/u><\/td>\n<td width=\"181\"><strong>I.E.S. Don Diego de Bernuy<\/strong><\/td>\n<td width=\"112\">Benamej\u00ed<\/td>\n<td width=\"160\">Huelva, s\/n<\/td>\n<\/tr>\n<\/tbody>\n<\/table>\n<\/li>\n<\/ul>\n","protected":false},"excerpt":{"rendered":"<p>C\u00f3digo Denominaci\u00f3n Localidad Domicilio 14000719 C.E.I.P. \u00c1ngel Cruz Rueda Cabra Santo Cristo, 41 14000720 C.E.I.P. Juan Valera Cabra M\u00edo Cid, 1 14000732 C.E.I.P. Andr\u00e9s de Cervantes Cabra Fuente de las Piedras, 53 14000744 C.E.I.P.&#46;&#46;&#46;<\/p>\n","protected":false},"author":2507,"featured_media":2689,"parent":2622,"menu_order":0,"comment_status":"open","ping_status":"open","template":"","meta":{"ngg_post_thumbnail":0,"footnotes":"","_mc_calendar":[]},"aioseo_notices":[],"_links":{"self":[{"href":"https:\/\/blogsaverroes.juntadeandalucia.es\/eoedelucena\/wp-json\/wp\/v2\/pages\/2628"}],"collection":[{"href":"https:\/\/blogsaverroes.juntadeandalucia.es\/eoedelucena\/wp-json\/wp\/v2\/pages"}],"about":[{"href":"https:\/\/blogsaverroes.juntadeandalucia.es\/eoedelucena\/wp-json\/wp\/v2\/types\/page"}],"author":[{"embeddable":true,"href":"https:\/\/blogsaverroes.juntadeandalucia.es\/eoedelucena\/wp-json\/wp\/v2\/users\/2507"}],"replies":[{"embeddable":true,"href":"https:\/\/blogsaverroes.juntadeandalucia.es\/eoedelucena\/wp-json\/wp\/v2\/comments?post=2628"}],"version-history":[{"count":9,"href":"https:\/\/blogsaverroes.juntadeandalucia.es\/eoedelucena\/wp-json\/wp\/v2\/pages\/2628\/revisions"}],"predecessor-version":[{"id":2691,"href":"https:\/\/blogsaverroes.juntadeandalucia.es\/eoedelucena\/wp-json\/wp\/v2\/pages\/2628\/revisions\/2691"}],"up":[{"embeddable":true,"href":"https:\/\/blogsaverroes.juntadeandalucia.es\/eoedelucena\/wp-json\/wp\/v2\/pages\/2622"}],"wp:featuredmedia":[{"embeddable":true,"href":"https:\/\/blogsaverroes.juntadeandalucia.es\/eoedelucena\/wp-json\/wp\/v2\/media\/2689"}],"wp:attachment":[{"href":"https:\/\/blogsaverroes.juntadeandalucia.es\/eoedelucena\/wp-json\/wp\/v2\/media?parent=2628"}],"curies":[{"name":"wp","href":"https:\/\/api.w.org\/{rel}","templated":true}]}}