{"id":1280,"date":"2025-09-02T21:39:52","date_gmt":"2025-09-02T19:39:52","guid":{"rendered":"https:\/\/blogsaverroes.juntadeandalucia.es\/eoedigame\/?page_id=1280"},"modified":"2026-04-09T13:37:17","modified_gmt":"2026-04-09T11:37:17","slug":"maestro-a-compensacion-educativa","status":"publish","type":"page","link":"https:\/\/blogsaverroes.juntadeandalucia.es\/eoedigame\/maestro-a-compensacion-educativa\/","title":{"rendered":"Maestro\/a compensaci\u00f3n educativa \/ Absentismo"},"content":{"rendered":"\t\t<div data-elementor-type=\"wp-page\" data-elementor-id=\"1280\" class=\"elementor elementor-1280\">\n\t\t\t\t<div class=\"elementor-element elementor-element-a860a62 e-flex e-con-boxed e-con e-parent\" data-id=\"a860a62\" data-element_type=\"container\">\n\t\t\t\t\t<div class=\"e-con-inner\">\n\t\t\t\t<div class=\"elementor-element elementor-element-7a19872 elementor-widget elementor-widget-text-editor\" data-id=\"7a19872\" data-element_type=\"widget\" data-widget_type=\"text-editor.default\">\n\t\t\t\t<div class=\"elementor-widget-container\">\n\t\t\t\t\t\t\t\t\t<p style=\"text-align: justify\"><span style=\"color: #212529;font-family: 'times new roman', times, serif;font-size: 12pt;font-style: normal;text-align: left\">Os dejamos a continuaci\u00f3n documentaci\u00f3n de inter\u00e9s para los tr\u00e1mites relacionados con el <strong>ABSENTISMO ESCOLAR <\/strong>y un <strong>video resumen<\/strong> del Plan provincial.<\/span><\/p><p style=\"text-align: justify\"><span style=\"color: #212529;font-family: 'times new roman', times, serif;font-size: 12pt;font-style: normal;text-align: left\">Adem\u00e1s, dos <strong>cuadros resumen<\/strong> de las actuaciones a nivel de centro escolar (nivel I) y \u00e1mbito zonal\/municipal (nivel II). Pod\u00e9is hacer clic en la imagen para descargar.<\/span><\/p>\t\t\t\t\t\t\t\t<\/div>\n\t\t\t\t<\/div>\n\t\t\t\t\t<\/div>\n\t\t\t\t<\/div>\n\t\t<div class=\"elementor-element elementor-element-3a16b9f e-flex e-con-boxed e-con e-parent\" data-id=\"3a16b9f\" data-element_type=\"container\">\n\t\t\t\t\t<div class=\"e-con-inner\">\n\t\t<div class=\"elementor-element elementor-element-1018142 e-con-full e-flex e-con e-child\" data-id=\"1018142\" data-element_type=\"container\">\n\t\t\t\t<div class=\"elementor-element elementor-element-9b01c07 elementor-widget elementor-widget-text-editor\" data-id=\"9b01c07\" data-element_type=\"widget\" data-widget_type=\"text-editor.default\">\n\t\t\t\t<div class=\"elementor-widget-container\">\n\t\t\t\t\t\t\t\t\t<p style=\"text-align: center\"><span style=\"color: #333399\"><strong>DOCUMENTOS DE INTER\u00c9S<\/strong><\/span><\/p>\t\t\t\t\t\t\t\t<\/div>\n\t\t\t\t<\/div>\n\t\t\t\t<\/div>\n\t\t<div class=\"elementor-element elementor-element-31bb4a3 e-con-full e-flex e-con e-child\" data-id=\"31bb4a3\" data-element_type=\"container\">\n\t\t\t\t<div class=\"elementor-element elementor-element-300102d elementor-widget elementor-widget-text-editor\" data-id=\"300102d\" data-element_type=\"widget\" data-widget_type=\"text-editor.default\">\n\t\t\t\t<div class=\"elementor-widget-container\">\n\t\t\t\t\t\t\t\t\t<ul><li><a href=\"https:\/\/blogsaverroes.juntadeandalucia.es\/eoedigame\/files\/2026\/04\/PLAN-PROVINCIAL-CONTRA-EL-ABSENTISMO-DE-GRANADA-17-12-2012-1.pdf\">Plan provincial contra el absentismo de Granada (2012).<\/a><\/li><li>Modelo <a href=\"https:\/\/blogsaverroes.juntadeandalucia.es\/eoedigame\/files\/2026\/04\/Nuevo-1a-CARTA.docx\">1\u00aa carta.<\/a><\/li><li>Modelo <a href=\"https:\/\/blogsaverroes.juntadeandalucia.es\/eoedigame\/files\/2026\/04\/Nuevo-2-Carta.doc\">2\u00aa carta.<\/a><\/li><li>Modelo <a href=\"https:\/\/blogsaverroes.juntadeandalucia.es\/eoedigame\/files\/2026\/04\/ALUMNADO-QUE-SE-DESPLAZA.docx\">alumnado que se desplaza.<\/a><\/li><\/ul>\t\t\t\t\t\t\t\t<\/div>\n\t\t\t\t<\/div>\n\t\t\t\t<\/div>\n\t\t\t\t\t<\/div>\n\t\t\t\t<\/div>\n\t\t<div class=\"elementor-element elementor-element-cca2169 e-flex e-con-boxed e-con e-parent\" data-id=\"cca2169\" data-element_type=\"container\">\n\t\t\t\t\t<div class=\"e-con-inner\">\n\t\t\t\t<div class=\"elementor-element elementor-element-e5d3fd1 elementor-widget elementor-widget-video\" data-id=\"e5d3fd1\" data-element_type=\"widget\" data-settings=\"{&quot;video_type&quot;:&quot;hosted&quot;,&quot;controls&quot;:&quot;yes&quot;}\" data-widget_type=\"video.default\">\n\t\t\t\t<div class=\"elementor-widget-container\">\n\t\t\t\t\t\t\t<div class=\"e-hosted-video elementor-wrapper elementor-open-inline\">\n\t\t\t\t\t<video class=\"elementor-video\" src=\"https:\/\/blogsaverroes.juntadeandalucia.es\/eoedigame\/files\/2026\/04\/ABSENTISMO-EOE-DIGAME.mp4\" controls=\"\" preload=\"metadata\" controlsList=\"nodownload\"><\/video>\n\t\t\t\t<\/div>\n\t\t\t\t\t\t<\/div>\n\t\t\t\t<\/div>\n\t\t\t\t\t<\/div>\n\t\t\t\t<\/div>\n\t\t<div class=\"elementor-element elementor-element-4558b50 e-flex e-con-boxed e-con e-parent\" data-id=\"4558b50\" data-element_type=\"container\">\n\t\t\t\t\t<div class=\"e-con-inner\">\n\t\t\t\t<div class=\"elementor-element elementor-element-0124391 elementor-widget elementor-widget-image\" data-id=\"0124391\" data-element_type=\"widget\" data-widget_type=\"image.default\">\n\t\t\t\t<div class=\"elementor-widget-container\">\n\t\t\t\t\t\t\t\t\t\t\t\t\t\t\t\t<a href=\"https:\/\/blogsaverroes.juntadeandalucia.es\/eoedigame\/files\/2026\/04\/cuadro-resumen-protocolo-de-absentismo-pdf.pdf\">\n\t\t\t\t\t\t\t<img fetchpriority=\"high\" decoding=\"async\" width=\"474\" height=\"670\" src=\"https:\/\/blogsaverroes.juntadeandalucia.es\/eoedigame\/files\/2026\/04\/cuadro-resumen-protocolo-de-absentismo-pdf_page-0001-724x1024.jpg\" class=\"attachment-large size-large wp-image-1774\" alt=\"\" srcset=\"https:\/\/blogsaverroes.juntadeandalucia.es\/eoedigame\/files\/2026\/04\/cuadro-resumen-protocolo-de-absentismo-pdf_page-0001-724x1024.jpg 724w, https:\/\/blogsaverroes.juntadeandalucia.es\/eoedigame\/files\/2026\/04\/cuadro-resumen-protocolo-de-absentismo-pdf_page-0001-212x300.jpg 212w, https:\/\/blogsaverroes.juntadeandalucia.es\/eoedigame\/files\/2026\/04\/cuadro-resumen-protocolo-de-absentismo-pdf_page-0001-768x1087.jpg 768w, https:\/\/blogsaverroes.juntadeandalucia.es\/eoedigame\/files\/2026\/04\/cuadro-resumen-protocolo-de-absentismo-pdf_page-0001-1085x1536.jpg 1085w, https:\/\/blogsaverroes.juntadeandalucia.es\/eoedigame\/files\/2026\/04\/cuadro-resumen-protocolo-de-absentismo-pdf_page-0001.jpg 1240w\" sizes=\"(max-width: 474px) 100vw, 474px\" \/>\t\t\t\t\t\t\t\t<\/a>\n\t\t\t\t\t\t\t\t\t\t\t\t\t\t\t<\/div>\n\t\t\t\t<\/div>\n\t\t\t\t\t<\/div>\n\t\t\t\t<\/div>\n\t\t<div class=\"elementor-element elementor-element-c9a0ca4 e-flex e-con-boxed e-con e-parent\" data-id=\"c9a0ca4\" data-element_type=\"container\">\n\t\t\t\t\t<div class=\"e-con-inner\">\n\t\t\t\t<div class=\"elementor-element elementor-element-eadff2f elementor-widget elementor-widget-image\" data-id=\"eadff2f\" data-element_type=\"widget\" data-widget_type=\"image.default\">\n\t\t\t\t<div class=\"elementor-widget-container\">\n\t\t\t\t\t\t\t\t\t\t\t\t\t\t\t\t<a href=\"https:\/\/blogsaverroes.juntadeandalucia.es\/eoedigame\/files\/2026\/04\/cuadro-resumen-protocolo-de-absentismo-pdf.pdf\">\n\t\t\t\t\t\t\t<img decoding=\"async\" width=\"474\" height=\"670\" src=\"https:\/\/blogsaverroes.juntadeandalucia.es\/eoedigame\/files\/2026\/04\/cuadro-resumen-protocolo-de-absentismo-pdf_page-0002-724x1024.jpg\" class=\"attachment-large size-large wp-image-1775\" alt=\"\" srcset=\"https:\/\/blogsaverroes.juntadeandalucia.es\/eoedigame\/files\/2026\/04\/cuadro-resumen-protocolo-de-absentismo-pdf_page-0002-724x1024.jpg 724w, https:\/\/blogsaverroes.juntadeandalucia.es\/eoedigame\/files\/2026\/04\/cuadro-resumen-protocolo-de-absentismo-pdf_page-0002-212x300.jpg 212w, https:\/\/blogsaverroes.juntadeandalucia.es\/eoedigame\/files\/2026\/04\/cuadro-resumen-protocolo-de-absentismo-pdf_page-0002-768x1087.jpg 768w, https:\/\/blogsaverroes.juntadeandalucia.es\/eoedigame\/files\/2026\/04\/cuadro-resumen-protocolo-de-absentismo-pdf_page-0002-1085x1536.jpg 1085w, https:\/\/blogsaverroes.juntadeandalucia.es\/eoedigame\/files\/2026\/04\/cuadro-resumen-protocolo-de-absentismo-pdf_page-0002.jpg 1240w\" sizes=\"(max-width: 474px) 100vw, 474px\" \/>\t\t\t\t\t\t\t\t<\/a>\n\t\t\t\t\t\t\t\t\t\t\t\t\t\t\t<\/div>\n\t\t\t\t<\/div>\n\t\t\t\t\t<\/div>\n\t\t\t\t<\/div>\n\t\t<div class=\"elementor-element elementor-element-9c5897d e-flex e-con-boxed e-con e-parent\" data-id=\"9c5897d\" data-element_type=\"container\">\n\t\t\t\t\t<div class=\"e-con-inner\">\n\t\t\t\t<div class=\"elementor-element elementor-element-302d2d6 elementor-widget elementor-widget-text-editor\" data-id=\"302d2d6\" data-element_type=\"widget\" data-widget_type=\"text-editor.default\">\n\t\t\t\t<div class=\"elementor-widget-container\">\n\t\t\t\t\t\t\t\t\t<h4 class=\"western\" style=\"text-align: justify\" align=\"justify\"><span style=\"font-family: 'times new roman', times, serif;font-size: 12pt\"><span style=\"color: #000000\">\u00a0<\/span><\/span><\/h4><h4 class=\"western\" style=\"text-align: justify\" align=\"justify\"><a name=\"_GoBack\"><\/a><span style=\"font-family: 'times new roman', times, serif;font-size: 12pt\"> <span style=\"color: #000000\">NORMATIVA DE APLICACI\u00d3N EN RELACI\u00d3N AL DESEMPE\u00d1O PROFESIONAL DE LAS MAESTRAS Y MAESTROS DE COMPENSACI\u00d3N EDUCATIVA<\/span><\/span><\/h4><h4 class=\"western\" style=\"text-align: justify\" align=\"justify\"><span style=\"font-family: 'times new roman', times, serif;font-size: 12pt\"><span style=\"color: #111111\"><a href=\"https:\/\/www.juntadeandalucia.es\/boja\/2003\/155\/1\">ORDEN de 23 de julio de 2003<\/a>, por la que se regulan determinados aspectos sobre la organizaci\u00f3n y el funcionamiento de los Equipos de Orientaci\u00f3n Educativa.<\/span><\/span><\/h4><p lang=\"es-ES-u-co-trad\" style=\"text-align: justify\"><span style=\"font-family: 'times new roman', times, serif\"><span style=\"font-size: 12pt\"><span style=\"color: #111111\">2. Los maestros y maestras de apoyo a la compensaci\u00f3n educativa participar\u00e1n en el dise\u00f1o y aplicaci\u00f3n de programas espec\u00edficos de compensaci\u00f3n educativa a grupos de alumnos\/as escolarizados en los centros que desarrollen Planes de Compensaci\u00f3n Educativa, autorizados por la Consejer\u00eda de Educaci\u00f3n y Ciencia; <\/span><\/span><span style=\"font-size: 12pt\"><span style=\"color: #111111\">intervendr\u00e1n en los procesos de escolarizaci\u00f3n y seguimiento escolar del alumnado con necesidades educativas especiales asociadas a condiciones sociales desfavorecidas; formar\u00e1n parte de las comisiones de seguimiento y prevenci\u00f3n del absentismo escolar que, en su caso, puedan constituirse, en colaboraci\u00f3n con otras administraciones e instituciones sociales del entorno y desarrollar\u00e1n cuantas actuaciones sean precisas para asegurar la continuidad de la escolarizaci\u00f3n del alumnado en situaci\u00f3n desfavorecida por razones socioculturales.<\/span><\/span><\/span><\/p><p lang=\"es-ES-u-co-trad\" style=\"text-align: justify\"><strong><span style=\"color: #212529;font-family: 'times new roman', times, serif;font-size: 12pt;font-style: normal;text-align: left\"><a href=\"https:\/\/www.juntadeandalucia.es\/educacion\/portales\/web\/inspeccion-educativa\/w\/orden-de-19-de-septiembre-de-2005-por-la-que-se-desarrollan-determinados-aspectos-del-plan-integral-para-la-prevenci%C2%91n-seguimiento-y-control-del-absentismo-escolar\">ORDEN de 19 de septiembre de 2005,<\/a> por la que se desarrollan determinados aspectos del Plan Integral para la Prevenci\u00f3n, Seguimiento y Control del Absentismo Escolar.<\/span><\/strong><\/p><p lang=\"es-ES-u-co-trad\" style=\"text-align: justify\">\u00a0<\/p><p lang=\"es-ES-u-co-trad\" style=\"text-align: justify\">\u00a0<\/p>\t\t\t\t\t\t\t\t<\/div>\n\t\t\t\t<\/div>\n\t\t\t\t\t<\/div>\n\t\t\t\t<\/div>\n\t\t\t\t<\/div>\n\t\t","protected":false},"excerpt":{"rendered":"<p>Os dejamos a continuaci\u00f3n documentaci\u00f3n de inter\u00e9s para los tr\u00e1mites relacionados con el ABSENTISMO ESCOLAR y un video resumen del Plan provincial. Adem\u00e1s, dos cuadros resumen de las actuaciones a nivel de centro escolar (nivel I) y \u00e1mbito zonal\/municipal (nivel II). Pod\u00e9is hacer clic en la imagen para descargar. DOCUMENTOS DE INTER\u00c9S Plan provincial contra &hellip; <a href=\"https:\/\/blogsaverroes.juntadeandalucia.es\/eoedigame\/maestro-a-compensacion-educativa\/\" class=\"more-link\">Seguir leyendo <span class=\"screen-reader-text\">Maestro\/a compensaci\u00f3n educativa \/ Absentismo<\/span> <span class=\"meta-nav\">&rarr;<\/span><\/a><\/p>\n","protected":false},"author":14353,"featured_media":1306,"parent":0,"menu_order":0,"comment_status":"closed","ping_status":"closed","template":"","meta":{"footnotes":""},"aioseo_notices":[],"_links":{"self":[{"href":"https:\/\/blogsaverroes.juntadeandalucia.es\/eoedigame\/wp-json\/wp\/v2\/pages\/1280"}],"collection":[{"href":"https:\/\/blogsaverroes.juntadeandalucia.es\/eoedigame\/wp-json\/wp\/v2\/pages"}],"about":[{"href":"https:\/\/blogsaverroes.juntadeandalucia.es\/eoedigame\/wp-json\/wp\/v2\/types\/page"}],"author":[{"embeddable":true,"href":"https:\/\/blogsaverroes.juntadeandalucia.es\/eoedigame\/wp-json\/wp\/v2\/users\/14353"}],"replies":[{"embeddable":true,"href":"https:\/\/blogsaverroes.juntadeandalucia.es\/eoedigame\/wp-json\/wp\/v2\/comments?post=1280"}],"version-history":[{"count":28,"href":"https:\/\/blogsaverroes.juntadeandalucia.es\/eoedigame\/wp-json\/wp\/v2\/pages\/1280\/revisions"}],"predecessor-version":[{"id":1804,"href":"https:\/\/blogsaverroes.juntadeandalucia.es\/eoedigame\/wp-json\/wp\/v2\/pages\/1280\/revisions\/1804"}],"wp:featuredmedia":[{"embeddable":true,"href":"https:\/\/blogsaverroes.juntadeandalucia.es\/eoedigame\/wp-json\/wp\/v2\/media\/1306"}],"wp:attachment":[{"href":"https:\/\/blogsaverroes.juntadeandalucia.es\/eoedigame\/wp-json\/wp\/v2\/media?parent=1280"}],"curies":[{"name":"wp","href":"https:\/\/api.w.org\/{rel}","templated":true}]}}